{"id":22203,"date":"2025-04-11T12:14:12","date_gmt":"2025-04-11T10:14:12","guid":{"rendered":"https:\/\/poterie-de-crestet.com\/ceramiques\/kaffeetasse-nyons-red\/"},"modified":"2025-04-11T12:14:12","modified_gmt":"2025-04-11T10:14:12","slug":"kaffeetasse-nyons-red","status":"publish","type":"product","link":"https:\/\/poterie-de-crestet.com\/de\/keramik\/kaffeetasse-nyons-red\/","title":{"rendered":"Kaffeetasse  <h5>Nyons Red<\/h5>"},"content":{"rendered":"<p class=\"\" data-start=\"6118\" data-end=\"6369\"><strong data-start=\"6118\" data-end=\"6161\">Der Charme der Provence in einem Becher<\/strong><br data-start=\"6161\" data-end=\"6164\">Mit seinem stilisierten Olivenbaumdekor und den roten T\u00f6nen erinnert diese grifflose Kaffeetasse an s\u00fcdliche M\u00e4rkte und Dorfcaf\u00e9s. Er ist ideal f\u00fcr einen vollmundigen Espresso oder Filterkaffee nach dem Fr\u00fchst\u00fcck. <\/p>\n<p class=\"\" data-start=\"6371\" data-end=\"6605\"><strong data-start=\"6371\" data-end=\"6399\">F\u00fcr das Alltagsleben konzipiert<\/strong><br data-start=\"6399\" data-end=\"6402\">Seine kompakte Gr\u00f6\u00dfe ohne Griff passt gut in die Hand. Es ist waschbar, mikrowellenf\u00e4hig und perfekt geeignet f\u00fcr Lebensmittel. Sie kann einzeln oder in Serie verwendet werden, um einen homogenen oder eklektischen Service zu erhalten.  <\/p>\n<p class=\"\" data-start=\"6607\" data-end=\"6822\"><strong data-start=\"6607\" data-end=\"6656\">Handgemalt ist jedes Teil anders<\/strong><br data-start=\"6656\" data-end=\"6659\">Die Oliven und Bl\u00e4tter werden von Hand aufgetragen, mit Unterschieden, die jeder Kopie Charakter verleihen. Dieses Dekor gef\u00e4llt durch seine warme Schlichtheit. <\/p>\n<p class=\"\" data-start=\"6824\" data-end=\"6969\"><strong data-start=\"6824\" data-end=\"6856\">M\u00f6gliche Nebenanwendungen<\/strong><br data-start=\"6856\" data-end=\"6859\">Servieren Sie eine hausgemachte Tomatensauce, eine kleine Suppe oder ein einzelnes Dessert. Eine diskrete, aber effektive Tasse. <\/p>\n<p class=\"\" data-start=\"6971\" data-end=\"7101\"><strong data-start=\"6971\" data-end=\"6998\">Um sanft abgestimmt zu werden<\/strong><br data-start=\"6998\" data-end=\"7001\">Kombinieren Sie ihn mit dem <a class=\"\" href=\"https:\/\/poterie-de-crestet.com\/de\/keramik\/eierbecher-nyons-red\/\" rel=\"noopener\" data-start=\"7016\" data-end=\"7042\">roten Nyons-Eierbecher<\/a> oder erhellen Sie den Tisch mit einem <a class=\"\" href=\"https:\/\/poterie-de-crestet.com\/de\/keramik\/mittagsbecher-zitrone\/\" rel=\"noopener\" data-start=\"7072\" data-end=\"7100\">Zitronen-Mittagsbecher<\/a>.<\/p>\n","protected":false},"excerpt":{"rendered":"<p>Keramikbecher ohne Griff mit rotem Nyons-Dekor. F\u00fcr Espresso oder Mittagessen, Kaffee. <br data-start=\"6058\" data-end=\"6061\"><strong data-start=\"6061\" data-end=\"6092\"><em data-start=\"6063\" data-end=\"6090\">Abmessungen: 7,5 \u00d7 7,5 cm<\/em><\/strong><\/p>\n","protected":false},"featured_media":8410,"comment_status":"open","ping_status":"closed","template":"","meta":[],"product_brand":[],"product_cat":[380],"product_tag":[225],"class_list":{"0":"post-22203","1":"product","2":"type-product","3":"status-publish","4":"has-post-thumbnail","6":"product_cat-pokalen","7":"product_tag-nyons-red","9":"first","10":"instock","11":"taxable","12":"shipping-taxable","13":"purchasable","14":"product-type-simple"},"yoast_head":"<!-- This site is optimized with the Yoast SEO plugin v27.5 - https:\/\/yoast.com\/product\/yoast-seo-wordpress\/ -->\n<title>Kaffeetasse Nyons Red - Poterie de Crestet<\/title>\n<meta name=\"description\" content=\"Kaffeetasse ohne Griff mit roter Nyons-Dekoration. Waschbare und handbemalte Keramik. F\u00fcr Espresso oder So\u00dfe. Kleines und vielseitiges Format.\" \/>\n<meta name=\"robots\" content=\"index, follow, max-snippet:-1, max-image-preview:large, max-video-preview:-1\" \/>\n<link rel=\"canonical\" href=\"https:\/\/poterie-de-crestet.com\/de\/keramik\/kaffeetasse-nyons-red\/\" \/>\n<meta property=\"og:locale\" content=\"de_DE\" \/>\n<meta property=\"og:type\" content=\"article\" \/>\n<meta property=\"og:title\" content=\"Kaffeetasse Nyons Red - Poterie de Crestet\" \/>\n<meta property=\"og:description\" content=\"Kaffeetasse ohne Griff mit roter Nyons-Dekoration. Waschbare und handbemalte Keramik. F\u00fcr Espresso oder So\u00dfe. Kleines und vielseitiges Format.\" \/>\n<meta property=\"og:url\" content=\"https:\/\/poterie-de-crestet.com\/de\/keramik\/kaffeetasse-nyons-red\/\" \/>\n<meta property=\"og:site_name\" content=\"Poterie de Crestet\" \/>\n<meta property=\"og:image\" content=\"https:\/\/i0.wp.com\/poterie-de-crestet.com\/wp-content\/uploads\/2025\/04\/Poterie-du-Crestet0909.jpg?fit=800%2C532&ssl=1\" \/>\n\t<meta property=\"og:image:width\" content=\"800\" \/>\n\t<meta property=\"og:image:height\" content=\"532\" \/>\n\t<meta property=\"og:image:type\" content=\"image\/jpeg\" \/>\n<meta name=\"twitter:card\" content=\"summary_large_image\" \/>\n<meta name=\"twitter:label1\" content=\"Gesch\u00e4tzte Lesezeit\" \/>\n\t<meta name=\"twitter:data1\" content=\"1\u00a0Minute\" \/>\n<script type=\"application\/ld+json\" class=\"yoast-schema-graph\">{\"@context\":\"https:\\\/\\\/schema.org\",\"@graph\":[{\"@type\":\"WebPage\",\"@id\":\"https:\\\/\\\/poterie-de-crestet.com\\\/de\\\/keramik\\\/kaffeetasse-nyons-red\\\/\",\"url\":\"https:\\\/\\\/poterie-de-crestet.com\\\/de\\\/keramik\\\/kaffeetasse-nyons-red\\\/\",\"name\":\"Kaffeetasse Nyons Red - Poterie de Crestet\",\"isPartOf\":{\"@id\":\"https:\\\/\\\/poterie-de-crestet.com\\\/de\\\/#website\"},\"primaryImageOfPage\":{\"@id\":\"https:\\\/\\\/poterie-de-crestet.com\\\/de\\\/keramik\\\/kaffeetasse-nyons-red\\\/#primaryimage\"},\"image\":{\"@id\":\"https:\\\/\\\/poterie-de-crestet.com\\\/de\\\/keramik\\\/kaffeetasse-nyons-red\\\/#primaryimage\"},\"thumbnailUrl\":\"https:\\\/\\\/i0.wp.com\\\/poterie-de-crestet.com\\\/wp-content\\\/uploads\\\/2025\\\/04\\\/Poterie-du-Crestet0909.jpg?fit=800%2C532&ssl=1\",\"datePublished\":\"2025-04-11T10:14:12+00:00\",\"description\":\"Kaffeetasse ohne Griff mit roter Nyons-Dekoration. Waschbare und handbemalte Keramik. F\u00fcr Espresso oder So\u00dfe. Kleines und vielseitiges Format.\",\"breadcrumb\":{\"@id\":\"https:\\\/\\\/poterie-de-crestet.com\\\/de\\\/keramik\\\/kaffeetasse-nyons-red\\\/#breadcrumb\"},\"inLanguage\":\"de\",\"potentialAction\":[{\"@type\":\"ReadAction\",\"target\":[\"https:\\\/\\\/poterie-de-crestet.com\\\/de\\\/keramik\\\/kaffeetasse-nyons-red\\\/\"]}]},{\"@type\":\"ImageObject\",\"inLanguage\":\"de\",\"@id\":\"https:\\\/\\\/poterie-de-crestet.com\\\/de\\\/keramik\\\/kaffeetasse-nyons-red\\\/#primaryimage\",\"url\":\"https:\\\/\\\/i0.wp.com\\\/poterie-de-crestet.com\\\/wp-content\\\/uploads\\\/2025\\\/04\\\/Poterie-du-Crestet0909.jpg?fit=800%2C532&ssl=1\",\"contentUrl\":\"https:\\\/\\\/i0.wp.com\\\/poterie-de-crestet.com\\\/wp-content\\\/uploads\\\/2025\\\/04\\\/Poterie-du-Crestet0909.jpg?fit=800%2C532&ssl=1\",\"width\":800,\"height\":532,\"caption\":\"Red Nyons Kaffeetasse\"},{\"@type\":\"BreadcrumbList\",\"@id\":\"https:\\\/\\\/poterie-de-crestet.com\\\/de\\\/keramik\\\/kaffeetasse-nyons-red\\\/#breadcrumb\",\"itemListElement\":[{\"@type\":\"ListItem\",\"position\":1,\"name\":\"Accueil\",\"item\":\"https:\\\/\\\/poterie-de-crestet.com\\\/de\\\/accueil\\\/\"},{\"@type\":\"ListItem\",\"position\":2,\"name\":\"Boutique\",\"item\":\"https:\\\/\\\/poterie-de-crestet.com\\\/ceramiques\\\/\"},{\"@type\":\"ListItem\",\"position\":3,\"name\":\"Kaffeetasse Nyons Red\"}]},{\"@type\":\"WebSite\",\"@id\":\"https:\\\/\\\/poterie-de-crestet.com\\\/de\\\/#website\",\"url\":\"https:\\\/\\\/poterie-de-crestet.com\\\/de\\\/\",\"name\":\"Poterie de Crestet\",\"description\":\"Des milliers de poteries inpir\u00e9es de la Provence\",\"publisher\":{\"@id\":\"https:\\\/\\\/poterie-de-crestet.com\\\/de\\\/#organization\"},\"potentialAction\":[{\"@type\":\"SearchAction\",\"target\":{\"@type\":\"EntryPoint\",\"urlTemplate\":\"https:\\\/\\\/poterie-de-crestet.com\\\/de\\\/?s={search_term_string}\"},\"query-input\":{\"@type\":\"PropertyValueSpecification\",\"valueRequired\":true,\"valueName\":\"search_term_string\"}}],\"inLanguage\":\"de\"},{\"@type\":\"Organization\",\"@id\":\"https:\\\/\\\/poterie-de-crestet.com\\\/de\\\/#organization\",\"name\":\"Poterie de Crestet\",\"url\":\"https:\\\/\\\/poterie-de-crestet.com\\\/de\\\/\",\"logo\":{\"@type\":\"ImageObject\",\"inLanguage\":\"de\",\"@id\":\"https:\\\/\\\/poterie-de-crestet.com\\\/de\\\/#\\\/schema\\\/logo\\\/image\\\/\",\"url\":\"https:\\\/\\\/i0.wp.com\\\/poterie-de-crestet.com\\\/wp-content\\\/uploads\\\/2025\\\/03\\\/Propo-4.png?fit=1000%2C462&ssl=1\",\"contentUrl\":\"https:\\\/\\\/i0.wp.com\\\/poterie-de-crestet.com\\\/wp-content\\\/uploads\\\/2025\\\/03\\\/Propo-4.png?fit=1000%2C462&ssl=1\",\"width\":1000,\"height\":462,\"caption\":\"Poterie de Crestet\"},\"image\":{\"@id\":\"https:\\\/\\\/poterie-de-crestet.com\\\/de\\\/#\\\/schema\\\/logo\\\/image\\\/\"}}]}<\/script>\n<!-- \/ Yoast SEO plugin. -->","yoast_head_json":{"title":"Kaffeetasse Nyons Red - Poterie de Crestet","description":"Kaffeetasse ohne Griff mit roter Nyons-Dekoration. Waschbare und handbemalte Keramik. F\u00fcr Espresso oder So\u00dfe. Kleines und vielseitiges Format.","robots":{"index":"index","follow":"follow","max-snippet":"max-snippet:-1","max-image-preview":"max-image-preview:large","max-video-preview":"max-video-preview:-1"},"canonical":"https:\/\/poterie-de-crestet.com\/de\/keramik\/kaffeetasse-nyons-red\/","og_locale":"de_DE","og_type":"article","og_title":"Kaffeetasse Nyons Red - Poterie de Crestet","og_description":"Kaffeetasse ohne Griff mit roter Nyons-Dekoration. Waschbare und handbemalte Keramik. F\u00fcr Espresso oder So\u00dfe. Kleines und vielseitiges Format.","og_url":"https:\/\/poterie-de-crestet.com\/de\/keramik\/kaffeetasse-nyons-red\/","og_site_name":"Poterie de Crestet","og_image":[{"width":800,"height":532,"url":"https:\/\/i0.wp.com\/poterie-de-crestet.com\/wp-content\/uploads\/2025\/04\/Poterie-du-Crestet0909.jpg?fit=800%2C532&ssl=1","type":"image\/jpeg"}],"twitter_card":"summary_large_image","twitter_misc":{"Gesch\u00e4tzte Lesezeit":"1\u00a0Minute"},"schema":{"@context":"https:\/\/schema.org","@graph":[{"@type":"WebPage","@id":"https:\/\/poterie-de-crestet.com\/de\/keramik\/kaffeetasse-nyons-red\/","url":"https:\/\/poterie-de-crestet.com\/de\/keramik\/kaffeetasse-nyons-red\/","name":"Kaffeetasse Nyons Red - Poterie de Crestet","isPartOf":{"@id":"https:\/\/poterie-de-crestet.com\/de\/#website"},"primaryImageOfPage":{"@id":"https:\/\/poterie-de-crestet.com\/de\/keramik\/kaffeetasse-nyons-red\/#primaryimage"},"image":{"@id":"https:\/\/poterie-de-crestet.com\/de\/keramik\/kaffeetasse-nyons-red\/#primaryimage"},"thumbnailUrl":"https:\/\/i0.wp.com\/poterie-de-crestet.com\/wp-content\/uploads\/2025\/04\/Poterie-du-Crestet0909.jpg?fit=800%2C532&ssl=1","datePublished":"2025-04-11T10:14:12+00:00","description":"Kaffeetasse ohne Griff mit roter Nyons-Dekoration. Waschbare und handbemalte Keramik. F\u00fcr Espresso oder So\u00dfe. Kleines und vielseitiges Format.","breadcrumb":{"@id":"https:\/\/poterie-de-crestet.com\/de\/keramik\/kaffeetasse-nyons-red\/#breadcrumb"},"inLanguage":"de","potentialAction":[{"@type":"ReadAction","target":["https:\/\/poterie-de-crestet.com\/de\/keramik\/kaffeetasse-nyons-red\/"]}]},{"@type":"ImageObject","inLanguage":"de","@id":"https:\/\/poterie-de-crestet.com\/de\/keramik\/kaffeetasse-nyons-red\/#primaryimage","url":"https:\/\/i0.wp.com\/poterie-de-crestet.com\/wp-content\/uploads\/2025\/04\/Poterie-du-Crestet0909.jpg?fit=800%2C532&ssl=1","contentUrl":"https:\/\/i0.wp.com\/poterie-de-crestet.com\/wp-content\/uploads\/2025\/04\/Poterie-du-Crestet0909.jpg?fit=800%2C532&ssl=1","width":800,"height":532,"caption":"Red Nyons Kaffeetasse"},{"@type":"BreadcrumbList","@id":"https:\/\/poterie-de-crestet.com\/de\/keramik\/kaffeetasse-nyons-red\/#breadcrumb","itemListElement":[{"@type":"ListItem","position":1,"name":"Accueil","item":"https:\/\/poterie-de-crestet.com\/de\/accueil\/"},{"@type":"ListItem","position":2,"name":"Boutique","item":"https:\/\/poterie-de-crestet.com\/ceramiques\/"},{"@type":"ListItem","position":3,"name":"Kaffeetasse Nyons Red"}]},{"@type":"WebSite","@id":"https:\/\/poterie-de-crestet.com\/de\/#website","url":"https:\/\/poterie-de-crestet.com\/de\/","name":"Poterie de Crestet","description":"Des milliers de poteries inpir\u00e9es de la Provence","publisher":{"@id":"https:\/\/poterie-de-crestet.com\/de\/#organization"},"potentialAction":[{"@type":"SearchAction","target":{"@type":"EntryPoint","urlTemplate":"https:\/\/poterie-de-crestet.com\/de\/?s={search_term_string}"},"query-input":{"@type":"PropertyValueSpecification","valueRequired":true,"valueName":"search_term_string"}}],"inLanguage":"de"},{"@type":"Organization","@id":"https:\/\/poterie-de-crestet.com\/de\/#organization","name":"Poterie de Crestet","url":"https:\/\/poterie-de-crestet.com\/de\/","logo":{"@type":"ImageObject","inLanguage":"de","@id":"https:\/\/poterie-de-crestet.com\/de\/#\/schema\/logo\/image\/","url":"https:\/\/i0.wp.com\/poterie-de-crestet.com\/wp-content\/uploads\/2025\/03\/Propo-4.png?fit=1000%2C462&ssl=1","contentUrl":"https:\/\/i0.wp.com\/poterie-de-crestet.com\/wp-content\/uploads\/2025\/03\/Propo-4.png?fit=1000%2C462&ssl=1","width":1000,"height":462,"caption":"Poterie de Crestet"},"image":{"@id":"https:\/\/poterie-de-crestet.com\/de\/#\/schema\/logo\/image\/"}}]}},"jetpack_sharing_enabled":true,"_links":{"self":[{"href":"https:\/\/poterie-de-crestet.com\/de\/wp-json\/wp\/v2\/product\/22203","targetHints":{"allow":["GET"]}}],"collection":[{"href":"https:\/\/poterie-de-crestet.com\/de\/wp-json\/wp\/v2\/product"}],"about":[{"href":"https:\/\/poterie-de-crestet.com\/de\/wp-json\/wp\/v2\/types\/product"}],"replies":[{"embeddable":true,"href":"https:\/\/poterie-de-crestet.com\/de\/wp-json\/wp\/v2\/comments?post=22203"}],"version-history":[{"count":0,"href":"https:\/\/poterie-de-crestet.com\/de\/wp-json\/wp\/v2\/product\/22203\/revisions"}],"wp:featuredmedia":[{"embeddable":true,"href":"https:\/\/poterie-de-crestet.com\/de\/wp-json\/wp\/v2\/media\/8410"}],"wp:attachment":[{"href":"https:\/\/poterie-de-crestet.com\/de\/wp-json\/wp\/v2\/media?parent=22203"}],"wp:term":[{"taxonomy":"product_brand","embeddable":true,"href":"https:\/\/poterie-de-crestet.com\/de\/wp-json\/wp\/v2\/product_brand?post=22203"},{"taxonomy":"product_cat","embeddable":true,"href":"https:\/\/poterie-de-crestet.com\/de\/wp-json\/wp\/v2\/product_cat?post=22203"},{"taxonomy":"product_tag","embeddable":true,"href":"https:\/\/poterie-de-crestet.com\/de\/wp-json\/wp\/v2\/product_tag?post=22203"}],"curies":[{"name":"wp","href":"https:\/\/api.w.org\/{rel}","templated":true}]}}