{"id":22191,"date":"2025-04-11T12:14:11","date_gmt":"2025-04-11T10:14:11","guid":{"rendered":"https:\/\/poterie-de-crestet.com\/ceramiques\/kaffeetasse-leichter-boden\/"},"modified":"2025-04-11T12:14:11","modified_gmt":"2025-04-11T10:14:11","slug":"kaffeetasse-leichter-boden","status":"publish","type":"product","link":"https:\/\/poterie-de-crestet.com\/de\/keramik\/kaffeetasse-leichter-boden\/","title":{"rendered":"Kaffeetasse  <h5>Leichter Boden<\/h5>"},"content":{"rendered":"<p class=\"\" data-start=\"434\" data-end=\"694\"><strong data-start=\"434\" data-end=\"474\">Eine tolle Note f\u00fcr Ihren Kaffee<\/strong><br data-start=\"474\" data-end=\"477\">Die henkellose Kaffeetasse mit einem leichten Sol-Dekor ist n\u00fcchtern und elegant. Seine kompakte Gr\u00f6\u00dfe und konische Form machen es ideal, um einen Espresso oder einen fruchtigen Schaum zu genie\u00dfen. Er eignet sich f\u00fcr alle Tischatmosph\u00e4ren.  <\/p>\n<p class=\"\" data-start=\"696\" data-end=\"894\"><strong data-start=\"696\" data-end=\"727\">Einfache und praktische Nutzung<\/strong><br data-start=\"727\" data-end=\"730\">Diese Keramik ist sp\u00fclmaschinen- und mikrowellenfest. Seine kleine Gr\u00f6\u00dfe l\u00e4sst sich leicht aufbewahren und erlaubt es dir, die Verwendungsm\u00f6glichkeiten zu variieren: Kaffee, So\u00dfe, Verrine&#8230; <\/p>\n<p class=\"\" data-start=\"896\" data-end=\"1066\"><strong data-start=\"896\" data-end=\"931\">Ein geometrisches und diskretes Dekor<\/strong><br data-start=\"931\" data-end=\"934\">Jedes Muster ist handbemalt, in sanften, ausgewogenen T\u00f6nen. Die kleinen Unterschiede verleihen jedem Raum seinen eigenen Charme. <\/p>\n<p class=\"\" data-start=\"1068\" data-end=\"1262\"><strong data-start=\"1068\" data-end=\"1105\">Vielf\u00e4ltige Pr\u00e4sentationsideen<\/strong><br data-start=\"1105\" data-end=\"1108\">Sie kann auch als Aperitif-Suppe, Vanillesahne oder Zitronencreme verwendet werden. Perfekt f\u00fcr Themengerichte oder Gourmetplatten. <\/p>\n<p class=\"\" data-start=\"1264\" data-end=\"1440\"><strong data-start=\"1264\" data-end=\"1304\">Subtil anpassen oder kontrastieren<\/strong><br data-start=\"1304\" data-end=\"1307\">Kombinieren Sie ihn mit dem <a class=\"\" href=\"https:\/\/poterie-de-crestet.com\/de\/keramik\/mittagsbecher-leichter-boden\/\" rel=\"noopener\" data-start=\"1324\" data-end=\"1355\">Sol Clair Fr\u00fchst\u00fccksbecher<\/a> oder mischen Sie ihn mit <a class=\"\" href=\"https:\/\/poterie-de-crestet.com\/de\/keramik\/moerser-pistaziegrauoliven\/\" rel=\"noopener\" data-start=\"1372\" data-end=\"1404\">dem Olive Pistachio Grey M\u00f6rser<\/a> f\u00fcr einen zarten und nat\u00fcrlichen Tisch.<\/p>\n","protected":false},"excerpt":{"rendered":"<p>Becher ohne Griff mit leichter Bodendekoration. F\u00fcr Espresso, Mousse oder Mini-Dessert. <br data-start=\"374\" data-end=\"377\"><strong data-start=\"377\" data-end=\"408\"><em data-start=\"379\" data-end=\"406\">Abmessungen: 7,5 \u00d7 7,5 cm<\/em><\/strong><\/p>\n","protected":false},"featured_media":8432,"comment_status":"open","ping_status":"closed","template":"","meta":[],"product_brand":[],"product_cat":[380],"product_tag":[234],"class_list":{"0":"post-22191","1":"product","2":"type-product","3":"status-publish","4":"has-post-thumbnail","6":"product_cat-pokalen","7":"product_tag-leichter-boden","9":"first","10":"instock","11":"taxable","12":"shipping-taxable","13":"purchasable","14":"product-type-simple"},"yoast_head":"<!-- This site is optimized with the Yoast SEO plugin v27.5 - https:\/\/yoast.com\/product\/yoast-seo-wordpress\/ -->\n<title>Kaffeetasse Leichter Boden - Poterie de Crestet<\/title>\n<meta name=\"description\" content=\"Kaffeetasse ohne Griff mit heller Bodendekoration. Keramikdekoriert, handwaschbar, handbemalt. Ideal f\u00fcr Espresso, So\u00dfen oder kleine Desserts.\" \/>\n<meta name=\"robots\" content=\"index, follow, max-snippet:-1, max-image-preview:large, max-video-preview:-1\" \/>\n<link rel=\"canonical\" href=\"https:\/\/poterie-de-crestet.com\/de\/keramik\/kaffeetasse-leichter-boden\/\" \/>\n<meta property=\"og:locale\" content=\"de_DE\" \/>\n<meta property=\"og:type\" content=\"article\" \/>\n<meta property=\"og:title\" content=\"Kaffeetasse Leichter Boden - Poterie de Crestet\" \/>\n<meta property=\"og:description\" content=\"Kaffeetasse ohne Griff mit heller Bodendekoration. Keramikdekoriert, handwaschbar, handbemalt. Ideal f\u00fcr Espresso, So\u00dfen oder kleine Desserts.\" \/>\n<meta property=\"og:url\" content=\"https:\/\/poterie-de-crestet.com\/de\/keramik\/kaffeetasse-leichter-boden\/\" \/>\n<meta property=\"og:site_name\" content=\"Poterie de Crestet\" \/>\n<meta property=\"og:image\" content=\"https:\/\/i0.wp.com\/poterie-de-crestet.com\/wp-content\/uploads\/2025\/04\/Poterie-du-Crestet0920.jpg?fit=800%2C532&ssl=1\" \/>\n\t<meta property=\"og:image:width\" content=\"800\" \/>\n\t<meta property=\"og:image:height\" content=\"532\" \/>\n\t<meta property=\"og:image:type\" content=\"image\/jpeg\" \/>\n<meta name=\"twitter:card\" content=\"summary_large_image\" \/>\n<meta name=\"twitter:label1\" content=\"Gesch\u00e4tzte Lesezeit\" \/>\n\t<meta name=\"twitter:data1\" content=\"1\u00a0Minute\" \/>\n<script type=\"application\/ld+json\" class=\"yoast-schema-graph\">{\"@context\":\"https:\\\/\\\/schema.org\",\"@graph\":[{\"@type\":\"WebPage\",\"@id\":\"https:\\\/\\\/poterie-de-crestet.com\\\/de\\\/keramik\\\/kaffeetasse-leichter-boden\\\/\",\"url\":\"https:\\\/\\\/poterie-de-crestet.com\\\/de\\\/keramik\\\/kaffeetasse-leichter-boden\\\/\",\"name\":\"Kaffeetasse Leichter Boden - Poterie de Crestet\",\"isPartOf\":{\"@id\":\"https:\\\/\\\/poterie-de-crestet.com\\\/de\\\/#website\"},\"primaryImageOfPage\":{\"@id\":\"https:\\\/\\\/poterie-de-crestet.com\\\/de\\\/keramik\\\/kaffeetasse-leichter-boden\\\/#primaryimage\"},\"image\":{\"@id\":\"https:\\\/\\\/poterie-de-crestet.com\\\/de\\\/keramik\\\/kaffeetasse-leichter-boden\\\/#primaryimage\"},\"thumbnailUrl\":\"https:\\\/\\\/i0.wp.com\\\/poterie-de-crestet.com\\\/wp-content\\\/uploads\\\/2025\\\/04\\\/Poterie-du-Crestet0920.jpg?fit=800%2C532&ssl=1\",\"datePublished\":\"2025-04-11T10:14:11+00:00\",\"description\":\"Kaffeetasse ohne Griff mit heller Bodendekoration. Keramikdekoriert, handwaschbar, handbemalt. Ideal f\u00fcr Espresso, So\u00dfen oder kleine Desserts.\",\"breadcrumb\":{\"@id\":\"https:\\\/\\\/poterie-de-crestet.com\\\/de\\\/keramik\\\/kaffeetasse-leichter-boden\\\/#breadcrumb\"},\"inLanguage\":\"de\",\"potentialAction\":[{\"@type\":\"ReadAction\",\"target\":[\"https:\\\/\\\/poterie-de-crestet.com\\\/de\\\/keramik\\\/kaffeetasse-leichter-boden\\\/\"]}]},{\"@type\":\"ImageObject\",\"inLanguage\":\"de\",\"@id\":\"https:\\\/\\\/poterie-de-crestet.com\\\/de\\\/keramik\\\/kaffeetasse-leichter-boden\\\/#primaryimage\",\"url\":\"https:\\\/\\\/i0.wp.com\\\/poterie-de-crestet.com\\\/wp-content\\\/uploads\\\/2025\\\/04\\\/Poterie-du-Crestet0920.jpg?fit=800%2C532&ssl=1\",\"contentUrl\":\"https:\\\/\\\/i0.wp.com\\\/poterie-de-crestet.com\\\/wp-content\\\/uploads\\\/2025\\\/04\\\/Poterie-du-Crestet0920.jpg?fit=800%2C532&ssl=1\",\"width\":800,\"height\":532,\"caption\":\"Light Sol Kaffeetasse\"},{\"@type\":\"BreadcrumbList\",\"@id\":\"https:\\\/\\\/poterie-de-crestet.com\\\/de\\\/keramik\\\/kaffeetasse-leichter-boden\\\/#breadcrumb\",\"itemListElement\":[{\"@type\":\"ListItem\",\"position\":1,\"name\":\"Accueil\",\"item\":\"https:\\\/\\\/poterie-de-crestet.com\\\/de\\\/accueil\\\/\"},{\"@type\":\"ListItem\",\"position\":2,\"name\":\"Boutique\",\"item\":\"https:\\\/\\\/poterie-de-crestet.com\\\/ceramiques\\\/\"},{\"@type\":\"ListItem\",\"position\":3,\"name\":\"Kaffeetasse Leichter Boden\"}]},{\"@type\":\"WebSite\",\"@id\":\"https:\\\/\\\/poterie-de-crestet.com\\\/de\\\/#website\",\"url\":\"https:\\\/\\\/poterie-de-crestet.com\\\/de\\\/\",\"name\":\"Poterie de Crestet\",\"description\":\"Des milliers de poteries inpir\u00e9es de la Provence\",\"publisher\":{\"@id\":\"https:\\\/\\\/poterie-de-crestet.com\\\/de\\\/#organization\"},\"potentialAction\":[{\"@type\":\"SearchAction\",\"target\":{\"@type\":\"EntryPoint\",\"urlTemplate\":\"https:\\\/\\\/poterie-de-crestet.com\\\/de\\\/?s={search_term_string}\"},\"query-input\":{\"@type\":\"PropertyValueSpecification\",\"valueRequired\":true,\"valueName\":\"search_term_string\"}}],\"inLanguage\":\"de\"},{\"@type\":\"Organization\",\"@id\":\"https:\\\/\\\/poterie-de-crestet.com\\\/de\\\/#organization\",\"name\":\"Poterie de Crestet\",\"url\":\"https:\\\/\\\/poterie-de-crestet.com\\\/de\\\/\",\"logo\":{\"@type\":\"ImageObject\",\"inLanguage\":\"de\",\"@id\":\"https:\\\/\\\/poterie-de-crestet.com\\\/de\\\/#\\\/schema\\\/logo\\\/image\\\/\",\"url\":\"https:\\\/\\\/i0.wp.com\\\/poterie-de-crestet.com\\\/wp-content\\\/uploads\\\/2025\\\/03\\\/Propo-4.png?fit=1000%2C462&ssl=1\",\"contentUrl\":\"https:\\\/\\\/i0.wp.com\\\/poterie-de-crestet.com\\\/wp-content\\\/uploads\\\/2025\\\/03\\\/Propo-4.png?fit=1000%2C462&ssl=1\",\"width\":1000,\"height\":462,\"caption\":\"Poterie de Crestet\"},\"image\":{\"@id\":\"https:\\\/\\\/poterie-de-crestet.com\\\/de\\\/#\\\/schema\\\/logo\\\/image\\\/\"}}]}<\/script>\n<!-- \/ Yoast SEO plugin. -->","yoast_head_json":{"title":"Kaffeetasse Leichter Boden - Poterie de Crestet","description":"Kaffeetasse ohne Griff mit heller Bodendekoration. Keramikdekoriert, handwaschbar, handbemalt. Ideal f\u00fcr Espresso, So\u00dfen oder kleine Desserts.","robots":{"index":"index","follow":"follow","max-snippet":"max-snippet:-1","max-image-preview":"max-image-preview:large","max-video-preview":"max-video-preview:-1"},"canonical":"https:\/\/poterie-de-crestet.com\/de\/keramik\/kaffeetasse-leichter-boden\/","og_locale":"de_DE","og_type":"article","og_title":"Kaffeetasse Leichter Boden - Poterie de Crestet","og_description":"Kaffeetasse ohne Griff mit heller Bodendekoration. Keramikdekoriert, handwaschbar, handbemalt. Ideal f\u00fcr Espresso, So\u00dfen oder kleine Desserts.","og_url":"https:\/\/poterie-de-crestet.com\/de\/keramik\/kaffeetasse-leichter-boden\/","og_site_name":"Poterie de Crestet","og_image":[{"width":800,"height":532,"url":"https:\/\/i0.wp.com\/poterie-de-crestet.com\/wp-content\/uploads\/2025\/04\/Poterie-du-Crestet0920.jpg?fit=800%2C532&ssl=1","type":"image\/jpeg"}],"twitter_card":"summary_large_image","twitter_misc":{"Gesch\u00e4tzte Lesezeit":"1\u00a0Minute"},"schema":{"@context":"https:\/\/schema.org","@graph":[{"@type":"WebPage","@id":"https:\/\/poterie-de-crestet.com\/de\/keramik\/kaffeetasse-leichter-boden\/","url":"https:\/\/poterie-de-crestet.com\/de\/keramik\/kaffeetasse-leichter-boden\/","name":"Kaffeetasse Leichter Boden - Poterie de Crestet","isPartOf":{"@id":"https:\/\/poterie-de-crestet.com\/de\/#website"},"primaryImageOfPage":{"@id":"https:\/\/poterie-de-crestet.com\/de\/keramik\/kaffeetasse-leichter-boden\/#primaryimage"},"image":{"@id":"https:\/\/poterie-de-crestet.com\/de\/keramik\/kaffeetasse-leichter-boden\/#primaryimage"},"thumbnailUrl":"https:\/\/i0.wp.com\/poterie-de-crestet.com\/wp-content\/uploads\/2025\/04\/Poterie-du-Crestet0920.jpg?fit=800%2C532&ssl=1","datePublished":"2025-04-11T10:14:11+00:00","description":"Kaffeetasse ohne Griff mit heller Bodendekoration. Keramikdekoriert, handwaschbar, handbemalt. Ideal f\u00fcr Espresso, So\u00dfen oder kleine Desserts.","breadcrumb":{"@id":"https:\/\/poterie-de-crestet.com\/de\/keramik\/kaffeetasse-leichter-boden\/#breadcrumb"},"inLanguage":"de","potentialAction":[{"@type":"ReadAction","target":["https:\/\/poterie-de-crestet.com\/de\/keramik\/kaffeetasse-leichter-boden\/"]}]},{"@type":"ImageObject","inLanguage":"de","@id":"https:\/\/poterie-de-crestet.com\/de\/keramik\/kaffeetasse-leichter-boden\/#primaryimage","url":"https:\/\/i0.wp.com\/poterie-de-crestet.com\/wp-content\/uploads\/2025\/04\/Poterie-du-Crestet0920.jpg?fit=800%2C532&ssl=1","contentUrl":"https:\/\/i0.wp.com\/poterie-de-crestet.com\/wp-content\/uploads\/2025\/04\/Poterie-du-Crestet0920.jpg?fit=800%2C532&ssl=1","width":800,"height":532,"caption":"Light Sol Kaffeetasse"},{"@type":"BreadcrumbList","@id":"https:\/\/poterie-de-crestet.com\/de\/keramik\/kaffeetasse-leichter-boden\/#breadcrumb","itemListElement":[{"@type":"ListItem","position":1,"name":"Accueil","item":"https:\/\/poterie-de-crestet.com\/de\/accueil\/"},{"@type":"ListItem","position":2,"name":"Boutique","item":"https:\/\/poterie-de-crestet.com\/ceramiques\/"},{"@type":"ListItem","position":3,"name":"Kaffeetasse Leichter Boden"}]},{"@type":"WebSite","@id":"https:\/\/poterie-de-crestet.com\/de\/#website","url":"https:\/\/poterie-de-crestet.com\/de\/","name":"Poterie de Crestet","description":"Des milliers de poteries inpir\u00e9es de la Provence","publisher":{"@id":"https:\/\/poterie-de-crestet.com\/de\/#organization"},"potentialAction":[{"@type":"SearchAction","target":{"@type":"EntryPoint","urlTemplate":"https:\/\/poterie-de-crestet.com\/de\/?s={search_term_string}"},"query-input":{"@type":"PropertyValueSpecification","valueRequired":true,"valueName":"search_term_string"}}],"inLanguage":"de"},{"@type":"Organization","@id":"https:\/\/poterie-de-crestet.com\/de\/#organization","name":"Poterie de Crestet","url":"https:\/\/poterie-de-crestet.com\/de\/","logo":{"@type":"ImageObject","inLanguage":"de","@id":"https:\/\/poterie-de-crestet.com\/de\/#\/schema\/logo\/image\/","url":"https:\/\/i0.wp.com\/poterie-de-crestet.com\/wp-content\/uploads\/2025\/03\/Propo-4.png?fit=1000%2C462&ssl=1","contentUrl":"https:\/\/i0.wp.com\/poterie-de-crestet.com\/wp-content\/uploads\/2025\/03\/Propo-4.png?fit=1000%2C462&ssl=1","width":1000,"height":462,"caption":"Poterie de Crestet"},"image":{"@id":"https:\/\/poterie-de-crestet.com\/de\/#\/schema\/logo\/image\/"}}]}},"jetpack_sharing_enabled":true,"_links":{"self":[{"href":"https:\/\/poterie-de-crestet.com\/de\/wp-json\/wp\/v2\/product\/22191","targetHints":{"allow":["GET"]}}],"collection":[{"href":"https:\/\/poterie-de-crestet.com\/de\/wp-json\/wp\/v2\/product"}],"about":[{"href":"https:\/\/poterie-de-crestet.com\/de\/wp-json\/wp\/v2\/types\/product"}],"replies":[{"embeddable":true,"href":"https:\/\/poterie-de-crestet.com\/de\/wp-json\/wp\/v2\/comments?post=22191"}],"version-history":[{"count":0,"href":"https:\/\/poterie-de-crestet.com\/de\/wp-json\/wp\/v2\/product\/22191\/revisions"}],"wp:featuredmedia":[{"embeddable":true,"href":"https:\/\/poterie-de-crestet.com\/de\/wp-json\/wp\/v2\/media\/8432"}],"wp:attachment":[{"href":"https:\/\/poterie-de-crestet.com\/de\/wp-json\/wp\/v2\/media?parent=22191"}],"wp:term":[{"taxonomy":"product_brand","embeddable":true,"href":"https:\/\/poterie-de-crestet.com\/de\/wp-json\/wp\/v2\/product_brand?post=22191"},{"taxonomy":"product_cat","embeddable":true,"href":"https:\/\/poterie-de-crestet.com\/de\/wp-json\/wp\/v2\/product_cat?post=22191"},{"taxonomy":"product_tag","embeddable":true,"href":"https:\/\/poterie-de-crestet.com\/de\/wp-json\/wp\/v2\/product_tag?post=22191"}],"curies":[{"name":"wp","href":"https:\/\/api.w.org\/{rel}","templated":true}]}}