{"id":22180,"date":"2025-04-11T12:14:10","date_gmt":"2025-04-11T10:14:10","guid":{"rendered":"https:\/\/poterie-de-crestet.com\/ceramiques\/mittagsbecher-nyons-pink\/"},"modified":"2025-04-11T12:14:10","modified_gmt":"2025-04-11T10:14:10","slug":"mittagsbecher-nyons-pink","status":"publish","type":"product","link":"https:\/\/poterie-de-crestet.com\/de\/keramik\/mittagsbecher-nyons-pink\/","title":{"rendered":"Mittagsbecher  <h5>Nyons pink<\/h5>"},"content":{"rendered":"<h4 class=\"\" data-start=\"4864\" data-end=\"4918\">\ud83c\udf3a Ein floraler Akzent zum Start in den Tag<\/h4>\n<p class=\"\" data-start=\"4919\" data-end=\"5173\">Mit seinem weichen, pflanzlichen Dekor begleitet der rosa Nyons Mittagsbecher Ihre Vormittage mit Z\u00e4rtlichkeit. Es ist perfekt f\u00fcr einen gro\u00dfen gr\u00fcnen Tee, einen Snack mit Schokolade oder eine Caf\u00e9-Cr\u00e8me. Seine Gr\u00f6\u00dfe erlaubt es dir, ruhig zu sitzen, ohne dich wieder selbst bedienen zu m\u00fcssen.  <\/p>\n<h4 class=\"\" data-start=\"5175\" data-end=\"5209\">\ud83e\uddfd F\u00fcr den t\u00e4glichen Gebrauch konzipiert<\/h4>\n<p class=\"\" data-start=\"5210\" data-end=\"5456\">Die Keramik ist sp\u00fclmaschinen- und mikrowellenfest. Er ist mit Lebensmitteln kompatibel und h\u00e4lt wiederholten Gebrauch gut stand. Die passende Untertasse erm\u00f6glicht es dir, den Tisch sauber zu halten, w\u00e4hrend du deinen Lieblingsl\u00f6ffel oder -keks abstellst.  <\/p>\n<h4 class=\"\" data-start=\"5458\" data-end=\"5499\">\ud83c\udfa8 Ein zart provenzalisches Dekor<\/h4>\n<p class=\"\" data-start=\"5500\" data-end=\"5682\">Die handbemalten Olivenbl\u00e4tter, mit einem sanften Rosa-Schimmer, erinnern an die Fr\u00fchlingslandschaften von Nyons. Jede Tasse ist leicht anders, wie die \u00c4ste eines Baumes. <\/p>\n<h4 class=\"\" data-start=\"5684\" data-end=\"5716\">\ud83d\udd17 Um subtil zusammenzupassen<\/h4>\n<p class=\"\" data-start=\"5717\" data-end=\"5826\">Kombinieren Sie es mit dem <a class=\"\" href=\"https:\/\/poterie-de-crestet.com\/de\/keramik\/olivengericht-nyons-pink\/\" rel=\"noopener\" data-start=\"5737\" data-end=\"5766\">rosa Nyons-Olivengericht<\/a> oder f\u00fcgen Sie eine kontrastierende Note mit einer <a class=\"\" href=\"https:\/\/poterie-de-crestet.com\/de\/keramik\/tasse-leichter-boden\/\" rel=\"noopener\" data-start=\"5807\" data-end=\"5825\">leichten Sol-Tasse<\/a> hinzu.<\/p>\n","protected":false},"excerpt":{"rendered":"<p>Keramikbecher mit rosa Nyons-Dekoration und passender Untertasse. Gro\u00dfz\u00fcgige Gr\u00f6\u00dfe f\u00fcr hei\u00dfe Getr\u00e4nke. <br data-start=\"4792\" data-end=\"4795\"><strong data-start=\"4795\" data-end=\"4833\"><em data-start=\"4797\" data-end=\"4831\">Abmessungen: 13,2 \u00d7 17 \u00d7 11,2 cm<\/em><\/strong><\/p>\n","protected":false},"featured_media":8450,"comment_status":"open","ping_status":"closed","template":"","meta":[],"product_brand":[],"product_cat":[418,380],"product_tag":[266],"class_list":{"0":"post-22180","1":"product","2":"type-product","3":"status-publish","4":"has-post-thumbnail","6":"product_cat-fruhstucksschussel","7":"product_cat-pokalen","8":"product_tag-nyons-pink","10":"first","11":"instock","12":"taxable","13":"shipping-taxable","14":"purchasable","15":"product-type-simple"},"yoast_head":"<!-- This site is optimized with the Yoast SEO plugin v27.5 - https:\/\/yoast.com\/product\/yoast-seo-wordpress\/ -->\n<title>Mittagsbecher Nyons pink - Poterie de Crestet<\/title>\n<meta name=\"description\" content=\"Lunchbecher mit pinkem Nyons-Dekor. Gro\u00dfformat mit Untertasse. Perfekt f\u00fcr Tee oder Schokolade. Waschbar, handbemalt, weich und pflanzlich.\" \/>\n<meta name=\"robots\" content=\"index, follow, max-snippet:-1, max-image-preview:large, max-video-preview:-1\" \/>\n<link rel=\"canonical\" href=\"https:\/\/poterie-de-crestet.com\/de\/keramik\/mittagsbecher-nyons-pink\/\" \/>\n<meta property=\"og:locale\" content=\"de_DE\" \/>\n<meta property=\"og:type\" content=\"article\" \/>\n<meta property=\"og:title\" content=\"Mittagsbecher Nyons pink - Poterie de Crestet\" \/>\n<meta property=\"og:description\" content=\"Lunchbecher mit pinkem Nyons-Dekor. Gro\u00dfformat mit Untertasse. Perfekt f\u00fcr Tee oder Schokolade. Waschbar, handbemalt, weich und pflanzlich.\" \/>\n<meta property=\"og:url\" content=\"https:\/\/poterie-de-crestet.com\/de\/keramik\/mittagsbecher-nyons-pink\/\" \/>\n<meta property=\"og:site_name\" content=\"Poterie de Crestet\" \/>\n<meta property=\"og:image\" content=\"https:\/\/i0.wp.com\/poterie-de-crestet.com\/wp-content\/uploads\/2025\/04\/Poterie-du-Crestet1076.jpg?fit=800%2C532&ssl=1\" \/>\n\t<meta property=\"og:image:width\" content=\"800\" \/>\n\t<meta property=\"og:image:height\" content=\"532\" \/>\n\t<meta property=\"og:image:type\" content=\"image\/jpeg\" \/>\n<meta name=\"twitter:card\" content=\"summary_large_image\" \/>\n<meta name=\"twitter:label1\" content=\"Gesch\u00e4tzte Lesezeit\" \/>\n\t<meta name=\"twitter:data1\" content=\"1\u00a0Minute\" \/>\n<script type=\"application\/ld+json\" class=\"yoast-schema-graph\">{\"@context\":\"https:\\\/\\\/schema.org\",\"@graph\":[{\"@type\":\"WebPage\",\"@id\":\"https:\\\/\\\/poterie-de-crestet.com\\\/de\\\/keramik\\\/mittagsbecher-nyons-pink\\\/\",\"url\":\"https:\\\/\\\/poterie-de-crestet.com\\\/de\\\/keramik\\\/mittagsbecher-nyons-pink\\\/\",\"name\":\"Mittagsbecher Nyons pink - Poterie de Crestet\",\"isPartOf\":{\"@id\":\"https:\\\/\\\/poterie-de-crestet.com\\\/de\\\/#website\"},\"primaryImageOfPage\":{\"@id\":\"https:\\\/\\\/poterie-de-crestet.com\\\/de\\\/keramik\\\/mittagsbecher-nyons-pink\\\/#primaryimage\"},\"image\":{\"@id\":\"https:\\\/\\\/poterie-de-crestet.com\\\/de\\\/keramik\\\/mittagsbecher-nyons-pink\\\/#primaryimage\"},\"thumbnailUrl\":\"https:\\\/\\\/i0.wp.com\\\/poterie-de-crestet.com\\\/wp-content\\\/uploads\\\/2025\\\/04\\\/Poterie-du-Crestet1076.jpg?fit=800%2C532&ssl=1\",\"datePublished\":\"2025-04-11T10:14:10+00:00\",\"description\":\"Lunchbecher mit pinkem Nyons-Dekor. Gro\u00dfformat mit Untertasse. Perfekt f\u00fcr Tee oder Schokolade. Waschbar, handbemalt, weich und pflanzlich.\",\"breadcrumb\":{\"@id\":\"https:\\\/\\\/poterie-de-crestet.com\\\/de\\\/keramik\\\/mittagsbecher-nyons-pink\\\/#breadcrumb\"},\"inLanguage\":\"de\",\"potentialAction\":[{\"@type\":\"ReadAction\",\"target\":[\"https:\\\/\\\/poterie-de-crestet.com\\\/de\\\/keramik\\\/mittagsbecher-nyons-pink\\\/\"]}]},{\"@type\":\"ImageObject\",\"inLanguage\":\"de\",\"@id\":\"https:\\\/\\\/poterie-de-crestet.com\\\/de\\\/keramik\\\/mittagsbecher-nyons-pink\\\/#primaryimage\",\"url\":\"https:\\\/\\\/i0.wp.com\\\/poterie-de-crestet.com\\\/wp-content\\\/uploads\\\/2025\\\/04\\\/Poterie-du-Crestet1076.jpg?fit=800%2C532&ssl=1\",\"contentUrl\":\"https:\\\/\\\/i0.wp.com\\\/poterie-de-crestet.com\\\/wp-content\\\/uploads\\\/2025\\\/04\\\/Poterie-du-Crestet1076.jpg?fit=800%2C532&ssl=1\",\"width\":800,\"height\":532,\"caption\":\"Nyons Mittagsbecher Pink\"},{\"@type\":\"BreadcrumbList\",\"@id\":\"https:\\\/\\\/poterie-de-crestet.com\\\/de\\\/keramik\\\/mittagsbecher-nyons-pink\\\/#breadcrumb\",\"itemListElement\":[{\"@type\":\"ListItem\",\"position\":1,\"name\":\"Accueil\",\"item\":\"https:\\\/\\\/poterie-de-crestet.com\\\/de\\\/accueil\\\/\"},{\"@type\":\"ListItem\",\"position\":2,\"name\":\"Boutique\",\"item\":\"https:\\\/\\\/poterie-de-crestet.com\\\/ceramiques\\\/\"},{\"@type\":\"ListItem\",\"position\":3,\"name\":\"Mittagsbecher Nyons pink\"}]},{\"@type\":\"WebSite\",\"@id\":\"https:\\\/\\\/poterie-de-crestet.com\\\/de\\\/#website\",\"url\":\"https:\\\/\\\/poterie-de-crestet.com\\\/de\\\/\",\"name\":\"Poterie de Crestet\",\"description\":\"Des milliers de poteries inpir\u00e9es de la Provence\",\"publisher\":{\"@id\":\"https:\\\/\\\/poterie-de-crestet.com\\\/de\\\/#organization\"},\"potentialAction\":[{\"@type\":\"SearchAction\",\"target\":{\"@type\":\"EntryPoint\",\"urlTemplate\":\"https:\\\/\\\/poterie-de-crestet.com\\\/de\\\/?s={search_term_string}\"},\"query-input\":{\"@type\":\"PropertyValueSpecification\",\"valueRequired\":true,\"valueName\":\"search_term_string\"}}],\"inLanguage\":\"de\"},{\"@type\":\"Organization\",\"@id\":\"https:\\\/\\\/poterie-de-crestet.com\\\/de\\\/#organization\",\"name\":\"Poterie de Crestet\",\"url\":\"https:\\\/\\\/poterie-de-crestet.com\\\/de\\\/\",\"logo\":{\"@type\":\"ImageObject\",\"inLanguage\":\"de\",\"@id\":\"https:\\\/\\\/poterie-de-crestet.com\\\/de\\\/#\\\/schema\\\/logo\\\/image\\\/\",\"url\":\"https:\\\/\\\/i0.wp.com\\\/poterie-de-crestet.com\\\/wp-content\\\/uploads\\\/2025\\\/03\\\/Propo-4.png?fit=1000%2C462&ssl=1\",\"contentUrl\":\"https:\\\/\\\/i0.wp.com\\\/poterie-de-crestet.com\\\/wp-content\\\/uploads\\\/2025\\\/03\\\/Propo-4.png?fit=1000%2C462&ssl=1\",\"width\":1000,\"height\":462,\"caption\":\"Poterie de Crestet\"},\"image\":{\"@id\":\"https:\\\/\\\/poterie-de-crestet.com\\\/de\\\/#\\\/schema\\\/logo\\\/image\\\/\"}}]}<\/script>\n<!-- \/ Yoast SEO plugin. -->","yoast_head_json":{"title":"Mittagsbecher Nyons pink - Poterie de Crestet","description":"Lunchbecher mit pinkem Nyons-Dekor. Gro\u00dfformat mit Untertasse. Perfekt f\u00fcr Tee oder Schokolade. Waschbar, handbemalt, weich und pflanzlich.","robots":{"index":"index","follow":"follow","max-snippet":"max-snippet:-1","max-image-preview":"max-image-preview:large","max-video-preview":"max-video-preview:-1"},"canonical":"https:\/\/poterie-de-crestet.com\/de\/keramik\/mittagsbecher-nyons-pink\/","og_locale":"de_DE","og_type":"article","og_title":"Mittagsbecher Nyons pink - Poterie de Crestet","og_description":"Lunchbecher mit pinkem Nyons-Dekor. Gro\u00dfformat mit Untertasse. Perfekt f\u00fcr Tee oder Schokolade. Waschbar, handbemalt, weich und pflanzlich.","og_url":"https:\/\/poterie-de-crestet.com\/de\/keramik\/mittagsbecher-nyons-pink\/","og_site_name":"Poterie de Crestet","og_image":[{"width":800,"height":532,"url":"https:\/\/i0.wp.com\/poterie-de-crestet.com\/wp-content\/uploads\/2025\/04\/Poterie-du-Crestet1076.jpg?fit=800%2C532&ssl=1","type":"image\/jpeg"}],"twitter_card":"summary_large_image","twitter_misc":{"Gesch\u00e4tzte Lesezeit":"1\u00a0Minute"},"schema":{"@context":"https:\/\/schema.org","@graph":[{"@type":"WebPage","@id":"https:\/\/poterie-de-crestet.com\/de\/keramik\/mittagsbecher-nyons-pink\/","url":"https:\/\/poterie-de-crestet.com\/de\/keramik\/mittagsbecher-nyons-pink\/","name":"Mittagsbecher Nyons pink - Poterie de Crestet","isPartOf":{"@id":"https:\/\/poterie-de-crestet.com\/de\/#website"},"primaryImageOfPage":{"@id":"https:\/\/poterie-de-crestet.com\/de\/keramik\/mittagsbecher-nyons-pink\/#primaryimage"},"image":{"@id":"https:\/\/poterie-de-crestet.com\/de\/keramik\/mittagsbecher-nyons-pink\/#primaryimage"},"thumbnailUrl":"https:\/\/i0.wp.com\/poterie-de-crestet.com\/wp-content\/uploads\/2025\/04\/Poterie-du-Crestet1076.jpg?fit=800%2C532&ssl=1","datePublished":"2025-04-11T10:14:10+00:00","description":"Lunchbecher mit pinkem Nyons-Dekor. Gro\u00dfformat mit Untertasse. Perfekt f\u00fcr Tee oder Schokolade. Waschbar, handbemalt, weich und pflanzlich.","breadcrumb":{"@id":"https:\/\/poterie-de-crestet.com\/de\/keramik\/mittagsbecher-nyons-pink\/#breadcrumb"},"inLanguage":"de","potentialAction":[{"@type":"ReadAction","target":["https:\/\/poterie-de-crestet.com\/de\/keramik\/mittagsbecher-nyons-pink\/"]}]},{"@type":"ImageObject","inLanguage":"de","@id":"https:\/\/poterie-de-crestet.com\/de\/keramik\/mittagsbecher-nyons-pink\/#primaryimage","url":"https:\/\/i0.wp.com\/poterie-de-crestet.com\/wp-content\/uploads\/2025\/04\/Poterie-du-Crestet1076.jpg?fit=800%2C532&ssl=1","contentUrl":"https:\/\/i0.wp.com\/poterie-de-crestet.com\/wp-content\/uploads\/2025\/04\/Poterie-du-Crestet1076.jpg?fit=800%2C532&ssl=1","width":800,"height":532,"caption":"Nyons Mittagsbecher Pink"},{"@type":"BreadcrumbList","@id":"https:\/\/poterie-de-crestet.com\/de\/keramik\/mittagsbecher-nyons-pink\/#breadcrumb","itemListElement":[{"@type":"ListItem","position":1,"name":"Accueil","item":"https:\/\/poterie-de-crestet.com\/de\/accueil\/"},{"@type":"ListItem","position":2,"name":"Boutique","item":"https:\/\/poterie-de-crestet.com\/ceramiques\/"},{"@type":"ListItem","position":3,"name":"Mittagsbecher Nyons pink"}]},{"@type":"WebSite","@id":"https:\/\/poterie-de-crestet.com\/de\/#website","url":"https:\/\/poterie-de-crestet.com\/de\/","name":"Poterie de Crestet","description":"Des milliers de poteries inpir\u00e9es de la Provence","publisher":{"@id":"https:\/\/poterie-de-crestet.com\/de\/#organization"},"potentialAction":[{"@type":"SearchAction","target":{"@type":"EntryPoint","urlTemplate":"https:\/\/poterie-de-crestet.com\/de\/?s={search_term_string}"},"query-input":{"@type":"PropertyValueSpecification","valueRequired":true,"valueName":"search_term_string"}}],"inLanguage":"de"},{"@type":"Organization","@id":"https:\/\/poterie-de-crestet.com\/de\/#organization","name":"Poterie de Crestet","url":"https:\/\/poterie-de-crestet.com\/de\/","logo":{"@type":"ImageObject","inLanguage":"de","@id":"https:\/\/poterie-de-crestet.com\/de\/#\/schema\/logo\/image\/","url":"https:\/\/i0.wp.com\/poterie-de-crestet.com\/wp-content\/uploads\/2025\/03\/Propo-4.png?fit=1000%2C462&ssl=1","contentUrl":"https:\/\/i0.wp.com\/poterie-de-crestet.com\/wp-content\/uploads\/2025\/03\/Propo-4.png?fit=1000%2C462&ssl=1","width":1000,"height":462,"caption":"Poterie de Crestet"},"image":{"@id":"https:\/\/poterie-de-crestet.com\/de\/#\/schema\/logo\/image\/"}}]}},"jetpack_sharing_enabled":true,"_links":{"self":[{"href":"https:\/\/poterie-de-crestet.com\/de\/wp-json\/wp\/v2\/product\/22180","targetHints":{"allow":["GET"]}}],"collection":[{"href":"https:\/\/poterie-de-crestet.com\/de\/wp-json\/wp\/v2\/product"}],"about":[{"href":"https:\/\/poterie-de-crestet.com\/de\/wp-json\/wp\/v2\/types\/product"}],"replies":[{"embeddable":true,"href":"https:\/\/poterie-de-crestet.com\/de\/wp-json\/wp\/v2\/comments?post=22180"}],"version-history":[{"count":0,"href":"https:\/\/poterie-de-crestet.com\/de\/wp-json\/wp\/v2\/product\/22180\/revisions"}],"wp:featuredmedia":[{"embeddable":true,"href":"https:\/\/poterie-de-crestet.com\/de\/wp-json\/wp\/v2\/media\/8450"}],"wp:attachment":[{"href":"https:\/\/poterie-de-crestet.com\/de\/wp-json\/wp\/v2\/media?parent=22180"}],"wp:term":[{"taxonomy":"product_brand","embeddable":true,"href":"https:\/\/poterie-de-crestet.com\/de\/wp-json\/wp\/v2\/product_brand?post=22180"},{"taxonomy":"product_cat","embeddable":true,"href":"https:\/\/poterie-de-crestet.com\/de\/wp-json\/wp\/v2\/product_cat?post=22180"},{"taxonomy":"product_tag","embeddable":true,"href":"https:\/\/poterie-de-crestet.com\/de\/wp-json\/wp\/v2\/product_tag?post=22180"}],"curies":[{"name":"wp","href":"https:\/\/api.w.org\/{rel}","templated":true}]}}