{"id":22176,"date":"2025-04-11T12:14:10","date_gmt":"2025-04-11T10:14:10","guid":{"rendered":"https:\/\/poterie-de-crestet.com\/ceramiques\/mittagsbecher-haus\/"},"modified":"2025-04-11T12:14:10","modified_gmt":"2025-04-11T10:14:10","slug":"mittagsbecher-haus","status":"publish","type":"product","link":"https:\/\/poterie-de-crestet.com\/de\/keramik\/mittagsbecher-haus\/","title":{"rendered":"Mittagsbecher  <h5>Haus<\/h5>"},"content":{"rendered":"<h4 class=\"\" data-start=\"3390\" data-end=\"3427\">\ud83c\udf1e Ein Dorf in deinem Mittagsbecher<\/h4>\n<p class=\"\" data-start=\"3428\" data-end=\"3689\">Das Maison-D\u00e9cor versetzt Sie in die H\u00f6hen der Provence, mitten zwischen roten D\u00e4chern und sonnigen Stra\u00dfen. Diese gro\u00dfe Fr\u00fchst\u00fcckstasse ist perfekt, um Morgentee, samtige Schokolade oder Latte in gem\u00fctlicher Atmosph\u00e4re zu genie\u00dfen. <\/p>\n<h4 class=\"\" data-start=\"3691\" data-end=\"3731\">\ud83e\uddfc Stark, funktional und sch\u00f6n<\/h4>\n<p class=\"\" data-start=\"3732\" data-end=\"3997\">Mit der passenden Untertasse geliefert, ist er mikrowellen- und geschirrsp\u00fclerfest. Er entspricht den Lebensmittelstandards und wurde f\u00fcr den t\u00e4glichen Gebrauch entwickelt: Die Kapazit\u00e4t ist gro\u00dfz\u00fcgig, der Griff leicht zu greifen, und die Untertasse erm\u00f6glicht es, alles ohne Sorgen abzustellen. <\/p>\n<h4 class=\"\" data-start=\"3999\" data-end=\"4038\">\ud83d\udd8c\ufe0f Ein zartes und handwerkliches Dekor<\/h4>\n<p class=\"\" data-start=\"4039\" data-end=\"4271\">Jeder Raum ist von Hand dekoriert, mit kleinen Unterschieden, die jedes Dorf ein wenig einzigartig machen. Es ist ein Motiv, das Liebhaber der Provence und diejenigen anspricht, die beim Fr\u00fchst\u00fcck gerne ein wenig tr\u00e4umen. <\/p>\n<h4 class=\"\" data-start=\"4273\" data-end=\"4307\">\ud83d\udd17 Um das Universum zu vervollst\u00e4ndigen<\/h4>\n<p class=\"\" data-start=\"4308\" data-end=\"4404\">Kombinieren Sie ihn mit dem <a class=\"\" href=\"https:\/\/poterie-de-crestet.com\/de\/keramik\/schwammhalter-haus\/\" rel=\"noopener\" data-start=\"4323\" data-end=\"4347\">Maison Biskuithalter<\/a> oder verleihen Sie der <a class=\"\" href=\"https:\/\/poterie-de-crestet.com\/de\/keramik\/salatschuessel-zitrone\/\" rel=\"noopener\" data-start=\"4383\" data-end=\"4403\">Zitronensalatsch\u00fcssel<\/a> eine helle Note.<\/p>\n","protected":false},"excerpt":{"rendered":"<p>Mittagsbecher mit Untertasse, Wohneinrichtung. Eine poetische Note f\u00fcr Ihre hei\u00dfen Getr\u00e4nke. <br data-start=\"3318\" data-end=\"3321\"><strong data-start=\"3321\" data-end=\"3359\"><em data-start=\"3323\" data-end=\"3357\">Abmessungen: 13,2 \u00d7 17 \u00d7 11,2 cm<\/em><\/strong><\/p>\n","protected":false},"featured_media":8460,"comment_status":"open","ping_status":"closed","template":"","meta":[],"product_brand":[],"product_cat":[418,380],"product_tag":[269],"class_list":{"0":"post-22176","1":"product","2":"type-product","3":"status-publish","4":"has-post-thumbnail","6":"product_cat-fruhstucksschussel","7":"product_cat-pokalen","8":"product_tag-haus","10":"first","11":"instock","12":"taxable","13":"shipping-taxable","14":"purchasable","15":"product-type-simple"},"yoast_head":"<!-- This site is optimized with the Yoast SEO plugin v27.5 - https:\/\/yoast.com\/product\/yoast-seo-wordpress\/ -->\n<title>Mittagsbecher Haus - Poterie de Crestet<\/title>\n<meta name=\"description\" content=\"Lunch-Tasse Wohnkultur, handgemalt. Gro\u00dfe Tasse mit Untertasse f\u00fcr Kaffee oder Tee. Waschbar, t\u00e4glich im Gebrauch, provenzalische Atmosph\u00e4re.\" \/>\n<meta name=\"robots\" content=\"index, follow, max-snippet:-1, max-image-preview:large, max-video-preview:-1\" \/>\n<link rel=\"canonical\" href=\"https:\/\/poterie-de-crestet.com\/de\/keramik\/mittagsbecher-haus\/\" \/>\n<meta property=\"og:locale\" content=\"de_DE\" \/>\n<meta property=\"og:type\" content=\"article\" \/>\n<meta property=\"og:title\" content=\"Mittagsbecher Haus - Poterie de Crestet\" \/>\n<meta property=\"og:description\" content=\"Lunch-Tasse Wohnkultur, handgemalt. Gro\u00dfe Tasse mit Untertasse f\u00fcr Kaffee oder Tee. Waschbar, t\u00e4glich im Gebrauch, provenzalische Atmosph\u00e4re.\" \/>\n<meta property=\"og:url\" content=\"https:\/\/poterie-de-crestet.com\/de\/keramik\/mittagsbecher-haus\/\" \/>\n<meta property=\"og:site_name\" content=\"Poterie de Crestet\" \/>\n<meta property=\"og:image\" content=\"https:\/\/i0.wp.com\/poterie-de-crestet.com\/wp-content\/uploads\/2025\/04\/tasse-a-dejeuner-maison.jpg?fit=458%2C458&ssl=1\" \/>\n\t<meta property=\"og:image:width\" content=\"458\" \/>\n\t<meta property=\"og:image:height\" content=\"458\" \/>\n\t<meta property=\"og:image:type\" content=\"image\/jpeg\" \/>\n<meta name=\"twitter:card\" content=\"summary_large_image\" \/>\n<meta name=\"twitter:label1\" content=\"Gesch\u00e4tzte Lesezeit\" \/>\n\t<meta name=\"twitter:data1\" content=\"1\u00a0Minute\" \/>\n<script type=\"application\/ld+json\" class=\"yoast-schema-graph\">{\"@context\":\"https:\\\/\\\/schema.org\",\"@graph\":[{\"@type\":\"WebPage\",\"@id\":\"https:\\\/\\\/poterie-de-crestet.com\\\/de\\\/keramik\\\/mittagsbecher-haus\\\/\",\"url\":\"https:\\\/\\\/poterie-de-crestet.com\\\/de\\\/keramik\\\/mittagsbecher-haus\\\/\",\"name\":\"Mittagsbecher Haus - Poterie de Crestet\",\"isPartOf\":{\"@id\":\"https:\\\/\\\/poterie-de-crestet.com\\\/de\\\/#website\"},\"primaryImageOfPage\":{\"@id\":\"https:\\\/\\\/poterie-de-crestet.com\\\/de\\\/keramik\\\/mittagsbecher-haus\\\/#primaryimage\"},\"image\":{\"@id\":\"https:\\\/\\\/poterie-de-crestet.com\\\/de\\\/keramik\\\/mittagsbecher-haus\\\/#primaryimage\"},\"thumbnailUrl\":\"https:\\\/\\\/i0.wp.com\\\/poterie-de-crestet.com\\\/wp-content\\\/uploads\\\/2025\\\/04\\\/tasse-a-dejeuner-maison.jpg?fit=458%2C458&ssl=1\",\"datePublished\":\"2025-04-11T10:14:10+00:00\",\"description\":\"Lunch-Tasse Wohnkultur, handgemalt. Gro\u00dfe Tasse mit Untertasse f\u00fcr Kaffee oder Tee. Waschbar, t\u00e4glich im Gebrauch, provenzalische Atmosph\u00e4re.\",\"breadcrumb\":{\"@id\":\"https:\\\/\\\/poterie-de-crestet.com\\\/de\\\/keramik\\\/mittagsbecher-haus\\\/#breadcrumb\"},\"inLanguage\":\"de\",\"potentialAction\":[{\"@type\":\"ReadAction\",\"target\":[\"https:\\\/\\\/poterie-de-crestet.com\\\/de\\\/keramik\\\/mittagsbecher-haus\\\/\"]}]},{\"@type\":\"ImageObject\",\"inLanguage\":\"de\",\"@id\":\"https:\\\/\\\/poterie-de-crestet.com\\\/de\\\/keramik\\\/mittagsbecher-haus\\\/#primaryimage\",\"url\":\"https:\\\/\\\/i0.wp.com\\\/poterie-de-crestet.com\\\/wp-content\\\/uploads\\\/2025\\\/04\\\/tasse-a-dejeuner-maison.jpg?fit=458%2C458&ssl=1\",\"contentUrl\":\"https:\\\/\\\/i0.wp.com\\\/poterie-de-crestet.com\\\/wp-content\\\/uploads\\\/2025\\\/04\\\/tasse-a-dejeuner-maison.jpg?fit=458%2C458&ssl=1\",\"width\":458,\"height\":458,\"caption\":\"Selbstgemachter Lunchbecher\"},{\"@type\":\"BreadcrumbList\",\"@id\":\"https:\\\/\\\/poterie-de-crestet.com\\\/de\\\/keramik\\\/mittagsbecher-haus\\\/#breadcrumb\",\"itemListElement\":[{\"@type\":\"ListItem\",\"position\":1,\"name\":\"Accueil\",\"item\":\"https:\\\/\\\/poterie-de-crestet.com\\\/de\\\/accueil\\\/\"},{\"@type\":\"ListItem\",\"position\":2,\"name\":\"Boutique\",\"item\":\"https:\\\/\\\/poterie-de-crestet.com\\\/ceramiques\\\/\"},{\"@type\":\"ListItem\",\"position\":3,\"name\":\"Mittagsbecher Haus\"}]},{\"@type\":\"WebSite\",\"@id\":\"https:\\\/\\\/poterie-de-crestet.com\\\/de\\\/#website\",\"url\":\"https:\\\/\\\/poterie-de-crestet.com\\\/de\\\/\",\"name\":\"Poterie de Crestet\",\"description\":\"Des milliers de poteries inpir\u00e9es de la Provence\",\"publisher\":{\"@id\":\"https:\\\/\\\/poterie-de-crestet.com\\\/de\\\/#organization\"},\"potentialAction\":[{\"@type\":\"SearchAction\",\"target\":{\"@type\":\"EntryPoint\",\"urlTemplate\":\"https:\\\/\\\/poterie-de-crestet.com\\\/de\\\/?s={search_term_string}\"},\"query-input\":{\"@type\":\"PropertyValueSpecification\",\"valueRequired\":true,\"valueName\":\"search_term_string\"}}],\"inLanguage\":\"de\"},{\"@type\":\"Organization\",\"@id\":\"https:\\\/\\\/poterie-de-crestet.com\\\/de\\\/#organization\",\"name\":\"Poterie de Crestet\",\"url\":\"https:\\\/\\\/poterie-de-crestet.com\\\/de\\\/\",\"logo\":{\"@type\":\"ImageObject\",\"inLanguage\":\"de\",\"@id\":\"https:\\\/\\\/poterie-de-crestet.com\\\/de\\\/#\\\/schema\\\/logo\\\/image\\\/\",\"url\":\"https:\\\/\\\/i0.wp.com\\\/poterie-de-crestet.com\\\/wp-content\\\/uploads\\\/2025\\\/03\\\/Propo-4.png?fit=1000%2C462&ssl=1\",\"contentUrl\":\"https:\\\/\\\/i0.wp.com\\\/poterie-de-crestet.com\\\/wp-content\\\/uploads\\\/2025\\\/03\\\/Propo-4.png?fit=1000%2C462&ssl=1\",\"width\":1000,\"height\":462,\"caption\":\"Poterie de Crestet\"},\"image\":{\"@id\":\"https:\\\/\\\/poterie-de-crestet.com\\\/de\\\/#\\\/schema\\\/logo\\\/image\\\/\"}}]}<\/script>\n<!-- \/ Yoast SEO plugin. -->","yoast_head_json":{"title":"Mittagsbecher Haus - Poterie de Crestet","description":"Lunch-Tasse Wohnkultur, handgemalt. Gro\u00dfe Tasse mit Untertasse f\u00fcr Kaffee oder Tee. Waschbar, t\u00e4glich im Gebrauch, provenzalische Atmosph\u00e4re.","robots":{"index":"index","follow":"follow","max-snippet":"max-snippet:-1","max-image-preview":"max-image-preview:large","max-video-preview":"max-video-preview:-1"},"canonical":"https:\/\/poterie-de-crestet.com\/de\/keramik\/mittagsbecher-haus\/","og_locale":"de_DE","og_type":"article","og_title":"Mittagsbecher Haus - Poterie de Crestet","og_description":"Lunch-Tasse Wohnkultur, handgemalt. Gro\u00dfe Tasse mit Untertasse f\u00fcr Kaffee oder Tee. Waschbar, t\u00e4glich im Gebrauch, provenzalische Atmosph\u00e4re.","og_url":"https:\/\/poterie-de-crestet.com\/de\/keramik\/mittagsbecher-haus\/","og_site_name":"Poterie de Crestet","og_image":[{"width":458,"height":458,"url":"https:\/\/i0.wp.com\/poterie-de-crestet.com\/wp-content\/uploads\/2025\/04\/tasse-a-dejeuner-maison.jpg?fit=458%2C458&ssl=1","type":"image\/jpeg"}],"twitter_card":"summary_large_image","twitter_misc":{"Gesch\u00e4tzte Lesezeit":"1\u00a0Minute"},"schema":{"@context":"https:\/\/schema.org","@graph":[{"@type":"WebPage","@id":"https:\/\/poterie-de-crestet.com\/de\/keramik\/mittagsbecher-haus\/","url":"https:\/\/poterie-de-crestet.com\/de\/keramik\/mittagsbecher-haus\/","name":"Mittagsbecher Haus - Poterie de Crestet","isPartOf":{"@id":"https:\/\/poterie-de-crestet.com\/de\/#website"},"primaryImageOfPage":{"@id":"https:\/\/poterie-de-crestet.com\/de\/keramik\/mittagsbecher-haus\/#primaryimage"},"image":{"@id":"https:\/\/poterie-de-crestet.com\/de\/keramik\/mittagsbecher-haus\/#primaryimage"},"thumbnailUrl":"https:\/\/i0.wp.com\/poterie-de-crestet.com\/wp-content\/uploads\/2025\/04\/tasse-a-dejeuner-maison.jpg?fit=458%2C458&ssl=1","datePublished":"2025-04-11T10:14:10+00:00","description":"Lunch-Tasse Wohnkultur, handgemalt. Gro\u00dfe Tasse mit Untertasse f\u00fcr Kaffee oder Tee. Waschbar, t\u00e4glich im Gebrauch, provenzalische Atmosph\u00e4re.","breadcrumb":{"@id":"https:\/\/poterie-de-crestet.com\/de\/keramik\/mittagsbecher-haus\/#breadcrumb"},"inLanguage":"de","potentialAction":[{"@type":"ReadAction","target":["https:\/\/poterie-de-crestet.com\/de\/keramik\/mittagsbecher-haus\/"]}]},{"@type":"ImageObject","inLanguage":"de","@id":"https:\/\/poterie-de-crestet.com\/de\/keramik\/mittagsbecher-haus\/#primaryimage","url":"https:\/\/i0.wp.com\/poterie-de-crestet.com\/wp-content\/uploads\/2025\/04\/tasse-a-dejeuner-maison.jpg?fit=458%2C458&ssl=1","contentUrl":"https:\/\/i0.wp.com\/poterie-de-crestet.com\/wp-content\/uploads\/2025\/04\/tasse-a-dejeuner-maison.jpg?fit=458%2C458&ssl=1","width":458,"height":458,"caption":"Selbstgemachter Lunchbecher"},{"@type":"BreadcrumbList","@id":"https:\/\/poterie-de-crestet.com\/de\/keramik\/mittagsbecher-haus\/#breadcrumb","itemListElement":[{"@type":"ListItem","position":1,"name":"Accueil","item":"https:\/\/poterie-de-crestet.com\/de\/accueil\/"},{"@type":"ListItem","position":2,"name":"Boutique","item":"https:\/\/poterie-de-crestet.com\/ceramiques\/"},{"@type":"ListItem","position":3,"name":"Mittagsbecher Haus"}]},{"@type":"WebSite","@id":"https:\/\/poterie-de-crestet.com\/de\/#website","url":"https:\/\/poterie-de-crestet.com\/de\/","name":"Poterie de Crestet","description":"Des milliers de poteries inpir\u00e9es de la Provence","publisher":{"@id":"https:\/\/poterie-de-crestet.com\/de\/#organization"},"potentialAction":[{"@type":"SearchAction","target":{"@type":"EntryPoint","urlTemplate":"https:\/\/poterie-de-crestet.com\/de\/?s={search_term_string}"},"query-input":{"@type":"PropertyValueSpecification","valueRequired":true,"valueName":"search_term_string"}}],"inLanguage":"de"},{"@type":"Organization","@id":"https:\/\/poterie-de-crestet.com\/de\/#organization","name":"Poterie de Crestet","url":"https:\/\/poterie-de-crestet.com\/de\/","logo":{"@type":"ImageObject","inLanguage":"de","@id":"https:\/\/poterie-de-crestet.com\/de\/#\/schema\/logo\/image\/","url":"https:\/\/i0.wp.com\/poterie-de-crestet.com\/wp-content\/uploads\/2025\/03\/Propo-4.png?fit=1000%2C462&ssl=1","contentUrl":"https:\/\/i0.wp.com\/poterie-de-crestet.com\/wp-content\/uploads\/2025\/03\/Propo-4.png?fit=1000%2C462&ssl=1","width":1000,"height":462,"caption":"Poterie de Crestet"},"image":{"@id":"https:\/\/poterie-de-crestet.com\/de\/#\/schema\/logo\/image\/"}}]}},"jetpack_sharing_enabled":true,"_links":{"self":[{"href":"https:\/\/poterie-de-crestet.com\/de\/wp-json\/wp\/v2\/product\/22176","targetHints":{"allow":["GET"]}}],"collection":[{"href":"https:\/\/poterie-de-crestet.com\/de\/wp-json\/wp\/v2\/product"}],"about":[{"href":"https:\/\/poterie-de-crestet.com\/de\/wp-json\/wp\/v2\/types\/product"}],"replies":[{"embeddable":true,"href":"https:\/\/poterie-de-crestet.com\/de\/wp-json\/wp\/v2\/comments?post=22176"}],"version-history":[{"count":0,"href":"https:\/\/poterie-de-crestet.com\/de\/wp-json\/wp\/v2\/product\/22176\/revisions"}],"wp:featuredmedia":[{"embeddable":true,"href":"https:\/\/poterie-de-crestet.com\/de\/wp-json\/wp\/v2\/media\/8460"}],"wp:attachment":[{"href":"https:\/\/poterie-de-crestet.com\/de\/wp-json\/wp\/v2\/media?parent=22176"}],"wp:term":[{"taxonomy":"product_brand","embeddable":true,"href":"https:\/\/poterie-de-crestet.com\/de\/wp-json\/wp\/v2\/product_brand?post=22176"},{"taxonomy":"product_cat","embeddable":true,"href":"https:\/\/poterie-de-crestet.com\/de\/wp-json\/wp\/v2\/product_cat?post=22176"},{"taxonomy":"product_tag","embeddable":true,"href":"https:\/\/poterie-de-crestet.com\/de\/wp-json\/wp\/v2\/product_tag?post=22176"}],"curies":[{"name":"wp","href":"https:\/\/api.w.org\/{rel}","templated":true}]}}