{"id":22171,"date":"2025-04-11T12:14:10","date_gmt":"2025-04-11T10:14:10","guid":{"rendered":"https:\/\/poterie-de-crestet.com\/ceramiques\/mittagsbecher-zitrone\/"},"modified":"2025-04-11T12:14:10","modified_gmt":"2025-04-11T10:14:10","slug":"mittagsbecher-zitrone","status":"publish","type":"product","link":"https:\/\/poterie-de-crestet.com\/de\/keramik\/mittagsbecher-zitrone\/","title":{"rendered":"Mittagsbecher  <h5>Zitrone<\/h5>"},"content":{"rendered":"<h4 class=\"\" data-start=\"3534\" data-end=\"3570\">\ud83c\udf1e Ein Becher voller Sonnenschein<\/h4>\n<p class=\"\" data-start=\"3571\" data-end=\"3874\">Beginnen Sie Ihren Tag richtig mit dieser gro\u00dfen Zitronen-Fr\u00fchst\u00fcckstasse. Das Format eignet sich perfekt f\u00fcr eine gro\u00dfe Caf\u00e9-Cr\u00e8me, eine Gourmet-Schokolade oder sogar einen Kr\u00e4utertee am Ende einer Mahlzeit. Und mit seiner passenden Untertasse bietet er alles, was Liebhaber von Komfort und Praktikabilit\u00e4t zufriedenstellt.  <\/p>\n<h4 class=\"\" data-start=\"3876\" data-end=\"3925\">\ud83c\udf4b Ideal f\u00fcr alle hei\u00dfen Getr\u00e4nke<\/h4>\n<p class=\"\" data-start=\"3926\" data-end=\"4180\">F\u00fcr den Alltag konzipiert, ist diese Tasse mikrowellenfest, sp\u00fclmaschinenfest und lebensmittelfest. Die breite \u00d6ffnung macht das Servieren einfach, w\u00e4hrend die Untertasse erlaubt, einen L\u00f6ffel, Zucker oder eine Zitronenscheiben hinzuzuf\u00fcgen. <\/p>\n<h4 class=\"\" data-start=\"4182\" data-end=\"4209\">\ud83c\udfa8 Ein lebendiges Dekor<\/h4>\n<p class=\"\" data-start=\"4210\" data-end=\"4474\">Das handbemalte Lemon-Muster bringt einen echten Lichthauch auf den Tisch. Er ruft die M\u00e4rkte des S\u00fcdens herauf, die D\u00fcfte von Zitrusfr\u00fcchten, die Aperitifs auf der Terrasse&#8230; Jedes St\u00fcck ist einzigartig, mit kleinen Unterschieden, die von seinem handwerklichen Charakter zeugen. <\/p>\n<h4 class=\"\" data-start=\"4476\" data-end=\"4505\">\ud83d\udd17 Provenzalische Harmonie<\/h4>\n<p class=\"\" data-start=\"4506\" data-end=\"4646\">Kombinieren Sie ihn mit der <a class=\"\" href=\"https:\/\/poterie-de-crestet.com\/de\/keramik\/salatschuessel-zitrone\/\" rel=\"noopener\" data-start=\"4521\" data-end=\"4541\">Zitronensalatschale<\/a> f\u00fcr einen Tisch voller Sonnenschein, oder wagen Sie es, erfrischend mit dem <a class=\"\" href=\"https:\/\/poterie-de-crestet.com\/de\/keramik\/egg-holder-6-gruene-nyons\/\" rel=\"noopener\" data-start=\"4619\" data-end=\"4645\">gr\u00fcnen Nyons-Eierhalter<\/a> zu kontrastieren.<\/p>\n","protected":false},"excerpt":{"rendered":"<p>Gro\u00dfer Mittagsbecher mit Zitronendekoration aus Untertassen. F\u00fcr deine sonnigen hei\u00dfen Getr\u00e4nke. <br data-start=\"3462\" data-end=\"3465\"><strong data-start=\"3465\" data-end=\"3503\"><em data-start=\"3467\" data-end=\"3501\">Abmessungen: 13,2 \u00d7 17 \u00d7 11,2 cm<\/em><\/strong><\/p>\n","protected":false},"featured_media":8442,"comment_status":"open","ping_status":"closed","template":"","meta":[],"product_brand":[],"product_cat":[418,380],"product_tag":[313],"class_list":{"0":"post-22171","1":"product","2":"type-product","3":"status-publish","4":"has-post-thumbnail","6":"product_cat-fruhstucksschussel","7":"product_cat-pokalen","8":"product_tag-zitrone","10":"first","11":"instock","12":"taxable","13":"shipping-taxable","14":"purchasable","15":"product-type-simple"},"yoast_head":"<!-- This site is optimized with the Yoast SEO plugin v27.5 - https:\/\/yoast.com\/product\/yoast-seo-wordpress\/ -->\n<title>Mittagsbecher Zitrone - Poterie de Crestet<\/title>\n<meta name=\"description\" content=\"Kombinieren Sie ihn mit der Zitronensalatschale f\u00fcr einen Tisch voller Sonnenschein, oder wagen Sie es, erfrischend mit dem gr\u00fcnen Nyons-Eierhalter zu kontrastieren.\" \/>\n<meta name=\"robots\" content=\"index, follow, max-snippet:-1, max-image-preview:large, max-video-preview:-1\" \/>\n<link rel=\"canonical\" href=\"https:\/\/poterie-de-crestet.com\/de\/keramik\/mittagsbecher-zitrone\/\" \/>\n<meta property=\"og:locale\" content=\"de_DE\" \/>\n<meta property=\"og:type\" content=\"article\" \/>\n<meta property=\"og:title\" content=\"Mittagsbecher Zitrone - Poterie de Crestet\" \/>\n<meta property=\"og:description\" content=\"Kombinieren Sie ihn mit der Zitronensalatschale f\u00fcr einen Tisch voller Sonnenschein, oder wagen Sie es, erfrischend mit dem gr\u00fcnen Nyons-Eierhalter zu kontrastieren.\" \/>\n<meta property=\"og:url\" content=\"https:\/\/poterie-de-crestet.com\/de\/keramik\/mittagsbecher-zitrone\/\" \/>\n<meta property=\"og:site_name\" content=\"Poterie de Crestet\" \/>\n<meta property=\"og:image\" content=\"https:\/\/i0.wp.com\/poterie-de-crestet.com\/wp-content\/uploads\/2025\/04\/Poterie-du-Crestet1072.jpg?fit=800%2C532&ssl=1\" \/>\n\t<meta property=\"og:image:width\" content=\"800\" \/>\n\t<meta property=\"og:image:height\" content=\"532\" \/>\n\t<meta property=\"og:image:type\" content=\"image\/jpeg\" \/>\n<meta name=\"twitter:card\" content=\"summary_large_image\" \/>\n<meta name=\"twitter:label1\" content=\"Gesch\u00e4tzte Lesezeit\" \/>\n\t<meta name=\"twitter:data1\" content=\"1\u00a0Minute\" \/>\n<script type=\"application\/ld+json\" class=\"yoast-schema-graph\">{\"@context\":\"https:\\\/\\\/schema.org\",\"@graph\":[{\"@type\":\"WebPage\",\"@id\":\"https:\\\/\\\/poterie-de-crestet.com\\\/de\\\/keramik\\\/mittagsbecher-zitrone\\\/\",\"url\":\"https:\\\/\\\/poterie-de-crestet.com\\\/de\\\/keramik\\\/mittagsbecher-zitrone\\\/\",\"name\":\"Mittagsbecher Zitrone - Poterie de Crestet\",\"isPartOf\":{\"@id\":\"https:\\\/\\\/poterie-de-crestet.com\\\/de\\\/#website\"},\"primaryImageOfPage\":{\"@id\":\"https:\\\/\\\/poterie-de-crestet.com\\\/de\\\/keramik\\\/mittagsbecher-zitrone\\\/#primaryimage\"},\"image\":{\"@id\":\"https:\\\/\\\/poterie-de-crestet.com\\\/de\\\/keramik\\\/mittagsbecher-zitrone\\\/#primaryimage\"},\"thumbnailUrl\":\"https:\\\/\\\/i0.wp.com\\\/poterie-de-crestet.com\\\/wp-content\\\/uploads\\\/2025\\\/04\\\/Poterie-du-Crestet1072.jpg?fit=800%2C532&ssl=1\",\"datePublished\":\"2025-04-11T10:14:10+00:00\",\"description\":\"Kombinieren Sie ihn mit der Zitronensalatschale f\u00fcr einen Tisch voller Sonnenschein, oder wagen Sie es, erfrischend mit dem gr\u00fcnen Nyons-Eierhalter zu kontrastieren.\",\"breadcrumb\":{\"@id\":\"https:\\\/\\\/poterie-de-crestet.com\\\/de\\\/keramik\\\/mittagsbecher-zitrone\\\/#breadcrumb\"},\"inLanguage\":\"de\",\"potentialAction\":[{\"@type\":\"ReadAction\",\"target\":[\"https:\\\/\\\/poterie-de-crestet.com\\\/de\\\/keramik\\\/mittagsbecher-zitrone\\\/\"]}]},{\"@type\":\"ImageObject\",\"inLanguage\":\"de\",\"@id\":\"https:\\\/\\\/poterie-de-crestet.com\\\/de\\\/keramik\\\/mittagsbecher-zitrone\\\/#primaryimage\",\"url\":\"https:\\\/\\\/i0.wp.com\\\/poterie-de-crestet.com\\\/wp-content\\\/uploads\\\/2025\\\/04\\\/Poterie-du-Crestet1072.jpg?fit=800%2C532&ssl=1\",\"contentUrl\":\"https:\\\/\\\/i0.wp.com\\\/poterie-de-crestet.com\\\/wp-content\\\/uploads\\\/2025\\\/04\\\/Poterie-du-Crestet1072.jpg?fit=800%2C532&ssl=1\",\"width\":800,\"height\":532,\"caption\":\"Zitronen-Fr\u00fchst\u00fccksbecher\"},{\"@type\":\"BreadcrumbList\",\"@id\":\"https:\\\/\\\/poterie-de-crestet.com\\\/de\\\/keramik\\\/mittagsbecher-zitrone\\\/#breadcrumb\",\"itemListElement\":[{\"@type\":\"ListItem\",\"position\":1,\"name\":\"Accueil\",\"item\":\"https:\\\/\\\/poterie-de-crestet.com\\\/de\\\/accueil\\\/\"},{\"@type\":\"ListItem\",\"position\":2,\"name\":\"Boutique\",\"item\":\"https:\\\/\\\/poterie-de-crestet.com\\\/ceramiques\\\/\"},{\"@type\":\"ListItem\",\"position\":3,\"name\":\"Mittagsbecher Zitrone\"}]},{\"@type\":\"WebSite\",\"@id\":\"https:\\\/\\\/poterie-de-crestet.com\\\/de\\\/#website\",\"url\":\"https:\\\/\\\/poterie-de-crestet.com\\\/de\\\/\",\"name\":\"Poterie de Crestet\",\"description\":\"Des milliers de poteries inpir\u00e9es de la Provence\",\"publisher\":{\"@id\":\"https:\\\/\\\/poterie-de-crestet.com\\\/de\\\/#organization\"},\"potentialAction\":[{\"@type\":\"SearchAction\",\"target\":{\"@type\":\"EntryPoint\",\"urlTemplate\":\"https:\\\/\\\/poterie-de-crestet.com\\\/de\\\/?s={search_term_string}\"},\"query-input\":{\"@type\":\"PropertyValueSpecification\",\"valueRequired\":true,\"valueName\":\"search_term_string\"}}],\"inLanguage\":\"de\"},{\"@type\":\"Organization\",\"@id\":\"https:\\\/\\\/poterie-de-crestet.com\\\/de\\\/#organization\",\"name\":\"Poterie de Crestet\",\"url\":\"https:\\\/\\\/poterie-de-crestet.com\\\/de\\\/\",\"logo\":{\"@type\":\"ImageObject\",\"inLanguage\":\"de\",\"@id\":\"https:\\\/\\\/poterie-de-crestet.com\\\/de\\\/#\\\/schema\\\/logo\\\/image\\\/\",\"url\":\"https:\\\/\\\/i0.wp.com\\\/poterie-de-crestet.com\\\/wp-content\\\/uploads\\\/2025\\\/03\\\/Propo-4.png?fit=1000%2C462&ssl=1\",\"contentUrl\":\"https:\\\/\\\/i0.wp.com\\\/poterie-de-crestet.com\\\/wp-content\\\/uploads\\\/2025\\\/03\\\/Propo-4.png?fit=1000%2C462&ssl=1\",\"width\":1000,\"height\":462,\"caption\":\"Poterie de Crestet\"},\"image\":{\"@id\":\"https:\\\/\\\/poterie-de-crestet.com\\\/de\\\/#\\\/schema\\\/logo\\\/image\\\/\"}}]}<\/script>\n<!-- \/ Yoast SEO plugin. -->","yoast_head_json":{"title":"Mittagsbecher Zitrone - Poterie de Crestet","description":"Kombinieren Sie ihn mit der Zitronensalatschale f\u00fcr einen Tisch voller Sonnenschein, oder wagen Sie es, erfrischend mit dem gr\u00fcnen Nyons-Eierhalter zu kontrastieren.","robots":{"index":"index","follow":"follow","max-snippet":"max-snippet:-1","max-image-preview":"max-image-preview:large","max-video-preview":"max-video-preview:-1"},"canonical":"https:\/\/poterie-de-crestet.com\/de\/keramik\/mittagsbecher-zitrone\/","og_locale":"de_DE","og_type":"article","og_title":"Mittagsbecher Zitrone - Poterie de Crestet","og_description":"Kombinieren Sie ihn mit der Zitronensalatschale f\u00fcr einen Tisch voller Sonnenschein, oder wagen Sie es, erfrischend mit dem gr\u00fcnen Nyons-Eierhalter zu kontrastieren.","og_url":"https:\/\/poterie-de-crestet.com\/de\/keramik\/mittagsbecher-zitrone\/","og_site_name":"Poterie de Crestet","og_image":[{"width":800,"height":532,"url":"https:\/\/i0.wp.com\/poterie-de-crestet.com\/wp-content\/uploads\/2025\/04\/Poterie-du-Crestet1072.jpg?fit=800%2C532&ssl=1","type":"image\/jpeg"}],"twitter_card":"summary_large_image","twitter_misc":{"Gesch\u00e4tzte Lesezeit":"1\u00a0Minute"},"schema":{"@context":"https:\/\/schema.org","@graph":[{"@type":"WebPage","@id":"https:\/\/poterie-de-crestet.com\/de\/keramik\/mittagsbecher-zitrone\/","url":"https:\/\/poterie-de-crestet.com\/de\/keramik\/mittagsbecher-zitrone\/","name":"Mittagsbecher Zitrone - Poterie de Crestet","isPartOf":{"@id":"https:\/\/poterie-de-crestet.com\/de\/#website"},"primaryImageOfPage":{"@id":"https:\/\/poterie-de-crestet.com\/de\/keramik\/mittagsbecher-zitrone\/#primaryimage"},"image":{"@id":"https:\/\/poterie-de-crestet.com\/de\/keramik\/mittagsbecher-zitrone\/#primaryimage"},"thumbnailUrl":"https:\/\/i0.wp.com\/poterie-de-crestet.com\/wp-content\/uploads\/2025\/04\/Poterie-du-Crestet1072.jpg?fit=800%2C532&ssl=1","datePublished":"2025-04-11T10:14:10+00:00","description":"Kombinieren Sie ihn mit der Zitronensalatschale f\u00fcr einen Tisch voller Sonnenschein, oder wagen Sie es, erfrischend mit dem gr\u00fcnen Nyons-Eierhalter zu kontrastieren.","breadcrumb":{"@id":"https:\/\/poterie-de-crestet.com\/de\/keramik\/mittagsbecher-zitrone\/#breadcrumb"},"inLanguage":"de","potentialAction":[{"@type":"ReadAction","target":["https:\/\/poterie-de-crestet.com\/de\/keramik\/mittagsbecher-zitrone\/"]}]},{"@type":"ImageObject","inLanguage":"de","@id":"https:\/\/poterie-de-crestet.com\/de\/keramik\/mittagsbecher-zitrone\/#primaryimage","url":"https:\/\/i0.wp.com\/poterie-de-crestet.com\/wp-content\/uploads\/2025\/04\/Poterie-du-Crestet1072.jpg?fit=800%2C532&ssl=1","contentUrl":"https:\/\/i0.wp.com\/poterie-de-crestet.com\/wp-content\/uploads\/2025\/04\/Poterie-du-Crestet1072.jpg?fit=800%2C532&ssl=1","width":800,"height":532,"caption":"Zitronen-Fr\u00fchst\u00fccksbecher"},{"@type":"BreadcrumbList","@id":"https:\/\/poterie-de-crestet.com\/de\/keramik\/mittagsbecher-zitrone\/#breadcrumb","itemListElement":[{"@type":"ListItem","position":1,"name":"Accueil","item":"https:\/\/poterie-de-crestet.com\/de\/accueil\/"},{"@type":"ListItem","position":2,"name":"Boutique","item":"https:\/\/poterie-de-crestet.com\/ceramiques\/"},{"@type":"ListItem","position":3,"name":"Mittagsbecher Zitrone"}]},{"@type":"WebSite","@id":"https:\/\/poterie-de-crestet.com\/de\/#website","url":"https:\/\/poterie-de-crestet.com\/de\/","name":"Poterie de Crestet","description":"Des milliers de poteries inpir\u00e9es de la Provence","publisher":{"@id":"https:\/\/poterie-de-crestet.com\/de\/#organization"},"potentialAction":[{"@type":"SearchAction","target":{"@type":"EntryPoint","urlTemplate":"https:\/\/poterie-de-crestet.com\/de\/?s={search_term_string}"},"query-input":{"@type":"PropertyValueSpecification","valueRequired":true,"valueName":"search_term_string"}}],"inLanguage":"de"},{"@type":"Organization","@id":"https:\/\/poterie-de-crestet.com\/de\/#organization","name":"Poterie de Crestet","url":"https:\/\/poterie-de-crestet.com\/de\/","logo":{"@type":"ImageObject","inLanguage":"de","@id":"https:\/\/poterie-de-crestet.com\/de\/#\/schema\/logo\/image\/","url":"https:\/\/i0.wp.com\/poterie-de-crestet.com\/wp-content\/uploads\/2025\/03\/Propo-4.png?fit=1000%2C462&ssl=1","contentUrl":"https:\/\/i0.wp.com\/poterie-de-crestet.com\/wp-content\/uploads\/2025\/03\/Propo-4.png?fit=1000%2C462&ssl=1","width":1000,"height":462,"caption":"Poterie de Crestet"},"image":{"@id":"https:\/\/poterie-de-crestet.com\/de\/#\/schema\/logo\/image\/"}}]}},"jetpack_sharing_enabled":true,"_links":{"self":[{"href":"https:\/\/poterie-de-crestet.com\/de\/wp-json\/wp\/v2\/product\/22171","targetHints":{"allow":["GET"]}}],"collection":[{"href":"https:\/\/poterie-de-crestet.com\/de\/wp-json\/wp\/v2\/product"}],"about":[{"href":"https:\/\/poterie-de-crestet.com\/de\/wp-json\/wp\/v2\/types\/product"}],"replies":[{"embeddable":true,"href":"https:\/\/poterie-de-crestet.com\/de\/wp-json\/wp\/v2\/comments?post=22171"}],"version-history":[{"count":0,"href":"https:\/\/poterie-de-crestet.com\/de\/wp-json\/wp\/v2\/product\/22171\/revisions"}],"wp:featuredmedia":[{"embeddable":true,"href":"https:\/\/poterie-de-crestet.com\/de\/wp-json\/wp\/v2\/media\/8442"}],"wp:attachment":[{"href":"https:\/\/poterie-de-crestet.com\/de\/wp-json\/wp\/v2\/media?parent=22171"}],"wp:term":[{"taxonomy":"product_brand","embeddable":true,"href":"https:\/\/poterie-de-crestet.com\/de\/wp-json\/wp\/v2\/product_brand?post=22171"},{"taxonomy":"product_cat","embeddable":true,"href":"https:\/\/poterie-de-crestet.com\/de\/wp-json\/wp\/v2\/product_cat?post=22171"},{"taxonomy":"product_tag","embeddable":true,"href":"https:\/\/poterie-de-crestet.com\/de\/wp-json\/wp\/v2\/product_tag?post=22171"}],"curies":[{"name":"wp","href":"https:\/\/api.w.org\/{rel}","templated":true}]}}