{"id":22162,"date":"2025-04-11T12:14:10","date_gmt":"2025-04-11T10:14:10","guid":{"rendered":"https:\/\/poterie-de-crestet.com\/ceramiques\/mittagsbecher-blauer-platz\/"},"modified":"2025-04-11T12:14:10","modified_gmt":"2025-04-11T10:14:10","slug":"mittagsbecher-blauer-platz","status":"publish","type":"product","link":"https:\/\/poterie-de-crestet.com\/de\/keramik\/mittagsbecher-blauer-platz\/","title":{"rendered":"Mittagsbecher  <h5>Blauer Platz<\/h5>"},"content":{"rendered":"<h4 class=\"\" data-start=\"391\" data-end=\"452\">\u2615 Eine Tasse, die f\u00fcr Liebhaber gro\u00dfer Formate entworfen wurde<\/h4>\n<p class=\"\" data-start=\"453\" data-end=\"735\">Der Carr\u00e9 bleu Fr\u00fchst\u00fccksbecher begleitet dich vom Moment des Aufwachens an. Mit seiner sch\u00f6nen Kapazit\u00e4t eignet er sich genauso gut f\u00fcr einen gro\u00dfen Kaffee wie f\u00fcr eine hei\u00dfe Schokolade oder einen abendlichen Aufguss. Seine bequeme Form und die passende Untertasse machen es zu einem kompletten Set f\u00fcr alle s\u00fc\u00dfen Momente.  <\/p>\n<h4 class=\"\" data-start=\"737\" data-end=\"779\">\ud83e\uddfc Praktisch, solide, leicht zu leben<\/h4>\n<p class=\"\" data-start=\"780\" data-end=\"1041\">Wie die gesamte Kollektion ist auch diese Tasse sp\u00fclmaschinen- und mikrowellenfest. Es erf\u00fcllt die Lebensmittelstandards f\u00fcr kompromisslose t\u00e4gliche Nutzung. Die passende Untertasse erm\u00f6glicht es, ordentlich zu servieren oder eine Delikatesse hinzuf\u00fcgen, ohne dass sie \u00fcberall verteilt wird.  <\/p>\n<h4 class=\"\" data-start=\"1043\" data-end=\"1085\">\ud83c\udfa8 Ein grafisches und zeitloses Muster<\/h4>\n<p class=\"\" data-start=\"1086\" data-end=\"1383\">Das Blue Square-Dekor, bestehend aus kleinen handbemalten Bl\u00f6cken, verleiht dieser Keramik eine zeitgen\u00f6ssische Note. Die T\u00f6ne variieren leicht von einem St\u00fcck zum anderen, ein Beweis f\u00fcr sorgf\u00e4ltige Handwerkskunst. Dieses geometrische Muster passt sowohl zu einer modernen K\u00fcche als auch zu einem traditionelleren Innenraum.  <\/p>\n<h4 class=\"\" data-start=\"1385\" data-end=\"1421\">\ud83d\udd17 Mischen und kombinieren<\/h4>\n<p class=\"\" data-start=\"1422\" data-end=\"1601\">Kombinieren Sie es mit dem <a class=\"\" href=\"https:\/\/poterie-de-crestet.com\/de\/keramik\/kuchenform-blauer-platz\/\" rel=\"noopener\" data-start=\"1437\" data-end=\"1464\">Carr\u00e9 Bleu Kuchengericht<\/a> f\u00fcr ein perfekt abgestimmtes Ensemble oder probieren Sie ein schelmisches Duo mit dem <a class=\"\" href=\"https:\/\/poterie-de-crestet.com\/de\/keramik\/moerser-provence-2\/\" rel=\"noopener\" data-start=\"1541\" data-end=\"1564\">Provence 2 M\u00f6rser<\/a> f\u00fcr einen Tisch voller Charakter.<\/p>\n","protected":false},"excerpt":{"rendered":"<p>Gro\u00dfes Keramikbecher-und-Untertassen-Blau-Quadrat-Dekor. Um einen Kaffee, eine Schokolade oder einen Aufguss zu genie\u00dfen. <br data-start=\"319\" data-end=\"322\"><strong data-start=\"322\" data-end=\"360\"><em data-start=\"324\" data-end=\"358\">Abmessungen: 13,2 \u00d7 17 \u00d7 11,2 cm<\/em><\/strong><\/p>\n","protected":false},"featured_media":8456,"comment_status":"open","ping_status":"closed","template":"","meta":[],"product_brand":[],"product_cat":[418,380],"product_tag":[209],"class_list":{"0":"post-22162","1":"product","2":"type-product","3":"status-publish","4":"has-post-thumbnail","6":"product_cat-fruhstucksschussel","7":"product_cat-pokalen","8":"product_tag-blauer-platz","10":"first","11":"instock","12":"taxable","13":"shipping-taxable","14":"purchasable","15":"product-type-simple"},"yoast_head":"<!-- This site is optimized with the Yoast SEO plugin v27.5 - https:\/\/yoast.com\/product\/yoast-seo-wordpress\/ -->\n<title>Mittagsbecher Blauer Platz - Poterie de Crestet<\/title>\n<meta name=\"description\" content=\"Mittagsbecher mit Untertasse und blauer quadratischer Dekoration. Handbemalte Keramik, ideal f\u00fcr hei\u00dfe Getr\u00e4nke. Waschbar und mikrowellenf\u00e4hig.\" \/>\n<meta name=\"robots\" content=\"index, follow, max-snippet:-1, max-image-preview:large, max-video-preview:-1\" \/>\n<link rel=\"canonical\" href=\"https:\/\/poterie-de-crestet.com\/de\/keramik\/mittagsbecher-blauer-platz\/\" \/>\n<meta property=\"og:locale\" content=\"de_DE\" \/>\n<meta property=\"og:type\" content=\"article\" \/>\n<meta property=\"og:title\" content=\"Mittagsbecher Blauer Platz - Poterie de Crestet\" \/>\n<meta property=\"og:description\" content=\"Mittagsbecher mit Untertasse und blauer quadratischer Dekoration. Handbemalte Keramik, ideal f\u00fcr hei\u00dfe Getr\u00e4nke. Waschbar und mikrowellenf\u00e4hig.\" \/>\n<meta property=\"og:url\" content=\"https:\/\/poterie-de-crestet.com\/de\/keramik\/mittagsbecher-blauer-platz\/\" \/>\n<meta property=\"og:site_name\" content=\"Poterie de Crestet\" \/>\n<meta property=\"og:image\" content=\"https:\/\/i0.wp.com\/poterie-de-crestet.com\/wp-content\/uploads\/2025\/04\/tasse-a-dejeuner-carre-bleu.jpg?fit=458%2C458&ssl=1\" \/>\n\t<meta property=\"og:image:width\" content=\"458\" \/>\n\t<meta property=\"og:image:height\" content=\"458\" \/>\n\t<meta property=\"og:image:type\" content=\"image\/jpeg\" \/>\n<meta name=\"twitter:card\" content=\"summary_large_image\" \/>\n<meta name=\"twitter:label1\" content=\"Gesch\u00e4tzte Lesezeit\" \/>\n\t<meta name=\"twitter:data1\" content=\"1\u00a0Minute\" \/>\n<script type=\"application\/ld+json\" class=\"yoast-schema-graph\">{\"@context\":\"https:\\\/\\\/schema.org\",\"@graph\":[{\"@type\":\"WebPage\",\"@id\":\"https:\\\/\\\/poterie-de-crestet.com\\\/de\\\/keramik\\\/mittagsbecher-blauer-platz\\\/\",\"url\":\"https:\\\/\\\/poterie-de-crestet.com\\\/de\\\/keramik\\\/mittagsbecher-blauer-platz\\\/\",\"name\":\"Mittagsbecher Blauer Platz - Poterie de Crestet\",\"isPartOf\":{\"@id\":\"https:\\\/\\\/poterie-de-crestet.com\\\/de\\\/#website\"},\"primaryImageOfPage\":{\"@id\":\"https:\\\/\\\/poterie-de-crestet.com\\\/de\\\/keramik\\\/mittagsbecher-blauer-platz\\\/#primaryimage\"},\"image\":{\"@id\":\"https:\\\/\\\/poterie-de-crestet.com\\\/de\\\/keramik\\\/mittagsbecher-blauer-platz\\\/#primaryimage\"},\"thumbnailUrl\":\"https:\\\/\\\/i0.wp.com\\\/poterie-de-crestet.com\\\/wp-content\\\/uploads\\\/2025\\\/04\\\/tasse-a-dejeuner-carre-bleu.jpg?fit=458%2C458&ssl=1\",\"datePublished\":\"2025-04-11T10:14:10+00:00\",\"description\":\"Mittagsbecher mit Untertasse und blauer quadratischer Dekoration. Handbemalte Keramik, ideal f\u00fcr hei\u00dfe Getr\u00e4nke. Waschbar und mikrowellenf\u00e4hig.\",\"breadcrumb\":{\"@id\":\"https:\\\/\\\/poterie-de-crestet.com\\\/de\\\/keramik\\\/mittagsbecher-blauer-platz\\\/#breadcrumb\"},\"inLanguage\":\"de\",\"potentialAction\":[{\"@type\":\"ReadAction\",\"target\":[\"https:\\\/\\\/poterie-de-crestet.com\\\/de\\\/keramik\\\/mittagsbecher-blauer-platz\\\/\"]}]},{\"@type\":\"ImageObject\",\"inLanguage\":\"de\",\"@id\":\"https:\\\/\\\/poterie-de-crestet.com\\\/de\\\/keramik\\\/mittagsbecher-blauer-platz\\\/#primaryimage\",\"url\":\"https:\\\/\\\/i0.wp.com\\\/poterie-de-crestet.com\\\/wp-content\\\/uploads\\\/2025\\\/04\\\/tasse-a-dejeuner-carre-bleu.jpg?fit=458%2C458&ssl=1\",\"contentUrl\":\"https:\\\/\\\/i0.wp.com\\\/poterie-de-crestet.com\\\/wp-content\\\/uploads\\\/2025\\\/04\\\/tasse-a-dejeuner-carre-bleu.jpg?fit=458%2C458&ssl=1\",\"width\":458,\"height\":458,\"caption\":\"Blue Square Lunch-Trug\"},{\"@type\":\"BreadcrumbList\",\"@id\":\"https:\\\/\\\/poterie-de-crestet.com\\\/de\\\/keramik\\\/mittagsbecher-blauer-platz\\\/#breadcrumb\",\"itemListElement\":[{\"@type\":\"ListItem\",\"position\":1,\"name\":\"Accueil\",\"item\":\"https:\\\/\\\/poterie-de-crestet.com\\\/de\\\/accueil\\\/\"},{\"@type\":\"ListItem\",\"position\":2,\"name\":\"Boutique\",\"item\":\"https:\\\/\\\/poterie-de-crestet.com\\\/ceramiques\\\/\"},{\"@type\":\"ListItem\",\"position\":3,\"name\":\"Mittagsbecher Blauer Platz\"}]},{\"@type\":\"WebSite\",\"@id\":\"https:\\\/\\\/poterie-de-crestet.com\\\/de\\\/#website\",\"url\":\"https:\\\/\\\/poterie-de-crestet.com\\\/de\\\/\",\"name\":\"Poterie de Crestet\",\"description\":\"Des milliers de poteries inpir\u00e9es de la Provence\",\"publisher\":{\"@id\":\"https:\\\/\\\/poterie-de-crestet.com\\\/de\\\/#organization\"},\"potentialAction\":[{\"@type\":\"SearchAction\",\"target\":{\"@type\":\"EntryPoint\",\"urlTemplate\":\"https:\\\/\\\/poterie-de-crestet.com\\\/de\\\/?s={search_term_string}\"},\"query-input\":{\"@type\":\"PropertyValueSpecification\",\"valueRequired\":true,\"valueName\":\"search_term_string\"}}],\"inLanguage\":\"de\"},{\"@type\":\"Organization\",\"@id\":\"https:\\\/\\\/poterie-de-crestet.com\\\/de\\\/#organization\",\"name\":\"Poterie de Crestet\",\"url\":\"https:\\\/\\\/poterie-de-crestet.com\\\/de\\\/\",\"logo\":{\"@type\":\"ImageObject\",\"inLanguage\":\"de\",\"@id\":\"https:\\\/\\\/poterie-de-crestet.com\\\/de\\\/#\\\/schema\\\/logo\\\/image\\\/\",\"url\":\"https:\\\/\\\/i0.wp.com\\\/poterie-de-crestet.com\\\/wp-content\\\/uploads\\\/2025\\\/03\\\/Propo-4.png?fit=1000%2C462&ssl=1\",\"contentUrl\":\"https:\\\/\\\/i0.wp.com\\\/poterie-de-crestet.com\\\/wp-content\\\/uploads\\\/2025\\\/03\\\/Propo-4.png?fit=1000%2C462&ssl=1\",\"width\":1000,\"height\":462,\"caption\":\"Poterie de Crestet\"},\"image\":{\"@id\":\"https:\\\/\\\/poterie-de-crestet.com\\\/de\\\/#\\\/schema\\\/logo\\\/image\\\/\"}}]}<\/script>\n<!-- \/ Yoast SEO plugin. -->","yoast_head_json":{"title":"Mittagsbecher Blauer Platz - Poterie de Crestet","description":"Mittagsbecher mit Untertasse und blauer quadratischer Dekoration. Handbemalte Keramik, ideal f\u00fcr hei\u00dfe Getr\u00e4nke. Waschbar und mikrowellenf\u00e4hig.","robots":{"index":"index","follow":"follow","max-snippet":"max-snippet:-1","max-image-preview":"max-image-preview:large","max-video-preview":"max-video-preview:-1"},"canonical":"https:\/\/poterie-de-crestet.com\/de\/keramik\/mittagsbecher-blauer-platz\/","og_locale":"de_DE","og_type":"article","og_title":"Mittagsbecher Blauer Platz - Poterie de Crestet","og_description":"Mittagsbecher mit Untertasse und blauer quadratischer Dekoration. Handbemalte Keramik, ideal f\u00fcr hei\u00dfe Getr\u00e4nke. Waschbar und mikrowellenf\u00e4hig.","og_url":"https:\/\/poterie-de-crestet.com\/de\/keramik\/mittagsbecher-blauer-platz\/","og_site_name":"Poterie de Crestet","og_image":[{"width":458,"height":458,"url":"https:\/\/i0.wp.com\/poterie-de-crestet.com\/wp-content\/uploads\/2025\/04\/tasse-a-dejeuner-carre-bleu.jpg?fit=458%2C458&ssl=1","type":"image\/jpeg"}],"twitter_card":"summary_large_image","twitter_misc":{"Gesch\u00e4tzte Lesezeit":"1\u00a0Minute"},"schema":{"@context":"https:\/\/schema.org","@graph":[{"@type":"WebPage","@id":"https:\/\/poterie-de-crestet.com\/de\/keramik\/mittagsbecher-blauer-platz\/","url":"https:\/\/poterie-de-crestet.com\/de\/keramik\/mittagsbecher-blauer-platz\/","name":"Mittagsbecher Blauer Platz - Poterie de Crestet","isPartOf":{"@id":"https:\/\/poterie-de-crestet.com\/de\/#website"},"primaryImageOfPage":{"@id":"https:\/\/poterie-de-crestet.com\/de\/keramik\/mittagsbecher-blauer-platz\/#primaryimage"},"image":{"@id":"https:\/\/poterie-de-crestet.com\/de\/keramik\/mittagsbecher-blauer-platz\/#primaryimage"},"thumbnailUrl":"https:\/\/i0.wp.com\/poterie-de-crestet.com\/wp-content\/uploads\/2025\/04\/tasse-a-dejeuner-carre-bleu.jpg?fit=458%2C458&ssl=1","datePublished":"2025-04-11T10:14:10+00:00","description":"Mittagsbecher mit Untertasse und blauer quadratischer Dekoration. Handbemalte Keramik, ideal f\u00fcr hei\u00dfe Getr\u00e4nke. Waschbar und mikrowellenf\u00e4hig.","breadcrumb":{"@id":"https:\/\/poterie-de-crestet.com\/de\/keramik\/mittagsbecher-blauer-platz\/#breadcrumb"},"inLanguage":"de","potentialAction":[{"@type":"ReadAction","target":["https:\/\/poterie-de-crestet.com\/de\/keramik\/mittagsbecher-blauer-platz\/"]}]},{"@type":"ImageObject","inLanguage":"de","@id":"https:\/\/poterie-de-crestet.com\/de\/keramik\/mittagsbecher-blauer-platz\/#primaryimage","url":"https:\/\/i0.wp.com\/poterie-de-crestet.com\/wp-content\/uploads\/2025\/04\/tasse-a-dejeuner-carre-bleu.jpg?fit=458%2C458&ssl=1","contentUrl":"https:\/\/i0.wp.com\/poterie-de-crestet.com\/wp-content\/uploads\/2025\/04\/tasse-a-dejeuner-carre-bleu.jpg?fit=458%2C458&ssl=1","width":458,"height":458,"caption":"Blue Square Lunch-Trug"},{"@type":"BreadcrumbList","@id":"https:\/\/poterie-de-crestet.com\/de\/keramik\/mittagsbecher-blauer-platz\/#breadcrumb","itemListElement":[{"@type":"ListItem","position":1,"name":"Accueil","item":"https:\/\/poterie-de-crestet.com\/de\/accueil\/"},{"@type":"ListItem","position":2,"name":"Boutique","item":"https:\/\/poterie-de-crestet.com\/ceramiques\/"},{"@type":"ListItem","position":3,"name":"Mittagsbecher Blauer Platz"}]},{"@type":"WebSite","@id":"https:\/\/poterie-de-crestet.com\/de\/#website","url":"https:\/\/poterie-de-crestet.com\/de\/","name":"Poterie de Crestet","description":"Des milliers de poteries inpir\u00e9es de la Provence","publisher":{"@id":"https:\/\/poterie-de-crestet.com\/de\/#organization"},"potentialAction":[{"@type":"SearchAction","target":{"@type":"EntryPoint","urlTemplate":"https:\/\/poterie-de-crestet.com\/de\/?s={search_term_string}"},"query-input":{"@type":"PropertyValueSpecification","valueRequired":true,"valueName":"search_term_string"}}],"inLanguage":"de"},{"@type":"Organization","@id":"https:\/\/poterie-de-crestet.com\/de\/#organization","name":"Poterie de Crestet","url":"https:\/\/poterie-de-crestet.com\/de\/","logo":{"@type":"ImageObject","inLanguage":"de","@id":"https:\/\/poterie-de-crestet.com\/de\/#\/schema\/logo\/image\/","url":"https:\/\/i0.wp.com\/poterie-de-crestet.com\/wp-content\/uploads\/2025\/03\/Propo-4.png?fit=1000%2C462&ssl=1","contentUrl":"https:\/\/i0.wp.com\/poterie-de-crestet.com\/wp-content\/uploads\/2025\/03\/Propo-4.png?fit=1000%2C462&ssl=1","width":1000,"height":462,"caption":"Poterie de Crestet"},"image":{"@id":"https:\/\/poterie-de-crestet.com\/de\/#\/schema\/logo\/image\/"}}]}},"jetpack_sharing_enabled":true,"_links":{"self":[{"href":"https:\/\/poterie-de-crestet.com\/de\/wp-json\/wp\/v2\/product\/22162","targetHints":{"allow":["GET"]}}],"collection":[{"href":"https:\/\/poterie-de-crestet.com\/de\/wp-json\/wp\/v2\/product"}],"about":[{"href":"https:\/\/poterie-de-crestet.com\/de\/wp-json\/wp\/v2\/types\/product"}],"replies":[{"embeddable":true,"href":"https:\/\/poterie-de-crestet.com\/de\/wp-json\/wp\/v2\/comments?post=22162"}],"version-history":[{"count":0,"href":"https:\/\/poterie-de-crestet.com\/de\/wp-json\/wp\/v2\/product\/22162\/revisions"}],"wp:featuredmedia":[{"embeddable":true,"href":"https:\/\/poterie-de-crestet.com\/de\/wp-json\/wp\/v2\/media\/8456"}],"wp:attachment":[{"href":"https:\/\/poterie-de-crestet.com\/de\/wp-json\/wp\/v2\/media?parent=22162"}],"wp:term":[{"taxonomy":"product_brand","embeddable":true,"href":"https:\/\/poterie-de-crestet.com\/de\/wp-json\/wp\/v2\/product_brand?post=22162"},{"taxonomy":"product_cat","embeddable":true,"href":"https:\/\/poterie-de-crestet.com\/de\/wp-json\/wp\/v2\/product_cat?post=22162"},{"taxonomy":"product_tag","embeddable":true,"href":"https:\/\/poterie-de-crestet.com\/de\/wp-json\/wp\/v2\/product_tag?post=22162"}],"curies":[{"name":"wp","href":"https:\/\/api.w.org\/{rel}","templated":true}]}}