{"id":22157,"date":"2025-04-11T12:14:09","date_gmt":"2025-04-11T10:14:09","guid":{"rendered":"https:\/\/poterie-de-crestet.com\/ceramiques\/mittagsbecher-provence-2\/"},"modified":"2025-04-11T12:14:09","modified_gmt":"2025-04-11T10:14:09","slug":"mittagsbecher-provence-2","status":"publish","type":"product","link":"https:\/\/poterie-de-crestet.com\/de\/keramik\/mittagsbecher-provence-2\/","title":{"rendered":"Mittagsbecher  <h5>Provence 2<\/h5>"},"content":{"rendered":"<h4 class=\"\" data-start=\"3304\" data-end=\"3348\">\u2615 Ein Sonnenaufgang in deinem Becher<\/h4>\n<p class=\"\" data-start=\"3349\" data-end=\"3648\">Das Dekor der Provence 2 weckt den Tisch mit seinen roten und gelben Farbt\u00f6nen zum Leben, sowohl warm als auch dynamisch. Diese gro\u00dfe Fr\u00fchst\u00fcckstasse bietet gro\u00dfz\u00fcgig Platz f\u00fcr Kaffee, Sahne, Schokolade oder aromatisierten Kr\u00e4utertee. Es ist die Tasse, die wir jeden Morgen ohne nachzudenken f\u00fcr unseren Komfort und unsere gute Laune benutzen.  <\/p>\n<h4 class=\"\" data-start=\"3650\" data-end=\"3694\">\u2705 Stark, funktional und sorgenfrei<\/h4>\n<p class=\"\" data-start=\"3695\" data-end=\"3873\">Er ist mikrowellen- und sp\u00fclmaschinenfest und wird mit einer passenden Untertasse geliefert, um Spuren auf dem Tisch zu vermeiden. Es ist ein praktisches, praktisches Format, das auf Langlebigkeit ausgelegt ist. <\/p>\n<h4 class=\"\" data-start=\"3875\" data-end=\"3922\">\ud83c\udfa8 Lebendige, handbemalte Farben<\/h4>\n<p class=\"\" data-start=\"3923\" data-end=\"4094\">Das Dekor wird von Hand aufgetragen, mit Farbt\u00f6nen, die von Modell zu Modell subtil variieren. Die kleinen Unterschiede spiegeln die menschliche Geste wider, nicht eine Maschine. <\/p>\n<h4 class=\"\" data-start=\"4096\" data-end=\"4132\">\ud83d\udd17 F\u00fcr sonnigen Service<\/h4>\n<p class=\"\" data-start=\"4133\" data-end=\"4263\">Kombinieren Sie es mit dem <a class=\"\" href=\"https:\/\/poterie-de-crestet.com\/de\/keramik\/pizzagericht-provence-2\/\" rel=\"noopener\" data-start=\"4148\" data-end=\"4176\">Pizzagericht Provence 2<\/a> f\u00fcr einen farbenfrohen Tisch oder bilden Sie ein atemberaubendes Duo mit der <a class=\"\" href=\"https:\/\/poterie-de-crestet.com\/de\/keramik\/tortenform-leichter-boden\/\" rel=\"noopener\" data-start=\"4234\" data-end=\"4262\">Sol Clair Tartform<\/a>.<\/p>\n","protected":false},"excerpt":{"rendered":"<p>Mittagsbecher mit Untertasse Provence-Dekoration 2. Leuchtend rot und gelb f\u00fcr eine Vitaminpause. <br data-start=\"3232\" data-end=\"3235\"><strong data-start=\"3235\" data-end=\"3273\"><em data-start=\"3237\" data-end=\"3271\">Abmessungen: 13,2 \u00d7 17 \u00d7 11,2 cm<\/em><\/strong><\/p>\n","protected":false},"featured_media":8476,"comment_status":"open","ping_status":"closed","template":"","meta":[],"product_brand":[],"product_cat":[418,380],"product_tag":[249],"class_list":{"0":"post-22157","1":"product","2":"type-product","3":"status-publish","4":"has-post-thumbnail","6":"product_cat-fruhstucksschussel","7":"product_cat-pokalen","8":"product_tag-provence-2","10":"first","11":"instock","12":"taxable","13":"shipping-taxable","14":"purchasable","15":"product-type-simple"},"yoast_head":"<!-- This site is optimized with the Yoast SEO plugin v27.5 - https:\/\/yoast.com\/product\/yoast-seo-wordpress\/ -->\n<title>Mittagsbecher Provence 2 - Poterie de Crestet<\/title>\n<meta name=\"description\" content=\"Keramikbecher mit Provence-Dekoration 2. Rot und gelb, waschbar, mit Untertasse. Perfekt f\u00fcr hei\u00dfe Getr\u00e4nke. Handbemalt.\" \/>\n<meta name=\"robots\" content=\"index, follow, max-snippet:-1, max-image-preview:large, max-video-preview:-1\" \/>\n<link rel=\"canonical\" href=\"https:\/\/poterie-de-crestet.com\/de\/keramik\/mittagsbecher-provence-2\/\" \/>\n<meta property=\"og:locale\" content=\"de_DE\" \/>\n<meta property=\"og:type\" content=\"article\" \/>\n<meta property=\"og:title\" content=\"Mittagsbecher Provence 2 - Poterie de Crestet\" \/>\n<meta property=\"og:description\" content=\"Keramikbecher mit Provence-Dekoration 2. Rot und gelb, waschbar, mit Untertasse. Perfekt f\u00fcr hei\u00dfe Getr\u00e4nke. Handbemalt.\" \/>\n<meta property=\"og:url\" content=\"https:\/\/poterie-de-crestet.com\/de\/keramik\/mittagsbecher-provence-2\/\" \/>\n<meta property=\"og:site_name\" content=\"Poterie de Crestet\" \/>\n<meta property=\"og:image\" content=\"https:\/\/i0.wp.com\/poterie-de-crestet.com\/wp-content\/uploads\/2025\/04\/tasse-a-dejeuner-provence-2.jpg?fit=458%2C458&ssl=1\" \/>\n\t<meta property=\"og:image:width\" content=\"458\" \/>\n\t<meta property=\"og:image:height\" content=\"458\" \/>\n\t<meta property=\"og:image:type\" content=\"image\/jpeg\" \/>\n<meta name=\"twitter:card\" content=\"summary_large_image\" \/>\n<meta name=\"twitter:label1\" content=\"Gesch\u00e4tzte Lesezeit\" \/>\n\t<meta name=\"twitter:data1\" content=\"1\u00a0Minute\" \/>\n<script type=\"application\/ld+json\" class=\"yoast-schema-graph\">{\"@context\":\"https:\\\/\\\/schema.org\",\"@graph\":[{\"@type\":\"WebPage\",\"@id\":\"https:\\\/\\\/poterie-de-crestet.com\\\/de\\\/keramik\\\/mittagsbecher-provence-2\\\/\",\"url\":\"https:\\\/\\\/poterie-de-crestet.com\\\/de\\\/keramik\\\/mittagsbecher-provence-2\\\/\",\"name\":\"Mittagsbecher Provence 2 - Poterie de Crestet\",\"isPartOf\":{\"@id\":\"https:\\\/\\\/poterie-de-crestet.com\\\/de\\\/#website\"},\"primaryImageOfPage\":{\"@id\":\"https:\\\/\\\/poterie-de-crestet.com\\\/de\\\/keramik\\\/mittagsbecher-provence-2\\\/#primaryimage\"},\"image\":{\"@id\":\"https:\\\/\\\/poterie-de-crestet.com\\\/de\\\/keramik\\\/mittagsbecher-provence-2\\\/#primaryimage\"},\"thumbnailUrl\":\"https:\\\/\\\/i0.wp.com\\\/poterie-de-crestet.com\\\/wp-content\\\/uploads\\\/2025\\\/04\\\/tasse-a-dejeuner-provence-2.jpg?fit=458%2C458&ssl=1\",\"datePublished\":\"2025-04-11T10:14:09+00:00\",\"description\":\"Keramikbecher mit Provence-Dekoration 2. Rot und gelb, waschbar, mit Untertasse. Perfekt f\u00fcr hei\u00dfe Getr\u00e4nke. Handbemalt.\",\"breadcrumb\":{\"@id\":\"https:\\\/\\\/poterie-de-crestet.com\\\/de\\\/keramik\\\/mittagsbecher-provence-2\\\/#breadcrumb\"},\"inLanguage\":\"de\",\"potentialAction\":[{\"@type\":\"ReadAction\",\"target\":[\"https:\\\/\\\/poterie-de-crestet.com\\\/de\\\/keramik\\\/mittagsbecher-provence-2\\\/\"]}]},{\"@type\":\"ImageObject\",\"inLanguage\":\"de\",\"@id\":\"https:\\\/\\\/poterie-de-crestet.com\\\/de\\\/keramik\\\/mittagsbecher-provence-2\\\/#primaryimage\",\"url\":\"https:\\\/\\\/i0.wp.com\\\/poterie-de-crestet.com\\\/wp-content\\\/uploads\\\/2025\\\/04\\\/tasse-a-dejeuner-provence-2.jpg?fit=458%2C458&ssl=1\",\"contentUrl\":\"https:\\\/\\\/i0.wp.com\\\/poterie-de-crestet.com\\\/wp-content\\\/uploads\\\/2025\\\/04\\\/tasse-a-dejeuner-provence-2.jpg?fit=458%2C458&ssl=1\",\"width\":458,\"height\":458,\"caption\":\"Keramikbecher mit Provence-Dekoration\"},{\"@type\":\"BreadcrumbList\",\"@id\":\"https:\\\/\\\/poterie-de-crestet.com\\\/de\\\/keramik\\\/mittagsbecher-provence-2\\\/#breadcrumb\",\"itemListElement\":[{\"@type\":\"ListItem\",\"position\":1,\"name\":\"Accueil\",\"item\":\"https:\\\/\\\/poterie-de-crestet.com\\\/de\\\/accueil\\\/\"},{\"@type\":\"ListItem\",\"position\":2,\"name\":\"Boutique\",\"item\":\"https:\\\/\\\/poterie-de-crestet.com\\\/ceramiques\\\/\"},{\"@type\":\"ListItem\",\"position\":3,\"name\":\"Mittagsbecher Provence 2\"}]},{\"@type\":\"WebSite\",\"@id\":\"https:\\\/\\\/poterie-de-crestet.com\\\/de\\\/#website\",\"url\":\"https:\\\/\\\/poterie-de-crestet.com\\\/de\\\/\",\"name\":\"Poterie de Crestet\",\"description\":\"Des milliers de poteries inpir\u00e9es de la Provence\",\"publisher\":{\"@id\":\"https:\\\/\\\/poterie-de-crestet.com\\\/de\\\/#organization\"},\"potentialAction\":[{\"@type\":\"SearchAction\",\"target\":{\"@type\":\"EntryPoint\",\"urlTemplate\":\"https:\\\/\\\/poterie-de-crestet.com\\\/de\\\/?s={search_term_string}\"},\"query-input\":{\"@type\":\"PropertyValueSpecification\",\"valueRequired\":true,\"valueName\":\"search_term_string\"}}],\"inLanguage\":\"de\"},{\"@type\":\"Organization\",\"@id\":\"https:\\\/\\\/poterie-de-crestet.com\\\/de\\\/#organization\",\"name\":\"Poterie de Crestet\",\"url\":\"https:\\\/\\\/poterie-de-crestet.com\\\/de\\\/\",\"logo\":{\"@type\":\"ImageObject\",\"inLanguage\":\"de\",\"@id\":\"https:\\\/\\\/poterie-de-crestet.com\\\/de\\\/#\\\/schema\\\/logo\\\/image\\\/\",\"url\":\"https:\\\/\\\/i0.wp.com\\\/poterie-de-crestet.com\\\/wp-content\\\/uploads\\\/2025\\\/03\\\/Propo-4.png?fit=1000%2C462&ssl=1\",\"contentUrl\":\"https:\\\/\\\/i0.wp.com\\\/poterie-de-crestet.com\\\/wp-content\\\/uploads\\\/2025\\\/03\\\/Propo-4.png?fit=1000%2C462&ssl=1\",\"width\":1000,\"height\":462,\"caption\":\"Poterie de Crestet\"},\"image\":{\"@id\":\"https:\\\/\\\/poterie-de-crestet.com\\\/de\\\/#\\\/schema\\\/logo\\\/image\\\/\"}}]}<\/script>\n<!-- \/ Yoast SEO plugin. -->","yoast_head_json":{"title":"Mittagsbecher Provence 2 - Poterie de Crestet","description":"Keramikbecher mit Provence-Dekoration 2. Rot und gelb, waschbar, mit Untertasse. Perfekt f\u00fcr hei\u00dfe Getr\u00e4nke. Handbemalt.","robots":{"index":"index","follow":"follow","max-snippet":"max-snippet:-1","max-image-preview":"max-image-preview:large","max-video-preview":"max-video-preview:-1"},"canonical":"https:\/\/poterie-de-crestet.com\/de\/keramik\/mittagsbecher-provence-2\/","og_locale":"de_DE","og_type":"article","og_title":"Mittagsbecher Provence 2 - Poterie de Crestet","og_description":"Keramikbecher mit Provence-Dekoration 2. Rot und gelb, waschbar, mit Untertasse. Perfekt f\u00fcr hei\u00dfe Getr\u00e4nke. Handbemalt.","og_url":"https:\/\/poterie-de-crestet.com\/de\/keramik\/mittagsbecher-provence-2\/","og_site_name":"Poterie de Crestet","og_image":[{"width":458,"height":458,"url":"https:\/\/i0.wp.com\/poterie-de-crestet.com\/wp-content\/uploads\/2025\/04\/tasse-a-dejeuner-provence-2.jpg?fit=458%2C458&ssl=1","type":"image\/jpeg"}],"twitter_card":"summary_large_image","twitter_misc":{"Gesch\u00e4tzte Lesezeit":"1\u00a0Minute"},"schema":{"@context":"https:\/\/schema.org","@graph":[{"@type":"WebPage","@id":"https:\/\/poterie-de-crestet.com\/de\/keramik\/mittagsbecher-provence-2\/","url":"https:\/\/poterie-de-crestet.com\/de\/keramik\/mittagsbecher-provence-2\/","name":"Mittagsbecher Provence 2 - Poterie de Crestet","isPartOf":{"@id":"https:\/\/poterie-de-crestet.com\/de\/#website"},"primaryImageOfPage":{"@id":"https:\/\/poterie-de-crestet.com\/de\/keramik\/mittagsbecher-provence-2\/#primaryimage"},"image":{"@id":"https:\/\/poterie-de-crestet.com\/de\/keramik\/mittagsbecher-provence-2\/#primaryimage"},"thumbnailUrl":"https:\/\/i0.wp.com\/poterie-de-crestet.com\/wp-content\/uploads\/2025\/04\/tasse-a-dejeuner-provence-2.jpg?fit=458%2C458&ssl=1","datePublished":"2025-04-11T10:14:09+00:00","description":"Keramikbecher mit Provence-Dekoration 2. Rot und gelb, waschbar, mit Untertasse. Perfekt f\u00fcr hei\u00dfe Getr\u00e4nke. Handbemalt.","breadcrumb":{"@id":"https:\/\/poterie-de-crestet.com\/de\/keramik\/mittagsbecher-provence-2\/#breadcrumb"},"inLanguage":"de","potentialAction":[{"@type":"ReadAction","target":["https:\/\/poterie-de-crestet.com\/de\/keramik\/mittagsbecher-provence-2\/"]}]},{"@type":"ImageObject","inLanguage":"de","@id":"https:\/\/poterie-de-crestet.com\/de\/keramik\/mittagsbecher-provence-2\/#primaryimage","url":"https:\/\/i0.wp.com\/poterie-de-crestet.com\/wp-content\/uploads\/2025\/04\/tasse-a-dejeuner-provence-2.jpg?fit=458%2C458&ssl=1","contentUrl":"https:\/\/i0.wp.com\/poterie-de-crestet.com\/wp-content\/uploads\/2025\/04\/tasse-a-dejeuner-provence-2.jpg?fit=458%2C458&ssl=1","width":458,"height":458,"caption":"Keramikbecher mit Provence-Dekoration"},{"@type":"BreadcrumbList","@id":"https:\/\/poterie-de-crestet.com\/de\/keramik\/mittagsbecher-provence-2\/#breadcrumb","itemListElement":[{"@type":"ListItem","position":1,"name":"Accueil","item":"https:\/\/poterie-de-crestet.com\/de\/accueil\/"},{"@type":"ListItem","position":2,"name":"Boutique","item":"https:\/\/poterie-de-crestet.com\/ceramiques\/"},{"@type":"ListItem","position":3,"name":"Mittagsbecher Provence 2"}]},{"@type":"WebSite","@id":"https:\/\/poterie-de-crestet.com\/de\/#website","url":"https:\/\/poterie-de-crestet.com\/de\/","name":"Poterie de Crestet","description":"Des milliers de poteries inpir\u00e9es de la Provence","publisher":{"@id":"https:\/\/poterie-de-crestet.com\/de\/#organization"},"potentialAction":[{"@type":"SearchAction","target":{"@type":"EntryPoint","urlTemplate":"https:\/\/poterie-de-crestet.com\/de\/?s={search_term_string}"},"query-input":{"@type":"PropertyValueSpecification","valueRequired":true,"valueName":"search_term_string"}}],"inLanguage":"de"},{"@type":"Organization","@id":"https:\/\/poterie-de-crestet.com\/de\/#organization","name":"Poterie de Crestet","url":"https:\/\/poterie-de-crestet.com\/de\/","logo":{"@type":"ImageObject","inLanguage":"de","@id":"https:\/\/poterie-de-crestet.com\/de\/#\/schema\/logo\/image\/","url":"https:\/\/i0.wp.com\/poterie-de-crestet.com\/wp-content\/uploads\/2025\/03\/Propo-4.png?fit=1000%2C462&ssl=1","contentUrl":"https:\/\/i0.wp.com\/poterie-de-crestet.com\/wp-content\/uploads\/2025\/03\/Propo-4.png?fit=1000%2C462&ssl=1","width":1000,"height":462,"caption":"Poterie de Crestet"},"image":{"@id":"https:\/\/poterie-de-crestet.com\/de\/#\/schema\/logo\/image\/"}}]}},"jetpack_sharing_enabled":true,"_links":{"self":[{"href":"https:\/\/poterie-de-crestet.com\/de\/wp-json\/wp\/v2\/product\/22157","targetHints":{"allow":["GET"]}}],"collection":[{"href":"https:\/\/poterie-de-crestet.com\/de\/wp-json\/wp\/v2\/product"}],"about":[{"href":"https:\/\/poterie-de-crestet.com\/de\/wp-json\/wp\/v2\/types\/product"}],"replies":[{"embeddable":true,"href":"https:\/\/poterie-de-crestet.com\/de\/wp-json\/wp\/v2\/comments?post=22157"}],"version-history":[{"count":0,"href":"https:\/\/poterie-de-crestet.com\/de\/wp-json\/wp\/v2\/product\/22157\/revisions"}],"wp:featuredmedia":[{"embeddable":true,"href":"https:\/\/poterie-de-crestet.com\/de\/wp-json\/wp\/v2\/media\/8476"}],"wp:attachment":[{"href":"https:\/\/poterie-de-crestet.com\/de\/wp-json\/wp\/v2\/media?parent=22157"}],"wp:term":[{"taxonomy":"product_brand","embeddable":true,"href":"https:\/\/poterie-de-crestet.com\/de\/wp-json\/wp\/v2\/product_brand?post=22157"},{"taxonomy":"product_cat","embeddable":true,"href":"https:\/\/poterie-de-crestet.com\/de\/wp-json\/wp\/v2\/product_cat?post=22157"},{"taxonomy":"product_tag","embeddable":true,"href":"https:\/\/poterie-de-crestet.com\/de\/wp-json\/wp\/v2\/product_tag?post=22157"}],"curies":[{"name":"wp","href":"https:\/\/api.w.org\/{rel}","templated":true}]}}