{"id":22153,"date":"2025-04-11T12:14:09","date_gmt":"2025-04-11T10:14:09","guid":{"rendered":"https:\/\/poterie-de-crestet.com\/ceramiques\/mittagsbecher-olivgrauer-tuerkis\/"},"modified":"2025-04-11T12:14:09","modified_gmt":"2025-04-11T10:14:09","slug":"mittagsbecher-olivgrauer-tuerkis","status":"publish","type":"product","link":"https:\/\/poterie-de-crestet.com\/de\/keramik\/mittagsbecher-olivgrauer-tuerkis\/","title":{"rendered":"Mittagsbecher  <h5>Olivgrauer T\u00fcrkis<\/h5>"},"content":{"rendered":"<h4 class=\"\" data-start=\"6299\" data-end=\"6349\">\ud83c\udf0a Frische und Modernit\u00e4t beim Fr\u00fchst\u00fcck<\/h4>\n<p class=\"\" data-start=\"6350\" data-end=\"6599\">Der Olive Grey Turquoise Breakfast Cup bringt frische Luft auf den Tisch. Ideal f\u00fcr gro\u00dfe Kr\u00e4utertees, ger\u00e4ucherte Tees oder einen langen Kaffee, verbindet er Praktikabilit\u00e4t und \u00c4sthetik. Die passende Untertasse erm\u00f6glicht es dir, in Ruhe zu servieren.  <\/p>\n<h4 class=\"\" data-start=\"6601\" data-end=\"6636\">\ud83e\uddfd Robust und unkompliziert<\/h4>\n<p class=\"\" data-start=\"6637\" data-end=\"6833\">Sp\u00fclmaschinen- und Mikrowellenfest, diese Keramik ist f\u00fcr den t\u00e4glichen Gebrauch konzipiert. Seine gro\u00dfz\u00fcgige Gr\u00f6\u00dfe und der angenehme Griff machen ihn morgens und abends schnell unentbehrlich. <\/p>\n<h4 class=\"\" data-start=\"6835\" data-end=\"6879\">\ud83c\udfa8 Helle, beruhigende Farbe<\/h4>\n<p class=\"\" data-start=\"6880\" data-end=\"7113\">Handbemalt, zeigt jede Tasse dezente Farbt\u00f6ne. Das sanfte T\u00fcrkis wird durch graue Akzente betont, die an Stein und Wasser erinnern. Es ist ein modernes, erfrischendes Dekor, aber dennoch im mediterranen Universum verankert.  <\/p>\n<h4 class=\"\" data-start=\"7115\" data-end=\"7149\">\ud83d\udd17 Nach deinem Wunsch kombiniert zu werden<\/h4>\n<p class=\"\" data-start=\"7150\" data-end=\"7284\">Kombinieren Sie ihn mit dem <a class=\"\" href=\"https:\/\/poterie-de-crestet.com\/de\/keramik\/moerser-olivgrauer-tuerkis\/\" rel=\"noopener\" data-start=\"7165\" data-end=\"7198\">t\u00fcrkisgrauen Olivenm\u00f6rser<\/a> f\u00fcr einen harmonischen Tisch oder probieren Sie den Kontrast mit einer <a class=\"\" href=\"https:\/\/poterie-de-crestet.com\/de\/keramik\/tasse-nyons-red\/\" rel=\"noopener\" data-start=\"7263\" data-end=\"7283\">roten Nyons-Tasse<\/a>.<\/p>\n<hr class=\"\" data-start=\"7286\" data-end=\"7289\">\n","protected":false},"excerpt":{"rendered":"<p>Gro\u00dfes Mittagsbecher-Dekor olivgrau t\u00fcrkis. Handbemalte Keramik mit Untertasse. <br data-start=\"6227\" data-end=\"6230\"><strong data-start=\"6230\" data-end=\"6268\"><em data-start=\"6232\" data-end=\"6266\">Abmessungen: 13,2 \u00d7 17 \u00d7 11,2 cm<\/em><\/strong><\/p>\n","protected":false},"featured_media":8470,"comment_status":"open","ping_status":"closed","template":"","meta":[],"product_brand":[],"product_cat":[418,380],"product_tag":[192],"class_list":{"0":"post-22153","1":"product","2":"type-product","3":"status-publish","4":"has-post-thumbnail","6":"product_cat-fruhstucksschussel","7":"product_cat-pokalen","8":"product_tag-olivgrauer-turkis","10":"first","11":"instock","12":"taxable","13":"shipping-taxable","14":"purchasable","15":"product-type-simple"},"yoast_head":"<!-- This site is optimized with the Yoast SEO plugin v27.5 - https:\/\/yoast.com\/product\/yoast-seo-wordpress\/ -->\n<title>Mittagsbecher Olivgrauer T\u00fcrkis - Poterie de Crestet<\/title>\n<meta name=\"description\" content=\"Mittagsbecher mit olivgrauem T\u00fcrkis. Waschbare Keramik, handbemalt, mit Untertasse. Perfekt f\u00fcr Tee, Kaffee oder hei\u00dfe Schokolade.\" \/>\n<meta name=\"robots\" content=\"index, follow, max-snippet:-1, max-image-preview:large, max-video-preview:-1\" \/>\n<link rel=\"canonical\" href=\"https:\/\/poterie-de-crestet.com\/de\/keramik\/mittagsbecher-olivgrauer-tuerkis\/\" \/>\n<meta property=\"og:locale\" content=\"de_DE\" \/>\n<meta property=\"og:type\" content=\"article\" \/>\n<meta property=\"og:title\" content=\"Mittagsbecher Olivgrauer T\u00fcrkis - Poterie de Crestet\" \/>\n<meta property=\"og:description\" content=\"Mittagsbecher mit olivgrauem T\u00fcrkis. Waschbare Keramik, handbemalt, mit Untertasse. Perfekt f\u00fcr Tee, Kaffee oder hei\u00dfe Schokolade.\" \/>\n<meta property=\"og:url\" content=\"https:\/\/poterie-de-crestet.com\/de\/keramik\/mittagsbecher-olivgrauer-tuerkis\/\" \/>\n<meta property=\"og:site_name\" content=\"Poterie de Crestet\" \/>\n<meta property=\"og:image\" content=\"https:\/\/i0.wp.com\/poterie-de-crestet.com\/wp-content\/uploads\/2025\/04\/tasse-a-dejeuner-olive-gris-turquoise.jpg?fit=458%2C458&ssl=1\" \/>\n\t<meta property=\"og:image:width\" content=\"458\" \/>\n\t<meta property=\"og:image:height\" content=\"458\" \/>\n\t<meta property=\"og:image:type\" content=\"image\/jpeg\" \/>\n<meta name=\"twitter:card\" content=\"summary_large_image\" \/>\n<meta name=\"twitter:label1\" content=\"Gesch\u00e4tzte Lesezeit\" \/>\n\t<meta name=\"twitter:data1\" content=\"1\u00a0Minute\" \/>\n<script type=\"application\/ld+json\" class=\"yoast-schema-graph\">{\"@context\":\"https:\\\/\\\/schema.org\",\"@graph\":[{\"@type\":\"WebPage\",\"@id\":\"https:\\\/\\\/poterie-de-crestet.com\\\/de\\\/keramik\\\/mittagsbecher-olivgrauer-tuerkis\\\/\",\"url\":\"https:\\\/\\\/poterie-de-crestet.com\\\/de\\\/keramik\\\/mittagsbecher-olivgrauer-tuerkis\\\/\",\"name\":\"Mittagsbecher Olivgrauer T\u00fcrkis - Poterie de Crestet\",\"isPartOf\":{\"@id\":\"https:\\\/\\\/poterie-de-crestet.com\\\/de\\\/#website\"},\"primaryImageOfPage\":{\"@id\":\"https:\\\/\\\/poterie-de-crestet.com\\\/de\\\/keramik\\\/mittagsbecher-olivgrauer-tuerkis\\\/#primaryimage\"},\"image\":{\"@id\":\"https:\\\/\\\/poterie-de-crestet.com\\\/de\\\/keramik\\\/mittagsbecher-olivgrauer-tuerkis\\\/#primaryimage\"},\"thumbnailUrl\":\"https:\\\/\\\/i0.wp.com\\\/poterie-de-crestet.com\\\/wp-content\\\/uploads\\\/2025\\\/04\\\/tasse-a-dejeuner-olive-gris-turquoise.jpg?fit=458%2C458&ssl=1\",\"datePublished\":\"2025-04-11T10:14:09+00:00\",\"description\":\"Mittagsbecher mit olivgrauem T\u00fcrkis. Waschbare Keramik, handbemalt, mit Untertasse. Perfekt f\u00fcr Tee, Kaffee oder hei\u00dfe Schokolade.\",\"breadcrumb\":{\"@id\":\"https:\\\/\\\/poterie-de-crestet.com\\\/de\\\/keramik\\\/mittagsbecher-olivgrauer-tuerkis\\\/#breadcrumb\"},\"inLanguage\":\"de\",\"potentialAction\":[{\"@type\":\"ReadAction\",\"target\":[\"https:\\\/\\\/poterie-de-crestet.com\\\/de\\\/keramik\\\/mittagsbecher-olivgrauer-tuerkis\\\/\"]}]},{\"@type\":\"ImageObject\",\"inLanguage\":\"de\",\"@id\":\"https:\\\/\\\/poterie-de-crestet.com\\\/de\\\/keramik\\\/mittagsbecher-olivgrauer-tuerkis\\\/#primaryimage\",\"url\":\"https:\\\/\\\/i0.wp.com\\\/poterie-de-crestet.com\\\/wp-content\\\/uploads\\\/2025\\\/04\\\/tasse-a-dejeuner-olive-gris-turquoise.jpg?fit=458%2C458&ssl=1\",\"contentUrl\":\"https:\\\/\\\/i0.wp.com\\\/poterie-de-crestet.com\\\/wp-content\\\/uploads\\\/2025\\\/04\\\/tasse-a-dejeuner-olive-gris-turquoise.jpg?fit=458%2C458&ssl=1\",\"width\":458,\"height\":458,\"caption\":\"Lunchbecher Olivgrau T\u00fcrkis\"},{\"@type\":\"BreadcrumbList\",\"@id\":\"https:\\\/\\\/poterie-de-crestet.com\\\/de\\\/keramik\\\/mittagsbecher-olivgrauer-tuerkis\\\/#breadcrumb\",\"itemListElement\":[{\"@type\":\"ListItem\",\"position\":1,\"name\":\"Accueil\",\"item\":\"https:\\\/\\\/poterie-de-crestet.com\\\/de\\\/accueil\\\/\"},{\"@type\":\"ListItem\",\"position\":2,\"name\":\"Boutique\",\"item\":\"https:\\\/\\\/poterie-de-crestet.com\\\/ceramiques\\\/\"},{\"@type\":\"ListItem\",\"position\":3,\"name\":\"Mittagsbecher Olivgrauer T\u00fcrkis\"}]},{\"@type\":\"WebSite\",\"@id\":\"https:\\\/\\\/poterie-de-crestet.com\\\/de\\\/#website\",\"url\":\"https:\\\/\\\/poterie-de-crestet.com\\\/de\\\/\",\"name\":\"Poterie de Crestet\",\"description\":\"Des milliers de poteries inpir\u00e9es de la Provence\",\"publisher\":{\"@id\":\"https:\\\/\\\/poterie-de-crestet.com\\\/de\\\/#organization\"},\"potentialAction\":[{\"@type\":\"SearchAction\",\"target\":{\"@type\":\"EntryPoint\",\"urlTemplate\":\"https:\\\/\\\/poterie-de-crestet.com\\\/de\\\/?s={search_term_string}\"},\"query-input\":{\"@type\":\"PropertyValueSpecification\",\"valueRequired\":true,\"valueName\":\"search_term_string\"}}],\"inLanguage\":\"de\"},{\"@type\":\"Organization\",\"@id\":\"https:\\\/\\\/poterie-de-crestet.com\\\/de\\\/#organization\",\"name\":\"Poterie de Crestet\",\"url\":\"https:\\\/\\\/poterie-de-crestet.com\\\/de\\\/\",\"logo\":{\"@type\":\"ImageObject\",\"inLanguage\":\"de\",\"@id\":\"https:\\\/\\\/poterie-de-crestet.com\\\/de\\\/#\\\/schema\\\/logo\\\/image\\\/\",\"url\":\"https:\\\/\\\/i0.wp.com\\\/poterie-de-crestet.com\\\/wp-content\\\/uploads\\\/2025\\\/03\\\/Propo-4.png?fit=1000%2C462&ssl=1\",\"contentUrl\":\"https:\\\/\\\/i0.wp.com\\\/poterie-de-crestet.com\\\/wp-content\\\/uploads\\\/2025\\\/03\\\/Propo-4.png?fit=1000%2C462&ssl=1\",\"width\":1000,\"height\":462,\"caption\":\"Poterie de Crestet\"},\"image\":{\"@id\":\"https:\\\/\\\/poterie-de-crestet.com\\\/de\\\/#\\\/schema\\\/logo\\\/image\\\/\"}}]}<\/script>\n<!-- \/ Yoast SEO plugin. -->","yoast_head_json":{"title":"Mittagsbecher Olivgrauer T\u00fcrkis - Poterie de Crestet","description":"Mittagsbecher mit olivgrauem T\u00fcrkis. Waschbare Keramik, handbemalt, mit Untertasse. Perfekt f\u00fcr Tee, Kaffee oder hei\u00dfe Schokolade.","robots":{"index":"index","follow":"follow","max-snippet":"max-snippet:-1","max-image-preview":"max-image-preview:large","max-video-preview":"max-video-preview:-1"},"canonical":"https:\/\/poterie-de-crestet.com\/de\/keramik\/mittagsbecher-olivgrauer-tuerkis\/","og_locale":"de_DE","og_type":"article","og_title":"Mittagsbecher Olivgrauer T\u00fcrkis - Poterie de Crestet","og_description":"Mittagsbecher mit olivgrauem T\u00fcrkis. Waschbare Keramik, handbemalt, mit Untertasse. Perfekt f\u00fcr Tee, Kaffee oder hei\u00dfe Schokolade.","og_url":"https:\/\/poterie-de-crestet.com\/de\/keramik\/mittagsbecher-olivgrauer-tuerkis\/","og_site_name":"Poterie de Crestet","og_image":[{"width":458,"height":458,"url":"https:\/\/i0.wp.com\/poterie-de-crestet.com\/wp-content\/uploads\/2025\/04\/tasse-a-dejeuner-olive-gris-turquoise.jpg?fit=458%2C458&ssl=1","type":"image\/jpeg"}],"twitter_card":"summary_large_image","twitter_misc":{"Gesch\u00e4tzte Lesezeit":"1\u00a0Minute"},"schema":{"@context":"https:\/\/schema.org","@graph":[{"@type":"WebPage","@id":"https:\/\/poterie-de-crestet.com\/de\/keramik\/mittagsbecher-olivgrauer-tuerkis\/","url":"https:\/\/poterie-de-crestet.com\/de\/keramik\/mittagsbecher-olivgrauer-tuerkis\/","name":"Mittagsbecher Olivgrauer T\u00fcrkis - Poterie de Crestet","isPartOf":{"@id":"https:\/\/poterie-de-crestet.com\/de\/#website"},"primaryImageOfPage":{"@id":"https:\/\/poterie-de-crestet.com\/de\/keramik\/mittagsbecher-olivgrauer-tuerkis\/#primaryimage"},"image":{"@id":"https:\/\/poterie-de-crestet.com\/de\/keramik\/mittagsbecher-olivgrauer-tuerkis\/#primaryimage"},"thumbnailUrl":"https:\/\/i0.wp.com\/poterie-de-crestet.com\/wp-content\/uploads\/2025\/04\/tasse-a-dejeuner-olive-gris-turquoise.jpg?fit=458%2C458&ssl=1","datePublished":"2025-04-11T10:14:09+00:00","description":"Mittagsbecher mit olivgrauem T\u00fcrkis. Waschbare Keramik, handbemalt, mit Untertasse. Perfekt f\u00fcr Tee, Kaffee oder hei\u00dfe Schokolade.","breadcrumb":{"@id":"https:\/\/poterie-de-crestet.com\/de\/keramik\/mittagsbecher-olivgrauer-tuerkis\/#breadcrumb"},"inLanguage":"de","potentialAction":[{"@type":"ReadAction","target":["https:\/\/poterie-de-crestet.com\/de\/keramik\/mittagsbecher-olivgrauer-tuerkis\/"]}]},{"@type":"ImageObject","inLanguage":"de","@id":"https:\/\/poterie-de-crestet.com\/de\/keramik\/mittagsbecher-olivgrauer-tuerkis\/#primaryimage","url":"https:\/\/i0.wp.com\/poterie-de-crestet.com\/wp-content\/uploads\/2025\/04\/tasse-a-dejeuner-olive-gris-turquoise.jpg?fit=458%2C458&ssl=1","contentUrl":"https:\/\/i0.wp.com\/poterie-de-crestet.com\/wp-content\/uploads\/2025\/04\/tasse-a-dejeuner-olive-gris-turquoise.jpg?fit=458%2C458&ssl=1","width":458,"height":458,"caption":"Lunchbecher Olivgrau T\u00fcrkis"},{"@type":"BreadcrumbList","@id":"https:\/\/poterie-de-crestet.com\/de\/keramik\/mittagsbecher-olivgrauer-tuerkis\/#breadcrumb","itemListElement":[{"@type":"ListItem","position":1,"name":"Accueil","item":"https:\/\/poterie-de-crestet.com\/de\/accueil\/"},{"@type":"ListItem","position":2,"name":"Boutique","item":"https:\/\/poterie-de-crestet.com\/ceramiques\/"},{"@type":"ListItem","position":3,"name":"Mittagsbecher Olivgrauer T\u00fcrkis"}]},{"@type":"WebSite","@id":"https:\/\/poterie-de-crestet.com\/de\/#website","url":"https:\/\/poterie-de-crestet.com\/de\/","name":"Poterie de Crestet","description":"Des milliers de poteries inpir\u00e9es de la Provence","publisher":{"@id":"https:\/\/poterie-de-crestet.com\/de\/#organization"},"potentialAction":[{"@type":"SearchAction","target":{"@type":"EntryPoint","urlTemplate":"https:\/\/poterie-de-crestet.com\/de\/?s={search_term_string}"},"query-input":{"@type":"PropertyValueSpecification","valueRequired":true,"valueName":"search_term_string"}}],"inLanguage":"de"},{"@type":"Organization","@id":"https:\/\/poterie-de-crestet.com\/de\/#organization","name":"Poterie de Crestet","url":"https:\/\/poterie-de-crestet.com\/de\/","logo":{"@type":"ImageObject","inLanguage":"de","@id":"https:\/\/poterie-de-crestet.com\/de\/#\/schema\/logo\/image\/","url":"https:\/\/i0.wp.com\/poterie-de-crestet.com\/wp-content\/uploads\/2025\/03\/Propo-4.png?fit=1000%2C462&ssl=1","contentUrl":"https:\/\/i0.wp.com\/poterie-de-crestet.com\/wp-content\/uploads\/2025\/03\/Propo-4.png?fit=1000%2C462&ssl=1","width":1000,"height":462,"caption":"Poterie de Crestet"},"image":{"@id":"https:\/\/poterie-de-crestet.com\/de\/#\/schema\/logo\/image\/"}}]}},"jetpack_sharing_enabled":true,"_links":{"self":[{"href":"https:\/\/poterie-de-crestet.com\/de\/wp-json\/wp\/v2\/product\/22153","targetHints":{"allow":["GET"]}}],"collection":[{"href":"https:\/\/poterie-de-crestet.com\/de\/wp-json\/wp\/v2\/product"}],"about":[{"href":"https:\/\/poterie-de-crestet.com\/de\/wp-json\/wp\/v2\/types\/product"}],"replies":[{"embeddable":true,"href":"https:\/\/poterie-de-crestet.com\/de\/wp-json\/wp\/v2\/comments?post=22153"}],"version-history":[{"count":0,"href":"https:\/\/poterie-de-crestet.com\/de\/wp-json\/wp\/v2\/product\/22153\/revisions"}],"wp:featuredmedia":[{"embeddable":true,"href":"https:\/\/poterie-de-crestet.com\/de\/wp-json\/wp\/v2\/media\/8470"}],"wp:attachment":[{"href":"https:\/\/poterie-de-crestet.com\/de\/wp-json\/wp\/v2\/media?parent=22153"}],"wp:term":[{"taxonomy":"product_brand","embeddable":true,"href":"https:\/\/poterie-de-crestet.com\/de\/wp-json\/wp\/v2\/product_brand?post=22153"},{"taxonomy":"product_cat","embeddable":true,"href":"https:\/\/poterie-de-crestet.com\/de\/wp-json\/wp\/v2\/product_cat?post=22153"},{"taxonomy":"product_tag","embeddable":true,"href":"https:\/\/poterie-de-crestet.com\/de\/wp-json\/wp\/v2\/product_tag?post=22153"}],"curies":[{"name":"wp","href":"https:\/\/api.w.org\/{rel}","templated":true}]}}