{"id":22148,"date":"2025-04-11T12:14:08","date_gmt":"2025-04-11T10:14:08","guid":{"rendered":"https:\/\/poterie-de-crestet.com\/ceramiques\/kaffeetasse-zitrone\/"},"modified":"2025-04-11T12:14:08","modified_gmt":"2025-04-11T10:14:08","slug":"kaffeetasse-zitrone","status":"publish","type":"product","link":"https:\/\/poterie-de-crestet.com\/de\/keramik\/kaffeetasse-zitrone\/","title":{"rendered":"Kaffeetasse  <h5>Zitrone<\/h5>"},"content":{"rendered":"<p class=\"\" data-start=\"4922\" data-end=\"5160\"><strong data-start=\"4922\" data-end=\"4966\">Ein Hauch guter Laune beim Kaffee<\/strong><br data-start=\"4966\" data-end=\"4969\">Die henkellose Kaffeetasse mit Zitronendekoration bringt Frische und Sonnenschein vom ersten Schluck an. Es ist ideal f\u00fcr einen gut gepackten Espresso oder einen l\u00e4ngeren Filterkaffee, je nach Tagesstimmung. <\/p>\n<p class=\"\" data-start=\"5162\" data-end=\"5379\"><strong data-start=\"5162\" data-end=\"5197\">Funktional und unkompliziert<\/strong><br data-start=\"5197\" data-end=\"5200\">Seine konische Form passt gut in die Hand. Es ist sp\u00fclmaschinenfest, mikrowellenf\u00e4hig und lebensmittelfest. Das Fehlen eines Griffs macht es kompakt und leicht zu verstauen.  <\/p>\n<p class=\"\" data-start=\"5381\" data-end=\"5611\"><strong data-start=\"5381\" data-end=\"5419\">Ein handbemaltes, leuchtendes Dekor<\/strong><br data-start=\"5419\" data-end=\"5422\">Zitronen und gr\u00fcnes Laub werden von Hand aufgetragen, mit Variationen, die jede Tasse einzigartig machen. Es ist die Art von Objekt, die einen sofort in gute Laune versetzt. <\/p>\n<p class=\"\" data-start=\"5613\" data-end=\"5786\"><strong data-start=\"5613\" data-end=\"5643\">Ein multifunktionaler Container<\/strong><br data-start=\"5643\" data-end=\"5646\">Sie kann auch als kleiner Beh\u00e4lter f\u00fcr eine hausgemachte So\u00dfe, eine Zitronenvinaigrette oder eine Panna Cotta in einer Einzelversion verwendet werden.<\/p>\n<p class=\"\" data-start=\"5788\" data-end=\"5959\"><strong data-start=\"5788\" data-end=\"5824\">Kombinationen voller Schwung<\/strong><br data-start=\"5824\" data-end=\"5827\">Kombinieren Sie es mit dem <a class=\"\" href=\"https:\/\/poterie-de-crestet.com\/de\/keramik\/mittagsbecher-zitrone\/\" rel=\"noopener\" data-start=\"5846\" data-end=\"5874\">Zitronen-Fr\u00fchst\u00fccksbecher<\/a> f\u00fcr ein komplettes Fr\u00fchst\u00fcck oder mit einem <a class=\"\" href=\"https:\/\/poterie-de-crestet.com\/de\/keramik\/egg-holder-6-tropisch\/\" rel=\"noopener\" data-start=\"5913\" data-end=\"5937\">tropischen Eierhalter<\/a> f\u00fcr eine vitaminreiche Mischung.<\/p>\n","protected":false},"excerpt":{"rendered":"<p>Tasse ohne Griff mit Zitronendekoration. Perfekte Gr\u00f6\u00dfe f\u00fcr Espresso oder Filterkaffee und kleine Beilagen. <br data-start=\"4862\" data-end=\"4865\"><strong data-start=\"4865\" data-end=\"4896\"><em data-start=\"4867\" data-end=\"4894\">Abmessungen: 7,5 \u00d7 7,5 cm<\/em><\/strong><\/p>\n","protected":false},"featured_media":8434,"comment_status":"open","ping_status":"closed","template":"","meta":[],"product_brand":[],"product_cat":[380],"product_tag":[313],"class_list":{"0":"post-22148","1":"product","2":"type-product","3":"status-publish","4":"has-post-thumbnail","6":"product_cat-pokalen","7":"product_tag-zitrone","9":"first","10":"instock","11":"taxable","12":"shipping-taxable","13":"purchasable","14":"product-type-simple"},"yoast_head":"<!-- This site is optimized with the Yoast SEO plugin v27.5 - https:\/\/yoast.com\/product\/yoast-seo-wordpress\/ -->\n<title>Kaffeetasse Zitrone - Poterie de Crestet<\/title>\n<meta name=\"description\" content=\"Kaffeetasse ohne Griff mit Zitronendekoration. Handbemalt, waschbar, perfekt f\u00fcr Espresso oder Zitronensauce. Kompakt- und Solarformat.\" \/>\n<meta name=\"robots\" content=\"index, follow, max-snippet:-1, max-image-preview:large, max-video-preview:-1\" \/>\n<link rel=\"canonical\" href=\"https:\/\/poterie-de-crestet.com\/de\/keramik\/kaffeetasse-zitrone\/\" \/>\n<meta property=\"og:locale\" content=\"de_DE\" \/>\n<meta property=\"og:type\" content=\"article\" \/>\n<meta property=\"og:title\" content=\"Kaffeetasse Zitrone - Poterie de Crestet\" \/>\n<meta property=\"og:description\" content=\"Kaffeetasse ohne Griff mit Zitronendekoration. Handbemalt, waschbar, perfekt f\u00fcr Espresso oder Zitronensauce. Kompakt- und Solarformat.\" \/>\n<meta property=\"og:url\" content=\"https:\/\/poterie-de-crestet.com\/de\/keramik\/kaffeetasse-zitrone\/\" \/>\n<meta property=\"og:site_name\" content=\"Poterie de Crestet\" \/>\n<meta property=\"og:image\" content=\"https:\/\/i0.wp.com\/poterie-de-crestet.com\/wp-content\/uploads\/2025\/04\/Poterie-du-Crestet0921.jpg?fit=800%2C532&ssl=1\" \/>\n\t<meta property=\"og:image:width\" content=\"800\" \/>\n\t<meta property=\"og:image:height\" content=\"532\" \/>\n\t<meta property=\"og:image:type\" content=\"image\/jpeg\" \/>\n<meta name=\"twitter:card\" content=\"summary_large_image\" \/>\n<meta name=\"twitter:label1\" content=\"Gesch\u00e4tzte Lesezeit\" \/>\n\t<meta name=\"twitter:data1\" content=\"1\u00a0Minute\" \/>\n<script type=\"application\/ld+json\" class=\"yoast-schema-graph\">{\"@context\":\"https:\\\/\\\/schema.org\",\"@graph\":[{\"@type\":\"WebPage\",\"@id\":\"https:\\\/\\\/poterie-de-crestet.com\\\/de\\\/keramik\\\/kaffeetasse-zitrone\\\/\",\"url\":\"https:\\\/\\\/poterie-de-crestet.com\\\/de\\\/keramik\\\/kaffeetasse-zitrone\\\/\",\"name\":\"Kaffeetasse Zitrone - Poterie de Crestet\",\"isPartOf\":{\"@id\":\"https:\\\/\\\/poterie-de-crestet.com\\\/de\\\/#website\"},\"primaryImageOfPage\":{\"@id\":\"https:\\\/\\\/poterie-de-crestet.com\\\/de\\\/keramik\\\/kaffeetasse-zitrone\\\/#primaryimage\"},\"image\":{\"@id\":\"https:\\\/\\\/poterie-de-crestet.com\\\/de\\\/keramik\\\/kaffeetasse-zitrone\\\/#primaryimage\"},\"thumbnailUrl\":\"https:\\\/\\\/i0.wp.com\\\/poterie-de-crestet.com\\\/wp-content\\\/uploads\\\/2025\\\/04\\\/Poterie-du-Crestet0921.jpg?fit=800%2C532&ssl=1\",\"datePublished\":\"2025-04-11T10:14:08+00:00\",\"description\":\"Kaffeetasse ohne Griff mit Zitronendekoration. Handbemalt, waschbar, perfekt f\u00fcr Espresso oder Zitronensauce. Kompakt- und Solarformat.\",\"breadcrumb\":{\"@id\":\"https:\\\/\\\/poterie-de-crestet.com\\\/de\\\/keramik\\\/kaffeetasse-zitrone\\\/#breadcrumb\"},\"inLanguage\":\"de\",\"potentialAction\":[{\"@type\":\"ReadAction\",\"target\":[\"https:\\\/\\\/poterie-de-crestet.com\\\/de\\\/keramik\\\/kaffeetasse-zitrone\\\/\"]}]},{\"@type\":\"ImageObject\",\"inLanguage\":\"de\",\"@id\":\"https:\\\/\\\/poterie-de-crestet.com\\\/de\\\/keramik\\\/kaffeetasse-zitrone\\\/#primaryimage\",\"url\":\"https:\\\/\\\/i0.wp.com\\\/poterie-de-crestet.com\\\/wp-content\\\/uploads\\\/2025\\\/04\\\/Poterie-du-Crestet0921.jpg?fit=800%2C532&ssl=1\",\"contentUrl\":\"https:\\\/\\\/i0.wp.com\\\/poterie-de-crestet.com\\\/wp-content\\\/uploads\\\/2025\\\/04\\\/Poterie-du-Crestet0921.jpg?fit=800%2C532&ssl=1\",\"width\":800,\"height\":532,\"caption\":\"Kaffeetasse ohne Griff Zitrone\"},{\"@type\":\"BreadcrumbList\",\"@id\":\"https:\\\/\\\/poterie-de-crestet.com\\\/de\\\/keramik\\\/kaffeetasse-zitrone\\\/#breadcrumb\",\"itemListElement\":[{\"@type\":\"ListItem\",\"position\":1,\"name\":\"Accueil\",\"item\":\"https:\\\/\\\/poterie-de-crestet.com\\\/de\\\/accueil\\\/\"},{\"@type\":\"ListItem\",\"position\":2,\"name\":\"Boutique\",\"item\":\"https:\\\/\\\/poterie-de-crestet.com\\\/ceramiques\\\/\"},{\"@type\":\"ListItem\",\"position\":3,\"name\":\"Kaffeetasse Zitrone\"}]},{\"@type\":\"WebSite\",\"@id\":\"https:\\\/\\\/poterie-de-crestet.com\\\/de\\\/#website\",\"url\":\"https:\\\/\\\/poterie-de-crestet.com\\\/de\\\/\",\"name\":\"Poterie de Crestet\",\"description\":\"Des milliers de poteries inpir\u00e9es de la Provence\",\"publisher\":{\"@id\":\"https:\\\/\\\/poterie-de-crestet.com\\\/de\\\/#organization\"},\"potentialAction\":[{\"@type\":\"SearchAction\",\"target\":{\"@type\":\"EntryPoint\",\"urlTemplate\":\"https:\\\/\\\/poterie-de-crestet.com\\\/de\\\/?s={search_term_string}\"},\"query-input\":{\"@type\":\"PropertyValueSpecification\",\"valueRequired\":true,\"valueName\":\"search_term_string\"}}],\"inLanguage\":\"de\"},{\"@type\":\"Organization\",\"@id\":\"https:\\\/\\\/poterie-de-crestet.com\\\/de\\\/#organization\",\"name\":\"Poterie de Crestet\",\"url\":\"https:\\\/\\\/poterie-de-crestet.com\\\/de\\\/\",\"logo\":{\"@type\":\"ImageObject\",\"inLanguage\":\"de\",\"@id\":\"https:\\\/\\\/poterie-de-crestet.com\\\/de\\\/#\\\/schema\\\/logo\\\/image\\\/\",\"url\":\"https:\\\/\\\/i0.wp.com\\\/poterie-de-crestet.com\\\/wp-content\\\/uploads\\\/2025\\\/03\\\/Propo-4.png?fit=1000%2C462&ssl=1\",\"contentUrl\":\"https:\\\/\\\/i0.wp.com\\\/poterie-de-crestet.com\\\/wp-content\\\/uploads\\\/2025\\\/03\\\/Propo-4.png?fit=1000%2C462&ssl=1\",\"width\":1000,\"height\":462,\"caption\":\"Poterie de Crestet\"},\"image\":{\"@id\":\"https:\\\/\\\/poterie-de-crestet.com\\\/de\\\/#\\\/schema\\\/logo\\\/image\\\/\"}}]}<\/script>\n<!-- \/ Yoast SEO plugin. -->","yoast_head_json":{"title":"Kaffeetasse Zitrone - Poterie de Crestet","description":"Kaffeetasse ohne Griff mit Zitronendekoration. Handbemalt, waschbar, perfekt f\u00fcr Espresso oder Zitronensauce. Kompakt- und Solarformat.","robots":{"index":"index","follow":"follow","max-snippet":"max-snippet:-1","max-image-preview":"max-image-preview:large","max-video-preview":"max-video-preview:-1"},"canonical":"https:\/\/poterie-de-crestet.com\/de\/keramik\/kaffeetasse-zitrone\/","og_locale":"de_DE","og_type":"article","og_title":"Kaffeetasse Zitrone - Poterie de Crestet","og_description":"Kaffeetasse ohne Griff mit Zitronendekoration. Handbemalt, waschbar, perfekt f\u00fcr Espresso oder Zitronensauce. Kompakt- und Solarformat.","og_url":"https:\/\/poterie-de-crestet.com\/de\/keramik\/kaffeetasse-zitrone\/","og_site_name":"Poterie de Crestet","og_image":[{"width":800,"height":532,"url":"https:\/\/i0.wp.com\/poterie-de-crestet.com\/wp-content\/uploads\/2025\/04\/Poterie-du-Crestet0921.jpg?fit=800%2C532&ssl=1","type":"image\/jpeg"}],"twitter_card":"summary_large_image","twitter_misc":{"Gesch\u00e4tzte Lesezeit":"1\u00a0Minute"},"schema":{"@context":"https:\/\/schema.org","@graph":[{"@type":"WebPage","@id":"https:\/\/poterie-de-crestet.com\/de\/keramik\/kaffeetasse-zitrone\/","url":"https:\/\/poterie-de-crestet.com\/de\/keramik\/kaffeetasse-zitrone\/","name":"Kaffeetasse Zitrone - Poterie de Crestet","isPartOf":{"@id":"https:\/\/poterie-de-crestet.com\/de\/#website"},"primaryImageOfPage":{"@id":"https:\/\/poterie-de-crestet.com\/de\/keramik\/kaffeetasse-zitrone\/#primaryimage"},"image":{"@id":"https:\/\/poterie-de-crestet.com\/de\/keramik\/kaffeetasse-zitrone\/#primaryimage"},"thumbnailUrl":"https:\/\/i0.wp.com\/poterie-de-crestet.com\/wp-content\/uploads\/2025\/04\/Poterie-du-Crestet0921.jpg?fit=800%2C532&ssl=1","datePublished":"2025-04-11T10:14:08+00:00","description":"Kaffeetasse ohne Griff mit Zitronendekoration. Handbemalt, waschbar, perfekt f\u00fcr Espresso oder Zitronensauce. Kompakt- und Solarformat.","breadcrumb":{"@id":"https:\/\/poterie-de-crestet.com\/de\/keramik\/kaffeetasse-zitrone\/#breadcrumb"},"inLanguage":"de","potentialAction":[{"@type":"ReadAction","target":["https:\/\/poterie-de-crestet.com\/de\/keramik\/kaffeetasse-zitrone\/"]}]},{"@type":"ImageObject","inLanguage":"de","@id":"https:\/\/poterie-de-crestet.com\/de\/keramik\/kaffeetasse-zitrone\/#primaryimage","url":"https:\/\/i0.wp.com\/poterie-de-crestet.com\/wp-content\/uploads\/2025\/04\/Poterie-du-Crestet0921.jpg?fit=800%2C532&ssl=1","contentUrl":"https:\/\/i0.wp.com\/poterie-de-crestet.com\/wp-content\/uploads\/2025\/04\/Poterie-du-Crestet0921.jpg?fit=800%2C532&ssl=1","width":800,"height":532,"caption":"Kaffeetasse ohne Griff Zitrone"},{"@type":"BreadcrumbList","@id":"https:\/\/poterie-de-crestet.com\/de\/keramik\/kaffeetasse-zitrone\/#breadcrumb","itemListElement":[{"@type":"ListItem","position":1,"name":"Accueil","item":"https:\/\/poterie-de-crestet.com\/de\/accueil\/"},{"@type":"ListItem","position":2,"name":"Boutique","item":"https:\/\/poterie-de-crestet.com\/ceramiques\/"},{"@type":"ListItem","position":3,"name":"Kaffeetasse Zitrone"}]},{"@type":"WebSite","@id":"https:\/\/poterie-de-crestet.com\/de\/#website","url":"https:\/\/poterie-de-crestet.com\/de\/","name":"Poterie de Crestet","description":"Des milliers de poteries inpir\u00e9es de la Provence","publisher":{"@id":"https:\/\/poterie-de-crestet.com\/de\/#organization"},"potentialAction":[{"@type":"SearchAction","target":{"@type":"EntryPoint","urlTemplate":"https:\/\/poterie-de-crestet.com\/de\/?s={search_term_string}"},"query-input":{"@type":"PropertyValueSpecification","valueRequired":true,"valueName":"search_term_string"}}],"inLanguage":"de"},{"@type":"Organization","@id":"https:\/\/poterie-de-crestet.com\/de\/#organization","name":"Poterie de Crestet","url":"https:\/\/poterie-de-crestet.com\/de\/","logo":{"@type":"ImageObject","inLanguage":"de","@id":"https:\/\/poterie-de-crestet.com\/de\/#\/schema\/logo\/image\/","url":"https:\/\/i0.wp.com\/poterie-de-crestet.com\/wp-content\/uploads\/2025\/03\/Propo-4.png?fit=1000%2C462&ssl=1","contentUrl":"https:\/\/i0.wp.com\/poterie-de-crestet.com\/wp-content\/uploads\/2025\/03\/Propo-4.png?fit=1000%2C462&ssl=1","width":1000,"height":462,"caption":"Poterie de Crestet"},"image":{"@id":"https:\/\/poterie-de-crestet.com\/de\/#\/schema\/logo\/image\/"}}]}},"jetpack_sharing_enabled":true,"_links":{"self":[{"href":"https:\/\/poterie-de-crestet.com\/de\/wp-json\/wp\/v2\/product\/22148","targetHints":{"allow":["GET"]}}],"collection":[{"href":"https:\/\/poterie-de-crestet.com\/de\/wp-json\/wp\/v2\/product"}],"about":[{"href":"https:\/\/poterie-de-crestet.com\/de\/wp-json\/wp\/v2\/types\/product"}],"replies":[{"embeddable":true,"href":"https:\/\/poterie-de-crestet.com\/de\/wp-json\/wp\/v2\/comments?post=22148"}],"version-history":[{"count":0,"href":"https:\/\/poterie-de-crestet.com\/de\/wp-json\/wp\/v2\/product\/22148\/revisions"}],"wp:featuredmedia":[{"embeddable":true,"href":"https:\/\/poterie-de-crestet.com\/de\/wp-json\/wp\/v2\/media\/8434"}],"wp:attachment":[{"href":"https:\/\/poterie-de-crestet.com\/de\/wp-json\/wp\/v2\/media?parent=22148"}],"wp:term":[{"taxonomy":"product_brand","embeddable":true,"href":"https:\/\/poterie-de-crestet.com\/de\/wp-json\/wp\/v2\/product_brand?post=22148"},{"taxonomy":"product_cat","embeddable":true,"href":"https:\/\/poterie-de-crestet.com\/de\/wp-json\/wp\/v2\/product_cat?post=22148"},{"taxonomy":"product_tag","embeddable":true,"href":"https:\/\/poterie-de-crestet.com\/de\/wp-json\/wp\/v2\/product_tag?post=22148"}],"curies":[{"name":"wp","href":"https:\/\/api.w.org\/{rel}","templated":true}]}}