{"id":22144,"date":"2025-04-11T12:14:08","date_gmt":"2025-04-11T10:14:08","guid":{"rendered":"https:\/\/poterie-de-crestet.com\/ceramiques\/kaffeetasse-roter-platz\/"},"modified":"2025-04-11T12:14:08","modified_gmt":"2025-04-11T10:14:08","slug":"kaffeetasse-roter-platz","status":"publish","type":"product","link":"https:\/\/poterie-de-crestet.com\/de\/keramik\/kaffeetasse-roter-platz\/","title":{"rendered":"Kaffeetasse  <h5>Roter Platz<\/h5>"},"content":{"rendered":"<p class=\"\" data-start=\"3478\" data-end=\"3721\"><strong data-start=\"3478\" data-end=\"3511\">Ein kleines Format mit Pep<\/strong><br data-start=\"3511\" data-end=\"3514\">Diese henkellose Kaffeetasse mit roter quadratischer Dekoration ist perfekt f\u00fcr belebende Erweckungen oder stilvolle Enden einer Mahlzeit. Er eignet sich sowohl f\u00fcr einen vollmundigen Espresso als auch f\u00fcr einen milderen Kaffee, der langsam genossen werden kann. <\/p>\n<p class=\"\" data-start=\"3723\" data-end=\"3948\"><strong data-start=\"3723\" data-end=\"3755\">Eine t\u00e4gliche Geste, leicht gemacht<\/strong><br data-start=\"3755\" data-end=\"3758\">Der fehlende Griff macht es leicht, ihn mit beiden H\u00e4nden zu greifen. Er ist sp\u00fclmaschinenfest, mikrowellenf\u00e4hig und ideal f\u00fcr Menschen, die einfache und funktionale Gegenst\u00e4nde m\u00f6gen. <\/p>\n<p class=\"\" data-start=\"3950\" data-end=\"4149\"><strong data-start=\"3950\" data-end=\"3993\">Auff\u00e4llige grafische Dekoration<\/strong><br data-start=\"3993\" data-end=\"3996\">Das handgemalte rote Muster verleiht dem Tisch sofortige Energie. Jeder Platz ist einzigartig, mit feinen Unregelm\u00e4\u00dfigkeiten, die typisch f\u00fcr das handwerkliche Handwerk sind. <\/p>\n<p class=\"\" data-start=\"4151\" data-end=\"4352\"><strong data-start=\"4151\" data-end=\"4190\">Ein Format, das nach Belieben umgeleitet werden kann<\/strong><br data-start=\"4190\" data-end=\"4193\">Sie k\u00f6nnen es als Beh\u00e4lter f\u00fcr eine Schokoladenmousse, eine Pestosauce oder eine Zitronenquark verwenden. Eine perfekte Gr\u00f6\u00dfe f\u00fcr den Plattenservice. <\/p>\n<p class=\"\" data-start=\"4354\" data-end=\"4523\"><strong data-start=\"4354\" data-end=\"4382\">Ohne M\u00e4\u00dfigung zu kombinieren<\/strong><br data-start=\"4382\" data-end=\"4385\">Komplett mit der <a class=\"\" href=\"https:\/\/poterie-de-crestet.com\/de\/keramik\/kuchenform-roter-platz\/\" rel=\"noopener\" data-start=\"4403\" data-end=\"4429\">Red Square Cake Dish<\/a> oder kombinieren Sie sie mit einem <a class=\"\" href=\"https:\/\/poterie-de-crestet.com\/de\/keramik\/mittagsbecher-blaugrauer-streifen\/\" rel=\"noopener\" data-start=\"4452\" data-end=\"4488\">Blue-Grey Striped Breakfast Cup<\/a> f\u00fcr ein elegantes Kontrastspiel.<\/p>\n","protected":false},"excerpt":{"rendered":"<p>Keramikbecher ohne Griff mit rotem quadratischer Dekoration. Perfekt f\u00fcr Espresso, hausgemachte So\u00dfe oder Minute Dessert. <br data-start=\"3418\" data-end=\"3421\"><strong data-start=\"3421\" data-end=\"3452\"><em data-start=\"3423\" data-end=\"3450\">Abmessungen: 7,5 \u00d7 7,5 cm<\/em><\/strong><\/p>\n","protected":false},"featured_media":8394,"comment_status":"open","ping_status":"closed","template":"","meta":[],"product_brand":[],"product_cat":[380],"product_tag":[200],"class_list":{"0":"post-22144","1":"product","2":"type-product","3":"status-publish","4":"has-post-thumbnail","6":"product_cat-pokalen","7":"product_tag-roter-platz","9":"first","10":"instock","11":"taxable","12":"shipping-taxable","13":"purchasable","14":"product-type-simple"},"yoast_head":"<!-- This site is optimized with the Yoast SEO plugin v27.5 - https:\/\/yoast.com\/product\/yoast-seo-wordpress\/ -->\n<title>Kaffeetasse Roter Platz - Poterie de Crestet<\/title>\n<meta name=\"description\" content=\"Kaffeetasse ohne Griff mit rotem Quadrat. Handdekorierte, waschbare Keramiken in idealer Gr\u00f6\u00dfe f\u00fcr Kaffee oder Verrine.\" \/>\n<meta name=\"robots\" content=\"index, follow, max-snippet:-1, max-image-preview:large, max-video-preview:-1\" \/>\n<link rel=\"canonical\" href=\"https:\/\/poterie-de-crestet.com\/de\/keramik\/kaffeetasse-roter-platz\/\" \/>\n<meta property=\"og:locale\" content=\"de_DE\" \/>\n<meta property=\"og:type\" content=\"article\" \/>\n<meta property=\"og:title\" content=\"Kaffeetasse Roter Platz - Poterie de Crestet\" \/>\n<meta property=\"og:description\" content=\"Kaffeetasse ohne Griff mit rotem Quadrat. Handdekorierte, waschbare Keramiken in idealer Gr\u00f6\u00dfe f\u00fcr Kaffee oder Verrine.\" \/>\n<meta property=\"og:url\" content=\"https:\/\/poterie-de-crestet.com\/de\/keramik\/kaffeetasse-roter-platz\/\" \/>\n<meta property=\"og:site_name\" content=\"Poterie de Crestet\" \/>\n<meta property=\"og:image\" content=\"https:\/\/i0.wp.com\/poterie-de-crestet.com\/wp-content\/uploads\/2025\/04\/Poterie-du-Crestet0901.jpg?fit=800%2C532&ssl=1\" \/>\n\t<meta property=\"og:image:width\" content=\"800\" \/>\n\t<meta property=\"og:image:height\" content=\"532\" \/>\n\t<meta property=\"og:image:type\" content=\"image\/jpeg\" \/>\n<meta name=\"twitter:card\" content=\"summary_large_image\" \/>\n<meta name=\"twitter:label1\" content=\"Gesch\u00e4tzte Lesezeit\" \/>\n\t<meta name=\"twitter:data1\" content=\"1\u00a0Minute\" \/>\n<script type=\"application\/ld+json\" class=\"yoast-schema-graph\">{\"@context\":\"https:\\\/\\\/schema.org\",\"@graph\":[{\"@type\":\"WebPage\",\"@id\":\"https:\\\/\\\/poterie-de-crestet.com\\\/de\\\/keramik\\\/kaffeetasse-roter-platz\\\/\",\"url\":\"https:\\\/\\\/poterie-de-crestet.com\\\/de\\\/keramik\\\/kaffeetasse-roter-platz\\\/\",\"name\":\"Kaffeetasse Roter Platz - Poterie de Crestet\",\"isPartOf\":{\"@id\":\"https:\\\/\\\/poterie-de-crestet.com\\\/de\\\/#website\"},\"primaryImageOfPage\":{\"@id\":\"https:\\\/\\\/poterie-de-crestet.com\\\/de\\\/keramik\\\/kaffeetasse-roter-platz\\\/#primaryimage\"},\"image\":{\"@id\":\"https:\\\/\\\/poterie-de-crestet.com\\\/de\\\/keramik\\\/kaffeetasse-roter-platz\\\/#primaryimage\"},\"thumbnailUrl\":\"https:\\\/\\\/i0.wp.com\\\/poterie-de-crestet.com\\\/wp-content\\\/uploads\\\/2025\\\/04\\\/Poterie-du-Crestet0901.jpg?fit=800%2C532&ssl=1\",\"datePublished\":\"2025-04-11T10:14:08+00:00\",\"description\":\"Kaffeetasse ohne Griff mit rotem Quadrat. Handdekorierte, waschbare Keramiken in idealer Gr\u00f6\u00dfe f\u00fcr Kaffee oder Verrine.\",\"breadcrumb\":{\"@id\":\"https:\\\/\\\/poterie-de-crestet.com\\\/de\\\/keramik\\\/kaffeetasse-roter-platz\\\/#breadcrumb\"},\"inLanguage\":\"de\",\"potentialAction\":[{\"@type\":\"ReadAction\",\"target\":[\"https:\\\/\\\/poterie-de-crestet.com\\\/de\\\/keramik\\\/kaffeetasse-roter-platz\\\/\"]}]},{\"@type\":\"ImageObject\",\"inLanguage\":\"de\",\"@id\":\"https:\\\/\\\/poterie-de-crestet.com\\\/de\\\/keramik\\\/kaffeetasse-roter-platz\\\/#primaryimage\",\"url\":\"https:\\\/\\\/i0.wp.com\\\/poterie-de-crestet.com\\\/wp-content\\\/uploads\\\/2025\\\/04\\\/Poterie-du-Crestet0901.jpg?fit=800%2C532&ssl=1\",\"contentUrl\":\"https:\\\/\\\/i0.wp.com\\\/poterie-de-crestet.com\\\/wp-content\\\/uploads\\\/2025\\\/04\\\/Poterie-du-Crestet0901.jpg?fit=800%2C532&ssl=1\",\"width\":800,\"height\":532,\"caption\":\"Kaffeetasse ohne Griff Roter Platz\"},{\"@type\":\"BreadcrumbList\",\"@id\":\"https:\\\/\\\/poterie-de-crestet.com\\\/de\\\/keramik\\\/kaffeetasse-roter-platz\\\/#breadcrumb\",\"itemListElement\":[{\"@type\":\"ListItem\",\"position\":1,\"name\":\"Accueil\",\"item\":\"https:\\\/\\\/poterie-de-crestet.com\\\/de\\\/accueil\\\/\"},{\"@type\":\"ListItem\",\"position\":2,\"name\":\"Boutique\",\"item\":\"https:\\\/\\\/poterie-de-crestet.com\\\/ceramiques\\\/\"},{\"@type\":\"ListItem\",\"position\":3,\"name\":\"Kaffeetasse Roter Platz\"}]},{\"@type\":\"WebSite\",\"@id\":\"https:\\\/\\\/poterie-de-crestet.com\\\/de\\\/#website\",\"url\":\"https:\\\/\\\/poterie-de-crestet.com\\\/de\\\/\",\"name\":\"Poterie de Crestet\",\"description\":\"Des milliers de poteries inpir\u00e9es de la Provence\",\"publisher\":{\"@id\":\"https:\\\/\\\/poterie-de-crestet.com\\\/de\\\/#organization\"},\"potentialAction\":[{\"@type\":\"SearchAction\",\"target\":{\"@type\":\"EntryPoint\",\"urlTemplate\":\"https:\\\/\\\/poterie-de-crestet.com\\\/de\\\/?s={search_term_string}\"},\"query-input\":{\"@type\":\"PropertyValueSpecification\",\"valueRequired\":true,\"valueName\":\"search_term_string\"}}],\"inLanguage\":\"de\"},{\"@type\":\"Organization\",\"@id\":\"https:\\\/\\\/poterie-de-crestet.com\\\/de\\\/#organization\",\"name\":\"Poterie de Crestet\",\"url\":\"https:\\\/\\\/poterie-de-crestet.com\\\/de\\\/\",\"logo\":{\"@type\":\"ImageObject\",\"inLanguage\":\"de\",\"@id\":\"https:\\\/\\\/poterie-de-crestet.com\\\/de\\\/#\\\/schema\\\/logo\\\/image\\\/\",\"url\":\"https:\\\/\\\/i0.wp.com\\\/poterie-de-crestet.com\\\/wp-content\\\/uploads\\\/2025\\\/03\\\/Propo-4.png?fit=1000%2C462&ssl=1\",\"contentUrl\":\"https:\\\/\\\/i0.wp.com\\\/poterie-de-crestet.com\\\/wp-content\\\/uploads\\\/2025\\\/03\\\/Propo-4.png?fit=1000%2C462&ssl=1\",\"width\":1000,\"height\":462,\"caption\":\"Poterie de Crestet\"},\"image\":{\"@id\":\"https:\\\/\\\/poterie-de-crestet.com\\\/de\\\/#\\\/schema\\\/logo\\\/image\\\/\"}}]}<\/script>\n<!-- \/ Yoast SEO plugin. -->","yoast_head_json":{"title":"Kaffeetasse Roter Platz - Poterie de Crestet","description":"Kaffeetasse ohne Griff mit rotem Quadrat. Handdekorierte, waschbare Keramiken in idealer Gr\u00f6\u00dfe f\u00fcr Kaffee oder Verrine.","robots":{"index":"index","follow":"follow","max-snippet":"max-snippet:-1","max-image-preview":"max-image-preview:large","max-video-preview":"max-video-preview:-1"},"canonical":"https:\/\/poterie-de-crestet.com\/de\/keramik\/kaffeetasse-roter-platz\/","og_locale":"de_DE","og_type":"article","og_title":"Kaffeetasse Roter Platz - Poterie de Crestet","og_description":"Kaffeetasse ohne Griff mit rotem Quadrat. Handdekorierte, waschbare Keramiken in idealer Gr\u00f6\u00dfe f\u00fcr Kaffee oder Verrine.","og_url":"https:\/\/poterie-de-crestet.com\/de\/keramik\/kaffeetasse-roter-platz\/","og_site_name":"Poterie de Crestet","og_image":[{"width":800,"height":532,"url":"https:\/\/i0.wp.com\/poterie-de-crestet.com\/wp-content\/uploads\/2025\/04\/Poterie-du-Crestet0901.jpg?fit=800%2C532&ssl=1","type":"image\/jpeg"}],"twitter_card":"summary_large_image","twitter_misc":{"Gesch\u00e4tzte Lesezeit":"1\u00a0Minute"},"schema":{"@context":"https:\/\/schema.org","@graph":[{"@type":"WebPage","@id":"https:\/\/poterie-de-crestet.com\/de\/keramik\/kaffeetasse-roter-platz\/","url":"https:\/\/poterie-de-crestet.com\/de\/keramik\/kaffeetasse-roter-platz\/","name":"Kaffeetasse Roter Platz - Poterie de Crestet","isPartOf":{"@id":"https:\/\/poterie-de-crestet.com\/de\/#website"},"primaryImageOfPage":{"@id":"https:\/\/poterie-de-crestet.com\/de\/keramik\/kaffeetasse-roter-platz\/#primaryimage"},"image":{"@id":"https:\/\/poterie-de-crestet.com\/de\/keramik\/kaffeetasse-roter-platz\/#primaryimage"},"thumbnailUrl":"https:\/\/i0.wp.com\/poterie-de-crestet.com\/wp-content\/uploads\/2025\/04\/Poterie-du-Crestet0901.jpg?fit=800%2C532&ssl=1","datePublished":"2025-04-11T10:14:08+00:00","description":"Kaffeetasse ohne Griff mit rotem Quadrat. Handdekorierte, waschbare Keramiken in idealer Gr\u00f6\u00dfe f\u00fcr Kaffee oder Verrine.","breadcrumb":{"@id":"https:\/\/poterie-de-crestet.com\/de\/keramik\/kaffeetasse-roter-platz\/#breadcrumb"},"inLanguage":"de","potentialAction":[{"@type":"ReadAction","target":["https:\/\/poterie-de-crestet.com\/de\/keramik\/kaffeetasse-roter-platz\/"]}]},{"@type":"ImageObject","inLanguage":"de","@id":"https:\/\/poterie-de-crestet.com\/de\/keramik\/kaffeetasse-roter-platz\/#primaryimage","url":"https:\/\/i0.wp.com\/poterie-de-crestet.com\/wp-content\/uploads\/2025\/04\/Poterie-du-Crestet0901.jpg?fit=800%2C532&ssl=1","contentUrl":"https:\/\/i0.wp.com\/poterie-de-crestet.com\/wp-content\/uploads\/2025\/04\/Poterie-du-Crestet0901.jpg?fit=800%2C532&ssl=1","width":800,"height":532,"caption":"Kaffeetasse ohne Griff Roter Platz"},{"@type":"BreadcrumbList","@id":"https:\/\/poterie-de-crestet.com\/de\/keramik\/kaffeetasse-roter-platz\/#breadcrumb","itemListElement":[{"@type":"ListItem","position":1,"name":"Accueil","item":"https:\/\/poterie-de-crestet.com\/de\/accueil\/"},{"@type":"ListItem","position":2,"name":"Boutique","item":"https:\/\/poterie-de-crestet.com\/ceramiques\/"},{"@type":"ListItem","position":3,"name":"Kaffeetasse Roter Platz"}]},{"@type":"WebSite","@id":"https:\/\/poterie-de-crestet.com\/de\/#website","url":"https:\/\/poterie-de-crestet.com\/de\/","name":"Poterie de Crestet","description":"Des milliers de poteries inpir\u00e9es de la Provence","publisher":{"@id":"https:\/\/poterie-de-crestet.com\/de\/#organization"},"potentialAction":[{"@type":"SearchAction","target":{"@type":"EntryPoint","urlTemplate":"https:\/\/poterie-de-crestet.com\/de\/?s={search_term_string}"},"query-input":{"@type":"PropertyValueSpecification","valueRequired":true,"valueName":"search_term_string"}}],"inLanguage":"de"},{"@type":"Organization","@id":"https:\/\/poterie-de-crestet.com\/de\/#organization","name":"Poterie de Crestet","url":"https:\/\/poterie-de-crestet.com\/de\/","logo":{"@type":"ImageObject","inLanguage":"de","@id":"https:\/\/poterie-de-crestet.com\/de\/#\/schema\/logo\/image\/","url":"https:\/\/i0.wp.com\/poterie-de-crestet.com\/wp-content\/uploads\/2025\/03\/Propo-4.png?fit=1000%2C462&ssl=1","contentUrl":"https:\/\/i0.wp.com\/poterie-de-crestet.com\/wp-content\/uploads\/2025\/03\/Propo-4.png?fit=1000%2C462&ssl=1","width":1000,"height":462,"caption":"Poterie de Crestet"},"image":{"@id":"https:\/\/poterie-de-crestet.com\/de\/#\/schema\/logo\/image\/"}}]}},"jetpack_sharing_enabled":true,"_links":{"self":[{"href":"https:\/\/poterie-de-crestet.com\/de\/wp-json\/wp\/v2\/product\/22144","targetHints":{"allow":["GET"]}}],"collection":[{"href":"https:\/\/poterie-de-crestet.com\/de\/wp-json\/wp\/v2\/product"}],"about":[{"href":"https:\/\/poterie-de-crestet.com\/de\/wp-json\/wp\/v2\/types\/product"}],"replies":[{"embeddable":true,"href":"https:\/\/poterie-de-crestet.com\/de\/wp-json\/wp\/v2\/comments?post=22144"}],"version-history":[{"count":0,"href":"https:\/\/poterie-de-crestet.com\/de\/wp-json\/wp\/v2\/product\/22144\/revisions"}],"wp:featuredmedia":[{"embeddable":true,"href":"https:\/\/poterie-de-crestet.com\/de\/wp-json\/wp\/v2\/media\/8394"}],"wp:attachment":[{"href":"https:\/\/poterie-de-crestet.com\/de\/wp-json\/wp\/v2\/media?parent=22144"}],"wp:term":[{"taxonomy":"product_brand","embeddable":true,"href":"https:\/\/poterie-de-crestet.com\/de\/wp-json\/wp\/v2\/product_brand?post=22144"},{"taxonomy":"product_cat","embeddable":true,"href":"https:\/\/poterie-de-crestet.com\/de\/wp-json\/wp\/v2\/product_cat?post=22144"},{"taxonomy":"product_tag","embeddable":true,"href":"https:\/\/poterie-de-crestet.com\/de\/wp-json\/wp\/v2\/product_tag?post=22144"}],"curies":[{"name":"wp","href":"https:\/\/api.w.org\/{rel}","templated":true}]}}