{"id":22143,"date":"2025-04-11T12:14:09","date_gmt":"2025-04-11T10:14:09","guid":{"rendered":"https:\/\/poterie-de-crestet.com\/ceramiques\/mittagsbecher-nyons-red\/"},"modified":"2025-04-11T12:14:09","modified_gmt":"2025-04-11T10:14:09","slug":"mittagsbecher-nyons-red","status":"publish","type":"product","link":"https:\/\/poterie-de-crestet.com\/de\/keramik\/mittagsbecher-nyons-red\/","title":{"rendered":"Mittagsbecher  <h5>Nyons Red<\/h5>"},"content":{"rendered":"<h4 class=\"\" data-start=\"6262\" data-end=\"6304\">\ud83c\udf3f Ein provenzalisches Marktumfeld<\/h4>\n<p class=\"\" data-start=\"6305\" data-end=\"6561\">Das rote Nyons-Dekor ruft sonnige St\u00e4nde, Olivenzweige und die Geselligkeit des S\u00fcdens hervor. Diese Fr\u00fchst\u00fcckstasse ist perfekt f\u00fcr Morgenkaffee, Snack-Schokolade oder ein selbstgemachtes Gebr\u00e4u. Seine Gr\u00f6\u00dfe erm\u00f6glicht es dir, ihn zu genie\u00dfen, ohne dich zu hetzen.  <\/p>\n<h4 class=\"\" data-start=\"6563\" data-end=\"6593\">\u2705 Praktisch im Alltag<\/h4>\n<p class=\"\" data-start=\"6594\" data-end=\"6832\">Er kommt mit der passenden Untertasse, um L\u00f6ffel, Keks oder Schote hinzulegen. Alles ist waschbar, in der Mikrowelle und lebensmittelkonform geeignet. Es ist ein robustes und angenehmes Objekt zum Leben, das sich auch durch seinen Charme auszeichnet.  <\/p>\n<h4 class=\"\" data-start=\"6834\" data-end=\"6870\">\ud83c\udfa8 Handbemalt mit Sorgfalt<\/h4>\n<p class=\"\" data-start=\"6871\" data-end=\"7050\">Die roten und gr\u00fcnen \u00c4ste werden von Hand aufgetragen. Jedes Modell variiert leicht, was zur Authentizit\u00e4t des Ganzen beitr\u00e4gt. Diese Dekoration ist besonders beliebt f\u00fcr Geschenke.  <\/p>\n<h4 class=\"\" data-start=\"7052\" data-end=\"7087\">\ud83d\udd17 F\u00fcr ein komplettes Fr\u00fchst\u00fcck<\/h4>\n<p class=\"\" data-start=\"7088\" data-end=\"7199\">Kombinieren Sie ihn mit dem <a class=\"\" href=\"https:\/\/poterie-de-crestet.com\/de\/keramik\/eierbecher-nyons-red\/\" rel=\"noopener\" data-start=\"7103\" data-end=\"7129\">roten Nyons-Eierbecher<\/a> oder spielen Sie mit dem Kontrast zu einer <a class=\"\" href=\"https:\/\/poterie-de-crestet.com\/de\/keramik\/tortenform-pistaziegrauoliven\/\" rel=\"noopener\" data-start=\"7161\" data-end=\"7198\">pistaziegrauen Olivenkuchenform<\/a>.<\/p>\n","protected":false},"excerpt":{"rendered":"<p>Gro\u00dfe Tasse mit Untertasse, rote Nyons-Dekoration. F\u00fcr hei\u00dfe Getr\u00e4nke und S\u00fcdstaaten-Flair. <br data-start=\"6190\" data-end=\"6193\"><strong data-start=\"6193\" data-end=\"6231\"><em data-start=\"6195\" data-end=\"6229\">Abmessungen: 13,2 \u00d7 17 \u00d7 11,2 cm<\/em><\/strong><\/p>\n","protected":false},"featured_media":9382,"comment_status":"open","ping_status":"closed","template":"","meta":[],"product_brand":[],"product_cat":[418,380],"product_tag":[225],"class_list":{"0":"post-22143","1":"product","2":"type-product","3":"status-publish","4":"has-post-thumbnail","6":"product_cat-fruhstucksschussel","7":"product_cat-pokalen","8":"product_tag-nyons-red","10":"first","11":"instock","12":"taxable","13":"shipping-taxable","14":"purchasable","15":"product-type-simple"},"yoast_head":"<!-- This site is optimized with the Yoast SEO plugin v27.5 - https:\/\/yoast.com\/product\/yoast-seo-wordpress\/ -->\n<title>Mittagsbecher Nyons Red - Poterie de Crestet<\/title>\n<meta name=\"description\" content=\"Keramik-Lunchbecher mit rotem Nyons-Dekor. Handbemalt, mit Untertasse. F\u00fcr Tee, Schokolade oder Kaffee. Waschbar, t\u00e4glich zu verwenden.\" \/>\n<meta name=\"robots\" content=\"index, follow, max-snippet:-1, max-image-preview:large, max-video-preview:-1\" \/>\n<link rel=\"canonical\" href=\"https:\/\/poterie-de-crestet.com\/de\/keramik\/mittagsbecher-nyons-red\/\" \/>\n<meta property=\"og:locale\" content=\"de_DE\" \/>\n<meta property=\"og:type\" content=\"article\" \/>\n<meta property=\"og:title\" content=\"Mittagsbecher Nyons Red - Poterie de Crestet\" \/>\n<meta property=\"og:description\" content=\"Keramik-Lunchbecher mit rotem Nyons-Dekor. Handbemalt, mit Untertasse. F\u00fcr Tee, Schokolade oder Kaffee. Waschbar, t\u00e4glich zu verwenden.\" \/>\n<meta property=\"og:url\" content=\"https:\/\/poterie-de-crestet.com\/de\/keramik\/mittagsbecher-nyons-red\/\" \/>\n<meta property=\"og:site_name\" content=\"Poterie de Crestet\" \/>\n<meta property=\"og:image\" content=\"https:\/\/i0.wp.com\/poterie-de-crestet.com\/wp-content\/uploads\/2025\/05\/tasse-a-dejeuner-nyons-rouge.jpg?fit=458%2C458&ssl=1\" \/>\n\t<meta property=\"og:image:width\" content=\"458\" \/>\n\t<meta property=\"og:image:height\" content=\"458\" \/>\n\t<meta property=\"og:image:type\" content=\"image\/jpeg\" \/>\n<meta name=\"twitter:card\" content=\"summary_large_image\" \/>\n<meta name=\"twitter:label1\" content=\"Gesch\u00e4tzte Lesezeit\" \/>\n\t<meta name=\"twitter:data1\" content=\"1\u00a0Minute\" \/>\n<script type=\"application\/ld+json\" class=\"yoast-schema-graph\">{\"@context\":\"https:\\\/\\\/schema.org\",\"@graph\":[{\"@type\":\"WebPage\",\"@id\":\"https:\\\/\\\/poterie-de-crestet.com\\\/de\\\/keramik\\\/mittagsbecher-nyons-red\\\/\",\"url\":\"https:\\\/\\\/poterie-de-crestet.com\\\/de\\\/keramik\\\/mittagsbecher-nyons-red\\\/\",\"name\":\"Mittagsbecher Nyons Red - Poterie de Crestet\",\"isPartOf\":{\"@id\":\"https:\\\/\\\/poterie-de-crestet.com\\\/de\\\/#website\"},\"primaryImageOfPage\":{\"@id\":\"https:\\\/\\\/poterie-de-crestet.com\\\/de\\\/keramik\\\/mittagsbecher-nyons-red\\\/#primaryimage\"},\"image\":{\"@id\":\"https:\\\/\\\/poterie-de-crestet.com\\\/de\\\/keramik\\\/mittagsbecher-nyons-red\\\/#primaryimage\"},\"thumbnailUrl\":\"https:\\\/\\\/i0.wp.com\\\/poterie-de-crestet.com\\\/wp-content\\\/uploads\\\/2025\\\/05\\\/tasse-a-dejeuner-nyons-rouge.jpg?fit=458%2C458&ssl=1\",\"datePublished\":\"2025-04-11T10:14:09+00:00\",\"description\":\"Keramik-Lunchbecher mit rotem Nyons-Dekor. Handbemalt, mit Untertasse. F\u00fcr Tee, Schokolade oder Kaffee. Waschbar, t\u00e4glich zu verwenden.\",\"breadcrumb\":{\"@id\":\"https:\\\/\\\/poterie-de-crestet.com\\\/de\\\/keramik\\\/mittagsbecher-nyons-red\\\/#breadcrumb\"},\"inLanguage\":\"de\",\"potentialAction\":[{\"@type\":\"ReadAction\",\"target\":[\"https:\\\/\\\/poterie-de-crestet.com\\\/de\\\/keramik\\\/mittagsbecher-nyons-red\\\/\"]}]},{\"@type\":\"ImageObject\",\"inLanguage\":\"de\",\"@id\":\"https:\\\/\\\/poterie-de-crestet.com\\\/de\\\/keramik\\\/mittagsbecher-nyons-red\\\/#primaryimage\",\"url\":\"https:\\\/\\\/i0.wp.com\\\/poterie-de-crestet.com\\\/wp-content\\\/uploads\\\/2025\\\/05\\\/tasse-a-dejeuner-nyons-rouge.jpg?fit=458%2C458&ssl=1\",\"contentUrl\":\"https:\\\/\\\/i0.wp.com\\\/poterie-de-crestet.com\\\/wp-content\\\/uploads\\\/2025\\\/05\\\/tasse-a-dejeuner-nyons-rouge.jpg?fit=458%2C458&ssl=1\",\"width\":458,\"height\":458,\"caption\":\"Nyons roter Mittagsbecher\"},{\"@type\":\"BreadcrumbList\",\"@id\":\"https:\\\/\\\/poterie-de-crestet.com\\\/de\\\/keramik\\\/mittagsbecher-nyons-red\\\/#breadcrumb\",\"itemListElement\":[{\"@type\":\"ListItem\",\"position\":1,\"name\":\"Accueil\",\"item\":\"https:\\\/\\\/poterie-de-crestet.com\\\/de\\\/accueil\\\/\"},{\"@type\":\"ListItem\",\"position\":2,\"name\":\"Boutique\",\"item\":\"https:\\\/\\\/poterie-de-crestet.com\\\/ceramiques\\\/\"},{\"@type\":\"ListItem\",\"position\":3,\"name\":\"Mittagsbecher Nyons Red\"}]},{\"@type\":\"WebSite\",\"@id\":\"https:\\\/\\\/poterie-de-crestet.com\\\/de\\\/#website\",\"url\":\"https:\\\/\\\/poterie-de-crestet.com\\\/de\\\/\",\"name\":\"Poterie de Crestet\",\"description\":\"Des milliers de poteries inpir\u00e9es de la Provence\",\"publisher\":{\"@id\":\"https:\\\/\\\/poterie-de-crestet.com\\\/de\\\/#organization\"},\"potentialAction\":[{\"@type\":\"SearchAction\",\"target\":{\"@type\":\"EntryPoint\",\"urlTemplate\":\"https:\\\/\\\/poterie-de-crestet.com\\\/de\\\/?s={search_term_string}\"},\"query-input\":{\"@type\":\"PropertyValueSpecification\",\"valueRequired\":true,\"valueName\":\"search_term_string\"}}],\"inLanguage\":\"de\"},{\"@type\":\"Organization\",\"@id\":\"https:\\\/\\\/poterie-de-crestet.com\\\/de\\\/#organization\",\"name\":\"Poterie de Crestet\",\"url\":\"https:\\\/\\\/poterie-de-crestet.com\\\/de\\\/\",\"logo\":{\"@type\":\"ImageObject\",\"inLanguage\":\"de\",\"@id\":\"https:\\\/\\\/poterie-de-crestet.com\\\/de\\\/#\\\/schema\\\/logo\\\/image\\\/\",\"url\":\"https:\\\/\\\/i0.wp.com\\\/poterie-de-crestet.com\\\/wp-content\\\/uploads\\\/2025\\\/03\\\/Propo-4.png?fit=1000%2C462&ssl=1\",\"contentUrl\":\"https:\\\/\\\/i0.wp.com\\\/poterie-de-crestet.com\\\/wp-content\\\/uploads\\\/2025\\\/03\\\/Propo-4.png?fit=1000%2C462&ssl=1\",\"width\":1000,\"height\":462,\"caption\":\"Poterie de Crestet\"},\"image\":{\"@id\":\"https:\\\/\\\/poterie-de-crestet.com\\\/de\\\/#\\\/schema\\\/logo\\\/image\\\/\"}}]}<\/script>\n<!-- \/ Yoast SEO plugin. -->","yoast_head_json":{"title":"Mittagsbecher Nyons Red - Poterie de Crestet","description":"Keramik-Lunchbecher mit rotem Nyons-Dekor. Handbemalt, mit Untertasse. F\u00fcr Tee, Schokolade oder Kaffee. Waschbar, t\u00e4glich zu verwenden.","robots":{"index":"index","follow":"follow","max-snippet":"max-snippet:-1","max-image-preview":"max-image-preview:large","max-video-preview":"max-video-preview:-1"},"canonical":"https:\/\/poterie-de-crestet.com\/de\/keramik\/mittagsbecher-nyons-red\/","og_locale":"de_DE","og_type":"article","og_title":"Mittagsbecher Nyons Red - Poterie de Crestet","og_description":"Keramik-Lunchbecher mit rotem Nyons-Dekor. Handbemalt, mit Untertasse. F\u00fcr Tee, Schokolade oder Kaffee. Waschbar, t\u00e4glich zu verwenden.","og_url":"https:\/\/poterie-de-crestet.com\/de\/keramik\/mittagsbecher-nyons-red\/","og_site_name":"Poterie de Crestet","og_image":[{"width":458,"height":458,"url":"https:\/\/i0.wp.com\/poterie-de-crestet.com\/wp-content\/uploads\/2025\/05\/tasse-a-dejeuner-nyons-rouge.jpg?fit=458%2C458&ssl=1","type":"image\/jpeg"}],"twitter_card":"summary_large_image","twitter_misc":{"Gesch\u00e4tzte Lesezeit":"1\u00a0Minute"},"schema":{"@context":"https:\/\/schema.org","@graph":[{"@type":"WebPage","@id":"https:\/\/poterie-de-crestet.com\/de\/keramik\/mittagsbecher-nyons-red\/","url":"https:\/\/poterie-de-crestet.com\/de\/keramik\/mittagsbecher-nyons-red\/","name":"Mittagsbecher Nyons Red - Poterie de Crestet","isPartOf":{"@id":"https:\/\/poterie-de-crestet.com\/de\/#website"},"primaryImageOfPage":{"@id":"https:\/\/poterie-de-crestet.com\/de\/keramik\/mittagsbecher-nyons-red\/#primaryimage"},"image":{"@id":"https:\/\/poterie-de-crestet.com\/de\/keramik\/mittagsbecher-nyons-red\/#primaryimage"},"thumbnailUrl":"https:\/\/i0.wp.com\/poterie-de-crestet.com\/wp-content\/uploads\/2025\/05\/tasse-a-dejeuner-nyons-rouge.jpg?fit=458%2C458&ssl=1","datePublished":"2025-04-11T10:14:09+00:00","description":"Keramik-Lunchbecher mit rotem Nyons-Dekor. Handbemalt, mit Untertasse. F\u00fcr Tee, Schokolade oder Kaffee. Waschbar, t\u00e4glich zu verwenden.","breadcrumb":{"@id":"https:\/\/poterie-de-crestet.com\/de\/keramik\/mittagsbecher-nyons-red\/#breadcrumb"},"inLanguage":"de","potentialAction":[{"@type":"ReadAction","target":["https:\/\/poterie-de-crestet.com\/de\/keramik\/mittagsbecher-nyons-red\/"]}]},{"@type":"ImageObject","inLanguage":"de","@id":"https:\/\/poterie-de-crestet.com\/de\/keramik\/mittagsbecher-nyons-red\/#primaryimage","url":"https:\/\/i0.wp.com\/poterie-de-crestet.com\/wp-content\/uploads\/2025\/05\/tasse-a-dejeuner-nyons-rouge.jpg?fit=458%2C458&ssl=1","contentUrl":"https:\/\/i0.wp.com\/poterie-de-crestet.com\/wp-content\/uploads\/2025\/05\/tasse-a-dejeuner-nyons-rouge.jpg?fit=458%2C458&ssl=1","width":458,"height":458,"caption":"Nyons roter Mittagsbecher"},{"@type":"BreadcrumbList","@id":"https:\/\/poterie-de-crestet.com\/de\/keramik\/mittagsbecher-nyons-red\/#breadcrumb","itemListElement":[{"@type":"ListItem","position":1,"name":"Accueil","item":"https:\/\/poterie-de-crestet.com\/de\/accueil\/"},{"@type":"ListItem","position":2,"name":"Boutique","item":"https:\/\/poterie-de-crestet.com\/ceramiques\/"},{"@type":"ListItem","position":3,"name":"Mittagsbecher Nyons Red"}]},{"@type":"WebSite","@id":"https:\/\/poterie-de-crestet.com\/de\/#website","url":"https:\/\/poterie-de-crestet.com\/de\/","name":"Poterie de Crestet","description":"Des milliers de poteries inpir\u00e9es de la Provence","publisher":{"@id":"https:\/\/poterie-de-crestet.com\/de\/#organization"},"potentialAction":[{"@type":"SearchAction","target":{"@type":"EntryPoint","urlTemplate":"https:\/\/poterie-de-crestet.com\/de\/?s={search_term_string}"},"query-input":{"@type":"PropertyValueSpecification","valueRequired":true,"valueName":"search_term_string"}}],"inLanguage":"de"},{"@type":"Organization","@id":"https:\/\/poterie-de-crestet.com\/de\/#organization","name":"Poterie de Crestet","url":"https:\/\/poterie-de-crestet.com\/de\/","logo":{"@type":"ImageObject","inLanguage":"de","@id":"https:\/\/poterie-de-crestet.com\/de\/#\/schema\/logo\/image\/","url":"https:\/\/i0.wp.com\/poterie-de-crestet.com\/wp-content\/uploads\/2025\/03\/Propo-4.png?fit=1000%2C462&ssl=1","contentUrl":"https:\/\/i0.wp.com\/poterie-de-crestet.com\/wp-content\/uploads\/2025\/03\/Propo-4.png?fit=1000%2C462&ssl=1","width":1000,"height":462,"caption":"Poterie de Crestet"},"image":{"@id":"https:\/\/poterie-de-crestet.com\/de\/#\/schema\/logo\/image\/"}}]}},"jetpack_sharing_enabled":true,"_links":{"self":[{"href":"https:\/\/poterie-de-crestet.com\/de\/wp-json\/wp\/v2\/product\/22143","targetHints":{"allow":["GET"]}}],"collection":[{"href":"https:\/\/poterie-de-crestet.com\/de\/wp-json\/wp\/v2\/product"}],"about":[{"href":"https:\/\/poterie-de-crestet.com\/de\/wp-json\/wp\/v2\/types\/product"}],"replies":[{"embeddable":true,"href":"https:\/\/poterie-de-crestet.com\/de\/wp-json\/wp\/v2\/comments?post=22143"}],"version-history":[{"count":0,"href":"https:\/\/poterie-de-crestet.com\/de\/wp-json\/wp\/v2\/product\/22143\/revisions"}],"wp:featuredmedia":[{"embeddable":true,"href":"https:\/\/poterie-de-crestet.com\/de\/wp-json\/wp\/v2\/media\/9382"}],"wp:attachment":[{"href":"https:\/\/poterie-de-crestet.com\/de\/wp-json\/wp\/v2\/media?parent=22143"}],"wp:term":[{"taxonomy":"product_brand","embeddable":true,"href":"https:\/\/poterie-de-crestet.com\/de\/wp-json\/wp\/v2\/product_brand?post=22143"},{"taxonomy":"product_cat","embeddable":true,"href":"https:\/\/poterie-de-crestet.com\/de\/wp-json\/wp\/v2\/product_cat?post=22143"},{"taxonomy":"product_tag","embeddable":true,"href":"https:\/\/poterie-de-crestet.com\/de\/wp-json\/wp\/v2\/product_tag?post=22143"}],"curies":[{"name":"wp","href":"https:\/\/api.w.org\/{rel}","templated":true}]}}