{"id":22136,"date":"2025-04-11T12:14:08","date_gmt":"2025-04-11T10:14:08","guid":{"rendered":"https:\/\/poterie-de-crestet.com\/ceramiques\/kaffeetasse-blau\/"},"modified":"2025-04-11T12:14:08","modified_gmt":"2025-04-11T10:14:08","slug":"kaffeetasse-blau","status":"publish","type":"product","link":"https:\/\/poterie-de-crestet.com\/de\/keramik\/kaffeetasse-blau\/","title":{"rendered":"Kaffeetasse  <h5>Blau<\/h5>"},"content":{"rendered":"<p class=\"\" data-start=\"502\" data-end=\"785\"><strong data-start=\"502\" data-end=\"549\">Ein konisches Format f\u00fcr Kaffeeliebhaber<\/strong><br data-start=\"549\" data-end=\"552\">Diese henkellose Kaffeetasse mit blauem Dekor ist ideal f\u00fcr Espresso oder einen langen Morgenkaffee. Seine konische Form liegt gut in der Hand, und seine kompakte Gr\u00f6\u00dfe ist auch perfekt zum Mittagessen oder Kaffee am Ende der Mahlzeit. <\/p>\n<p class=\"\" data-start=\"787\" data-end=\"1037\"><strong data-start=\"787\" data-end=\"827\">Allt\u00e4glicher Gebrauch, einfach und zuverl\u00e4ssig<\/strong><br data-start=\"827\" data-end=\"830\">Er ist sp\u00fclmaschinen- und mikrowellenfest und entspricht den Lebensmittelvorschriften. Das Fehlen eines Griffs verleiht ihm ein zeitgem\u00e4\u00dferes Aussehen und erleichtert die Aufbewahrung. Eine kleine Tasse, die alle Zutaten f\u00fcr eine gro\u00dfe Tasse hat!  <\/p>\n<p class=\"\" data-start=\"1039\" data-end=\"1258\"><strong data-start=\"1039\" data-end=\"1075\">Ein tiefes Blau, handgemalt<\/strong><br data-start=\"1075\" data-end=\"1078\">Jedes St\u00fcck ist handverziert in leuchtenden Blaut\u00f6nen. Leichte Abweichungen k\u00f6nnen auftreten, was es zu einem lebendigen Objekt macht, weit entfernt von standardisierten Produktionen. <\/p>\n<p class=\"\" data-start=\"1260\" data-end=\"1431\"><strong data-start=\"1260\" data-end=\"1288\">Kreativere Anwendungen<\/strong><br data-start=\"1288\" data-end=\"1291\">Neben Kaffee kann diese Tasse auf dem Tisch eine herzhafte oder s\u00fc\u00dfe Verrine, eine hausgemachte So\u00dfe oder sogar einen kleinen Strau\u00df Rosmarin aufnehmen.<\/p>\n<p class=\"\" data-start=\"1433\" data-end=\"1588\"><strong data-start=\"1433\" data-end=\"1460\">Ohne Z\u00f6gern zu matchen<\/strong><br data-start=\"1460\" data-end=\"1463\">Vervollst\u00e4ndigen Sie Ihren Service mit dem <a class=\"\" href=\"https:\/\/poterie-de-crestet.com\/de\/keramik\/moerser-blau\/\" rel=\"noopener\" data-start=\"1495\" data-end=\"1512\">Blue Mortar<\/a> oder verleihen Sie dem <a class=\"\" href=\"https:\/\/poterie-de-crestet.com\/de\/keramik\/mittagsbecher-farbige-tropfen\/\" rel=\"noopener\" data-start=\"1549\" data-end=\"1587\">Colorful Drops Breakfast Cup<\/a> eine helle Note.<\/p>\n","protected":false},"excerpt":{"rendered":"<p>Keramik-Kaffeetasse ohne Griff, blaue Dekoration. Ideal f\u00fcr Espresso oder langen Kaffee. <br data-start=\"348\" data-end=\"351\"><strong data-start=\"351\" data-end=\"382\"><em data-start=\"353\" data-end=\"380\">Abmessungen: 7,5 \u00d7 7,5 cm<\/em><\/strong><\/p>\n","protected":false},"featured_media":8424,"comment_status":"open","ping_status":"closed","template":"","meta":[],"product_brand":[],"product_cat":[380],"product_tag":[203],"class_list":{"0":"post-22136","1":"product","2":"type-product","3":"status-publish","4":"has-post-thumbnail","6":"product_cat-pokalen","7":"product_tag-blau","9":"first","10":"instock","11":"taxable","12":"shipping-taxable","13":"purchasable","14":"product-type-simple"},"yoast_head":"<!-- This site is optimized with the Yoast SEO plugin v27.5 - https:\/\/yoast.com\/product\/yoast-seo-wordpress\/ -->\n<title>Kaffeetasse Blau - Poterie de Crestet<\/title>\n<meta name=\"description\" content=\"Kaffeetasse ohne Griff mit blauem Dekor. Handbemalte, waschbare und mikrowellengeeignete Keramiken. Ideal f\u00fcr Espresso oder Mittagskaffee.\" \/>\n<meta name=\"robots\" content=\"index, follow, max-snippet:-1, max-image-preview:large, max-video-preview:-1\" \/>\n<link rel=\"canonical\" href=\"https:\/\/poterie-de-crestet.com\/de\/keramik\/kaffeetasse-blau\/\" \/>\n<meta property=\"og:locale\" content=\"de_DE\" \/>\n<meta property=\"og:type\" content=\"article\" \/>\n<meta property=\"og:title\" content=\"Kaffeetasse Blau - Poterie de Crestet\" \/>\n<meta property=\"og:description\" content=\"Kaffeetasse ohne Griff mit blauem Dekor. Handbemalte, waschbare und mikrowellengeeignete Keramiken. Ideal f\u00fcr Espresso oder Mittagskaffee.\" \/>\n<meta property=\"og:url\" content=\"https:\/\/poterie-de-crestet.com\/de\/keramik\/kaffeetasse-blau\/\" \/>\n<meta property=\"og:site_name\" content=\"Poterie de Crestet\" \/>\n<meta property=\"og:image\" content=\"https:\/\/i0.wp.com\/poterie-de-crestet.com\/wp-content\/uploads\/2025\/04\/Poterie-du-Crestet0916.jpg?fit=800%2C532&ssl=1\" \/>\n\t<meta property=\"og:image:width\" content=\"800\" \/>\n\t<meta property=\"og:image:height\" content=\"532\" \/>\n\t<meta property=\"og:image:type\" content=\"image\/jpeg\" \/>\n<meta name=\"twitter:card\" content=\"summary_large_image\" \/>\n<meta name=\"twitter:label1\" content=\"Gesch\u00e4tzte Lesezeit\" \/>\n\t<meta name=\"twitter:data1\" content=\"1\u00a0Minute\" \/>\n<script type=\"application\/ld+json\" class=\"yoast-schema-graph\">{\"@context\":\"https:\\\/\\\/schema.org\",\"@graph\":[{\"@type\":\"WebPage\",\"@id\":\"https:\\\/\\\/poterie-de-crestet.com\\\/de\\\/keramik\\\/kaffeetasse-blau\\\/\",\"url\":\"https:\\\/\\\/poterie-de-crestet.com\\\/de\\\/keramik\\\/kaffeetasse-blau\\\/\",\"name\":\"Kaffeetasse Blau - Poterie de Crestet\",\"isPartOf\":{\"@id\":\"https:\\\/\\\/poterie-de-crestet.com\\\/de\\\/#website\"},\"primaryImageOfPage\":{\"@id\":\"https:\\\/\\\/poterie-de-crestet.com\\\/de\\\/keramik\\\/kaffeetasse-blau\\\/#primaryimage\"},\"image\":{\"@id\":\"https:\\\/\\\/poterie-de-crestet.com\\\/de\\\/keramik\\\/kaffeetasse-blau\\\/#primaryimage\"},\"thumbnailUrl\":\"https:\\\/\\\/i0.wp.com\\\/poterie-de-crestet.com\\\/wp-content\\\/uploads\\\/2025\\\/04\\\/Poterie-du-Crestet0916.jpg?fit=800%2C532&ssl=1\",\"datePublished\":\"2025-04-11T10:14:08+00:00\",\"description\":\"Kaffeetasse ohne Griff mit blauem Dekor. Handbemalte, waschbare und mikrowellengeeignete Keramiken. Ideal f\u00fcr Espresso oder Mittagskaffee.\",\"breadcrumb\":{\"@id\":\"https:\\\/\\\/poterie-de-crestet.com\\\/de\\\/keramik\\\/kaffeetasse-blau\\\/#breadcrumb\"},\"inLanguage\":\"de\",\"potentialAction\":[{\"@type\":\"ReadAction\",\"target\":[\"https:\\\/\\\/poterie-de-crestet.com\\\/de\\\/keramik\\\/kaffeetasse-blau\\\/\"]}]},{\"@type\":\"ImageObject\",\"inLanguage\":\"de\",\"@id\":\"https:\\\/\\\/poterie-de-crestet.com\\\/de\\\/keramik\\\/kaffeetasse-blau\\\/#primaryimage\",\"url\":\"https:\\\/\\\/i0.wp.com\\\/poterie-de-crestet.com\\\/wp-content\\\/uploads\\\/2025\\\/04\\\/Poterie-du-Crestet0916.jpg?fit=800%2C532&ssl=1\",\"contentUrl\":\"https:\\\/\\\/i0.wp.com\\\/poterie-de-crestet.com\\\/wp-content\\\/uploads\\\/2025\\\/04\\\/Poterie-du-Crestet0916.jpg?fit=800%2C532&ssl=1\",\"width\":800,\"height\":532,\"caption\":\"Kaffeetasse ohne Griff mit blauem Dekor\"},{\"@type\":\"BreadcrumbList\",\"@id\":\"https:\\\/\\\/poterie-de-crestet.com\\\/de\\\/keramik\\\/kaffeetasse-blau\\\/#breadcrumb\",\"itemListElement\":[{\"@type\":\"ListItem\",\"position\":1,\"name\":\"Accueil\",\"item\":\"https:\\\/\\\/poterie-de-crestet.com\\\/de\\\/accueil\\\/\"},{\"@type\":\"ListItem\",\"position\":2,\"name\":\"Boutique\",\"item\":\"https:\\\/\\\/poterie-de-crestet.com\\\/ceramiques\\\/\"},{\"@type\":\"ListItem\",\"position\":3,\"name\":\"Kaffeetasse Blau\"}]},{\"@type\":\"WebSite\",\"@id\":\"https:\\\/\\\/poterie-de-crestet.com\\\/de\\\/#website\",\"url\":\"https:\\\/\\\/poterie-de-crestet.com\\\/de\\\/\",\"name\":\"Poterie de Crestet\",\"description\":\"Des milliers de poteries inpir\u00e9es de la Provence\",\"publisher\":{\"@id\":\"https:\\\/\\\/poterie-de-crestet.com\\\/de\\\/#organization\"},\"potentialAction\":[{\"@type\":\"SearchAction\",\"target\":{\"@type\":\"EntryPoint\",\"urlTemplate\":\"https:\\\/\\\/poterie-de-crestet.com\\\/de\\\/?s={search_term_string}\"},\"query-input\":{\"@type\":\"PropertyValueSpecification\",\"valueRequired\":true,\"valueName\":\"search_term_string\"}}],\"inLanguage\":\"de\"},{\"@type\":\"Organization\",\"@id\":\"https:\\\/\\\/poterie-de-crestet.com\\\/de\\\/#organization\",\"name\":\"Poterie de Crestet\",\"url\":\"https:\\\/\\\/poterie-de-crestet.com\\\/de\\\/\",\"logo\":{\"@type\":\"ImageObject\",\"inLanguage\":\"de\",\"@id\":\"https:\\\/\\\/poterie-de-crestet.com\\\/de\\\/#\\\/schema\\\/logo\\\/image\\\/\",\"url\":\"https:\\\/\\\/i0.wp.com\\\/poterie-de-crestet.com\\\/wp-content\\\/uploads\\\/2025\\\/03\\\/Propo-4.png?fit=1000%2C462&ssl=1\",\"contentUrl\":\"https:\\\/\\\/i0.wp.com\\\/poterie-de-crestet.com\\\/wp-content\\\/uploads\\\/2025\\\/03\\\/Propo-4.png?fit=1000%2C462&ssl=1\",\"width\":1000,\"height\":462,\"caption\":\"Poterie de Crestet\"},\"image\":{\"@id\":\"https:\\\/\\\/poterie-de-crestet.com\\\/de\\\/#\\\/schema\\\/logo\\\/image\\\/\"}}]}<\/script>\n<!-- \/ Yoast SEO plugin. -->","yoast_head_json":{"title":"Kaffeetasse Blau - Poterie de Crestet","description":"Kaffeetasse ohne Griff mit blauem Dekor. Handbemalte, waschbare und mikrowellengeeignete Keramiken. Ideal f\u00fcr Espresso oder Mittagskaffee.","robots":{"index":"index","follow":"follow","max-snippet":"max-snippet:-1","max-image-preview":"max-image-preview:large","max-video-preview":"max-video-preview:-1"},"canonical":"https:\/\/poterie-de-crestet.com\/de\/keramik\/kaffeetasse-blau\/","og_locale":"de_DE","og_type":"article","og_title":"Kaffeetasse Blau - Poterie de Crestet","og_description":"Kaffeetasse ohne Griff mit blauem Dekor. Handbemalte, waschbare und mikrowellengeeignete Keramiken. Ideal f\u00fcr Espresso oder Mittagskaffee.","og_url":"https:\/\/poterie-de-crestet.com\/de\/keramik\/kaffeetasse-blau\/","og_site_name":"Poterie de Crestet","og_image":[{"width":800,"height":532,"url":"https:\/\/i0.wp.com\/poterie-de-crestet.com\/wp-content\/uploads\/2025\/04\/Poterie-du-Crestet0916.jpg?fit=800%2C532&ssl=1","type":"image\/jpeg"}],"twitter_card":"summary_large_image","twitter_misc":{"Gesch\u00e4tzte Lesezeit":"1\u00a0Minute"},"schema":{"@context":"https:\/\/schema.org","@graph":[{"@type":"WebPage","@id":"https:\/\/poterie-de-crestet.com\/de\/keramik\/kaffeetasse-blau\/","url":"https:\/\/poterie-de-crestet.com\/de\/keramik\/kaffeetasse-blau\/","name":"Kaffeetasse Blau - Poterie de Crestet","isPartOf":{"@id":"https:\/\/poterie-de-crestet.com\/de\/#website"},"primaryImageOfPage":{"@id":"https:\/\/poterie-de-crestet.com\/de\/keramik\/kaffeetasse-blau\/#primaryimage"},"image":{"@id":"https:\/\/poterie-de-crestet.com\/de\/keramik\/kaffeetasse-blau\/#primaryimage"},"thumbnailUrl":"https:\/\/i0.wp.com\/poterie-de-crestet.com\/wp-content\/uploads\/2025\/04\/Poterie-du-Crestet0916.jpg?fit=800%2C532&ssl=1","datePublished":"2025-04-11T10:14:08+00:00","description":"Kaffeetasse ohne Griff mit blauem Dekor. Handbemalte, waschbare und mikrowellengeeignete Keramiken. Ideal f\u00fcr Espresso oder Mittagskaffee.","breadcrumb":{"@id":"https:\/\/poterie-de-crestet.com\/de\/keramik\/kaffeetasse-blau\/#breadcrumb"},"inLanguage":"de","potentialAction":[{"@type":"ReadAction","target":["https:\/\/poterie-de-crestet.com\/de\/keramik\/kaffeetasse-blau\/"]}]},{"@type":"ImageObject","inLanguage":"de","@id":"https:\/\/poterie-de-crestet.com\/de\/keramik\/kaffeetasse-blau\/#primaryimage","url":"https:\/\/i0.wp.com\/poterie-de-crestet.com\/wp-content\/uploads\/2025\/04\/Poterie-du-Crestet0916.jpg?fit=800%2C532&ssl=1","contentUrl":"https:\/\/i0.wp.com\/poterie-de-crestet.com\/wp-content\/uploads\/2025\/04\/Poterie-du-Crestet0916.jpg?fit=800%2C532&ssl=1","width":800,"height":532,"caption":"Kaffeetasse ohne Griff mit blauem Dekor"},{"@type":"BreadcrumbList","@id":"https:\/\/poterie-de-crestet.com\/de\/keramik\/kaffeetasse-blau\/#breadcrumb","itemListElement":[{"@type":"ListItem","position":1,"name":"Accueil","item":"https:\/\/poterie-de-crestet.com\/de\/accueil\/"},{"@type":"ListItem","position":2,"name":"Boutique","item":"https:\/\/poterie-de-crestet.com\/ceramiques\/"},{"@type":"ListItem","position":3,"name":"Kaffeetasse Blau"}]},{"@type":"WebSite","@id":"https:\/\/poterie-de-crestet.com\/de\/#website","url":"https:\/\/poterie-de-crestet.com\/de\/","name":"Poterie de Crestet","description":"Des milliers de poteries inpir\u00e9es de la Provence","publisher":{"@id":"https:\/\/poterie-de-crestet.com\/de\/#organization"},"potentialAction":[{"@type":"SearchAction","target":{"@type":"EntryPoint","urlTemplate":"https:\/\/poterie-de-crestet.com\/de\/?s={search_term_string}"},"query-input":{"@type":"PropertyValueSpecification","valueRequired":true,"valueName":"search_term_string"}}],"inLanguage":"de"},{"@type":"Organization","@id":"https:\/\/poterie-de-crestet.com\/de\/#organization","name":"Poterie de Crestet","url":"https:\/\/poterie-de-crestet.com\/de\/","logo":{"@type":"ImageObject","inLanguage":"de","@id":"https:\/\/poterie-de-crestet.com\/de\/#\/schema\/logo\/image\/","url":"https:\/\/i0.wp.com\/poterie-de-crestet.com\/wp-content\/uploads\/2025\/03\/Propo-4.png?fit=1000%2C462&ssl=1","contentUrl":"https:\/\/i0.wp.com\/poterie-de-crestet.com\/wp-content\/uploads\/2025\/03\/Propo-4.png?fit=1000%2C462&ssl=1","width":1000,"height":462,"caption":"Poterie de Crestet"},"image":{"@id":"https:\/\/poterie-de-crestet.com\/de\/#\/schema\/logo\/image\/"}}]}},"jetpack_sharing_enabled":true,"_links":{"self":[{"href":"https:\/\/poterie-de-crestet.com\/de\/wp-json\/wp\/v2\/product\/22136","targetHints":{"allow":["GET"]}}],"collection":[{"href":"https:\/\/poterie-de-crestet.com\/de\/wp-json\/wp\/v2\/product"}],"about":[{"href":"https:\/\/poterie-de-crestet.com\/de\/wp-json\/wp\/v2\/types\/product"}],"replies":[{"embeddable":true,"href":"https:\/\/poterie-de-crestet.com\/de\/wp-json\/wp\/v2\/comments?post=22136"}],"version-history":[{"count":0,"href":"https:\/\/poterie-de-crestet.com\/de\/wp-json\/wp\/v2\/product\/22136\/revisions"}],"wp:featuredmedia":[{"embeddable":true,"href":"https:\/\/poterie-de-crestet.com\/de\/wp-json\/wp\/v2\/media\/8424"}],"wp:attachment":[{"href":"https:\/\/poterie-de-crestet.com\/de\/wp-json\/wp\/v2\/media?parent=22136"}],"wp:term":[{"taxonomy":"product_brand","embeddable":true,"href":"https:\/\/poterie-de-crestet.com\/de\/wp-json\/wp\/v2\/product_brand?post=22136"},{"taxonomy":"product_cat","embeddable":true,"href":"https:\/\/poterie-de-crestet.com\/de\/wp-json\/wp\/v2\/product_cat?post=22136"},{"taxonomy":"product_tag","embeddable":true,"href":"https:\/\/poterie-de-crestet.com\/de\/wp-json\/wp\/v2\/product_tag?post=22136"}],"curies":[{"name":"wp","href":"https:\/\/api.w.org\/{rel}","templated":true}]}}