{"id":22091,"date":"2025-04-09T08:37:19","date_gmt":"2025-04-09T06:37:19","guid":{"rendered":"https:\/\/poterie-de-crestet.com\/ceramiques\/essteller-blauer-platz\/"},"modified":"2025-04-09T08:37:19","modified_gmt":"2025-04-09T06:37:19","slug":"essteller-blauer-platz","status":"publish","type":"product","link":"https:\/\/poterie-de-crestet.com\/de\/keramik\/essteller-blauer-platz\/","title":{"rendered":"Essteller  <h5>  Blauer Platz<\/h5>"},"content":{"rendered":"<p>Dieser quadratische Essteller mit <strong data-start=\"196\" data-end=\"210\">blauem Quadrat-Dekor<\/strong> verleiht Ihrem Tisch eine zeitgen\u00f6ssische Note und ruft gleichzeitig die S\u00fc\u00dfe eines Sommerhimmels in der Provence hervor. Perfekt zum Servieren bunter Gerichte, herzhafte Kuchen oder sogar einen sch\u00f6nen gemischten Salat \u2013 er vereint \u00c4sthetik und Praktikabilit\u00e4t. Dank seiner <g id=\"gid_1\">quadratischen Form<\/g> sticht er auf einem Tisch hervor und erm\u00f6glicht auch einen originellen Service w\u00e4hrend der Mahlzeiten mit anderen. Er kann sowohl t\u00e4glich als auch als Pr\u00e4sentationsgericht f\u00fcr einen besonderen Anlass verwendet werden.   <\/p>\n<p>Er ist <strong data-start=\"676\" data-end=\"684\">ofen-,<\/strong> <strong data-start=\"689\" data-end=\"704\">mikrowellen<\/strong><strong data-start=\"711\" data-end=\"729\">&#8211; und sp\u00fclmaschinenfest und<\/strong> macht Ihr Leben einfacher.<\/p>\n<p>Und wenn dir dieses Muster gef\u00e4llt, kombiniere es mit einem <strong data-start=\"815\" data-end=\"834\">L\u00f6ffelhalter<\/strong>, einem <strong data-start=\"839\" data-end=\"864\">Marmeladentrichter<\/strong> oder einer <strong data-start=\"879\" data-end=\"900\">\u00d6lflasche<\/strong> im gleichen Farbton im Laden!<\/p>\n","protected":false},"excerpt":{"rendered":"<p>25,7 cm quadratische Platte mit blauer quadratischer Dekoration. Praktisch, original und kompatibel mit Ofen, Mikrowelle und Geschirrsp\u00fcler. <\/p>\n","protected":false},"featured_media":5962,"comment_status":"open","ping_status":"closed","template":"","meta":[],"product_brand":[],"product_cat":[340],"product_tag":[209],"class_list":{"0":"post-22091","1":"product","2":"type-product","3":"status-publish","4":"has-post-thumbnail","6":"product_cat-essteller","7":"product_tag-blauer-platz","9":"first","10":"instock","11":"taxable","12":"shipping-taxable","13":"purchasable","14":"product-type-simple"},"yoast_head":"<!-- This site is optimized with the Yoast SEO plugin v27.5 - https:\/\/yoast.com\/product\/yoast-seo-wordpress\/ -->\n<title>Essteller  Blauer Platz - Poterie de Crestet<\/title>\n<meta name=\"description\" content=\"Quadratischer Teller, handverziert mit der Blauen Quadrat-Dekoration. Ideal f\u00fcr t\u00e4gliche Mahlzeiten und besondere Anl\u00e4sse. Abmessungen: 25,7 x 25,7 cm.\" \/>\n<meta name=\"robots\" content=\"index, follow, max-snippet:-1, max-image-preview:large, max-video-preview:-1\" \/>\n<link rel=\"canonical\" href=\"https:\/\/poterie-de-crestet.com\/de\/keramik\/essteller-blauer-platz\/\" \/>\n<meta property=\"og:locale\" content=\"de_DE\" \/>\n<meta property=\"og:type\" content=\"article\" \/>\n<meta property=\"og:title\" content=\"Essteller  Blauer Platz - Poterie de Crestet\" \/>\n<meta property=\"og:description\" content=\"Quadratischer Teller, handverziert mit der Blauen Quadrat-Dekoration. Ideal f\u00fcr t\u00e4gliche Mahlzeiten und besondere Anl\u00e4sse. Abmessungen: 25,7 x 25,7 cm.\" \/>\n<meta property=\"og:url\" content=\"https:\/\/poterie-de-crestet.com\/de\/keramik\/essteller-blauer-platz\/\" \/>\n<meta property=\"og:site_name\" content=\"Poterie de Crestet\" \/>\n<meta property=\"og:image\" content=\"https:\/\/i0.wp.com\/poterie-de-crestet.com\/wp-content\/uploads\/2025\/04\/assiette-carre-carre-bleu.jpg?fit=458%2C458&ssl=1\" \/>\n\t<meta property=\"og:image:width\" content=\"458\" \/>\n\t<meta property=\"og:image:height\" content=\"458\" \/>\n\t<meta property=\"og:image:type\" content=\"image\/jpeg\" \/>\n<meta name=\"twitter:card\" content=\"summary_large_image\" \/>\n<meta name=\"twitter:label1\" content=\"Gesch\u00e4tzte Lesezeit\" \/>\n\t<meta name=\"twitter:data1\" content=\"1\u00a0Minute\" \/>\n<script type=\"application\/ld+json\" class=\"yoast-schema-graph\">{\"@context\":\"https:\\\/\\\/schema.org\",\"@graph\":[{\"@type\":\"WebPage\",\"@id\":\"https:\\\/\\\/poterie-de-crestet.com\\\/de\\\/keramik\\\/essteller-blauer-platz\\\/\",\"url\":\"https:\\\/\\\/poterie-de-crestet.com\\\/de\\\/keramik\\\/essteller-blauer-platz\\\/\",\"name\":\"Essteller Blauer Platz - Poterie de Crestet\",\"isPartOf\":{\"@id\":\"https:\\\/\\\/poterie-de-crestet.com\\\/de\\\/#website\"},\"primaryImageOfPage\":{\"@id\":\"https:\\\/\\\/poterie-de-crestet.com\\\/de\\\/keramik\\\/essteller-blauer-platz\\\/#primaryimage\"},\"image\":{\"@id\":\"https:\\\/\\\/poterie-de-crestet.com\\\/de\\\/keramik\\\/essteller-blauer-platz\\\/#primaryimage\"},\"thumbnailUrl\":\"https:\\\/\\\/i0.wp.com\\\/poterie-de-crestet.com\\\/wp-content\\\/uploads\\\/2025\\\/04\\\/assiette-carre-carre-bleu.jpg?fit=458%2C458&ssl=1\",\"datePublished\":\"2025-04-09T06:37:19+00:00\",\"description\":\"Quadratischer Teller, handverziert mit der Blauen Quadrat-Dekoration. Ideal f\u00fcr t\u00e4gliche Mahlzeiten und besondere Anl\u00e4sse. Abmessungen: 25,7 x 25,7 cm.\",\"breadcrumb\":{\"@id\":\"https:\\\/\\\/poterie-de-crestet.com\\\/de\\\/keramik\\\/essteller-blauer-platz\\\/#breadcrumb\"},\"inLanguage\":\"de\",\"potentialAction\":[{\"@type\":\"ReadAction\",\"target\":[\"https:\\\/\\\/poterie-de-crestet.com\\\/de\\\/keramik\\\/essteller-blauer-platz\\\/\"]}]},{\"@type\":\"ImageObject\",\"inLanguage\":\"de\",\"@id\":\"https:\\\/\\\/poterie-de-crestet.com\\\/de\\\/keramik\\\/essteller-blauer-platz\\\/#primaryimage\",\"url\":\"https:\\\/\\\/i0.wp.com\\\/poterie-de-crestet.com\\\/wp-content\\\/uploads\\\/2025\\\/04\\\/assiette-carre-carre-bleu.jpg?fit=458%2C458&ssl=1\",\"contentUrl\":\"https:\\\/\\\/i0.wp.com\\\/poterie-de-crestet.com\\\/wp-content\\\/uploads\\\/2025\\\/04\\\/assiette-carre-carre-bleu.jpg?fit=458%2C458&ssl=1\",\"width\":458,\"height\":458,\"caption\":\"Blauer quadratischer Teller\"},{\"@type\":\"BreadcrumbList\",\"@id\":\"https:\\\/\\\/poterie-de-crestet.com\\\/de\\\/keramik\\\/essteller-blauer-platz\\\/#breadcrumb\",\"itemListElement\":[{\"@type\":\"ListItem\",\"position\":1,\"name\":\"Accueil\",\"item\":\"https:\\\/\\\/poterie-de-crestet.com\\\/de\\\/accueil\\\/\"},{\"@type\":\"ListItem\",\"position\":2,\"name\":\"Boutique\",\"item\":\"https:\\\/\\\/poterie-de-crestet.com\\\/ceramiques\\\/\"},{\"@type\":\"ListItem\",\"position\":3,\"name\":\"Essteller Blauer Platz\"}]},{\"@type\":\"WebSite\",\"@id\":\"https:\\\/\\\/poterie-de-crestet.com\\\/de\\\/#website\",\"url\":\"https:\\\/\\\/poterie-de-crestet.com\\\/de\\\/\",\"name\":\"Poterie de Crestet\",\"description\":\"Des milliers de poteries inpir\u00e9es de la Provence\",\"publisher\":{\"@id\":\"https:\\\/\\\/poterie-de-crestet.com\\\/de\\\/#organization\"},\"potentialAction\":[{\"@type\":\"SearchAction\",\"target\":{\"@type\":\"EntryPoint\",\"urlTemplate\":\"https:\\\/\\\/poterie-de-crestet.com\\\/de\\\/?s={search_term_string}\"},\"query-input\":{\"@type\":\"PropertyValueSpecification\",\"valueRequired\":true,\"valueName\":\"search_term_string\"}}],\"inLanguage\":\"de\"},{\"@type\":\"Organization\",\"@id\":\"https:\\\/\\\/poterie-de-crestet.com\\\/de\\\/#organization\",\"name\":\"Poterie de Crestet\",\"url\":\"https:\\\/\\\/poterie-de-crestet.com\\\/de\\\/\",\"logo\":{\"@type\":\"ImageObject\",\"inLanguage\":\"de\",\"@id\":\"https:\\\/\\\/poterie-de-crestet.com\\\/de\\\/#\\\/schema\\\/logo\\\/image\\\/\",\"url\":\"https:\\\/\\\/i0.wp.com\\\/poterie-de-crestet.com\\\/wp-content\\\/uploads\\\/2025\\\/03\\\/Propo-4.png?fit=1000%2C462&ssl=1\",\"contentUrl\":\"https:\\\/\\\/i0.wp.com\\\/poterie-de-crestet.com\\\/wp-content\\\/uploads\\\/2025\\\/03\\\/Propo-4.png?fit=1000%2C462&ssl=1\",\"width\":1000,\"height\":462,\"caption\":\"Poterie de Crestet\"},\"image\":{\"@id\":\"https:\\\/\\\/poterie-de-crestet.com\\\/de\\\/#\\\/schema\\\/logo\\\/image\\\/\"}}]}<\/script>\n<!-- \/ Yoast SEO plugin. -->","yoast_head_json":{"title":"Essteller  Blauer Platz - Poterie de Crestet","description":"Quadratischer Teller, handverziert mit der Blauen Quadrat-Dekoration. Ideal f\u00fcr t\u00e4gliche Mahlzeiten und besondere Anl\u00e4sse. Abmessungen: 25,7 x 25,7 cm.","robots":{"index":"index","follow":"follow","max-snippet":"max-snippet:-1","max-image-preview":"max-image-preview:large","max-video-preview":"max-video-preview:-1"},"canonical":"https:\/\/poterie-de-crestet.com\/de\/keramik\/essteller-blauer-platz\/","og_locale":"de_DE","og_type":"article","og_title":"Essteller  Blauer Platz - Poterie de Crestet","og_description":"Quadratischer Teller, handverziert mit der Blauen Quadrat-Dekoration. Ideal f\u00fcr t\u00e4gliche Mahlzeiten und besondere Anl\u00e4sse. Abmessungen: 25,7 x 25,7 cm.","og_url":"https:\/\/poterie-de-crestet.com\/de\/keramik\/essteller-blauer-platz\/","og_site_name":"Poterie de Crestet","og_image":[{"width":458,"height":458,"url":"https:\/\/i0.wp.com\/poterie-de-crestet.com\/wp-content\/uploads\/2025\/04\/assiette-carre-carre-bleu.jpg?fit=458%2C458&ssl=1","type":"image\/jpeg"}],"twitter_card":"summary_large_image","twitter_misc":{"Gesch\u00e4tzte Lesezeit":"1\u00a0Minute"},"schema":{"@context":"https:\/\/schema.org","@graph":[{"@type":"WebPage","@id":"https:\/\/poterie-de-crestet.com\/de\/keramik\/essteller-blauer-platz\/","url":"https:\/\/poterie-de-crestet.com\/de\/keramik\/essteller-blauer-platz\/","name":"Essteller Blauer Platz - Poterie de Crestet","isPartOf":{"@id":"https:\/\/poterie-de-crestet.com\/de\/#website"},"primaryImageOfPage":{"@id":"https:\/\/poterie-de-crestet.com\/de\/keramik\/essteller-blauer-platz\/#primaryimage"},"image":{"@id":"https:\/\/poterie-de-crestet.com\/de\/keramik\/essteller-blauer-platz\/#primaryimage"},"thumbnailUrl":"https:\/\/i0.wp.com\/poterie-de-crestet.com\/wp-content\/uploads\/2025\/04\/assiette-carre-carre-bleu.jpg?fit=458%2C458&ssl=1","datePublished":"2025-04-09T06:37:19+00:00","description":"Quadratischer Teller, handverziert mit der Blauen Quadrat-Dekoration. Ideal f\u00fcr t\u00e4gliche Mahlzeiten und besondere Anl\u00e4sse. Abmessungen: 25,7 x 25,7 cm.","breadcrumb":{"@id":"https:\/\/poterie-de-crestet.com\/de\/keramik\/essteller-blauer-platz\/#breadcrumb"},"inLanguage":"de","potentialAction":[{"@type":"ReadAction","target":["https:\/\/poterie-de-crestet.com\/de\/keramik\/essteller-blauer-platz\/"]}]},{"@type":"ImageObject","inLanguage":"de","@id":"https:\/\/poterie-de-crestet.com\/de\/keramik\/essteller-blauer-platz\/#primaryimage","url":"https:\/\/i0.wp.com\/poterie-de-crestet.com\/wp-content\/uploads\/2025\/04\/assiette-carre-carre-bleu.jpg?fit=458%2C458&ssl=1","contentUrl":"https:\/\/i0.wp.com\/poterie-de-crestet.com\/wp-content\/uploads\/2025\/04\/assiette-carre-carre-bleu.jpg?fit=458%2C458&ssl=1","width":458,"height":458,"caption":"Blauer quadratischer Teller"},{"@type":"BreadcrumbList","@id":"https:\/\/poterie-de-crestet.com\/de\/keramik\/essteller-blauer-platz\/#breadcrumb","itemListElement":[{"@type":"ListItem","position":1,"name":"Accueil","item":"https:\/\/poterie-de-crestet.com\/de\/accueil\/"},{"@type":"ListItem","position":2,"name":"Boutique","item":"https:\/\/poterie-de-crestet.com\/ceramiques\/"},{"@type":"ListItem","position":3,"name":"Essteller Blauer Platz"}]},{"@type":"WebSite","@id":"https:\/\/poterie-de-crestet.com\/de\/#website","url":"https:\/\/poterie-de-crestet.com\/de\/","name":"Poterie de Crestet","description":"Des milliers de poteries inpir\u00e9es de la Provence","publisher":{"@id":"https:\/\/poterie-de-crestet.com\/de\/#organization"},"potentialAction":[{"@type":"SearchAction","target":{"@type":"EntryPoint","urlTemplate":"https:\/\/poterie-de-crestet.com\/de\/?s={search_term_string}"},"query-input":{"@type":"PropertyValueSpecification","valueRequired":true,"valueName":"search_term_string"}}],"inLanguage":"de"},{"@type":"Organization","@id":"https:\/\/poterie-de-crestet.com\/de\/#organization","name":"Poterie de Crestet","url":"https:\/\/poterie-de-crestet.com\/de\/","logo":{"@type":"ImageObject","inLanguage":"de","@id":"https:\/\/poterie-de-crestet.com\/de\/#\/schema\/logo\/image\/","url":"https:\/\/i0.wp.com\/poterie-de-crestet.com\/wp-content\/uploads\/2025\/03\/Propo-4.png?fit=1000%2C462&ssl=1","contentUrl":"https:\/\/i0.wp.com\/poterie-de-crestet.com\/wp-content\/uploads\/2025\/03\/Propo-4.png?fit=1000%2C462&ssl=1","width":1000,"height":462,"caption":"Poterie de Crestet"},"image":{"@id":"https:\/\/poterie-de-crestet.com\/de\/#\/schema\/logo\/image\/"}}]}},"jetpack_sharing_enabled":true,"_links":{"self":[{"href":"https:\/\/poterie-de-crestet.com\/de\/wp-json\/wp\/v2\/product\/22091","targetHints":{"allow":["GET"]}}],"collection":[{"href":"https:\/\/poterie-de-crestet.com\/de\/wp-json\/wp\/v2\/product"}],"about":[{"href":"https:\/\/poterie-de-crestet.com\/de\/wp-json\/wp\/v2\/types\/product"}],"replies":[{"embeddable":true,"href":"https:\/\/poterie-de-crestet.com\/de\/wp-json\/wp\/v2\/comments?post=22091"}],"version-history":[{"count":0,"href":"https:\/\/poterie-de-crestet.com\/de\/wp-json\/wp\/v2\/product\/22091\/revisions"}],"wp:featuredmedia":[{"embeddable":true,"href":"https:\/\/poterie-de-crestet.com\/de\/wp-json\/wp\/v2\/media\/5962"}],"wp:attachment":[{"href":"https:\/\/poterie-de-crestet.com\/de\/wp-json\/wp\/v2\/media?parent=22091"}],"wp:term":[{"taxonomy":"product_brand","embeddable":true,"href":"https:\/\/poterie-de-crestet.com\/de\/wp-json\/wp\/v2\/product_brand?post=22091"},{"taxonomy":"product_cat","embeddable":true,"href":"https:\/\/poterie-de-crestet.com\/de\/wp-json\/wp\/v2\/product_cat?post=22091"},{"taxonomy":"product_tag","embeddable":true,"href":"https:\/\/poterie-de-crestet.com\/de\/wp-json\/wp\/v2\/product_tag?post=22091"}],"curies":[{"name":"wp","href":"https:\/\/api.w.org\/{rel}","templated":true}]}}