{"id":22058,"date":"2025-04-08T10:24:25","date_gmt":"2025-04-08T08:24:25","guid":{"rendered":"https:\/\/poterie-de-crestet.com\/ceramiques\/dessertteller-schwarzer-boden\/"},"modified":"2025-04-08T10:24:25","modified_gmt":"2025-04-08T08:24:25","slug":"dessertteller-schwarzer-boden","status":"publish","type":"product","link":"https:\/\/poterie-de-crestet.com\/de\/keramik\/dessertteller-schwarzer-boden\/","title":{"rendered":"Dessertteller  <h5>Schwarzer Boden<\/h5>"},"content":{"rendered":"<p>Grafisch und elegant spielt der Sol-Noir-Dessertteller die Kontrastkarte. Es hebt perfekt ein farbenfrohes Dessert, eine Quiche-Scheibe oder sogar einen Obstsalat hervor. Sein schwarzes Dekor, n\u00fcchtern und modern, wird von Hand mit Sorgfalt angebracht, um einen Look zu schaffen, der sowohl authentisch als auch zeitgen\u00f6ssisch ist.  <\/p>\n<p>Kompatibel mit Ofen, Mikrowelle und Geschirrsp\u00fcler, eignet er sich sowohl f\u00fcr allt\u00e4gliche Mahlzeiten als auch f\u00fcr gro\u00dfe Tische mit Freunden. Wir finden sie gerne auf einem aufgebauten Tisch nach einem Spaziergang auf dem Markt in Nyons oder B\u00e9doin. <\/p>\n<p>Kombinieren Sie es mit <a href=\"https:\/\/poterie-de-crestet.com\/ceramiques\/plat-a-pizza-sol-noir\/\"><strong data-start=\"3850\" data-end=\"3875\">den gro\u00dfen Sol-Noir-Schalen<\/strong><\/a>, <a href=\"https:\/\/poterie-de-crestet.com\/ceramiques\/new-product\/\"><strong data-start=\"3881\" data-end=\"3902\">Unterlagen<\/strong><\/a> oder passenden <a href=\"https:\/\/poterie-de-crestet.com\/de\/keramik\/loeffelauflage-schwarzer-boden\/\"><strong data-start=\"3917\" data-end=\"3937\">L\u00f6ffelauflagen<\/strong><\/a> .<\/p>\n","protected":false},"excerpt":{"rendered":"<p>Feine Streifen f\u00fcr einen schicken und durchsetzungsf\u00e4higen Tisch. Ideal f\u00fcr ordentliches Dressing. <\/p>\n<p><br data-start=\"4050\" data-end=\"4053\"><strong><em>20,4 x 20,4 cm \u2013 H 2,5 cm<\/em><\/strong><\/p>\n","protected":false},"featured_media":5926,"comment_status":"open","ping_status":"closed","template":"","meta":[],"product_brand":[],"product_cat":[342],"product_tag":[229],"class_list":{"0":"post-22058","1":"product","2":"type-product","3":"status-publish","4":"has-post-thumbnail","6":"product_cat-dessertteller","7":"product_tag-schwarzer-boden","9":"first","10":"instock","11":"taxable","12":"shipping-taxable","13":"purchasable","14":"product-type-simple"},"yoast_head":"<!-- This site is optimized with the Yoast SEO plugin v27.5 - https:\/\/yoast.com\/product\/yoast-seo-wordpress\/ -->\n<title>Dessertteller Schwarzer Boden - Poterie de Crestet<\/title>\n<meta name=\"description\" content=\"Eleganter und praktischer schwarzer Sol-Dessertteller. Kombinieren Sie es mit Tassen, L\u00f6ffelruhen oder Teller desselben Dekors, um Ihre Lieblingsdesserts zur Schau zu stellen.\" \/>\n<meta name=\"robots\" content=\"index, follow, max-snippet:-1, max-image-preview:large, max-video-preview:-1\" \/>\n<link rel=\"canonical\" href=\"https:\/\/poterie-de-crestet.com\/de\/keramik\/dessertteller-schwarzer-boden\/\" \/>\n<meta property=\"og:locale\" content=\"de_DE\" \/>\n<meta property=\"og:type\" content=\"article\" \/>\n<meta property=\"og:title\" content=\"Dessertteller Schwarzer Boden - Poterie de Crestet\" \/>\n<meta property=\"og:description\" content=\"Eleganter und praktischer schwarzer Sol-Dessertteller. Kombinieren Sie es mit Tassen, L\u00f6ffelruhen oder Teller desselben Dekors, um Ihre Lieblingsdesserts zur Schau zu stellen.\" \/>\n<meta property=\"og:url\" content=\"https:\/\/poterie-de-crestet.com\/de\/keramik\/dessertteller-schwarzer-boden\/\" \/>\n<meta property=\"og:site_name\" content=\"Poterie de Crestet\" \/>\n<meta property=\"og:image\" content=\"https:\/\/i0.wp.com\/poterie-de-crestet.com\/wp-content\/uploads\/2025\/04\/assiette-carre-sol-noir.jpg?fit=458%2C458&ssl=1\" \/>\n\t<meta property=\"og:image:width\" content=\"458\" \/>\n\t<meta property=\"og:image:height\" content=\"458\" \/>\n\t<meta property=\"og:image:type\" content=\"image\/jpeg\" \/>\n<meta name=\"twitter:card\" content=\"summary_large_image\" \/>\n<meta name=\"twitter:label1\" content=\"Gesch\u00e4tzte Lesezeit\" \/>\n\t<meta name=\"twitter:data1\" content=\"1\u00a0Minute\" \/>\n<script type=\"application\/ld+json\" class=\"yoast-schema-graph\">{\"@context\":\"https:\\\/\\\/schema.org\",\"@graph\":[{\"@type\":\"WebPage\",\"@id\":\"https:\\\/\\\/poterie-de-crestet.com\\\/de\\\/keramik\\\/dessertteller-schwarzer-boden\\\/\",\"url\":\"https:\\\/\\\/poterie-de-crestet.com\\\/de\\\/keramik\\\/dessertteller-schwarzer-boden\\\/\",\"name\":\"Dessertteller Schwarzer Boden - Poterie de Crestet\",\"isPartOf\":{\"@id\":\"https:\\\/\\\/poterie-de-crestet.com\\\/de\\\/#website\"},\"primaryImageOfPage\":{\"@id\":\"https:\\\/\\\/poterie-de-crestet.com\\\/de\\\/keramik\\\/dessertteller-schwarzer-boden\\\/#primaryimage\"},\"image\":{\"@id\":\"https:\\\/\\\/poterie-de-crestet.com\\\/de\\\/keramik\\\/dessertteller-schwarzer-boden\\\/#primaryimage\"},\"thumbnailUrl\":\"https:\\\/\\\/i0.wp.com\\\/poterie-de-crestet.com\\\/wp-content\\\/uploads\\\/2025\\\/04\\\/assiette-carre-sol-noir.jpg?fit=458%2C458&ssl=1\",\"datePublished\":\"2025-04-08T08:24:25+00:00\",\"description\":\"Eleganter und praktischer schwarzer Sol-Dessertteller. Kombinieren Sie es mit Tassen, L\u00f6ffelruhen oder Teller desselben Dekors, um Ihre Lieblingsdesserts zur Schau zu stellen.\",\"breadcrumb\":{\"@id\":\"https:\\\/\\\/poterie-de-crestet.com\\\/de\\\/keramik\\\/dessertteller-schwarzer-boden\\\/#breadcrumb\"},\"inLanguage\":\"de\",\"potentialAction\":[{\"@type\":\"ReadAction\",\"target\":[\"https:\\\/\\\/poterie-de-crestet.com\\\/de\\\/keramik\\\/dessertteller-schwarzer-boden\\\/\"]}]},{\"@type\":\"ImageObject\",\"inLanguage\":\"de\",\"@id\":\"https:\\\/\\\/poterie-de-crestet.com\\\/de\\\/keramik\\\/dessertteller-schwarzer-boden\\\/#primaryimage\",\"url\":\"https:\\\/\\\/i0.wp.com\\\/poterie-de-crestet.com\\\/wp-content\\\/uploads\\\/2025\\\/04\\\/assiette-carre-sol-noir.jpg?fit=458%2C458&ssl=1\",\"contentUrl\":\"https:\\\/\\\/i0.wp.com\\\/poterie-de-crestet.com\\\/wp-content\\\/uploads\\\/2025\\\/04\\\/assiette-carre-sol-noir.jpg?fit=458%2C458&ssl=1\",\"width\":458,\"height\":458,\"caption\":\"Quadratischer schwarzer Sol-Dessert und flacher Teller\"},{\"@type\":\"BreadcrumbList\",\"@id\":\"https:\\\/\\\/poterie-de-crestet.com\\\/de\\\/keramik\\\/dessertteller-schwarzer-boden\\\/#breadcrumb\",\"itemListElement\":[{\"@type\":\"ListItem\",\"position\":1,\"name\":\"Accueil\",\"item\":\"https:\\\/\\\/poterie-de-crestet.com\\\/de\\\/accueil\\\/\"},{\"@type\":\"ListItem\",\"position\":2,\"name\":\"Boutique\",\"item\":\"https:\\\/\\\/poterie-de-crestet.com\\\/ceramiques\\\/\"},{\"@type\":\"ListItem\",\"position\":3,\"name\":\"Dessertteller Schwarzer Boden\"}]},{\"@type\":\"WebSite\",\"@id\":\"https:\\\/\\\/poterie-de-crestet.com\\\/de\\\/#website\",\"url\":\"https:\\\/\\\/poterie-de-crestet.com\\\/de\\\/\",\"name\":\"Poterie de Crestet\",\"description\":\"Des milliers de poteries inpir\u00e9es de la Provence\",\"publisher\":{\"@id\":\"https:\\\/\\\/poterie-de-crestet.com\\\/de\\\/#organization\"},\"potentialAction\":[{\"@type\":\"SearchAction\",\"target\":{\"@type\":\"EntryPoint\",\"urlTemplate\":\"https:\\\/\\\/poterie-de-crestet.com\\\/de\\\/?s={search_term_string}\"},\"query-input\":{\"@type\":\"PropertyValueSpecification\",\"valueRequired\":true,\"valueName\":\"search_term_string\"}}],\"inLanguage\":\"de\"},{\"@type\":\"Organization\",\"@id\":\"https:\\\/\\\/poterie-de-crestet.com\\\/de\\\/#organization\",\"name\":\"Poterie de Crestet\",\"url\":\"https:\\\/\\\/poterie-de-crestet.com\\\/de\\\/\",\"logo\":{\"@type\":\"ImageObject\",\"inLanguage\":\"de\",\"@id\":\"https:\\\/\\\/poterie-de-crestet.com\\\/de\\\/#\\\/schema\\\/logo\\\/image\\\/\",\"url\":\"https:\\\/\\\/i0.wp.com\\\/poterie-de-crestet.com\\\/wp-content\\\/uploads\\\/2025\\\/03\\\/Propo-4.png?fit=1000%2C462&ssl=1\",\"contentUrl\":\"https:\\\/\\\/i0.wp.com\\\/poterie-de-crestet.com\\\/wp-content\\\/uploads\\\/2025\\\/03\\\/Propo-4.png?fit=1000%2C462&ssl=1\",\"width\":1000,\"height\":462,\"caption\":\"Poterie de Crestet\"},\"image\":{\"@id\":\"https:\\\/\\\/poterie-de-crestet.com\\\/de\\\/#\\\/schema\\\/logo\\\/image\\\/\"}}]}<\/script>\n<!-- \/ Yoast SEO plugin. -->","yoast_head_json":{"title":"Dessertteller Schwarzer Boden - Poterie de Crestet","description":"Eleganter und praktischer schwarzer Sol-Dessertteller. Kombinieren Sie es mit Tassen, L\u00f6ffelruhen oder Teller desselben Dekors, um Ihre Lieblingsdesserts zur Schau zu stellen.","robots":{"index":"index","follow":"follow","max-snippet":"max-snippet:-1","max-image-preview":"max-image-preview:large","max-video-preview":"max-video-preview:-1"},"canonical":"https:\/\/poterie-de-crestet.com\/de\/keramik\/dessertteller-schwarzer-boden\/","og_locale":"de_DE","og_type":"article","og_title":"Dessertteller Schwarzer Boden - Poterie de Crestet","og_description":"Eleganter und praktischer schwarzer Sol-Dessertteller. Kombinieren Sie es mit Tassen, L\u00f6ffelruhen oder Teller desselben Dekors, um Ihre Lieblingsdesserts zur Schau zu stellen.","og_url":"https:\/\/poterie-de-crestet.com\/de\/keramik\/dessertteller-schwarzer-boden\/","og_site_name":"Poterie de Crestet","og_image":[{"width":458,"height":458,"url":"https:\/\/i0.wp.com\/poterie-de-crestet.com\/wp-content\/uploads\/2025\/04\/assiette-carre-sol-noir.jpg?fit=458%2C458&ssl=1","type":"image\/jpeg"}],"twitter_card":"summary_large_image","twitter_misc":{"Gesch\u00e4tzte Lesezeit":"1\u00a0Minute"},"schema":{"@context":"https:\/\/schema.org","@graph":[{"@type":"WebPage","@id":"https:\/\/poterie-de-crestet.com\/de\/keramik\/dessertteller-schwarzer-boden\/","url":"https:\/\/poterie-de-crestet.com\/de\/keramik\/dessertteller-schwarzer-boden\/","name":"Dessertteller Schwarzer Boden - Poterie de Crestet","isPartOf":{"@id":"https:\/\/poterie-de-crestet.com\/de\/#website"},"primaryImageOfPage":{"@id":"https:\/\/poterie-de-crestet.com\/de\/keramik\/dessertteller-schwarzer-boden\/#primaryimage"},"image":{"@id":"https:\/\/poterie-de-crestet.com\/de\/keramik\/dessertteller-schwarzer-boden\/#primaryimage"},"thumbnailUrl":"https:\/\/i0.wp.com\/poterie-de-crestet.com\/wp-content\/uploads\/2025\/04\/assiette-carre-sol-noir.jpg?fit=458%2C458&ssl=1","datePublished":"2025-04-08T08:24:25+00:00","description":"Eleganter und praktischer schwarzer Sol-Dessertteller. Kombinieren Sie es mit Tassen, L\u00f6ffelruhen oder Teller desselben Dekors, um Ihre Lieblingsdesserts zur Schau zu stellen.","breadcrumb":{"@id":"https:\/\/poterie-de-crestet.com\/de\/keramik\/dessertteller-schwarzer-boden\/#breadcrumb"},"inLanguage":"de","potentialAction":[{"@type":"ReadAction","target":["https:\/\/poterie-de-crestet.com\/de\/keramik\/dessertteller-schwarzer-boden\/"]}]},{"@type":"ImageObject","inLanguage":"de","@id":"https:\/\/poterie-de-crestet.com\/de\/keramik\/dessertteller-schwarzer-boden\/#primaryimage","url":"https:\/\/i0.wp.com\/poterie-de-crestet.com\/wp-content\/uploads\/2025\/04\/assiette-carre-sol-noir.jpg?fit=458%2C458&ssl=1","contentUrl":"https:\/\/i0.wp.com\/poterie-de-crestet.com\/wp-content\/uploads\/2025\/04\/assiette-carre-sol-noir.jpg?fit=458%2C458&ssl=1","width":458,"height":458,"caption":"Quadratischer schwarzer Sol-Dessert und flacher Teller"},{"@type":"BreadcrumbList","@id":"https:\/\/poterie-de-crestet.com\/de\/keramik\/dessertteller-schwarzer-boden\/#breadcrumb","itemListElement":[{"@type":"ListItem","position":1,"name":"Accueil","item":"https:\/\/poterie-de-crestet.com\/de\/accueil\/"},{"@type":"ListItem","position":2,"name":"Boutique","item":"https:\/\/poterie-de-crestet.com\/ceramiques\/"},{"@type":"ListItem","position":3,"name":"Dessertteller Schwarzer Boden"}]},{"@type":"WebSite","@id":"https:\/\/poterie-de-crestet.com\/de\/#website","url":"https:\/\/poterie-de-crestet.com\/de\/","name":"Poterie de Crestet","description":"Des milliers de poteries inpir\u00e9es de la Provence","publisher":{"@id":"https:\/\/poterie-de-crestet.com\/de\/#organization"},"potentialAction":[{"@type":"SearchAction","target":{"@type":"EntryPoint","urlTemplate":"https:\/\/poterie-de-crestet.com\/de\/?s={search_term_string}"},"query-input":{"@type":"PropertyValueSpecification","valueRequired":true,"valueName":"search_term_string"}}],"inLanguage":"de"},{"@type":"Organization","@id":"https:\/\/poterie-de-crestet.com\/de\/#organization","name":"Poterie de Crestet","url":"https:\/\/poterie-de-crestet.com\/de\/","logo":{"@type":"ImageObject","inLanguage":"de","@id":"https:\/\/poterie-de-crestet.com\/de\/#\/schema\/logo\/image\/","url":"https:\/\/i0.wp.com\/poterie-de-crestet.com\/wp-content\/uploads\/2025\/03\/Propo-4.png?fit=1000%2C462&ssl=1","contentUrl":"https:\/\/i0.wp.com\/poterie-de-crestet.com\/wp-content\/uploads\/2025\/03\/Propo-4.png?fit=1000%2C462&ssl=1","width":1000,"height":462,"caption":"Poterie de Crestet"},"image":{"@id":"https:\/\/poterie-de-crestet.com\/de\/#\/schema\/logo\/image\/"}}]}},"jetpack_sharing_enabled":true,"_links":{"self":[{"href":"https:\/\/poterie-de-crestet.com\/de\/wp-json\/wp\/v2\/product\/22058","targetHints":{"allow":["GET"]}}],"collection":[{"href":"https:\/\/poterie-de-crestet.com\/de\/wp-json\/wp\/v2\/product"}],"about":[{"href":"https:\/\/poterie-de-crestet.com\/de\/wp-json\/wp\/v2\/types\/product"}],"replies":[{"embeddable":true,"href":"https:\/\/poterie-de-crestet.com\/de\/wp-json\/wp\/v2\/comments?post=22058"}],"version-history":[{"count":0,"href":"https:\/\/poterie-de-crestet.com\/de\/wp-json\/wp\/v2\/product\/22058\/revisions"}],"wp:featuredmedia":[{"embeddable":true,"href":"https:\/\/poterie-de-crestet.com\/de\/wp-json\/wp\/v2\/media\/5926"}],"wp:attachment":[{"href":"https:\/\/poterie-de-crestet.com\/de\/wp-json\/wp\/v2\/media?parent=22058"}],"wp:term":[{"taxonomy":"product_brand","embeddable":true,"href":"https:\/\/poterie-de-crestet.com\/de\/wp-json\/wp\/v2\/product_brand?post=22058"},{"taxonomy":"product_cat","embeddable":true,"href":"https:\/\/poterie-de-crestet.com\/de\/wp-json\/wp\/v2\/product_cat?post=22058"},{"taxonomy":"product_tag","embeddable":true,"href":"https:\/\/poterie-de-crestet.com\/de\/wp-json\/wp\/v2\/product_tag?post=22058"}],"curies":[{"name":"wp","href":"https:\/\/api.w.org\/{rel}","templated":true}]}}