{"id":21997,"date":"2025-04-11T12:14:16","date_gmt":"2025-04-11T10:14:16","guid":{"rendered":"https:\/\/poterie-de-crestet.com\/ceramiques\/low-flat-roter-olivenbaum\/"},"modified":"2025-04-11T12:14:16","modified_gmt":"2025-04-11T10:14:16","slug":"low-flat-roter-olivenbaum","status":"publish","type":"product","link":"https:\/\/poterie-de-crestet.com\/de\/keramik\/low-flat-roter-olivenbaum\/","title":{"rendered":"Low Flat  <h5>Roter Olivenbaum<\/h5>"},"content":{"rendered":"<p data-start=\"364\" data-end=\"698\">Mit seinen handbemalten roten Oliven vereint dieses quadratische Gericht Gro\u00dfz\u00fcgigkeit und Praktikabilit\u00e4t. Perfekt zum Pr\u00e4sentieren von kaltem Ratatouille, einer Auswahl an K\u00e4se oder geschnittenem Obst, kann er sowohl am Tisch als auch als Sommerbuffet verwendet werden. Sein diskreter Rand h\u00e4lt Essen, ohne das Bild zu belasten.  <\/p>\n<p data-start=\"700\" data-end=\"974\">Das rote Olivenbaum-Dekor spricht Liebhaber einer mediterranen Atmosph\u00e4re an und passt besonders gut zu den Mimosa-Ei-Teller desselben Musters. Im Alltag findet es auch seinen Platz f\u00fcr ged\u00e4mpftes Gem\u00fcse oder Tabbouleh, das man teilen kann, ohne jemals auf dem Tisch zu kollidieren. <\/p>\n<p data-start=\"976\" data-end=\"1208\">Er kann sogar in anderen R\u00e4umen des Hauses als Tablett, Aufbewahrungstablett oder Basis f\u00fcr eine saisonale Dekoration verwendet werden. Sp\u00fclmaschinen- und Mikrowellenfest, dieses Gericht entspricht den Lebensmittelstandards f\u00fcr eine ruhige Nutzung. <\/p>\n<p data-start=\"1210\" data-end=\"1491\">Kombinieren Sie es mit unserem <a href=\"https:\/\/poterie-de-crestet.com\/de\/keramik\/moerser-roter-olivenbaum\/\"><strong data-start=\"1230\" data-end=\"1318\">Keramikm\u00f6rtel<\/strong><\/a> , um eine hausgemachte Aioli herzustellen, oder w\u00e4hlen Sie eine Kombination aus Dekorationen mit der<a href=\"https:\/\/poterie-de-crestet.com\/de\/keramik\/kuchenform-roter-platz\/\"> <strong data-start=\"1396\" data-end=\"1490\">Carr\u00e9 Rouge-Kuchenform<\/strong>.<\/a><\/p>\n","protected":false},"excerpt":{"rendered":"<p>Ein niedriges Gericht, um Vorspeisen, Gem\u00fcse oder Obst in ganz Einfachheit zu servieren. Dieses rote Olivenbaum-Dekor ruft die sonnige und gro\u00dfz\u00fcgige Provence hervor. <br data-start=\"326\" data-end=\"329\"><strong data-start=\"329\" data-end=\"362\"><em data-start=\"331\" data-end=\"360\">Ma\u00dfe: 19 \u00d7 19 \u00d7 5 cm<\/em><\/strong><\/p>\n","protected":false},"featured_media":9838,"comment_status":"open","ping_status":"closed","template":"","meta":[],"product_brand":[],"product_cat":[383],"product_tag":[256],"class_list":{"0":"post-21997","1":"product","2":"type-product","3":"status-publish","4":"has-post-thumbnail","6":"product_cat-niedrige-gerichte","7":"product_tag-rot","9":"first","10":"instock","11":"taxable","12":"shipping-taxable","13":"purchasable","14":"product-type-simple"},"yoast_head":"<!-- This site is optimized with the Yoast SEO plugin v27.5 - https:\/\/yoast.com\/product\/yoast-seo-wordpress\/ -->\n<title>Low Flat Roter Olivenbaum - Poterie de Crestet<\/title>\n<meta name=\"description\" content=\"Niedriges Gericht mit roter Olivenbaumdekoration, ideal f\u00fcr Aperitifs, rohes Gem\u00fcse oder K\u00e4se. Handbemalt, sp\u00fclmaschinenfest.\" \/>\n<meta name=\"robots\" content=\"index, follow, max-snippet:-1, max-image-preview:large, max-video-preview:-1\" \/>\n<link rel=\"canonical\" href=\"https:\/\/poterie-de-crestet.com\/de\/keramik\/low-flat-roter-olivenbaum\/\" \/>\n<meta property=\"og:locale\" content=\"de_DE\" \/>\n<meta property=\"og:type\" content=\"article\" \/>\n<meta property=\"og:title\" content=\"Low Flat Roter Olivenbaum - Poterie de Crestet\" \/>\n<meta property=\"og:description\" content=\"Niedriges Gericht mit roter Olivenbaumdekoration, ideal f\u00fcr Aperitifs, rohes Gem\u00fcse oder K\u00e4se. Handbemalt, sp\u00fclmaschinenfest.\" \/>\n<meta property=\"og:url\" content=\"https:\/\/poterie-de-crestet.com\/de\/keramik\/low-flat-roter-olivenbaum\/\" \/>\n<meta property=\"og:site_name\" content=\"Poterie de Crestet\" \/>\n<meta property=\"og:image\" content=\"https:\/\/i0.wp.com\/poterie-de-crestet.com\/wp-content\/uploads\/2025\/05\/Poterie-du-Crestet1580.jpg?fit=800%2C532&ssl=1\" \/>\n\t<meta property=\"og:image:width\" content=\"800\" \/>\n\t<meta property=\"og:image:height\" content=\"532\" \/>\n\t<meta property=\"og:image:type\" content=\"image\/jpeg\" \/>\n<meta name=\"twitter:card\" content=\"summary_large_image\" \/>\n<meta name=\"twitter:label1\" content=\"Gesch\u00e4tzte Lesezeit\" \/>\n\t<meta name=\"twitter:data1\" content=\"1\u00a0Minute\" \/>\n<script type=\"application\/ld+json\" class=\"yoast-schema-graph\">{\"@context\":\"https:\\\/\\\/schema.org\",\"@graph\":[{\"@type\":\"WebPage\",\"@id\":\"https:\\\/\\\/poterie-de-crestet.com\\\/de\\\/keramik\\\/low-flat-roter-olivenbaum\\\/\",\"url\":\"https:\\\/\\\/poterie-de-crestet.com\\\/de\\\/keramik\\\/low-flat-roter-olivenbaum\\\/\",\"name\":\"Low Flat Roter Olivenbaum - Poterie de Crestet\",\"isPartOf\":{\"@id\":\"https:\\\/\\\/poterie-de-crestet.com\\\/de\\\/#website\"},\"primaryImageOfPage\":{\"@id\":\"https:\\\/\\\/poterie-de-crestet.com\\\/de\\\/keramik\\\/low-flat-roter-olivenbaum\\\/#primaryimage\"},\"image\":{\"@id\":\"https:\\\/\\\/poterie-de-crestet.com\\\/de\\\/keramik\\\/low-flat-roter-olivenbaum\\\/#primaryimage\"},\"thumbnailUrl\":\"https:\\\/\\\/i0.wp.com\\\/poterie-de-crestet.com\\\/wp-content\\\/uploads\\\/2025\\\/05\\\/Poterie-du-Crestet1580.jpg?fit=800%2C532&ssl=1\",\"datePublished\":\"2025-04-11T10:14:16+00:00\",\"description\":\"Niedriges Gericht mit roter Olivenbaumdekoration, ideal f\u00fcr Aperitifs, rohes Gem\u00fcse oder K\u00e4se. Handbemalt, sp\u00fclmaschinenfest.\",\"breadcrumb\":{\"@id\":\"https:\\\/\\\/poterie-de-crestet.com\\\/de\\\/keramik\\\/low-flat-roter-olivenbaum\\\/#breadcrumb\"},\"inLanguage\":\"de\",\"potentialAction\":[{\"@type\":\"ReadAction\",\"target\":[\"https:\\\/\\\/poterie-de-crestet.com\\\/de\\\/keramik\\\/low-flat-roter-olivenbaum\\\/\"]}]},{\"@type\":\"ImageObject\",\"inLanguage\":\"de\",\"@id\":\"https:\\\/\\\/poterie-de-crestet.com\\\/de\\\/keramik\\\/low-flat-roter-olivenbaum\\\/#primaryimage\",\"url\":\"https:\\\/\\\/i0.wp.com\\\/poterie-de-crestet.com\\\/wp-content\\\/uploads\\\/2025\\\/05\\\/Poterie-du-Crestet1580.jpg?fit=800%2C532&ssl=1\",\"contentUrl\":\"https:\\\/\\\/i0.wp.com\\\/poterie-de-crestet.com\\\/wp-content\\\/uploads\\\/2025\\\/05\\\/Poterie-du-Crestet1580.jpg?fit=800%2C532&ssl=1\",\"width\":800,\"height\":532,\"caption\":\"Bodengericht des roten Olivenbaums\"},{\"@type\":\"BreadcrumbList\",\"@id\":\"https:\\\/\\\/poterie-de-crestet.com\\\/de\\\/keramik\\\/low-flat-roter-olivenbaum\\\/#breadcrumb\",\"itemListElement\":[{\"@type\":\"ListItem\",\"position\":1,\"name\":\"Accueil\",\"item\":\"https:\\\/\\\/poterie-de-crestet.com\\\/de\\\/accueil\\\/\"},{\"@type\":\"ListItem\",\"position\":2,\"name\":\"Boutique\",\"item\":\"https:\\\/\\\/poterie-de-crestet.com\\\/ceramiques\\\/\"},{\"@type\":\"ListItem\",\"position\":3,\"name\":\"Low Flat Roter Olivenbaum\"}]},{\"@type\":\"WebSite\",\"@id\":\"https:\\\/\\\/poterie-de-crestet.com\\\/de\\\/#website\",\"url\":\"https:\\\/\\\/poterie-de-crestet.com\\\/de\\\/\",\"name\":\"Poterie de Crestet\",\"description\":\"Des milliers de poteries inpir\u00e9es de la Provence\",\"publisher\":{\"@id\":\"https:\\\/\\\/poterie-de-crestet.com\\\/de\\\/#organization\"},\"potentialAction\":[{\"@type\":\"SearchAction\",\"target\":{\"@type\":\"EntryPoint\",\"urlTemplate\":\"https:\\\/\\\/poterie-de-crestet.com\\\/de\\\/?s={search_term_string}\"},\"query-input\":{\"@type\":\"PropertyValueSpecification\",\"valueRequired\":true,\"valueName\":\"search_term_string\"}}],\"inLanguage\":\"de\"},{\"@type\":\"Organization\",\"@id\":\"https:\\\/\\\/poterie-de-crestet.com\\\/de\\\/#organization\",\"name\":\"Poterie de Crestet\",\"url\":\"https:\\\/\\\/poterie-de-crestet.com\\\/de\\\/\",\"logo\":{\"@type\":\"ImageObject\",\"inLanguage\":\"de\",\"@id\":\"https:\\\/\\\/poterie-de-crestet.com\\\/de\\\/#\\\/schema\\\/logo\\\/image\\\/\",\"url\":\"https:\\\/\\\/i0.wp.com\\\/poterie-de-crestet.com\\\/wp-content\\\/uploads\\\/2025\\\/03\\\/Propo-4.png?fit=1000%2C462&ssl=1\",\"contentUrl\":\"https:\\\/\\\/i0.wp.com\\\/poterie-de-crestet.com\\\/wp-content\\\/uploads\\\/2025\\\/03\\\/Propo-4.png?fit=1000%2C462&ssl=1\",\"width\":1000,\"height\":462,\"caption\":\"Poterie de Crestet\"},\"image\":{\"@id\":\"https:\\\/\\\/poterie-de-crestet.com\\\/de\\\/#\\\/schema\\\/logo\\\/image\\\/\"}}]}<\/script>\n<!-- \/ Yoast SEO plugin. -->","yoast_head_json":{"title":"Low Flat Roter Olivenbaum - Poterie de Crestet","description":"Niedriges Gericht mit roter Olivenbaumdekoration, ideal f\u00fcr Aperitifs, rohes Gem\u00fcse oder K\u00e4se. Handbemalt, sp\u00fclmaschinenfest.","robots":{"index":"index","follow":"follow","max-snippet":"max-snippet:-1","max-image-preview":"max-image-preview:large","max-video-preview":"max-video-preview:-1"},"canonical":"https:\/\/poterie-de-crestet.com\/de\/keramik\/low-flat-roter-olivenbaum\/","og_locale":"de_DE","og_type":"article","og_title":"Low Flat Roter Olivenbaum - Poterie de Crestet","og_description":"Niedriges Gericht mit roter Olivenbaumdekoration, ideal f\u00fcr Aperitifs, rohes Gem\u00fcse oder K\u00e4se. Handbemalt, sp\u00fclmaschinenfest.","og_url":"https:\/\/poterie-de-crestet.com\/de\/keramik\/low-flat-roter-olivenbaum\/","og_site_name":"Poterie de Crestet","og_image":[{"width":800,"height":532,"url":"https:\/\/i0.wp.com\/poterie-de-crestet.com\/wp-content\/uploads\/2025\/05\/Poterie-du-Crestet1580.jpg?fit=800%2C532&ssl=1","type":"image\/jpeg"}],"twitter_card":"summary_large_image","twitter_misc":{"Gesch\u00e4tzte Lesezeit":"1\u00a0Minute"},"schema":{"@context":"https:\/\/schema.org","@graph":[{"@type":"WebPage","@id":"https:\/\/poterie-de-crestet.com\/de\/keramik\/low-flat-roter-olivenbaum\/","url":"https:\/\/poterie-de-crestet.com\/de\/keramik\/low-flat-roter-olivenbaum\/","name":"Low Flat Roter Olivenbaum - Poterie de Crestet","isPartOf":{"@id":"https:\/\/poterie-de-crestet.com\/de\/#website"},"primaryImageOfPage":{"@id":"https:\/\/poterie-de-crestet.com\/de\/keramik\/low-flat-roter-olivenbaum\/#primaryimage"},"image":{"@id":"https:\/\/poterie-de-crestet.com\/de\/keramik\/low-flat-roter-olivenbaum\/#primaryimage"},"thumbnailUrl":"https:\/\/i0.wp.com\/poterie-de-crestet.com\/wp-content\/uploads\/2025\/05\/Poterie-du-Crestet1580.jpg?fit=800%2C532&ssl=1","datePublished":"2025-04-11T10:14:16+00:00","description":"Niedriges Gericht mit roter Olivenbaumdekoration, ideal f\u00fcr Aperitifs, rohes Gem\u00fcse oder K\u00e4se. Handbemalt, sp\u00fclmaschinenfest.","breadcrumb":{"@id":"https:\/\/poterie-de-crestet.com\/de\/keramik\/low-flat-roter-olivenbaum\/#breadcrumb"},"inLanguage":"de","potentialAction":[{"@type":"ReadAction","target":["https:\/\/poterie-de-crestet.com\/de\/keramik\/low-flat-roter-olivenbaum\/"]}]},{"@type":"ImageObject","inLanguage":"de","@id":"https:\/\/poterie-de-crestet.com\/de\/keramik\/low-flat-roter-olivenbaum\/#primaryimage","url":"https:\/\/i0.wp.com\/poterie-de-crestet.com\/wp-content\/uploads\/2025\/05\/Poterie-du-Crestet1580.jpg?fit=800%2C532&ssl=1","contentUrl":"https:\/\/i0.wp.com\/poterie-de-crestet.com\/wp-content\/uploads\/2025\/05\/Poterie-du-Crestet1580.jpg?fit=800%2C532&ssl=1","width":800,"height":532,"caption":"Bodengericht des roten Olivenbaums"},{"@type":"BreadcrumbList","@id":"https:\/\/poterie-de-crestet.com\/de\/keramik\/low-flat-roter-olivenbaum\/#breadcrumb","itemListElement":[{"@type":"ListItem","position":1,"name":"Accueil","item":"https:\/\/poterie-de-crestet.com\/de\/accueil\/"},{"@type":"ListItem","position":2,"name":"Boutique","item":"https:\/\/poterie-de-crestet.com\/ceramiques\/"},{"@type":"ListItem","position":3,"name":"Low Flat Roter Olivenbaum"}]},{"@type":"WebSite","@id":"https:\/\/poterie-de-crestet.com\/de\/#website","url":"https:\/\/poterie-de-crestet.com\/de\/","name":"Poterie de Crestet","description":"Des milliers de poteries inpir\u00e9es de la Provence","publisher":{"@id":"https:\/\/poterie-de-crestet.com\/de\/#organization"},"potentialAction":[{"@type":"SearchAction","target":{"@type":"EntryPoint","urlTemplate":"https:\/\/poterie-de-crestet.com\/de\/?s={search_term_string}"},"query-input":{"@type":"PropertyValueSpecification","valueRequired":true,"valueName":"search_term_string"}}],"inLanguage":"de"},{"@type":"Organization","@id":"https:\/\/poterie-de-crestet.com\/de\/#organization","name":"Poterie de Crestet","url":"https:\/\/poterie-de-crestet.com\/de\/","logo":{"@type":"ImageObject","inLanguage":"de","@id":"https:\/\/poterie-de-crestet.com\/de\/#\/schema\/logo\/image\/","url":"https:\/\/i0.wp.com\/poterie-de-crestet.com\/wp-content\/uploads\/2025\/03\/Propo-4.png?fit=1000%2C462&ssl=1","contentUrl":"https:\/\/i0.wp.com\/poterie-de-crestet.com\/wp-content\/uploads\/2025\/03\/Propo-4.png?fit=1000%2C462&ssl=1","width":1000,"height":462,"caption":"Poterie de Crestet"},"image":{"@id":"https:\/\/poterie-de-crestet.com\/de\/#\/schema\/logo\/image\/"}}]}},"jetpack_sharing_enabled":true,"_links":{"self":[{"href":"https:\/\/poterie-de-crestet.com\/de\/wp-json\/wp\/v2\/product\/21997","targetHints":{"allow":["GET"]}}],"collection":[{"href":"https:\/\/poterie-de-crestet.com\/de\/wp-json\/wp\/v2\/product"}],"about":[{"href":"https:\/\/poterie-de-crestet.com\/de\/wp-json\/wp\/v2\/types\/product"}],"replies":[{"embeddable":true,"href":"https:\/\/poterie-de-crestet.com\/de\/wp-json\/wp\/v2\/comments?post=21997"}],"version-history":[{"count":0,"href":"https:\/\/poterie-de-crestet.com\/de\/wp-json\/wp\/v2\/product\/21997\/revisions"}],"wp:featuredmedia":[{"embeddable":true,"href":"https:\/\/poterie-de-crestet.com\/de\/wp-json\/wp\/v2\/media\/9838"}],"wp:attachment":[{"href":"https:\/\/poterie-de-crestet.com\/de\/wp-json\/wp\/v2\/media?parent=21997"}],"wp:term":[{"taxonomy":"product_brand","embeddable":true,"href":"https:\/\/poterie-de-crestet.com\/de\/wp-json\/wp\/v2\/product_brand?post=21997"},{"taxonomy":"product_cat","embeddable":true,"href":"https:\/\/poterie-de-crestet.com\/de\/wp-json\/wp\/v2\/product_cat?post=21997"},{"taxonomy":"product_tag","embeddable":true,"href":"https:\/\/poterie-de-crestet.com\/de\/wp-json\/wp\/v2\/product_tag?post=21997"}],"curies":[{"name":"wp","href":"https:\/\/api.w.org\/{rel}","templated":true}]}}