{"id":21940,"date":"2025-04-11T12:14:17","date_gmt":"2025-04-11T10:14:17","guid":{"rendered":"https:\/\/poterie-de-crestet.com\/ceramiques\/low-flat-olivgrauer-tuerkis\/"},"modified":"2025-04-11T12:14:17","modified_gmt":"2025-04-11T10:14:17","slug":"low-flat-olivgrauer-tuerkis","status":"publish","type":"product","link":"https:\/\/poterie-de-crestet.com\/de\/keramik\/low-flat-olivgrauer-tuerkis\/","title":{"rendered":"Low Flat  <h5>Olivgrauer T\u00fcrkis<\/h5>"},"content":{"rendered":"<p data-start=\"5451\" data-end=\"5838\">Mit seinem subtilen Kontrast zwischen Grau und T\u00fcrkis erfindet dieses Grundgericht in <em data-start=\"5554\" data-end=\"5576\">olivgrauer T\u00fcrkis-Dekoration<\/em> die Klassiker der Keramik neu. Ideal f\u00fcr kalte und warme Gerichte (ohne Kochen) ist es eine stilvolle Begleitung zu Gem\u00fcse, M\u00fcslisalaten oder verschiedenen Tapas. Seine quadratische Form optimiert den Platz auf dem Tisch oder dem Serviertablett.  <\/p>\n<p data-start=\"5840\" data-end=\"6089\">Er ist mikrowellen- und geschirrsp\u00fclerfest und entspricht den Lebensmittelstandards. Handgemalt beh\u00e4lt er leichte Unregelm\u00e4\u00dfigkeiten, die ihn charmant machen. Sie k\u00f6nnen es auch als Tablett oder Halter f\u00fcr Duftkerzen verwenden.  <\/p>\n<p data-start=\"6091\" data-end=\"6255\">F\u00fcr eine ausgewogene Komposition kombinieren Sie sie mit einer <strong data-start=\"6142\" data-end=\"6188\"><a class=\"\" href=\"https:\/\/poterie-de-crestet.com\/de\/keramik\/mittagsbecher-olivgrauer-tuerkis\/\" rel=\"noopener\" data-start=\"6144\" data-end=\"6186\">Olive Gris Turquoise Mittagsbecher<\/a><\/strong> oder kontrastieren Sie sie mit einem <strong data-start=\"6219\" data-end=\"6254\"><a class=\"\" href=\"https:\/\/poterie-de-crestet.com\/de\/keramik\/trivet-provence-2\/\" rel=\"noopener\" data-start=\"6221\" data-end=\"6252\">Provence 2 Trivet.<\/a><\/strong><\/p>\n","protected":false},"excerpt":{"rendered":"<p>Quadratischer Boden, perfekt zum Servieren oder Pr\u00e4sentieren. Das olivgraue t\u00fcrkisfarbene Dekor verleiht eine frische und zeitgen\u00f6ssische Note. <br data-start=\"5413\" data-end=\"5416\"><strong data-start=\"5416\" data-end=\"5449\"><em data-start=\"5418\" data-end=\"5447\">Ma\u00dfe: 19 \u00d7 19 \u00d7 5 cm<\/em><\/strong><\/p>\n","protected":false},"featured_media":9829,"comment_status":"open","ping_status":"closed","template":"","meta":[],"product_brand":[],"product_cat":[383],"product_tag":[192],"class_list":{"0":"post-21940","1":"product","2":"type-product","3":"status-publish","4":"has-post-thumbnail","6":"product_cat-niedrige-gerichte","7":"product_tag-olivgrauer-turkis","9":"first","10":"instock","11":"taxable","12":"shipping-taxable","13":"purchasable","14":"product-type-simple"},"yoast_head":"<!-- This site is optimized with the Yoast SEO plugin v27.5 - https:\/\/yoast.com\/product\/yoast-seo-wordpress\/ -->\n<title>Low Flat Olivgrauer T\u00fcrkis - Poterie de Crestet<\/title>\n<meta name=\"description\" content=\"Keramik-Basisschale mit olivgrauem t\u00fcrkisfarbenem Dekor, f\u00fcr Toast, Obst oder S\u00fc\u00dfigkeiten zum Pr\u00e4sentieren. Handbemalt, leicht zu reinigen.\" \/>\n<meta name=\"robots\" content=\"index, follow, max-snippet:-1, max-image-preview:large, max-video-preview:-1\" \/>\n<link rel=\"canonical\" href=\"https:\/\/poterie-de-crestet.com\/de\/keramik\/low-flat-olivgrauer-tuerkis\/\" \/>\n<meta property=\"og:locale\" content=\"de_DE\" \/>\n<meta property=\"og:type\" content=\"article\" \/>\n<meta property=\"og:title\" content=\"Low Flat Olivgrauer T\u00fcrkis - Poterie de Crestet\" \/>\n<meta property=\"og:description\" content=\"Keramik-Basisschale mit olivgrauem t\u00fcrkisfarbenem Dekor, f\u00fcr Toast, Obst oder S\u00fc\u00dfigkeiten zum Pr\u00e4sentieren. Handbemalt, leicht zu reinigen.\" \/>\n<meta property=\"og:url\" content=\"https:\/\/poterie-de-crestet.com\/de\/keramik\/low-flat-olivgrauer-tuerkis\/\" \/>\n<meta property=\"og:site_name\" content=\"Poterie de Crestet\" \/>\n<meta property=\"og:image\" content=\"https:\/\/i0.wp.com\/poterie-de-crestet.com\/wp-content\/uploads\/2025\/05\/Poterie-du-Crestet1577.jpg?fit=800%2C532&ssl=1\" \/>\n\t<meta property=\"og:image:width\" content=\"800\" \/>\n\t<meta property=\"og:image:height\" content=\"532\" \/>\n\t<meta property=\"og:image:type\" content=\"image\/jpeg\" \/>\n<meta name=\"twitter:card\" content=\"summary_large_image\" \/>\n<meta name=\"twitter:label1\" content=\"Gesch\u00e4tzte Lesezeit\" \/>\n\t<meta name=\"twitter:data1\" content=\"1\u00a0Minute\" \/>\n<script type=\"application\/ld+json\" class=\"yoast-schema-graph\">{\"@context\":\"https:\\\/\\\/schema.org\",\"@graph\":[{\"@type\":\"WebPage\",\"@id\":\"https:\\\/\\\/poterie-de-crestet.com\\\/de\\\/keramik\\\/low-flat-olivgrauer-tuerkis\\\/\",\"url\":\"https:\\\/\\\/poterie-de-crestet.com\\\/de\\\/keramik\\\/low-flat-olivgrauer-tuerkis\\\/\",\"name\":\"Low Flat Olivgrauer T\u00fcrkis - Poterie de Crestet\",\"isPartOf\":{\"@id\":\"https:\\\/\\\/poterie-de-crestet.com\\\/de\\\/#website\"},\"primaryImageOfPage\":{\"@id\":\"https:\\\/\\\/poterie-de-crestet.com\\\/de\\\/keramik\\\/low-flat-olivgrauer-tuerkis\\\/#primaryimage\"},\"image\":{\"@id\":\"https:\\\/\\\/poterie-de-crestet.com\\\/de\\\/keramik\\\/low-flat-olivgrauer-tuerkis\\\/#primaryimage\"},\"thumbnailUrl\":\"https:\\\/\\\/i0.wp.com\\\/poterie-de-crestet.com\\\/wp-content\\\/uploads\\\/2025\\\/05\\\/Poterie-du-Crestet1577.jpg?fit=800%2C532&ssl=1\",\"datePublished\":\"2025-04-11T10:14:17+00:00\",\"description\":\"Keramik-Basisschale mit olivgrauem t\u00fcrkisfarbenem Dekor, f\u00fcr Toast, Obst oder S\u00fc\u00dfigkeiten zum Pr\u00e4sentieren. Handbemalt, leicht zu reinigen.\",\"breadcrumb\":{\"@id\":\"https:\\\/\\\/poterie-de-crestet.com\\\/de\\\/keramik\\\/low-flat-olivgrauer-tuerkis\\\/#breadcrumb\"},\"inLanguage\":\"de\",\"potentialAction\":[{\"@type\":\"ReadAction\",\"target\":[\"https:\\\/\\\/poterie-de-crestet.com\\\/de\\\/keramik\\\/low-flat-olivgrauer-tuerkis\\\/\"]}]},{\"@type\":\"ImageObject\",\"inLanguage\":\"de\",\"@id\":\"https:\\\/\\\/poterie-de-crestet.com\\\/de\\\/keramik\\\/low-flat-olivgrauer-tuerkis\\\/#primaryimage\",\"url\":\"https:\\\/\\\/i0.wp.com\\\/poterie-de-crestet.com\\\/wp-content\\\/uploads\\\/2025\\\/05\\\/Poterie-du-Crestet1577.jpg?fit=800%2C532&ssl=1\",\"contentUrl\":\"https:\\\/\\\/i0.wp.com\\\/poterie-de-crestet.com\\\/wp-content\\\/uploads\\\/2025\\\/05\\\/Poterie-du-Crestet1577.jpg?fit=800%2C532&ssl=1\",\"width\":800,\"height\":532,\"caption\":\"Flacher Boden olivgrauer T\u00fcrkis\"},{\"@type\":\"BreadcrumbList\",\"@id\":\"https:\\\/\\\/poterie-de-crestet.com\\\/de\\\/keramik\\\/low-flat-olivgrauer-tuerkis\\\/#breadcrumb\",\"itemListElement\":[{\"@type\":\"ListItem\",\"position\":1,\"name\":\"Accueil\",\"item\":\"https:\\\/\\\/poterie-de-crestet.com\\\/de\\\/accueil\\\/\"},{\"@type\":\"ListItem\",\"position\":2,\"name\":\"Boutique\",\"item\":\"https:\\\/\\\/poterie-de-crestet.com\\\/ceramiques\\\/\"},{\"@type\":\"ListItem\",\"position\":3,\"name\":\"Low Flat Olivgrauer T\u00fcrkis\"}]},{\"@type\":\"WebSite\",\"@id\":\"https:\\\/\\\/poterie-de-crestet.com\\\/de\\\/#website\",\"url\":\"https:\\\/\\\/poterie-de-crestet.com\\\/de\\\/\",\"name\":\"Poterie de Crestet\",\"description\":\"Des milliers de poteries inpir\u00e9es de la Provence\",\"publisher\":{\"@id\":\"https:\\\/\\\/poterie-de-crestet.com\\\/de\\\/#organization\"},\"potentialAction\":[{\"@type\":\"SearchAction\",\"target\":{\"@type\":\"EntryPoint\",\"urlTemplate\":\"https:\\\/\\\/poterie-de-crestet.com\\\/de\\\/?s={search_term_string}\"},\"query-input\":{\"@type\":\"PropertyValueSpecification\",\"valueRequired\":true,\"valueName\":\"search_term_string\"}}],\"inLanguage\":\"de\"},{\"@type\":\"Organization\",\"@id\":\"https:\\\/\\\/poterie-de-crestet.com\\\/de\\\/#organization\",\"name\":\"Poterie de Crestet\",\"url\":\"https:\\\/\\\/poterie-de-crestet.com\\\/de\\\/\",\"logo\":{\"@type\":\"ImageObject\",\"inLanguage\":\"de\",\"@id\":\"https:\\\/\\\/poterie-de-crestet.com\\\/de\\\/#\\\/schema\\\/logo\\\/image\\\/\",\"url\":\"https:\\\/\\\/i0.wp.com\\\/poterie-de-crestet.com\\\/wp-content\\\/uploads\\\/2025\\\/03\\\/Propo-4.png?fit=1000%2C462&ssl=1\",\"contentUrl\":\"https:\\\/\\\/i0.wp.com\\\/poterie-de-crestet.com\\\/wp-content\\\/uploads\\\/2025\\\/03\\\/Propo-4.png?fit=1000%2C462&ssl=1\",\"width\":1000,\"height\":462,\"caption\":\"Poterie de Crestet\"},\"image\":{\"@id\":\"https:\\\/\\\/poterie-de-crestet.com\\\/de\\\/#\\\/schema\\\/logo\\\/image\\\/\"}}]}<\/script>\n<!-- \/ Yoast SEO plugin. -->","yoast_head_json":{"title":"Low Flat Olivgrauer T\u00fcrkis - Poterie de Crestet","description":"Keramik-Basisschale mit olivgrauem t\u00fcrkisfarbenem Dekor, f\u00fcr Toast, Obst oder S\u00fc\u00dfigkeiten zum Pr\u00e4sentieren. Handbemalt, leicht zu reinigen.","robots":{"index":"index","follow":"follow","max-snippet":"max-snippet:-1","max-image-preview":"max-image-preview:large","max-video-preview":"max-video-preview:-1"},"canonical":"https:\/\/poterie-de-crestet.com\/de\/keramik\/low-flat-olivgrauer-tuerkis\/","og_locale":"de_DE","og_type":"article","og_title":"Low Flat Olivgrauer T\u00fcrkis - Poterie de Crestet","og_description":"Keramik-Basisschale mit olivgrauem t\u00fcrkisfarbenem Dekor, f\u00fcr Toast, Obst oder S\u00fc\u00dfigkeiten zum Pr\u00e4sentieren. Handbemalt, leicht zu reinigen.","og_url":"https:\/\/poterie-de-crestet.com\/de\/keramik\/low-flat-olivgrauer-tuerkis\/","og_site_name":"Poterie de Crestet","og_image":[{"width":800,"height":532,"url":"https:\/\/i0.wp.com\/poterie-de-crestet.com\/wp-content\/uploads\/2025\/05\/Poterie-du-Crestet1577.jpg?fit=800%2C532&ssl=1","type":"image\/jpeg"}],"twitter_card":"summary_large_image","twitter_misc":{"Gesch\u00e4tzte Lesezeit":"1\u00a0Minute"},"schema":{"@context":"https:\/\/schema.org","@graph":[{"@type":"WebPage","@id":"https:\/\/poterie-de-crestet.com\/de\/keramik\/low-flat-olivgrauer-tuerkis\/","url":"https:\/\/poterie-de-crestet.com\/de\/keramik\/low-flat-olivgrauer-tuerkis\/","name":"Low Flat Olivgrauer T\u00fcrkis - Poterie de Crestet","isPartOf":{"@id":"https:\/\/poterie-de-crestet.com\/de\/#website"},"primaryImageOfPage":{"@id":"https:\/\/poterie-de-crestet.com\/de\/keramik\/low-flat-olivgrauer-tuerkis\/#primaryimage"},"image":{"@id":"https:\/\/poterie-de-crestet.com\/de\/keramik\/low-flat-olivgrauer-tuerkis\/#primaryimage"},"thumbnailUrl":"https:\/\/i0.wp.com\/poterie-de-crestet.com\/wp-content\/uploads\/2025\/05\/Poterie-du-Crestet1577.jpg?fit=800%2C532&ssl=1","datePublished":"2025-04-11T10:14:17+00:00","description":"Keramik-Basisschale mit olivgrauem t\u00fcrkisfarbenem Dekor, f\u00fcr Toast, Obst oder S\u00fc\u00dfigkeiten zum Pr\u00e4sentieren. Handbemalt, leicht zu reinigen.","breadcrumb":{"@id":"https:\/\/poterie-de-crestet.com\/de\/keramik\/low-flat-olivgrauer-tuerkis\/#breadcrumb"},"inLanguage":"de","potentialAction":[{"@type":"ReadAction","target":["https:\/\/poterie-de-crestet.com\/de\/keramik\/low-flat-olivgrauer-tuerkis\/"]}]},{"@type":"ImageObject","inLanguage":"de","@id":"https:\/\/poterie-de-crestet.com\/de\/keramik\/low-flat-olivgrauer-tuerkis\/#primaryimage","url":"https:\/\/i0.wp.com\/poterie-de-crestet.com\/wp-content\/uploads\/2025\/05\/Poterie-du-Crestet1577.jpg?fit=800%2C532&ssl=1","contentUrl":"https:\/\/i0.wp.com\/poterie-de-crestet.com\/wp-content\/uploads\/2025\/05\/Poterie-du-Crestet1577.jpg?fit=800%2C532&ssl=1","width":800,"height":532,"caption":"Flacher Boden olivgrauer T\u00fcrkis"},{"@type":"BreadcrumbList","@id":"https:\/\/poterie-de-crestet.com\/de\/keramik\/low-flat-olivgrauer-tuerkis\/#breadcrumb","itemListElement":[{"@type":"ListItem","position":1,"name":"Accueil","item":"https:\/\/poterie-de-crestet.com\/de\/accueil\/"},{"@type":"ListItem","position":2,"name":"Boutique","item":"https:\/\/poterie-de-crestet.com\/ceramiques\/"},{"@type":"ListItem","position":3,"name":"Low Flat Olivgrauer T\u00fcrkis"}]},{"@type":"WebSite","@id":"https:\/\/poterie-de-crestet.com\/de\/#website","url":"https:\/\/poterie-de-crestet.com\/de\/","name":"Poterie de Crestet","description":"Des milliers de poteries inpir\u00e9es de la Provence","publisher":{"@id":"https:\/\/poterie-de-crestet.com\/de\/#organization"},"potentialAction":[{"@type":"SearchAction","target":{"@type":"EntryPoint","urlTemplate":"https:\/\/poterie-de-crestet.com\/de\/?s={search_term_string}"},"query-input":{"@type":"PropertyValueSpecification","valueRequired":true,"valueName":"search_term_string"}}],"inLanguage":"de"},{"@type":"Organization","@id":"https:\/\/poterie-de-crestet.com\/de\/#organization","name":"Poterie de Crestet","url":"https:\/\/poterie-de-crestet.com\/de\/","logo":{"@type":"ImageObject","inLanguage":"de","@id":"https:\/\/poterie-de-crestet.com\/de\/#\/schema\/logo\/image\/","url":"https:\/\/i0.wp.com\/poterie-de-crestet.com\/wp-content\/uploads\/2025\/03\/Propo-4.png?fit=1000%2C462&ssl=1","contentUrl":"https:\/\/i0.wp.com\/poterie-de-crestet.com\/wp-content\/uploads\/2025\/03\/Propo-4.png?fit=1000%2C462&ssl=1","width":1000,"height":462,"caption":"Poterie de Crestet"},"image":{"@id":"https:\/\/poterie-de-crestet.com\/de\/#\/schema\/logo\/image\/"}}]}},"jetpack_sharing_enabled":true,"_links":{"self":[{"href":"https:\/\/poterie-de-crestet.com\/de\/wp-json\/wp\/v2\/product\/21940","targetHints":{"allow":["GET"]}}],"collection":[{"href":"https:\/\/poterie-de-crestet.com\/de\/wp-json\/wp\/v2\/product"}],"about":[{"href":"https:\/\/poterie-de-crestet.com\/de\/wp-json\/wp\/v2\/types\/product"}],"replies":[{"embeddable":true,"href":"https:\/\/poterie-de-crestet.com\/de\/wp-json\/wp\/v2\/comments?post=21940"}],"version-history":[{"count":0,"href":"https:\/\/poterie-de-crestet.com\/de\/wp-json\/wp\/v2\/product\/21940\/revisions"}],"wp:featuredmedia":[{"embeddable":true,"href":"https:\/\/poterie-de-crestet.com\/de\/wp-json\/wp\/v2\/media\/9829"}],"wp:attachment":[{"href":"https:\/\/poterie-de-crestet.com\/de\/wp-json\/wp\/v2\/media?parent=21940"}],"wp:term":[{"taxonomy":"product_brand","embeddable":true,"href":"https:\/\/poterie-de-crestet.com\/de\/wp-json\/wp\/v2\/product_brand?post=21940"},{"taxonomy":"product_cat","embeddable":true,"href":"https:\/\/poterie-de-crestet.com\/de\/wp-json\/wp\/v2\/product_cat?post=21940"},{"taxonomy":"product_tag","embeddable":true,"href":"https:\/\/poterie-de-crestet.com\/de\/wp-json\/wp\/v2\/product_tag?post=21940"}],"curies":[{"name":"wp","href":"https:\/\/api.w.org\/{rel}","templated":true}]}}