{"id":21935,"date":"2025-04-11T12:14:18","date_gmt":"2025-04-11T10:14:18","guid":{"rendered":"https:\/\/poterie-de-crestet.com\/ceramiques\/low-flat-blau\/"},"modified":"2025-04-11T12:14:18","modified_gmt":"2025-04-11T10:14:18","slug":"low-flat-blau","status":"publish","type":"product","link":"https:\/\/poterie-de-crestet.com\/de\/keramik\/low-flat-blau\/","title":{"rendered":"Low Flat  <h5>Blau<\/h5>"},"content":{"rendered":"<p data-start=\"548\" data-end=\"888\">Dieses Keramik-Grundgericht mit blauer Dekoration ist ein Klassiker f\u00fcr den Familientisch. Mit seinem runden und flachen Format ist er ideal, um ged\u00e4mpftes Gem\u00fcse, Kartoffelsalat, duftenden Reis oder buntes rohes Gem\u00fcse zu pr\u00e4sentieren. Im Sommer und Winter findet er nat\u00fcrlich seinen Platz auf einem gro\u00dfen Tisch.  <\/p>\n<p data-start=\"890\" data-end=\"1229\">Handgemalt ist es eines der zeitlosen St\u00fccke der Sammlung. Seine blaue Farbe passt perfekt zu karierten Tischdecken, neutraler Tischw\u00e4sche oder anderen leuchtenderen Dekorationen. Seine schlichte und ausgewogene Form erm\u00f6glicht es auch, es je nach Jahreszeit als Aperitif-Tablett, Obstschale oder kleines dekoratives Mittelst\u00fcck zu verwenden.  <\/p>\n<p data-start=\"1231\" data-end=\"1583\">Geschirrsp\u00fcler- und Mikrowellenfest, es erf\u00fcllt die Lebensmittelstandards und l\u00e4sst sich problemlos in einem Sideboard stapeln. Jeder Raum kann kleine Unterschiede haben, die ihn so charmant machen.<br data-start=\"1423\" data-end=\"1426\">\ud83d\udca1 Sie k\u00f6nnen sie mit der <a class=\"\" href=\"https:\/\/poterie-de-crestet.com\/de\/keramik\/oelflasche-1-l-blau\/\" rel=\"noopener\" data-start=\"1457\" data-end=\"1490\">Blue Decoration Oil Bottle<\/a> oder der <a class=\"\" href=\"https:\/\/poterie-de-crestet.com\/de\/keramik\/blue-drops-kuchenform\/\" rel=\"noopener\" data-start=\"1497\" data-end=\"1534\">Blue Drops Decoration Cake Dish<\/a> kombinieren, um einen praktischen und harmonischen Service zu kreieren. <\/p>\n","protected":false},"excerpt":{"rendered":"<p>Dieses Keramik-Basisgericht ist perfekt, um Ihre Beilagen am Tisch zu pr\u00e4sentieren: Gem\u00fcse, Reis, gemischte Salate. Das handbemalte blaue Dekor verleiht einen klassischen und eleganten Akzent. <br data-start=\"510\" data-end=\"513\"><strong data-start=\"513\" data-end=\"546\"><em data-start=\"515\" data-end=\"544\">Ma\u00dfe: 19 \u00d7 19 \u00d7 5 cm<\/em><\/strong><\/p>\n","protected":false},"featured_media":9835,"comment_status":"open","ping_status":"closed","template":"","meta":[],"product_brand":[],"product_cat":[383],"product_tag":[203],"class_list":{"0":"post-21935","1":"product","2":"type-product","3":"status-publish","4":"has-post-thumbnail","6":"product_cat-niedrige-gerichte","7":"product_tag-blau","9":"first","10":"instock","11":"taxable","12":"shipping-taxable","13":"purchasable","14":"product-type-simple"},"yoast_head":"<!-- This site is optimized with the Yoast SEO plugin v27.5 - https:\/\/yoast.com\/product\/yoast-seo-wordpress\/ -->\n<title>Low Flat Blau - Poterie de Crestet<\/title>\n<meta name=\"description\" content=\"Keramik-Pr\u00e4sentationsschale mit blauem Dekor. Ideal f\u00fcr deine (gro\u00dfen) Aperitifs, Obst oder Desserts. Handbemalt, mikrowellen- und sp\u00fclmaschinenfest.\" \/>\n<meta name=\"robots\" content=\"index, follow, max-snippet:-1, max-image-preview:large, max-video-preview:-1\" \/>\n<link rel=\"canonical\" href=\"https:\/\/poterie-de-crestet.com\/de\/keramik\/low-flat-blau\/\" \/>\n<meta property=\"og:locale\" content=\"de_DE\" \/>\n<meta property=\"og:type\" content=\"article\" \/>\n<meta property=\"og:title\" content=\"Low Flat Blau - Poterie de Crestet\" \/>\n<meta property=\"og:description\" content=\"Keramik-Pr\u00e4sentationsschale mit blauem Dekor. Ideal f\u00fcr deine (gro\u00dfen) Aperitifs, Obst oder Desserts. Handbemalt, mikrowellen- und sp\u00fclmaschinenfest.\" \/>\n<meta property=\"og:url\" content=\"https:\/\/poterie-de-crestet.com\/de\/keramik\/low-flat-blau\/\" \/>\n<meta property=\"og:site_name\" content=\"Poterie de Crestet\" \/>\n<meta property=\"og:image\" content=\"https:\/\/i0.wp.com\/poterie-de-crestet.com\/wp-content\/uploads\/2025\/05\/Poterie-du-Crestet1579.jpg?fit=800%2C532&ssl=1\" \/>\n\t<meta property=\"og:image:width\" content=\"800\" \/>\n\t<meta property=\"og:image:height\" content=\"532\" \/>\n\t<meta property=\"og:image:type\" content=\"image\/jpeg\" \/>\n<meta name=\"twitter:card\" content=\"summary_large_image\" \/>\n<meta name=\"twitter:label1\" content=\"Gesch\u00e4tzte Lesezeit\" \/>\n\t<meta name=\"twitter:data1\" content=\"1\u00a0Minute\" \/>\n<script type=\"application\/ld+json\" class=\"yoast-schema-graph\">{\"@context\":\"https:\\\/\\\/schema.org\",\"@graph\":[{\"@type\":\"WebPage\",\"@id\":\"https:\\\/\\\/poterie-de-crestet.com\\\/de\\\/keramik\\\/low-flat-blau\\\/\",\"url\":\"https:\\\/\\\/poterie-de-crestet.com\\\/de\\\/keramik\\\/low-flat-blau\\\/\",\"name\":\"Low Flat Blau - Poterie de Crestet\",\"isPartOf\":{\"@id\":\"https:\\\/\\\/poterie-de-crestet.com\\\/de\\\/#website\"},\"primaryImageOfPage\":{\"@id\":\"https:\\\/\\\/poterie-de-crestet.com\\\/de\\\/keramik\\\/low-flat-blau\\\/#primaryimage\"},\"image\":{\"@id\":\"https:\\\/\\\/poterie-de-crestet.com\\\/de\\\/keramik\\\/low-flat-blau\\\/#primaryimage\"},\"thumbnailUrl\":\"https:\\\/\\\/i0.wp.com\\\/poterie-de-crestet.com\\\/wp-content\\\/uploads\\\/2025\\\/05\\\/Poterie-du-Crestet1579.jpg?fit=800%2C532&ssl=1\",\"datePublished\":\"2025-04-11T10:14:18+00:00\",\"description\":\"Keramik-Pr\u00e4sentationsschale mit blauem Dekor. Ideal f\u00fcr deine (gro\u00dfen) Aperitifs, Obst oder Desserts. Handbemalt, mikrowellen- und sp\u00fclmaschinenfest.\",\"breadcrumb\":{\"@id\":\"https:\\\/\\\/poterie-de-crestet.com\\\/de\\\/keramik\\\/low-flat-blau\\\/#breadcrumb\"},\"inLanguage\":\"de\",\"potentialAction\":[{\"@type\":\"ReadAction\",\"target\":[\"https:\\\/\\\/poterie-de-crestet.com\\\/de\\\/keramik\\\/low-flat-blau\\\/\"]}]},{\"@type\":\"ImageObject\",\"inLanguage\":\"de\",\"@id\":\"https:\\\/\\\/poterie-de-crestet.com\\\/de\\\/keramik\\\/low-flat-blau\\\/#primaryimage\",\"url\":\"https:\\\/\\\/i0.wp.com\\\/poterie-de-crestet.com\\\/wp-content\\\/uploads\\\/2025\\\/05\\\/Poterie-du-Crestet1579.jpg?fit=800%2C532&ssl=1\",\"contentUrl\":\"https:\\\/\\\/i0.wp.com\\\/poterie-de-crestet.com\\\/wp-content\\\/uploads\\\/2025\\\/05\\\/Poterie-du-Crestet1579.jpg?fit=800%2C532&ssl=1\",\"width\":800,\"height\":532,\"caption\":\"Blauer Boden\"},{\"@type\":\"BreadcrumbList\",\"@id\":\"https:\\\/\\\/poterie-de-crestet.com\\\/de\\\/keramik\\\/low-flat-blau\\\/#breadcrumb\",\"itemListElement\":[{\"@type\":\"ListItem\",\"position\":1,\"name\":\"Accueil\",\"item\":\"https:\\\/\\\/poterie-de-crestet.com\\\/de\\\/accueil\\\/\"},{\"@type\":\"ListItem\",\"position\":2,\"name\":\"Boutique\",\"item\":\"https:\\\/\\\/poterie-de-crestet.com\\\/ceramiques\\\/\"},{\"@type\":\"ListItem\",\"position\":3,\"name\":\"Low Flat Blau\"}]},{\"@type\":\"WebSite\",\"@id\":\"https:\\\/\\\/poterie-de-crestet.com\\\/de\\\/#website\",\"url\":\"https:\\\/\\\/poterie-de-crestet.com\\\/de\\\/\",\"name\":\"Poterie de Crestet\",\"description\":\"Des milliers de poteries inpir\u00e9es de la Provence\",\"publisher\":{\"@id\":\"https:\\\/\\\/poterie-de-crestet.com\\\/de\\\/#organization\"},\"potentialAction\":[{\"@type\":\"SearchAction\",\"target\":{\"@type\":\"EntryPoint\",\"urlTemplate\":\"https:\\\/\\\/poterie-de-crestet.com\\\/de\\\/?s={search_term_string}\"},\"query-input\":{\"@type\":\"PropertyValueSpecification\",\"valueRequired\":true,\"valueName\":\"search_term_string\"}}],\"inLanguage\":\"de\"},{\"@type\":\"Organization\",\"@id\":\"https:\\\/\\\/poterie-de-crestet.com\\\/de\\\/#organization\",\"name\":\"Poterie de Crestet\",\"url\":\"https:\\\/\\\/poterie-de-crestet.com\\\/de\\\/\",\"logo\":{\"@type\":\"ImageObject\",\"inLanguage\":\"de\",\"@id\":\"https:\\\/\\\/poterie-de-crestet.com\\\/de\\\/#\\\/schema\\\/logo\\\/image\\\/\",\"url\":\"https:\\\/\\\/i0.wp.com\\\/poterie-de-crestet.com\\\/wp-content\\\/uploads\\\/2025\\\/03\\\/Propo-4.png?fit=1000%2C462&ssl=1\",\"contentUrl\":\"https:\\\/\\\/i0.wp.com\\\/poterie-de-crestet.com\\\/wp-content\\\/uploads\\\/2025\\\/03\\\/Propo-4.png?fit=1000%2C462&ssl=1\",\"width\":1000,\"height\":462,\"caption\":\"Poterie de Crestet\"},\"image\":{\"@id\":\"https:\\\/\\\/poterie-de-crestet.com\\\/de\\\/#\\\/schema\\\/logo\\\/image\\\/\"}}]}<\/script>\n<!-- \/ Yoast SEO plugin. -->","yoast_head_json":{"title":"Low Flat Blau - Poterie de Crestet","description":"Keramik-Pr\u00e4sentationsschale mit blauem Dekor. Ideal f\u00fcr deine (gro\u00dfen) Aperitifs, Obst oder Desserts. Handbemalt, mikrowellen- und sp\u00fclmaschinenfest.","robots":{"index":"index","follow":"follow","max-snippet":"max-snippet:-1","max-image-preview":"max-image-preview:large","max-video-preview":"max-video-preview:-1"},"canonical":"https:\/\/poterie-de-crestet.com\/de\/keramik\/low-flat-blau\/","og_locale":"de_DE","og_type":"article","og_title":"Low Flat Blau - Poterie de Crestet","og_description":"Keramik-Pr\u00e4sentationsschale mit blauem Dekor. Ideal f\u00fcr deine (gro\u00dfen) Aperitifs, Obst oder Desserts. Handbemalt, mikrowellen- und sp\u00fclmaschinenfest.","og_url":"https:\/\/poterie-de-crestet.com\/de\/keramik\/low-flat-blau\/","og_site_name":"Poterie de Crestet","og_image":[{"width":800,"height":532,"url":"https:\/\/i0.wp.com\/poterie-de-crestet.com\/wp-content\/uploads\/2025\/05\/Poterie-du-Crestet1579.jpg?fit=800%2C532&ssl=1","type":"image\/jpeg"}],"twitter_card":"summary_large_image","twitter_misc":{"Gesch\u00e4tzte Lesezeit":"1\u00a0Minute"},"schema":{"@context":"https:\/\/schema.org","@graph":[{"@type":"WebPage","@id":"https:\/\/poterie-de-crestet.com\/de\/keramik\/low-flat-blau\/","url":"https:\/\/poterie-de-crestet.com\/de\/keramik\/low-flat-blau\/","name":"Low Flat Blau - Poterie de Crestet","isPartOf":{"@id":"https:\/\/poterie-de-crestet.com\/de\/#website"},"primaryImageOfPage":{"@id":"https:\/\/poterie-de-crestet.com\/de\/keramik\/low-flat-blau\/#primaryimage"},"image":{"@id":"https:\/\/poterie-de-crestet.com\/de\/keramik\/low-flat-blau\/#primaryimage"},"thumbnailUrl":"https:\/\/i0.wp.com\/poterie-de-crestet.com\/wp-content\/uploads\/2025\/05\/Poterie-du-Crestet1579.jpg?fit=800%2C532&ssl=1","datePublished":"2025-04-11T10:14:18+00:00","description":"Keramik-Pr\u00e4sentationsschale mit blauem Dekor. Ideal f\u00fcr deine (gro\u00dfen) Aperitifs, Obst oder Desserts. Handbemalt, mikrowellen- und sp\u00fclmaschinenfest.","breadcrumb":{"@id":"https:\/\/poterie-de-crestet.com\/de\/keramik\/low-flat-blau\/#breadcrumb"},"inLanguage":"de","potentialAction":[{"@type":"ReadAction","target":["https:\/\/poterie-de-crestet.com\/de\/keramik\/low-flat-blau\/"]}]},{"@type":"ImageObject","inLanguage":"de","@id":"https:\/\/poterie-de-crestet.com\/de\/keramik\/low-flat-blau\/#primaryimage","url":"https:\/\/i0.wp.com\/poterie-de-crestet.com\/wp-content\/uploads\/2025\/05\/Poterie-du-Crestet1579.jpg?fit=800%2C532&ssl=1","contentUrl":"https:\/\/i0.wp.com\/poterie-de-crestet.com\/wp-content\/uploads\/2025\/05\/Poterie-du-Crestet1579.jpg?fit=800%2C532&ssl=1","width":800,"height":532,"caption":"Blauer Boden"},{"@type":"BreadcrumbList","@id":"https:\/\/poterie-de-crestet.com\/de\/keramik\/low-flat-blau\/#breadcrumb","itemListElement":[{"@type":"ListItem","position":1,"name":"Accueil","item":"https:\/\/poterie-de-crestet.com\/de\/accueil\/"},{"@type":"ListItem","position":2,"name":"Boutique","item":"https:\/\/poterie-de-crestet.com\/ceramiques\/"},{"@type":"ListItem","position":3,"name":"Low Flat Blau"}]},{"@type":"WebSite","@id":"https:\/\/poterie-de-crestet.com\/de\/#website","url":"https:\/\/poterie-de-crestet.com\/de\/","name":"Poterie de Crestet","description":"Des milliers de poteries inpir\u00e9es de la Provence","publisher":{"@id":"https:\/\/poterie-de-crestet.com\/de\/#organization"},"potentialAction":[{"@type":"SearchAction","target":{"@type":"EntryPoint","urlTemplate":"https:\/\/poterie-de-crestet.com\/de\/?s={search_term_string}"},"query-input":{"@type":"PropertyValueSpecification","valueRequired":true,"valueName":"search_term_string"}}],"inLanguage":"de"},{"@type":"Organization","@id":"https:\/\/poterie-de-crestet.com\/de\/#organization","name":"Poterie de Crestet","url":"https:\/\/poterie-de-crestet.com\/de\/","logo":{"@type":"ImageObject","inLanguage":"de","@id":"https:\/\/poterie-de-crestet.com\/de\/#\/schema\/logo\/image\/","url":"https:\/\/i0.wp.com\/poterie-de-crestet.com\/wp-content\/uploads\/2025\/03\/Propo-4.png?fit=1000%2C462&ssl=1","contentUrl":"https:\/\/i0.wp.com\/poterie-de-crestet.com\/wp-content\/uploads\/2025\/03\/Propo-4.png?fit=1000%2C462&ssl=1","width":1000,"height":462,"caption":"Poterie de Crestet"},"image":{"@id":"https:\/\/poterie-de-crestet.com\/de\/#\/schema\/logo\/image\/"}}]}},"jetpack_sharing_enabled":true,"_links":{"self":[{"href":"https:\/\/poterie-de-crestet.com\/de\/wp-json\/wp\/v2\/product\/21935","targetHints":{"allow":["GET"]}}],"collection":[{"href":"https:\/\/poterie-de-crestet.com\/de\/wp-json\/wp\/v2\/product"}],"about":[{"href":"https:\/\/poterie-de-crestet.com\/de\/wp-json\/wp\/v2\/types\/product"}],"replies":[{"embeddable":true,"href":"https:\/\/poterie-de-crestet.com\/de\/wp-json\/wp\/v2\/comments?post=21935"}],"version-history":[{"count":0,"href":"https:\/\/poterie-de-crestet.com\/de\/wp-json\/wp\/v2\/product\/21935\/revisions"}],"wp:featuredmedia":[{"embeddable":true,"href":"https:\/\/poterie-de-crestet.com\/de\/wp-json\/wp\/v2\/media\/9835"}],"wp:attachment":[{"href":"https:\/\/poterie-de-crestet.com\/de\/wp-json\/wp\/v2\/media?parent=21935"}],"wp:term":[{"taxonomy":"product_brand","embeddable":true,"href":"https:\/\/poterie-de-crestet.com\/de\/wp-json\/wp\/v2\/product_brand?post=21935"},{"taxonomy":"product_cat","embeddable":true,"href":"https:\/\/poterie-de-crestet.com\/de\/wp-json\/wp\/v2\/product_cat?post=21935"},{"taxonomy":"product_tag","embeddable":true,"href":"https:\/\/poterie-de-crestet.com\/de\/wp-json\/wp\/v2\/product_tag?post=21935"}],"curies":[{"name":"wp","href":"https:\/\/api.w.org\/{rel}","templated":true}]}}