{"id":21930,"date":"2025-04-11T12:14:17","date_gmt":"2025-04-11T10:14:17","guid":{"rendered":"https:\/\/poterie-de-crestet.com\/ceramiques\/low-flat-gruener-olivenbaum\/"},"modified":"2025-04-11T12:14:17","modified_gmt":"2025-04-11T10:14:17","slug":"low-flat-gruener-olivenbaum","status":"publish","type":"product","link":"https:\/\/poterie-de-crestet.com\/de\/keramik\/low-flat-gruener-olivenbaum\/","title":{"rendered":"Low Flat  <h5>Gr\u00fcner Olivenbaum<\/h5>"},"content":{"rendered":"<p data-start=\"1892\" data-end=\"2154\">Dieses Keramik-Basisgericht mit gr\u00fcner Olivendekoration ist ein Muss zum Teilen der Mahlzeiten. Seine quadratische Form erlaubt es dir, die Verwendungsm\u00f6glichkeiten zu variieren: Hummus mit Brotstangen servieren, rohes Gem\u00fcse zum Tauchen anordnen oder einen Vorspeisen f\u00fcr zwei anbieten. <\/p>\n<p data-start=\"2156\" data-end=\"2384\">Das Muster aus gr\u00fcnen Oliven und dichtem Laub erinnert an den pflanzlichen Reichtum der Provence. Es passt perfekt zu geselligem und sonnigem Geschirr. Seine begrenzte H\u00f6he erleichtert das Servieren und bleibt dennoch \u00e4sthetisch ansprechend.  <\/p>\n<p data-start=\"2386\" data-end=\"2629\">Sie k\u00f6nnen es auch als Tablett f\u00fcr kleine selbstgemachte Desserts, Shortbread oder Trockenfr\u00fcchte verwenden. Es l\u00e4sst sich leicht stapeln, sp\u00fclmaschinenfest und lebensmittelkonform. Die Farben halten Verschlei\u00df stand und verblassen mit der Zeit nicht.  <\/p>\n<p data-start=\"2631\" data-end=\"2906\">Um die Atmosph\u00e4re des S\u00fcdens zu verl\u00e4ngern, kombinieren Sie es mit unserer <a href=\"https:\/\/poterie-de-crestet.com\/de\/keramik\/salt-hand-provence-2\/\"><strong data-start=\"2685\" data-end=\"2775\">Provence 2 Salzhand<\/strong> <\/a>oder dem <a href=\"https:\/\/poterie-de-crestet.com\/de\/keramik\/loeffelauflage-rot\/\"><strong data-start=\"2782\" data-end=\"2872\">Red Spoon Rest<\/strong><\/a> f\u00fcr ein belebendes und kontrastreiches Duo.<\/p>\n","protected":false},"excerpt":{"rendered":"<p>Ein vielseitiges quadratisches Format zum Servieren von Gem\u00fcse, Salat oder Vorspeisen. Das gr\u00fcne Olivenbaumdekor erinnert an die Olivenhaine des S\u00fcdens. <br data-start=\"1854\" data-end=\"1857\"><strong data-start=\"1857\" data-end=\"1890\"><em data-start=\"1859\" data-end=\"1888\">Ma\u00dfe: 19 \u00d7 19 \u00d7 5 cm<\/em><\/strong><\/p>\n","protected":false},"featured_media":9865,"comment_status":"open","ping_status":"closed","template":"","meta":[],"product_brand":[],"product_cat":[383],"product_tag":[189],"class_list":{"0":"post-21930","1":"product","2":"type-product","3":"status-publish","4":"has-post-thumbnail","6":"product_cat-niedrige-gerichte","7":"product_tag-gruner-olivenbaum","9":"first","10":"instock","11":"taxable","12":"shipping-taxable","13":"purchasable","14":"product-type-simple"},"yoast_head":"<!-- This site is optimized with the Yoast SEO plugin v27.5 - https:\/\/yoast.com\/product\/yoast-seo-wordpress\/ -->\n<title>Low Flat Gr\u00fcner Olivenbaum - Poterie de Crestet<\/title>\n<meta name=\"description\" content=\"Niedriges Gericht mit gr\u00fcner Olivendekoration, um Aperitifs oder S\u00fc\u00dfigkeiten zum Teilen zu pr\u00e4sentieren. Handbemalt, sp\u00fclmaschinenfest.\" \/>\n<meta name=\"robots\" content=\"index, follow, max-snippet:-1, max-image-preview:large, max-video-preview:-1\" \/>\n<link rel=\"canonical\" href=\"https:\/\/poterie-de-crestet.com\/de\/keramik\/low-flat-gruener-olivenbaum\/\" \/>\n<meta property=\"og:locale\" content=\"de_DE\" \/>\n<meta property=\"og:type\" content=\"article\" \/>\n<meta property=\"og:title\" content=\"Low Flat Gr\u00fcner Olivenbaum - Poterie de Crestet\" \/>\n<meta property=\"og:description\" content=\"Niedriges Gericht mit gr\u00fcner Olivendekoration, um Aperitifs oder S\u00fc\u00dfigkeiten zum Teilen zu pr\u00e4sentieren. Handbemalt, sp\u00fclmaschinenfest.\" \/>\n<meta property=\"og:url\" content=\"https:\/\/poterie-de-crestet.com\/de\/keramik\/low-flat-gruener-olivenbaum\/\" \/>\n<meta property=\"og:site_name\" content=\"Poterie de Crestet\" \/>\n<meta property=\"og:image\" content=\"https:\/\/i0.wp.com\/poterie-de-crestet.com\/wp-content\/uploads\/2025\/05\/Poterie-du-Crestet1589.jpg?fit=800%2C532&ssl=1\" \/>\n\t<meta property=\"og:image:width\" content=\"800\" \/>\n\t<meta property=\"og:image:height\" content=\"532\" \/>\n\t<meta property=\"og:image:type\" content=\"image\/jpeg\" \/>\n<meta name=\"twitter:card\" content=\"summary_large_image\" \/>\n<meta name=\"twitter:label1\" content=\"Gesch\u00e4tzte Lesezeit\" \/>\n\t<meta name=\"twitter:data1\" content=\"1\u00a0Minute\" \/>\n<script type=\"application\/ld+json\" class=\"yoast-schema-graph\">{\"@context\":\"https:\\\/\\\/schema.org\",\"@graph\":[{\"@type\":\"WebPage\",\"@id\":\"https:\\\/\\\/poterie-de-crestet.com\\\/de\\\/keramik\\\/low-flat-gruener-olivenbaum\\\/\",\"url\":\"https:\\\/\\\/poterie-de-crestet.com\\\/de\\\/keramik\\\/low-flat-gruener-olivenbaum\\\/\",\"name\":\"Low Flat Gr\u00fcner Olivenbaum - Poterie de Crestet\",\"isPartOf\":{\"@id\":\"https:\\\/\\\/poterie-de-crestet.com\\\/de\\\/#website\"},\"primaryImageOfPage\":{\"@id\":\"https:\\\/\\\/poterie-de-crestet.com\\\/de\\\/keramik\\\/low-flat-gruener-olivenbaum\\\/#primaryimage\"},\"image\":{\"@id\":\"https:\\\/\\\/poterie-de-crestet.com\\\/de\\\/keramik\\\/low-flat-gruener-olivenbaum\\\/#primaryimage\"},\"thumbnailUrl\":\"https:\\\/\\\/i0.wp.com\\\/poterie-de-crestet.com\\\/wp-content\\\/uploads\\\/2025\\\/05\\\/Poterie-du-Crestet1589.jpg?fit=800%2C532&ssl=1\",\"datePublished\":\"2025-04-11T10:14:17+00:00\",\"description\":\"Niedriges Gericht mit gr\u00fcner Olivendekoration, um Aperitifs oder S\u00fc\u00dfigkeiten zum Teilen zu pr\u00e4sentieren. Handbemalt, sp\u00fclmaschinenfest.\",\"breadcrumb\":{\"@id\":\"https:\\\/\\\/poterie-de-crestet.com\\\/de\\\/keramik\\\/low-flat-gruener-olivenbaum\\\/#breadcrumb\"},\"inLanguage\":\"de\",\"potentialAction\":[{\"@type\":\"ReadAction\",\"target\":[\"https:\\\/\\\/poterie-de-crestet.com\\\/de\\\/keramik\\\/low-flat-gruener-olivenbaum\\\/\"]}]},{\"@type\":\"ImageObject\",\"inLanguage\":\"de\",\"@id\":\"https:\\\/\\\/poterie-de-crestet.com\\\/de\\\/keramik\\\/low-flat-gruener-olivenbaum\\\/#primaryimage\",\"url\":\"https:\\\/\\\/i0.wp.com\\\/poterie-de-crestet.com\\\/wp-content\\\/uploads\\\/2025\\\/05\\\/Poterie-du-Crestet1589.jpg?fit=800%2C532&ssl=1\",\"contentUrl\":\"https:\\\/\\\/i0.wp.com\\\/poterie-de-crestet.com\\\/wp-content\\\/uploads\\\/2025\\\/05\\\/Poterie-du-Crestet1589.jpg?fit=800%2C532&ssl=1\",\"width\":800,\"height\":532,\"caption\":\"Gr\u00fcner Olivenbaumboden-Gericht\"},{\"@type\":\"BreadcrumbList\",\"@id\":\"https:\\\/\\\/poterie-de-crestet.com\\\/de\\\/keramik\\\/low-flat-gruener-olivenbaum\\\/#breadcrumb\",\"itemListElement\":[{\"@type\":\"ListItem\",\"position\":1,\"name\":\"Accueil\",\"item\":\"https:\\\/\\\/poterie-de-crestet.com\\\/de\\\/accueil\\\/\"},{\"@type\":\"ListItem\",\"position\":2,\"name\":\"Boutique\",\"item\":\"https:\\\/\\\/poterie-de-crestet.com\\\/ceramiques\\\/\"},{\"@type\":\"ListItem\",\"position\":3,\"name\":\"Low Flat Gr\u00fcner Olivenbaum\"}]},{\"@type\":\"WebSite\",\"@id\":\"https:\\\/\\\/poterie-de-crestet.com\\\/de\\\/#website\",\"url\":\"https:\\\/\\\/poterie-de-crestet.com\\\/de\\\/\",\"name\":\"Poterie de Crestet\",\"description\":\"Des milliers de poteries inpir\u00e9es de la Provence\",\"publisher\":{\"@id\":\"https:\\\/\\\/poterie-de-crestet.com\\\/de\\\/#organization\"},\"potentialAction\":[{\"@type\":\"SearchAction\",\"target\":{\"@type\":\"EntryPoint\",\"urlTemplate\":\"https:\\\/\\\/poterie-de-crestet.com\\\/de\\\/?s={search_term_string}\"},\"query-input\":{\"@type\":\"PropertyValueSpecification\",\"valueRequired\":true,\"valueName\":\"search_term_string\"}}],\"inLanguage\":\"de\"},{\"@type\":\"Organization\",\"@id\":\"https:\\\/\\\/poterie-de-crestet.com\\\/de\\\/#organization\",\"name\":\"Poterie de Crestet\",\"url\":\"https:\\\/\\\/poterie-de-crestet.com\\\/de\\\/\",\"logo\":{\"@type\":\"ImageObject\",\"inLanguage\":\"de\",\"@id\":\"https:\\\/\\\/poterie-de-crestet.com\\\/de\\\/#\\\/schema\\\/logo\\\/image\\\/\",\"url\":\"https:\\\/\\\/i0.wp.com\\\/poterie-de-crestet.com\\\/wp-content\\\/uploads\\\/2025\\\/03\\\/Propo-4.png?fit=1000%2C462&ssl=1\",\"contentUrl\":\"https:\\\/\\\/i0.wp.com\\\/poterie-de-crestet.com\\\/wp-content\\\/uploads\\\/2025\\\/03\\\/Propo-4.png?fit=1000%2C462&ssl=1\",\"width\":1000,\"height\":462,\"caption\":\"Poterie de Crestet\"},\"image\":{\"@id\":\"https:\\\/\\\/poterie-de-crestet.com\\\/de\\\/#\\\/schema\\\/logo\\\/image\\\/\"}}]}<\/script>\n<!-- \/ Yoast SEO plugin. -->","yoast_head_json":{"title":"Low Flat Gr\u00fcner Olivenbaum - Poterie de Crestet","description":"Niedriges Gericht mit gr\u00fcner Olivendekoration, um Aperitifs oder S\u00fc\u00dfigkeiten zum Teilen zu pr\u00e4sentieren. Handbemalt, sp\u00fclmaschinenfest.","robots":{"index":"index","follow":"follow","max-snippet":"max-snippet:-1","max-image-preview":"max-image-preview:large","max-video-preview":"max-video-preview:-1"},"canonical":"https:\/\/poterie-de-crestet.com\/de\/keramik\/low-flat-gruener-olivenbaum\/","og_locale":"de_DE","og_type":"article","og_title":"Low Flat Gr\u00fcner Olivenbaum - Poterie de Crestet","og_description":"Niedriges Gericht mit gr\u00fcner Olivendekoration, um Aperitifs oder S\u00fc\u00dfigkeiten zum Teilen zu pr\u00e4sentieren. Handbemalt, sp\u00fclmaschinenfest.","og_url":"https:\/\/poterie-de-crestet.com\/de\/keramik\/low-flat-gruener-olivenbaum\/","og_site_name":"Poterie de Crestet","og_image":[{"width":800,"height":532,"url":"https:\/\/i0.wp.com\/poterie-de-crestet.com\/wp-content\/uploads\/2025\/05\/Poterie-du-Crestet1589.jpg?fit=800%2C532&ssl=1","type":"image\/jpeg"}],"twitter_card":"summary_large_image","twitter_misc":{"Gesch\u00e4tzte Lesezeit":"1\u00a0Minute"},"schema":{"@context":"https:\/\/schema.org","@graph":[{"@type":"WebPage","@id":"https:\/\/poterie-de-crestet.com\/de\/keramik\/low-flat-gruener-olivenbaum\/","url":"https:\/\/poterie-de-crestet.com\/de\/keramik\/low-flat-gruener-olivenbaum\/","name":"Low Flat Gr\u00fcner Olivenbaum - Poterie de Crestet","isPartOf":{"@id":"https:\/\/poterie-de-crestet.com\/de\/#website"},"primaryImageOfPage":{"@id":"https:\/\/poterie-de-crestet.com\/de\/keramik\/low-flat-gruener-olivenbaum\/#primaryimage"},"image":{"@id":"https:\/\/poterie-de-crestet.com\/de\/keramik\/low-flat-gruener-olivenbaum\/#primaryimage"},"thumbnailUrl":"https:\/\/i0.wp.com\/poterie-de-crestet.com\/wp-content\/uploads\/2025\/05\/Poterie-du-Crestet1589.jpg?fit=800%2C532&ssl=1","datePublished":"2025-04-11T10:14:17+00:00","description":"Niedriges Gericht mit gr\u00fcner Olivendekoration, um Aperitifs oder S\u00fc\u00dfigkeiten zum Teilen zu pr\u00e4sentieren. Handbemalt, sp\u00fclmaschinenfest.","breadcrumb":{"@id":"https:\/\/poterie-de-crestet.com\/de\/keramik\/low-flat-gruener-olivenbaum\/#breadcrumb"},"inLanguage":"de","potentialAction":[{"@type":"ReadAction","target":["https:\/\/poterie-de-crestet.com\/de\/keramik\/low-flat-gruener-olivenbaum\/"]}]},{"@type":"ImageObject","inLanguage":"de","@id":"https:\/\/poterie-de-crestet.com\/de\/keramik\/low-flat-gruener-olivenbaum\/#primaryimage","url":"https:\/\/i0.wp.com\/poterie-de-crestet.com\/wp-content\/uploads\/2025\/05\/Poterie-du-Crestet1589.jpg?fit=800%2C532&ssl=1","contentUrl":"https:\/\/i0.wp.com\/poterie-de-crestet.com\/wp-content\/uploads\/2025\/05\/Poterie-du-Crestet1589.jpg?fit=800%2C532&ssl=1","width":800,"height":532,"caption":"Gr\u00fcner Olivenbaumboden-Gericht"},{"@type":"BreadcrumbList","@id":"https:\/\/poterie-de-crestet.com\/de\/keramik\/low-flat-gruener-olivenbaum\/#breadcrumb","itemListElement":[{"@type":"ListItem","position":1,"name":"Accueil","item":"https:\/\/poterie-de-crestet.com\/de\/accueil\/"},{"@type":"ListItem","position":2,"name":"Boutique","item":"https:\/\/poterie-de-crestet.com\/ceramiques\/"},{"@type":"ListItem","position":3,"name":"Low Flat Gr\u00fcner Olivenbaum"}]},{"@type":"WebSite","@id":"https:\/\/poterie-de-crestet.com\/de\/#website","url":"https:\/\/poterie-de-crestet.com\/de\/","name":"Poterie de Crestet","description":"Des milliers de poteries inpir\u00e9es de la Provence","publisher":{"@id":"https:\/\/poterie-de-crestet.com\/de\/#organization"},"potentialAction":[{"@type":"SearchAction","target":{"@type":"EntryPoint","urlTemplate":"https:\/\/poterie-de-crestet.com\/de\/?s={search_term_string}"},"query-input":{"@type":"PropertyValueSpecification","valueRequired":true,"valueName":"search_term_string"}}],"inLanguage":"de"},{"@type":"Organization","@id":"https:\/\/poterie-de-crestet.com\/de\/#organization","name":"Poterie de Crestet","url":"https:\/\/poterie-de-crestet.com\/de\/","logo":{"@type":"ImageObject","inLanguage":"de","@id":"https:\/\/poterie-de-crestet.com\/de\/#\/schema\/logo\/image\/","url":"https:\/\/i0.wp.com\/poterie-de-crestet.com\/wp-content\/uploads\/2025\/03\/Propo-4.png?fit=1000%2C462&ssl=1","contentUrl":"https:\/\/i0.wp.com\/poterie-de-crestet.com\/wp-content\/uploads\/2025\/03\/Propo-4.png?fit=1000%2C462&ssl=1","width":1000,"height":462,"caption":"Poterie de Crestet"},"image":{"@id":"https:\/\/poterie-de-crestet.com\/de\/#\/schema\/logo\/image\/"}}]}},"jetpack_sharing_enabled":true,"_links":{"self":[{"href":"https:\/\/poterie-de-crestet.com\/de\/wp-json\/wp\/v2\/product\/21930","targetHints":{"allow":["GET"]}}],"collection":[{"href":"https:\/\/poterie-de-crestet.com\/de\/wp-json\/wp\/v2\/product"}],"about":[{"href":"https:\/\/poterie-de-crestet.com\/de\/wp-json\/wp\/v2\/types\/product"}],"replies":[{"embeddable":true,"href":"https:\/\/poterie-de-crestet.com\/de\/wp-json\/wp\/v2\/comments?post=21930"}],"version-history":[{"count":0,"href":"https:\/\/poterie-de-crestet.com\/de\/wp-json\/wp\/v2\/product\/21930\/revisions"}],"wp:featuredmedia":[{"embeddable":true,"href":"https:\/\/poterie-de-crestet.com\/de\/wp-json\/wp\/v2\/media\/9865"}],"wp:attachment":[{"href":"https:\/\/poterie-de-crestet.com\/de\/wp-json\/wp\/v2\/media?parent=21930"}],"wp:term":[{"taxonomy":"product_brand","embeddable":true,"href":"https:\/\/poterie-de-crestet.com\/de\/wp-json\/wp\/v2\/product_brand?post=21930"},{"taxonomy":"product_cat","embeddable":true,"href":"https:\/\/poterie-de-crestet.com\/de\/wp-json\/wp\/v2\/product_cat?post=21930"},{"taxonomy":"product_tag","embeddable":true,"href":"https:\/\/poterie-de-crestet.com\/de\/wp-json\/wp\/v2\/product_tag?post=21930"}],"curies":[{"name":"wp","href":"https:\/\/api.w.org\/{rel}","templated":true}]}}