{"id":21869,"date":"2025-04-15T11:59:44","date_gmt":"2025-04-15T09:59:44","guid":{"rendered":"https:\/\/poterie-de-crestet.com\/ceramiques\/becher-mit-griff-olivgrauer-tuerkis\/"},"modified":"2025-12-16T06:56:10","modified_gmt":"2025-12-16T05:56:10","slug":"becher-mit-griff-olivgrauer-tuerkis","status":"publish","type":"product","link":"https:\/\/poterie-de-crestet.com\/de\/keramik\/becher-mit-griff-olivgrauer-tuerkis\/","title":{"rendered":"Becher mit Griff  <h5>Olivgrauer T\u00fcrkis<\/h5>"},"content":{"rendered":"<p class=\"\" data-start=\"4713\" data-end=\"5049\">Diese Tasse und Untertasse, in olivgrauem T\u00fcrkis-Dekor, sind mit jedem Schluck ein frischer Hauch von Frische. Ideal f\u00fcr Eistees im Sommer oder hei\u00dfe Getr\u00e4nke im Winter, passt er sich an jede Tageszeit an. Sein feines Muster und die ausgewogenen T\u00f6ne sprechen Liebhaber sanfter und dennoch unverwechselbarer Designs an.  <\/p>\n<p class=\"\" data-start=\"5051\" data-end=\"5249\">Mikrowellen- und Sp\u00fclmaschinenfest, lebensmittelkonform \u2013 diese handbemalte Keramik vereint Sch\u00f6nheit und Schlichtheit. Die passende Untertasse macht sie so sauber wie praktisch zu bedienen. <\/p>\n<p class=\"\" data-start=\"5251\" data-end=\"5422\">Kombinieren Sie ihn mit dem <a class=\"\" href=\"https:\/\/poterie-de-crestet.com\/de\/keramik\/moerser-olivgrauer-tuerkis\/\" rel=\"noopener\" data-start=\"5266\" data-end=\"5299\">Olive Grey Turquoise M\u00f6rser<\/a> f\u00fcr perfekte Kontinuit\u00e4t oder spielen Sie die Farbkarte mit einer <a class=\"\" href=\"https:\/\/poterie-de-crestet.com\/de\/keramik\/kuchenform-rosa-erde\/\" rel=\"noopener\" data-start=\"5370\" data-end=\"5395\">Sol-Rosenkuchenform<\/a> f\u00fcr eine Mischung voller Pep.<\/p>\n","protected":false},"excerpt":{"rendered":"<p>Verschiedene Tasse und Untertasse, t\u00fcrkisgrau-olivgr\u00fcnes Dekor. F\u00fcr erfrischende und farbenfrohe Pausen. <br data-start=\"4671\" data-end=\"4674\"><strong data-start=\"4674\" data-end=\"4711\"><em data-start=\"4676\" data-end=\"4709\">Ma\u00dfe: 7,5 \u00d7 7,5 \u00d7 8,5 cm<\/em><\/strong><\/p>\n","protected":false},"featured_media":8808,"comment_status":"open","ping_status":"closed","template":"","meta":[],"product_brand":[],"product_cat":[380],"product_tag":[],"class_list":{"0":"post-21869","1":"product","2":"type-product","3":"status-publish","4":"has-post-thumbnail","6":"product_cat-pokalen","8":"first","9":"instock","10":"taxable","11":"shipping-taxable","12":"purchasable","13":"product-type-simple"},"yoast_head":"<!-- This site is optimized with the Yoast SEO plugin v27.5 - https:\/\/yoast.com\/product\/yoast-seo-wordpress\/ -->\n<title>Becher mit Griff Olivgrauer T\u00fcrkis - Poterie de Crestet<\/title>\n<meta name=\"description\" content=\"Tasse und Untertasse in olivgrauer t\u00fcrkisfarbener Dekoration. Elegant, farbenfroh und waschbar. F\u00fcr einen Service, der ebenso praktisch wie charmant ist.\" \/>\n<meta name=\"robots\" content=\"index, follow, max-snippet:-1, max-image-preview:large, max-video-preview:-1\" \/>\n<link rel=\"canonical\" href=\"https:\/\/poterie-de-crestet.com\/de\/keramik\/becher-mit-griff-olivgrauer-tuerkis\/\" \/>\n<meta property=\"og:locale\" content=\"de_DE\" \/>\n<meta property=\"og:type\" content=\"article\" \/>\n<meta property=\"og:title\" content=\"Becher mit Griff Olivgrauer T\u00fcrkis - Poterie de Crestet\" \/>\n<meta property=\"og:description\" content=\"Tasse und Untertasse in olivgrauer t\u00fcrkisfarbener Dekoration. Elegant, farbenfroh und waschbar. F\u00fcr einen Service, der ebenso praktisch wie charmant ist.\" \/>\n<meta property=\"og:url\" content=\"https:\/\/poterie-de-crestet.com\/de\/keramik\/becher-mit-griff-olivgrauer-tuerkis\/\" \/>\n<meta property=\"og:site_name\" content=\"Poterie de Crestet\" \/>\n<meta property=\"article:modified_time\" content=\"2025-12-16T05:56:10+00:00\" \/>\n<meta property=\"og:image\" content=\"https:\/\/i0.wp.com\/poterie-de-crestet.com\/wp-content\/uploads\/2025\/04\/tasse-a-cafe-olive-gris-turquoise.jpg?fit=458%2C458&ssl=1\" \/>\n\t<meta property=\"og:image:width\" content=\"458\" \/>\n\t<meta property=\"og:image:height\" content=\"458\" \/>\n\t<meta property=\"og:image:type\" content=\"image\/jpeg\" \/>\n<meta name=\"twitter:card\" content=\"summary_large_image\" \/>\n<meta name=\"twitter:label1\" content=\"Gesch\u00e4tzte Lesezeit\" \/>\n\t<meta name=\"twitter:data1\" content=\"1\u00a0Minute\" \/>\n<script type=\"application\/ld+json\" class=\"yoast-schema-graph\">{\"@context\":\"https:\\\/\\\/schema.org\",\"@graph\":[{\"@type\":\"WebPage\",\"@id\":\"https:\\\/\\\/poterie-de-crestet.com\\\/de\\\/keramik\\\/becher-mit-griff-olivgrauer-tuerkis\\\/\",\"url\":\"https:\\\/\\\/poterie-de-crestet.com\\\/de\\\/keramik\\\/becher-mit-griff-olivgrauer-tuerkis\\\/\",\"name\":\"Becher mit Griff Olivgrauer T\u00fcrkis - Poterie de Crestet\",\"isPartOf\":{\"@id\":\"https:\\\/\\\/poterie-de-crestet.com\\\/de\\\/#website\"},\"primaryImageOfPage\":{\"@id\":\"https:\\\/\\\/poterie-de-crestet.com\\\/de\\\/keramik\\\/becher-mit-griff-olivgrauer-tuerkis\\\/#primaryimage\"},\"image\":{\"@id\":\"https:\\\/\\\/poterie-de-crestet.com\\\/de\\\/keramik\\\/becher-mit-griff-olivgrauer-tuerkis\\\/#primaryimage\"},\"thumbnailUrl\":\"https:\\\/\\\/i0.wp.com\\\/poterie-de-crestet.com\\\/wp-content\\\/uploads\\\/2025\\\/04\\\/tasse-a-cafe-olive-gris-turquoise.jpg?fit=458%2C458&ssl=1\",\"datePublished\":\"2025-04-15T09:59:44+00:00\",\"dateModified\":\"2025-12-16T05:56:10+00:00\",\"description\":\"Tasse und Untertasse in olivgrauer t\u00fcrkisfarbener Dekoration. Elegant, farbenfroh und waschbar. F\u00fcr einen Service, der ebenso praktisch wie charmant ist.\",\"breadcrumb\":{\"@id\":\"https:\\\/\\\/poterie-de-crestet.com\\\/de\\\/keramik\\\/becher-mit-griff-olivgrauer-tuerkis\\\/#breadcrumb\"},\"inLanguage\":\"de\",\"potentialAction\":[{\"@type\":\"ReadAction\",\"target\":[\"https:\\\/\\\/poterie-de-crestet.com\\\/de\\\/keramik\\\/becher-mit-griff-olivgrauer-tuerkis\\\/\"]}]},{\"@type\":\"ImageObject\",\"inLanguage\":\"de\",\"@id\":\"https:\\\/\\\/poterie-de-crestet.com\\\/de\\\/keramik\\\/becher-mit-griff-olivgrauer-tuerkis\\\/#primaryimage\",\"url\":\"https:\\\/\\\/i0.wp.com\\\/poterie-de-crestet.com\\\/wp-content\\\/uploads\\\/2025\\\/04\\\/tasse-a-cafe-olive-gris-turquoise.jpg?fit=458%2C458&ssl=1\",\"contentUrl\":\"https:\\\/\\\/i0.wp.com\\\/poterie-de-crestet.com\\\/wp-content\\\/uploads\\\/2025\\\/04\\\/tasse-a-cafe-olive-gris-turquoise.jpg?fit=458%2C458&ssl=1\",\"width\":458,\"height\":458,\"caption\":\"Tasse mit Griff Olivgrau t\u00fcrkis\"},{\"@type\":\"BreadcrumbList\",\"@id\":\"https:\\\/\\\/poterie-de-crestet.com\\\/de\\\/keramik\\\/becher-mit-griff-olivgrauer-tuerkis\\\/#breadcrumb\",\"itemListElement\":[{\"@type\":\"ListItem\",\"position\":1,\"name\":\"Accueil\",\"item\":\"https:\\\/\\\/poterie-de-crestet.com\\\/de\\\/accueil\\\/\"},{\"@type\":\"ListItem\",\"position\":2,\"name\":\"Boutique\",\"item\":\"https:\\\/\\\/poterie-de-crestet.com\\\/ceramiques\\\/\"},{\"@type\":\"ListItem\",\"position\":3,\"name\":\"Becher mit Griff Olivgrauer T\u00fcrkis\"}]},{\"@type\":\"WebSite\",\"@id\":\"https:\\\/\\\/poterie-de-crestet.com\\\/de\\\/#website\",\"url\":\"https:\\\/\\\/poterie-de-crestet.com\\\/de\\\/\",\"name\":\"Poterie de Crestet\",\"description\":\"Des milliers de poteries inpir\u00e9es de la Provence\",\"publisher\":{\"@id\":\"https:\\\/\\\/poterie-de-crestet.com\\\/de\\\/#organization\"},\"potentialAction\":[{\"@type\":\"SearchAction\",\"target\":{\"@type\":\"EntryPoint\",\"urlTemplate\":\"https:\\\/\\\/poterie-de-crestet.com\\\/de\\\/?s={search_term_string}\"},\"query-input\":{\"@type\":\"PropertyValueSpecification\",\"valueRequired\":true,\"valueName\":\"search_term_string\"}}],\"inLanguage\":\"de\"},{\"@type\":\"Organization\",\"@id\":\"https:\\\/\\\/poterie-de-crestet.com\\\/de\\\/#organization\",\"name\":\"Poterie de Crestet\",\"url\":\"https:\\\/\\\/poterie-de-crestet.com\\\/de\\\/\",\"logo\":{\"@type\":\"ImageObject\",\"inLanguage\":\"de\",\"@id\":\"https:\\\/\\\/poterie-de-crestet.com\\\/de\\\/#\\\/schema\\\/logo\\\/image\\\/\",\"url\":\"https:\\\/\\\/i0.wp.com\\\/poterie-de-crestet.com\\\/wp-content\\\/uploads\\\/2025\\\/03\\\/Propo-4.png?fit=1000%2C462&ssl=1\",\"contentUrl\":\"https:\\\/\\\/i0.wp.com\\\/poterie-de-crestet.com\\\/wp-content\\\/uploads\\\/2025\\\/03\\\/Propo-4.png?fit=1000%2C462&ssl=1\",\"width\":1000,\"height\":462,\"caption\":\"Poterie de Crestet\"},\"image\":{\"@id\":\"https:\\\/\\\/poterie-de-crestet.com\\\/de\\\/#\\\/schema\\\/logo\\\/image\\\/\"}}]}<\/script>\n<!-- \/ Yoast SEO plugin. -->","yoast_head_json":{"title":"Becher mit Griff Olivgrauer T\u00fcrkis - Poterie de Crestet","description":"Tasse und Untertasse in olivgrauer t\u00fcrkisfarbener Dekoration. Elegant, farbenfroh und waschbar. F\u00fcr einen Service, der ebenso praktisch wie charmant ist.","robots":{"index":"index","follow":"follow","max-snippet":"max-snippet:-1","max-image-preview":"max-image-preview:large","max-video-preview":"max-video-preview:-1"},"canonical":"https:\/\/poterie-de-crestet.com\/de\/keramik\/becher-mit-griff-olivgrauer-tuerkis\/","og_locale":"de_DE","og_type":"article","og_title":"Becher mit Griff Olivgrauer T\u00fcrkis - Poterie de Crestet","og_description":"Tasse und Untertasse in olivgrauer t\u00fcrkisfarbener Dekoration. Elegant, farbenfroh und waschbar. F\u00fcr einen Service, der ebenso praktisch wie charmant ist.","og_url":"https:\/\/poterie-de-crestet.com\/de\/keramik\/becher-mit-griff-olivgrauer-tuerkis\/","og_site_name":"Poterie de Crestet","article_modified_time":"2025-12-16T05:56:10+00:00","og_image":[{"width":458,"height":458,"url":"https:\/\/i0.wp.com\/poterie-de-crestet.com\/wp-content\/uploads\/2025\/04\/tasse-a-cafe-olive-gris-turquoise.jpg?fit=458%2C458&ssl=1","type":"image\/jpeg"}],"twitter_card":"summary_large_image","twitter_misc":{"Gesch\u00e4tzte Lesezeit":"1\u00a0Minute"},"schema":{"@context":"https:\/\/schema.org","@graph":[{"@type":"WebPage","@id":"https:\/\/poterie-de-crestet.com\/de\/keramik\/becher-mit-griff-olivgrauer-tuerkis\/","url":"https:\/\/poterie-de-crestet.com\/de\/keramik\/becher-mit-griff-olivgrauer-tuerkis\/","name":"Becher mit Griff Olivgrauer T\u00fcrkis - Poterie de Crestet","isPartOf":{"@id":"https:\/\/poterie-de-crestet.com\/de\/#website"},"primaryImageOfPage":{"@id":"https:\/\/poterie-de-crestet.com\/de\/keramik\/becher-mit-griff-olivgrauer-tuerkis\/#primaryimage"},"image":{"@id":"https:\/\/poterie-de-crestet.com\/de\/keramik\/becher-mit-griff-olivgrauer-tuerkis\/#primaryimage"},"thumbnailUrl":"https:\/\/i0.wp.com\/poterie-de-crestet.com\/wp-content\/uploads\/2025\/04\/tasse-a-cafe-olive-gris-turquoise.jpg?fit=458%2C458&ssl=1","datePublished":"2025-04-15T09:59:44+00:00","dateModified":"2025-12-16T05:56:10+00:00","description":"Tasse und Untertasse in olivgrauer t\u00fcrkisfarbener Dekoration. Elegant, farbenfroh und waschbar. F\u00fcr einen Service, der ebenso praktisch wie charmant ist.","breadcrumb":{"@id":"https:\/\/poterie-de-crestet.com\/de\/keramik\/becher-mit-griff-olivgrauer-tuerkis\/#breadcrumb"},"inLanguage":"de","potentialAction":[{"@type":"ReadAction","target":["https:\/\/poterie-de-crestet.com\/de\/keramik\/becher-mit-griff-olivgrauer-tuerkis\/"]}]},{"@type":"ImageObject","inLanguage":"de","@id":"https:\/\/poterie-de-crestet.com\/de\/keramik\/becher-mit-griff-olivgrauer-tuerkis\/#primaryimage","url":"https:\/\/i0.wp.com\/poterie-de-crestet.com\/wp-content\/uploads\/2025\/04\/tasse-a-cafe-olive-gris-turquoise.jpg?fit=458%2C458&ssl=1","contentUrl":"https:\/\/i0.wp.com\/poterie-de-crestet.com\/wp-content\/uploads\/2025\/04\/tasse-a-cafe-olive-gris-turquoise.jpg?fit=458%2C458&ssl=1","width":458,"height":458,"caption":"Tasse mit Griff Olivgrau t\u00fcrkis"},{"@type":"BreadcrumbList","@id":"https:\/\/poterie-de-crestet.com\/de\/keramik\/becher-mit-griff-olivgrauer-tuerkis\/#breadcrumb","itemListElement":[{"@type":"ListItem","position":1,"name":"Accueil","item":"https:\/\/poterie-de-crestet.com\/de\/accueil\/"},{"@type":"ListItem","position":2,"name":"Boutique","item":"https:\/\/poterie-de-crestet.com\/ceramiques\/"},{"@type":"ListItem","position":3,"name":"Becher mit Griff Olivgrauer T\u00fcrkis"}]},{"@type":"WebSite","@id":"https:\/\/poterie-de-crestet.com\/de\/#website","url":"https:\/\/poterie-de-crestet.com\/de\/","name":"Poterie de Crestet","description":"Des milliers de poteries inpir\u00e9es de la Provence","publisher":{"@id":"https:\/\/poterie-de-crestet.com\/de\/#organization"},"potentialAction":[{"@type":"SearchAction","target":{"@type":"EntryPoint","urlTemplate":"https:\/\/poterie-de-crestet.com\/de\/?s={search_term_string}"},"query-input":{"@type":"PropertyValueSpecification","valueRequired":true,"valueName":"search_term_string"}}],"inLanguage":"de"},{"@type":"Organization","@id":"https:\/\/poterie-de-crestet.com\/de\/#organization","name":"Poterie de Crestet","url":"https:\/\/poterie-de-crestet.com\/de\/","logo":{"@type":"ImageObject","inLanguage":"de","@id":"https:\/\/poterie-de-crestet.com\/de\/#\/schema\/logo\/image\/","url":"https:\/\/i0.wp.com\/poterie-de-crestet.com\/wp-content\/uploads\/2025\/03\/Propo-4.png?fit=1000%2C462&ssl=1","contentUrl":"https:\/\/i0.wp.com\/poterie-de-crestet.com\/wp-content\/uploads\/2025\/03\/Propo-4.png?fit=1000%2C462&ssl=1","width":1000,"height":462,"caption":"Poterie de Crestet"},"image":{"@id":"https:\/\/poterie-de-crestet.com\/de\/#\/schema\/logo\/image\/"}}]}},"jetpack_sharing_enabled":true,"_links":{"self":[{"href":"https:\/\/poterie-de-crestet.com\/de\/wp-json\/wp\/v2\/product\/21869","targetHints":{"allow":["GET"]}}],"collection":[{"href":"https:\/\/poterie-de-crestet.com\/de\/wp-json\/wp\/v2\/product"}],"about":[{"href":"https:\/\/poterie-de-crestet.com\/de\/wp-json\/wp\/v2\/types\/product"}],"replies":[{"embeddable":true,"href":"https:\/\/poterie-de-crestet.com\/de\/wp-json\/wp\/v2\/comments?post=21869"}],"version-history":[{"count":1,"href":"https:\/\/poterie-de-crestet.com\/de\/wp-json\/wp\/v2\/product\/21869\/revisions"}],"predecessor-version":[{"id":21870,"href":"https:\/\/poterie-de-crestet.com\/de\/wp-json\/wp\/v2\/product\/21869\/revisions\/21870"}],"wp:featuredmedia":[{"embeddable":true,"href":"https:\/\/poterie-de-crestet.com\/de\/wp-json\/wp\/v2\/media\/8808"}],"wp:attachment":[{"href":"https:\/\/poterie-de-crestet.com\/de\/wp-json\/wp\/v2\/media?parent=21869"}],"wp:term":[{"taxonomy":"product_brand","embeddable":true,"href":"https:\/\/poterie-de-crestet.com\/de\/wp-json\/wp\/v2\/product_brand?post=21869"},{"taxonomy":"product_cat","embeddable":true,"href":"https:\/\/poterie-de-crestet.com\/de\/wp-json\/wp\/v2\/product_cat?post=21869"},{"taxonomy":"product_tag","embeddable":true,"href":"https:\/\/poterie-de-crestet.com\/de\/wp-json\/wp\/v2\/product_tag?post=21869"}],"curies":[{"name":"wp","href":"https:\/\/api.w.org\/{rel}","templated":true}]}}