{"id":21834,"date":"2025-04-15T11:59:44","date_gmt":"2025-04-15T09:59:44","guid":{"rendered":"https:\/\/poterie-de-crestet.com\/ceramiques\/becher-mit-griff-gruener-olivenbaum\/"},"modified":"2025-04-15T11:59:44","modified_gmt":"2025-04-15T09:59:44","slug":"becher-mit-griff-gruener-olivenbaum","status":"publish","type":"product","link":"https:\/\/poterie-de-crestet.com\/de\/keramik\/becher-mit-griff-gruener-olivenbaum\/","title":{"rendered":"Becher mit Griff  <h5>Gr\u00fcner Olivenbaum<\/h5>"},"content":{"rendered":"<p class=\"\" data-start=\"1458\" data-end=\"1742\">Mit seinem gr\u00fcnen olivgr\u00fcnen Laub und den sanften T\u00f6nen l\u00e4dt diese Tasse mit passender Untertasse zum Entspannen ein. Gr\u00fcner Tee, Filterkaffee oder abendlicher Kr\u00e4utertee: Alles steht ihm gut. Handgemalt im traditionellen provenzalischen Geistes, verf\u00fchrt er mit seiner nat\u00fcrlichen Schlichtheit.  <\/p>\n<p class=\"\" data-start=\"1744\" data-end=\"2003\">Sp\u00fclmaschinen- und Mikrowellenfest, es entspricht den Lebensmittelstandards und verleiht Ihrem Alltag einen Hauch von Charme. Seine konische Form ist leicht zu halten und die Untertasse erm\u00f6glicht es, sauber zu trinken, ohne sich Sorgen um Flecken machen zu m\u00fcssen. <\/p>\n<p class=\"\" data-start=\"2005\" data-end=\"2162\">Kombinieren Sie ihn mit dem <a class=\"\" href=\"https:\/\/poterie-de-crestet.com\/de\/keramik\/eierbecher-gruener-olivenbaum\/\" rel=\"noopener\" data-start=\"2020\" data-end=\"2047\">gr\u00fcnen Oliven-Eierbecher<\/a> f\u00fcr ein harmonisches Fr\u00fchst\u00fcck oder mit einem <a class=\"\" href=\"https:\/\/poterie-de-crestet.com\/de\/keramik\/lemon-trivet\/\" rel=\"noopener\" data-start=\"2097\" data-end=\"2124\">Zitronenuntersetzer<\/a> f\u00fcr einen frischen, zitronigen Touch.<\/p>\n","protected":false},"excerpt":{"rendered":"<p>Keramikbecher mit Untertasse, gr\u00fcne Olivenbaumdekoration. Rustikale Eleganz f\u00fcr Ihre Tee- oder Kaffeepausen. <br data-start=\"1416\" data-end=\"1419\"><strong data-start=\"1419\" data-end=\"1456\"><em data-start=\"1421\" data-end=\"1454\">Ma\u00dfe: 7,5 \u00d7 7,5 \u00d7 8,5 cm<\/em><\/strong><\/p>\n","protected":false},"featured_media":8812,"comment_status":"open","ping_status":"closed","template":"","meta":[],"product_brand":[],"product_cat":[380],"product_tag":[189],"class_list":{"0":"post-21834","1":"product","2":"type-product","3":"status-publish","4":"has-post-thumbnail","6":"product_cat-pokalen","7":"product_tag-gruner-olivenbaum","9":"first","10":"instock","11":"taxable","12":"shipping-taxable","13":"purchasable","14":"product-type-simple"},"yoast_head":"<!-- This site is optimized with the Yoast SEO plugin v27.5 - https:\/\/yoast.com\/product\/yoast-seo-wordpress\/ -->\n<title>Becher mit Griff Gr\u00fcner Olivenbaum - Poterie de Crestet<\/title>\n<meta name=\"description\" content=\"Tasse und Untertasse mit gr\u00fcner Olivenbaumdekoration. F\u00fcr Ihre hei\u00dfen Getr\u00e4nke in nat\u00fcrlicher Spirituose. Waschbar, handbemalt, mikrowellenf\u00e4hig.\" \/>\n<meta name=\"robots\" content=\"index, follow, max-snippet:-1, max-image-preview:large, max-video-preview:-1\" \/>\n<link rel=\"canonical\" href=\"https:\/\/poterie-de-crestet.com\/de\/keramik\/becher-mit-griff-gruener-olivenbaum\/\" \/>\n<meta property=\"og:locale\" content=\"de_DE\" \/>\n<meta property=\"og:type\" content=\"article\" \/>\n<meta property=\"og:title\" content=\"Becher mit Griff Gr\u00fcner Olivenbaum - Poterie de Crestet\" \/>\n<meta property=\"og:description\" content=\"Tasse und Untertasse mit gr\u00fcner Olivenbaumdekoration. F\u00fcr Ihre hei\u00dfen Getr\u00e4nke in nat\u00fcrlicher Spirituose. Waschbar, handbemalt, mikrowellenf\u00e4hig.\" \/>\n<meta property=\"og:url\" content=\"https:\/\/poterie-de-crestet.com\/de\/keramik\/becher-mit-griff-gruener-olivenbaum\/\" \/>\n<meta property=\"og:site_name\" content=\"Poterie de Crestet\" \/>\n<meta property=\"og:image\" content=\"https:\/\/i0.wp.com\/poterie-de-crestet.com\/wp-content\/uploads\/2025\/04\/tasse-a-cafe-olivier-vert.jpg?fit=458%2C458&ssl=1\" \/>\n\t<meta property=\"og:image:width\" content=\"458\" \/>\n\t<meta property=\"og:image:height\" content=\"458\" \/>\n\t<meta property=\"og:image:type\" content=\"image\/jpeg\" \/>\n<meta name=\"twitter:card\" content=\"summary_large_image\" \/>\n<meta name=\"twitter:label1\" content=\"Gesch\u00e4tzte Lesezeit\" \/>\n\t<meta name=\"twitter:data1\" content=\"1\u00a0Minute\" \/>\n<script type=\"application\/ld+json\" class=\"yoast-schema-graph\">{\"@context\":\"https:\\\/\\\/schema.org\",\"@graph\":[{\"@type\":\"WebPage\",\"@id\":\"https:\\\/\\\/poterie-de-crestet.com\\\/de\\\/keramik\\\/becher-mit-griff-gruener-olivenbaum\\\/\",\"url\":\"https:\\\/\\\/poterie-de-crestet.com\\\/de\\\/keramik\\\/becher-mit-griff-gruener-olivenbaum\\\/\",\"name\":\"Becher mit Griff Gr\u00fcner Olivenbaum - Poterie de Crestet\",\"isPartOf\":{\"@id\":\"https:\\\/\\\/poterie-de-crestet.com\\\/de\\\/#website\"},\"primaryImageOfPage\":{\"@id\":\"https:\\\/\\\/poterie-de-crestet.com\\\/de\\\/keramik\\\/becher-mit-griff-gruener-olivenbaum\\\/#primaryimage\"},\"image\":{\"@id\":\"https:\\\/\\\/poterie-de-crestet.com\\\/de\\\/keramik\\\/becher-mit-griff-gruener-olivenbaum\\\/#primaryimage\"},\"thumbnailUrl\":\"https:\\\/\\\/i0.wp.com\\\/poterie-de-crestet.com\\\/wp-content\\\/uploads\\\/2025\\\/04\\\/tasse-a-cafe-olivier-vert.jpg?fit=458%2C458&ssl=1\",\"datePublished\":\"2025-04-15T09:59:44+00:00\",\"description\":\"Tasse und Untertasse mit gr\u00fcner Olivenbaumdekoration. F\u00fcr Ihre hei\u00dfen Getr\u00e4nke in nat\u00fcrlicher Spirituose. Waschbar, handbemalt, mikrowellenf\u00e4hig.\",\"breadcrumb\":{\"@id\":\"https:\\\/\\\/poterie-de-crestet.com\\\/de\\\/keramik\\\/becher-mit-griff-gruener-olivenbaum\\\/#breadcrumb\"},\"inLanguage\":\"de\",\"potentialAction\":[{\"@type\":\"ReadAction\",\"target\":[\"https:\\\/\\\/poterie-de-crestet.com\\\/de\\\/keramik\\\/becher-mit-griff-gruener-olivenbaum\\\/\"]}]},{\"@type\":\"ImageObject\",\"inLanguage\":\"de\",\"@id\":\"https:\\\/\\\/poterie-de-crestet.com\\\/de\\\/keramik\\\/becher-mit-griff-gruener-olivenbaum\\\/#primaryimage\",\"url\":\"https:\\\/\\\/i0.wp.com\\\/poterie-de-crestet.com\\\/wp-content\\\/uploads\\\/2025\\\/04\\\/tasse-a-cafe-olivier-vert.jpg?fit=458%2C458&ssl=1\",\"contentUrl\":\"https:\\\/\\\/i0.wp.com\\\/poterie-de-crestet.com\\\/wp-content\\\/uploads\\\/2025\\\/04\\\/tasse-a-cafe-olivier-vert.jpg?fit=458%2C458&ssl=1\",\"width\":458,\"height\":458,\"caption\":\"Tasse mit gr\u00fcn-olivgr\u00fcnem Griff\"},{\"@type\":\"BreadcrumbList\",\"@id\":\"https:\\\/\\\/poterie-de-crestet.com\\\/de\\\/keramik\\\/becher-mit-griff-gruener-olivenbaum\\\/#breadcrumb\",\"itemListElement\":[{\"@type\":\"ListItem\",\"position\":1,\"name\":\"Accueil\",\"item\":\"https:\\\/\\\/poterie-de-crestet.com\\\/de\\\/accueil\\\/\"},{\"@type\":\"ListItem\",\"position\":2,\"name\":\"Boutique\",\"item\":\"https:\\\/\\\/poterie-de-crestet.com\\\/ceramiques\\\/\"},{\"@type\":\"ListItem\",\"position\":3,\"name\":\"Becher mit Griff Gr\u00fcner Olivenbaum\"}]},{\"@type\":\"WebSite\",\"@id\":\"https:\\\/\\\/poterie-de-crestet.com\\\/de\\\/#website\",\"url\":\"https:\\\/\\\/poterie-de-crestet.com\\\/de\\\/\",\"name\":\"Poterie de Crestet\",\"description\":\"Des milliers de poteries inpir\u00e9es de la Provence\",\"publisher\":{\"@id\":\"https:\\\/\\\/poterie-de-crestet.com\\\/de\\\/#organization\"},\"potentialAction\":[{\"@type\":\"SearchAction\",\"target\":{\"@type\":\"EntryPoint\",\"urlTemplate\":\"https:\\\/\\\/poterie-de-crestet.com\\\/de\\\/?s={search_term_string}\"},\"query-input\":{\"@type\":\"PropertyValueSpecification\",\"valueRequired\":true,\"valueName\":\"search_term_string\"}}],\"inLanguage\":\"de\"},{\"@type\":\"Organization\",\"@id\":\"https:\\\/\\\/poterie-de-crestet.com\\\/de\\\/#organization\",\"name\":\"Poterie de Crestet\",\"url\":\"https:\\\/\\\/poterie-de-crestet.com\\\/de\\\/\",\"logo\":{\"@type\":\"ImageObject\",\"inLanguage\":\"de\",\"@id\":\"https:\\\/\\\/poterie-de-crestet.com\\\/de\\\/#\\\/schema\\\/logo\\\/image\\\/\",\"url\":\"https:\\\/\\\/i0.wp.com\\\/poterie-de-crestet.com\\\/wp-content\\\/uploads\\\/2025\\\/03\\\/Propo-4.png?fit=1000%2C462&ssl=1\",\"contentUrl\":\"https:\\\/\\\/i0.wp.com\\\/poterie-de-crestet.com\\\/wp-content\\\/uploads\\\/2025\\\/03\\\/Propo-4.png?fit=1000%2C462&ssl=1\",\"width\":1000,\"height\":462,\"caption\":\"Poterie de Crestet\"},\"image\":{\"@id\":\"https:\\\/\\\/poterie-de-crestet.com\\\/de\\\/#\\\/schema\\\/logo\\\/image\\\/\"}}]}<\/script>\n<!-- \/ Yoast SEO plugin. -->","yoast_head_json":{"title":"Becher mit Griff Gr\u00fcner Olivenbaum - Poterie de Crestet","description":"Tasse und Untertasse mit gr\u00fcner Olivenbaumdekoration. F\u00fcr Ihre hei\u00dfen Getr\u00e4nke in nat\u00fcrlicher Spirituose. Waschbar, handbemalt, mikrowellenf\u00e4hig.","robots":{"index":"index","follow":"follow","max-snippet":"max-snippet:-1","max-image-preview":"max-image-preview:large","max-video-preview":"max-video-preview:-1"},"canonical":"https:\/\/poterie-de-crestet.com\/de\/keramik\/becher-mit-griff-gruener-olivenbaum\/","og_locale":"de_DE","og_type":"article","og_title":"Becher mit Griff Gr\u00fcner Olivenbaum - Poterie de Crestet","og_description":"Tasse und Untertasse mit gr\u00fcner Olivenbaumdekoration. F\u00fcr Ihre hei\u00dfen Getr\u00e4nke in nat\u00fcrlicher Spirituose. Waschbar, handbemalt, mikrowellenf\u00e4hig.","og_url":"https:\/\/poterie-de-crestet.com\/de\/keramik\/becher-mit-griff-gruener-olivenbaum\/","og_site_name":"Poterie de Crestet","og_image":[{"width":458,"height":458,"url":"https:\/\/i0.wp.com\/poterie-de-crestet.com\/wp-content\/uploads\/2025\/04\/tasse-a-cafe-olivier-vert.jpg?fit=458%2C458&ssl=1","type":"image\/jpeg"}],"twitter_card":"summary_large_image","twitter_misc":{"Gesch\u00e4tzte Lesezeit":"1\u00a0Minute"},"schema":{"@context":"https:\/\/schema.org","@graph":[{"@type":"WebPage","@id":"https:\/\/poterie-de-crestet.com\/de\/keramik\/becher-mit-griff-gruener-olivenbaum\/","url":"https:\/\/poterie-de-crestet.com\/de\/keramik\/becher-mit-griff-gruener-olivenbaum\/","name":"Becher mit Griff Gr\u00fcner Olivenbaum - Poterie de Crestet","isPartOf":{"@id":"https:\/\/poterie-de-crestet.com\/de\/#website"},"primaryImageOfPage":{"@id":"https:\/\/poterie-de-crestet.com\/de\/keramik\/becher-mit-griff-gruener-olivenbaum\/#primaryimage"},"image":{"@id":"https:\/\/poterie-de-crestet.com\/de\/keramik\/becher-mit-griff-gruener-olivenbaum\/#primaryimage"},"thumbnailUrl":"https:\/\/i0.wp.com\/poterie-de-crestet.com\/wp-content\/uploads\/2025\/04\/tasse-a-cafe-olivier-vert.jpg?fit=458%2C458&ssl=1","datePublished":"2025-04-15T09:59:44+00:00","description":"Tasse und Untertasse mit gr\u00fcner Olivenbaumdekoration. F\u00fcr Ihre hei\u00dfen Getr\u00e4nke in nat\u00fcrlicher Spirituose. Waschbar, handbemalt, mikrowellenf\u00e4hig.","breadcrumb":{"@id":"https:\/\/poterie-de-crestet.com\/de\/keramik\/becher-mit-griff-gruener-olivenbaum\/#breadcrumb"},"inLanguage":"de","potentialAction":[{"@type":"ReadAction","target":["https:\/\/poterie-de-crestet.com\/de\/keramik\/becher-mit-griff-gruener-olivenbaum\/"]}]},{"@type":"ImageObject","inLanguage":"de","@id":"https:\/\/poterie-de-crestet.com\/de\/keramik\/becher-mit-griff-gruener-olivenbaum\/#primaryimage","url":"https:\/\/i0.wp.com\/poterie-de-crestet.com\/wp-content\/uploads\/2025\/04\/tasse-a-cafe-olivier-vert.jpg?fit=458%2C458&ssl=1","contentUrl":"https:\/\/i0.wp.com\/poterie-de-crestet.com\/wp-content\/uploads\/2025\/04\/tasse-a-cafe-olivier-vert.jpg?fit=458%2C458&ssl=1","width":458,"height":458,"caption":"Tasse mit gr\u00fcn-olivgr\u00fcnem Griff"},{"@type":"BreadcrumbList","@id":"https:\/\/poterie-de-crestet.com\/de\/keramik\/becher-mit-griff-gruener-olivenbaum\/#breadcrumb","itemListElement":[{"@type":"ListItem","position":1,"name":"Accueil","item":"https:\/\/poterie-de-crestet.com\/de\/accueil\/"},{"@type":"ListItem","position":2,"name":"Boutique","item":"https:\/\/poterie-de-crestet.com\/ceramiques\/"},{"@type":"ListItem","position":3,"name":"Becher mit Griff Gr\u00fcner Olivenbaum"}]},{"@type":"WebSite","@id":"https:\/\/poterie-de-crestet.com\/de\/#website","url":"https:\/\/poterie-de-crestet.com\/de\/","name":"Poterie de Crestet","description":"Des milliers de poteries inpir\u00e9es de la Provence","publisher":{"@id":"https:\/\/poterie-de-crestet.com\/de\/#organization"},"potentialAction":[{"@type":"SearchAction","target":{"@type":"EntryPoint","urlTemplate":"https:\/\/poterie-de-crestet.com\/de\/?s={search_term_string}"},"query-input":{"@type":"PropertyValueSpecification","valueRequired":true,"valueName":"search_term_string"}}],"inLanguage":"de"},{"@type":"Organization","@id":"https:\/\/poterie-de-crestet.com\/de\/#organization","name":"Poterie de Crestet","url":"https:\/\/poterie-de-crestet.com\/de\/","logo":{"@type":"ImageObject","inLanguage":"de","@id":"https:\/\/poterie-de-crestet.com\/de\/#\/schema\/logo\/image\/","url":"https:\/\/i0.wp.com\/poterie-de-crestet.com\/wp-content\/uploads\/2025\/03\/Propo-4.png?fit=1000%2C462&ssl=1","contentUrl":"https:\/\/i0.wp.com\/poterie-de-crestet.com\/wp-content\/uploads\/2025\/03\/Propo-4.png?fit=1000%2C462&ssl=1","width":1000,"height":462,"caption":"Poterie de Crestet"},"image":{"@id":"https:\/\/poterie-de-crestet.com\/de\/#\/schema\/logo\/image\/"}}]}},"jetpack_sharing_enabled":true,"_links":{"self":[{"href":"https:\/\/poterie-de-crestet.com\/de\/wp-json\/wp\/v2\/product\/21834","targetHints":{"allow":["GET"]}}],"collection":[{"href":"https:\/\/poterie-de-crestet.com\/de\/wp-json\/wp\/v2\/product"}],"about":[{"href":"https:\/\/poterie-de-crestet.com\/de\/wp-json\/wp\/v2\/types\/product"}],"replies":[{"embeddable":true,"href":"https:\/\/poterie-de-crestet.com\/de\/wp-json\/wp\/v2\/comments?post=21834"}],"version-history":[{"count":0,"href":"https:\/\/poterie-de-crestet.com\/de\/wp-json\/wp\/v2\/product\/21834\/revisions"}],"wp:featuredmedia":[{"embeddable":true,"href":"https:\/\/poterie-de-crestet.com\/de\/wp-json\/wp\/v2\/media\/8812"}],"wp:attachment":[{"href":"https:\/\/poterie-de-crestet.com\/de\/wp-json\/wp\/v2\/media?parent=21834"}],"wp:term":[{"taxonomy":"product_brand","embeddable":true,"href":"https:\/\/poterie-de-crestet.com\/de\/wp-json\/wp\/v2\/product_brand?post=21834"},{"taxonomy":"product_cat","embeddable":true,"href":"https:\/\/poterie-de-crestet.com\/de\/wp-json\/wp\/v2\/product_cat?post=21834"},{"taxonomy":"product_tag","embeddable":true,"href":"https:\/\/poterie-de-crestet.com\/de\/wp-json\/wp\/v2\/product_tag?post=21834"}],"curies":[{"name":"wp","href":"https:\/\/api.w.org\/{rel}","templated":true}]}}