{"id":21832,"date":"2025-04-15T11:59:44","date_gmt":"2025-04-15T09:59:44","guid":{"rendered":"https:\/\/poterie-de-crestet.com\/ceramiques\/becher-mit-griff-fliedergraue-olive\/"},"modified":"2025-04-15T11:59:44","modified_gmt":"2025-04-15T09:59:44","slug":"becher-mit-griff-fliedergraue-olive","status":"publish","type":"product","link":"https:\/\/poterie-de-crestet.com\/de\/keramik\/becher-mit-griff-fliedergraue-olive\/","title":{"rendered":"Becher mit Griff  <h5>Fliedergraue Olive<\/h5>"},"content":{"rendered":"<p class=\"\" data-start=\"2537\" data-end=\"2826\">Mit ihren sanften grauen Reflexen und fliederfarbenen Akzenten sind diese Tasse und die passende Untertasse im Olive Lilac-Dekor ideal f\u00fcr alle, die beruhigende Atmosph\u00e4ren lieben. Blumentee, Morgenkaffee oder Snackschokolade: Es passt sich allen W\u00fcnschen an. <\/p>\n<p class=\"\" data-start=\"2828\" data-end=\"3091\">Handdekoriert, mikrowellen- und geschirrsp\u00fclerfest und lebensmittelkonform. Seine ergonomische Form und Untertasse machen jede Nutzung einfach und angenehm. Leichte Farbabweichungen sind m\u00f6glich, um eine angenommene Echtheit zu gew\u00e4hrleisten.  <\/p>\n<p class=\"\" data-start=\"3093\" data-end=\"3256\">Kombinieren Sie es mit einem <a class=\"\" href=\"https:\/\/poterie-de-crestet.com\/de\/keramik\/gerader-pitcher-1l-fliedergraue-olive\/\" rel=\"noopener\" data-start=\"3112\" data-end=\"3146\">einfachen Krug in Lilac Olive Grey<\/a> f\u00fcr eine sch\u00f6ne Kontinuit\u00e4t oder kontrastieren Sie elegant mit der <a class=\"\" href=\"https:\/\/poterie-de-crestet.com\/de\/keramik\/seifenschale-schwarzer-boden\/\" rel=\"noopener\" data-start=\"3205\" data-end=\"3230\">Sol Noir Seifenschale<\/a> f\u00fcr einen modernen Akzent.<\/p>\n","protected":false},"excerpt":{"rendered":"<p>Keramikbecher mit Untertasse, fliedergrau-olivgr\u00fcnes Dekor. Eine schicke Pause zwischen blumiger S\u00fc\u00dfe und mineralischen T\u00f6nen. <br data-start=\"2495\" data-end=\"2498\"><strong data-start=\"2498\" data-end=\"2535\"><em data-start=\"2500\" data-end=\"2533\">Ma\u00dfe: 7,5 \u00d7 7,5 \u00d7 8,5 cm<\/em><\/strong><\/p>\n","protected":false},"featured_media":8804,"comment_status":"open","ping_status":"closed","template":"","meta":[],"product_brand":[],"product_cat":[380],"product_tag":[218],"class_list":{"0":"post-21832","1":"product","2":"type-product","3":"status-publish","4":"has-post-thumbnail","6":"product_cat-pokalen","7":"product_tag-fliedergraue-olive","9":"first","10":"instock","11":"taxable","12":"shipping-taxable","13":"purchasable","14":"product-type-simple"},"yoast_head":"<!-- This site is optimized with the Yoast SEO plugin v27.5 - https:\/\/yoast.com\/product\/yoast-seo-wordpress\/ -->\n<title>Becher mit Griff Fliedergraue Olive - Poterie de Crestet<\/title>\n<meta name=\"description\" content=\"Tasse und Untertasse in olivgrauem Flieder-Dekor. Elegant, weich, handbemalt. Mikrowellen- und Sp\u00fclmaschinenfest.\" \/>\n<meta name=\"robots\" content=\"index, follow, max-snippet:-1, max-image-preview:large, max-video-preview:-1\" \/>\n<link rel=\"canonical\" href=\"https:\/\/poterie-de-crestet.com\/de\/keramik\/becher-mit-griff-fliedergraue-olive\/\" \/>\n<meta property=\"og:locale\" content=\"de_DE\" \/>\n<meta property=\"og:type\" content=\"article\" \/>\n<meta property=\"og:title\" content=\"Becher mit Griff Fliedergraue Olive - Poterie de Crestet\" \/>\n<meta property=\"og:description\" content=\"Tasse und Untertasse in olivgrauem Flieder-Dekor. Elegant, weich, handbemalt. Mikrowellen- und Sp\u00fclmaschinenfest.\" \/>\n<meta property=\"og:url\" content=\"https:\/\/poterie-de-crestet.com\/de\/keramik\/becher-mit-griff-fliedergraue-olive\/\" \/>\n<meta property=\"og:site_name\" content=\"Poterie de Crestet\" \/>\n<meta property=\"og:image\" content=\"https:\/\/i0.wp.com\/poterie-de-crestet.com\/wp-content\/uploads\/2025\/04\/tasse-a-cafe-olive-gris-lila.jpg?fit=458%2C458&ssl=1\" \/>\n\t<meta property=\"og:image:width\" content=\"458\" \/>\n\t<meta property=\"og:image:height\" content=\"458\" \/>\n\t<meta property=\"og:image:type\" content=\"image\/jpeg\" \/>\n<meta name=\"twitter:card\" content=\"summary_large_image\" \/>\n<meta name=\"twitter:label1\" content=\"Gesch\u00e4tzte Lesezeit\" \/>\n\t<meta name=\"twitter:data1\" content=\"1\u00a0Minute\" \/>\n<script type=\"application\/ld+json\" class=\"yoast-schema-graph\">{\"@context\":\"https:\\\/\\\/schema.org\",\"@graph\":[{\"@type\":\"WebPage\",\"@id\":\"https:\\\/\\\/poterie-de-crestet.com\\\/de\\\/keramik\\\/becher-mit-griff-fliedergraue-olive\\\/\",\"url\":\"https:\\\/\\\/poterie-de-crestet.com\\\/de\\\/keramik\\\/becher-mit-griff-fliedergraue-olive\\\/\",\"name\":\"Becher mit Griff Fliedergraue Olive - Poterie de Crestet\",\"isPartOf\":{\"@id\":\"https:\\\/\\\/poterie-de-crestet.com\\\/de\\\/#website\"},\"primaryImageOfPage\":{\"@id\":\"https:\\\/\\\/poterie-de-crestet.com\\\/de\\\/keramik\\\/becher-mit-griff-fliedergraue-olive\\\/#primaryimage\"},\"image\":{\"@id\":\"https:\\\/\\\/poterie-de-crestet.com\\\/de\\\/keramik\\\/becher-mit-griff-fliedergraue-olive\\\/#primaryimage\"},\"thumbnailUrl\":\"https:\\\/\\\/i0.wp.com\\\/poterie-de-crestet.com\\\/wp-content\\\/uploads\\\/2025\\\/04\\\/tasse-a-cafe-olive-gris-lila.jpg?fit=458%2C458&ssl=1\",\"datePublished\":\"2025-04-15T09:59:44+00:00\",\"description\":\"Tasse und Untertasse in olivgrauem Flieder-Dekor. Elegant, weich, handbemalt. Mikrowellen- und Sp\u00fclmaschinenfest.\",\"breadcrumb\":{\"@id\":\"https:\\\/\\\/poterie-de-crestet.com\\\/de\\\/keramik\\\/becher-mit-griff-fliedergraue-olive\\\/#breadcrumb\"},\"inLanguage\":\"de\",\"potentialAction\":[{\"@type\":\"ReadAction\",\"target\":[\"https:\\\/\\\/poterie-de-crestet.com\\\/de\\\/keramik\\\/becher-mit-griff-fliedergraue-olive\\\/\"]}]},{\"@type\":\"ImageObject\",\"inLanguage\":\"de\",\"@id\":\"https:\\\/\\\/poterie-de-crestet.com\\\/de\\\/keramik\\\/becher-mit-griff-fliedergraue-olive\\\/#primaryimage\",\"url\":\"https:\\\/\\\/i0.wp.com\\\/poterie-de-crestet.com\\\/wp-content\\\/uploads\\\/2025\\\/04\\\/tasse-a-cafe-olive-gris-lila.jpg?fit=458%2C458&ssl=1\",\"contentUrl\":\"https:\\\/\\\/i0.wp.com\\\/poterie-de-crestet.com\\\/wp-content\\\/uploads\\\/2025\\\/04\\\/tasse-a-cafe-olive-gris-lila.jpg?fit=458%2C458&ssl=1\",\"width\":458,\"height\":458,\"caption\":\"Tasse mit Griff Lilac Grey Oliv\"},{\"@type\":\"BreadcrumbList\",\"@id\":\"https:\\\/\\\/poterie-de-crestet.com\\\/de\\\/keramik\\\/becher-mit-griff-fliedergraue-olive\\\/#breadcrumb\",\"itemListElement\":[{\"@type\":\"ListItem\",\"position\":1,\"name\":\"Accueil\",\"item\":\"https:\\\/\\\/poterie-de-crestet.com\\\/de\\\/accueil\\\/\"},{\"@type\":\"ListItem\",\"position\":2,\"name\":\"Boutique\",\"item\":\"https:\\\/\\\/poterie-de-crestet.com\\\/ceramiques\\\/\"},{\"@type\":\"ListItem\",\"position\":3,\"name\":\"Becher mit Griff Fliedergraue Olive\"}]},{\"@type\":\"WebSite\",\"@id\":\"https:\\\/\\\/poterie-de-crestet.com\\\/de\\\/#website\",\"url\":\"https:\\\/\\\/poterie-de-crestet.com\\\/de\\\/\",\"name\":\"Poterie de Crestet\",\"description\":\"Des milliers de poteries inpir\u00e9es de la Provence\",\"publisher\":{\"@id\":\"https:\\\/\\\/poterie-de-crestet.com\\\/de\\\/#organization\"},\"potentialAction\":[{\"@type\":\"SearchAction\",\"target\":{\"@type\":\"EntryPoint\",\"urlTemplate\":\"https:\\\/\\\/poterie-de-crestet.com\\\/de\\\/?s={search_term_string}\"},\"query-input\":{\"@type\":\"PropertyValueSpecification\",\"valueRequired\":true,\"valueName\":\"search_term_string\"}}],\"inLanguage\":\"de\"},{\"@type\":\"Organization\",\"@id\":\"https:\\\/\\\/poterie-de-crestet.com\\\/de\\\/#organization\",\"name\":\"Poterie de Crestet\",\"url\":\"https:\\\/\\\/poterie-de-crestet.com\\\/de\\\/\",\"logo\":{\"@type\":\"ImageObject\",\"inLanguage\":\"de\",\"@id\":\"https:\\\/\\\/poterie-de-crestet.com\\\/de\\\/#\\\/schema\\\/logo\\\/image\\\/\",\"url\":\"https:\\\/\\\/i0.wp.com\\\/poterie-de-crestet.com\\\/wp-content\\\/uploads\\\/2025\\\/03\\\/Propo-4.png?fit=1000%2C462&ssl=1\",\"contentUrl\":\"https:\\\/\\\/i0.wp.com\\\/poterie-de-crestet.com\\\/wp-content\\\/uploads\\\/2025\\\/03\\\/Propo-4.png?fit=1000%2C462&ssl=1\",\"width\":1000,\"height\":462,\"caption\":\"Poterie de Crestet\"},\"image\":{\"@id\":\"https:\\\/\\\/poterie-de-crestet.com\\\/de\\\/#\\\/schema\\\/logo\\\/image\\\/\"}}]}<\/script>\n<!-- \/ Yoast SEO plugin. -->","yoast_head_json":{"title":"Becher mit Griff Fliedergraue Olive - Poterie de Crestet","description":"Tasse und Untertasse in olivgrauem Flieder-Dekor. Elegant, weich, handbemalt. Mikrowellen- und Sp\u00fclmaschinenfest.","robots":{"index":"index","follow":"follow","max-snippet":"max-snippet:-1","max-image-preview":"max-image-preview:large","max-video-preview":"max-video-preview:-1"},"canonical":"https:\/\/poterie-de-crestet.com\/de\/keramik\/becher-mit-griff-fliedergraue-olive\/","og_locale":"de_DE","og_type":"article","og_title":"Becher mit Griff Fliedergraue Olive - Poterie de Crestet","og_description":"Tasse und Untertasse in olivgrauem Flieder-Dekor. Elegant, weich, handbemalt. Mikrowellen- und Sp\u00fclmaschinenfest.","og_url":"https:\/\/poterie-de-crestet.com\/de\/keramik\/becher-mit-griff-fliedergraue-olive\/","og_site_name":"Poterie de Crestet","og_image":[{"width":458,"height":458,"url":"https:\/\/i0.wp.com\/poterie-de-crestet.com\/wp-content\/uploads\/2025\/04\/tasse-a-cafe-olive-gris-lila.jpg?fit=458%2C458&ssl=1","type":"image\/jpeg"}],"twitter_card":"summary_large_image","twitter_misc":{"Gesch\u00e4tzte Lesezeit":"1\u00a0Minute"},"schema":{"@context":"https:\/\/schema.org","@graph":[{"@type":"WebPage","@id":"https:\/\/poterie-de-crestet.com\/de\/keramik\/becher-mit-griff-fliedergraue-olive\/","url":"https:\/\/poterie-de-crestet.com\/de\/keramik\/becher-mit-griff-fliedergraue-olive\/","name":"Becher mit Griff Fliedergraue Olive - Poterie de Crestet","isPartOf":{"@id":"https:\/\/poterie-de-crestet.com\/de\/#website"},"primaryImageOfPage":{"@id":"https:\/\/poterie-de-crestet.com\/de\/keramik\/becher-mit-griff-fliedergraue-olive\/#primaryimage"},"image":{"@id":"https:\/\/poterie-de-crestet.com\/de\/keramik\/becher-mit-griff-fliedergraue-olive\/#primaryimage"},"thumbnailUrl":"https:\/\/i0.wp.com\/poterie-de-crestet.com\/wp-content\/uploads\/2025\/04\/tasse-a-cafe-olive-gris-lila.jpg?fit=458%2C458&ssl=1","datePublished":"2025-04-15T09:59:44+00:00","description":"Tasse und Untertasse in olivgrauem Flieder-Dekor. Elegant, weich, handbemalt. Mikrowellen- und Sp\u00fclmaschinenfest.","breadcrumb":{"@id":"https:\/\/poterie-de-crestet.com\/de\/keramik\/becher-mit-griff-fliedergraue-olive\/#breadcrumb"},"inLanguage":"de","potentialAction":[{"@type":"ReadAction","target":["https:\/\/poterie-de-crestet.com\/de\/keramik\/becher-mit-griff-fliedergraue-olive\/"]}]},{"@type":"ImageObject","inLanguage":"de","@id":"https:\/\/poterie-de-crestet.com\/de\/keramik\/becher-mit-griff-fliedergraue-olive\/#primaryimage","url":"https:\/\/i0.wp.com\/poterie-de-crestet.com\/wp-content\/uploads\/2025\/04\/tasse-a-cafe-olive-gris-lila.jpg?fit=458%2C458&ssl=1","contentUrl":"https:\/\/i0.wp.com\/poterie-de-crestet.com\/wp-content\/uploads\/2025\/04\/tasse-a-cafe-olive-gris-lila.jpg?fit=458%2C458&ssl=1","width":458,"height":458,"caption":"Tasse mit Griff Lilac Grey Oliv"},{"@type":"BreadcrumbList","@id":"https:\/\/poterie-de-crestet.com\/de\/keramik\/becher-mit-griff-fliedergraue-olive\/#breadcrumb","itemListElement":[{"@type":"ListItem","position":1,"name":"Accueil","item":"https:\/\/poterie-de-crestet.com\/de\/accueil\/"},{"@type":"ListItem","position":2,"name":"Boutique","item":"https:\/\/poterie-de-crestet.com\/ceramiques\/"},{"@type":"ListItem","position":3,"name":"Becher mit Griff Fliedergraue Olive"}]},{"@type":"WebSite","@id":"https:\/\/poterie-de-crestet.com\/de\/#website","url":"https:\/\/poterie-de-crestet.com\/de\/","name":"Poterie de Crestet","description":"Des milliers de poteries inpir\u00e9es de la Provence","publisher":{"@id":"https:\/\/poterie-de-crestet.com\/de\/#organization"},"potentialAction":[{"@type":"SearchAction","target":{"@type":"EntryPoint","urlTemplate":"https:\/\/poterie-de-crestet.com\/de\/?s={search_term_string}"},"query-input":{"@type":"PropertyValueSpecification","valueRequired":true,"valueName":"search_term_string"}}],"inLanguage":"de"},{"@type":"Organization","@id":"https:\/\/poterie-de-crestet.com\/de\/#organization","name":"Poterie de Crestet","url":"https:\/\/poterie-de-crestet.com\/de\/","logo":{"@type":"ImageObject","inLanguage":"de","@id":"https:\/\/poterie-de-crestet.com\/de\/#\/schema\/logo\/image\/","url":"https:\/\/i0.wp.com\/poterie-de-crestet.com\/wp-content\/uploads\/2025\/03\/Propo-4.png?fit=1000%2C462&ssl=1","contentUrl":"https:\/\/i0.wp.com\/poterie-de-crestet.com\/wp-content\/uploads\/2025\/03\/Propo-4.png?fit=1000%2C462&ssl=1","width":1000,"height":462,"caption":"Poterie de Crestet"},"image":{"@id":"https:\/\/poterie-de-crestet.com\/de\/#\/schema\/logo\/image\/"}}]}},"jetpack_sharing_enabled":true,"_links":{"self":[{"href":"https:\/\/poterie-de-crestet.com\/de\/wp-json\/wp\/v2\/product\/21832","targetHints":{"allow":["GET"]}}],"collection":[{"href":"https:\/\/poterie-de-crestet.com\/de\/wp-json\/wp\/v2\/product"}],"about":[{"href":"https:\/\/poterie-de-crestet.com\/de\/wp-json\/wp\/v2\/types\/product"}],"replies":[{"embeddable":true,"href":"https:\/\/poterie-de-crestet.com\/de\/wp-json\/wp\/v2\/comments?post=21832"}],"version-history":[{"count":0,"href":"https:\/\/poterie-de-crestet.com\/de\/wp-json\/wp\/v2\/product\/21832\/revisions"}],"wp:featuredmedia":[{"embeddable":true,"href":"https:\/\/poterie-de-crestet.com\/de\/wp-json\/wp\/v2\/media\/8804"}],"wp:attachment":[{"href":"https:\/\/poterie-de-crestet.com\/de\/wp-json\/wp\/v2\/media?parent=21832"}],"wp:term":[{"taxonomy":"product_brand","embeddable":true,"href":"https:\/\/poterie-de-crestet.com\/de\/wp-json\/wp\/v2\/product_brand?post=21832"},{"taxonomy":"product_cat","embeddable":true,"href":"https:\/\/poterie-de-crestet.com\/de\/wp-json\/wp\/v2\/product_cat?post=21832"},{"taxonomy":"product_tag","embeddable":true,"href":"https:\/\/poterie-de-crestet.com\/de\/wp-json\/wp\/v2\/product_tag?post=21832"}],"curies":[{"name":"wp","href":"https:\/\/api.w.org\/{rel}","templated":true}]}}