{"id":21829,"date":"2025-04-15T11:59:44","date_gmt":"2025-04-15T09:59:44","guid":{"rendered":"https:\/\/poterie-de-crestet.com\/ceramiques\/becher-mit-griff-pistaziegrauoliven\/"},"modified":"2025-04-15T11:59:44","modified_gmt":"2025-04-15T09:59:44","slug":"becher-mit-griff-pistaziegrauoliven","status":"publish","type":"product","link":"https:\/\/poterie-de-crestet.com\/de\/keramik\/becher-mit-griff-pistaziegrauoliven\/","title":{"rendered":"Becher mit Griff  <h5>Pistaziegrauoliven<\/h5>"},"content":{"rendered":"<p class=\"\" data-start=\"3647\" data-end=\"3916\">Das Pistachio Grey Olive Dekor verbindet die N\u00fcchternheit von Grau mit einem erfrischenden pflanzlichen Akzent. Diese Tasse mit der passenden Untertasse ist ideal f\u00fcr gr\u00fcnen Tee, Kamille oder milden Kaffee. Ein einfaches, effektives und \u00e4u\u00dferst beruhigendes Design.  <\/p>\n<p class=\"\" data-start=\"3918\" data-end=\"4145\">Wie alle unsere Produkte ist es handbemalt, mikrowellen- und geschirrsp\u00fclerfest und lebensmittelkonform. Seine leicht ausgestellte Form passt gut in die Hand, und die Untertasse erm\u00f6glicht eine saubere und ordentliche Handhabung. <\/p>\n<p class=\"\" data-start=\"4147\" data-end=\"4337\">Vervollst\u00e4ndigen Sie Ihren Service mit dem <a class=\"\" href=\"https:\/\/poterie-de-crestet.com\/de\/keramik\/vorspeise-pistaziegrauoliven\/\" rel=\"noopener\" data-start=\"4179\" data-end=\"4233\">3-fachigen olivgrauen Pistazien-Aperitif-Gericht<\/a> oder kombinieren Sie ihn mit einem <a class=\"\" href=\"https:\/\/poterie-de-crestet.com\/de\/keramik\/selbstgemachter-loeffelauflage\/\" rel=\"noopener\" data-start=\"4255\" data-end=\"4282\">selbstgemachten L\u00f6ffel<\/a> f\u00fcr eine Atmosph\u00e4re, die N\u00fcchternheit mit provenzalischem Charme verbindet.<\/p>\n","protected":false},"excerpt":{"rendered":"<p>Keramikbecher und Untertasse, olivgraue Pistaziendekoration. Um Ihre hei\u00dfen Getr\u00e4nke auf nat\u00fcrliche Weise zu genie\u00dfen. <br data-start=\"3605\" data-end=\"3608\"><strong data-start=\"3608\" data-end=\"3645\"><em data-start=\"3610\" data-end=\"3643\">Ma\u00dfe: 7,5 \u00d7 7,5 \u00d7 8,5 cm<\/em><\/strong><\/p>\n","protected":false},"featured_media":8806,"comment_status":"open","ping_status":"closed","template":"","meta":[],"product_brand":[],"product_cat":[380],"product_tag":[243],"class_list":{"0":"post-21829","1":"product","2":"type-product","3":"status-publish","4":"has-post-thumbnail","6":"product_cat-pokalen","7":"product_tag-pistaziegrauoliven","9":"first","10":"instock","11":"taxable","12":"shipping-taxable","13":"purchasable","14":"product-type-simple"},"yoast_head":"<!-- This site is optimized with the Yoast SEO plugin v27.5 - https:\/\/yoast.com\/product\/yoast-seo-wordpress\/ -->\n<title>Becher mit Griff Pistaziegrauoliven - Poterie de Crestet<\/title>\n<meta name=\"description\" content=\"Tasse mit Untertassendekoration Olivgraue Pistazien. Nat\u00fcrlich, beruhigend, waschbar, handbemalt. Ideal f\u00fcr Tee, Kaffee oder Kr\u00e4utertee.\" \/>\n<meta name=\"robots\" content=\"index, follow, max-snippet:-1, max-image-preview:large, max-video-preview:-1\" \/>\n<link rel=\"canonical\" href=\"https:\/\/poterie-de-crestet.com\/de\/keramik\/becher-mit-griff-pistaziegrauoliven\/\" \/>\n<meta property=\"og:locale\" content=\"de_DE\" \/>\n<meta property=\"og:type\" content=\"article\" \/>\n<meta property=\"og:title\" content=\"Becher mit Griff Pistaziegrauoliven - Poterie de Crestet\" \/>\n<meta property=\"og:description\" content=\"Tasse mit Untertassendekoration Olivgraue Pistazien. Nat\u00fcrlich, beruhigend, waschbar, handbemalt. Ideal f\u00fcr Tee, Kaffee oder Kr\u00e4utertee.\" \/>\n<meta property=\"og:url\" content=\"https:\/\/poterie-de-crestet.com\/de\/keramik\/becher-mit-griff-pistaziegrauoliven\/\" \/>\n<meta property=\"og:site_name\" content=\"Poterie de Crestet\" \/>\n<meta property=\"og:image\" content=\"https:\/\/i0.wp.com\/poterie-de-crestet.com\/wp-content\/uploads\/2025\/04\/tasse-a-cafe-olive-gris-pistache.jpg?fit=458%2C458&ssl=1\" \/>\n\t<meta property=\"og:image:width\" content=\"458\" \/>\n\t<meta property=\"og:image:height\" content=\"458\" \/>\n\t<meta property=\"og:image:type\" content=\"image\/jpeg\" \/>\n<meta name=\"twitter:card\" content=\"summary_large_image\" \/>\n<meta name=\"twitter:label1\" content=\"Gesch\u00e4tzte Lesezeit\" \/>\n\t<meta name=\"twitter:data1\" content=\"1\u00a0Minute\" \/>\n<script type=\"application\/ld+json\" class=\"yoast-schema-graph\">{\"@context\":\"https:\\\/\\\/schema.org\",\"@graph\":[{\"@type\":\"WebPage\",\"@id\":\"https:\\\/\\\/poterie-de-crestet.com\\\/de\\\/keramik\\\/becher-mit-griff-pistaziegrauoliven\\\/\",\"url\":\"https:\\\/\\\/poterie-de-crestet.com\\\/de\\\/keramik\\\/becher-mit-griff-pistaziegrauoliven\\\/\",\"name\":\"Becher mit Griff Pistaziegrauoliven - Poterie de Crestet\",\"isPartOf\":{\"@id\":\"https:\\\/\\\/poterie-de-crestet.com\\\/de\\\/#website\"},\"primaryImageOfPage\":{\"@id\":\"https:\\\/\\\/poterie-de-crestet.com\\\/de\\\/keramik\\\/becher-mit-griff-pistaziegrauoliven\\\/#primaryimage\"},\"image\":{\"@id\":\"https:\\\/\\\/poterie-de-crestet.com\\\/de\\\/keramik\\\/becher-mit-griff-pistaziegrauoliven\\\/#primaryimage\"},\"thumbnailUrl\":\"https:\\\/\\\/i0.wp.com\\\/poterie-de-crestet.com\\\/wp-content\\\/uploads\\\/2025\\\/04\\\/tasse-a-cafe-olive-gris-pistache.jpg?fit=458%2C458&ssl=1\",\"datePublished\":\"2025-04-15T09:59:44+00:00\",\"description\":\"Tasse mit Untertassendekoration Olivgraue Pistazien. Nat\u00fcrlich, beruhigend, waschbar, handbemalt. Ideal f\u00fcr Tee, Kaffee oder Kr\u00e4utertee.\",\"breadcrumb\":{\"@id\":\"https:\\\/\\\/poterie-de-crestet.com\\\/de\\\/keramik\\\/becher-mit-griff-pistaziegrauoliven\\\/#breadcrumb\"},\"inLanguage\":\"de\",\"potentialAction\":[{\"@type\":\"ReadAction\",\"target\":[\"https:\\\/\\\/poterie-de-crestet.com\\\/de\\\/keramik\\\/becher-mit-griff-pistaziegrauoliven\\\/\"]}]},{\"@type\":\"ImageObject\",\"inLanguage\":\"de\",\"@id\":\"https:\\\/\\\/poterie-de-crestet.com\\\/de\\\/keramik\\\/becher-mit-griff-pistaziegrauoliven\\\/#primaryimage\",\"url\":\"https:\\\/\\\/i0.wp.com\\\/poterie-de-crestet.com\\\/wp-content\\\/uploads\\\/2025\\\/04\\\/tasse-a-cafe-olive-gris-pistache.jpg?fit=458%2C458&ssl=1\",\"contentUrl\":\"https:\\\/\\\/i0.wp.com\\\/poterie-de-crestet.com\\\/wp-content\\\/uploads\\\/2025\\\/04\\\/tasse-a-cafe-olive-gris-pistache.jpg?fit=458%2C458&ssl=1\",\"width\":458,\"height\":458,\"caption\":\"Tasse mit Henkel Olivgraue Pistazie\"},{\"@type\":\"BreadcrumbList\",\"@id\":\"https:\\\/\\\/poterie-de-crestet.com\\\/de\\\/keramik\\\/becher-mit-griff-pistaziegrauoliven\\\/#breadcrumb\",\"itemListElement\":[{\"@type\":\"ListItem\",\"position\":1,\"name\":\"Accueil\",\"item\":\"https:\\\/\\\/poterie-de-crestet.com\\\/de\\\/accueil\\\/\"},{\"@type\":\"ListItem\",\"position\":2,\"name\":\"Boutique\",\"item\":\"https:\\\/\\\/poterie-de-crestet.com\\\/ceramiques\\\/\"},{\"@type\":\"ListItem\",\"position\":3,\"name\":\"Becher mit Griff Pistaziegrauoliven\"}]},{\"@type\":\"WebSite\",\"@id\":\"https:\\\/\\\/poterie-de-crestet.com\\\/de\\\/#website\",\"url\":\"https:\\\/\\\/poterie-de-crestet.com\\\/de\\\/\",\"name\":\"Poterie de Crestet\",\"description\":\"Des milliers de poteries inpir\u00e9es de la Provence\",\"publisher\":{\"@id\":\"https:\\\/\\\/poterie-de-crestet.com\\\/de\\\/#organization\"},\"potentialAction\":[{\"@type\":\"SearchAction\",\"target\":{\"@type\":\"EntryPoint\",\"urlTemplate\":\"https:\\\/\\\/poterie-de-crestet.com\\\/de\\\/?s={search_term_string}\"},\"query-input\":{\"@type\":\"PropertyValueSpecification\",\"valueRequired\":true,\"valueName\":\"search_term_string\"}}],\"inLanguage\":\"de\"},{\"@type\":\"Organization\",\"@id\":\"https:\\\/\\\/poterie-de-crestet.com\\\/de\\\/#organization\",\"name\":\"Poterie de Crestet\",\"url\":\"https:\\\/\\\/poterie-de-crestet.com\\\/de\\\/\",\"logo\":{\"@type\":\"ImageObject\",\"inLanguage\":\"de\",\"@id\":\"https:\\\/\\\/poterie-de-crestet.com\\\/de\\\/#\\\/schema\\\/logo\\\/image\\\/\",\"url\":\"https:\\\/\\\/i0.wp.com\\\/poterie-de-crestet.com\\\/wp-content\\\/uploads\\\/2025\\\/03\\\/Propo-4.png?fit=1000%2C462&ssl=1\",\"contentUrl\":\"https:\\\/\\\/i0.wp.com\\\/poterie-de-crestet.com\\\/wp-content\\\/uploads\\\/2025\\\/03\\\/Propo-4.png?fit=1000%2C462&ssl=1\",\"width\":1000,\"height\":462,\"caption\":\"Poterie de Crestet\"},\"image\":{\"@id\":\"https:\\\/\\\/poterie-de-crestet.com\\\/de\\\/#\\\/schema\\\/logo\\\/image\\\/\"}}]}<\/script>\n<!-- \/ Yoast SEO plugin. -->","yoast_head_json":{"title":"Becher mit Griff Pistaziegrauoliven - Poterie de Crestet","description":"Tasse mit Untertassendekoration Olivgraue Pistazien. Nat\u00fcrlich, beruhigend, waschbar, handbemalt. Ideal f\u00fcr Tee, Kaffee oder Kr\u00e4utertee.","robots":{"index":"index","follow":"follow","max-snippet":"max-snippet:-1","max-image-preview":"max-image-preview:large","max-video-preview":"max-video-preview:-1"},"canonical":"https:\/\/poterie-de-crestet.com\/de\/keramik\/becher-mit-griff-pistaziegrauoliven\/","og_locale":"de_DE","og_type":"article","og_title":"Becher mit Griff Pistaziegrauoliven - Poterie de Crestet","og_description":"Tasse mit Untertassendekoration Olivgraue Pistazien. Nat\u00fcrlich, beruhigend, waschbar, handbemalt. Ideal f\u00fcr Tee, Kaffee oder Kr\u00e4utertee.","og_url":"https:\/\/poterie-de-crestet.com\/de\/keramik\/becher-mit-griff-pistaziegrauoliven\/","og_site_name":"Poterie de Crestet","og_image":[{"width":458,"height":458,"url":"https:\/\/i0.wp.com\/poterie-de-crestet.com\/wp-content\/uploads\/2025\/04\/tasse-a-cafe-olive-gris-pistache.jpg?fit=458%2C458&ssl=1","type":"image\/jpeg"}],"twitter_card":"summary_large_image","twitter_misc":{"Gesch\u00e4tzte Lesezeit":"1\u00a0Minute"},"schema":{"@context":"https:\/\/schema.org","@graph":[{"@type":"WebPage","@id":"https:\/\/poterie-de-crestet.com\/de\/keramik\/becher-mit-griff-pistaziegrauoliven\/","url":"https:\/\/poterie-de-crestet.com\/de\/keramik\/becher-mit-griff-pistaziegrauoliven\/","name":"Becher mit Griff Pistaziegrauoliven - Poterie de Crestet","isPartOf":{"@id":"https:\/\/poterie-de-crestet.com\/de\/#website"},"primaryImageOfPage":{"@id":"https:\/\/poterie-de-crestet.com\/de\/keramik\/becher-mit-griff-pistaziegrauoliven\/#primaryimage"},"image":{"@id":"https:\/\/poterie-de-crestet.com\/de\/keramik\/becher-mit-griff-pistaziegrauoliven\/#primaryimage"},"thumbnailUrl":"https:\/\/i0.wp.com\/poterie-de-crestet.com\/wp-content\/uploads\/2025\/04\/tasse-a-cafe-olive-gris-pistache.jpg?fit=458%2C458&ssl=1","datePublished":"2025-04-15T09:59:44+00:00","description":"Tasse mit Untertassendekoration Olivgraue Pistazien. Nat\u00fcrlich, beruhigend, waschbar, handbemalt. Ideal f\u00fcr Tee, Kaffee oder Kr\u00e4utertee.","breadcrumb":{"@id":"https:\/\/poterie-de-crestet.com\/de\/keramik\/becher-mit-griff-pistaziegrauoliven\/#breadcrumb"},"inLanguage":"de","potentialAction":[{"@type":"ReadAction","target":["https:\/\/poterie-de-crestet.com\/de\/keramik\/becher-mit-griff-pistaziegrauoliven\/"]}]},{"@type":"ImageObject","inLanguage":"de","@id":"https:\/\/poterie-de-crestet.com\/de\/keramik\/becher-mit-griff-pistaziegrauoliven\/#primaryimage","url":"https:\/\/i0.wp.com\/poterie-de-crestet.com\/wp-content\/uploads\/2025\/04\/tasse-a-cafe-olive-gris-pistache.jpg?fit=458%2C458&ssl=1","contentUrl":"https:\/\/i0.wp.com\/poterie-de-crestet.com\/wp-content\/uploads\/2025\/04\/tasse-a-cafe-olive-gris-pistache.jpg?fit=458%2C458&ssl=1","width":458,"height":458,"caption":"Tasse mit Henkel Olivgraue Pistazie"},{"@type":"BreadcrumbList","@id":"https:\/\/poterie-de-crestet.com\/de\/keramik\/becher-mit-griff-pistaziegrauoliven\/#breadcrumb","itemListElement":[{"@type":"ListItem","position":1,"name":"Accueil","item":"https:\/\/poterie-de-crestet.com\/de\/accueil\/"},{"@type":"ListItem","position":2,"name":"Boutique","item":"https:\/\/poterie-de-crestet.com\/ceramiques\/"},{"@type":"ListItem","position":3,"name":"Becher mit Griff Pistaziegrauoliven"}]},{"@type":"WebSite","@id":"https:\/\/poterie-de-crestet.com\/de\/#website","url":"https:\/\/poterie-de-crestet.com\/de\/","name":"Poterie de Crestet","description":"Des milliers de poteries inpir\u00e9es de la Provence","publisher":{"@id":"https:\/\/poterie-de-crestet.com\/de\/#organization"},"potentialAction":[{"@type":"SearchAction","target":{"@type":"EntryPoint","urlTemplate":"https:\/\/poterie-de-crestet.com\/de\/?s={search_term_string}"},"query-input":{"@type":"PropertyValueSpecification","valueRequired":true,"valueName":"search_term_string"}}],"inLanguage":"de"},{"@type":"Organization","@id":"https:\/\/poterie-de-crestet.com\/de\/#organization","name":"Poterie de Crestet","url":"https:\/\/poterie-de-crestet.com\/de\/","logo":{"@type":"ImageObject","inLanguage":"de","@id":"https:\/\/poterie-de-crestet.com\/de\/#\/schema\/logo\/image\/","url":"https:\/\/i0.wp.com\/poterie-de-crestet.com\/wp-content\/uploads\/2025\/03\/Propo-4.png?fit=1000%2C462&ssl=1","contentUrl":"https:\/\/i0.wp.com\/poterie-de-crestet.com\/wp-content\/uploads\/2025\/03\/Propo-4.png?fit=1000%2C462&ssl=1","width":1000,"height":462,"caption":"Poterie de Crestet"},"image":{"@id":"https:\/\/poterie-de-crestet.com\/de\/#\/schema\/logo\/image\/"}}]}},"jetpack_sharing_enabled":true,"_links":{"self":[{"href":"https:\/\/poterie-de-crestet.com\/de\/wp-json\/wp\/v2\/product\/21829","targetHints":{"allow":["GET"]}}],"collection":[{"href":"https:\/\/poterie-de-crestet.com\/de\/wp-json\/wp\/v2\/product"}],"about":[{"href":"https:\/\/poterie-de-crestet.com\/de\/wp-json\/wp\/v2\/types\/product"}],"replies":[{"embeddable":true,"href":"https:\/\/poterie-de-crestet.com\/de\/wp-json\/wp\/v2\/comments?post=21829"}],"version-history":[{"count":0,"href":"https:\/\/poterie-de-crestet.com\/de\/wp-json\/wp\/v2\/product\/21829\/revisions"}],"wp:featuredmedia":[{"embeddable":true,"href":"https:\/\/poterie-de-crestet.com\/de\/wp-json\/wp\/v2\/media\/8806"}],"wp:attachment":[{"href":"https:\/\/poterie-de-crestet.com\/de\/wp-json\/wp\/v2\/media?parent=21829"}],"wp:term":[{"taxonomy":"product_brand","embeddable":true,"href":"https:\/\/poterie-de-crestet.com\/de\/wp-json\/wp\/v2\/product_brand?post=21829"},{"taxonomy":"product_cat","embeddable":true,"href":"https:\/\/poterie-de-crestet.com\/de\/wp-json\/wp\/v2\/product_cat?post=21829"},{"taxonomy":"product_tag","embeddable":true,"href":"https:\/\/poterie-de-crestet.com\/de\/wp-json\/wp\/v2\/product_tag?post=21829"}],"curies":[{"name":"wp","href":"https:\/\/api.w.org\/{rel}","templated":true}]}}