{"id":21806,"date":"2025-04-15T11:59:45","date_gmt":"2025-04-15T09:59:45","guid":{"rendered":"https:\/\/poterie-de-crestet.com\/ceramiques\/tropischer-griff-becher\/"},"modified":"2025-12-24T12:29:05","modified_gmt":"2025-12-24T11:29:05","slug":"tasse-avec-anse-tropical","status":"publish","type":"product","link":"https:\/\/poterie-de-crestet.com\/de\/keramik\/tasse-avec-anse-tropical\/","title":{"rendered":"Tropischer Griff-Becher <h5>"},"content":{"rendered":"<p class=\"\" data-start=\"3392\" data-end=\"3644\">Die Tropical Cup und ihre passende Untertasse bringen einen Hauch von Exotik in Ihr t\u00e4gliches Leben. Stilisierte Palmen, fruchtige Farbt\u00f6ne: Diese Keramik voller Schwung l\u00e4sst einen einen Eistee oder Eiskaffee nippen&#8230; Sogar im Winter. <\/p>\n<p class=\"\" data-start=\"3646\" data-end=\"3864\">Geschirrsp\u00fcler, Mikrowelle und handbemalt kompatibel \u2013 sie bleibt dem praktischen Geist der Kollektion treu. Seine konische Form passt gut in die Hand, und die Untertasse vervollst\u00e4ndigt das Set f\u00fcr einen stolperfreien Service. <\/p>\n<p class=\"\" data-start=\"3866\" data-end=\"4027\">Kombinieren Sie ihn mit dem <a class=\"\" href=\"https:\/\/poterie-de-crestet.com\/de\/keramik\/kuchenform-tropisch\/\" rel=\"noopener\" data-start=\"3881\" data-end=\"3906\">Tropical Cake Dish<\/a> f\u00fcr einen farbenfrohen Tisch oder halten Sie ihn zur\u00fcckhaltend, indem Sie ihn mit einer <a class=\"\" href=\"https:\/\/poterie-de-crestet.com\/de\/keramik\/eierbecher-ozean\/\" rel=\"noopener\" data-start=\"3972\" data-end=\"3992\">Ocean-Eierbecher<\/a> kombinieren \u2013 f\u00fcr einen erfrischenden Kontrast.<\/p>\n","protected":false},"excerpt":{"rendered":"<p>Keramikbecher und Untertasse mit tropischem Dekor. Eine exotische Note f\u00fcr Ihre Gourmetpausen. <br data-start=\"3350\" data-end=\"3353\"><strong data-start=\"3353\" data-end=\"3390\"><em data-start=\"3355\" data-end=\"3388\">Ma\u00dfe: 7,5 \u00d7 7,5 \u00d7 8,5 cm<\/em><\/strong><\/p>\n","protected":false},"featured_media":8824,"comment_status":"closed","ping_status":"closed","template":"","meta":[],"product_brand":[],"product_cat":[380],"product_tag":[227],"class_list":{"0":"post-21806","1":"product","2":"type-product","3":"status-publish","4":"has-post-thumbnail","6":"product_cat-pokalen","7":"product_tag-tropisch","9":"first","10":"outofstock","11":"taxable","12":"shipping-taxable","13":"purchasable","14":"product-type-simple"},"yoast_head":"<!-- This site is optimized with the Yoast SEO plugin v27.5 - https:\/\/yoast.com\/product\/yoast-seo-wordpress\/ -->\n<title>Tropischer Griff-Becher  - Poterie de Crestet<\/title>\n<meta name=\"description\" content=\"Tasse mit Griff und Untertasse mit tropischem Dekor. Eine exotische Note f\u00fcr Ihren Kaffee oder Tee. Handbemalt, waschbar, mikrowellenf\u00e4hig.\" \/>\n<meta name=\"robots\" content=\"index, follow, max-snippet:-1, max-image-preview:large, max-video-preview:-1\" \/>\n<link rel=\"canonical\" href=\"https:\/\/poterie-de-crestet.com\/de\/keramik\/tasse-avec-anse-tropical\/\" \/>\n<meta property=\"og:locale\" content=\"de_DE\" \/>\n<meta property=\"og:type\" content=\"article\" \/>\n<meta property=\"og:title\" content=\"Tropischer Griff-Becher  - Poterie de Crestet\" \/>\n<meta property=\"og:description\" content=\"Tasse mit Griff und Untertasse mit tropischem Dekor. Eine exotische Note f\u00fcr Ihren Kaffee oder Tee. Handbemalt, waschbar, mikrowellenf\u00e4hig.\" \/>\n<meta property=\"og:url\" content=\"https:\/\/poterie-de-crestet.com\/de\/keramik\/tasse-avec-anse-tropical\/\" \/>\n<meta property=\"og:site_name\" content=\"Poterie de Crestet\" \/>\n<meta property=\"article:modified_time\" content=\"2025-12-24T11:29:05+00:00\" \/>\n<meta property=\"og:image\" content=\"https:\/\/i0.wp.com\/poterie-de-crestet.com\/wp-content\/uploads\/2025\/04\/tasse-a-cafe-tropical.jpg?fit=458%2C458&ssl=1\" \/>\n\t<meta property=\"og:image:width\" content=\"458\" \/>\n\t<meta property=\"og:image:height\" content=\"458\" \/>\n\t<meta property=\"og:image:type\" content=\"image\/jpeg\" \/>\n<meta name=\"twitter:card\" content=\"summary_large_image\" \/>\n<meta name=\"twitter:label1\" content=\"Gesch\u00e4tzte Lesezeit\" \/>\n\t<meta name=\"twitter:data1\" content=\"1\u00a0Minute\" \/>\n<script type=\"application\/ld+json\" class=\"yoast-schema-graph\">{\"@context\":\"https:\\\/\\\/schema.org\",\"@graph\":[{\"@type\":\"WebPage\",\"@id\":\"https:\\\/\\\/poterie-de-crestet.com\\\/de\\\/keramik\\\/tasse-avec-anse-tropical\\\/\",\"url\":\"https:\\\/\\\/poterie-de-crestet.com\\\/de\\\/keramik\\\/tasse-avec-anse-tropical\\\/\",\"name\":\"Tropischer Griff-Becher - Poterie de Crestet\",\"isPartOf\":{\"@id\":\"https:\\\/\\\/poterie-de-crestet.com\\\/de\\\/#website\"},\"primaryImageOfPage\":{\"@id\":\"https:\\\/\\\/poterie-de-crestet.com\\\/de\\\/keramik\\\/tasse-avec-anse-tropical\\\/#primaryimage\"},\"image\":{\"@id\":\"https:\\\/\\\/poterie-de-crestet.com\\\/de\\\/keramik\\\/tasse-avec-anse-tropical\\\/#primaryimage\"},\"thumbnailUrl\":\"https:\\\/\\\/i0.wp.com\\\/poterie-de-crestet.com\\\/wp-content\\\/uploads\\\/2025\\\/04\\\/tasse-a-cafe-tropical.jpg?fit=458%2C458&ssl=1\",\"datePublished\":\"2025-04-15T09:59:45+00:00\",\"dateModified\":\"2025-12-24T11:29:05+00:00\",\"description\":\"Tasse mit Griff und Untertasse mit tropischem Dekor. Eine exotische Note f\u00fcr Ihren Kaffee oder Tee. Handbemalt, waschbar, mikrowellenf\u00e4hig.\",\"breadcrumb\":{\"@id\":\"https:\\\/\\\/poterie-de-crestet.com\\\/de\\\/keramik\\\/tasse-avec-anse-tropical\\\/#breadcrumb\"},\"inLanguage\":\"de\",\"potentialAction\":[{\"@type\":\"ReadAction\",\"target\":[\"https:\\\/\\\/poterie-de-crestet.com\\\/de\\\/keramik\\\/tasse-avec-anse-tropical\\\/\"]}]},{\"@type\":\"ImageObject\",\"inLanguage\":\"de\",\"@id\":\"https:\\\/\\\/poterie-de-crestet.com\\\/de\\\/keramik\\\/tasse-avec-anse-tropical\\\/#primaryimage\",\"url\":\"https:\\\/\\\/i0.wp.com\\\/poterie-de-crestet.com\\\/wp-content\\\/uploads\\\/2025\\\/04\\\/tasse-a-cafe-tropical.jpg?fit=458%2C458&ssl=1\",\"contentUrl\":\"https:\\\/\\\/i0.wp.com\\\/poterie-de-crestet.com\\\/wp-content\\\/uploads\\\/2025\\\/04\\\/tasse-a-cafe-tropical.jpg?fit=458%2C458&ssl=1\",\"width\":458,\"height\":458,\"caption\":\"Tropischer Griff-Becher\"},{\"@type\":\"BreadcrumbList\",\"@id\":\"https:\\\/\\\/poterie-de-crestet.com\\\/de\\\/keramik\\\/tasse-avec-anse-tropical\\\/#breadcrumb\",\"itemListElement\":[{\"@type\":\"ListItem\",\"position\":1,\"name\":\"Accueil\",\"item\":\"https:\\\/\\\/poterie-de-crestet.com\\\/de\\\/accueil\\\/\"},{\"@type\":\"ListItem\",\"position\":2,\"name\":\"Boutique\",\"item\":\"https:\\\/\\\/poterie-de-crestet.com\\\/ceramiques\\\/\"},{\"@type\":\"ListItem\",\"position\":3,\"name\":\"Tropischer Griff-Becher\"}]},{\"@type\":\"WebSite\",\"@id\":\"https:\\\/\\\/poterie-de-crestet.com\\\/de\\\/#website\",\"url\":\"https:\\\/\\\/poterie-de-crestet.com\\\/de\\\/\",\"name\":\"Poterie de Crestet\",\"description\":\"Des milliers de poteries inpir\u00e9es de la Provence\",\"publisher\":{\"@id\":\"https:\\\/\\\/poterie-de-crestet.com\\\/de\\\/#organization\"},\"potentialAction\":[{\"@type\":\"SearchAction\",\"target\":{\"@type\":\"EntryPoint\",\"urlTemplate\":\"https:\\\/\\\/poterie-de-crestet.com\\\/de\\\/?s={search_term_string}\"},\"query-input\":{\"@type\":\"PropertyValueSpecification\",\"valueRequired\":true,\"valueName\":\"search_term_string\"}}],\"inLanguage\":\"de\"},{\"@type\":\"Organization\",\"@id\":\"https:\\\/\\\/poterie-de-crestet.com\\\/de\\\/#organization\",\"name\":\"Poterie de Crestet\",\"url\":\"https:\\\/\\\/poterie-de-crestet.com\\\/de\\\/\",\"logo\":{\"@type\":\"ImageObject\",\"inLanguage\":\"de\",\"@id\":\"https:\\\/\\\/poterie-de-crestet.com\\\/de\\\/#\\\/schema\\\/logo\\\/image\\\/\",\"url\":\"https:\\\/\\\/i0.wp.com\\\/poterie-de-crestet.com\\\/wp-content\\\/uploads\\\/2025\\\/03\\\/Propo-4.png?fit=1000%2C462&ssl=1\",\"contentUrl\":\"https:\\\/\\\/i0.wp.com\\\/poterie-de-crestet.com\\\/wp-content\\\/uploads\\\/2025\\\/03\\\/Propo-4.png?fit=1000%2C462&ssl=1\",\"width\":1000,\"height\":462,\"caption\":\"Poterie de Crestet\"},\"image\":{\"@id\":\"https:\\\/\\\/poterie-de-crestet.com\\\/de\\\/#\\\/schema\\\/logo\\\/image\\\/\"}}]}<\/script>\n<!-- \/ Yoast SEO plugin. -->","yoast_head_json":{"title":"Tropischer Griff-Becher  - Poterie de Crestet","description":"Tasse mit Griff und Untertasse mit tropischem Dekor. Eine exotische Note f\u00fcr Ihren Kaffee oder Tee. Handbemalt, waschbar, mikrowellenf\u00e4hig.","robots":{"index":"index","follow":"follow","max-snippet":"max-snippet:-1","max-image-preview":"max-image-preview:large","max-video-preview":"max-video-preview:-1"},"canonical":"https:\/\/poterie-de-crestet.com\/de\/keramik\/tasse-avec-anse-tropical\/","og_locale":"de_DE","og_type":"article","og_title":"Tropischer Griff-Becher  - Poterie de Crestet","og_description":"Tasse mit Griff und Untertasse mit tropischem Dekor. Eine exotische Note f\u00fcr Ihren Kaffee oder Tee. Handbemalt, waschbar, mikrowellenf\u00e4hig.","og_url":"https:\/\/poterie-de-crestet.com\/de\/keramik\/tasse-avec-anse-tropical\/","og_site_name":"Poterie de Crestet","article_modified_time":"2025-12-24T11:29:05+00:00","og_image":[{"width":458,"height":458,"url":"https:\/\/i0.wp.com\/poterie-de-crestet.com\/wp-content\/uploads\/2025\/04\/tasse-a-cafe-tropical.jpg?fit=458%2C458&ssl=1","type":"image\/jpeg"}],"twitter_card":"summary_large_image","twitter_misc":{"Gesch\u00e4tzte Lesezeit":"1\u00a0Minute"},"schema":{"@context":"https:\/\/schema.org","@graph":[{"@type":"WebPage","@id":"https:\/\/poterie-de-crestet.com\/de\/keramik\/tasse-avec-anse-tropical\/","url":"https:\/\/poterie-de-crestet.com\/de\/keramik\/tasse-avec-anse-tropical\/","name":"Tropischer Griff-Becher - Poterie de Crestet","isPartOf":{"@id":"https:\/\/poterie-de-crestet.com\/de\/#website"},"primaryImageOfPage":{"@id":"https:\/\/poterie-de-crestet.com\/de\/keramik\/tasse-avec-anse-tropical\/#primaryimage"},"image":{"@id":"https:\/\/poterie-de-crestet.com\/de\/keramik\/tasse-avec-anse-tropical\/#primaryimage"},"thumbnailUrl":"https:\/\/i0.wp.com\/poterie-de-crestet.com\/wp-content\/uploads\/2025\/04\/tasse-a-cafe-tropical.jpg?fit=458%2C458&ssl=1","datePublished":"2025-04-15T09:59:45+00:00","dateModified":"2025-12-24T11:29:05+00:00","description":"Tasse mit Griff und Untertasse mit tropischem Dekor. Eine exotische Note f\u00fcr Ihren Kaffee oder Tee. Handbemalt, waschbar, mikrowellenf\u00e4hig.","breadcrumb":{"@id":"https:\/\/poterie-de-crestet.com\/de\/keramik\/tasse-avec-anse-tropical\/#breadcrumb"},"inLanguage":"de","potentialAction":[{"@type":"ReadAction","target":["https:\/\/poterie-de-crestet.com\/de\/keramik\/tasse-avec-anse-tropical\/"]}]},{"@type":"ImageObject","inLanguage":"de","@id":"https:\/\/poterie-de-crestet.com\/de\/keramik\/tasse-avec-anse-tropical\/#primaryimage","url":"https:\/\/i0.wp.com\/poterie-de-crestet.com\/wp-content\/uploads\/2025\/04\/tasse-a-cafe-tropical.jpg?fit=458%2C458&ssl=1","contentUrl":"https:\/\/i0.wp.com\/poterie-de-crestet.com\/wp-content\/uploads\/2025\/04\/tasse-a-cafe-tropical.jpg?fit=458%2C458&ssl=1","width":458,"height":458,"caption":"Tropischer Griff-Becher"},{"@type":"BreadcrumbList","@id":"https:\/\/poterie-de-crestet.com\/de\/keramik\/tasse-avec-anse-tropical\/#breadcrumb","itemListElement":[{"@type":"ListItem","position":1,"name":"Accueil","item":"https:\/\/poterie-de-crestet.com\/de\/accueil\/"},{"@type":"ListItem","position":2,"name":"Boutique","item":"https:\/\/poterie-de-crestet.com\/ceramiques\/"},{"@type":"ListItem","position":3,"name":"Tropischer Griff-Becher"}]},{"@type":"WebSite","@id":"https:\/\/poterie-de-crestet.com\/de\/#website","url":"https:\/\/poterie-de-crestet.com\/de\/","name":"Poterie de Crestet","description":"Des milliers de poteries inpir\u00e9es de la Provence","publisher":{"@id":"https:\/\/poterie-de-crestet.com\/de\/#organization"},"potentialAction":[{"@type":"SearchAction","target":{"@type":"EntryPoint","urlTemplate":"https:\/\/poterie-de-crestet.com\/de\/?s={search_term_string}"},"query-input":{"@type":"PropertyValueSpecification","valueRequired":true,"valueName":"search_term_string"}}],"inLanguage":"de"},{"@type":"Organization","@id":"https:\/\/poterie-de-crestet.com\/de\/#organization","name":"Poterie de Crestet","url":"https:\/\/poterie-de-crestet.com\/de\/","logo":{"@type":"ImageObject","inLanguage":"de","@id":"https:\/\/poterie-de-crestet.com\/de\/#\/schema\/logo\/image\/","url":"https:\/\/i0.wp.com\/poterie-de-crestet.com\/wp-content\/uploads\/2025\/03\/Propo-4.png?fit=1000%2C462&ssl=1","contentUrl":"https:\/\/i0.wp.com\/poterie-de-crestet.com\/wp-content\/uploads\/2025\/03\/Propo-4.png?fit=1000%2C462&ssl=1","width":1000,"height":462,"caption":"Poterie de Crestet"},"image":{"@id":"https:\/\/poterie-de-crestet.com\/de\/#\/schema\/logo\/image\/"}}]}},"jetpack_sharing_enabled":true,"_links":{"self":[{"href":"https:\/\/poterie-de-crestet.com\/de\/wp-json\/wp\/v2\/product\/21806","targetHints":{"allow":["GET"]}}],"collection":[{"href":"https:\/\/poterie-de-crestet.com\/de\/wp-json\/wp\/v2\/product"}],"about":[{"href":"https:\/\/poterie-de-crestet.com\/de\/wp-json\/wp\/v2\/types\/product"}],"replies":[{"embeddable":true,"href":"https:\/\/poterie-de-crestet.com\/de\/wp-json\/wp\/v2\/comments?post=21806"}],"version-history":[{"count":1,"href":"https:\/\/poterie-de-crestet.com\/de\/wp-json\/wp\/v2\/product\/21806\/revisions"}],"predecessor-version":[{"id":22431,"href":"https:\/\/poterie-de-crestet.com\/de\/wp-json\/wp\/v2\/product\/21806\/revisions\/22431"}],"wp:featuredmedia":[{"embeddable":true,"href":"https:\/\/poterie-de-crestet.com\/de\/wp-json\/wp\/v2\/media\/8824"}],"wp:attachment":[{"href":"https:\/\/poterie-de-crestet.com\/de\/wp-json\/wp\/v2\/media?parent=21806"}],"wp:term":[{"taxonomy":"product_brand","embeddable":true,"href":"https:\/\/poterie-de-crestet.com\/de\/wp-json\/wp\/v2\/product_brand?post=21806"},{"taxonomy":"product_cat","embeddable":true,"href":"https:\/\/poterie-de-crestet.com\/de\/wp-json\/wp\/v2\/product_cat?post=21806"},{"taxonomy":"product_tag","embeddable":true,"href":"https:\/\/poterie-de-crestet.com\/de\/wp-json\/wp\/v2\/product_tag?post=21806"}],"curies":[{"name":"wp","href":"https:\/\/api.w.org\/{rel}","templated":true}]}}