{"id":21665,"date":"2025-08-09T19:23:13","date_gmt":"2025-08-09T17:23:13","guid":{"rendered":"https:\/\/poterie-de-crestet.com\/ceramiques\/flache-serie-niedrig-mittlere-gruener-olivenbaum\/"},"modified":"2025-08-09T19:23:13","modified_gmt":"2025-08-09T17:23:13","slug":"flache-serie-niedrig-mittlere-gruener-olivenbaum","status":"publish","type":"product","link":"https:\/\/poterie-de-crestet.com\/de\/keramik\/flache-serie-niedrig-mittlere-gruener-olivenbaum\/","title":{"rendered":"Flache Serie niedrig mittlere  <h5>Gr\u00fcner Olivenbaum<\/h5>"},"content":{"rendered":"<p>Das Medium Low Set Modell mit gr\u00fcn-olivgr\u00fcnem Dekor strahlt Frische und mediterrane Tradition aus. Mit seinem Durchmesser von 27 cm und einer H\u00f6he von 7 cm ist er perfekt als Serviergericht, Pr\u00e4sentationsgericht oder Gericht zum Teilen. Seine breite und niedrige Form bietet Platz f\u00fcr knusprige Salate, Fertiggerichte, Fleisch oder fruchtige Desserts.<br data-start=\"2222\" data-end=\"2225\">Hergestellt aus hochwertiger Keramik und handbemalt f\u00fcr die Dekoration, bietet es Solidit\u00e4t und Charme. Die gr\u00fcne Olivenbaumdekoration, hell und farbenfroh, erinnert an Olivenhaine, die im Sonnenlicht getaucht sind. Dieses Geschirr ist sp\u00fclmaschinen- und mikrowellenfest geeignet, was es ideal f\u00fcr den t\u00e4glichen Gebrauch macht.    <\/p>\n<p><br data-start=\"2519\" data-end=\"2522\">Kombinieren Sie es mit einer <a class=\"cursor-pointer\" href=\"https:\/\/poterie-de-crestet.com\/de\/keramik\/quadratische-salatschuessel-gruener-olivenbaum\/\" target=\"_new\" rel=\"noopener\" data-start=\"2539\" data-end=\"2644\">gr\u00fcnen Olivier-Salatsch\u00fcssel<\/a> f\u00fcr einen passenden Service oder spielen Sie mit der Vielfalt der Dekorationen f\u00fcr einen lebhaften Tisch. Es ist auch in kleinen und gro\u00dfen Modellen erh\u00e4ltlich und Teil unseres <a class=\"\" href=\"https:\/\/poterie-de-crestet.com\/de\/befoerderungen\/\" target=\"_new\" rel=\"noopener\" data-start=\"2794\" data-end=\"2858\">Sonderangebots in Sets<\/a> zu einem bevorzugten Preis.<br data-start=\"2886\" data-end=\"2889\">Leicht zu stapeln und angenehm zu handhaben, eignet er sich sowohl f\u00fcr Familienmahlzeiten als auch f\u00fcr G\u00e4ste. <\/p>\n","protected":false},"excerpt":{"rendered":"<p>Medium Low Dish mit gr\u00fcner Olivenbaumdekoration, Keramik. Frisch und mediterran, ideal zur Pr\u00e4sentation oder zum Teilen. <br data-start=\"3138\" data-end=\"3141\"><strong data-start=\"3141\" data-end=\"3169\"><em data-start=\"3143\" data-end=\"3167\">Abmessungen: 27 \u00d7 7 cm<\/em><\/strong><\/p>\n","protected":false},"featured_media":13151,"comment_status":"open","ping_status":"closed","template":"","meta":[],"product_brand":[],"product_cat":[393],"product_tag":[189],"class_list":{"0":"post-21665","1":"product","2":"type-product","3":"status-publish","4":"has-post-thumbnail","6":"product_cat-mittel-niedrig-umrandete-schalen","7":"product_tag-gruner-olivenbaum","9":"first","10":"instock","11":"taxable","12":"shipping-taxable","13":"purchasable","14":"product-type-simple"},"yoast_head":"<!-- This site is optimized with the Yoast SEO plugin v27.5 - https:\/\/yoast.com\/product\/yoast-seo-wordpress\/ -->\n<title>Flache Serie niedrig mittlere Gr\u00fcner Olivenbaum - Poterie de Crestet<\/title>\n<meta name=\"description\" content=\"Medium Low Dish Modell gr\u00fcner Olivenbaum, frisch und mediterran. Ideal f\u00fcr Salate, Beilagen oder Familiengerichte. Keramikgeschirrsp\u00fcler und Mikrowelle.\" \/>\n<meta name=\"robots\" content=\"index, follow, max-snippet:-1, max-image-preview:large, max-video-preview:-1\" \/>\n<link rel=\"canonical\" href=\"https:\/\/poterie-de-crestet.com\/de\/keramik\/flache-serie-niedrig-mittlere-gruener-olivenbaum\/\" \/>\n<meta property=\"og:locale\" content=\"de_DE\" \/>\n<meta property=\"og:type\" content=\"article\" \/>\n<meta property=\"og:title\" content=\"Flache Serie niedrig mittlere Gr\u00fcner Olivenbaum - Poterie de Crestet\" \/>\n<meta property=\"og:description\" content=\"Medium Low Dish Modell gr\u00fcner Olivenbaum, frisch und mediterran. Ideal f\u00fcr Salate, Beilagen oder Familiengerichte. Keramikgeschirrsp\u00fcler und Mikrowelle.\" \/>\n<meta property=\"og:url\" content=\"https:\/\/poterie-de-crestet.com\/de\/keramik\/flache-serie-niedrig-mittlere-gruener-olivenbaum\/\" \/>\n<meta property=\"og:site_name\" content=\"Poterie de Crestet\" \/>\n<meta property=\"og:image\" content=\"https:\/\/i0.wp.com\/poterie-de-crestet.com\/wp-content\/uploads\/2025\/08\/plat-service-rebord-bas-24.jpg?fit=800%2C532&ssl=1\" \/>\n\t<meta property=\"og:image:width\" content=\"800\" \/>\n\t<meta property=\"og:image:height\" content=\"532\" \/>\n\t<meta property=\"og:image:type\" content=\"image\/jpeg\" \/>\n<meta name=\"twitter:card\" content=\"summary_large_image\" \/>\n<meta name=\"twitter:label1\" content=\"Gesch\u00e4tzte Lesezeit\" \/>\n\t<meta name=\"twitter:data1\" content=\"1\u00a0Minute\" \/>\n<script type=\"application\/ld+json\" class=\"yoast-schema-graph\">{\"@context\":\"https:\\\/\\\/schema.org\",\"@graph\":[{\"@type\":\"WebPage\",\"@id\":\"https:\\\/\\\/poterie-de-crestet.com\\\/de\\\/keramik\\\/flache-serie-niedrig-mittlere-gruener-olivenbaum\\\/\",\"url\":\"https:\\\/\\\/poterie-de-crestet.com\\\/de\\\/keramik\\\/flache-serie-niedrig-mittlere-gruener-olivenbaum\\\/\",\"name\":\"Flache Serie niedrig mittlere Gr\u00fcner Olivenbaum - Poterie de Crestet\",\"isPartOf\":{\"@id\":\"https:\\\/\\\/poterie-de-crestet.com\\\/de\\\/#website\"},\"primaryImageOfPage\":{\"@id\":\"https:\\\/\\\/poterie-de-crestet.com\\\/de\\\/keramik\\\/flache-serie-niedrig-mittlere-gruener-olivenbaum\\\/#primaryimage\"},\"image\":{\"@id\":\"https:\\\/\\\/poterie-de-crestet.com\\\/de\\\/keramik\\\/flache-serie-niedrig-mittlere-gruener-olivenbaum\\\/#primaryimage\"},\"thumbnailUrl\":\"https:\\\/\\\/i0.wp.com\\\/poterie-de-crestet.com\\\/wp-content\\\/uploads\\\/2025\\\/08\\\/plat-service-rebord-bas-24.jpg?fit=800%2C532&ssl=1\",\"datePublished\":\"2025-08-09T17:23:13+00:00\",\"description\":\"Medium Low Dish Modell gr\u00fcner Olivenbaum, frisch und mediterran. Ideal f\u00fcr Salate, Beilagen oder Familiengerichte. Keramikgeschirrsp\u00fcler und Mikrowelle.\",\"breadcrumb\":{\"@id\":\"https:\\\/\\\/poterie-de-crestet.com\\\/de\\\/keramik\\\/flache-serie-niedrig-mittlere-gruener-olivenbaum\\\/#breadcrumb\"},\"inLanguage\":\"de\",\"potentialAction\":[{\"@type\":\"ReadAction\",\"target\":[\"https:\\\/\\\/poterie-de-crestet.com\\\/de\\\/keramik\\\/flache-serie-niedrig-mittlere-gruener-olivenbaum\\\/\"]}]},{\"@type\":\"ImageObject\",\"inLanguage\":\"de\",\"@id\":\"https:\\\/\\\/poterie-de-crestet.com\\\/de\\\/keramik\\\/flache-serie-niedrig-mittlere-gruener-olivenbaum\\\/#primaryimage\",\"url\":\"https:\\\/\\\/i0.wp.com\\\/poterie-de-crestet.com\\\/wp-content\\\/uploads\\\/2025\\\/08\\\/plat-service-rebord-bas-24.jpg?fit=800%2C532&ssl=1\",\"contentUrl\":\"https:\\\/\\\/i0.wp.com\\\/poterie-de-crestet.com\\\/wp-content\\\/uploads\\\/2025\\\/08\\\/plat-service-rebord-bas-24.jpg?fit=800%2C532&ssl=1\",\"width\":800,\"height\":532,\"caption\":\"Servierplatte mit niedrigen Kanten Olivgr\u00fcn\"},{\"@type\":\"BreadcrumbList\",\"@id\":\"https:\\\/\\\/poterie-de-crestet.com\\\/de\\\/keramik\\\/flache-serie-niedrig-mittlere-gruener-olivenbaum\\\/#breadcrumb\",\"itemListElement\":[{\"@type\":\"ListItem\",\"position\":1,\"name\":\"Accueil\",\"item\":\"https:\\\/\\\/poterie-de-crestet.com\\\/de\\\/accueil\\\/\"},{\"@type\":\"ListItem\",\"position\":2,\"name\":\"Boutique\",\"item\":\"https:\\\/\\\/poterie-de-crestet.com\\\/ceramiques\\\/\"},{\"@type\":\"ListItem\",\"position\":3,\"name\":\"Flache Serie niedrig mittlere Gr\u00fcner Olivenbaum\"}]},{\"@type\":\"WebSite\",\"@id\":\"https:\\\/\\\/poterie-de-crestet.com\\\/de\\\/#website\",\"url\":\"https:\\\/\\\/poterie-de-crestet.com\\\/de\\\/\",\"name\":\"Poterie de Crestet\",\"description\":\"Des milliers de poteries inpir\u00e9es de la Provence\",\"publisher\":{\"@id\":\"https:\\\/\\\/poterie-de-crestet.com\\\/de\\\/#organization\"},\"potentialAction\":[{\"@type\":\"SearchAction\",\"target\":{\"@type\":\"EntryPoint\",\"urlTemplate\":\"https:\\\/\\\/poterie-de-crestet.com\\\/de\\\/?s={search_term_string}\"},\"query-input\":{\"@type\":\"PropertyValueSpecification\",\"valueRequired\":true,\"valueName\":\"search_term_string\"}}],\"inLanguage\":\"de\"},{\"@type\":\"Organization\",\"@id\":\"https:\\\/\\\/poterie-de-crestet.com\\\/de\\\/#organization\",\"name\":\"Poterie de Crestet\",\"url\":\"https:\\\/\\\/poterie-de-crestet.com\\\/de\\\/\",\"logo\":{\"@type\":\"ImageObject\",\"inLanguage\":\"de\",\"@id\":\"https:\\\/\\\/poterie-de-crestet.com\\\/de\\\/#\\\/schema\\\/logo\\\/image\\\/\",\"url\":\"https:\\\/\\\/i0.wp.com\\\/poterie-de-crestet.com\\\/wp-content\\\/uploads\\\/2025\\\/03\\\/Propo-4.png?fit=1000%2C462&ssl=1\",\"contentUrl\":\"https:\\\/\\\/i0.wp.com\\\/poterie-de-crestet.com\\\/wp-content\\\/uploads\\\/2025\\\/03\\\/Propo-4.png?fit=1000%2C462&ssl=1\",\"width\":1000,\"height\":462,\"caption\":\"Poterie de Crestet\"},\"image\":{\"@id\":\"https:\\\/\\\/poterie-de-crestet.com\\\/de\\\/#\\\/schema\\\/logo\\\/image\\\/\"}}]}<\/script>\n<!-- \/ Yoast SEO plugin. -->","yoast_head_json":{"title":"Flache Serie niedrig mittlere Gr\u00fcner Olivenbaum - Poterie de Crestet","description":"Medium Low Dish Modell gr\u00fcner Olivenbaum, frisch und mediterran. Ideal f\u00fcr Salate, Beilagen oder Familiengerichte. Keramikgeschirrsp\u00fcler und Mikrowelle.","robots":{"index":"index","follow":"follow","max-snippet":"max-snippet:-1","max-image-preview":"max-image-preview:large","max-video-preview":"max-video-preview:-1"},"canonical":"https:\/\/poterie-de-crestet.com\/de\/keramik\/flache-serie-niedrig-mittlere-gruener-olivenbaum\/","og_locale":"de_DE","og_type":"article","og_title":"Flache Serie niedrig mittlere Gr\u00fcner Olivenbaum - Poterie de Crestet","og_description":"Medium Low Dish Modell gr\u00fcner Olivenbaum, frisch und mediterran. Ideal f\u00fcr Salate, Beilagen oder Familiengerichte. Keramikgeschirrsp\u00fcler und Mikrowelle.","og_url":"https:\/\/poterie-de-crestet.com\/de\/keramik\/flache-serie-niedrig-mittlere-gruener-olivenbaum\/","og_site_name":"Poterie de Crestet","og_image":[{"width":800,"height":532,"url":"https:\/\/i0.wp.com\/poterie-de-crestet.com\/wp-content\/uploads\/2025\/08\/plat-service-rebord-bas-24.jpg?fit=800%2C532&ssl=1","type":"image\/jpeg"}],"twitter_card":"summary_large_image","twitter_misc":{"Gesch\u00e4tzte Lesezeit":"1\u00a0Minute"},"schema":{"@context":"https:\/\/schema.org","@graph":[{"@type":"WebPage","@id":"https:\/\/poterie-de-crestet.com\/de\/keramik\/flache-serie-niedrig-mittlere-gruener-olivenbaum\/","url":"https:\/\/poterie-de-crestet.com\/de\/keramik\/flache-serie-niedrig-mittlere-gruener-olivenbaum\/","name":"Flache Serie niedrig mittlere Gr\u00fcner Olivenbaum - Poterie de Crestet","isPartOf":{"@id":"https:\/\/poterie-de-crestet.com\/de\/#website"},"primaryImageOfPage":{"@id":"https:\/\/poterie-de-crestet.com\/de\/keramik\/flache-serie-niedrig-mittlere-gruener-olivenbaum\/#primaryimage"},"image":{"@id":"https:\/\/poterie-de-crestet.com\/de\/keramik\/flache-serie-niedrig-mittlere-gruener-olivenbaum\/#primaryimage"},"thumbnailUrl":"https:\/\/i0.wp.com\/poterie-de-crestet.com\/wp-content\/uploads\/2025\/08\/plat-service-rebord-bas-24.jpg?fit=800%2C532&ssl=1","datePublished":"2025-08-09T17:23:13+00:00","description":"Medium Low Dish Modell gr\u00fcner Olivenbaum, frisch und mediterran. Ideal f\u00fcr Salate, Beilagen oder Familiengerichte. Keramikgeschirrsp\u00fcler und Mikrowelle.","breadcrumb":{"@id":"https:\/\/poterie-de-crestet.com\/de\/keramik\/flache-serie-niedrig-mittlere-gruener-olivenbaum\/#breadcrumb"},"inLanguage":"de","potentialAction":[{"@type":"ReadAction","target":["https:\/\/poterie-de-crestet.com\/de\/keramik\/flache-serie-niedrig-mittlere-gruener-olivenbaum\/"]}]},{"@type":"ImageObject","inLanguage":"de","@id":"https:\/\/poterie-de-crestet.com\/de\/keramik\/flache-serie-niedrig-mittlere-gruener-olivenbaum\/#primaryimage","url":"https:\/\/i0.wp.com\/poterie-de-crestet.com\/wp-content\/uploads\/2025\/08\/plat-service-rebord-bas-24.jpg?fit=800%2C532&ssl=1","contentUrl":"https:\/\/i0.wp.com\/poterie-de-crestet.com\/wp-content\/uploads\/2025\/08\/plat-service-rebord-bas-24.jpg?fit=800%2C532&ssl=1","width":800,"height":532,"caption":"Servierplatte mit niedrigen Kanten Olivgr\u00fcn"},{"@type":"BreadcrumbList","@id":"https:\/\/poterie-de-crestet.com\/de\/keramik\/flache-serie-niedrig-mittlere-gruener-olivenbaum\/#breadcrumb","itemListElement":[{"@type":"ListItem","position":1,"name":"Accueil","item":"https:\/\/poterie-de-crestet.com\/de\/accueil\/"},{"@type":"ListItem","position":2,"name":"Boutique","item":"https:\/\/poterie-de-crestet.com\/ceramiques\/"},{"@type":"ListItem","position":3,"name":"Flache Serie niedrig mittlere Gr\u00fcner Olivenbaum"}]},{"@type":"WebSite","@id":"https:\/\/poterie-de-crestet.com\/de\/#website","url":"https:\/\/poterie-de-crestet.com\/de\/","name":"Poterie de Crestet","description":"Des milliers de poteries inpir\u00e9es de la Provence","publisher":{"@id":"https:\/\/poterie-de-crestet.com\/de\/#organization"},"potentialAction":[{"@type":"SearchAction","target":{"@type":"EntryPoint","urlTemplate":"https:\/\/poterie-de-crestet.com\/de\/?s={search_term_string}"},"query-input":{"@type":"PropertyValueSpecification","valueRequired":true,"valueName":"search_term_string"}}],"inLanguage":"de"},{"@type":"Organization","@id":"https:\/\/poterie-de-crestet.com\/de\/#organization","name":"Poterie de Crestet","url":"https:\/\/poterie-de-crestet.com\/de\/","logo":{"@type":"ImageObject","inLanguage":"de","@id":"https:\/\/poterie-de-crestet.com\/de\/#\/schema\/logo\/image\/","url":"https:\/\/i0.wp.com\/poterie-de-crestet.com\/wp-content\/uploads\/2025\/03\/Propo-4.png?fit=1000%2C462&ssl=1","contentUrl":"https:\/\/i0.wp.com\/poterie-de-crestet.com\/wp-content\/uploads\/2025\/03\/Propo-4.png?fit=1000%2C462&ssl=1","width":1000,"height":462,"caption":"Poterie de Crestet"},"image":{"@id":"https:\/\/poterie-de-crestet.com\/de\/#\/schema\/logo\/image\/"}}]}},"jetpack_sharing_enabled":true,"_links":{"self":[{"href":"https:\/\/poterie-de-crestet.com\/de\/wp-json\/wp\/v2\/product\/21665","targetHints":{"allow":["GET"]}}],"collection":[{"href":"https:\/\/poterie-de-crestet.com\/de\/wp-json\/wp\/v2\/product"}],"about":[{"href":"https:\/\/poterie-de-crestet.com\/de\/wp-json\/wp\/v2\/types\/product"}],"replies":[{"embeddable":true,"href":"https:\/\/poterie-de-crestet.com\/de\/wp-json\/wp\/v2\/comments?post=21665"}],"version-history":[{"count":0,"href":"https:\/\/poterie-de-crestet.com\/de\/wp-json\/wp\/v2\/product\/21665\/revisions"}],"wp:featuredmedia":[{"embeddable":true,"href":"https:\/\/poterie-de-crestet.com\/de\/wp-json\/wp\/v2\/media\/13151"}],"wp:attachment":[{"href":"https:\/\/poterie-de-crestet.com\/de\/wp-json\/wp\/v2\/media?parent=21665"}],"wp:term":[{"taxonomy":"product_brand","embeddable":true,"href":"https:\/\/poterie-de-crestet.com\/de\/wp-json\/wp\/v2\/product_brand?post=21665"},{"taxonomy":"product_cat","embeddable":true,"href":"https:\/\/poterie-de-crestet.com\/de\/wp-json\/wp\/v2\/product_cat?post=21665"},{"taxonomy":"product_tag","embeddable":true,"href":"https:\/\/poterie-de-crestet.com\/de\/wp-json\/wp\/v2\/product_tag?post=21665"}],"curies":[{"name":"wp","href":"https:\/\/api.w.org\/{rel}","templated":true}]}}