{"id":21649,"date":"2025-08-09T19:23:17","date_gmt":"2025-08-09T17:23:17","guid":{"rendered":"https:\/\/poterie-de-crestet.com\/ceramiques\/flache-serie-niedrig-mittlere-gruene-nyons\/"},"modified":"2025-08-09T19:23:17","modified_gmt":"2025-08-09T17:23:17","slug":"flache-serie-niedrig-mittlere-gruene-nyons","status":"publish","type":"product","link":"https:\/\/poterie-de-crestet.com\/de\/keramik\/flache-serie-niedrig-mittlere-gruene-nyons\/","title":{"rendered":"Flache Serie niedrig mittlere  <h5>Gr\u00fcne Nyons<\/h5>"},"content":{"rendered":"<p>Das Nyons Green D\u00e9cor Medium Medium Gericht bringt Frische und Authentizit\u00e4t auf Ihren Tisch. Mit seinem Durchmesser von 27 cm und einer H\u00f6he von 7 cm ist er ideal als Serviergericht, Pr\u00e4sentationsgericht oder Teilgericht. Seine niedrige und breite Form verst\u00e4rkt knusprige Salate, gegrilltes Fleisch, ger\u00f6stetes Gem\u00fcse oder fruchtige Desserts.<br data-start=\"597\" data-end=\"600\">Aus hochwertiger Keramik gefertigt und f\u00fcr die Dekoration handbemalt, verbindet er Widerstandskraft und Eleganz. Das Dekor der Nyons Verts ist von den Landschaften und Olivenhainen der Region inspiriert, f\u00fcr einen Tisch mit provenzalischen Akzenten. Geschirrsp\u00fcler- und Mikrowellenfest, es bietet eine einfache und bequeme Bedienung.    <\/p>\n<p><br data-start=\"906\" data-end=\"909\">F\u00fcr einen abgestimmten Gottesdienst kombinieren Sie ihn mit einer <a class=\"cursor-pointer\" href=\"https:\/\/poterie-de-crestet.com\/de\/keramik\/quadratische-salatschuessel-gruene-nyons\/\" target=\"_new\" rel=\"noopener\" data-start=\"953\" data-end=\"1056\">gr\u00fcnen Nyons-Quadratsalatschale<\/a> oder spielen Sie mit Kontrasten zu anderen Dekorationen. Sie sind auch in kleinen und gro\u00dfen Gr\u00f6\u00dfen erh\u00e4ltlich und geh\u00f6ren zu unserem <a class=\"\" href=\"https:\/\/poterie-de-crestet.com\/de\/befoerderungen\/\" target=\"_new\" rel=\"noopener\" data-start=\"1170\" data-end=\"1234\">Sonderangebot in Sets<\/a> , um ein harmonisches Set zu einem tollen Preis zu schaffen.<br data-start=\"1290\" data-end=\"1293\">Leicht zu stapeln und angenehm zu handhaben ist es ein Muss f\u00fcr jeden Anlass. <\/p>\n","protected":false},"excerpt":{"rendered":"<p>Medium Low Dish Modell mit gr\u00fcnem Nyons-Dekor, Keramik. Nat\u00fcrlich und provencalisch, perfekt zum Pr\u00e4sentieren oder Teilen. <br data-start=\"1538\" data-end=\"1541\"><strong data-start=\"1541\" data-end=\"1569\"><em data-start=\"1543\" data-end=\"1567\">Abmessungen: 27 \u00d7 7 cm<\/em><\/strong><\/p>\n","protected":false},"featured_media":13193,"comment_status":"open","ping_status":"closed","template":"","meta":[],"product_brand":[],"product_cat":[393],"product_tag":[245],"class_list":{"0":"post-21649","1":"product","2":"type-product","3":"status-publish","4":"has-post-thumbnail","6":"product_cat-mittel-niedrig-umrandete-schalen","7":"product_tag-grune-nyons","9":"first","10":"instock","11":"taxable","12":"shipping-taxable","13":"purchasable","14":"product-type-simple"},"yoast_head":"<!-- This site is optimized with the Yoast SEO plugin v27.5 - https:\/\/yoast.com\/product\/yoast-seo-wordpress\/ -->\n<title>Flache Serie niedrig mittlere Gr\u00fcne Nyons - Poterie de Crestet<\/title>\n<meta name=\"description\" content=\"Medium Low Dish Modell Nyons gr\u00fcn, nat\u00fcrlich und provencalisch. Ideal f\u00fcr Salate, Beilagen oder Familiengerichte. Keramikgeschirrsp\u00fcler und Mikrowelle.\" \/>\n<meta name=\"robots\" content=\"index, follow, max-snippet:-1, max-image-preview:large, max-video-preview:-1\" \/>\n<link rel=\"canonical\" href=\"https:\/\/poterie-de-crestet.com\/de\/keramik\/flache-serie-niedrig-mittlere-gruene-nyons\/\" \/>\n<meta property=\"og:locale\" content=\"de_DE\" \/>\n<meta property=\"og:type\" content=\"article\" \/>\n<meta property=\"og:title\" content=\"Flache Serie niedrig mittlere Gr\u00fcne Nyons - Poterie de Crestet\" \/>\n<meta property=\"og:description\" content=\"Medium Low Dish Modell Nyons gr\u00fcn, nat\u00fcrlich und provencalisch. Ideal f\u00fcr Salate, Beilagen oder Familiengerichte. Keramikgeschirrsp\u00fcler und Mikrowelle.\" \/>\n<meta property=\"og:url\" content=\"https:\/\/poterie-de-crestet.com\/de\/keramik\/flache-serie-niedrig-mittlere-gruene-nyons\/\" \/>\n<meta property=\"og:site_name\" content=\"Poterie de Crestet\" \/>\n<meta property=\"og:image\" content=\"https:\/\/i0.wp.com\/poterie-de-crestet.com\/wp-content\/uploads\/2025\/08\/plat-service-rebord-bas-38.jpg?fit=800%2C532&ssl=1\" \/>\n\t<meta property=\"og:image:width\" content=\"800\" \/>\n\t<meta property=\"og:image:height\" content=\"532\" \/>\n\t<meta property=\"og:image:type\" content=\"image\/jpeg\" \/>\n<meta name=\"twitter:card\" content=\"summary_large_image\" \/>\n<meta name=\"twitter:label1\" content=\"Gesch\u00e4tzte Lesezeit\" \/>\n\t<meta name=\"twitter:data1\" content=\"1\u00a0Minute\" \/>\n<script type=\"application\/ld+json\" class=\"yoast-schema-graph\">{\"@context\":\"https:\\\/\\\/schema.org\",\"@graph\":[{\"@type\":\"WebPage\",\"@id\":\"https:\\\/\\\/poterie-de-crestet.com\\\/de\\\/keramik\\\/flache-serie-niedrig-mittlere-gruene-nyons\\\/\",\"url\":\"https:\\\/\\\/poterie-de-crestet.com\\\/de\\\/keramik\\\/flache-serie-niedrig-mittlere-gruene-nyons\\\/\",\"name\":\"Flache Serie niedrig mittlere Gr\u00fcne Nyons - Poterie de Crestet\",\"isPartOf\":{\"@id\":\"https:\\\/\\\/poterie-de-crestet.com\\\/de\\\/#website\"},\"primaryImageOfPage\":{\"@id\":\"https:\\\/\\\/poterie-de-crestet.com\\\/de\\\/keramik\\\/flache-serie-niedrig-mittlere-gruene-nyons\\\/#primaryimage\"},\"image\":{\"@id\":\"https:\\\/\\\/poterie-de-crestet.com\\\/de\\\/keramik\\\/flache-serie-niedrig-mittlere-gruene-nyons\\\/#primaryimage\"},\"thumbnailUrl\":\"https:\\\/\\\/i0.wp.com\\\/poterie-de-crestet.com\\\/wp-content\\\/uploads\\\/2025\\\/08\\\/plat-service-rebord-bas-38.jpg?fit=800%2C532&ssl=1\",\"datePublished\":\"2025-08-09T17:23:17+00:00\",\"description\":\"Medium Low Dish Modell Nyons gr\u00fcn, nat\u00fcrlich und provencalisch. Ideal f\u00fcr Salate, Beilagen oder Familiengerichte. Keramikgeschirrsp\u00fcler und Mikrowelle.\",\"breadcrumb\":{\"@id\":\"https:\\\/\\\/poterie-de-crestet.com\\\/de\\\/keramik\\\/flache-serie-niedrig-mittlere-gruene-nyons\\\/#breadcrumb\"},\"inLanguage\":\"de\",\"potentialAction\":[{\"@type\":\"ReadAction\",\"target\":[\"https:\\\/\\\/poterie-de-crestet.com\\\/de\\\/keramik\\\/flache-serie-niedrig-mittlere-gruene-nyons\\\/\"]}]},{\"@type\":\"ImageObject\",\"inLanguage\":\"de\",\"@id\":\"https:\\\/\\\/poterie-de-crestet.com\\\/de\\\/keramik\\\/flache-serie-niedrig-mittlere-gruene-nyons\\\/#primaryimage\",\"url\":\"https:\\\/\\\/i0.wp.com\\\/poterie-de-crestet.com\\\/wp-content\\\/uploads\\\/2025\\\/08\\\/plat-service-rebord-bas-38.jpg?fit=800%2C532&ssl=1\",\"contentUrl\":\"https:\\\/\\\/i0.wp.com\\\/poterie-de-crestet.com\\\/wp-content\\\/uploads\\\/2025\\\/08\\\/plat-service-rebord-bas-38.jpg?fit=800%2C532&ssl=1\",\"width\":800,\"height\":532,\"caption\":\"Nyons Niedrigrand-Servierplatte Gr\u00fcn\"},{\"@type\":\"BreadcrumbList\",\"@id\":\"https:\\\/\\\/poterie-de-crestet.com\\\/de\\\/keramik\\\/flache-serie-niedrig-mittlere-gruene-nyons\\\/#breadcrumb\",\"itemListElement\":[{\"@type\":\"ListItem\",\"position\":1,\"name\":\"Accueil\",\"item\":\"https:\\\/\\\/poterie-de-crestet.com\\\/de\\\/accueil\\\/\"},{\"@type\":\"ListItem\",\"position\":2,\"name\":\"Boutique\",\"item\":\"https:\\\/\\\/poterie-de-crestet.com\\\/ceramiques\\\/\"},{\"@type\":\"ListItem\",\"position\":3,\"name\":\"Flache Serie niedrig mittlere Gr\u00fcne Nyons\"}]},{\"@type\":\"WebSite\",\"@id\":\"https:\\\/\\\/poterie-de-crestet.com\\\/de\\\/#website\",\"url\":\"https:\\\/\\\/poterie-de-crestet.com\\\/de\\\/\",\"name\":\"Poterie de Crestet\",\"description\":\"Des milliers de poteries inpir\u00e9es de la Provence\",\"publisher\":{\"@id\":\"https:\\\/\\\/poterie-de-crestet.com\\\/de\\\/#organization\"},\"potentialAction\":[{\"@type\":\"SearchAction\",\"target\":{\"@type\":\"EntryPoint\",\"urlTemplate\":\"https:\\\/\\\/poterie-de-crestet.com\\\/de\\\/?s={search_term_string}\"},\"query-input\":{\"@type\":\"PropertyValueSpecification\",\"valueRequired\":true,\"valueName\":\"search_term_string\"}}],\"inLanguage\":\"de\"},{\"@type\":\"Organization\",\"@id\":\"https:\\\/\\\/poterie-de-crestet.com\\\/de\\\/#organization\",\"name\":\"Poterie de Crestet\",\"url\":\"https:\\\/\\\/poterie-de-crestet.com\\\/de\\\/\",\"logo\":{\"@type\":\"ImageObject\",\"inLanguage\":\"de\",\"@id\":\"https:\\\/\\\/poterie-de-crestet.com\\\/de\\\/#\\\/schema\\\/logo\\\/image\\\/\",\"url\":\"https:\\\/\\\/i0.wp.com\\\/poterie-de-crestet.com\\\/wp-content\\\/uploads\\\/2025\\\/03\\\/Propo-4.png?fit=1000%2C462&ssl=1\",\"contentUrl\":\"https:\\\/\\\/i0.wp.com\\\/poterie-de-crestet.com\\\/wp-content\\\/uploads\\\/2025\\\/03\\\/Propo-4.png?fit=1000%2C462&ssl=1\",\"width\":1000,\"height\":462,\"caption\":\"Poterie de Crestet\"},\"image\":{\"@id\":\"https:\\\/\\\/poterie-de-crestet.com\\\/de\\\/#\\\/schema\\\/logo\\\/image\\\/\"}}]}<\/script>\n<!-- \/ Yoast SEO plugin. -->","yoast_head_json":{"title":"Flache Serie niedrig mittlere Gr\u00fcne Nyons - Poterie de Crestet","description":"Medium Low Dish Modell Nyons gr\u00fcn, nat\u00fcrlich und provencalisch. Ideal f\u00fcr Salate, Beilagen oder Familiengerichte. Keramikgeschirrsp\u00fcler und Mikrowelle.","robots":{"index":"index","follow":"follow","max-snippet":"max-snippet:-1","max-image-preview":"max-image-preview:large","max-video-preview":"max-video-preview:-1"},"canonical":"https:\/\/poterie-de-crestet.com\/de\/keramik\/flache-serie-niedrig-mittlere-gruene-nyons\/","og_locale":"de_DE","og_type":"article","og_title":"Flache Serie niedrig mittlere Gr\u00fcne Nyons - Poterie de Crestet","og_description":"Medium Low Dish Modell Nyons gr\u00fcn, nat\u00fcrlich und provencalisch. Ideal f\u00fcr Salate, Beilagen oder Familiengerichte. Keramikgeschirrsp\u00fcler und Mikrowelle.","og_url":"https:\/\/poterie-de-crestet.com\/de\/keramik\/flache-serie-niedrig-mittlere-gruene-nyons\/","og_site_name":"Poterie de Crestet","og_image":[{"width":800,"height":532,"url":"https:\/\/i0.wp.com\/poterie-de-crestet.com\/wp-content\/uploads\/2025\/08\/plat-service-rebord-bas-38.jpg?fit=800%2C532&ssl=1","type":"image\/jpeg"}],"twitter_card":"summary_large_image","twitter_misc":{"Gesch\u00e4tzte Lesezeit":"1\u00a0Minute"},"schema":{"@context":"https:\/\/schema.org","@graph":[{"@type":"WebPage","@id":"https:\/\/poterie-de-crestet.com\/de\/keramik\/flache-serie-niedrig-mittlere-gruene-nyons\/","url":"https:\/\/poterie-de-crestet.com\/de\/keramik\/flache-serie-niedrig-mittlere-gruene-nyons\/","name":"Flache Serie niedrig mittlere Gr\u00fcne Nyons - Poterie de Crestet","isPartOf":{"@id":"https:\/\/poterie-de-crestet.com\/de\/#website"},"primaryImageOfPage":{"@id":"https:\/\/poterie-de-crestet.com\/de\/keramik\/flache-serie-niedrig-mittlere-gruene-nyons\/#primaryimage"},"image":{"@id":"https:\/\/poterie-de-crestet.com\/de\/keramik\/flache-serie-niedrig-mittlere-gruene-nyons\/#primaryimage"},"thumbnailUrl":"https:\/\/i0.wp.com\/poterie-de-crestet.com\/wp-content\/uploads\/2025\/08\/plat-service-rebord-bas-38.jpg?fit=800%2C532&ssl=1","datePublished":"2025-08-09T17:23:17+00:00","description":"Medium Low Dish Modell Nyons gr\u00fcn, nat\u00fcrlich und provencalisch. Ideal f\u00fcr Salate, Beilagen oder Familiengerichte. Keramikgeschirrsp\u00fcler und Mikrowelle.","breadcrumb":{"@id":"https:\/\/poterie-de-crestet.com\/de\/keramik\/flache-serie-niedrig-mittlere-gruene-nyons\/#breadcrumb"},"inLanguage":"de","potentialAction":[{"@type":"ReadAction","target":["https:\/\/poterie-de-crestet.com\/de\/keramik\/flache-serie-niedrig-mittlere-gruene-nyons\/"]}]},{"@type":"ImageObject","inLanguage":"de","@id":"https:\/\/poterie-de-crestet.com\/de\/keramik\/flache-serie-niedrig-mittlere-gruene-nyons\/#primaryimage","url":"https:\/\/i0.wp.com\/poterie-de-crestet.com\/wp-content\/uploads\/2025\/08\/plat-service-rebord-bas-38.jpg?fit=800%2C532&ssl=1","contentUrl":"https:\/\/i0.wp.com\/poterie-de-crestet.com\/wp-content\/uploads\/2025\/08\/plat-service-rebord-bas-38.jpg?fit=800%2C532&ssl=1","width":800,"height":532,"caption":"Nyons Niedrigrand-Servierplatte Gr\u00fcn"},{"@type":"BreadcrumbList","@id":"https:\/\/poterie-de-crestet.com\/de\/keramik\/flache-serie-niedrig-mittlere-gruene-nyons\/#breadcrumb","itemListElement":[{"@type":"ListItem","position":1,"name":"Accueil","item":"https:\/\/poterie-de-crestet.com\/de\/accueil\/"},{"@type":"ListItem","position":2,"name":"Boutique","item":"https:\/\/poterie-de-crestet.com\/ceramiques\/"},{"@type":"ListItem","position":3,"name":"Flache Serie niedrig mittlere Gr\u00fcne Nyons"}]},{"@type":"WebSite","@id":"https:\/\/poterie-de-crestet.com\/de\/#website","url":"https:\/\/poterie-de-crestet.com\/de\/","name":"Poterie de Crestet","description":"Des milliers de poteries inpir\u00e9es de la Provence","publisher":{"@id":"https:\/\/poterie-de-crestet.com\/de\/#organization"},"potentialAction":[{"@type":"SearchAction","target":{"@type":"EntryPoint","urlTemplate":"https:\/\/poterie-de-crestet.com\/de\/?s={search_term_string}"},"query-input":{"@type":"PropertyValueSpecification","valueRequired":true,"valueName":"search_term_string"}}],"inLanguage":"de"},{"@type":"Organization","@id":"https:\/\/poterie-de-crestet.com\/de\/#organization","name":"Poterie de Crestet","url":"https:\/\/poterie-de-crestet.com\/de\/","logo":{"@type":"ImageObject","inLanguage":"de","@id":"https:\/\/poterie-de-crestet.com\/de\/#\/schema\/logo\/image\/","url":"https:\/\/i0.wp.com\/poterie-de-crestet.com\/wp-content\/uploads\/2025\/03\/Propo-4.png?fit=1000%2C462&ssl=1","contentUrl":"https:\/\/i0.wp.com\/poterie-de-crestet.com\/wp-content\/uploads\/2025\/03\/Propo-4.png?fit=1000%2C462&ssl=1","width":1000,"height":462,"caption":"Poterie de Crestet"},"image":{"@id":"https:\/\/poterie-de-crestet.com\/de\/#\/schema\/logo\/image\/"}}]}},"jetpack_sharing_enabled":true,"_links":{"self":[{"href":"https:\/\/poterie-de-crestet.com\/de\/wp-json\/wp\/v2\/product\/21649","targetHints":{"allow":["GET"]}}],"collection":[{"href":"https:\/\/poterie-de-crestet.com\/de\/wp-json\/wp\/v2\/product"}],"about":[{"href":"https:\/\/poterie-de-crestet.com\/de\/wp-json\/wp\/v2\/types\/product"}],"replies":[{"embeddable":true,"href":"https:\/\/poterie-de-crestet.com\/de\/wp-json\/wp\/v2\/comments?post=21649"}],"version-history":[{"count":0,"href":"https:\/\/poterie-de-crestet.com\/de\/wp-json\/wp\/v2\/product\/21649\/revisions"}],"wp:featuredmedia":[{"embeddable":true,"href":"https:\/\/poterie-de-crestet.com\/de\/wp-json\/wp\/v2\/media\/13193"}],"wp:attachment":[{"href":"https:\/\/poterie-de-crestet.com\/de\/wp-json\/wp\/v2\/media?parent=21649"}],"wp:term":[{"taxonomy":"product_brand","embeddable":true,"href":"https:\/\/poterie-de-crestet.com\/de\/wp-json\/wp\/v2\/product_brand?post=21649"},{"taxonomy":"product_cat","embeddable":true,"href":"https:\/\/poterie-de-crestet.com\/de\/wp-json\/wp\/v2\/product_cat?post=21649"},{"taxonomy":"product_tag","embeddable":true,"href":"https:\/\/poterie-de-crestet.com\/de\/wp-json\/wp\/v2\/product_tag?post=21649"}],"curies":[{"name":"wp","href":"https:\/\/api.w.org\/{rel}","templated":true}]}}