{"id":21633,"date":"2025-08-09T19:23:22","date_gmt":"2025-08-09T17:23:22","guid":{"rendered":"https:\/\/poterie-de-crestet.com\/ceramiques\/flache-serie-niedrig-mittlere-gruene-blaetter\/"},"modified":"2025-08-09T19:23:22","modified_gmt":"2025-08-09T17:23:22","slug":"flache-serie-niedrig-mittlere-gruene-blaetter","status":"publish","type":"product","link":"https:\/\/poterie-de-crestet.com\/de\/keramik\/flache-serie-niedrig-mittlere-gruene-blaetter\/","title":{"rendered":"Flache Serie niedrig mittlere  <h5>Gr\u00fcne Bl\u00e4tter<\/h5>"},"content":{"rendered":"<p>Die Flat Series Medium Bottom Model Green Leaves strahlt Frische und Natur aus. Mit seinem Durchmesser von 27 cm und einer H\u00f6he von 7 cm ist er ideal als Serviergericht, Pr\u00e4sentationsgericht oder Teilgericht. Seine niedrige, breite Form verst\u00e4rkt farbenfrohe Salate, Gem\u00fcsegerichte, Fleisch oder selbstgemachte Desserts.<br data-start=\"5415\" data-end=\"5418\">Aus hochwertiger Keramik gefertigt und f\u00fcr den dekorativen Teil handbemalt, verbindet er Solidit\u00e4t und Charme. Sp\u00fclmaschinen- und Mikrowellenfest, sie ist einfach t\u00e4glich zu verwenden. Die gr\u00fcnen Bl\u00e4tterdekorationen, pflanzlich und leuchtend, passen gut zu nat\u00fcrlichen oder eleganteren Tischen.    <\/p>\n<p><br data-start=\"5722\" data-end=\"5725\">F\u00fcr ein passendes Service kombinieren Sie es mit einer <a class=\"cursor-pointer\" href=\"https:\/\/poterie-de-crestet.com\/de\/keramik\/quadratische-salatschuessel-gruene-blaetter\/\" target=\"_new\" rel=\"noopener\" data-start=\"5765\" data-end=\"5873\">Green Leaves Square Salad Bowl<\/a> oder kombinieren Sie es mit anderen Dekorationen f\u00fcr verschiedene Stile. Diese Vorlage ist auch in kleinen und gro\u00dfen Formaten verf\u00fcgbar, sodass Sie einen vollst\u00e4ndigen Service erstellen k\u00f6nnen. Nutzen Sie unser <a class=\"\" href=\"https:\/\/poterie-de-crestet.com\/de\/befoerderungen\/\" target=\"_new\" rel=\"noopener\" data-start=\"6043\" data-end=\"6107\">Sonderangebot pro Grundst\u00fcck,<\/a> um alle drei Gr\u00f6\u00dfen zu einem reduzierten Preis zu erwerben.<br data-start=\"6154\" data-end=\"6157\">Stapelbar und angenehm zu handhaben, wird er schnell zu einem Muss in Ihrem Geschirr.  <\/p>\n","protected":false},"excerpt":{"rendered":"<p>Medium Low Dish Modell mit gr\u00fcnen Bl\u00e4ttern, Keramikdekor. Nat\u00fcrlich und leuchtend, perfekt zum Pr\u00e4sentieren oder Teilen. <br data-start=\"6395\" data-end=\"6398\"><strong data-start=\"6398\" data-end=\"6426\"><em data-start=\"6400\" data-end=\"6424\">Abmessungen: 27 \u00d7 7 cm<\/em><\/strong><\/p>\n","protected":false},"featured_media":13163,"comment_status":"open","ping_status":"closed","template":"","meta":[],"product_brand":[],"product_cat":[393],"product_tag":[315],"class_list":{"0":"post-21633","1":"product","2":"type-product","3":"status-publish","4":"has-post-thumbnail","6":"product_cat-mittel-niedrig-umrandete-schalen","7":"product_tag-grune-blatter","9":"first","10":"instock","11":"taxable","12":"shipping-taxable","13":"purchasable","14":"product-type-simple"},"yoast_head":"<!-- This site is optimized with the Yoast SEO plugin v27.5 - https:\/\/yoast.com\/product\/yoast-seo-wordpress\/ -->\n<title>Flache Serie niedrig mittlere Gr\u00fcne Bl\u00e4tter - Poterie de Crestet<\/title>\n<meta name=\"description\" content=\"Gr\u00fcne Bl\u00e4tter mit mittlerem niedrigem Blattmuster, nat\u00fcrlich und leuchtend. Ideal f\u00fcr Salate, Beilagen oder Familiengerichte. Keramikgeschirrsp\u00fcler und Mikrowelle.\" \/>\n<meta name=\"robots\" content=\"index, follow, max-snippet:-1, max-image-preview:large, max-video-preview:-1\" \/>\n<link rel=\"canonical\" href=\"https:\/\/poterie-de-crestet.com\/de\/keramik\/flache-serie-niedrig-mittlere-gruene-blaetter\/\" \/>\n<meta property=\"og:locale\" content=\"de_DE\" \/>\n<meta property=\"og:type\" content=\"article\" \/>\n<meta property=\"og:title\" content=\"Flache Serie niedrig mittlere Gr\u00fcne Bl\u00e4tter - Poterie de Crestet\" \/>\n<meta property=\"og:description\" content=\"Gr\u00fcne Bl\u00e4tter mit mittlerem niedrigem Blattmuster, nat\u00fcrlich und leuchtend. Ideal f\u00fcr Salate, Beilagen oder Familiengerichte. Keramikgeschirrsp\u00fcler und Mikrowelle.\" \/>\n<meta property=\"og:url\" content=\"https:\/\/poterie-de-crestet.com\/de\/keramik\/flache-serie-niedrig-mittlere-gruene-blaetter\/\" \/>\n<meta property=\"og:site_name\" content=\"Poterie de Crestet\" \/>\n<meta property=\"og:image\" content=\"https:\/\/i0.wp.com\/poterie-de-crestet.com\/wp-content\/uploads\/2025\/08\/plat-service-rebord-bas-28.jpg?fit=800%2C532&ssl=1\" \/>\n\t<meta property=\"og:image:width\" content=\"800\" \/>\n\t<meta property=\"og:image:height\" content=\"532\" \/>\n\t<meta property=\"og:image:type\" content=\"image\/jpeg\" \/>\n<meta name=\"twitter:card\" content=\"summary_large_image\" \/>\n<meta name=\"twitter:label1\" content=\"Gesch\u00e4tzte Lesezeit\" \/>\n\t<meta name=\"twitter:data1\" content=\"1\u00a0Minute\" \/>\n<script type=\"application\/ld+json\" class=\"yoast-schema-graph\">{\"@context\":\"https:\\\/\\\/schema.org\",\"@graph\":[{\"@type\":\"WebPage\",\"@id\":\"https:\\\/\\\/poterie-de-crestet.com\\\/de\\\/keramik\\\/flache-serie-niedrig-mittlere-gruene-blaetter\\\/\",\"url\":\"https:\\\/\\\/poterie-de-crestet.com\\\/de\\\/keramik\\\/flache-serie-niedrig-mittlere-gruene-blaetter\\\/\",\"name\":\"Flache Serie niedrig mittlere Gr\u00fcne Bl\u00e4tter - Poterie de Crestet\",\"isPartOf\":{\"@id\":\"https:\\\/\\\/poterie-de-crestet.com\\\/de\\\/#website\"},\"primaryImageOfPage\":{\"@id\":\"https:\\\/\\\/poterie-de-crestet.com\\\/de\\\/keramik\\\/flache-serie-niedrig-mittlere-gruene-blaetter\\\/#primaryimage\"},\"image\":{\"@id\":\"https:\\\/\\\/poterie-de-crestet.com\\\/de\\\/keramik\\\/flache-serie-niedrig-mittlere-gruene-blaetter\\\/#primaryimage\"},\"thumbnailUrl\":\"https:\\\/\\\/i0.wp.com\\\/poterie-de-crestet.com\\\/wp-content\\\/uploads\\\/2025\\\/08\\\/plat-service-rebord-bas-28.jpg?fit=800%2C532&ssl=1\",\"datePublished\":\"2025-08-09T17:23:22+00:00\",\"description\":\"Gr\u00fcne Bl\u00e4tter mit mittlerem niedrigem Blattmuster, nat\u00fcrlich und leuchtend. Ideal f\u00fcr Salate, Beilagen oder Familiengerichte. Keramikgeschirrsp\u00fcler und Mikrowelle.\",\"breadcrumb\":{\"@id\":\"https:\\\/\\\/poterie-de-crestet.com\\\/de\\\/keramik\\\/flache-serie-niedrig-mittlere-gruene-blaetter\\\/#breadcrumb\"},\"inLanguage\":\"de\",\"potentialAction\":[{\"@type\":\"ReadAction\",\"target\":[\"https:\\\/\\\/poterie-de-crestet.com\\\/de\\\/keramik\\\/flache-serie-niedrig-mittlere-gruene-blaetter\\\/\"]}]},{\"@type\":\"ImageObject\",\"inLanguage\":\"de\",\"@id\":\"https:\\\/\\\/poterie-de-crestet.com\\\/de\\\/keramik\\\/flache-serie-niedrig-mittlere-gruene-blaetter\\\/#primaryimage\",\"url\":\"https:\\\/\\\/i0.wp.com\\\/poterie-de-crestet.com\\\/wp-content\\\/uploads\\\/2025\\\/08\\\/plat-service-rebord-bas-28.jpg?fit=800%2C532&ssl=1\",\"contentUrl\":\"https:\\\/\\\/i0.wp.com\\\/poterie-de-crestet.com\\\/wp-content\\\/uploads\\\/2025\\\/08\\\/plat-service-rebord-bas-28.jpg?fit=800%2C532&ssl=1\",\"width\":800,\"height\":532,\"caption\":\"Servierplatte mit niedrigen Gr\u00fcnbl\u00e4ttern\"},{\"@type\":\"BreadcrumbList\",\"@id\":\"https:\\\/\\\/poterie-de-crestet.com\\\/de\\\/keramik\\\/flache-serie-niedrig-mittlere-gruene-blaetter\\\/#breadcrumb\",\"itemListElement\":[{\"@type\":\"ListItem\",\"position\":1,\"name\":\"Accueil\",\"item\":\"https:\\\/\\\/poterie-de-crestet.com\\\/de\\\/accueil\\\/\"},{\"@type\":\"ListItem\",\"position\":2,\"name\":\"Boutique\",\"item\":\"https:\\\/\\\/poterie-de-crestet.com\\\/ceramiques\\\/\"},{\"@type\":\"ListItem\",\"position\":3,\"name\":\"Flache Serie niedrig mittlere Gr\u00fcne Bl\u00e4tter\"}]},{\"@type\":\"WebSite\",\"@id\":\"https:\\\/\\\/poterie-de-crestet.com\\\/de\\\/#website\",\"url\":\"https:\\\/\\\/poterie-de-crestet.com\\\/de\\\/\",\"name\":\"Poterie de Crestet\",\"description\":\"Des milliers de poteries inpir\u00e9es de la Provence\",\"publisher\":{\"@id\":\"https:\\\/\\\/poterie-de-crestet.com\\\/de\\\/#organization\"},\"potentialAction\":[{\"@type\":\"SearchAction\",\"target\":{\"@type\":\"EntryPoint\",\"urlTemplate\":\"https:\\\/\\\/poterie-de-crestet.com\\\/de\\\/?s={search_term_string}\"},\"query-input\":{\"@type\":\"PropertyValueSpecification\",\"valueRequired\":true,\"valueName\":\"search_term_string\"}}],\"inLanguage\":\"de\"},{\"@type\":\"Organization\",\"@id\":\"https:\\\/\\\/poterie-de-crestet.com\\\/de\\\/#organization\",\"name\":\"Poterie de Crestet\",\"url\":\"https:\\\/\\\/poterie-de-crestet.com\\\/de\\\/\",\"logo\":{\"@type\":\"ImageObject\",\"inLanguage\":\"de\",\"@id\":\"https:\\\/\\\/poterie-de-crestet.com\\\/de\\\/#\\\/schema\\\/logo\\\/image\\\/\",\"url\":\"https:\\\/\\\/i0.wp.com\\\/poterie-de-crestet.com\\\/wp-content\\\/uploads\\\/2025\\\/03\\\/Propo-4.png?fit=1000%2C462&ssl=1\",\"contentUrl\":\"https:\\\/\\\/i0.wp.com\\\/poterie-de-crestet.com\\\/wp-content\\\/uploads\\\/2025\\\/03\\\/Propo-4.png?fit=1000%2C462&ssl=1\",\"width\":1000,\"height\":462,\"caption\":\"Poterie de Crestet\"},\"image\":{\"@id\":\"https:\\\/\\\/poterie-de-crestet.com\\\/de\\\/#\\\/schema\\\/logo\\\/image\\\/\"}}]}<\/script>\n<!-- \/ Yoast SEO plugin. -->","yoast_head_json":{"title":"Flache Serie niedrig mittlere Gr\u00fcne Bl\u00e4tter - Poterie de Crestet","description":"Gr\u00fcne Bl\u00e4tter mit mittlerem niedrigem Blattmuster, nat\u00fcrlich und leuchtend. Ideal f\u00fcr Salate, Beilagen oder Familiengerichte. Keramikgeschirrsp\u00fcler und Mikrowelle.","robots":{"index":"index","follow":"follow","max-snippet":"max-snippet:-1","max-image-preview":"max-image-preview:large","max-video-preview":"max-video-preview:-1"},"canonical":"https:\/\/poterie-de-crestet.com\/de\/keramik\/flache-serie-niedrig-mittlere-gruene-blaetter\/","og_locale":"de_DE","og_type":"article","og_title":"Flache Serie niedrig mittlere Gr\u00fcne Bl\u00e4tter - Poterie de Crestet","og_description":"Gr\u00fcne Bl\u00e4tter mit mittlerem niedrigem Blattmuster, nat\u00fcrlich und leuchtend. Ideal f\u00fcr Salate, Beilagen oder Familiengerichte. Keramikgeschirrsp\u00fcler und Mikrowelle.","og_url":"https:\/\/poterie-de-crestet.com\/de\/keramik\/flache-serie-niedrig-mittlere-gruene-blaetter\/","og_site_name":"Poterie de Crestet","og_image":[{"width":800,"height":532,"url":"https:\/\/i0.wp.com\/poterie-de-crestet.com\/wp-content\/uploads\/2025\/08\/plat-service-rebord-bas-28.jpg?fit=800%2C532&ssl=1","type":"image\/jpeg"}],"twitter_card":"summary_large_image","twitter_misc":{"Gesch\u00e4tzte Lesezeit":"1\u00a0Minute"},"schema":{"@context":"https:\/\/schema.org","@graph":[{"@type":"WebPage","@id":"https:\/\/poterie-de-crestet.com\/de\/keramik\/flache-serie-niedrig-mittlere-gruene-blaetter\/","url":"https:\/\/poterie-de-crestet.com\/de\/keramik\/flache-serie-niedrig-mittlere-gruene-blaetter\/","name":"Flache Serie niedrig mittlere Gr\u00fcne Bl\u00e4tter - Poterie de Crestet","isPartOf":{"@id":"https:\/\/poterie-de-crestet.com\/de\/#website"},"primaryImageOfPage":{"@id":"https:\/\/poterie-de-crestet.com\/de\/keramik\/flache-serie-niedrig-mittlere-gruene-blaetter\/#primaryimage"},"image":{"@id":"https:\/\/poterie-de-crestet.com\/de\/keramik\/flache-serie-niedrig-mittlere-gruene-blaetter\/#primaryimage"},"thumbnailUrl":"https:\/\/i0.wp.com\/poterie-de-crestet.com\/wp-content\/uploads\/2025\/08\/plat-service-rebord-bas-28.jpg?fit=800%2C532&ssl=1","datePublished":"2025-08-09T17:23:22+00:00","description":"Gr\u00fcne Bl\u00e4tter mit mittlerem niedrigem Blattmuster, nat\u00fcrlich und leuchtend. Ideal f\u00fcr Salate, Beilagen oder Familiengerichte. Keramikgeschirrsp\u00fcler und Mikrowelle.","breadcrumb":{"@id":"https:\/\/poterie-de-crestet.com\/de\/keramik\/flache-serie-niedrig-mittlere-gruene-blaetter\/#breadcrumb"},"inLanguage":"de","potentialAction":[{"@type":"ReadAction","target":["https:\/\/poterie-de-crestet.com\/de\/keramik\/flache-serie-niedrig-mittlere-gruene-blaetter\/"]}]},{"@type":"ImageObject","inLanguage":"de","@id":"https:\/\/poterie-de-crestet.com\/de\/keramik\/flache-serie-niedrig-mittlere-gruene-blaetter\/#primaryimage","url":"https:\/\/i0.wp.com\/poterie-de-crestet.com\/wp-content\/uploads\/2025\/08\/plat-service-rebord-bas-28.jpg?fit=800%2C532&ssl=1","contentUrl":"https:\/\/i0.wp.com\/poterie-de-crestet.com\/wp-content\/uploads\/2025\/08\/plat-service-rebord-bas-28.jpg?fit=800%2C532&ssl=1","width":800,"height":532,"caption":"Servierplatte mit niedrigen Gr\u00fcnbl\u00e4ttern"},{"@type":"BreadcrumbList","@id":"https:\/\/poterie-de-crestet.com\/de\/keramik\/flache-serie-niedrig-mittlere-gruene-blaetter\/#breadcrumb","itemListElement":[{"@type":"ListItem","position":1,"name":"Accueil","item":"https:\/\/poterie-de-crestet.com\/de\/accueil\/"},{"@type":"ListItem","position":2,"name":"Boutique","item":"https:\/\/poterie-de-crestet.com\/ceramiques\/"},{"@type":"ListItem","position":3,"name":"Flache Serie niedrig mittlere Gr\u00fcne Bl\u00e4tter"}]},{"@type":"WebSite","@id":"https:\/\/poterie-de-crestet.com\/de\/#website","url":"https:\/\/poterie-de-crestet.com\/de\/","name":"Poterie de Crestet","description":"Des milliers de poteries inpir\u00e9es de la Provence","publisher":{"@id":"https:\/\/poterie-de-crestet.com\/de\/#organization"},"potentialAction":[{"@type":"SearchAction","target":{"@type":"EntryPoint","urlTemplate":"https:\/\/poterie-de-crestet.com\/de\/?s={search_term_string}"},"query-input":{"@type":"PropertyValueSpecification","valueRequired":true,"valueName":"search_term_string"}}],"inLanguage":"de"},{"@type":"Organization","@id":"https:\/\/poterie-de-crestet.com\/de\/#organization","name":"Poterie de Crestet","url":"https:\/\/poterie-de-crestet.com\/de\/","logo":{"@type":"ImageObject","inLanguage":"de","@id":"https:\/\/poterie-de-crestet.com\/de\/#\/schema\/logo\/image\/","url":"https:\/\/i0.wp.com\/poterie-de-crestet.com\/wp-content\/uploads\/2025\/03\/Propo-4.png?fit=1000%2C462&ssl=1","contentUrl":"https:\/\/i0.wp.com\/poterie-de-crestet.com\/wp-content\/uploads\/2025\/03\/Propo-4.png?fit=1000%2C462&ssl=1","width":1000,"height":462,"caption":"Poterie de Crestet"},"image":{"@id":"https:\/\/poterie-de-crestet.com\/de\/#\/schema\/logo\/image\/"}}]}},"jetpack_sharing_enabled":true,"_links":{"self":[{"href":"https:\/\/poterie-de-crestet.com\/de\/wp-json\/wp\/v2\/product\/21633","targetHints":{"allow":["GET"]}}],"collection":[{"href":"https:\/\/poterie-de-crestet.com\/de\/wp-json\/wp\/v2\/product"}],"about":[{"href":"https:\/\/poterie-de-crestet.com\/de\/wp-json\/wp\/v2\/types\/product"}],"replies":[{"embeddable":true,"href":"https:\/\/poterie-de-crestet.com\/de\/wp-json\/wp\/v2\/comments?post=21633"}],"version-history":[{"count":0,"href":"https:\/\/poterie-de-crestet.com\/de\/wp-json\/wp\/v2\/product\/21633\/revisions"}],"wp:featuredmedia":[{"embeddable":true,"href":"https:\/\/poterie-de-crestet.com\/de\/wp-json\/wp\/v2\/media\/13163"}],"wp:attachment":[{"href":"https:\/\/poterie-de-crestet.com\/de\/wp-json\/wp\/v2\/media?parent=21633"}],"wp:term":[{"taxonomy":"product_brand","embeddable":true,"href":"https:\/\/poterie-de-crestet.com\/de\/wp-json\/wp\/v2\/product_brand?post=21633"},{"taxonomy":"product_cat","embeddable":true,"href":"https:\/\/poterie-de-crestet.com\/de\/wp-json\/wp\/v2\/product_cat?post=21633"},{"taxonomy":"product_tag","embeddable":true,"href":"https:\/\/poterie-de-crestet.com\/de\/wp-json\/wp\/v2\/product_tag?post=21633"}],"curies":[{"name":"wp","href":"https:\/\/api.w.org\/{rel}","templated":true}]}}