{"id":21445,"date":"2025-04-15T15:32:41","date_gmt":"2025-04-15T13:32:41","guid":{"rendered":"https:\/\/poterie-de-crestet.com\/ceramiques\/riesige-salatschuessel-blauer-platz\/"},"modified":"2025-04-15T15:32:41","modified_gmt":"2025-04-15T13:32:41","slug":"riesige-salatschuessel-blauer-platz","status":"publish","type":"product","link":"https:\/\/poterie-de-crestet.com\/de\/keramik\/riesige-salatschuessel-blauer-platz\/","title":{"rendered":"Riesige Salatsch\u00fcssel  <h5>Blauer Platz<\/h5>"},"content":{"rendered":"<p data-start=\"350\" data-end=\"670\">Diese riesige Salatsch\u00fcssel mit Carr\u00e9-Bleu-Dekoration ist ein Muss f\u00fcr gro\u00dfe Tische. Sein gro\u00dfer Durchmesser bietet Platz f\u00fcr gemischte Salate, Sommerfr\u00fcchte, gegrilltes Gem\u00fcse oder sogar ein XXL-Tiramisu. Sein grafisches Design mit blauen Linien vermittelt eine elegante Strenge, die durch die Rundheit der Keramik abgemildert wird.  <\/p>\n<p data-start=\"672\" data-end=\"929\">Jedes St\u00fcck ist handbemalt, mit Variationen, die das Muster lebendig machen. Seine stabile Basis und gro\u00dfe Kapazit\u00e4t machen ihn zu einem Objekt, das ebenso praktisch wie \u00e4sthetisch ist. Er ist sp\u00fclmaschinen- und mikrowellenfest und entspricht den Lebensmittelvorschriften.  <\/p>\n<p data-start=\"931\" data-end=\"1218\">Kombinieren Sie es mit der <a class=\"cursor-pointer\" href=\"https:\/\/poterie-de-crestet.com\/de\/keramik\/vorspeise-blauer-platz\/\" target=\"_new\" rel=\"noopener\" data-start=\"946\" data-end=\"1037\">Carr\u00e9 bleu Aperitifschale<\/a> f\u00fcr einen passenden Tisch oder wagen Sie es, sie mit der <a class=\"cursor-pointer\" href=\"https:\/\/poterie-de-crestet.com\/de\/keramik\/seifenschale-schwarzer-boden\/\" target=\"_new\" rel=\"noopener\" data-start=\"1094\" data-end=\"1180\">Sol Noir Seifenschale<\/a> zu kontrastieren.<\/p>\n","protected":false},"excerpt":{"rendered":"<p>Riesige Keramiksalatschale mit blauem Quadrat, perfekt f\u00fcr gro\u00dfe Salate oder Obst zum Teilen. Grafische Eleganz und gro\u00dfz\u00fcgiges Format. <br data-start=\"311\" data-end=\"314\"><strong data-start=\"314\" data-end=\"348\"><em data-start=\"316\" data-end=\"346\">Ma\u00dfe: 32 \u00d7 32 \u00d7 13 cm<\/em><\/strong><\/p>\n","protected":false},"featured_media":10410,"comment_status":"open","ping_status":"closed","template":"","meta":[],"product_brand":[],"product_cat":[378],"product_tag":[209],"class_list":{"0":"post-21445","1":"product","2":"type-product","3":"status-publish","4":"has-post-thumbnail","6":"product_cat-riesige-salatschalen","7":"product_tag-blauer-platz","9":"first","10":"instock","11":"taxable","12":"shipping-taxable","13":"purchasable","14":"product-type-simple"},"yoast_head":"<!-- This site is optimized with the Yoast SEO plugin v27.5 - https:\/\/yoast.com\/product\/yoast-seo-wordpress\/ -->\n<title>Riesige Salatsch\u00fcssel Blauer Platz - Poterie de Crestet<\/title>\n<meta name=\"description\" content=\"Riesige, handdekorierte blaue quadratische Salatsch\u00fcssel. Ideal f\u00fcr Salate oder geteilte Gerichte. Ein grafisches, handwerkliches und gro\u00dfz\u00fcgiges Werk.\" \/>\n<meta name=\"robots\" content=\"index, follow, max-snippet:-1, max-image-preview:large, max-video-preview:-1\" \/>\n<link rel=\"canonical\" href=\"https:\/\/poterie-de-crestet.com\/de\/keramik\/riesige-salatschuessel-blauer-platz\/\" \/>\n<meta property=\"og:locale\" content=\"de_DE\" \/>\n<meta property=\"og:type\" content=\"article\" \/>\n<meta property=\"og:title\" content=\"Riesige Salatsch\u00fcssel Blauer Platz - Poterie de Crestet\" \/>\n<meta property=\"og:description\" content=\"Riesige, handdekorierte blaue quadratische Salatsch\u00fcssel. Ideal f\u00fcr Salate oder geteilte Gerichte. Ein grafisches, handwerkliches und gro\u00dfz\u00fcgiges Werk.\" \/>\n<meta property=\"og:url\" content=\"https:\/\/poterie-de-crestet.com\/de\/keramik\/riesige-salatschuessel-blauer-platz\/\" \/>\n<meta property=\"og:site_name\" content=\"Poterie de Crestet\" \/>\n<meta property=\"og:image\" content=\"https:\/\/i0.wp.com\/poterie-de-crestet.com\/wp-content\/uploads\/2025\/06\/saladier-geant-2-carre-bleu.jpg?fit=458%2C458&ssl=1\" \/>\n\t<meta property=\"og:image:width\" content=\"458\" \/>\n\t<meta property=\"og:image:height\" content=\"458\" \/>\n\t<meta property=\"og:image:type\" content=\"image\/jpeg\" \/>\n<meta name=\"twitter:card\" content=\"summary_large_image\" \/>\n<meta name=\"twitter:label1\" content=\"Gesch\u00e4tzte Lesezeit\" \/>\n\t<meta name=\"twitter:data1\" content=\"1\u00a0Minute\" \/>\n<script type=\"application\/ld+json\" class=\"yoast-schema-graph\">{\"@context\":\"https:\\\/\\\/schema.org\",\"@graph\":[{\"@type\":\"WebPage\",\"@id\":\"https:\\\/\\\/poterie-de-crestet.com\\\/de\\\/keramik\\\/riesige-salatschuessel-blauer-platz\\\/\",\"url\":\"https:\\\/\\\/poterie-de-crestet.com\\\/de\\\/keramik\\\/riesige-salatschuessel-blauer-platz\\\/\",\"name\":\"Riesige Salatsch\u00fcssel Blauer Platz - Poterie de Crestet\",\"isPartOf\":{\"@id\":\"https:\\\/\\\/poterie-de-crestet.com\\\/de\\\/#website\"},\"primaryImageOfPage\":{\"@id\":\"https:\\\/\\\/poterie-de-crestet.com\\\/de\\\/keramik\\\/riesige-salatschuessel-blauer-platz\\\/#primaryimage\"},\"image\":{\"@id\":\"https:\\\/\\\/poterie-de-crestet.com\\\/de\\\/keramik\\\/riesige-salatschuessel-blauer-platz\\\/#primaryimage\"},\"thumbnailUrl\":\"https:\\\/\\\/i0.wp.com\\\/poterie-de-crestet.com\\\/wp-content\\\/uploads\\\/2025\\\/06\\\/saladier-geant-2-carre-bleu.jpg?fit=458%2C458&ssl=1\",\"datePublished\":\"2025-04-15T13:32:41+00:00\",\"description\":\"Riesige, handdekorierte blaue quadratische Salatsch\u00fcssel. Ideal f\u00fcr Salate oder geteilte Gerichte. Ein grafisches, handwerkliches und gro\u00dfz\u00fcgiges Werk.\",\"breadcrumb\":{\"@id\":\"https:\\\/\\\/poterie-de-crestet.com\\\/de\\\/keramik\\\/riesige-salatschuessel-blauer-platz\\\/#breadcrumb\"},\"inLanguage\":\"de\",\"potentialAction\":[{\"@type\":\"ReadAction\",\"target\":[\"https:\\\/\\\/poterie-de-crestet.com\\\/de\\\/keramik\\\/riesige-salatschuessel-blauer-platz\\\/\"]}]},{\"@type\":\"ImageObject\",\"inLanguage\":\"de\",\"@id\":\"https:\\\/\\\/poterie-de-crestet.com\\\/de\\\/keramik\\\/riesige-salatschuessel-blauer-platz\\\/#primaryimage\",\"url\":\"https:\\\/\\\/i0.wp.com\\\/poterie-de-crestet.com\\\/wp-content\\\/uploads\\\/2025\\\/06\\\/saladier-geant-2-carre-bleu.jpg?fit=458%2C458&ssl=1\",\"contentUrl\":\"https:\\\/\\\/i0.wp.com\\\/poterie-de-crestet.com\\\/wp-content\\\/uploads\\\/2025\\\/06\\\/saladier-geant-2-carre-bleu.jpg?fit=458%2C458&ssl=1\",\"width\":458,\"height\":458,\"caption\":\"Riesige Salatschale Blauer Quadrat\"},{\"@type\":\"BreadcrumbList\",\"@id\":\"https:\\\/\\\/poterie-de-crestet.com\\\/de\\\/keramik\\\/riesige-salatschuessel-blauer-platz\\\/#breadcrumb\",\"itemListElement\":[{\"@type\":\"ListItem\",\"position\":1,\"name\":\"Accueil\",\"item\":\"https:\\\/\\\/poterie-de-crestet.com\\\/de\\\/accueil\\\/\"},{\"@type\":\"ListItem\",\"position\":2,\"name\":\"Boutique\",\"item\":\"https:\\\/\\\/poterie-de-crestet.com\\\/ceramiques\\\/\"},{\"@type\":\"ListItem\",\"position\":3,\"name\":\"Riesige Salatsch\u00fcssel Blauer Platz\"}]},{\"@type\":\"WebSite\",\"@id\":\"https:\\\/\\\/poterie-de-crestet.com\\\/de\\\/#website\",\"url\":\"https:\\\/\\\/poterie-de-crestet.com\\\/de\\\/\",\"name\":\"Poterie de Crestet\",\"description\":\"Des milliers de poteries inpir\u00e9es de la Provence\",\"publisher\":{\"@id\":\"https:\\\/\\\/poterie-de-crestet.com\\\/de\\\/#organization\"},\"potentialAction\":[{\"@type\":\"SearchAction\",\"target\":{\"@type\":\"EntryPoint\",\"urlTemplate\":\"https:\\\/\\\/poterie-de-crestet.com\\\/de\\\/?s={search_term_string}\"},\"query-input\":{\"@type\":\"PropertyValueSpecification\",\"valueRequired\":true,\"valueName\":\"search_term_string\"}}],\"inLanguage\":\"de\"},{\"@type\":\"Organization\",\"@id\":\"https:\\\/\\\/poterie-de-crestet.com\\\/de\\\/#organization\",\"name\":\"Poterie de Crestet\",\"url\":\"https:\\\/\\\/poterie-de-crestet.com\\\/de\\\/\",\"logo\":{\"@type\":\"ImageObject\",\"inLanguage\":\"de\",\"@id\":\"https:\\\/\\\/poterie-de-crestet.com\\\/de\\\/#\\\/schema\\\/logo\\\/image\\\/\",\"url\":\"https:\\\/\\\/i0.wp.com\\\/poterie-de-crestet.com\\\/wp-content\\\/uploads\\\/2025\\\/03\\\/Propo-4.png?fit=1000%2C462&ssl=1\",\"contentUrl\":\"https:\\\/\\\/i0.wp.com\\\/poterie-de-crestet.com\\\/wp-content\\\/uploads\\\/2025\\\/03\\\/Propo-4.png?fit=1000%2C462&ssl=1\",\"width\":1000,\"height\":462,\"caption\":\"Poterie de Crestet\"},\"image\":{\"@id\":\"https:\\\/\\\/poterie-de-crestet.com\\\/de\\\/#\\\/schema\\\/logo\\\/image\\\/\"}}]}<\/script>\n<!-- \/ Yoast SEO plugin. -->","yoast_head_json":{"title":"Riesige Salatsch\u00fcssel Blauer Platz - Poterie de Crestet","description":"Riesige, handdekorierte blaue quadratische Salatsch\u00fcssel. Ideal f\u00fcr Salate oder geteilte Gerichte. Ein grafisches, handwerkliches und gro\u00dfz\u00fcgiges Werk.","robots":{"index":"index","follow":"follow","max-snippet":"max-snippet:-1","max-image-preview":"max-image-preview:large","max-video-preview":"max-video-preview:-1"},"canonical":"https:\/\/poterie-de-crestet.com\/de\/keramik\/riesige-salatschuessel-blauer-platz\/","og_locale":"de_DE","og_type":"article","og_title":"Riesige Salatsch\u00fcssel Blauer Platz - Poterie de Crestet","og_description":"Riesige, handdekorierte blaue quadratische Salatsch\u00fcssel. Ideal f\u00fcr Salate oder geteilte Gerichte. Ein grafisches, handwerkliches und gro\u00dfz\u00fcgiges Werk.","og_url":"https:\/\/poterie-de-crestet.com\/de\/keramik\/riesige-salatschuessel-blauer-platz\/","og_site_name":"Poterie de Crestet","og_image":[{"width":458,"height":458,"url":"https:\/\/i0.wp.com\/poterie-de-crestet.com\/wp-content\/uploads\/2025\/06\/saladier-geant-2-carre-bleu.jpg?fit=458%2C458&ssl=1","type":"image\/jpeg"}],"twitter_card":"summary_large_image","twitter_misc":{"Gesch\u00e4tzte Lesezeit":"1\u00a0Minute"},"schema":{"@context":"https:\/\/schema.org","@graph":[{"@type":"WebPage","@id":"https:\/\/poterie-de-crestet.com\/de\/keramik\/riesige-salatschuessel-blauer-platz\/","url":"https:\/\/poterie-de-crestet.com\/de\/keramik\/riesige-salatschuessel-blauer-platz\/","name":"Riesige Salatsch\u00fcssel Blauer Platz - Poterie de Crestet","isPartOf":{"@id":"https:\/\/poterie-de-crestet.com\/de\/#website"},"primaryImageOfPage":{"@id":"https:\/\/poterie-de-crestet.com\/de\/keramik\/riesige-salatschuessel-blauer-platz\/#primaryimage"},"image":{"@id":"https:\/\/poterie-de-crestet.com\/de\/keramik\/riesige-salatschuessel-blauer-platz\/#primaryimage"},"thumbnailUrl":"https:\/\/i0.wp.com\/poterie-de-crestet.com\/wp-content\/uploads\/2025\/06\/saladier-geant-2-carre-bleu.jpg?fit=458%2C458&ssl=1","datePublished":"2025-04-15T13:32:41+00:00","description":"Riesige, handdekorierte blaue quadratische Salatsch\u00fcssel. Ideal f\u00fcr Salate oder geteilte Gerichte. Ein grafisches, handwerkliches und gro\u00dfz\u00fcgiges Werk.","breadcrumb":{"@id":"https:\/\/poterie-de-crestet.com\/de\/keramik\/riesige-salatschuessel-blauer-platz\/#breadcrumb"},"inLanguage":"de","potentialAction":[{"@type":"ReadAction","target":["https:\/\/poterie-de-crestet.com\/de\/keramik\/riesige-salatschuessel-blauer-platz\/"]}]},{"@type":"ImageObject","inLanguage":"de","@id":"https:\/\/poterie-de-crestet.com\/de\/keramik\/riesige-salatschuessel-blauer-platz\/#primaryimage","url":"https:\/\/i0.wp.com\/poterie-de-crestet.com\/wp-content\/uploads\/2025\/06\/saladier-geant-2-carre-bleu.jpg?fit=458%2C458&ssl=1","contentUrl":"https:\/\/i0.wp.com\/poterie-de-crestet.com\/wp-content\/uploads\/2025\/06\/saladier-geant-2-carre-bleu.jpg?fit=458%2C458&ssl=1","width":458,"height":458,"caption":"Riesige Salatschale Blauer Quadrat"},{"@type":"BreadcrumbList","@id":"https:\/\/poterie-de-crestet.com\/de\/keramik\/riesige-salatschuessel-blauer-platz\/#breadcrumb","itemListElement":[{"@type":"ListItem","position":1,"name":"Accueil","item":"https:\/\/poterie-de-crestet.com\/de\/accueil\/"},{"@type":"ListItem","position":2,"name":"Boutique","item":"https:\/\/poterie-de-crestet.com\/ceramiques\/"},{"@type":"ListItem","position":3,"name":"Riesige Salatsch\u00fcssel Blauer Platz"}]},{"@type":"WebSite","@id":"https:\/\/poterie-de-crestet.com\/de\/#website","url":"https:\/\/poterie-de-crestet.com\/de\/","name":"Poterie de Crestet","description":"Des milliers de poteries inpir\u00e9es de la Provence","publisher":{"@id":"https:\/\/poterie-de-crestet.com\/de\/#organization"},"potentialAction":[{"@type":"SearchAction","target":{"@type":"EntryPoint","urlTemplate":"https:\/\/poterie-de-crestet.com\/de\/?s={search_term_string}"},"query-input":{"@type":"PropertyValueSpecification","valueRequired":true,"valueName":"search_term_string"}}],"inLanguage":"de"},{"@type":"Organization","@id":"https:\/\/poterie-de-crestet.com\/de\/#organization","name":"Poterie de Crestet","url":"https:\/\/poterie-de-crestet.com\/de\/","logo":{"@type":"ImageObject","inLanguage":"de","@id":"https:\/\/poterie-de-crestet.com\/de\/#\/schema\/logo\/image\/","url":"https:\/\/i0.wp.com\/poterie-de-crestet.com\/wp-content\/uploads\/2025\/03\/Propo-4.png?fit=1000%2C462&ssl=1","contentUrl":"https:\/\/i0.wp.com\/poterie-de-crestet.com\/wp-content\/uploads\/2025\/03\/Propo-4.png?fit=1000%2C462&ssl=1","width":1000,"height":462,"caption":"Poterie de Crestet"},"image":{"@id":"https:\/\/poterie-de-crestet.com\/de\/#\/schema\/logo\/image\/"}}]}},"jetpack_sharing_enabled":true,"_links":{"self":[{"href":"https:\/\/poterie-de-crestet.com\/de\/wp-json\/wp\/v2\/product\/21445","targetHints":{"allow":["GET"]}}],"collection":[{"href":"https:\/\/poterie-de-crestet.com\/de\/wp-json\/wp\/v2\/product"}],"about":[{"href":"https:\/\/poterie-de-crestet.com\/de\/wp-json\/wp\/v2\/types\/product"}],"replies":[{"embeddable":true,"href":"https:\/\/poterie-de-crestet.com\/de\/wp-json\/wp\/v2\/comments?post=21445"}],"version-history":[{"count":0,"href":"https:\/\/poterie-de-crestet.com\/de\/wp-json\/wp\/v2\/product\/21445\/revisions"}],"wp:featuredmedia":[{"embeddable":true,"href":"https:\/\/poterie-de-crestet.com\/de\/wp-json\/wp\/v2\/media\/10410"}],"wp:attachment":[{"href":"https:\/\/poterie-de-crestet.com\/de\/wp-json\/wp\/v2\/media?parent=21445"}],"wp:term":[{"taxonomy":"product_brand","embeddable":true,"href":"https:\/\/poterie-de-crestet.com\/de\/wp-json\/wp\/v2\/product_brand?post=21445"},{"taxonomy":"product_cat","embeddable":true,"href":"https:\/\/poterie-de-crestet.com\/de\/wp-json\/wp\/v2\/product_cat?post=21445"},{"taxonomy":"product_tag","embeddable":true,"href":"https:\/\/poterie-de-crestet.com\/de\/wp-json\/wp\/v2\/product_tag?post=21445"}],"curies":[{"name":"wp","href":"https:\/\/api.w.org\/{rel}","templated":true}]}}