{"id":21209,"date":"2025-08-09T15:21:54","date_gmt":"2025-08-09T13:21:54","guid":{"rendered":"https:\/\/poterie-de-crestet.com\/ceramiques\/kleine-salatschuessel-schwarzer-boden\/"},"modified":"2025-08-09T15:21:54","modified_gmt":"2025-08-09T13:21:54","slug":"kleine-salatschuessel-schwarzer-boden","status":"publish","type":"product","link":"https:\/\/poterie-de-crestet.com\/de\/keramik\/kleine-salatschuessel-schwarzer-boden\/","title":{"rendered":"Kleine Salatsch\u00fcssel  <h5>Schwarzer Boden<\/h5>"},"content":{"rendered":"<p>Die kleine schwarze Sol-Salatschale verleiht Ihrem Tisch eine elegante und zeitgen\u00f6ssische Note. Diese kleine Salatsch\u00fcssel ist perfekt f\u00fcr gemischte Salate, saisonale Fr\u00fcchte oder gem\u00fctliche Gerichte. Seine vielseitige Gr\u00f6\u00dfe macht ihn ideal f\u00fcr den t\u00e4glichen Gebrauch und sieht dennoch stilvoll f\u00fcr festliche Mahlzeiten aus. Einfach zu warten, es ist sp\u00fclmaschinen- und mikrowellenfest. Kombinieren Sie es mit dem <a class=\"\" href=\"https:\/\/poterie-de-crestet.com\/de\/keramik\/low-flat-schwarzer-boden\/\" rel=\"noopener\" data-start=\"1785\" data-end=\"1807\">schwarzen Sol-Basisgericht<\/a> f\u00fcr ein abgestimmtes Set oder kombinieren Sie es mit einer <a class=\"\" href=\"https:\/\/poterie-de-crestet.com\/de\/keramik\/salatschuessel-zitrone\/\" rel=\"noopener\" data-start=\"1856\" data-end=\"1882\">Zitronensalatsch\u00fcssel<\/a> f\u00fcr einen hellen Kontrast. Handbemalt, weist es leichte Variationen auf, die zu seinem Charme beitragen. Die Tiefe erm\u00f6glicht ein spritzfreies Servieren, und der glatte Rand sorgt f\u00fcr ein einfaches Servieren.      <\/p>\n","protected":false},"excerpt":{"rendered":"<p>Black Sol Salatsch\u00fcssel, schick und elegant. Ideal f\u00fcr Salate, Obst oder Gerichte zum Teilen. <br data-start=\"1352\" data-end=\"1355\"><em data-start=\"1355\" data-end=\"1386\"><strong data-start=\"1356\" data-end=\"1385\">Abmessungen: 21 \u00d7 10,5 cm<\/strong><\/em><\/p>\n","protected":false},"featured_media":12962,"comment_status":"open","ping_status":"closed","template":"","meta":[],"product_brand":[],"product_cat":[396],"product_tag":[229],"class_list":{"0":"post-21209","1":"product","2":"type-product","3":"status-publish","4":"has-post-thumbnail","6":"product_cat-kleine-salatschussel","7":"product_tag-schwarzer-boden","9":"first","10":"instock","11":"taxable","12":"shipping-taxable","13":"purchasable","14":"product-type-simple"},"yoast_head":"<!-- This site is optimized with the Yoast SEO plugin v27.5 - https:\/\/yoast.com\/product\/yoast-seo-wordpress\/ -->\n<title>Kleine Salatsch\u00fcssel Schwarzer Boden - Poterie de Crestet<\/title>\n<meta name=\"description\" content=\"Kleine schwarze Sol-Salatschale, 21 cm. Elegant und modern, perfekt f\u00fcr Salate, Obst oder gesellige Gerichte. Sp\u00fclmaschinenfest.\" \/>\n<meta name=\"robots\" content=\"index, follow, max-snippet:-1, max-image-preview:large, max-video-preview:-1\" \/>\n<link rel=\"canonical\" href=\"https:\/\/poterie-de-crestet.com\/de\/keramik\/kleine-salatschuessel-schwarzer-boden\/\" \/>\n<meta property=\"og:locale\" content=\"de_DE\" \/>\n<meta property=\"og:type\" content=\"article\" \/>\n<meta property=\"og:title\" content=\"Kleine Salatsch\u00fcssel Schwarzer Boden - Poterie de Crestet\" \/>\n<meta property=\"og:description\" content=\"Kleine schwarze Sol-Salatschale, 21 cm. Elegant und modern, perfekt f\u00fcr Salate, Obst oder gesellige Gerichte. Sp\u00fclmaschinenfest.\" \/>\n<meta property=\"og:url\" content=\"https:\/\/poterie-de-crestet.com\/de\/keramik\/kleine-salatschuessel-schwarzer-boden\/\" \/>\n<meta property=\"og:site_name\" content=\"Poterie de Crestet\" \/>\n<meta property=\"og:image\" content=\"https:\/\/i0.wp.com\/poterie-de-crestet.com\/wp-content\/uploads\/2025\/08\/saladier-petit-23.jpg?fit=800%2C532&ssl=1\" \/>\n\t<meta property=\"og:image:width\" content=\"800\" \/>\n\t<meta property=\"og:image:height\" content=\"532\" \/>\n\t<meta property=\"og:image:type\" content=\"image\/jpeg\" \/>\n<meta name=\"twitter:card\" content=\"summary_large_image\" \/>\n<meta name=\"twitter:label1\" content=\"Gesch\u00e4tzte Lesezeit\" \/>\n\t<meta name=\"twitter:data1\" content=\"1\u00a0Minute\" \/>\n<script type=\"application\/ld+json\" class=\"yoast-schema-graph\">{\"@context\":\"https:\\\/\\\/schema.org\",\"@graph\":[{\"@type\":\"WebPage\",\"@id\":\"https:\\\/\\\/poterie-de-crestet.com\\\/de\\\/keramik\\\/kleine-salatschuessel-schwarzer-boden\\\/\",\"url\":\"https:\\\/\\\/poterie-de-crestet.com\\\/de\\\/keramik\\\/kleine-salatschuessel-schwarzer-boden\\\/\",\"name\":\"Kleine Salatsch\u00fcssel Schwarzer Boden - Poterie de Crestet\",\"isPartOf\":{\"@id\":\"https:\\\/\\\/poterie-de-crestet.com\\\/de\\\/#website\"},\"primaryImageOfPage\":{\"@id\":\"https:\\\/\\\/poterie-de-crestet.com\\\/de\\\/keramik\\\/kleine-salatschuessel-schwarzer-boden\\\/#primaryimage\"},\"image\":{\"@id\":\"https:\\\/\\\/poterie-de-crestet.com\\\/de\\\/keramik\\\/kleine-salatschuessel-schwarzer-boden\\\/#primaryimage\"},\"thumbnailUrl\":\"https:\\\/\\\/i0.wp.com\\\/poterie-de-crestet.com\\\/wp-content\\\/uploads\\\/2025\\\/08\\\/saladier-petit-23.jpg?fit=800%2C532&ssl=1\",\"datePublished\":\"2025-08-09T13:21:54+00:00\",\"description\":\"Kleine schwarze Sol-Salatschale, 21 cm. Elegant und modern, perfekt f\u00fcr Salate, Obst oder gesellige Gerichte. Sp\u00fclmaschinenfest.\",\"breadcrumb\":{\"@id\":\"https:\\\/\\\/poterie-de-crestet.com\\\/de\\\/keramik\\\/kleine-salatschuessel-schwarzer-boden\\\/#breadcrumb\"},\"inLanguage\":\"de\",\"potentialAction\":[{\"@type\":\"ReadAction\",\"target\":[\"https:\\\/\\\/poterie-de-crestet.com\\\/de\\\/keramik\\\/kleine-salatschuessel-schwarzer-boden\\\/\"]}]},{\"@type\":\"ImageObject\",\"inLanguage\":\"de\",\"@id\":\"https:\\\/\\\/poterie-de-crestet.com\\\/de\\\/keramik\\\/kleine-salatschuessel-schwarzer-boden\\\/#primaryimage\",\"url\":\"https:\\\/\\\/i0.wp.com\\\/poterie-de-crestet.com\\\/wp-content\\\/uploads\\\/2025\\\/08\\\/saladier-petit-23.jpg?fit=800%2C532&ssl=1\",\"contentUrl\":\"https:\\\/\\\/i0.wp.com\\\/poterie-de-crestet.com\\\/wp-content\\\/uploads\\\/2025\\\/08\\\/saladier-petit-23.jpg?fit=800%2C532&ssl=1\",\"width\":800,\"height\":532,\"caption\":\"Kleine Schwarzbarsch-Salatschale\"},{\"@type\":\"BreadcrumbList\",\"@id\":\"https:\\\/\\\/poterie-de-crestet.com\\\/de\\\/keramik\\\/kleine-salatschuessel-schwarzer-boden\\\/#breadcrumb\",\"itemListElement\":[{\"@type\":\"ListItem\",\"position\":1,\"name\":\"Accueil\",\"item\":\"https:\\\/\\\/poterie-de-crestet.com\\\/de\\\/accueil\\\/\"},{\"@type\":\"ListItem\",\"position\":2,\"name\":\"Boutique\",\"item\":\"https:\\\/\\\/poterie-de-crestet.com\\\/ceramiques\\\/\"},{\"@type\":\"ListItem\",\"position\":3,\"name\":\"Kleine Salatsch\u00fcssel Schwarzer Boden\"}]},{\"@type\":\"WebSite\",\"@id\":\"https:\\\/\\\/poterie-de-crestet.com\\\/de\\\/#website\",\"url\":\"https:\\\/\\\/poterie-de-crestet.com\\\/de\\\/\",\"name\":\"Poterie de Crestet\",\"description\":\"Des milliers de poteries inpir\u00e9es de la Provence\",\"publisher\":{\"@id\":\"https:\\\/\\\/poterie-de-crestet.com\\\/de\\\/#organization\"},\"potentialAction\":[{\"@type\":\"SearchAction\",\"target\":{\"@type\":\"EntryPoint\",\"urlTemplate\":\"https:\\\/\\\/poterie-de-crestet.com\\\/de\\\/?s={search_term_string}\"},\"query-input\":{\"@type\":\"PropertyValueSpecification\",\"valueRequired\":true,\"valueName\":\"search_term_string\"}}],\"inLanguage\":\"de\"},{\"@type\":\"Organization\",\"@id\":\"https:\\\/\\\/poterie-de-crestet.com\\\/de\\\/#organization\",\"name\":\"Poterie de Crestet\",\"url\":\"https:\\\/\\\/poterie-de-crestet.com\\\/de\\\/\",\"logo\":{\"@type\":\"ImageObject\",\"inLanguage\":\"de\",\"@id\":\"https:\\\/\\\/poterie-de-crestet.com\\\/de\\\/#\\\/schema\\\/logo\\\/image\\\/\",\"url\":\"https:\\\/\\\/i0.wp.com\\\/poterie-de-crestet.com\\\/wp-content\\\/uploads\\\/2025\\\/03\\\/Propo-4.png?fit=1000%2C462&ssl=1\",\"contentUrl\":\"https:\\\/\\\/i0.wp.com\\\/poterie-de-crestet.com\\\/wp-content\\\/uploads\\\/2025\\\/03\\\/Propo-4.png?fit=1000%2C462&ssl=1\",\"width\":1000,\"height\":462,\"caption\":\"Poterie de Crestet\"},\"image\":{\"@id\":\"https:\\\/\\\/poterie-de-crestet.com\\\/de\\\/#\\\/schema\\\/logo\\\/image\\\/\"}}]}<\/script>\n<!-- \/ Yoast SEO plugin. -->","yoast_head_json":{"title":"Kleine Salatsch\u00fcssel Schwarzer Boden - Poterie de Crestet","description":"Kleine schwarze Sol-Salatschale, 21 cm. Elegant und modern, perfekt f\u00fcr Salate, Obst oder gesellige Gerichte. Sp\u00fclmaschinenfest.","robots":{"index":"index","follow":"follow","max-snippet":"max-snippet:-1","max-image-preview":"max-image-preview:large","max-video-preview":"max-video-preview:-1"},"canonical":"https:\/\/poterie-de-crestet.com\/de\/keramik\/kleine-salatschuessel-schwarzer-boden\/","og_locale":"de_DE","og_type":"article","og_title":"Kleine Salatsch\u00fcssel Schwarzer Boden - Poterie de Crestet","og_description":"Kleine schwarze Sol-Salatschale, 21 cm. Elegant und modern, perfekt f\u00fcr Salate, Obst oder gesellige Gerichte. Sp\u00fclmaschinenfest.","og_url":"https:\/\/poterie-de-crestet.com\/de\/keramik\/kleine-salatschuessel-schwarzer-boden\/","og_site_name":"Poterie de Crestet","og_image":[{"width":800,"height":532,"url":"https:\/\/i0.wp.com\/poterie-de-crestet.com\/wp-content\/uploads\/2025\/08\/saladier-petit-23.jpg?fit=800%2C532&ssl=1","type":"image\/jpeg"}],"twitter_card":"summary_large_image","twitter_misc":{"Gesch\u00e4tzte Lesezeit":"1\u00a0Minute"},"schema":{"@context":"https:\/\/schema.org","@graph":[{"@type":"WebPage","@id":"https:\/\/poterie-de-crestet.com\/de\/keramik\/kleine-salatschuessel-schwarzer-boden\/","url":"https:\/\/poterie-de-crestet.com\/de\/keramik\/kleine-salatschuessel-schwarzer-boden\/","name":"Kleine Salatsch\u00fcssel Schwarzer Boden - Poterie de Crestet","isPartOf":{"@id":"https:\/\/poterie-de-crestet.com\/de\/#website"},"primaryImageOfPage":{"@id":"https:\/\/poterie-de-crestet.com\/de\/keramik\/kleine-salatschuessel-schwarzer-boden\/#primaryimage"},"image":{"@id":"https:\/\/poterie-de-crestet.com\/de\/keramik\/kleine-salatschuessel-schwarzer-boden\/#primaryimage"},"thumbnailUrl":"https:\/\/i0.wp.com\/poterie-de-crestet.com\/wp-content\/uploads\/2025\/08\/saladier-petit-23.jpg?fit=800%2C532&ssl=1","datePublished":"2025-08-09T13:21:54+00:00","description":"Kleine schwarze Sol-Salatschale, 21 cm. Elegant und modern, perfekt f\u00fcr Salate, Obst oder gesellige Gerichte. Sp\u00fclmaschinenfest.","breadcrumb":{"@id":"https:\/\/poterie-de-crestet.com\/de\/keramik\/kleine-salatschuessel-schwarzer-boden\/#breadcrumb"},"inLanguage":"de","potentialAction":[{"@type":"ReadAction","target":["https:\/\/poterie-de-crestet.com\/de\/keramik\/kleine-salatschuessel-schwarzer-boden\/"]}]},{"@type":"ImageObject","inLanguage":"de","@id":"https:\/\/poterie-de-crestet.com\/de\/keramik\/kleine-salatschuessel-schwarzer-boden\/#primaryimage","url":"https:\/\/i0.wp.com\/poterie-de-crestet.com\/wp-content\/uploads\/2025\/08\/saladier-petit-23.jpg?fit=800%2C532&ssl=1","contentUrl":"https:\/\/i0.wp.com\/poterie-de-crestet.com\/wp-content\/uploads\/2025\/08\/saladier-petit-23.jpg?fit=800%2C532&ssl=1","width":800,"height":532,"caption":"Kleine Schwarzbarsch-Salatschale"},{"@type":"BreadcrumbList","@id":"https:\/\/poterie-de-crestet.com\/de\/keramik\/kleine-salatschuessel-schwarzer-boden\/#breadcrumb","itemListElement":[{"@type":"ListItem","position":1,"name":"Accueil","item":"https:\/\/poterie-de-crestet.com\/de\/accueil\/"},{"@type":"ListItem","position":2,"name":"Boutique","item":"https:\/\/poterie-de-crestet.com\/ceramiques\/"},{"@type":"ListItem","position":3,"name":"Kleine Salatsch\u00fcssel Schwarzer Boden"}]},{"@type":"WebSite","@id":"https:\/\/poterie-de-crestet.com\/de\/#website","url":"https:\/\/poterie-de-crestet.com\/de\/","name":"Poterie de Crestet","description":"Des milliers de poteries inpir\u00e9es de la Provence","publisher":{"@id":"https:\/\/poterie-de-crestet.com\/de\/#organization"},"potentialAction":[{"@type":"SearchAction","target":{"@type":"EntryPoint","urlTemplate":"https:\/\/poterie-de-crestet.com\/de\/?s={search_term_string}"},"query-input":{"@type":"PropertyValueSpecification","valueRequired":true,"valueName":"search_term_string"}}],"inLanguage":"de"},{"@type":"Organization","@id":"https:\/\/poterie-de-crestet.com\/de\/#organization","name":"Poterie de Crestet","url":"https:\/\/poterie-de-crestet.com\/de\/","logo":{"@type":"ImageObject","inLanguage":"de","@id":"https:\/\/poterie-de-crestet.com\/de\/#\/schema\/logo\/image\/","url":"https:\/\/i0.wp.com\/poterie-de-crestet.com\/wp-content\/uploads\/2025\/03\/Propo-4.png?fit=1000%2C462&ssl=1","contentUrl":"https:\/\/i0.wp.com\/poterie-de-crestet.com\/wp-content\/uploads\/2025\/03\/Propo-4.png?fit=1000%2C462&ssl=1","width":1000,"height":462,"caption":"Poterie de Crestet"},"image":{"@id":"https:\/\/poterie-de-crestet.com\/de\/#\/schema\/logo\/image\/"}}]}},"jetpack_sharing_enabled":true,"_links":{"self":[{"href":"https:\/\/poterie-de-crestet.com\/de\/wp-json\/wp\/v2\/product\/21209","targetHints":{"allow":["GET"]}}],"collection":[{"href":"https:\/\/poterie-de-crestet.com\/de\/wp-json\/wp\/v2\/product"}],"about":[{"href":"https:\/\/poterie-de-crestet.com\/de\/wp-json\/wp\/v2\/types\/product"}],"replies":[{"embeddable":true,"href":"https:\/\/poterie-de-crestet.com\/de\/wp-json\/wp\/v2\/comments?post=21209"}],"version-history":[{"count":0,"href":"https:\/\/poterie-de-crestet.com\/de\/wp-json\/wp\/v2\/product\/21209\/revisions"}],"wp:featuredmedia":[{"embeddable":true,"href":"https:\/\/poterie-de-crestet.com\/de\/wp-json\/wp\/v2\/media\/12962"}],"wp:attachment":[{"href":"https:\/\/poterie-de-crestet.com\/de\/wp-json\/wp\/v2\/media?parent=21209"}],"wp:term":[{"taxonomy":"product_brand","embeddable":true,"href":"https:\/\/poterie-de-crestet.com\/de\/wp-json\/wp\/v2\/product_brand?post=21209"},{"taxonomy":"product_cat","embeddable":true,"href":"https:\/\/poterie-de-crestet.com\/de\/wp-json\/wp\/v2\/product_cat?post=21209"},{"taxonomy":"product_tag","embeddable":true,"href":"https:\/\/poterie-de-crestet.com\/de\/wp-json\/wp\/v2\/product_tag?post=21209"}],"curies":[{"name":"wp","href":"https:\/\/api.w.org\/{rel}","templated":true}]}}