{"id":21103,"date":"2025-08-09T15:21:58","date_gmt":"2025-08-09T13:21:58","guid":{"rendered":"https:\/\/poterie-de-crestet.com\/ceramiques\/kleine-salatschuessel-roter-platz\/"},"modified":"2025-08-09T15:21:58","modified_gmt":"2025-08-09T13:21:58","slug":"kleine-salatschuessel-roter-platz","status":"publish","type":"product","link":"https:\/\/poterie-de-crestet.com\/de\/keramik\/kleine-salatschuessel-roter-platz\/","title":{"rendered":"Kleine Salatsch\u00fcssel  <h5>Roter Platz<\/h5>"},"content":{"rendered":"<p>Die kleine rote, quadratische Salatsch\u00fcssel bringt einen Hauch von W\u00e4rme und Energie auf Ihren Tisch. Diese kleine Salatsch\u00fcssel ist perfekt f\u00fcr gemischte Salate, frisches Obst oder hausgemachte Rezepte zum Teilen. Dank seiner praktischen Gr\u00f6\u00dfe passt er sowohl in die Mitte des Tisches als auch auf ein Sideboard. Robust ist er sp\u00fclmaschinen- und mikrowellenfest, was ihn zu einem allt\u00e4glichen Verb\u00fcndeten macht. Kombinieren Sie es mit einem <a class=\"\" href=\"https:\/\/poterie-de-crestet.com\/de\/keramik\/low-flat-roter-platz\/\" rel=\"noopener\" data-start=\"829\" data-end=\"854\">Carr\u00e9 Rouge-Basisgericht<\/a> f\u00fcr eine harmonische Portion oder wagen Sie es, es mit einer <a class=\"\" href=\"https:\/\/poterie-de-crestet.com\/de\/keramik\/salatschuessel-blau\/\" rel=\"noopener\" data-start=\"909\" data-end=\"933\">blauen Salatsch\u00fcssel<\/a> zu mischen, um kr\u00e4ftige Farben zu spielen. Handgemalt hat er leichte Variationen, die ihm seinen ganzen Charme verleihen. Seine Tiefe verhindert Spritzer beim Servieren, und sein Glanz verbessert deine Zubereitungen. Perfekt, um ein Winteressen aufzulockern oder ein Sommeressen im Freien zu bereichern, verbindet es \u00c4sthetik und Funktionalit\u00e4t auf brillante Weise.       <\/p>\n","protected":false},"excerpt":{"rendered":"<p>Kleine Salatsch\u00fcssel mit warmen roten geometrischen Mustern. Ideal f\u00fcr Familienessen oder bunte Salate. Ein praktisches und dekoratives St\u00fcck.  <br data-start=\"348\" data-end=\"351\"><em data-start=\"351\" data-end=\"382\"><strong data-start=\"352\" data-end=\"381\">Abmessungen: 21 \u00d7 10,5 cm<\/strong><\/em><\/p>\n","protected":false},"featured_media":12947,"comment_status":"open","ping_status":"closed","template":"","meta":[],"product_brand":[],"product_cat":[396],"product_tag":[200],"class_list":{"0":"post-21103","1":"product","2":"type-product","3":"status-publish","4":"has-post-thumbnail","6":"product_cat-kleine-salatschussel","7":"product_tag-roter-platz","9":"first","10":"instock","11":"taxable","12":"shipping-taxable","13":"purchasable","14":"product-type-simple"},"yoast_head":"<!-- This site is optimized with the Yoast SEO plugin v27.5 - https:\/\/yoast.com\/product\/yoast-seo-wordpress\/ -->\n<title>Kleine Salatsch\u00fcssel Roter Platz - Poterie de Crestet<\/title>\n<meta name=\"description\" content=\"Kleine Salatsch\u00fcssel mit roter quadratischer Verzierung, 21 cm. Modern und hell, perfekt f\u00fcr Salate, Obst oder bunte Gerichte. Sp\u00fclmaschinen- und Mikrowellenfest.\" \/>\n<meta name=\"robots\" content=\"index, follow, max-snippet:-1, max-image-preview:large, max-video-preview:-1\" \/>\n<link rel=\"canonical\" href=\"https:\/\/poterie-de-crestet.com\/de\/keramik\/kleine-salatschuessel-roter-platz\/\" \/>\n<meta property=\"og:locale\" content=\"de_DE\" \/>\n<meta property=\"og:type\" content=\"article\" \/>\n<meta property=\"og:title\" content=\"Kleine Salatsch\u00fcssel Roter Platz - Poterie de Crestet\" \/>\n<meta property=\"og:description\" content=\"Kleine Salatsch\u00fcssel mit roter quadratischer Verzierung, 21 cm. Modern und hell, perfekt f\u00fcr Salate, Obst oder bunte Gerichte. Sp\u00fclmaschinen- und Mikrowellenfest.\" \/>\n<meta property=\"og:url\" content=\"https:\/\/poterie-de-crestet.com\/de\/keramik\/kleine-salatschuessel-roter-platz\/\" \/>\n<meta property=\"og:site_name\" content=\"Poterie de Crestet\" \/>\n<meta property=\"og:image\" content=\"https:\/\/i0.wp.com\/poterie-de-crestet.com\/wp-content\/uploads\/2025\/08\/saladier-petit-18.jpg?fit=800%2C532&ssl=1\" \/>\n\t<meta property=\"og:image:width\" content=\"800\" \/>\n\t<meta property=\"og:image:height\" content=\"532\" \/>\n\t<meta property=\"og:image:type\" content=\"image\/jpeg\" \/>\n<meta name=\"twitter:card\" content=\"summary_large_image\" \/>\n<meta name=\"twitter:label1\" content=\"Gesch\u00e4tzte Lesezeit\" \/>\n\t<meta name=\"twitter:data1\" content=\"1\u00a0Minute\" \/>\n<script type=\"application\/ld+json\" class=\"yoast-schema-graph\">{\"@context\":\"https:\\\/\\\/schema.org\",\"@graph\":[{\"@type\":\"WebPage\",\"@id\":\"https:\\\/\\\/poterie-de-crestet.com\\\/de\\\/keramik\\\/kleine-salatschuessel-roter-platz\\\/\",\"url\":\"https:\\\/\\\/poterie-de-crestet.com\\\/de\\\/keramik\\\/kleine-salatschuessel-roter-platz\\\/\",\"name\":\"Kleine Salatsch\u00fcssel Roter Platz - Poterie de Crestet\",\"isPartOf\":{\"@id\":\"https:\\\/\\\/poterie-de-crestet.com\\\/de\\\/#website\"},\"primaryImageOfPage\":{\"@id\":\"https:\\\/\\\/poterie-de-crestet.com\\\/de\\\/keramik\\\/kleine-salatschuessel-roter-platz\\\/#primaryimage\"},\"image\":{\"@id\":\"https:\\\/\\\/poterie-de-crestet.com\\\/de\\\/keramik\\\/kleine-salatschuessel-roter-platz\\\/#primaryimage\"},\"thumbnailUrl\":\"https:\\\/\\\/i0.wp.com\\\/poterie-de-crestet.com\\\/wp-content\\\/uploads\\\/2025\\\/08\\\/saladier-petit-18.jpg?fit=800%2C532&ssl=1\",\"datePublished\":\"2025-08-09T13:21:58+00:00\",\"description\":\"Kleine Salatsch\u00fcssel mit roter quadratischer Verzierung, 21 cm. Modern und hell, perfekt f\u00fcr Salate, Obst oder bunte Gerichte. Sp\u00fclmaschinen- und Mikrowellenfest.\",\"breadcrumb\":{\"@id\":\"https:\\\/\\\/poterie-de-crestet.com\\\/de\\\/keramik\\\/kleine-salatschuessel-roter-platz\\\/#breadcrumb\"},\"inLanguage\":\"de\",\"potentialAction\":[{\"@type\":\"ReadAction\",\"target\":[\"https:\\\/\\\/poterie-de-crestet.com\\\/de\\\/keramik\\\/kleine-salatschuessel-roter-platz\\\/\"]}]},{\"@type\":\"ImageObject\",\"inLanguage\":\"de\",\"@id\":\"https:\\\/\\\/poterie-de-crestet.com\\\/de\\\/keramik\\\/kleine-salatschuessel-roter-platz\\\/#primaryimage\",\"url\":\"https:\\\/\\\/i0.wp.com\\\/poterie-de-crestet.com\\\/wp-content\\\/uploads\\\/2025\\\/08\\\/saladier-petit-18.jpg?fit=800%2C532&ssl=1\",\"contentUrl\":\"https:\\\/\\\/i0.wp.com\\\/poterie-de-crestet.com\\\/wp-content\\\/uploads\\\/2025\\\/08\\\/saladier-petit-18.jpg?fit=800%2C532&ssl=1\",\"width\":800,\"height\":532,\"caption\":\"Kleine rote quadratische Salatsch\u00fcssel\"},{\"@type\":\"BreadcrumbList\",\"@id\":\"https:\\\/\\\/poterie-de-crestet.com\\\/de\\\/keramik\\\/kleine-salatschuessel-roter-platz\\\/#breadcrumb\",\"itemListElement\":[{\"@type\":\"ListItem\",\"position\":1,\"name\":\"Accueil\",\"item\":\"https:\\\/\\\/poterie-de-crestet.com\\\/de\\\/accueil\\\/\"},{\"@type\":\"ListItem\",\"position\":2,\"name\":\"Boutique\",\"item\":\"https:\\\/\\\/poterie-de-crestet.com\\\/ceramiques\\\/\"},{\"@type\":\"ListItem\",\"position\":3,\"name\":\"Kleine Salatsch\u00fcssel Roter Platz\"}]},{\"@type\":\"WebSite\",\"@id\":\"https:\\\/\\\/poterie-de-crestet.com\\\/de\\\/#website\",\"url\":\"https:\\\/\\\/poterie-de-crestet.com\\\/de\\\/\",\"name\":\"Poterie de Crestet\",\"description\":\"Des milliers de poteries inpir\u00e9es de la Provence\",\"publisher\":{\"@id\":\"https:\\\/\\\/poterie-de-crestet.com\\\/de\\\/#organization\"},\"potentialAction\":[{\"@type\":\"SearchAction\",\"target\":{\"@type\":\"EntryPoint\",\"urlTemplate\":\"https:\\\/\\\/poterie-de-crestet.com\\\/de\\\/?s={search_term_string}\"},\"query-input\":{\"@type\":\"PropertyValueSpecification\",\"valueRequired\":true,\"valueName\":\"search_term_string\"}}],\"inLanguage\":\"de\"},{\"@type\":\"Organization\",\"@id\":\"https:\\\/\\\/poterie-de-crestet.com\\\/de\\\/#organization\",\"name\":\"Poterie de Crestet\",\"url\":\"https:\\\/\\\/poterie-de-crestet.com\\\/de\\\/\",\"logo\":{\"@type\":\"ImageObject\",\"inLanguage\":\"de\",\"@id\":\"https:\\\/\\\/poterie-de-crestet.com\\\/de\\\/#\\\/schema\\\/logo\\\/image\\\/\",\"url\":\"https:\\\/\\\/i0.wp.com\\\/poterie-de-crestet.com\\\/wp-content\\\/uploads\\\/2025\\\/03\\\/Propo-4.png?fit=1000%2C462&ssl=1\",\"contentUrl\":\"https:\\\/\\\/i0.wp.com\\\/poterie-de-crestet.com\\\/wp-content\\\/uploads\\\/2025\\\/03\\\/Propo-4.png?fit=1000%2C462&ssl=1\",\"width\":1000,\"height\":462,\"caption\":\"Poterie de Crestet\"},\"image\":{\"@id\":\"https:\\\/\\\/poterie-de-crestet.com\\\/de\\\/#\\\/schema\\\/logo\\\/image\\\/\"}}]}<\/script>\n<!-- \/ Yoast SEO plugin. -->","yoast_head_json":{"title":"Kleine Salatsch\u00fcssel Roter Platz - Poterie de Crestet","description":"Kleine Salatsch\u00fcssel mit roter quadratischer Verzierung, 21 cm. Modern und hell, perfekt f\u00fcr Salate, Obst oder bunte Gerichte. Sp\u00fclmaschinen- und Mikrowellenfest.","robots":{"index":"index","follow":"follow","max-snippet":"max-snippet:-1","max-image-preview":"max-image-preview:large","max-video-preview":"max-video-preview:-1"},"canonical":"https:\/\/poterie-de-crestet.com\/de\/keramik\/kleine-salatschuessel-roter-platz\/","og_locale":"de_DE","og_type":"article","og_title":"Kleine Salatsch\u00fcssel Roter Platz - Poterie de Crestet","og_description":"Kleine Salatsch\u00fcssel mit roter quadratischer Verzierung, 21 cm. Modern und hell, perfekt f\u00fcr Salate, Obst oder bunte Gerichte. Sp\u00fclmaschinen- und Mikrowellenfest.","og_url":"https:\/\/poterie-de-crestet.com\/de\/keramik\/kleine-salatschuessel-roter-platz\/","og_site_name":"Poterie de Crestet","og_image":[{"width":800,"height":532,"url":"https:\/\/i0.wp.com\/poterie-de-crestet.com\/wp-content\/uploads\/2025\/08\/saladier-petit-18.jpg?fit=800%2C532&ssl=1","type":"image\/jpeg"}],"twitter_card":"summary_large_image","twitter_misc":{"Gesch\u00e4tzte Lesezeit":"1\u00a0Minute"},"schema":{"@context":"https:\/\/schema.org","@graph":[{"@type":"WebPage","@id":"https:\/\/poterie-de-crestet.com\/de\/keramik\/kleine-salatschuessel-roter-platz\/","url":"https:\/\/poterie-de-crestet.com\/de\/keramik\/kleine-salatschuessel-roter-platz\/","name":"Kleine Salatsch\u00fcssel Roter Platz - Poterie de Crestet","isPartOf":{"@id":"https:\/\/poterie-de-crestet.com\/de\/#website"},"primaryImageOfPage":{"@id":"https:\/\/poterie-de-crestet.com\/de\/keramik\/kleine-salatschuessel-roter-platz\/#primaryimage"},"image":{"@id":"https:\/\/poterie-de-crestet.com\/de\/keramik\/kleine-salatschuessel-roter-platz\/#primaryimage"},"thumbnailUrl":"https:\/\/i0.wp.com\/poterie-de-crestet.com\/wp-content\/uploads\/2025\/08\/saladier-petit-18.jpg?fit=800%2C532&ssl=1","datePublished":"2025-08-09T13:21:58+00:00","description":"Kleine Salatsch\u00fcssel mit roter quadratischer Verzierung, 21 cm. Modern und hell, perfekt f\u00fcr Salate, Obst oder bunte Gerichte. Sp\u00fclmaschinen- und Mikrowellenfest.","breadcrumb":{"@id":"https:\/\/poterie-de-crestet.com\/de\/keramik\/kleine-salatschuessel-roter-platz\/#breadcrumb"},"inLanguage":"de","potentialAction":[{"@type":"ReadAction","target":["https:\/\/poterie-de-crestet.com\/de\/keramik\/kleine-salatschuessel-roter-platz\/"]}]},{"@type":"ImageObject","inLanguage":"de","@id":"https:\/\/poterie-de-crestet.com\/de\/keramik\/kleine-salatschuessel-roter-platz\/#primaryimage","url":"https:\/\/i0.wp.com\/poterie-de-crestet.com\/wp-content\/uploads\/2025\/08\/saladier-petit-18.jpg?fit=800%2C532&ssl=1","contentUrl":"https:\/\/i0.wp.com\/poterie-de-crestet.com\/wp-content\/uploads\/2025\/08\/saladier-petit-18.jpg?fit=800%2C532&ssl=1","width":800,"height":532,"caption":"Kleine rote quadratische Salatsch\u00fcssel"},{"@type":"BreadcrumbList","@id":"https:\/\/poterie-de-crestet.com\/de\/keramik\/kleine-salatschuessel-roter-platz\/#breadcrumb","itemListElement":[{"@type":"ListItem","position":1,"name":"Accueil","item":"https:\/\/poterie-de-crestet.com\/de\/accueil\/"},{"@type":"ListItem","position":2,"name":"Boutique","item":"https:\/\/poterie-de-crestet.com\/ceramiques\/"},{"@type":"ListItem","position":3,"name":"Kleine Salatsch\u00fcssel Roter Platz"}]},{"@type":"WebSite","@id":"https:\/\/poterie-de-crestet.com\/de\/#website","url":"https:\/\/poterie-de-crestet.com\/de\/","name":"Poterie de Crestet","description":"Des milliers de poteries inpir\u00e9es de la Provence","publisher":{"@id":"https:\/\/poterie-de-crestet.com\/de\/#organization"},"potentialAction":[{"@type":"SearchAction","target":{"@type":"EntryPoint","urlTemplate":"https:\/\/poterie-de-crestet.com\/de\/?s={search_term_string}"},"query-input":{"@type":"PropertyValueSpecification","valueRequired":true,"valueName":"search_term_string"}}],"inLanguage":"de"},{"@type":"Organization","@id":"https:\/\/poterie-de-crestet.com\/de\/#organization","name":"Poterie de Crestet","url":"https:\/\/poterie-de-crestet.com\/de\/","logo":{"@type":"ImageObject","inLanguage":"de","@id":"https:\/\/poterie-de-crestet.com\/de\/#\/schema\/logo\/image\/","url":"https:\/\/i0.wp.com\/poterie-de-crestet.com\/wp-content\/uploads\/2025\/03\/Propo-4.png?fit=1000%2C462&ssl=1","contentUrl":"https:\/\/i0.wp.com\/poterie-de-crestet.com\/wp-content\/uploads\/2025\/03\/Propo-4.png?fit=1000%2C462&ssl=1","width":1000,"height":462,"caption":"Poterie de Crestet"},"image":{"@id":"https:\/\/poterie-de-crestet.com\/de\/#\/schema\/logo\/image\/"}}]}},"jetpack_sharing_enabled":true,"_links":{"self":[{"href":"https:\/\/poterie-de-crestet.com\/de\/wp-json\/wp\/v2\/product\/21103","targetHints":{"allow":["GET"]}}],"collection":[{"href":"https:\/\/poterie-de-crestet.com\/de\/wp-json\/wp\/v2\/product"}],"about":[{"href":"https:\/\/poterie-de-crestet.com\/de\/wp-json\/wp\/v2\/types\/product"}],"replies":[{"embeddable":true,"href":"https:\/\/poterie-de-crestet.com\/de\/wp-json\/wp\/v2\/comments?post=21103"}],"version-history":[{"count":0,"href":"https:\/\/poterie-de-crestet.com\/de\/wp-json\/wp\/v2\/product\/21103\/revisions"}],"wp:featuredmedia":[{"embeddable":true,"href":"https:\/\/poterie-de-crestet.com\/de\/wp-json\/wp\/v2\/media\/12947"}],"wp:attachment":[{"href":"https:\/\/poterie-de-crestet.com\/de\/wp-json\/wp\/v2\/media?parent=21103"}],"wp:term":[{"taxonomy":"product_brand","embeddable":true,"href":"https:\/\/poterie-de-crestet.com\/de\/wp-json\/wp\/v2\/product_brand?post=21103"},{"taxonomy":"product_cat","embeddable":true,"href":"https:\/\/poterie-de-crestet.com\/de\/wp-json\/wp\/v2\/product_cat?post=21103"},{"taxonomy":"product_tag","embeddable":true,"href":"https:\/\/poterie-de-crestet.com\/de\/wp-json\/wp\/v2\/product_tag?post=21103"}],"curies":[{"name":"wp","href":"https:\/\/api.w.org\/{rel}","templated":true}]}}