{"id":21001,"date":"2025-04-11T12:16:34","date_gmt":"2025-04-11T10:16:34","guid":{"rendered":"https:\/\/poterie-de-crestet.com\/ceramiques\/quadratische-salatschuessel-provence-2\/"},"modified":"2025-04-11T12:16:34","modified_gmt":"2025-04-11T10:16:34","slug":"quadratische-salatschuessel-provence-2","status":"publish","type":"product","link":"https:\/\/poterie-de-crestet.com\/de\/keramik\/quadratische-salatschuessel-provence-2\/","title":{"rendered":"Quadratische Salatsch\u00fcssel  <h5>Provence 2<\/h5>"},"content":{"rendered":"<p data-start=\"2383\" data-end=\"2678\">Diese quadratische Sch\u00fcssel mit Provence-2-Dekoration strahlt Sonnenschein und Gro\u00dfz\u00fcgigkeit aus. Seine roten und gelben Farben, symbolisch f\u00fcr den S\u00fcden, sind handgemalt. Er ist perfekt f\u00fcr einen XXL-Mixedsalat, ein in der Pfanne gebratenes Gem\u00fcse zum Teilen oder sogar auf einem Tablett im Mittelst\u00fcck.  <\/p>\n<p data-start=\"2680\" data-end=\"2856\">Stabil und tief, ist er mikrowellen- und geschirrsp\u00fclerfest und entspricht den Lebensmittelstandards. Ein St\u00fcck, das die Aufmerksamkeit erregt und einen sofort zum Kochen bringt. <\/p>\n<p data-start=\"2858\" data-end=\"3136\">Kombinieren Sie es mit dem <a class=\"cursor-pointer\" href=\"https:\/\/poterie-de-crestet.com\/de\/keramik\/porte-ustensile-provence-2\/\" target=\"_new\" rel=\"noopener\" data-start=\"2873\" data-end=\"2973\">Provence 2 Utensilhalter<\/a> oder schaffen Sie einen sanften Kontrast zum <a href=\"https:\/\/poterie-de-crestet.com\/de\/keramik\/moerser-nyons-pink\/\">rosa Nyons-M\u00f6rtel.<\/a><\/p>\n<p data-start=\"2858\" data-end=\"3136\"><br data-start=\"3093\" data-end=\"3096\"><strong data-start=\"3096\" data-end=\"3136\"><em data-start=\"3098\" data-end=\"3134\">Abmessungen: 26,5 \u00d7 26,5 \u00d7 11,6 cm<\/em><\/strong><\/p>\n","protected":false},"excerpt":{"rendered":"<p>Quadratische Salatsch\u00fcssel mit Provence-2-Dekoration, handgemalt in warmen T\u00f6nen. Ein benutzerfreundliches St\u00fcck f\u00fcr deine gro\u00dfen Vorbereitungen. <br data-start=\"2338\" data-end=\"2341\"><strong data-start=\"2341\" data-end=\"2381\"><em data-start=\"2343\" data-end=\"2379\">Abmessungen: 26,5 \u00d7 26,5 \u00d7 11,6 cm<\/em><\/strong><\/p>\n","protected":false},"featured_media":8030,"comment_status":"open","ping_status":"closed","template":"","meta":[],"product_brand":[],"product_cat":[372],"product_tag":[249],"class_list":{"0":"post-21001","1":"product","2":"type-product","3":"status-publish","4":"has-post-thumbnail","6":"product_cat-quadratische-salatschussel","7":"product_tag-provence-2","9":"first","10":"instock","11":"taxable","12":"shipping-taxable","13":"purchasable","14":"product-type-simple"},"yoast_head":"<!-- This site is optimized with the Yoast SEO plugin v27.5 - https:\/\/yoast.com\/product\/yoast-seo-wordpress\/ -->\n<title>Quadratische Salatsch\u00fcssel Provence 2 - Poterie de Crestet<\/title>\n<meta name=\"description\" content=\"Provence 2 quadratische Salatschale, emblematische rot-gelbe Dekoration. Ideal f\u00fcr Familiengerichte und die provenzalische Kunst des Lebens.\" \/>\n<meta name=\"robots\" content=\"index, follow, max-snippet:-1, max-image-preview:large, max-video-preview:-1\" \/>\n<link rel=\"canonical\" href=\"https:\/\/poterie-de-crestet.com\/de\/keramik\/quadratische-salatschuessel-provence-2\/\" \/>\n<meta property=\"og:locale\" content=\"de_DE\" \/>\n<meta property=\"og:type\" content=\"article\" \/>\n<meta property=\"og:title\" content=\"Quadratische Salatsch\u00fcssel Provence 2 - Poterie de Crestet\" \/>\n<meta property=\"og:description\" content=\"Provence 2 quadratische Salatschale, emblematische rot-gelbe Dekoration. Ideal f\u00fcr Familiengerichte und die provenzalische Kunst des Lebens.\" \/>\n<meta property=\"og:url\" content=\"https:\/\/poterie-de-crestet.com\/de\/keramik\/quadratische-salatschuessel-provence-2\/\" \/>\n<meta property=\"og:site_name\" content=\"Poterie de Crestet\" \/>\n<meta property=\"og:image\" content=\"https:\/\/i0.wp.com\/poterie-de-crestet.com\/wp-content\/uploads\/2025\/04\/saladier-carre-1-provence-2.jpg?fit=458%2C458&ssl=1\" \/>\n\t<meta property=\"og:image:width\" content=\"458\" \/>\n\t<meta property=\"og:image:height\" content=\"458\" \/>\n\t<meta property=\"og:image:type\" content=\"image\/jpeg\" \/>\n<meta name=\"twitter:card\" content=\"summary_large_image\" \/>\n<script type=\"application\/ld+json\" class=\"yoast-schema-graph\">{\"@context\":\"https:\\\/\\\/schema.org\",\"@graph\":[{\"@type\":\"WebPage\",\"@id\":\"https:\\\/\\\/poterie-de-crestet.com\\\/de\\\/keramik\\\/quadratische-salatschuessel-provence-2\\\/\",\"url\":\"https:\\\/\\\/poterie-de-crestet.com\\\/de\\\/keramik\\\/quadratische-salatschuessel-provence-2\\\/\",\"name\":\"Quadratische Salatsch\u00fcssel Provence 2 - Poterie de Crestet\",\"isPartOf\":{\"@id\":\"https:\\\/\\\/poterie-de-crestet.com\\\/de\\\/#website\"},\"primaryImageOfPage\":{\"@id\":\"https:\\\/\\\/poterie-de-crestet.com\\\/de\\\/keramik\\\/quadratische-salatschuessel-provence-2\\\/#primaryimage\"},\"image\":{\"@id\":\"https:\\\/\\\/poterie-de-crestet.com\\\/de\\\/keramik\\\/quadratische-salatschuessel-provence-2\\\/#primaryimage\"},\"thumbnailUrl\":\"https:\\\/\\\/i0.wp.com\\\/poterie-de-crestet.com\\\/wp-content\\\/uploads\\\/2025\\\/04\\\/saladier-carre-1-provence-2.jpg?fit=458%2C458&ssl=1\",\"datePublished\":\"2025-04-11T10:16:34+00:00\",\"description\":\"Provence 2 quadratische Salatschale, emblematische rot-gelbe Dekoration. Ideal f\u00fcr Familiengerichte und die provenzalische Kunst des Lebens.\",\"breadcrumb\":{\"@id\":\"https:\\\/\\\/poterie-de-crestet.com\\\/de\\\/keramik\\\/quadratische-salatschuessel-provence-2\\\/#breadcrumb\"},\"inLanguage\":\"de\",\"potentialAction\":[{\"@type\":\"ReadAction\",\"target\":[\"https:\\\/\\\/poterie-de-crestet.com\\\/de\\\/keramik\\\/quadratische-salatschuessel-provence-2\\\/\"]}]},{\"@type\":\"ImageObject\",\"inLanguage\":\"de\",\"@id\":\"https:\\\/\\\/poterie-de-crestet.com\\\/de\\\/keramik\\\/quadratische-salatschuessel-provence-2\\\/#primaryimage\",\"url\":\"https:\\\/\\\/i0.wp.com\\\/poterie-de-crestet.com\\\/wp-content\\\/uploads\\\/2025\\\/04\\\/saladier-carre-1-provence-2.jpg?fit=458%2C458&ssl=1\",\"contentUrl\":\"https:\\\/\\\/i0.wp.com\\\/poterie-de-crestet.com\\\/wp-content\\\/uploads\\\/2025\\\/04\\\/saladier-carre-1-provence-2.jpg?fit=458%2C458&ssl=1\",\"width\":458,\"height\":458,\"caption\":\"Provence 2 quadratische Salatsch\u00fcssel\"},{\"@type\":\"BreadcrumbList\",\"@id\":\"https:\\\/\\\/poterie-de-crestet.com\\\/de\\\/keramik\\\/quadratische-salatschuessel-provence-2\\\/#breadcrumb\",\"itemListElement\":[{\"@type\":\"ListItem\",\"position\":1,\"name\":\"Accueil\",\"item\":\"https:\\\/\\\/poterie-de-crestet.com\\\/de\\\/accueil\\\/\"},{\"@type\":\"ListItem\",\"position\":2,\"name\":\"Boutique\",\"item\":\"https:\\\/\\\/poterie-de-crestet.com\\\/ceramiques\\\/\"},{\"@type\":\"ListItem\",\"position\":3,\"name\":\"Quadratische Salatsch\u00fcssel Provence 2\"}]},{\"@type\":\"WebSite\",\"@id\":\"https:\\\/\\\/poterie-de-crestet.com\\\/de\\\/#website\",\"url\":\"https:\\\/\\\/poterie-de-crestet.com\\\/de\\\/\",\"name\":\"Poterie de Crestet\",\"description\":\"Des milliers de poteries inpir\u00e9es de la Provence\",\"publisher\":{\"@id\":\"https:\\\/\\\/poterie-de-crestet.com\\\/de\\\/#organization\"},\"potentialAction\":[{\"@type\":\"SearchAction\",\"target\":{\"@type\":\"EntryPoint\",\"urlTemplate\":\"https:\\\/\\\/poterie-de-crestet.com\\\/de\\\/?s={search_term_string}\"},\"query-input\":{\"@type\":\"PropertyValueSpecification\",\"valueRequired\":true,\"valueName\":\"search_term_string\"}}],\"inLanguage\":\"de\"},{\"@type\":\"Organization\",\"@id\":\"https:\\\/\\\/poterie-de-crestet.com\\\/de\\\/#organization\",\"name\":\"Poterie de Crestet\",\"url\":\"https:\\\/\\\/poterie-de-crestet.com\\\/de\\\/\",\"logo\":{\"@type\":\"ImageObject\",\"inLanguage\":\"de\",\"@id\":\"https:\\\/\\\/poterie-de-crestet.com\\\/de\\\/#\\\/schema\\\/logo\\\/image\\\/\",\"url\":\"https:\\\/\\\/i0.wp.com\\\/poterie-de-crestet.com\\\/wp-content\\\/uploads\\\/2025\\\/03\\\/Propo-4.png?fit=1000%2C462&ssl=1\",\"contentUrl\":\"https:\\\/\\\/i0.wp.com\\\/poterie-de-crestet.com\\\/wp-content\\\/uploads\\\/2025\\\/03\\\/Propo-4.png?fit=1000%2C462&ssl=1\",\"width\":1000,\"height\":462,\"caption\":\"Poterie de Crestet\"},\"image\":{\"@id\":\"https:\\\/\\\/poterie-de-crestet.com\\\/de\\\/#\\\/schema\\\/logo\\\/image\\\/\"}}]}<\/script>\n<!-- \/ Yoast SEO plugin. -->","yoast_head_json":{"title":"Quadratische Salatsch\u00fcssel Provence 2 - Poterie de Crestet","description":"Provence 2 quadratische Salatschale, emblematische rot-gelbe Dekoration. Ideal f\u00fcr Familiengerichte und die provenzalische Kunst des Lebens.","robots":{"index":"index","follow":"follow","max-snippet":"max-snippet:-1","max-image-preview":"max-image-preview:large","max-video-preview":"max-video-preview:-1"},"canonical":"https:\/\/poterie-de-crestet.com\/de\/keramik\/quadratische-salatschuessel-provence-2\/","og_locale":"de_DE","og_type":"article","og_title":"Quadratische Salatsch\u00fcssel Provence 2 - Poterie de Crestet","og_description":"Provence 2 quadratische Salatschale, emblematische rot-gelbe Dekoration. Ideal f\u00fcr Familiengerichte und die provenzalische Kunst des Lebens.","og_url":"https:\/\/poterie-de-crestet.com\/de\/keramik\/quadratische-salatschuessel-provence-2\/","og_site_name":"Poterie de Crestet","og_image":[{"width":458,"height":458,"url":"https:\/\/i0.wp.com\/poterie-de-crestet.com\/wp-content\/uploads\/2025\/04\/saladier-carre-1-provence-2.jpg?fit=458%2C458&ssl=1","type":"image\/jpeg"}],"twitter_card":"summary_large_image","schema":{"@context":"https:\/\/schema.org","@graph":[{"@type":"WebPage","@id":"https:\/\/poterie-de-crestet.com\/de\/keramik\/quadratische-salatschuessel-provence-2\/","url":"https:\/\/poterie-de-crestet.com\/de\/keramik\/quadratische-salatschuessel-provence-2\/","name":"Quadratische Salatsch\u00fcssel Provence 2 - Poterie de Crestet","isPartOf":{"@id":"https:\/\/poterie-de-crestet.com\/de\/#website"},"primaryImageOfPage":{"@id":"https:\/\/poterie-de-crestet.com\/de\/keramik\/quadratische-salatschuessel-provence-2\/#primaryimage"},"image":{"@id":"https:\/\/poterie-de-crestet.com\/de\/keramik\/quadratische-salatschuessel-provence-2\/#primaryimage"},"thumbnailUrl":"https:\/\/i0.wp.com\/poterie-de-crestet.com\/wp-content\/uploads\/2025\/04\/saladier-carre-1-provence-2.jpg?fit=458%2C458&ssl=1","datePublished":"2025-04-11T10:16:34+00:00","description":"Provence 2 quadratische Salatschale, emblematische rot-gelbe Dekoration. Ideal f\u00fcr Familiengerichte und die provenzalische Kunst des Lebens.","breadcrumb":{"@id":"https:\/\/poterie-de-crestet.com\/de\/keramik\/quadratische-salatschuessel-provence-2\/#breadcrumb"},"inLanguage":"de","potentialAction":[{"@type":"ReadAction","target":["https:\/\/poterie-de-crestet.com\/de\/keramik\/quadratische-salatschuessel-provence-2\/"]}]},{"@type":"ImageObject","inLanguage":"de","@id":"https:\/\/poterie-de-crestet.com\/de\/keramik\/quadratische-salatschuessel-provence-2\/#primaryimage","url":"https:\/\/i0.wp.com\/poterie-de-crestet.com\/wp-content\/uploads\/2025\/04\/saladier-carre-1-provence-2.jpg?fit=458%2C458&ssl=1","contentUrl":"https:\/\/i0.wp.com\/poterie-de-crestet.com\/wp-content\/uploads\/2025\/04\/saladier-carre-1-provence-2.jpg?fit=458%2C458&ssl=1","width":458,"height":458,"caption":"Provence 2 quadratische Salatsch\u00fcssel"},{"@type":"BreadcrumbList","@id":"https:\/\/poterie-de-crestet.com\/de\/keramik\/quadratische-salatschuessel-provence-2\/#breadcrumb","itemListElement":[{"@type":"ListItem","position":1,"name":"Accueil","item":"https:\/\/poterie-de-crestet.com\/de\/accueil\/"},{"@type":"ListItem","position":2,"name":"Boutique","item":"https:\/\/poterie-de-crestet.com\/ceramiques\/"},{"@type":"ListItem","position":3,"name":"Quadratische Salatsch\u00fcssel Provence 2"}]},{"@type":"WebSite","@id":"https:\/\/poterie-de-crestet.com\/de\/#website","url":"https:\/\/poterie-de-crestet.com\/de\/","name":"Poterie de Crestet","description":"Des milliers de poteries inpir\u00e9es de la Provence","publisher":{"@id":"https:\/\/poterie-de-crestet.com\/de\/#organization"},"potentialAction":[{"@type":"SearchAction","target":{"@type":"EntryPoint","urlTemplate":"https:\/\/poterie-de-crestet.com\/de\/?s={search_term_string}"},"query-input":{"@type":"PropertyValueSpecification","valueRequired":true,"valueName":"search_term_string"}}],"inLanguage":"de"},{"@type":"Organization","@id":"https:\/\/poterie-de-crestet.com\/de\/#organization","name":"Poterie de Crestet","url":"https:\/\/poterie-de-crestet.com\/de\/","logo":{"@type":"ImageObject","inLanguage":"de","@id":"https:\/\/poterie-de-crestet.com\/de\/#\/schema\/logo\/image\/","url":"https:\/\/i0.wp.com\/poterie-de-crestet.com\/wp-content\/uploads\/2025\/03\/Propo-4.png?fit=1000%2C462&ssl=1","contentUrl":"https:\/\/i0.wp.com\/poterie-de-crestet.com\/wp-content\/uploads\/2025\/03\/Propo-4.png?fit=1000%2C462&ssl=1","width":1000,"height":462,"caption":"Poterie de Crestet"},"image":{"@id":"https:\/\/poterie-de-crestet.com\/de\/#\/schema\/logo\/image\/"}}]}},"jetpack_sharing_enabled":true,"_links":{"self":[{"href":"https:\/\/poterie-de-crestet.com\/de\/wp-json\/wp\/v2\/product\/21001","targetHints":{"allow":["GET"]}}],"collection":[{"href":"https:\/\/poterie-de-crestet.com\/de\/wp-json\/wp\/v2\/product"}],"about":[{"href":"https:\/\/poterie-de-crestet.com\/de\/wp-json\/wp\/v2\/types\/product"}],"replies":[{"embeddable":true,"href":"https:\/\/poterie-de-crestet.com\/de\/wp-json\/wp\/v2\/comments?post=21001"}],"version-history":[{"count":0,"href":"https:\/\/poterie-de-crestet.com\/de\/wp-json\/wp\/v2\/product\/21001\/revisions"}],"wp:featuredmedia":[{"embeddable":true,"href":"https:\/\/poterie-de-crestet.com\/de\/wp-json\/wp\/v2\/media\/8030"}],"wp:attachment":[{"href":"https:\/\/poterie-de-crestet.com\/de\/wp-json\/wp\/v2\/media?parent=21001"}],"wp:term":[{"taxonomy":"product_brand","embeddable":true,"href":"https:\/\/poterie-de-crestet.com\/de\/wp-json\/wp\/v2\/product_brand?post=21001"},{"taxonomy":"product_cat","embeddable":true,"href":"https:\/\/poterie-de-crestet.com\/de\/wp-json\/wp\/v2\/product_cat?post=21001"},{"taxonomy":"product_tag","embeddable":true,"href":"https:\/\/poterie-de-crestet.com\/de\/wp-json\/wp\/v2\/product_tag?post=21001"}],"curies":[{"name":"wp","href":"https:\/\/api.w.org\/{rel}","templated":true}]}}