{"id":20924,"date":"2025-08-09T19:23:07","date_gmt":"2025-08-09T17:23:07","guid":{"rendered":"https:\/\/poterie-de-crestet.com\/ceramiques\/flache-serie-low-large-gruen\/"},"modified":"2025-08-09T19:23:07","modified_gmt":"2025-08-09T17:23:07","slug":"flache-serie-low-large-gruen","status":"publish","type":"product","link":"https:\/\/poterie-de-crestet.com\/de\/keramik\/flache-serie-low-large-gruen\/","title":{"rendered":"Flache Serie Low Large  <h5>Gr\u00fcn<\/h5>"},"content":{"rendered":"<p>Die gro\u00dfe Strumpfplatte mit gr\u00fcnem Dekor verf\u00fchrt mit ihrer N\u00fcchternheit und Frische. Mit seinem Durchmesser von 30 cm und einer H\u00f6he von 7,5 cm kann es f\u00fcr viele Zwecke verwendet werden: Servierschale, Pr\u00e4sentationsgericht oder Teilgericht. Seine breite und niedrige Form versch\u00f6nert Salate, Eint\u00f6pfe, Gem\u00fcse oder Desserts.<br data-start=\"6666\" data-end=\"6669\">Hergestellt aus hochwertiger Keramik und handbemalt f\u00fcr die Dekoration, verbindet er Robustheit und \u00c4sthetik. Das schlichte und nat\u00fcrliche Gr\u00fcn-Dekor passt zu allen Tischen und Stilen von Geschirr. Geschirrsp\u00fcler- und Mikrowellenfest, praktisch f\u00fcr den t\u00e4glichen Gebrauch.<br data-start=\"6929\" data-end=\"6932\">Kombinieren Sie ihn mit einer <a class=\"cursor-pointer\" href=\"https:\/\/poterie-de-crestet.com\/de\/keramik\/riesige-salatschuessel-gruen\/\" target=\"_new\" rel=\"noopener\" data-start=\"6949\" data-end=\"7046\">riesigen gr\u00fcnen Salatschale<\/a> f\u00fcr ein passendes Service oder kombinieren Sie ihn mit anderen Dekorationen, um die Atmosph\u00e4re abzurunden. Auch in kleinen und mittleren Modellen erh\u00e4ltlich, profitiert er von unserem <a class=\"\" href=\"https:\/\/poterie-de-crestet.com\/de\/befoerderungen\/\" target=\"_new\" rel=\"noopener\" data-start=\"7194\" data-end=\"7258\">Sonderangebot in Sets<\/a> , um Ihren Tisch zu einem reduzierten Preis zu bereichern.<br data-start=\"7299\" data-end=\"7302\">Stapelbar und angenehm zu handhaben \u2013 er ist ebenso \u00e4sthetisch wie funktional.     <\/p>\n","protected":false},"excerpt":{"rendered":"<p>Flacher Unterboden, gro\u00dfes gr\u00fcnes Dekor, Keramikmuster. Einfach und nat\u00fcrlich, ideal f\u00fcr Pr\u00e4sentation oder Teilen. <br data-start=\"7508\" data-end=\"7511\"><strong data-start=\"7511\" data-end=\"7541\"><em data-start=\"7513\" data-end=\"7539\">Ma\u00dfe: 30 \u00d7 7,5 cm<\/em><\/strong><\/p>\n","protected":false},"featured_media":13166,"comment_status":"open","ping_status":"closed","template":"","meta":[],"product_brand":[],"product_cat":[385],"product_tag":[208],"class_list":{"0":"post-20924","1":"product","2":"type-product","3":"status-publish","4":"has-post-thumbnail","6":"product_cat-grose-platten-mit-niedrigem-rand","7":"product_tag-grun","9":"first","10":"instock","11":"taxable","12":"shipping-taxable","13":"purchasable","14":"product-type-simple"},"yoast_head":"<!-- This site is optimized with the Yoast SEO plugin v27.5 - https:\/\/yoast.com\/product\/yoast-seo-wordpress\/ -->\n<title>Flache Serie Low Large Gr\u00fcn - Poterie de Crestet<\/title>\n<meta name=\"description\" content=\"Flaches, tiefes gro\u00dfes Modell, Gr\u00fcn, schlicht und nat\u00fcrlich. Ideal f\u00fcr Salate, Familiengerichte oder Buffets. Keramikgeschirrsp\u00fcler und Mikrowelle.\" \/>\n<meta name=\"robots\" content=\"index, follow, max-snippet:-1, max-image-preview:large, max-video-preview:-1\" \/>\n<link rel=\"canonical\" href=\"https:\/\/poterie-de-crestet.com\/de\/keramik\/flache-serie-low-large-gruen\/\" \/>\n<meta property=\"og:locale\" content=\"de_DE\" \/>\n<meta property=\"og:type\" content=\"article\" \/>\n<meta property=\"og:title\" content=\"Flache Serie Low Large Gr\u00fcn - Poterie de Crestet\" \/>\n<meta property=\"og:description\" content=\"Flaches, tiefes gro\u00dfes Modell, Gr\u00fcn, schlicht und nat\u00fcrlich. Ideal f\u00fcr Salate, Familiengerichte oder Buffets. Keramikgeschirrsp\u00fcler und Mikrowelle.\" \/>\n<meta property=\"og:url\" content=\"https:\/\/poterie-de-crestet.com\/de\/keramik\/flache-serie-low-large-gruen\/\" \/>\n<meta property=\"og:site_name\" content=\"Poterie de Crestet\" \/>\n<meta property=\"og:image\" content=\"https:\/\/i0.wp.com\/poterie-de-crestet.com\/wp-content\/uploads\/2025\/08\/plat-service-rebord-bas-29.jpg?fit=800%2C532&ssl=1\" \/>\n\t<meta property=\"og:image:width\" content=\"800\" \/>\n\t<meta property=\"og:image:height\" content=\"532\" \/>\n\t<meta property=\"og:image:type\" content=\"image\/jpeg\" \/>\n<meta name=\"twitter:card\" content=\"summary_large_image\" \/>\n<meta name=\"twitter:label1\" content=\"Gesch\u00e4tzte Lesezeit\" \/>\n\t<meta name=\"twitter:data1\" content=\"1\u00a0Minute\" \/>\n<script type=\"application\/ld+json\" class=\"yoast-schema-graph\">{\"@context\":\"https:\\\/\\\/schema.org\",\"@graph\":[{\"@type\":\"WebPage\",\"@id\":\"https:\\\/\\\/poterie-de-crestet.com\\\/de\\\/keramik\\\/flache-serie-low-large-gruen\\\/\",\"url\":\"https:\\\/\\\/poterie-de-crestet.com\\\/de\\\/keramik\\\/flache-serie-low-large-gruen\\\/\",\"name\":\"Flache Serie Low Large Gr\u00fcn - Poterie de Crestet\",\"isPartOf\":{\"@id\":\"https:\\\/\\\/poterie-de-crestet.com\\\/de\\\/#website\"},\"primaryImageOfPage\":{\"@id\":\"https:\\\/\\\/poterie-de-crestet.com\\\/de\\\/keramik\\\/flache-serie-low-large-gruen\\\/#primaryimage\"},\"image\":{\"@id\":\"https:\\\/\\\/poterie-de-crestet.com\\\/de\\\/keramik\\\/flache-serie-low-large-gruen\\\/#primaryimage\"},\"thumbnailUrl\":\"https:\\\/\\\/i0.wp.com\\\/poterie-de-crestet.com\\\/wp-content\\\/uploads\\\/2025\\\/08\\\/plat-service-rebord-bas-29.jpg?fit=800%2C532&ssl=1\",\"datePublished\":\"2025-08-09T17:23:07+00:00\",\"description\":\"Flaches, tiefes gro\u00dfes Modell, Gr\u00fcn, schlicht und nat\u00fcrlich. Ideal f\u00fcr Salate, Familiengerichte oder Buffets. Keramikgeschirrsp\u00fcler und Mikrowelle.\",\"breadcrumb\":{\"@id\":\"https:\\\/\\\/poterie-de-crestet.com\\\/de\\\/keramik\\\/flache-serie-low-large-gruen\\\/#breadcrumb\"},\"inLanguage\":\"de\",\"potentialAction\":[{\"@type\":\"ReadAction\",\"target\":[\"https:\\\/\\\/poterie-de-crestet.com\\\/de\\\/keramik\\\/flache-serie-low-large-gruen\\\/\"]}]},{\"@type\":\"ImageObject\",\"inLanguage\":\"de\",\"@id\":\"https:\\\/\\\/poterie-de-crestet.com\\\/de\\\/keramik\\\/flache-serie-low-large-gruen\\\/#primaryimage\",\"url\":\"https:\\\/\\\/i0.wp.com\\\/poterie-de-crestet.com\\\/wp-content\\\/uploads\\\/2025\\\/08\\\/plat-service-rebord-bas-29.jpg?fit=800%2C532&ssl=1\",\"contentUrl\":\"https:\\\/\\\/i0.wp.com\\\/poterie-de-crestet.com\\\/wp-content\\\/uploads\\\/2025\\\/08\\\/plat-service-rebord-bas-29.jpg?fit=800%2C532&ssl=1\",\"width\":800,\"height\":532,\"caption\":\"Gr\u00fcne Flachrandplatte\"},{\"@type\":\"BreadcrumbList\",\"@id\":\"https:\\\/\\\/poterie-de-crestet.com\\\/de\\\/keramik\\\/flache-serie-low-large-gruen\\\/#breadcrumb\",\"itemListElement\":[{\"@type\":\"ListItem\",\"position\":1,\"name\":\"Accueil\",\"item\":\"https:\\\/\\\/poterie-de-crestet.com\\\/de\\\/accueil\\\/\"},{\"@type\":\"ListItem\",\"position\":2,\"name\":\"Boutique\",\"item\":\"https:\\\/\\\/poterie-de-crestet.com\\\/ceramiques\\\/\"},{\"@type\":\"ListItem\",\"position\":3,\"name\":\"Flache Serie Low Large Gr\u00fcn\"}]},{\"@type\":\"WebSite\",\"@id\":\"https:\\\/\\\/poterie-de-crestet.com\\\/de\\\/#website\",\"url\":\"https:\\\/\\\/poterie-de-crestet.com\\\/de\\\/\",\"name\":\"Poterie de Crestet\",\"description\":\"Des milliers de poteries inpir\u00e9es de la Provence\",\"publisher\":{\"@id\":\"https:\\\/\\\/poterie-de-crestet.com\\\/de\\\/#organization\"},\"potentialAction\":[{\"@type\":\"SearchAction\",\"target\":{\"@type\":\"EntryPoint\",\"urlTemplate\":\"https:\\\/\\\/poterie-de-crestet.com\\\/de\\\/?s={search_term_string}\"},\"query-input\":{\"@type\":\"PropertyValueSpecification\",\"valueRequired\":true,\"valueName\":\"search_term_string\"}}],\"inLanguage\":\"de\"},{\"@type\":\"Organization\",\"@id\":\"https:\\\/\\\/poterie-de-crestet.com\\\/de\\\/#organization\",\"name\":\"Poterie de Crestet\",\"url\":\"https:\\\/\\\/poterie-de-crestet.com\\\/de\\\/\",\"logo\":{\"@type\":\"ImageObject\",\"inLanguage\":\"de\",\"@id\":\"https:\\\/\\\/poterie-de-crestet.com\\\/de\\\/#\\\/schema\\\/logo\\\/image\\\/\",\"url\":\"https:\\\/\\\/i0.wp.com\\\/poterie-de-crestet.com\\\/wp-content\\\/uploads\\\/2025\\\/03\\\/Propo-4.png?fit=1000%2C462&ssl=1\",\"contentUrl\":\"https:\\\/\\\/i0.wp.com\\\/poterie-de-crestet.com\\\/wp-content\\\/uploads\\\/2025\\\/03\\\/Propo-4.png?fit=1000%2C462&ssl=1\",\"width\":1000,\"height\":462,\"caption\":\"Poterie de Crestet\"},\"image\":{\"@id\":\"https:\\\/\\\/poterie-de-crestet.com\\\/de\\\/#\\\/schema\\\/logo\\\/image\\\/\"}}]}<\/script>\n<!-- \/ Yoast SEO plugin. -->","yoast_head_json":{"title":"Flache Serie Low Large Gr\u00fcn - Poterie de Crestet","description":"Flaches, tiefes gro\u00dfes Modell, Gr\u00fcn, schlicht und nat\u00fcrlich. Ideal f\u00fcr Salate, Familiengerichte oder Buffets. Keramikgeschirrsp\u00fcler und Mikrowelle.","robots":{"index":"index","follow":"follow","max-snippet":"max-snippet:-1","max-image-preview":"max-image-preview:large","max-video-preview":"max-video-preview:-1"},"canonical":"https:\/\/poterie-de-crestet.com\/de\/keramik\/flache-serie-low-large-gruen\/","og_locale":"de_DE","og_type":"article","og_title":"Flache Serie Low Large Gr\u00fcn - Poterie de Crestet","og_description":"Flaches, tiefes gro\u00dfes Modell, Gr\u00fcn, schlicht und nat\u00fcrlich. Ideal f\u00fcr Salate, Familiengerichte oder Buffets. Keramikgeschirrsp\u00fcler und Mikrowelle.","og_url":"https:\/\/poterie-de-crestet.com\/de\/keramik\/flache-serie-low-large-gruen\/","og_site_name":"Poterie de Crestet","og_image":[{"width":800,"height":532,"url":"https:\/\/i0.wp.com\/poterie-de-crestet.com\/wp-content\/uploads\/2025\/08\/plat-service-rebord-bas-29.jpg?fit=800%2C532&ssl=1","type":"image\/jpeg"}],"twitter_card":"summary_large_image","twitter_misc":{"Gesch\u00e4tzte Lesezeit":"1\u00a0Minute"},"schema":{"@context":"https:\/\/schema.org","@graph":[{"@type":"WebPage","@id":"https:\/\/poterie-de-crestet.com\/de\/keramik\/flache-serie-low-large-gruen\/","url":"https:\/\/poterie-de-crestet.com\/de\/keramik\/flache-serie-low-large-gruen\/","name":"Flache Serie Low Large Gr\u00fcn - Poterie de Crestet","isPartOf":{"@id":"https:\/\/poterie-de-crestet.com\/de\/#website"},"primaryImageOfPage":{"@id":"https:\/\/poterie-de-crestet.com\/de\/keramik\/flache-serie-low-large-gruen\/#primaryimage"},"image":{"@id":"https:\/\/poterie-de-crestet.com\/de\/keramik\/flache-serie-low-large-gruen\/#primaryimage"},"thumbnailUrl":"https:\/\/i0.wp.com\/poterie-de-crestet.com\/wp-content\/uploads\/2025\/08\/plat-service-rebord-bas-29.jpg?fit=800%2C532&ssl=1","datePublished":"2025-08-09T17:23:07+00:00","description":"Flaches, tiefes gro\u00dfes Modell, Gr\u00fcn, schlicht und nat\u00fcrlich. Ideal f\u00fcr Salate, Familiengerichte oder Buffets. Keramikgeschirrsp\u00fcler und Mikrowelle.","breadcrumb":{"@id":"https:\/\/poterie-de-crestet.com\/de\/keramik\/flache-serie-low-large-gruen\/#breadcrumb"},"inLanguage":"de","potentialAction":[{"@type":"ReadAction","target":["https:\/\/poterie-de-crestet.com\/de\/keramik\/flache-serie-low-large-gruen\/"]}]},{"@type":"ImageObject","inLanguage":"de","@id":"https:\/\/poterie-de-crestet.com\/de\/keramik\/flache-serie-low-large-gruen\/#primaryimage","url":"https:\/\/i0.wp.com\/poterie-de-crestet.com\/wp-content\/uploads\/2025\/08\/plat-service-rebord-bas-29.jpg?fit=800%2C532&ssl=1","contentUrl":"https:\/\/i0.wp.com\/poterie-de-crestet.com\/wp-content\/uploads\/2025\/08\/plat-service-rebord-bas-29.jpg?fit=800%2C532&ssl=1","width":800,"height":532,"caption":"Gr\u00fcne Flachrandplatte"},{"@type":"BreadcrumbList","@id":"https:\/\/poterie-de-crestet.com\/de\/keramik\/flache-serie-low-large-gruen\/#breadcrumb","itemListElement":[{"@type":"ListItem","position":1,"name":"Accueil","item":"https:\/\/poterie-de-crestet.com\/de\/accueil\/"},{"@type":"ListItem","position":2,"name":"Boutique","item":"https:\/\/poterie-de-crestet.com\/ceramiques\/"},{"@type":"ListItem","position":3,"name":"Flache Serie Low Large Gr\u00fcn"}]},{"@type":"WebSite","@id":"https:\/\/poterie-de-crestet.com\/de\/#website","url":"https:\/\/poterie-de-crestet.com\/de\/","name":"Poterie de Crestet","description":"Des milliers de poteries inpir\u00e9es de la Provence","publisher":{"@id":"https:\/\/poterie-de-crestet.com\/de\/#organization"},"potentialAction":[{"@type":"SearchAction","target":{"@type":"EntryPoint","urlTemplate":"https:\/\/poterie-de-crestet.com\/de\/?s={search_term_string}"},"query-input":{"@type":"PropertyValueSpecification","valueRequired":true,"valueName":"search_term_string"}}],"inLanguage":"de"},{"@type":"Organization","@id":"https:\/\/poterie-de-crestet.com\/de\/#organization","name":"Poterie de Crestet","url":"https:\/\/poterie-de-crestet.com\/de\/","logo":{"@type":"ImageObject","inLanguage":"de","@id":"https:\/\/poterie-de-crestet.com\/de\/#\/schema\/logo\/image\/","url":"https:\/\/i0.wp.com\/poterie-de-crestet.com\/wp-content\/uploads\/2025\/03\/Propo-4.png?fit=1000%2C462&ssl=1","contentUrl":"https:\/\/i0.wp.com\/poterie-de-crestet.com\/wp-content\/uploads\/2025\/03\/Propo-4.png?fit=1000%2C462&ssl=1","width":1000,"height":462,"caption":"Poterie de Crestet"},"image":{"@id":"https:\/\/poterie-de-crestet.com\/de\/#\/schema\/logo\/image\/"}}]}},"jetpack_sharing_enabled":true,"_links":{"self":[{"href":"https:\/\/poterie-de-crestet.com\/de\/wp-json\/wp\/v2\/product\/20924","targetHints":{"allow":["GET"]}}],"collection":[{"href":"https:\/\/poterie-de-crestet.com\/de\/wp-json\/wp\/v2\/product"}],"about":[{"href":"https:\/\/poterie-de-crestet.com\/de\/wp-json\/wp\/v2\/types\/product"}],"replies":[{"embeddable":true,"href":"https:\/\/poterie-de-crestet.com\/de\/wp-json\/wp\/v2\/comments?post=20924"}],"version-history":[{"count":0,"href":"https:\/\/poterie-de-crestet.com\/de\/wp-json\/wp\/v2\/product\/20924\/revisions"}],"wp:featuredmedia":[{"embeddable":true,"href":"https:\/\/poterie-de-crestet.com\/de\/wp-json\/wp\/v2\/media\/13166"}],"wp:attachment":[{"href":"https:\/\/poterie-de-crestet.com\/de\/wp-json\/wp\/v2\/media?parent=20924"}],"wp:term":[{"taxonomy":"product_brand","embeddable":true,"href":"https:\/\/poterie-de-crestet.com\/de\/wp-json\/wp\/v2\/product_brand?post=20924"},{"taxonomy":"product_cat","embeddable":true,"href":"https:\/\/poterie-de-crestet.com\/de\/wp-json\/wp\/v2\/product_cat?post=20924"},{"taxonomy":"product_tag","embeddable":true,"href":"https:\/\/poterie-de-crestet.com\/de\/wp-json\/wp\/v2\/product_tag?post=20924"}],"curies":[{"name":"wp","href":"https:\/\/api.w.org\/{rel}","templated":true}]}}