{"id":20901,"date":"2025-04-11T12:16:30","date_gmt":"2025-04-11T10:16:30","guid":{"rendered":"https:\/\/poterie-de-crestet.com\/ceramiques\/mueckenschutzmittel-schwarzer-boden\/"},"modified":"2025-04-11T12:16:30","modified_gmt":"2025-04-11T10:16:30","slug":"mueckenschutzmittel-schwarzer-boden","status":"publish","type":"product","link":"https:\/\/poterie-de-crestet.com\/de\/keramik\/mueckenschutzmittel-schwarzer-boden\/","title":{"rendered":"M\u00fcckenschutzmittel  <h5>Schwarzer Boden<\/h5>"},"content":{"rendered":"<p class=\"\" data-start=\"1357\" data-end=\"1665\">Das Sol Noir M\u00fcckenschutzmittel spielt die Karte der Verfeinerung. Ideal f\u00fcr einen schicken Tisch, sch\u00fctzt er effektiv vor M\u00fccken und verleiht gleichzeitig eine grafische Note. Brennwalze (nicht enthalten) drinnen, weicher Rauch au\u00dfen und ein offener Deckel f\u00fcr kontrollierte Diffusion.  <\/p>\n<p class=\"\" data-start=\"1667\" data-end=\"1780\">Wir lieben ihn auch wegen seines Aussehens, seiner Stabilit\u00e4t, der einfachen Wartung und der Effizienz auf der Terrasse oder Veranda.<\/p>\n<p class=\"\" data-start=\"1782\" data-end=\"1922\"><strong data-start=\"1792\" data-end=\"1812\">Handbemalt<\/strong>, <strong data-start=\"1814\" data-end=\"1825\">waschbar<\/strong>, <strong data-start=\"1842\" data-end=\"1865\">lebensmitteltaugliche<\/strong> Keramik aus <strong data-start=\"1888\" data-end=\"1921\">mikrowellenfestem Ton.<\/strong><\/p>\n<p class=\"\" data-start=\"1924\" data-end=\"2051\">Kombinieren Sie es mit einem <a class=\"\" href=\"https:\/\/poterie-de-crestet.com\/de\/keramik\/vorspeise-schwarzer-boden\/\" rel=\"noopener\" data-start=\"1941\" data-end=\"1976\">verl\u00e4ngerten Sol-Noir-Aperitifgericht<\/a> oder einer <a class=\"\" href=\"https:\/\/poterie-de-crestet.com\/de\/keramik\/salt-hand-blauer-platz\/\" rel=\"noopener\" data-start=\"1998\" data-end=\"2024\">Carr\u00e9-Bleu-Salz-Hand<\/a> f\u00fcr eine kr\u00e4ftige Mischung.<\/p>\n","protected":false},"excerpt":{"rendered":"<p>N\u00fcchternheit und Eleganz vereinten sich in diesem Modell. Sie l\u00e4sst sich problemlos in eine zeitgen\u00f6ssische Einrichtung integrieren. <\/p>\n<p><br data-start=\"3523\" data-end=\"3526\"><strong>\u00d8 14,5 cm \u2013 H 6 cm<\/strong><\/p>\n","protected":false},"featured_media":8236,"comment_status":"open","ping_status":"closed","template":"","meta":[],"product_brand":[],"product_cat":[369],"product_tag":[229],"class_list":{"0":"post-20901","1":"product","2":"type-product","3":"status-publish","4":"has-post-thumbnail","6":"product_cat-muckenschutzmittel","7":"product_tag-schwarzer-boden","9":"first","10":"instock","11":"taxable","12":"shipping-taxable","13":"purchasable","14":"product-type-simple"},"yoast_head":"<!-- This site is optimized with the Yoast SEO plugin v27.5 - https:\/\/yoast.com\/product\/yoast-seo-wordpress\/ -->\n<title>M\u00fcckenschutzmittel Schwarzer Boden - Poterie de Crestet<\/title>\n<meta name=\"description\" content=\"Schick und funktional \u2013 dieses schwarze Modell sch\u00fctzt Ihre Abende und bleibt gleichzeitig diskret. Perfekt f\u00fcr eine moderne und friedliche Atmosph\u00e4re.\" \/>\n<meta name=\"robots\" content=\"index, follow, max-snippet:-1, max-image-preview:large, max-video-preview:-1\" \/>\n<link rel=\"canonical\" href=\"https:\/\/poterie-de-crestet.com\/de\/keramik\/mueckenschutzmittel-schwarzer-boden\/\" \/>\n<meta property=\"og:locale\" content=\"de_DE\" \/>\n<meta property=\"og:type\" content=\"article\" \/>\n<meta property=\"og:title\" content=\"M\u00fcckenschutzmittel Schwarzer Boden - Poterie de Crestet\" \/>\n<meta property=\"og:description\" content=\"Schick und funktional \u2013 dieses schwarze Modell sch\u00fctzt Ihre Abende und bleibt gleichzeitig diskret. Perfekt f\u00fcr eine moderne und friedliche Atmosph\u00e4re.\" \/>\n<meta property=\"og:url\" content=\"https:\/\/poterie-de-crestet.com\/de\/keramik\/mueckenschutzmittel-schwarzer-boden\/\" \/>\n<meta property=\"og:site_name\" content=\"Poterie de Crestet\" \/>\n<meta property=\"og:image\" content=\"https:\/\/i0.wp.com\/poterie-de-crestet.com\/wp-content\/uploads\/2025\/04\/Poterie-du-Crestet1241.jpg?fit=800%2C532&ssl=1\" \/>\n\t<meta property=\"og:image:width\" content=\"800\" \/>\n\t<meta property=\"og:image:height\" content=\"532\" \/>\n\t<meta property=\"og:image:type\" content=\"image\/jpeg\" \/>\n<meta name=\"twitter:card\" content=\"summary_large_image\" \/>\n<script type=\"application\/ld+json\" class=\"yoast-schema-graph\">{\"@context\":\"https:\\\/\\\/schema.org\",\"@graph\":[{\"@type\":\"WebPage\",\"@id\":\"https:\\\/\\\/poterie-de-crestet.com\\\/de\\\/keramik\\\/mueckenschutzmittel-schwarzer-boden\\\/\",\"url\":\"https:\\\/\\\/poterie-de-crestet.com\\\/de\\\/keramik\\\/mueckenschutzmittel-schwarzer-boden\\\/\",\"name\":\"M\u00fcckenschutzmittel Schwarzer Boden - Poterie de Crestet\",\"isPartOf\":{\"@id\":\"https:\\\/\\\/poterie-de-crestet.com\\\/de\\\/#website\"},\"primaryImageOfPage\":{\"@id\":\"https:\\\/\\\/poterie-de-crestet.com\\\/de\\\/keramik\\\/mueckenschutzmittel-schwarzer-boden\\\/#primaryimage\"},\"image\":{\"@id\":\"https:\\\/\\\/poterie-de-crestet.com\\\/de\\\/keramik\\\/mueckenschutzmittel-schwarzer-boden\\\/#primaryimage\"},\"thumbnailUrl\":\"https:\\\/\\\/i0.wp.com\\\/poterie-de-crestet.com\\\/wp-content\\\/uploads\\\/2025\\\/04\\\/Poterie-du-Crestet1241.jpg?fit=800%2C532&ssl=1\",\"datePublished\":\"2025-04-11T10:16:30+00:00\",\"description\":\"Schick und funktional \u2013 dieses schwarze Modell sch\u00fctzt Ihre Abende und bleibt gleichzeitig diskret. Perfekt f\u00fcr eine moderne und friedliche Atmosph\u00e4re.\",\"breadcrumb\":{\"@id\":\"https:\\\/\\\/poterie-de-crestet.com\\\/de\\\/keramik\\\/mueckenschutzmittel-schwarzer-boden\\\/#breadcrumb\"},\"inLanguage\":\"de\",\"potentialAction\":[{\"@type\":\"ReadAction\",\"target\":[\"https:\\\/\\\/poterie-de-crestet.com\\\/de\\\/keramik\\\/mueckenschutzmittel-schwarzer-boden\\\/\"]}]},{\"@type\":\"ImageObject\",\"inLanguage\":\"de\",\"@id\":\"https:\\\/\\\/poterie-de-crestet.com\\\/de\\\/keramik\\\/mueckenschutzmittel-schwarzer-boden\\\/#primaryimage\",\"url\":\"https:\\\/\\\/i0.wp.com\\\/poterie-de-crestet.com\\\/wp-content\\\/uploads\\\/2025\\\/04\\\/Poterie-du-Crestet1241.jpg?fit=800%2C532&ssl=1\",\"contentUrl\":\"https:\\\/\\\/i0.wp.com\\\/poterie-de-crestet.com\\\/wp-content\\\/uploads\\\/2025\\\/04\\\/Poterie-du-Crestet1241.jpg?fit=800%2C532&ssl=1\",\"width\":800,\"height\":532,\"caption\":\"M\u00fcckenabwehrender Schwarzer Boden\"},{\"@type\":\"BreadcrumbList\",\"@id\":\"https:\\\/\\\/poterie-de-crestet.com\\\/de\\\/keramik\\\/mueckenschutzmittel-schwarzer-boden\\\/#breadcrumb\",\"itemListElement\":[{\"@type\":\"ListItem\",\"position\":1,\"name\":\"Accueil\",\"item\":\"https:\\\/\\\/poterie-de-crestet.com\\\/de\\\/accueil\\\/\"},{\"@type\":\"ListItem\",\"position\":2,\"name\":\"Boutique\",\"item\":\"https:\\\/\\\/poterie-de-crestet.com\\\/ceramiques\\\/\"},{\"@type\":\"ListItem\",\"position\":3,\"name\":\"M\u00fcckenschutzmittel Schwarzer Boden\"}]},{\"@type\":\"WebSite\",\"@id\":\"https:\\\/\\\/poterie-de-crestet.com\\\/de\\\/#website\",\"url\":\"https:\\\/\\\/poterie-de-crestet.com\\\/de\\\/\",\"name\":\"Poterie de Crestet\",\"description\":\"Des milliers de poteries inpir\u00e9es de la Provence\",\"publisher\":{\"@id\":\"https:\\\/\\\/poterie-de-crestet.com\\\/de\\\/#organization\"},\"potentialAction\":[{\"@type\":\"SearchAction\",\"target\":{\"@type\":\"EntryPoint\",\"urlTemplate\":\"https:\\\/\\\/poterie-de-crestet.com\\\/de\\\/?s={search_term_string}\"},\"query-input\":{\"@type\":\"PropertyValueSpecification\",\"valueRequired\":true,\"valueName\":\"search_term_string\"}}],\"inLanguage\":\"de\"},{\"@type\":\"Organization\",\"@id\":\"https:\\\/\\\/poterie-de-crestet.com\\\/de\\\/#organization\",\"name\":\"Poterie de Crestet\",\"url\":\"https:\\\/\\\/poterie-de-crestet.com\\\/de\\\/\",\"logo\":{\"@type\":\"ImageObject\",\"inLanguage\":\"de\",\"@id\":\"https:\\\/\\\/poterie-de-crestet.com\\\/de\\\/#\\\/schema\\\/logo\\\/image\\\/\",\"url\":\"https:\\\/\\\/i0.wp.com\\\/poterie-de-crestet.com\\\/wp-content\\\/uploads\\\/2025\\\/03\\\/Propo-4.png?fit=1000%2C462&ssl=1\",\"contentUrl\":\"https:\\\/\\\/i0.wp.com\\\/poterie-de-crestet.com\\\/wp-content\\\/uploads\\\/2025\\\/03\\\/Propo-4.png?fit=1000%2C462&ssl=1\",\"width\":1000,\"height\":462,\"caption\":\"Poterie de Crestet\"},\"image\":{\"@id\":\"https:\\\/\\\/poterie-de-crestet.com\\\/de\\\/#\\\/schema\\\/logo\\\/image\\\/\"}}]}<\/script>\n<!-- \/ Yoast SEO plugin. -->","yoast_head_json":{"title":"M\u00fcckenschutzmittel Schwarzer Boden - Poterie de Crestet","description":"Schick und funktional \u2013 dieses schwarze Modell sch\u00fctzt Ihre Abende und bleibt gleichzeitig diskret. Perfekt f\u00fcr eine moderne und friedliche Atmosph\u00e4re.","robots":{"index":"index","follow":"follow","max-snippet":"max-snippet:-1","max-image-preview":"max-image-preview:large","max-video-preview":"max-video-preview:-1"},"canonical":"https:\/\/poterie-de-crestet.com\/de\/keramik\/mueckenschutzmittel-schwarzer-boden\/","og_locale":"de_DE","og_type":"article","og_title":"M\u00fcckenschutzmittel Schwarzer Boden - Poterie de Crestet","og_description":"Schick und funktional \u2013 dieses schwarze Modell sch\u00fctzt Ihre Abende und bleibt gleichzeitig diskret. Perfekt f\u00fcr eine moderne und friedliche Atmosph\u00e4re.","og_url":"https:\/\/poterie-de-crestet.com\/de\/keramik\/mueckenschutzmittel-schwarzer-boden\/","og_site_name":"Poterie de Crestet","og_image":[{"width":800,"height":532,"url":"https:\/\/i0.wp.com\/poterie-de-crestet.com\/wp-content\/uploads\/2025\/04\/Poterie-du-Crestet1241.jpg?fit=800%2C532&ssl=1","type":"image\/jpeg"}],"twitter_card":"summary_large_image","schema":{"@context":"https:\/\/schema.org","@graph":[{"@type":"WebPage","@id":"https:\/\/poterie-de-crestet.com\/de\/keramik\/mueckenschutzmittel-schwarzer-boden\/","url":"https:\/\/poterie-de-crestet.com\/de\/keramik\/mueckenschutzmittel-schwarzer-boden\/","name":"M\u00fcckenschutzmittel Schwarzer Boden - Poterie de Crestet","isPartOf":{"@id":"https:\/\/poterie-de-crestet.com\/de\/#website"},"primaryImageOfPage":{"@id":"https:\/\/poterie-de-crestet.com\/de\/keramik\/mueckenschutzmittel-schwarzer-boden\/#primaryimage"},"image":{"@id":"https:\/\/poterie-de-crestet.com\/de\/keramik\/mueckenschutzmittel-schwarzer-boden\/#primaryimage"},"thumbnailUrl":"https:\/\/i0.wp.com\/poterie-de-crestet.com\/wp-content\/uploads\/2025\/04\/Poterie-du-Crestet1241.jpg?fit=800%2C532&ssl=1","datePublished":"2025-04-11T10:16:30+00:00","description":"Schick und funktional \u2013 dieses schwarze Modell sch\u00fctzt Ihre Abende und bleibt gleichzeitig diskret. Perfekt f\u00fcr eine moderne und friedliche Atmosph\u00e4re.","breadcrumb":{"@id":"https:\/\/poterie-de-crestet.com\/de\/keramik\/mueckenschutzmittel-schwarzer-boden\/#breadcrumb"},"inLanguage":"de","potentialAction":[{"@type":"ReadAction","target":["https:\/\/poterie-de-crestet.com\/de\/keramik\/mueckenschutzmittel-schwarzer-boden\/"]}]},{"@type":"ImageObject","inLanguage":"de","@id":"https:\/\/poterie-de-crestet.com\/de\/keramik\/mueckenschutzmittel-schwarzer-boden\/#primaryimage","url":"https:\/\/i0.wp.com\/poterie-de-crestet.com\/wp-content\/uploads\/2025\/04\/Poterie-du-Crestet1241.jpg?fit=800%2C532&ssl=1","contentUrl":"https:\/\/i0.wp.com\/poterie-de-crestet.com\/wp-content\/uploads\/2025\/04\/Poterie-du-Crestet1241.jpg?fit=800%2C532&ssl=1","width":800,"height":532,"caption":"M\u00fcckenabwehrender Schwarzer Boden"},{"@type":"BreadcrumbList","@id":"https:\/\/poterie-de-crestet.com\/de\/keramik\/mueckenschutzmittel-schwarzer-boden\/#breadcrumb","itemListElement":[{"@type":"ListItem","position":1,"name":"Accueil","item":"https:\/\/poterie-de-crestet.com\/de\/accueil\/"},{"@type":"ListItem","position":2,"name":"Boutique","item":"https:\/\/poterie-de-crestet.com\/ceramiques\/"},{"@type":"ListItem","position":3,"name":"M\u00fcckenschutzmittel Schwarzer Boden"}]},{"@type":"WebSite","@id":"https:\/\/poterie-de-crestet.com\/de\/#website","url":"https:\/\/poterie-de-crestet.com\/de\/","name":"Poterie de Crestet","description":"Des milliers de poteries inpir\u00e9es de la Provence","publisher":{"@id":"https:\/\/poterie-de-crestet.com\/de\/#organization"},"potentialAction":[{"@type":"SearchAction","target":{"@type":"EntryPoint","urlTemplate":"https:\/\/poterie-de-crestet.com\/de\/?s={search_term_string}"},"query-input":{"@type":"PropertyValueSpecification","valueRequired":true,"valueName":"search_term_string"}}],"inLanguage":"de"},{"@type":"Organization","@id":"https:\/\/poterie-de-crestet.com\/de\/#organization","name":"Poterie de Crestet","url":"https:\/\/poterie-de-crestet.com\/de\/","logo":{"@type":"ImageObject","inLanguage":"de","@id":"https:\/\/poterie-de-crestet.com\/de\/#\/schema\/logo\/image\/","url":"https:\/\/i0.wp.com\/poterie-de-crestet.com\/wp-content\/uploads\/2025\/03\/Propo-4.png?fit=1000%2C462&ssl=1","contentUrl":"https:\/\/i0.wp.com\/poterie-de-crestet.com\/wp-content\/uploads\/2025\/03\/Propo-4.png?fit=1000%2C462&ssl=1","width":1000,"height":462,"caption":"Poterie de Crestet"},"image":{"@id":"https:\/\/poterie-de-crestet.com\/de\/#\/schema\/logo\/image\/"}}]}},"jetpack_sharing_enabled":true,"_links":{"self":[{"href":"https:\/\/poterie-de-crestet.com\/de\/wp-json\/wp\/v2\/product\/20901","targetHints":{"allow":["GET"]}}],"collection":[{"href":"https:\/\/poterie-de-crestet.com\/de\/wp-json\/wp\/v2\/product"}],"about":[{"href":"https:\/\/poterie-de-crestet.com\/de\/wp-json\/wp\/v2\/types\/product"}],"replies":[{"embeddable":true,"href":"https:\/\/poterie-de-crestet.com\/de\/wp-json\/wp\/v2\/comments?post=20901"}],"version-history":[{"count":0,"href":"https:\/\/poterie-de-crestet.com\/de\/wp-json\/wp\/v2\/product\/20901\/revisions"}],"wp:featuredmedia":[{"embeddable":true,"href":"https:\/\/poterie-de-crestet.com\/de\/wp-json\/wp\/v2\/media\/8236"}],"wp:attachment":[{"href":"https:\/\/poterie-de-crestet.com\/de\/wp-json\/wp\/v2\/media?parent=20901"}],"wp:term":[{"taxonomy":"product_brand","embeddable":true,"href":"https:\/\/poterie-de-crestet.com\/de\/wp-json\/wp\/v2\/product_brand?post=20901"},{"taxonomy":"product_cat","embeddable":true,"href":"https:\/\/poterie-de-crestet.com\/de\/wp-json\/wp\/v2\/product_cat?post=20901"},{"taxonomy":"product_tag","embeddable":true,"href":"https:\/\/poterie-de-crestet.com\/de\/wp-json\/wp\/v2\/product_tag?post=20901"}],"curies":[{"name":"wp","href":"https:\/\/api.w.org\/{rel}","templated":true}]}}