{"id":20813,"date":"2025-04-11T12:14:18","date_gmt":"2025-04-11T10:14:18","guid":{"rendered":"https:\/\/poterie-de-crestet.com\/ceramiques\/low-flat-gruene-blaetter\/"},"modified":"2025-04-11T12:14:18","modified_gmt":"2025-04-11T10:14:18","slug":"low-flat-gruene-blaetter","status":"publish","type":"product","link":"https:\/\/poterie-de-crestet.com\/de\/keramik\/low-flat-gruene-blaetter\/","title":{"rendered":"Low Flat  <h5>Gr\u00fcne Bl\u00e4tter<\/h5>"},"content":{"rendered":"<p data-start=\"6061\" data-end=\"6335\">Die Green Leaves-Dekoration verleiht diesem niedrigen Gericht eine nat\u00fcrliche und zeitlose Eleganz. Es ist der perfekte Verb\u00fcndete, um Ihre Zubereitungen mit Einfachheit zu pr\u00e4sentieren: ged\u00e4mpfte Kartoffeln, Bohnensalat, gew\u00fcrfelte Melone oder eine Auswahl an kalten Gem\u00fcsen. <\/p>\n<p data-start=\"6337\" data-end=\"6607\">Mit seinen sanften Linien und der begrenzten H\u00f6he passt er problemlos in einen allt\u00e4glichen oder festlicheren Tischservice. Es kann auch als Pr\u00e4sentationsgericht zum Fr\u00fchst\u00fcck (Geb\u00e4ck, Trockenfr\u00fcchte) oder als Basis f\u00fcr eine saisonale Dekoration verwendet werden. <\/p>\n<p data-start=\"6609\" data-end=\"7003\">Jedes St\u00fcck ist handbemalt, mit dezenten Farbt\u00f6nen, die von Gericht zu Gericht leicht variieren. Das Gericht ist mikrowellen- und geschirrsp\u00fclerfest und entspricht den aktuellen Lebensmittelnormen.<br data-start=\"6824\" data-end=\"6827\">\ud83d\udca1 Kombinieren Sie ihn mit einer <a class=\"\" href=\"https:\/\/poterie-de-crestet.com\/de\/keramik\/knoblauchreibe-gruene-blaetter\/\" rel=\"noopener\" data-start=\"6848\" data-end=\"6885\">gr\u00fcnen Knoblauchreibe f\u00fcr mediterrane Rezepte<\/a> oder kombinieren Sie ihn mit einem <a class=\"\" href=\"https:\/\/poterie-de-crestet.com\/de\/keramik\/weinziegel-ozean\/\" rel=\"noopener\" data-start=\"6944\" data-end=\"6973\">Ocean Decoration Wine Brick<\/a> f\u00fcr ein frisches und nat\u00fcrliches Duo. <\/p>\n","protected":false},"excerpt":{"rendered":"<p>Diese niedrige Schale mit Pflanzenmotiven ist ideal f\u00fcr den Tischservice. Sie verleiht eine nat\u00fcrliche Note und passt problemlos in jede K\u00fcche. <br data-start=\"6023\" data-end=\"6026\"><strong data-start=\"6026\" data-end=\"6059\"><em data-start=\"6028\" data-end=\"6057\">Ma\u00dfe: 19 \u00d7 19 \u00d7 5 cm<\/em><\/strong><\/p>\n","protected":false},"featured_media":9871,"comment_status":"open","ping_status":"closed","template":"","meta":[],"product_brand":[],"product_cat":[383],"product_tag":[315],"class_list":{"0":"post-20813","1":"product","2":"type-product","3":"status-publish","4":"has-post-thumbnail","6":"product_cat-niedrige-gerichte","7":"product_tag-grune-blatter","9":"first","10":"outofstock","11":"taxable","12":"shipping-taxable","13":"purchasable","14":"product-type-simple"},"yoast_head":"<!-- This site is optimized with the Yoast SEO plugin v27.5 - https:\/\/yoast.com\/product\/yoast-seo-wordpress\/ -->\n<title>Low Flat Gr\u00fcne Bl\u00e4tter - Poterie de Crestet<\/title>\n<meta name=\"description\" content=\"Gr\u00fcne Bl\u00e4tter, f\u00fcr Aperitifs, geschnittene Brote oder kleine Bissen. Handbemalt, sp\u00fclmaschinenfest.\" \/>\n<meta name=\"robots\" content=\"index, follow, max-snippet:-1, max-image-preview:large, max-video-preview:-1\" \/>\n<link rel=\"canonical\" href=\"https:\/\/poterie-de-crestet.com\/de\/keramik\/low-flat-gruene-blaetter\/\" \/>\n<meta property=\"og:locale\" content=\"de_DE\" \/>\n<meta property=\"og:type\" content=\"article\" \/>\n<meta property=\"og:title\" content=\"Low Flat Gr\u00fcne Bl\u00e4tter - Poterie de Crestet\" \/>\n<meta property=\"og:description\" content=\"Gr\u00fcne Bl\u00e4tter, f\u00fcr Aperitifs, geschnittene Brote oder kleine Bissen. Handbemalt, sp\u00fclmaschinenfest.\" \/>\n<meta property=\"og:url\" content=\"https:\/\/poterie-de-crestet.com\/de\/keramik\/low-flat-gruene-blaetter\/\" \/>\n<meta property=\"og:site_name\" content=\"Poterie de Crestet\" \/>\n<meta property=\"og:image\" content=\"https:\/\/i0.wp.com\/poterie-de-crestet.com\/wp-content\/uploads\/2025\/05\/Poterie-du-Crestet1592.jpg?fit=800%2C532&ssl=1\" \/>\n\t<meta property=\"og:image:width\" content=\"800\" \/>\n\t<meta property=\"og:image:height\" content=\"532\" \/>\n\t<meta property=\"og:image:type\" content=\"image\/jpeg\" \/>\n<meta name=\"twitter:card\" content=\"summary_large_image\" \/>\n<meta name=\"twitter:label1\" content=\"Gesch\u00e4tzte Lesezeit\" \/>\n\t<meta name=\"twitter:data1\" content=\"1\u00a0Minute\" \/>\n<script type=\"application\/ld+json\" class=\"yoast-schema-graph\">{\"@context\":\"https:\\\/\\\/schema.org\",\"@graph\":[{\"@type\":\"WebPage\",\"@id\":\"https:\\\/\\\/poterie-de-crestet.com\\\/de\\\/keramik\\\/low-flat-gruene-blaetter\\\/\",\"url\":\"https:\\\/\\\/poterie-de-crestet.com\\\/de\\\/keramik\\\/low-flat-gruene-blaetter\\\/\",\"name\":\"Low Flat Gr\u00fcne Bl\u00e4tter - Poterie de Crestet\",\"isPartOf\":{\"@id\":\"https:\\\/\\\/poterie-de-crestet.com\\\/de\\\/#website\"},\"primaryImageOfPage\":{\"@id\":\"https:\\\/\\\/poterie-de-crestet.com\\\/de\\\/keramik\\\/low-flat-gruene-blaetter\\\/#primaryimage\"},\"image\":{\"@id\":\"https:\\\/\\\/poterie-de-crestet.com\\\/de\\\/keramik\\\/low-flat-gruene-blaetter\\\/#primaryimage\"},\"thumbnailUrl\":\"https:\\\/\\\/i0.wp.com\\\/poterie-de-crestet.com\\\/wp-content\\\/uploads\\\/2025\\\/05\\\/Poterie-du-Crestet1592.jpg?fit=800%2C532&ssl=1\",\"datePublished\":\"2025-04-11T10:14:18+00:00\",\"description\":\"Gr\u00fcne Bl\u00e4tter, f\u00fcr Aperitifs, geschnittene Brote oder kleine Bissen. Handbemalt, sp\u00fclmaschinenfest.\",\"breadcrumb\":{\"@id\":\"https:\\\/\\\/poterie-de-crestet.com\\\/de\\\/keramik\\\/low-flat-gruene-blaetter\\\/#breadcrumb\"},\"inLanguage\":\"de\",\"potentialAction\":[{\"@type\":\"ReadAction\",\"target\":[\"https:\\\/\\\/poterie-de-crestet.com\\\/de\\\/keramik\\\/low-flat-gruene-blaetter\\\/\"]}]},{\"@type\":\"ImageObject\",\"inLanguage\":\"de\",\"@id\":\"https:\\\/\\\/poterie-de-crestet.com\\\/de\\\/keramik\\\/low-flat-gruene-blaetter\\\/#primaryimage\",\"url\":\"https:\\\/\\\/i0.wp.com\\\/poterie-de-crestet.com\\\/wp-content\\\/uploads\\\/2025\\\/05\\\/Poterie-du-Crestet1592.jpg?fit=800%2C532&ssl=1\",\"contentUrl\":\"https:\\\/\\\/i0.wp.com\\\/poterie-de-crestet.com\\\/wp-content\\\/uploads\\\/2025\\\/05\\\/Poterie-du-Crestet1592.jpg?fit=800%2C532&ssl=1\",\"width\":800,\"height\":532,\"caption\":\"Low Dish \u2013 Gr\u00fcne Bl\u00e4tterdekoration\"},{\"@type\":\"BreadcrumbList\",\"@id\":\"https:\\\/\\\/poterie-de-crestet.com\\\/de\\\/keramik\\\/low-flat-gruene-blaetter\\\/#breadcrumb\",\"itemListElement\":[{\"@type\":\"ListItem\",\"position\":1,\"name\":\"Accueil\",\"item\":\"https:\\\/\\\/poterie-de-crestet.com\\\/de\\\/accueil\\\/\"},{\"@type\":\"ListItem\",\"position\":2,\"name\":\"Boutique\",\"item\":\"https:\\\/\\\/poterie-de-crestet.com\\\/ceramiques\\\/\"},{\"@type\":\"ListItem\",\"position\":3,\"name\":\"Low Flat Gr\u00fcne Bl\u00e4tter\"}]},{\"@type\":\"WebSite\",\"@id\":\"https:\\\/\\\/poterie-de-crestet.com\\\/de\\\/#website\",\"url\":\"https:\\\/\\\/poterie-de-crestet.com\\\/de\\\/\",\"name\":\"Poterie de Crestet\",\"description\":\"Des milliers de poteries inpir\u00e9es de la Provence\",\"publisher\":{\"@id\":\"https:\\\/\\\/poterie-de-crestet.com\\\/de\\\/#organization\"},\"potentialAction\":[{\"@type\":\"SearchAction\",\"target\":{\"@type\":\"EntryPoint\",\"urlTemplate\":\"https:\\\/\\\/poterie-de-crestet.com\\\/de\\\/?s={search_term_string}\"},\"query-input\":{\"@type\":\"PropertyValueSpecification\",\"valueRequired\":true,\"valueName\":\"search_term_string\"}}],\"inLanguage\":\"de\"},{\"@type\":\"Organization\",\"@id\":\"https:\\\/\\\/poterie-de-crestet.com\\\/de\\\/#organization\",\"name\":\"Poterie de Crestet\",\"url\":\"https:\\\/\\\/poterie-de-crestet.com\\\/de\\\/\",\"logo\":{\"@type\":\"ImageObject\",\"inLanguage\":\"de\",\"@id\":\"https:\\\/\\\/poterie-de-crestet.com\\\/de\\\/#\\\/schema\\\/logo\\\/image\\\/\",\"url\":\"https:\\\/\\\/i0.wp.com\\\/poterie-de-crestet.com\\\/wp-content\\\/uploads\\\/2025\\\/03\\\/Propo-4.png?fit=1000%2C462&ssl=1\",\"contentUrl\":\"https:\\\/\\\/i0.wp.com\\\/poterie-de-crestet.com\\\/wp-content\\\/uploads\\\/2025\\\/03\\\/Propo-4.png?fit=1000%2C462&ssl=1\",\"width\":1000,\"height\":462,\"caption\":\"Poterie de Crestet\"},\"image\":{\"@id\":\"https:\\\/\\\/poterie-de-crestet.com\\\/de\\\/#\\\/schema\\\/logo\\\/image\\\/\"}}]}<\/script>\n<!-- \/ Yoast SEO plugin. -->","yoast_head_json":{"title":"Low Flat Gr\u00fcne Bl\u00e4tter - Poterie de Crestet","description":"Gr\u00fcne Bl\u00e4tter, f\u00fcr Aperitifs, geschnittene Brote oder kleine Bissen. Handbemalt, sp\u00fclmaschinenfest.","robots":{"index":"index","follow":"follow","max-snippet":"max-snippet:-1","max-image-preview":"max-image-preview:large","max-video-preview":"max-video-preview:-1"},"canonical":"https:\/\/poterie-de-crestet.com\/de\/keramik\/low-flat-gruene-blaetter\/","og_locale":"de_DE","og_type":"article","og_title":"Low Flat Gr\u00fcne Bl\u00e4tter - Poterie de Crestet","og_description":"Gr\u00fcne Bl\u00e4tter, f\u00fcr Aperitifs, geschnittene Brote oder kleine Bissen. Handbemalt, sp\u00fclmaschinenfest.","og_url":"https:\/\/poterie-de-crestet.com\/de\/keramik\/low-flat-gruene-blaetter\/","og_site_name":"Poterie de Crestet","og_image":[{"width":800,"height":532,"url":"https:\/\/i0.wp.com\/poterie-de-crestet.com\/wp-content\/uploads\/2025\/05\/Poterie-du-Crestet1592.jpg?fit=800%2C532&ssl=1","type":"image\/jpeg"}],"twitter_card":"summary_large_image","twitter_misc":{"Gesch\u00e4tzte Lesezeit":"1\u00a0Minute"},"schema":{"@context":"https:\/\/schema.org","@graph":[{"@type":"WebPage","@id":"https:\/\/poterie-de-crestet.com\/de\/keramik\/low-flat-gruene-blaetter\/","url":"https:\/\/poterie-de-crestet.com\/de\/keramik\/low-flat-gruene-blaetter\/","name":"Low Flat Gr\u00fcne Bl\u00e4tter - Poterie de Crestet","isPartOf":{"@id":"https:\/\/poterie-de-crestet.com\/de\/#website"},"primaryImageOfPage":{"@id":"https:\/\/poterie-de-crestet.com\/de\/keramik\/low-flat-gruene-blaetter\/#primaryimage"},"image":{"@id":"https:\/\/poterie-de-crestet.com\/de\/keramik\/low-flat-gruene-blaetter\/#primaryimage"},"thumbnailUrl":"https:\/\/i0.wp.com\/poterie-de-crestet.com\/wp-content\/uploads\/2025\/05\/Poterie-du-Crestet1592.jpg?fit=800%2C532&ssl=1","datePublished":"2025-04-11T10:14:18+00:00","description":"Gr\u00fcne Bl\u00e4tter, f\u00fcr Aperitifs, geschnittene Brote oder kleine Bissen. Handbemalt, sp\u00fclmaschinenfest.","breadcrumb":{"@id":"https:\/\/poterie-de-crestet.com\/de\/keramik\/low-flat-gruene-blaetter\/#breadcrumb"},"inLanguage":"de","potentialAction":[{"@type":"ReadAction","target":["https:\/\/poterie-de-crestet.com\/de\/keramik\/low-flat-gruene-blaetter\/"]}]},{"@type":"ImageObject","inLanguage":"de","@id":"https:\/\/poterie-de-crestet.com\/de\/keramik\/low-flat-gruene-blaetter\/#primaryimage","url":"https:\/\/i0.wp.com\/poterie-de-crestet.com\/wp-content\/uploads\/2025\/05\/Poterie-du-Crestet1592.jpg?fit=800%2C532&ssl=1","contentUrl":"https:\/\/i0.wp.com\/poterie-de-crestet.com\/wp-content\/uploads\/2025\/05\/Poterie-du-Crestet1592.jpg?fit=800%2C532&ssl=1","width":800,"height":532,"caption":"Low Dish \u2013 Gr\u00fcne Bl\u00e4tterdekoration"},{"@type":"BreadcrumbList","@id":"https:\/\/poterie-de-crestet.com\/de\/keramik\/low-flat-gruene-blaetter\/#breadcrumb","itemListElement":[{"@type":"ListItem","position":1,"name":"Accueil","item":"https:\/\/poterie-de-crestet.com\/de\/accueil\/"},{"@type":"ListItem","position":2,"name":"Boutique","item":"https:\/\/poterie-de-crestet.com\/ceramiques\/"},{"@type":"ListItem","position":3,"name":"Low Flat Gr\u00fcne Bl\u00e4tter"}]},{"@type":"WebSite","@id":"https:\/\/poterie-de-crestet.com\/de\/#website","url":"https:\/\/poterie-de-crestet.com\/de\/","name":"Poterie de Crestet","description":"Des milliers de poteries inpir\u00e9es de la Provence","publisher":{"@id":"https:\/\/poterie-de-crestet.com\/de\/#organization"},"potentialAction":[{"@type":"SearchAction","target":{"@type":"EntryPoint","urlTemplate":"https:\/\/poterie-de-crestet.com\/de\/?s={search_term_string}"},"query-input":{"@type":"PropertyValueSpecification","valueRequired":true,"valueName":"search_term_string"}}],"inLanguage":"de"},{"@type":"Organization","@id":"https:\/\/poterie-de-crestet.com\/de\/#organization","name":"Poterie de Crestet","url":"https:\/\/poterie-de-crestet.com\/de\/","logo":{"@type":"ImageObject","inLanguage":"de","@id":"https:\/\/poterie-de-crestet.com\/de\/#\/schema\/logo\/image\/","url":"https:\/\/i0.wp.com\/poterie-de-crestet.com\/wp-content\/uploads\/2025\/03\/Propo-4.png?fit=1000%2C462&ssl=1","contentUrl":"https:\/\/i0.wp.com\/poterie-de-crestet.com\/wp-content\/uploads\/2025\/03\/Propo-4.png?fit=1000%2C462&ssl=1","width":1000,"height":462,"caption":"Poterie de Crestet"},"image":{"@id":"https:\/\/poterie-de-crestet.com\/de\/#\/schema\/logo\/image\/"}}]}},"jetpack_sharing_enabled":true,"_links":{"self":[{"href":"https:\/\/poterie-de-crestet.com\/de\/wp-json\/wp\/v2\/product\/20813","targetHints":{"allow":["GET"]}}],"collection":[{"href":"https:\/\/poterie-de-crestet.com\/de\/wp-json\/wp\/v2\/product"}],"about":[{"href":"https:\/\/poterie-de-crestet.com\/de\/wp-json\/wp\/v2\/types\/product"}],"replies":[{"embeddable":true,"href":"https:\/\/poterie-de-crestet.com\/de\/wp-json\/wp\/v2\/comments?post=20813"}],"version-history":[{"count":0,"href":"https:\/\/poterie-de-crestet.com\/de\/wp-json\/wp\/v2\/product\/20813\/revisions"}],"wp:featuredmedia":[{"embeddable":true,"href":"https:\/\/poterie-de-crestet.com\/de\/wp-json\/wp\/v2\/media\/9871"}],"wp:attachment":[{"href":"https:\/\/poterie-de-crestet.com\/de\/wp-json\/wp\/v2\/media?parent=20813"}],"wp:term":[{"taxonomy":"product_brand","embeddable":true,"href":"https:\/\/poterie-de-crestet.com\/de\/wp-json\/wp\/v2\/product_brand?post=20813"},{"taxonomy":"product_cat","embeddable":true,"href":"https:\/\/poterie-de-crestet.com\/de\/wp-json\/wp\/v2\/product_cat?post=20813"},{"taxonomy":"product_tag","embeddable":true,"href":"https:\/\/poterie-de-crestet.com\/de\/wp-json\/wp\/v2\/product_tag?post=20813"}],"curies":[{"name":"wp","href":"https:\/\/api.w.org\/{rel}","templated":true}]}}