{"id":20338,"date":"2025-04-10T16:09:33","date_gmt":"2025-04-10T14:09:33","guid":{"rendered":"https:\/\/poterie-de-crestet.com\/ceramiques\/loeffelauflage-olivgrauer-tuerkis\/"},"modified":"2025-04-10T16:09:33","modified_gmt":"2025-04-10T14:09:33","slug":"loeffelauflage-olivgrauer-tuerkis","status":"publish","type":"product","link":"https:\/\/poterie-de-crestet.com\/de\/keramik\/loeffelauflage-olivgrauer-tuerkis\/","title":{"rendered":"L\u00f6ffelauflage  <h5>Olivgrauer T\u00fcrkis<\/h5>"},"content":{"rendered":"<p>Mit diesem olivgrauen T\u00fcrkis-L\u00f6ffel Rest vermeidest du kleine klebrige Flecken um die Teller.<br data-start=\"2549\" data-end=\"2552\">Seine leicht ausgeh\u00f6hlte Oberfl\u00e4che erm\u00f6glicht es, einen L\u00f6ffel, eine Zange oder ein kleines Besteck hinzulegen, ohne den Rest zu verschmutzen. Es kann auch verwendet werden, um eine h\u00e4ngende Schale oder Knoblauchzehe zu platzieren.<br data-start=\"2735\" data-end=\"2738\"><strong data-start=\"2748\" data-end=\"2768\">Handbemalte<\/strong>, <strong data-start=\"2770\" data-end=\"2799\">sp\u00fclmaschinenfeste<\/strong> Keramik, hergestellt nach <strong data-start=\"2821\" data-end=\"2844\">Lebensmittelnormen<\/strong>. <br data-start=\"2845\" data-end=\"2848\"><strong data-start=\"2848\" data-end=\"2869\">Sichere Zahlung<\/strong>, schnelle Abholung oder <strong data-start=\"2882\" data-end=\"2903\">Versand<\/strong>.<br data-start=\"2904\" data-end=\"2907\">Dazu zu kombinieren mit einer <a class=\"\" href=\"#\" rel=\"noopener\" data-start=\"2925\" data-end=\"2968\">t\u00fcrkisgrauen Oliven\u00f6lflasche<\/a> oder mit einem <a class=\"\" href=\"#\" rel=\"noopener\" data-start=\"2989\" data-end=\"3008\">selbstgemachten M\u00f6rser<\/a> zu kombinieren.<\/p>\n","protected":false},"excerpt":{"rendered":"<p>Keine L\u00f6ffel mehr herumliegen: Daf\u00fcr ist dieser L\u00f6ffelauflage da!<br data-start=\"2256\" data-end=\"2259\"><strong data-start=\"2259\" data-end=\"2295\"><em data-start=\"2261\" data-end=\"2293\">Abmessungen: 17,5 \u00d7 8 \u00d7 2,4 cm<\/em><\/strong><\/p>\n","protected":false},"featured_media":7970,"comment_status":"open","ping_status":"closed","template":"","meta":[],"product_brand":[],"product_cat":[346],"product_tag":[192],"class_list":{"0":"post-20338","1":"product","2":"type-product","3":"status-publish","4":"has-post-thumbnail","6":"product_cat-loffelauflage","7":"product_tag-olivgrauer-turkis","9":"first","10":"instock","11":"taxable","12":"shipping-taxable","13":"purchasable","14":"product-type-simple"},"yoast_head":"<!-- This site is optimized with the Yoast SEO plugin v27.5 - https:\/\/yoast.com\/product\/yoast-seo-wordpress\/ -->\n<title>L\u00f6ffelauflage Olivgrauer T\u00fcrkis - Poterie de Crestet<\/title>\n<meta name=\"description\" content=\"Eine frische Note mit diesem t\u00fcrkisfarbenen und grauen L\u00f6ffelauflage. Ideal f\u00fcr belebende K\u00fcchen, h\u00e4lt es die Arbeitsplatte makellos.\" \/>\n<meta name=\"robots\" content=\"index, follow, max-snippet:-1, max-image-preview:large, max-video-preview:-1\" \/>\n<link rel=\"canonical\" href=\"https:\/\/poterie-de-crestet.com\/de\/keramik\/loeffelauflage-olivgrauer-tuerkis\/\" \/>\n<meta property=\"og:locale\" content=\"de_DE\" \/>\n<meta property=\"og:type\" content=\"article\" \/>\n<meta property=\"og:title\" content=\"L\u00f6ffelauflage Olivgrauer T\u00fcrkis - Poterie de Crestet\" \/>\n<meta property=\"og:description\" content=\"Eine frische Note mit diesem t\u00fcrkisfarbenen und grauen L\u00f6ffelauflage. Ideal f\u00fcr belebende K\u00fcchen, h\u00e4lt es die Arbeitsplatte makellos.\" \/>\n<meta property=\"og:url\" content=\"https:\/\/poterie-de-crestet.com\/de\/keramik\/loeffelauflage-olivgrauer-tuerkis\/\" \/>\n<meta property=\"og:site_name\" content=\"Poterie de Crestet\" \/>\n<meta property=\"og:image\" content=\"https:\/\/i0.wp.com\/poterie-de-crestet.com\/wp-content\/uploads\/2025\/04\/repose-cuillere-olive-gris-turquoise.jpg?fit=458%2C458&ssl=1\" \/>\n\t<meta property=\"og:image:width\" content=\"458\" \/>\n\t<meta property=\"og:image:height\" content=\"458\" \/>\n\t<meta property=\"og:image:type\" content=\"image\/jpeg\" \/>\n<meta name=\"twitter:card\" content=\"summary_large_image\" \/>\n<script type=\"application\/ld+json\" class=\"yoast-schema-graph\">{\"@context\":\"https:\\\/\\\/schema.org\",\"@graph\":[{\"@type\":\"WebPage\",\"@id\":\"https:\\\/\\\/poterie-de-crestet.com\\\/de\\\/keramik\\\/loeffelauflage-olivgrauer-tuerkis\\\/\",\"url\":\"https:\\\/\\\/poterie-de-crestet.com\\\/de\\\/keramik\\\/loeffelauflage-olivgrauer-tuerkis\\\/\",\"name\":\"L\u00f6ffelauflage Olivgrauer T\u00fcrkis - Poterie de Crestet\",\"isPartOf\":{\"@id\":\"https:\\\/\\\/poterie-de-crestet.com\\\/de\\\/#website\"},\"primaryImageOfPage\":{\"@id\":\"https:\\\/\\\/poterie-de-crestet.com\\\/de\\\/keramik\\\/loeffelauflage-olivgrauer-tuerkis\\\/#primaryimage\"},\"image\":{\"@id\":\"https:\\\/\\\/poterie-de-crestet.com\\\/de\\\/keramik\\\/loeffelauflage-olivgrauer-tuerkis\\\/#primaryimage\"},\"thumbnailUrl\":\"https:\\\/\\\/i0.wp.com\\\/poterie-de-crestet.com\\\/wp-content\\\/uploads\\\/2025\\\/04\\\/repose-cuillere-olive-gris-turquoise.jpg?fit=458%2C458&ssl=1\",\"datePublished\":\"2025-04-10T14:09:33+00:00\",\"description\":\"Eine frische Note mit diesem t\u00fcrkisfarbenen und grauen L\u00f6ffelauflage. Ideal f\u00fcr belebende K\u00fcchen, h\u00e4lt es die Arbeitsplatte makellos.\",\"breadcrumb\":{\"@id\":\"https:\\\/\\\/poterie-de-crestet.com\\\/de\\\/keramik\\\/loeffelauflage-olivgrauer-tuerkis\\\/#breadcrumb\"},\"inLanguage\":\"de\",\"potentialAction\":[{\"@type\":\"ReadAction\",\"target\":[\"https:\\\/\\\/poterie-de-crestet.com\\\/de\\\/keramik\\\/loeffelauflage-olivgrauer-tuerkis\\\/\"]}]},{\"@type\":\"ImageObject\",\"inLanguage\":\"de\",\"@id\":\"https:\\\/\\\/poterie-de-crestet.com\\\/de\\\/keramik\\\/loeffelauflage-olivgrauer-tuerkis\\\/#primaryimage\",\"url\":\"https:\\\/\\\/i0.wp.com\\\/poterie-de-crestet.com\\\/wp-content\\\/uploads\\\/2025\\\/04\\\/repose-cuillere-olive-gris-turquoise.jpg?fit=458%2C458&ssl=1\",\"contentUrl\":\"https:\\\/\\\/i0.wp.com\\\/poterie-de-crestet.com\\\/wp-content\\\/uploads\\\/2025\\\/04\\\/repose-cuillere-olive-gris-turquoise.jpg?fit=458%2C458&ssl=1\",\"width\":458,\"height\":458,\"caption\":\"L\u00f6ffelauflage oliv-t\u00fcrkisgrau\"},{\"@type\":\"BreadcrumbList\",\"@id\":\"https:\\\/\\\/poterie-de-crestet.com\\\/de\\\/keramik\\\/loeffelauflage-olivgrauer-tuerkis\\\/#breadcrumb\",\"itemListElement\":[{\"@type\":\"ListItem\",\"position\":1,\"name\":\"Accueil\",\"item\":\"https:\\\/\\\/poterie-de-crestet.com\\\/de\\\/accueil\\\/\"},{\"@type\":\"ListItem\",\"position\":2,\"name\":\"Boutique\",\"item\":\"https:\\\/\\\/poterie-de-crestet.com\\\/ceramiques\\\/\"},{\"@type\":\"ListItem\",\"position\":3,\"name\":\"L\u00f6ffelauflage Olivgrauer T\u00fcrkis\"}]},{\"@type\":\"WebSite\",\"@id\":\"https:\\\/\\\/poterie-de-crestet.com\\\/de\\\/#website\",\"url\":\"https:\\\/\\\/poterie-de-crestet.com\\\/de\\\/\",\"name\":\"Poterie de Crestet\",\"description\":\"Des milliers de poteries inpir\u00e9es de la Provence\",\"publisher\":{\"@id\":\"https:\\\/\\\/poterie-de-crestet.com\\\/de\\\/#organization\"},\"potentialAction\":[{\"@type\":\"SearchAction\",\"target\":{\"@type\":\"EntryPoint\",\"urlTemplate\":\"https:\\\/\\\/poterie-de-crestet.com\\\/de\\\/?s={search_term_string}\"},\"query-input\":{\"@type\":\"PropertyValueSpecification\",\"valueRequired\":true,\"valueName\":\"search_term_string\"}}],\"inLanguage\":\"de\"},{\"@type\":\"Organization\",\"@id\":\"https:\\\/\\\/poterie-de-crestet.com\\\/de\\\/#organization\",\"name\":\"Poterie de Crestet\",\"url\":\"https:\\\/\\\/poterie-de-crestet.com\\\/de\\\/\",\"logo\":{\"@type\":\"ImageObject\",\"inLanguage\":\"de\",\"@id\":\"https:\\\/\\\/poterie-de-crestet.com\\\/de\\\/#\\\/schema\\\/logo\\\/image\\\/\",\"url\":\"https:\\\/\\\/i0.wp.com\\\/poterie-de-crestet.com\\\/wp-content\\\/uploads\\\/2025\\\/03\\\/Propo-4.png?fit=1000%2C462&ssl=1\",\"contentUrl\":\"https:\\\/\\\/i0.wp.com\\\/poterie-de-crestet.com\\\/wp-content\\\/uploads\\\/2025\\\/03\\\/Propo-4.png?fit=1000%2C462&ssl=1\",\"width\":1000,\"height\":462,\"caption\":\"Poterie de Crestet\"},\"image\":{\"@id\":\"https:\\\/\\\/poterie-de-crestet.com\\\/de\\\/#\\\/schema\\\/logo\\\/image\\\/\"}}]}<\/script>\n<!-- \/ Yoast SEO plugin. -->","yoast_head_json":{"title":"L\u00f6ffelauflage Olivgrauer T\u00fcrkis - Poterie de Crestet","description":"Eine frische Note mit diesem t\u00fcrkisfarbenen und grauen L\u00f6ffelauflage. Ideal f\u00fcr belebende K\u00fcchen, h\u00e4lt es die Arbeitsplatte makellos.","robots":{"index":"index","follow":"follow","max-snippet":"max-snippet:-1","max-image-preview":"max-image-preview:large","max-video-preview":"max-video-preview:-1"},"canonical":"https:\/\/poterie-de-crestet.com\/de\/keramik\/loeffelauflage-olivgrauer-tuerkis\/","og_locale":"de_DE","og_type":"article","og_title":"L\u00f6ffelauflage Olivgrauer T\u00fcrkis - Poterie de Crestet","og_description":"Eine frische Note mit diesem t\u00fcrkisfarbenen und grauen L\u00f6ffelauflage. Ideal f\u00fcr belebende K\u00fcchen, h\u00e4lt es die Arbeitsplatte makellos.","og_url":"https:\/\/poterie-de-crestet.com\/de\/keramik\/loeffelauflage-olivgrauer-tuerkis\/","og_site_name":"Poterie de Crestet","og_image":[{"width":458,"height":458,"url":"https:\/\/i0.wp.com\/poterie-de-crestet.com\/wp-content\/uploads\/2025\/04\/repose-cuillere-olive-gris-turquoise.jpg?fit=458%2C458&ssl=1","type":"image\/jpeg"}],"twitter_card":"summary_large_image","schema":{"@context":"https:\/\/schema.org","@graph":[{"@type":"WebPage","@id":"https:\/\/poterie-de-crestet.com\/de\/keramik\/loeffelauflage-olivgrauer-tuerkis\/","url":"https:\/\/poterie-de-crestet.com\/de\/keramik\/loeffelauflage-olivgrauer-tuerkis\/","name":"L\u00f6ffelauflage Olivgrauer T\u00fcrkis - Poterie de Crestet","isPartOf":{"@id":"https:\/\/poterie-de-crestet.com\/de\/#website"},"primaryImageOfPage":{"@id":"https:\/\/poterie-de-crestet.com\/de\/keramik\/loeffelauflage-olivgrauer-tuerkis\/#primaryimage"},"image":{"@id":"https:\/\/poterie-de-crestet.com\/de\/keramik\/loeffelauflage-olivgrauer-tuerkis\/#primaryimage"},"thumbnailUrl":"https:\/\/i0.wp.com\/poterie-de-crestet.com\/wp-content\/uploads\/2025\/04\/repose-cuillere-olive-gris-turquoise.jpg?fit=458%2C458&ssl=1","datePublished":"2025-04-10T14:09:33+00:00","description":"Eine frische Note mit diesem t\u00fcrkisfarbenen und grauen L\u00f6ffelauflage. Ideal f\u00fcr belebende K\u00fcchen, h\u00e4lt es die Arbeitsplatte makellos.","breadcrumb":{"@id":"https:\/\/poterie-de-crestet.com\/de\/keramik\/loeffelauflage-olivgrauer-tuerkis\/#breadcrumb"},"inLanguage":"de","potentialAction":[{"@type":"ReadAction","target":["https:\/\/poterie-de-crestet.com\/de\/keramik\/loeffelauflage-olivgrauer-tuerkis\/"]}]},{"@type":"ImageObject","inLanguage":"de","@id":"https:\/\/poterie-de-crestet.com\/de\/keramik\/loeffelauflage-olivgrauer-tuerkis\/#primaryimage","url":"https:\/\/i0.wp.com\/poterie-de-crestet.com\/wp-content\/uploads\/2025\/04\/repose-cuillere-olive-gris-turquoise.jpg?fit=458%2C458&ssl=1","contentUrl":"https:\/\/i0.wp.com\/poterie-de-crestet.com\/wp-content\/uploads\/2025\/04\/repose-cuillere-olive-gris-turquoise.jpg?fit=458%2C458&ssl=1","width":458,"height":458,"caption":"L\u00f6ffelauflage oliv-t\u00fcrkisgrau"},{"@type":"BreadcrumbList","@id":"https:\/\/poterie-de-crestet.com\/de\/keramik\/loeffelauflage-olivgrauer-tuerkis\/#breadcrumb","itemListElement":[{"@type":"ListItem","position":1,"name":"Accueil","item":"https:\/\/poterie-de-crestet.com\/de\/accueil\/"},{"@type":"ListItem","position":2,"name":"Boutique","item":"https:\/\/poterie-de-crestet.com\/ceramiques\/"},{"@type":"ListItem","position":3,"name":"L\u00f6ffelauflage Olivgrauer T\u00fcrkis"}]},{"@type":"WebSite","@id":"https:\/\/poterie-de-crestet.com\/de\/#website","url":"https:\/\/poterie-de-crestet.com\/de\/","name":"Poterie de Crestet","description":"Des milliers de poteries inpir\u00e9es de la Provence","publisher":{"@id":"https:\/\/poterie-de-crestet.com\/de\/#organization"},"potentialAction":[{"@type":"SearchAction","target":{"@type":"EntryPoint","urlTemplate":"https:\/\/poterie-de-crestet.com\/de\/?s={search_term_string}"},"query-input":{"@type":"PropertyValueSpecification","valueRequired":true,"valueName":"search_term_string"}}],"inLanguage":"de"},{"@type":"Organization","@id":"https:\/\/poterie-de-crestet.com\/de\/#organization","name":"Poterie de Crestet","url":"https:\/\/poterie-de-crestet.com\/de\/","logo":{"@type":"ImageObject","inLanguage":"de","@id":"https:\/\/poterie-de-crestet.com\/de\/#\/schema\/logo\/image\/","url":"https:\/\/i0.wp.com\/poterie-de-crestet.com\/wp-content\/uploads\/2025\/03\/Propo-4.png?fit=1000%2C462&ssl=1","contentUrl":"https:\/\/i0.wp.com\/poterie-de-crestet.com\/wp-content\/uploads\/2025\/03\/Propo-4.png?fit=1000%2C462&ssl=1","width":1000,"height":462,"caption":"Poterie de Crestet"},"image":{"@id":"https:\/\/poterie-de-crestet.com\/de\/#\/schema\/logo\/image\/"}}]}},"jetpack_sharing_enabled":true,"_links":{"self":[{"href":"https:\/\/poterie-de-crestet.com\/de\/wp-json\/wp\/v2\/product\/20338","targetHints":{"allow":["GET"]}}],"collection":[{"href":"https:\/\/poterie-de-crestet.com\/de\/wp-json\/wp\/v2\/product"}],"about":[{"href":"https:\/\/poterie-de-crestet.com\/de\/wp-json\/wp\/v2\/types\/product"}],"replies":[{"embeddable":true,"href":"https:\/\/poterie-de-crestet.com\/de\/wp-json\/wp\/v2\/comments?post=20338"}],"version-history":[{"count":0,"href":"https:\/\/poterie-de-crestet.com\/de\/wp-json\/wp\/v2\/product\/20338\/revisions"}],"wp:featuredmedia":[{"embeddable":true,"href":"https:\/\/poterie-de-crestet.com\/de\/wp-json\/wp\/v2\/media\/7970"}],"wp:attachment":[{"href":"https:\/\/poterie-de-crestet.com\/de\/wp-json\/wp\/v2\/media?parent=20338"}],"wp:term":[{"taxonomy":"product_brand","embeddable":true,"href":"https:\/\/poterie-de-crestet.com\/de\/wp-json\/wp\/v2\/product_brand?post=20338"},{"taxonomy":"product_cat","embeddable":true,"href":"https:\/\/poterie-de-crestet.com\/de\/wp-json\/wp\/v2\/product_cat?post=20338"},{"taxonomy":"product_tag","embeddable":true,"href":"https:\/\/poterie-de-crestet.com\/de\/wp-json\/wp\/v2\/product_tag?post=20338"}],"curies":[{"name":"wp","href":"https:\/\/api.w.org\/{rel}","templated":true}]}}