{"id":20148,"date":"2025-04-11T12:16:30","date_gmt":"2025-04-11T10:16:30","guid":{"rendered":"https:\/\/poterie-de-crestet.com\/ceramiques\/mueckenschutzmittel-provence-2\/"},"modified":"2025-04-11T12:16:30","modified_gmt":"2025-04-11T10:16:30","slug":"mueckenschutzmittel-provence-2","status":"publish","type":"product","link":"https:\/\/poterie-de-crestet.com\/de\/keramik\/mueckenschutzmittel-provence-2\/","title":{"rendered":"M\u00fcckenschutzmittel  <h5>Provence 2<\/h5>"},"content":{"rendered":"<p class=\"\" data-start=\"2457\" data-end=\"2748\">Helles Rot und Gelb: Dieses M\u00fcckenschutzmittel aus Provence 2 bleibt nicht unbemerkt. Und das ist gut, denn es dient auch als dekoratives Element! Im Inneren verteilt eine brennende Walze (nicht enthalten) einen Rauch, der dank eines gut perforierten Deckels wirksam gegen M\u00fccken wirkt.  <\/p>\n<p class=\"\" data-start=\"2750\" data-end=\"2898\">Stabil, kompakt, waschbar: Es hat alles, besonders auf einem festlichen Sommertisch. Ein Produkt, das wir jedes Jahr mit Freude herausbringen. <\/p>\n<p class=\"\" data-start=\"2900\" data-end=\"3049\">Er ist <strong data-start=\"2907\" data-end=\"2926\">handbemalt<\/strong>, <strong data-start=\"2928\" data-end=\"2957\">sp\u00fclmaschinenfest,<\/strong> nach <strong data-start=\"2975\" data-end=\"2998\">Lebensmittelstandards<\/strong> hergestellt, aus <strong data-start=\"3015\" data-end=\"3048\">mikrowellenfestem Ton.<\/strong><\/p>\n<p class=\"\" data-start=\"3051\" data-end=\"3147\">Kombiniert mit einem <a class=\"\" href=\"https:\/\/poterie-de-crestet.com\/de\/keramik\/moerser-provence-2\/\" rel=\"noopener\" data-start=\"3067\" data-end=\"3090\">Provence 2 M\u00f6rser<\/a> oder mit einer <a class=\"\" href=\"https:\/\/poterie-de-crestet.com\/de\/keramik\/1-l-nyons-oelflaschengruen\/\" rel=\"noopener\" data-start=\"3113\" data-end=\"3146\">gr\u00fcnen Nyons-\u00d6lflasche<\/a>.<\/p>\n","protected":false},"excerpt":{"rendered":"<p>Rot und Gelb f\u00fcr einen Tisch voller Energie. Ideal f\u00fcr deine Sommermahlzeiten. <\/p>\n<p><br data-start=\"2936\" data-end=\"2939\"><strong>\u00d8 14,5 cm \u2013 H 6 cm<\/strong><\/p>\n","protected":false},"featured_media":8228,"comment_status":"open","ping_status":"closed","template":"","meta":[],"product_brand":[],"product_cat":[369],"product_tag":[249],"class_list":{"0":"post-20148","1":"product","2":"type-product","3":"status-publish","4":"has-post-thumbnail","6":"product_cat-muckenschutzmittel","7":"product_tag-provence-2","9":"first","10":"outofstock","11":"taxable","12":"shipping-taxable","13":"purchasable","14":"product-type-simple"},"yoast_head":"<!-- This site is optimized with the Yoast SEO plugin v27.5 - https:\/\/yoast.com\/product\/yoast-seo-wordpress\/ -->\n<title>M\u00fcckenschutzmittel Provence 2 - Poterie de Crestet<\/title>\n<meta name=\"description\" content=\"Sch\u00fctzen Sie sich stilvoll vor M\u00fccken mit diesem rot-gelben Modell. Die Provence 2-Dekoration erhellt den Tisch und h\u00e4lt fliegende Eindringlinge fern.\" \/>\n<meta name=\"robots\" content=\"index, follow, max-snippet:-1, max-image-preview:large, max-video-preview:-1\" \/>\n<link rel=\"canonical\" href=\"https:\/\/poterie-de-crestet.com\/de\/keramik\/mueckenschutzmittel-provence-2\/\" \/>\n<meta property=\"og:locale\" content=\"de_DE\" \/>\n<meta property=\"og:type\" content=\"article\" \/>\n<meta property=\"og:title\" content=\"M\u00fcckenschutzmittel Provence 2 - Poterie de Crestet\" \/>\n<meta property=\"og:description\" content=\"Sch\u00fctzen Sie sich stilvoll vor M\u00fccken mit diesem rot-gelben Modell. Die Provence 2-Dekoration erhellt den Tisch und h\u00e4lt fliegende Eindringlinge fern.\" \/>\n<meta property=\"og:url\" content=\"https:\/\/poterie-de-crestet.com\/de\/keramik\/mueckenschutzmittel-provence-2\/\" \/>\n<meta property=\"og:site_name\" content=\"Poterie de Crestet\" \/>\n<meta property=\"og:image\" content=\"https:\/\/i0.wp.com\/poterie-de-crestet.com\/wp-content\/uploads\/2025\/04\/Poterie-du-Crestet1236.jpg?fit=800%2C532&ssl=1\" \/>\n\t<meta property=\"og:image:width\" content=\"800\" \/>\n\t<meta property=\"og:image:height\" content=\"532\" \/>\n\t<meta property=\"og:image:type\" content=\"image\/jpeg\" \/>\n<meta name=\"twitter:card\" content=\"summary_large_image\" \/>\n<script type=\"application\/ld+json\" class=\"yoast-schema-graph\">{\"@context\":\"https:\\\/\\\/schema.org\",\"@graph\":[{\"@type\":\"WebPage\",\"@id\":\"https:\\\/\\\/poterie-de-crestet.com\\\/de\\\/keramik\\\/mueckenschutzmittel-provence-2\\\/\",\"url\":\"https:\\\/\\\/poterie-de-crestet.com\\\/de\\\/keramik\\\/mueckenschutzmittel-provence-2\\\/\",\"name\":\"M\u00fcckenschutzmittel Provence 2 - Poterie de Crestet\",\"isPartOf\":{\"@id\":\"https:\\\/\\\/poterie-de-crestet.com\\\/de\\\/#website\"},\"primaryImageOfPage\":{\"@id\":\"https:\\\/\\\/poterie-de-crestet.com\\\/de\\\/keramik\\\/mueckenschutzmittel-provence-2\\\/#primaryimage\"},\"image\":{\"@id\":\"https:\\\/\\\/poterie-de-crestet.com\\\/de\\\/keramik\\\/mueckenschutzmittel-provence-2\\\/#primaryimage\"},\"thumbnailUrl\":\"https:\\\/\\\/i0.wp.com\\\/poterie-de-crestet.com\\\/wp-content\\\/uploads\\\/2025\\\/04\\\/Poterie-du-Crestet1236.jpg?fit=800%2C532&ssl=1\",\"datePublished\":\"2025-04-11T10:16:30+00:00\",\"description\":\"Sch\u00fctzen Sie sich stilvoll vor M\u00fccken mit diesem rot-gelben Modell. Die Provence 2-Dekoration erhellt den Tisch und h\u00e4lt fliegende Eindringlinge fern.\",\"breadcrumb\":{\"@id\":\"https:\\\/\\\/poterie-de-crestet.com\\\/de\\\/keramik\\\/mueckenschutzmittel-provence-2\\\/#breadcrumb\"},\"inLanguage\":\"de\",\"potentialAction\":[{\"@type\":\"ReadAction\",\"target\":[\"https:\\\/\\\/poterie-de-crestet.com\\\/de\\\/keramik\\\/mueckenschutzmittel-provence-2\\\/\"]}]},{\"@type\":\"ImageObject\",\"inLanguage\":\"de\",\"@id\":\"https:\\\/\\\/poterie-de-crestet.com\\\/de\\\/keramik\\\/mueckenschutzmittel-provence-2\\\/#primaryimage\",\"url\":\"https:\\\/\\\/i0.wp.com\\\/poterie-de-crestet.com\\\/wp-content\\\/uploads\\\/2025\\\/04\\\/Poterie-du-Crestet1236.jpg?fit=800%2C532&ssl=1\",\"contentUrl\":\"https:\\\/\\\/i0.wp.com\\\/poterie-de-crestet.com\\\/wp-content\\\/uploads\\\/2025\\\/04\\\/Poterie-du-Crestet1236.jpg?fit=800%2C532&ssl=1\",\"width\":800,\"height\":532,\"caption\":\"Provence 2 M\u00fcckenschutz\"},{\"@type\":\"BreadcrumbList\",\"@id\":\"https:\\\/\\\/poterie-de-crestet.com\\\/de\\\/keramik\\\/mueckenschutzmittel-provence-2\\\/#breadcrumb\",\"itemListElement\":[{\"@type\":\"ListItem\",\"position\":1,\"name\":\"Accueil\",\"item\":\"https:\\\/\\\/poterie-de-crestet.com\\\/de\\\/accueil\\\/\"},{\"@type\":\"ListItem\",\"position\":2,\"name\":\"Boutique\",\"item\":\"https:\\\/\\\/poterie-de-crestet.com\\\/ceramiques\\\/\"},{\"@type\":\"ListItem\",\"position\":3,\"name\":\"M\u00fcckenschutzmittel Provence 2\"}]},{\"@type\":\"WebSite\",\"@id\":\"https:\\\/\\\/poterie-de-crestet.com\\\/de\\\/#website\",\"url\":\"https:\\\/\\\/poterie-de-crestet.com\\\/de\\\/\",\"name\":\"Poterie de Crestet\",\"description\":\"Des milliers de poteries inpir\u00e9es de la Provence\",\"publisher\":{\"@id\":\"https:\\\/\\\/poterie-de-crestet.com\\\/de\\\/#organization\"},\"potentialAction\":[{\"@type\":\"SearchAction\",\"target\":{\"@type\":\"EntryPoint\",\"urlTemplate\":\"https:\\\/\\\/poterie-de-crestet.com\\\/de\\\/?s={search_term_string}\"},\"query-input\":{\"@type\":\"PropertyValueSpecification\",\"valueRequired\":true,\"valueName\":\"search_term_string\"}}],\"inLanguage\":\"de\"},{\"@type\":\"Organization\",\"@id\":\"https:\\\/\\\/poterie-de-crestet.com\\\/de\\\/#organization\",\"name\":\"Poterie de Crestet\",\"url\":\"https:\\\/\\\/poterie-de-crestet.com\\\/de\\\/\",\"logo\":{\"@type\":\"ImageObject\",\"inLanguage\":\"de\",\"@id\":\"https:\\\/\\\/poterie-de-crestet.com\\\/de\\\/#\\\/schema\\\/logo\\\/image\\\/\",\"url\":\"https:\\\/\\\/i0.wp.com\\\/poterie-de-crestet.com\\\/wp-content\\\/uploads\\\/2025\\\/03\\\/Propo-4.png?fit=1000%2C462&ssl=1\",\"contentUrl\":\"https:\\\/\\\/i0.wp.com\\\/poterie-de-crestet.com\\\/wp-content\\\/uploads\\\/2025\\\/03\\\/Propo-4.png?fit=1000%2C462&ssl=1\",\"width\":1000,\"height\":462,\"caption\":\"Poterie de Crestet\"},\"image\":{\"@id\":\"https:\\\/\\\/poterie-de-crestet.com\\\/de\\\/#\\\/schema\\\/logo\\\/image\\\/\"}}]}<\/script>\n<!-- \/ Yoast SEO plugin. -->","yoast_head_json":{"title":"M\u00fcckenschutzmittel Provence 2 - Poterie de Crestet","description":"Sch\u00fctzen Sie sich stilvoll vor M\u00fccken mit diesem rot-gelben Modell. Die Provence 2-Dekoration erhellt den Tisch und h\u00e4lt fliegende Eindringlinge fern.","robots":{"index":"index","follow":"follow","max-snippet":"max-snippet:-1","max-image-preview":"max-image-preview:large","max-video-preview":"max-video-preview:-1"},"canonical":"https:\/\/poterie-de-crestet.com\/de\/keramik\/mueckenschutzmittel-provence-2\/","og_locale":"de_DE","og_type":"article","og_title":"M\u00fcckenschutzmittel Provence 2 - Poterie de Crestet","og_description":"Sch\u00fctzen Sie sich stilvoll vor M\u00fccken mit diesem rot-gelben Modell. Die Provence 2-Dekoration erhellt den Tisch und h\u00e4lt fliegende Eindringlinge fern.","og_url":"https:\/\/poterie-de-crestet.com\/de\/keramik\/mueckenschutzmittel-provence-2\/","og_site_name":"Poterie de Crestet","og_image":[{"width":800,"height":532,"url":"https:\/\/i0.wp.com\/poterie-de-crestet.com\/wp-content\/uploads\/2025\/04\/Poterie-du-Crestet1236.jpg?fit=800%2C532&ssl=1","type":"image\/jpeg"}],"twitter_card":"summary_large_image","schema":{"@context":"https:\/\/schema.org","@graph":[{"@type":"WebPage","@id":"https:\/\/poterie-de-crestet.com\/de\/keramik\/mueckenschutzmittel-provence-2\/","url":"https:\/\/poterie-de-crestet.com\/de\/keramik\/mueckenschutzmittel-provence-2\/","name":"M\u00fcckenschutzmittel Provence 2 - Poterie de Crestet","isPartOf":{"@id":"https:\/\/poterie-de-crestet.com\/de\/#website"},"primaryImageOfPage":{"@id":"https:\/\/poterie-de-crestet.com\/de\/keramik\/mueckenschutzmittel-provence-2\/#primaryimage"},"image":{"@id":"https:\/\/poterie-de-crestet.com\/de\/keramik\/mueckenschutzmittel-provence-2\/#primaryimage"},"thumbnailUrl":"https:\/\/i0.wp.com\/poterie-de-crestet.com\/wp-content\/uploads\/2025\/04\/Poterie-du-Crestet1236.jpg?fit=800%2C532&ssl=1","datePublished":"2025-04-11T10:16:30+00:00","description":"Sch\u00fctzen Sie sich stilvoll vor M\u00fccken mit diesem rot-gelben Modell. Die Provence 2-Dekoration erhellt den Tisch und h\u00e4lt fliegende Eindringlinge fern.","breadcrumb":{"@id":"https:\/\/poterie-de-crestet.com\/de\/keramik\/mueckenschutzmittel-provence-2\/#breadcrumb"},"inLanguage":"de","potentialAction":[{"@type":"ReadAction","target":["https:\/\/poterie-de-crestet.com\/de\/keramik\/mueckenschutzmittel-provence-2\/"]}]},{"@type":"ImageObject","inLanguage":"de","@id":"https:\/\/poterie-de-crestet.com\/de\/keramik\/mueckenschutzmittel-provence-2\/#primaryimage","url":"https:\/\/i0.wp.com\/poterie-de-crestet.com\/wp-content\/uploads\/2025\/04\/Poterie-du-Crestet1236.jpg?fit=800%2C532&ssl=1","contentUrl":"https:\/\/i0.wp.com\/poterie-de-crestet.com\/wp-content\/uploads\/2025\/04\/Poterie-du-Crestet1236.jpg?fit=800%2C532&ssl=1","width":800,"height":532,"caption":"Provence 2 M\u00fcckenschutz"},{"@type":"BreadcrumbList","@id":"https:\/\/poterie-de-crestet.com\/de\/keramik\/mueckenschutzmittel-provence-2\/#breadcrumb","itemListElement":[{"@type":"ListItem","position":1,"name":"Accueil","item":"https:\/\/poterie-de-crestet.com\/de\/accueil\/"},{"@type":"ListItem","position":2,"name":"Boutique","item":"https:\/\/poterie-de-crestet.com\/ceramiques\/"},{"@type":"ListItem","position":3,"name":"M\u00fcckenschutzmittel Provence 2"}]},{"@type":"WebSite","@id":"https:\/\/poterie-de-crestet.com\/de\/#website","url":"https:\/\/poterie-de-crestet.com\/de\/","name":"Poterie de Crestet","description":"Des milliers de poteries inpir\u00e9es de la Provence","publisher":{"@id":"https:\/\/poterie-de-crestet.com\/de\/#organization"},"potentialAction":[{"@type":"SearchAction","target":{"@type":"EntryPoint","urlTemplate":"https:\/\/poterie-de-crestet.com\/de\/?s={search_term_string}"},"query-input":{"@type":"PropertyValueSpecification","valueRequired":true,"valueName":"search_term_string"}}],"inLanguage":"de"},{"@type":"Organization","@id":"https:\/\/poterie-de-crestet.com\/de\/#organization","name":"Poterie de Crestet","url":"https:\/\/poterie-de-crestet.com\/de\/","logo":{"@type":"ImageObject","inLanguage":"de","@id":"https:\/\/poterie-de-crestet.com\/de\/#\/schema\/logo\/image\/","url":"https:\/\/i0.wp.com\/poterie-de-crestet.com\/wp-content\/uploads\/2025\/03\/Propo-4.png?fit=1000%2C462&ssl=1","contentUrl":"https:\/\/i0.wp.com\/poterie-de-crestet.com\/wp-content\/uploads\/2025\/03\/Propo-4.png?fit=1000%2C462&ssl=1","width":1000,"height":462,"caption":"Poterie de Crestet"},"image":{"@id":"https:\/\/poterie-de-crestet.com\/de\/#\/schema\/logo\/image\/"}}]}},"jetpack_sharing_enabled":true,"_links":{"self":[{"href":"https:\/\/poterie-de-crestet.com\/de\/wp-json\/wp\/v2\/product\/20148","targetHints":{"allow":["GET"]}}],"collection":[{"href":"https:\/\/poterie-de-crestet.com\/de\/wp-json\/wp\/v2\/product"}],"about":[{"href":"https:\/\/poterie-de-crestet.com\/de\/wp-json\/wp\/v2\/types\/product"}],"replies":[{"embeddable":true,"href":"https:\/\/poterie-de-crestet.com\/de\/wp-json\/wp\/v2\/comments?post=20148"}],"version-history":[{"count":0,"href":"https:\/\/poterie-de-crestet.com\/de\/wp-json\/wp\/v2\/product\/20148\/revisions"}],"wp:featuredmedia":[{"embeddable":true,"href":"https:\/\/poterie-de-crestet.com\/de\/wp-json\/wp\/v2\/media\/8228"}],"wp:attachment":[{"href":"https:\/\/poterie-de-crestet.com\/de\/wp-json\/wp\/v2\/media?parent=20148"}],"wp:term":[{"taxonomy":"product_brand","embeddable":true,"href":"https:\/\/poterie-de-crestet.com\/de\/wp-json\/wp\/v2\/product_brand?post=20148"},{"taxonomy":"product_cat","embeddable":true,"href":"https:\/\/poterie-de-crestet.com\/de\/wp-json\/wp\/v2\/product_cat?post=20148"},{"taxonomy":"product_tag","embeddable":true,"href":"https:\/\/poterie-de-crestet.com\/de\/wp-json\/wp\/v2\/product_tag?post=20148"}],"curies":[{"name":"wp","href":"https:\/\/api.w.org\/{rel}","templated":true}]}}