{"id":20038,"date":"2025-04-09T17:41:48","date_gmt":"2025-04-09T15:41:48","guid":{"rendered":"https:\/\/poterie-de-crestet.com\/ceramiques\/marmeladentrichter-gruener-olivenbaum\/"},"modified":"2025-04-09T17:41:48","modified_gmt":"2025-04-09T15:41:48","slug":"marmeladentrichter-gruener-olivenbaum","status":"publish","type":"product","link":"https:\/\/poterie-de-crestet.com\/de\/keramik\/marmeladentrichter-gruener-olivenbaum\/","title":{"rendered":"Marmeladentrichter  <h5>Gr\u00fcner Olivenbaum<\/h5>"},"content":{"rendered":"<p data-start=\"2370\" data-end=\"2840\">Mit seiner hellen Dekoration erinnert der <strong data-start=\"2456\" data-end=\"2472\">gr\u00fcne<\/strong> Olivier-Marmeladentrichter an Provence bis hin zu Ihren selbstgemachten Marmeladen. Hergestellt aus <strong data-start=\"2536\" data-end=\"2549\">Keramik<\/strong> (\u00d8 16,2 cm \u2013 H 9,2 cm \u2013 D\u00fcse 4 cm), ist es einfach, die Gl\u00e4ser sicher zu f\u00fcllen. Ihr gro\u00dfer Durchmesser sorgt f\u00fcr ein schnelles und sauberes Dekantieren, w\u00e4hrend die Spitze perfekt in Standardt\u00f6pfe passt. Seine H\u00f6he sorgt f\u00fcr die n\u00f6tige Stabilit\u00e4t, um effizient zu arbeiten.   <\/p>\n<p data-start=\"2842\" data-end=\"3168\">Keramik ist eine bessere Wahl als Kunststoff und Edelstahl: Sie ist hitzebest\u00e4ndig, verformt sich nicht, beh\u00e4lt keinen Geschmack oder Geruch und bleibt auch bei hei\u00dfen Zubereitungen angenehm zu handhaben. Au\u00dferdem ist es <strong data-start=\"3078\" data-end=\"3122\">sp\u00fclmaschinen- und mikrowellenfest<\/strong> \u2013 ein Vorteil f\u00fcr Wartung und Langlebigkeit. <\/p>\n<p data-start=\"3170\" data-end=\"3460\">Das <strong data-start=\"3179\" data-end=\"3195\">gr\u00fcn-olivfarbene<\/strong> Dekor, sowohl nat\u00fcrlich als auch provencalisch, verleiht der K\u00fcche eine sonnige Note. F\u00fcr ein funktionales Set kombinieren Sie es mit einem <a href=\"https:\/\/poterie-de-crestet.com\/de\/keramik\/abtropfen-gruener-olivenbaum\/\"><strong data-start=\"3324\" data-end=\"3346\">Obstabtropf,<\/strong><\/a> um Ihre Pflanzen vorzubereiten, oder einem <a href=\"https:\/\/poterie-de-crestet.com\/de\/keramik\/loeffelauflage-gruener-olivenbaum\/\"><strong data-start=\"3382\" data-end=\"3414\">Green Olive Spoon Rest,<\/strong><\/a> um Ihren Arbeitsplatz sauber zu halten. <\/p>\n<p data-start=\"3462\" data-end=\"3674\">In der K\u00fcche wird dieser Trichter schnell unverzichtbar: Ob gro\u00dfe Marmeladenrunden oder eine improvisierte So\u00dfe \u2013 er garantiert eine pr\u00e4zise und saubere Geste, mit weniger Abfall und mehr Komfort.<\/p>\n","protected":false},"excerpt":{"rendered":"<p>Gr\u00fcner Olivier-Marmeladentrichter: praktisch und provenzalisch f\u00fcr So\u00dfen und Marmeladen. Hergestellt aus widerstandsf\u00e4higer Keramik. Sp\u00fclmaschinen- und Mikrowellenfest.  <br data-start=\"3854\" data-end=\"3857\"><em data-start=\"3857\" data-end=\"3910\"><strong data-start=\"3858\" data-end=\"3909\">Abmessungen: \u00d8 16,2 cm \u2013 H 9,2 cm \u2013 D\u00fcse 4 cm<\/strong><\/em><\/p>\n","protected":false},"featured_media":6836,"comment_status":"closed","ping_status":"closed","template":"","meta":[],"product_brand":[],"product_cat":[322],"product_tag":[189],"class_list":{"0":"post-20038","1":"product","2":"type-product","3":"status-publish","4":"has-post-thumbnail","6":"product_cat-marmeladentrichter","7":"product_tag-gruner-olivenbaum","9":"first","10":"instock","11":"taxable","12":"shipping-taxable","13":"purchasable","14":"product-type-simple"},"yoast_head":"<!-- This site is optimized with the Yoast SEO plugin v27.5 - https:\/\/yoast.com\/product\/yoast-seo-wordpress\/ -->\n<title>Marmeladentrichter Gr\u00fcner Olivenbaum - Poterie de Crestet<\/title>\n<meta name=\"description\" content=\"Gr\u00fcner Olivier-Marmeladentrichter: praktische und provenzalische Keramik f\u00fcr Marmeladen, So\u00dfen und Kompotte. Leicht zu reinigen, sp\u00fclmaschinen- und mikrowellenfest.\" \/>\n<meta name=\"robots\" content=\"index, follow, max-snippet:-1, max-image-preview:large, max-video-preview:-1\" \/>\n<link rel=\"canonical\" href=\"https:\/\/poterie-de-crestet.com\/de\/keramik\/marmeladentrichter-gruener-olivenbaum\/\" \/>\n<meta property=\"og:locale\" content=\"de_DE\" \/>\n<meta property=\"og:type\" content=\"article\" \/>\n<meta property=\"og:title\" content=\"Marmeladentrichter Gr\u00fcner Olivenbaum - Poterie de Crestet\" \/>\n<meta property=\"og:description\" content=\"Gr\u00fcner Olivier-Marmeladentrichter: praktische und provenzalische Keramik f\u00fcr Marmeladen, So\u00dfen und Kompotte. Leicht zu reinigen, sp\u00fclmaschinen- und mikrowellenfest.\" \/>\n<meta property=\"og:url\" content=\"https:\/\/poterie-de-crestet.com\/de\/keramik\/marmeladentrichter-gruener-olivenbaum\/\" \/>\n<meta property=\"og:site_name\" content=\"Poterie de Crestet\" \/>\n<meta property=\"og:image\" content=\"https:\/\/i0.wp.com\/poterie-de-crestet.com\/wp-content\/uploads\/2025\/04\/entonnoir-confiture-oliviervert.jpg?fit=458%2C458&ssl=1\" \/>\n\t<meta property=\"og:image:width\" content=\"458\" \/>\n\t<meta property=\"og:image:height\" content=\"458\" \/>\n\t<meta property=\"og:image:type\" content=\"image\/jpeg\" \/>\n<meta name=\"twitter:card\" content=\"summary_large_image\" \/>\n<meta name=\"twitter:label1\" content=\"Gesch\u00e4tzte Lesezeit\" \/>\n\t<meta name=\"twitter:data1\" content=\"1\u00a0Minute\" \/>\n<script type=\"application\/ld+json\" class=\"yoast-schema-graph\">{\"@context\":\"https:\\\/\\\/schema.org\",\"@graph\":[{\"@type\":\"WebPage\",\"@id\":\"https:\\\/\\\/poterie-de-crestet.com\\\/de\\\/keramik\\\/marmeladentrichter-gruener-olivenbaum\\\/\",\"url\":\"https:\\\/\\\/poterie-de-crestet.com\\\/de\\\/keramik\\\/marmeladentrichter-gruener-olivenbaum\\\/\",\"name\":\"Marmeladentrichter Gr\u00fcner Olivenbaum - Poterie de Crestet\",\"isPartOf\":{\"@id\":\"https:\\\/\\\/poterie-de-crestet.com\\\/de\\\/#website\"},\"primaryImageOfPage\":{\"@id\":\"https:\\\/\\\/poterie-de-crestet.com\\\/de\\\/keramik\\\/marmeladentrichter-gruener-olivenbaum\\\/#primaryimage\"},\"image\":{\"@id\":\"https:\\\/\\\/poterie-de-crestet.com\\\/de\\\/keramik\\\/marmeladentrichter-gruener-olivenbaum\\\/#primaryimage\"},\"thumbnailUrl\":\"https:\\\/\\\/i0.wp.com\\\/poterie-de-crestet.com\\\/wp-content\\\/uploads\\\/2025\\\/04\\\/entonnoir-confiture-oliviervert.jpg?fit=458%2C458&ssl=1\",\"datePublished\":\"2025-04-09T15:41:48+00:00\",\"description\":\"Gr\u00fcner Olivier-Marmeladentrichter: praktische und provenzalische Keramik f\u00fcr Marmeladen, So\u00dfen und Kompotte. Leicht zu reinigen, sp\u00fclmaschinen- und mikrowellenfest.\",\"breadcrumb\":{\"@id\":\"https:\\\/\\\/poterie-de-crestet.com\\\/de\\\/keramik\\\/marmeladentrichter-gruener-olivenbaum\\\/#breadcrumb\"},\"inLanguage\":\"de\",\"potentialAction\":[{\"@type\":\"ReadAction\",\"target\":[\"https:\\\/\\\/poterie-de-crestet.com\\\/de\\\/keramik\\\/marmeladentrichter-gruener-olivenbaum\\\/\"]}]},{\"@type\":\"ImageObject\",\"inLanguage\":\"de\",\"@id\":\"https:\\\/\\\/poterie-de-crestet.com\\\/de\\\/keramik\\\/marmeladentrichter-gruener-olivenbaum\\\/#primaryimage\",\"url\":\"https:\\\/\\\/i0.wp.com\\\/poterie-de-crestet.com\\\/wp-content\\\/uploads\\\/2025\\\/04\\\/entonnoir-confiture-oliviervert.jpg?fit=458%2C458&ssl=1\",\"contentUrl\":\"https:\\\/\\\/i0.wp.com\\\/poterie-de-crestet.com\\\/wp-content\\\/uploads\\\/2025\\\/04\\\/entonnoir-confiture-oliviervert.jpg?fit=458%2C458&ssl=1\",\"width\":458,\"height\":458,\"caption\":\"Gr\u00fcner Olivenmarmeladentrichter\"},{\"@type\":\"BreadcrumbList\",\"@id\":\"https:\\\/\\\/poterie-de-crestet.com\\\/de\\\/keramik\\\/marmeladentrichter-gruener-olivenbaum\\\/#breadcrumb\",\"itemListElement\":[{\"@type\":\"ListItem\",\"position\":1,\"name\":\"Accueil\",\"item\":\"https:\\\/\\\/poterie-de-crestet.com\\\/de\\\/accueil\\\/\"},{\"@type\":\"ListItem\",\"position\":2,\"name\":\"Boutique\",\"item\":\"https:\\\/\\\/poterie-de-crestet.com\\\/ceramiques\\\/\"},{\"@type\":\"ListItem\",\"position\":3,\"name\":\"Marmeladentrichter Gr\u00fcner Olivenbaum\"}]},{\"@type\":\"WebSite\",\"@id\":\"https:\\\/\\\/poterie-de-crestet.com\\\/de\\\/#website\",\"url\":\"https:\\\/\\\/poterie-de-crestet.com\\\/de\\\/\",\"name\":\"Poterie de Crestet\",\"description\":\"Des milliers de poteries inpir\u00e9es de la Provence\",\"publisher\":{\"@id\":\"https:\\\/\\\/poterie-de-crestet.com\\\/de\\\/#organization\"},\"potentialAction\":[{\"@type\":\"SearchAction\",\"target\":{\"@type\":\"EntryPoint\",\"urlTemplate\":\"https:\\\/\\\/poterie-de-crestet.com\\\/de\\\/?s={search_term_string}\"},\"query-input\":{\"@type\":\"PropertyValueSpecification\",\"valueRequired\":true,\"valueName\":\"search_term_string\"}}],\"inLanguage\":\"de\"},{\"@type\":\"Organization\",\"@id\":\"https:\\\/\\\/poterie-de-crestet.com\\\/de\\\/#organization\",\"name\":\"Poterie de Crestet\",\"url\":\"https:\\\/\\\/poterie-de-crestet.com\\\/de\\\/\",\"logo\":{\"@type\":\"ImageObject\",\"inLanguage\":\"de\",\"@id\":\"https:\\\/\\\/poterie-de-crestet.com\\\/de\\\/#\\\/schema\\\/logo\\\/image\\\/\",\"url\":\"https:\\\/\\\/i0.wp.com\\\/poterie-de-crestet.com\\\/wp-content\\\/uploads\\\/2025\\\/03\\\/Propo-4.png?fit=1000%2C462&ssl=1\",\"contentUrl\":\"https:\\\/\\\/i0.wp.com\\\/poterie-de-crestet.com\\\/wp-content\\\/uploads\\\/2025\\\/03\\\/Propo-4.png?fit=1000%2C462&ssl=1\",\"width\":1000,\"height\":462,\"caption\":\"Poterie de Crestet\"},\"image\":{\"@id\":\"https:\\\/\\\/poterie-de-crestet.com\\\/de\\\/#\\\/schema\\\/logo\\\/image\\\/\"}}]}<\/script>\n<!-- \/ Yoast SEO plugin. -->","yoast_head_json":{"title":"Marmeladentrichter Gr\u00fcner Olivenbaum - Poterie de Crestet","description":"Gr\u00fcner Olivier-Marmeladentrichter: praktische und provenzalische Keramik f\u00fcr Marmeladen, So\u00dfen und Kompotte. Leicht zu reinigen, sp\u00fclmaschinen- und mikrowellenfest.","robots":{"index":"index","follow":"follow","max-snippet":"max-snippet:-1","max-image-preview":"max-image-preview:large","max-video-preview":"max-video-preview:-1"},"canonical":"https:\/\/poterie-de-crestet.com\/de\/keramik\/marmeladentrichter-gruener-olivenbaum\/","og_locale":"de_DE","og_type":"article","og_title":"Marmeladentrichter Gr\u00fcner Olivenbaum - Poterie de Crestet","og_description":"Gr\u00fcner Olivier-Marmeladentrichter: praktische und provenzalische Keramik f\u00fcr Marmeladen, So\u00dfen und Kompotte. Leicht zu reinigen, sp\u00fclmaschinen- und mikrowellenfest.","og_url":"https:\/\/poterie-de-crestet.com\/de\/keramik\/marmeladentrichter-gruener-olivenbaum\/","og_site_name":"Poterie de Crestet","og_image":[{"width":458,"height":458,"url":"https:\/\/i0.wp.com\/poterie-de-crestet.com\/wp-content\/uploads\/2025\/04\/entonnoir-confiture-oliviervert.jpg?fit=458%2C458&ssl=1","type":"image\/jpeg"}],"twitter_card":"summary_large_image","twitter_misc":{"Gesch\u00e4tzte Lesezeit":"1\u00a0Minute"},"schema":{"@context":"https:\/\/schema.org","@graph":[{"@type":"WebPage","@id":"https:\/\/poterie-de-crestet.com\/de\/keramik\/marmeladentrichter-gruener-olivenbaum\/","url":"https:\/\/poterie-de-crestet.com\/de\/keramik\/marmeladentrichter-gruener-olivenbaum\/","name":"Marmeladentrichter Gr\u00fcner Olivenbaum - Poterie de Crestet","isPartOf":{"@id":"https:\/\/poterie-de-crestet.com\/de\/#website"},"primaryImageOfPage":{"@id":"https:\/\/poterie-de-crestet.com\/de\/keramik\/marmeladentrichter-gruener-olivenbaum\/#primaryimage"},"image":{"@id":"https:\/\/poterie-de-crestet.com\/de\/keramik\/marmeladentrichter-gruener-olivenbaum\/#primaryimage"},"thumbnailUrl":"https:\/\/i0.wp.com\/poterie-de-crestet.com\/wp-content\/uploads\/2025\/04\/entonnoir-confiture-oliviervert.jpg?fit=458%2C458&ssl=1","datePublished":"2025-04-09T15:41:48+00:00","description":"Gr\u00fcner Olivier-Marmeladentrichter: praktische und provenzalische Keramik f\u00fcr Marmeladen, So\u00dfen und Kompotte. Leicht zu reinigen, sp\u00fclmaschinen- und mikrowellenfest.","breadcrumb":{"@id":"https:\/\/poterie-de-crestet.com\/de\/keramik\/marmeladentrichter-gruener-olivenbaum\/#breadcrumb"},"inLanguage":"de","potentialAction":[{"@type":"ReadAction","target":["https:\/\/poterie-de-crestet.com\/de\/keramik\/marmeladentrichter-gruener-olivenbaum\/"]}]},{"@type":"ImageObject","inLanguage":"de","@id":"https:\/\/poterie-de-crestet.com\/de\/keramik\/marmeladentrichter-gruener-olivenbaum\/#primaryimage","url":"https:\/\/i0.wp.com\/poterie-de-crestet.com\/wp-content\/uploads\/2025\/04\/entonnoir-confiture-oliviervert.jpg?fit=458%2C458&ssl=1","contentUrl":"https:\/\/i0.wp.com\/poterie-de-crestet.com\/wp-content\/uploads\/2025\/04\/entonnoir-confiture-oliviervert.jpg?fit=458%2C458&ssl=1","width":458,"height":458,"caption":"Gr\u00fcner Olivenmarmeladentrichter"},{"@type":"BreadcrumbList","@id":"https:\/\/poterie-de-crestet.com\/de\/keramik\/marmeladentrichter-gruener-olivenbaum\/#breadcrumb","itemListElement":[{"@type":"ListItem","position":1,"name":"Accueil","item":"https:\/\/poterie-de-crestet.com\/de\/accueil\/"},{"@type":"ListItem","position":2,"name":"Boutique","item":"https:\/\/poterie-de-crestet.com\/ceramiques\/"},{"@type":"ListItem","position":3,"name":"Marmeladentrichter Gr\u00fcner Olivenbaum"}]},{"@type":"WebSite","@id":"https:\/\/poterie-de-crestet.com\/de\/#website","url":"https:\/\/poterie-de-crestet.com\/de\/","name":"Poterie de Crestet","description":"Des milliers de poteries inpir\u00e9es de la Provence","publisher":{"@id":"https:\/\/poterie-de-crestet.com\/de\/#organization"},"potentialAction":[{"@type":"SearchAction","target":{"@type":"EntryPoint","urlTemplate":"https:\/\/poterie-de-crestet.com\/de\/?s={search_term_string}"},"query-input":{"@type":"PropertyValueSpecification","valueRequired":true,"valueName":"search_term_string"}}],"inLanguage":"de"},{"@type":"Organization","@id":"https:\/\/poterie-de-crestet.com\/de\/#organization","name":"Poterie de Crestet","url":"https:\/\/poterie-de-crestet.com\/de\/","logo":{"@type":"ImageObject","inLanguage":"de","@id":"https:\/\/poterie-de-crestet.com\/de\/#\/schema\/logo\/image\/","url":"https:\/\/i0.wp.com\/poterie-de-crestet.com\/wp-content\/uploads\/2025\/03\/Propo-4.png?fit=1000%2C462&ssl=1","contentUrl":"https:\/\/i0.wp.com\/poterie-de-crestet.com\/wp-content\/uploads\/2025\/03\/Propo-4.png?fit=1000%2C462&ssl=1","width":1000,"height":462,"caption":"Poterie de Crestet"},"image":{"@id":"https:\/\/poterie-de-crestet.com\/de\/#\/schema\/logo\/image\/"}}]}},"jetpack_sharing_enabled":true,"_links":{"self":[{"href":"https:\/\/poterie-de-crestet.com\/de\/wp-json\/wp\/v2\/product\/20038","targetHints":{"allow":["GET"]}}],"collection":[{"href":"https:\/\/poterie-de-crestet.com\/de\/wp-json\/wp\/v2\/product"}],"about":[{"href":"https:\/\/poterie-de-crestet.com\/de\/wp-json\/wp\/v2\/types\/product"}],"replies":[{"embeddable":true,"href":"https:\/\/poterie-de-crestet.com\/de\/wp-json\/wp\/v2\/comments?post=20038"}],"version-history":[{"count":0,"href":"https:\/\/poterie-de-crestet.com\/de\/wp-json\/wp\/v2\/product\/20038\/revisions"}],"wp:featuredmedia":[{"embeddable":true,"href":"https:\/\/poterie-de-crestet.com\/de\/wp-json\/wp\/v2\/media\/6836"}],"wp:attachment":[{"href":"https:\/\/poterie-de-crestet.com\/de\/wp-json\/wp\/v2\/media?parent=20038"}],"wp:term":[{"taxonomy":"product_brand","embeddable":true,"href":"https:\/\/poterie-de-crestet.com\/de\/wp-json\/wp\/v2\/product_brand?post=20038"},{"taxonomy":"product_cat","embeddable":true,"href":"https:\/\/poterie-de-crestet.com\/de\/wp-json\/wp\/v2\/product_cat?post=20038"},{"taxonomy":"product_tag","embeddable":true,"href":"https:\/\/poterie-de-crestet.com\/de\/wp-json\/wp\/v2\/product_tag?post=20038"}],"curies":[{"name":"wp","href":"https:\/\/api.w.org\/{rel}","templated":true}]}}