{"id":20029,"date":"2025-04-09T17:41:48","date_gmt":"2025-04-09T15:41:48","guid":{"rendered":"https:\/\/poterie-de-crestet.com\/ceramiques\/marmeladentrichter-provence-2\/"},"modified":"2025-04-09T17:41:48","modified_gmt":"2025-04-09T15:41:48","slug":"marmeladentrichter-provence-2","status":"publish","type":"product","link":"https:\/\/poterie-de-crestet.com\/de\/keramik\/marmeladentrichter-provence-2\/","title":{"rendered":"Marmeladentrichter  <h5>Provence 2  <\/h5>"},"content":{"rendered":"<p data-start=\"4154\" data-end=\"4585\">Mit seinen warmen Farben erhellt der <strong data-start=\"4242\" data-end=\"4256\">Provence 2<\/strong> Marmeladentrichter (rot und gelb) Ihre hausgemachten Vorbereitungen. Aus robuster <strong data-start=\"4311\" data-end=\"4324\">Keramik<\/strong> gefertigt, misst es \u00d8 16,2 cm \u2013 H 9,2 cm \u2013 4 cm Mundst\u00fcck \u2013 eine perfekte Gr\u00f6\u00dfe, um Marmeladen, Kompote, So\u00dfen oder Chutneys in Ihre Gl\u00e4ser zu gie\u00dfen, ohne zu spritzen. Sein gro\u00dfer Durchmesser vereinfacht das Dekantieren und seine H\u00f6he sorgt f\u00fcr Stabilit\u00e4t und Komfort bei der Benutzung.  <\/p>\n<p data-start=\"4587\" data-end=\"4943\">Keramik ist eine kluge Wahl: Sie ist hitzebest\u00e4ndig, im Gegensatz zu Kunststoff, der sich verzieht und angenehm zu handhaben bleibt, w\u00e4hrend Edelstahl hei\u00df wird. Sie beh\u00e4lt keinen Geruch, ver\u00e4ndert den Geschmack nicht und ist leicht zu reinigen. Vollst\u00e4ndig <strong data-start=\"4844\" data-end=\"4888\">sp\u00fclmaschinen- und mikrowellenfest,<\/strong> bleibt dieser Trichter f\u00fcr den t\u00e4glichen Gebrauch einfach und langlebig.  <\/p>\n<p data-start=\"4945\" data-end=\"5194\">Die <strong data-start=\"4954\" data-end=\"4968\">Dekoration von Provence 2<\/strong> bringt Sonnenschein und Geselligkeit in die K\u00fcche. F\u00fcr harmonische Ger\u00e4te kombinieren Sie es mit einer <a href=\"https:\/\/poterie-de-crestet.com\/de\/keramik\/loeffelauflage-provence-2\/\"><strong data-start=\"5062\" data-end=\"5092\">Provence-2-L\u00f6ffel-Halterung<\/strong><\/a> , um sauber zu arbeiten, oder mit einem <a href=\"https:\/\/poterie-de-crestet.com\/de\/keramik\/abtropfen-provence-2\/\"><strong data-start=\"5128\" data-end=\"5150\">Obstabtropf,<\/strong> <\/a>um Ihre Pflanzen auf die Verarbeitung vorzubereiten. <\/p>\n<p data-start=\"5196\" data-end=\"5467\">W\u00e4hrend langer Jam-Sessions oder f\u00fcr eine hausgemachte So\u00dfe wird dieser Trichter schnell unverzichtbar. Kein Tropfen mehr, weniger Abfall und echter Gebrauchskomfort: ein Accessoire, das ebenso praktisch wie \u00e4sthetisch ist und die Provence ins Zentrum Ihrer Vorbereitungen stellt. <\/p>\n","protected":false},"excerpt":{"rendered":"<p>Provence 2 Marmeladentrichter: praktisch und farbenfroh f\u00fcr Marmeladen und So\u00dfen. Hergestellt aus widerstandsf\u00e4higer Keramik. Sp\u00fclmaschinen- und Mikrowellenfest.  <br data-start=\"5642\" data-end=\"5645\"><em data-start=\"5645\" data-end=\"5698\"><strong data-start=\"5646\" data-end=\"5697\">Abmessungen: \u00d8 16,2 cm \u2013 H 9,2 cm \u2013 D\u00fcse 4 cm<\/strong><\/em><\/p>\n","protected":false},"featured_media":6838,"comment_status":"closed","ping_status":"closed","template":"","meta":[],"product_brand":[],"product_cat":[322],"product_tag":[249],"class_list":{"0":"post-20029","1":"product","2":"type-product","3":"status-publish","4":"has-post-thumbnail","6":"product_cat-marmeladentrichter","7":"product_tag-provence-2","9":"first","10":"instock","11":"taxable","12":"shipping-taxable","13":"purchasable","14":"product-type-simple"},"yoast_head":"<!-- This site is optimized with the Yoast SEO plugin v27.5 - https:\/\/yoast.com\/product\/yoast-seo-wordpress\/ -->\n<title>Marmeladentrichter Provence 2  - Poterie de Crestet<\/title>\n<meta name=\"description\" content=\"Provence 2 Marmeladentrichter: bunte und praktische Keramik f\u00fcr Marmeladen, So\u00dfen und Kompotte. Haltbar, leicht zu reinigen, sp\u00fclmaschinenfest.\" \/>\n<meta name=\"robots\" content=\"index, follow, max-snippet:-1, max-image-preview:large, max-video-preview:-1\" \/>\n<link rel=\"canonical\" href=\"https:\/\/poterie-de-crestet.com\/de\/keramik\/marmeladentrichter-provence-2\/\" \/>\n<meta property=\"og:locale\" content=\"de_DE\" \/>\n<meta property=\"og:type\" content=\"article\" \/>\n<meta property=\"og:title\" content=\"Marmeladentrichter Provence 2  - Poterie de Crestet\" \/>\n<meta property=\"og:description\" content=\"Provence 2 Marmeladentrichter: bunte und praktische Keramik f\u00fcr Marmeladen, So\u00dfen und Kompotte. Haltbar, leicht zu reinigen, sp\u00fclmaschinenfest.\" \/>\n<meta property=\"og:url\" content=\"https:\/\/poterie-de-crestet.com\/de\/keramik\/marmeladentrichter-provence-2\/\" \/>\n<meta property=\"og:site_name\" content=\"Poterie de Crestet\" \/>\n<meta property=\"og:image\" content=\"https:\/\/i0.wp.com\/poterie-de-crestet.com\/wp-content\/uploads\/2025\/04\/entonnoir-confiture-provence2.jpg?fit=458%2C458&ssl=1\" \/>\n\t<meta property=\"og:image:width\" content=\"458\" \/>\n\t<meta property=\"og:image:height\" content=\"458\" \/>\n\t<meta property=\"og:image:type\" content=\"image\/jpeg\" \/>\n<meta name=\"twitter:card\" content=\"summary_large_image\" \/>\n<meta name=\"twitter:label1\" content=\"Gesch\u00e4tzte Lesezeit\" \/>\n\t<meta name=\"twitter:data1\" content=\"1\u00a0Minute\" \/>\n<script type=\"application\/ld+json\" class=\"yoast-schema-graph\">{\"@context\":\"https:\\\/\\\/schema.org\",\"@graph\":[{\"@type\":\"WebPage\",\"@id\":\"https:\\\/\\\/poterie-de-crestet.com\\\/de\\\/keramik\\\/marmeladentrichter-provence-2\\\/\",\"url\":\"https:\\\/\\\/poterie-de-crestet.com\\\/de\\\/keramik\\\/marmeladentrichter-provence-2\\\/\",\"name\":\"Marmeladentrichter Provence 2 - Poterie de Crestet\",\"isPartOf\":{\"@id\":\"https:\\\/\\\/poterie-de-crestet.com\\\/de\\\/#website\"},\"primaryImageOfPage\":{\"@id\":\"https:\\\/\\\/poterie-de-crestet.com\\\/de\\\/keramik\\\/marmeladentrichter-provence-2\\\/#primaryimage\"},\"image\":{\"@id\":\"https:\\\/\\\/poterie-de-crestet.com\\\/de\\\/keramik\\\/marmeladentrichter-provence-2\\\/#primaryimage\"},\"thumbnailUrl\":\"https:\\\/\\\/i0.wp.com\\\/poterie-de-crestet.com\\\/wp-content\\\/uploads\\\/2025\\\/04\\\/entonnoir-confiture-provence2.jpg?fit=458%2C458&ssl=1\",\"datePublished\":\"2025-04-09T15:41:48+00:00\",\"description\":\"Provence 2 Marmeladentrichter: bunte und praktische Keramik f\u00fcr Marmeladen, So\u00dfen und Kompotte. Haltbar, leicht zu reinigen, sp\u00fclmaschinenfest.\",\"breadcrumb\":{\"@id\":\"https:\\\/\\\/poterie-de-crestet.com\\\/de\\\/keramik\\\/marmeladentrichter-provence-2\\\/#breadcrumb\"},\"inLanguage\":\"de\",\"potentialAction\":[{\"@type\":\"ReadAction\",\"target\":[\"https:\\\/\\\/poterie-de-crestet.com\\\/de\\\/keramik\\\/marmeladentrichter-provence-2\\\/\"]}]},{\"@type\":\"ImageObject\",\"inLanguage\":\"de\",\"@id\":\"https:\\\/\\\/poterie-de-crestet.com\\\/de\\\/keramik\\\/marmeladentrichter-provence-2\\\/#primaryimage\",\"url\":\"https:\\\/\\\/i0.wp.com\\\/poterie-de-crestet.com\\\/wp-content\\\/uploads\\\/2025\\\/04\\\/entonnoir-confiture-provence2.jpg?fit=458%2C458&ssl=1\",\"contentUrl\":\"https:\\\/\\\/i0.wp.com\\\/poterie-de-crestet.com\\\/wp-content\\\/uploads\\\/2025\\\/04\\\/entonnoir-confiture-provence2.jpg?fit=458%2C458&ssl=1\",\"width\":458,\"height\":458,\"caption\":\"Marmeladentrichter Provence 2\"},{\"@type\":\"BreadcrumbList\",\"@id\":\"https:\\\/\\\/poterie-de-crestet.com\\\/de\\\/keramik\\\/marmeladentrichter-provence-2\\\/#breadcrumb\",\"itemListElement\":[{\"@type\":\"ListItem\",\"position\":1,\"name\":\"Accueil\",\"item\":\"https:\\\/\\\/poterie-de-crestet.com\\\/de\\\/accueil\\\/\"},{\"@type\":\"ListItem\",\"position\":2,\"name\":\"Boutique\",\"item\":\"https:\\\/\\\/poterie-de-crestet.com\\\/ceramiques\\\/\"},{\"@type\":\"ListItem\",\"position\":3,\"name\":\"Marmeladentrichter Provence 2\"}]},{\"@type\":\"WebSite\",\"@id\":\"https:\\\/\\\/poterie-de-crestet.com\\\/de\\\/#website\",\"url\":\"https:\\\/\\\/poterie-de-crestet.com\\\/de\\\/\",\"name\":\"Poterie de Crestet\",\"description\":\"Des milliers de poteries inpir\u00e9es de la Provence\",\"publisher\":{\"@id\":\"https:\\\/\\\/poterie-de-crestet.com\\\/de\\\/#organization\"},\"potentialAction\":[{\"@type\":\"SearchAction\",\"target\":{\"@type\":\"EntryPoint\",\"urlTemplate\":\"https:\\\/\\\/poterie-de-crestet.com\\\/de\\\/?s={search_term_string}\"},\"query-input\":{\"@type\":\"PropertyValueSpecification\",\"valueRequired\":true,\"valueName\":\"search_term_string\"}}],\"inLanguage\":\"de\"},{\"@type\":\"Organization\",\"@id\":\"https:\\\/\\\/poterie-de-crestet.com\\\/de\\\/#organization\",\"name\":\"Poterie de Crestet\",\"url\":\"https:\\\/\\\/poterie-de-crestet.com\\\/de\\\/\",\"logo\":{\"@type\":\"ImageObject\",\"inLanguage\":\"de\",\"@id\":\"https:\\\/\\\/poterie-de-crestet.com\\\/de\\\/#\\\/schema\\\/logo\\\/image\\\/\",\"url\":\"https:\\\/\\\/i0.wp.com\\\/poterie-de-crestet.com\\\/wp-content\\\/uploads\\\/2025\\\/03\\\/Propo-4.png?fit=1000%2C462&ssl=1\",\"contentUrl\":\"https:\\\/\\\/i0.wp.com\\\/poterie-de-crestet.com\\\/wp-content\\\/uploads\\\/2025\\\/03\\\/Propo-4.png?fit=1000%2C462&ssl=1\",\"width\":1000,\"height\":462,\"caption\":\"Poterie de Crestet\"},\"image\":{\"@id\":\"https:\\\/\\\/poterie-de-crestet.com\\\/de\\\/#\\\/schema\\\/logo\\\/image\\\/\"}}]}<\/script>\n<!-- \/ Yoast SEO plugin. -->","yoast_head_json":{"title":"Marmeladentrichter Provence 2  - Poterie de Crestet","description":"Provence 2 Marmeladentrichter: bunte und praktische Keramik f\u00fcr Marmeladen, So\u00dfen und Kompotte. Haltbar, leicht zu reinigen, sp\u00fclmaschinenfest.","robots":{"index":"index","follow":"follow","max-snippet":"max-snippet:-1","max-image-preview":"max-image-preview:large","max-video-preview":"max-video-preview:-1"},"canonical":"https:\/\/poterie-de-crestet.com\/de\/keramik\/marmeladentrichter-provence-2\/","og_locale":"de_DE","og_type":"article","og_title":"Marmeladentrichter Provence 2  - Poterie de Crestet","og_description":"Provence 2 Marmeladentrichter: bunte und praktische Keramik f\u00fcr Marmeladen, So\u00dfen und Kompotte. Haltbar, leicht zu reinigen, sp\u00fclmaschinenfest.","og_url":"https:\/\/poterie-de-crestet.com\/de\/keramik\/marmeladentrichter-provence-2\/","og_site_name":"Poterie de Crestet","og_image":[{"width":458,"height":458,"url":"https:\/\/i0.wp.com\/poterie-de-crestet.com\/wp-content\/uploads\/2025\/04\/entonnoir-confiture-provence2.jpg?fit=458%2C458&ssl=1","type":"image\/jpeg"}],"twitter_card":"summary_large_image","twitter_misc":{"Gesch\u00e4tzte Lesezeit":"1\u00a0Minute"},"schema":{"@context":"https:\/\/schema.org","@graph":[{"@type":"WebPage","@id":"https:\/\/poterie-de-crestet.com\/de\/keramik\/marmeladentrichter-provence-2\/","url":"https:\/\/poterie-de-crestet.com\/de\/keramik\/marmeladentrichter-provence-2\/","name":"Marmeladentrichter Provence 2 - Poterie de Crestet","isPartOf":{"@id":"https:\/\/poterie-de-crestet.com\/de\/#website"},"primaryImageOfPage":{"@id":"https:\/\/poterie-de-crestet.com\/de\/keramik\/marmeladentrichter-provence-2\/#primaryimage"},"image":{"@id":"https:\/\/poterie-de-crestet.com\/de\/keramik\/marmeladentrichter-provence-2\/#primaryimage"},"thumbnailUrl":"https:\/\/i0.wp.com\/poterie-de-crestet.com\/wp-content\/uploads\/2025\/04\/entonnoir-confiture-provence2.jpg?fit=458%2C458&ssl=1","datePublished":"2025-04-09T15:41:48+00:00","description":"Provence 2 Marmeladentrichter: bunte und praktische Keramik f\u00fcr Marmeladen, So\u00dfen und Kompotte. Haltbar, leicht zu reinigen, sp\u00fclmaschinenfest.","breadcrumb":{"@id":"https:\/\/poterie-de-crestet.com\/de\/keramik\/marmeladentrichter-provence-2\/#breadcrumb"},"inLanguage":"de","potentialAction":[{"@type":"ReadAction","target":["https:\/\/poterie-de-crestet.com\/de\/keramik\/marmeladentrichter-provence-2\/"]}]},{"@type":"ImageObject","inLanguage":"de","@id":"https:\/\/poterie-de-crestet.com\/de\/keramik\/marmeladentrichter-provence-2\/#primaryimage","url":"https:\/\/i0.wp.com\/poterie-de-crestet.com\/wp-content\/uploads\/2025\/04\/entonnoir-confiture-provence2.jpg?fit=458%2C458&ssl=1","contentUrl":"https:\/\/i0.wp.com\/poterie-de-crestet.com\/wp-content\/uploads\/2025\/04\/entonnoir-confiture-provence2.jpg?fit=458%2C458&ssl=1","width":458,"height":458,"caption":"Marmeladentrichter Provence 2"},{"@type":"BreadcrumbList","@id":"https:\/\/poterie-de-crestet.com\/de\/keramik\/marmeladentrichter-provence-2\/#breadcrumb","itemListElement":[{"@type":"ListItem","position":1,"name":"Accueil","item":"https:\/\/poterie-de-crestet.com\/de\/accueil\/"},{"@type":"ListItem","position":2,"name":"Boutique","item":"https:\/\/poterie-de-crestet.com\/ceramiques\/"},{"@type":"ListItem","position":3,"name":"Marmeladentrichter Provence 2"}]},{"@type":"WebSite","@id":"https:\/\/poterie-de-crestet.com\/de\/#website","url":"https:\/\/poterie-de-crestet.com\/de\/","name":"Poterie de Crestet","description":"Des milliers de poteries inpir\u00e9es de la Provence","publisher":{"@id":"https:\/\/poterie-de-crestet.com\/de\/#organization"},"potentialAction":[{"@type":"SearchAction","target":{"@type":"EntryPoint","urlTemplate":"https:\/\/poterie-de-crestet.com\/de\/?s={search_term_string}"},"query-input":{"@type":"PropertyValueSpecification","valueRequired":true,"valueName":"search_term_string"}}],"inLanguage":"de"},{"@type":"Organization","@id":"https:\/\/poterie-de-crestet.com\/de\/#organization","name":"Poterie de Crestet","url":"https:\/\/poterie-de-crestet.com\/de\/","logo":{"@type":"ImageObject","inLanguage":"de","@id":"https:\/\/poterie-de-crestet.com\/de\/#\/schema\/logo\/image\/","url":"https:\/\/i0.wp.com\/poterie-de-crestet.com\/wp-content\/uploads\/2025\/03\/Propo-4.png?fit=1000%2C462&ssl=1","contentUrl":"https:\/\/i0.wp.com\/poterie-de-crestet.com\/wp-content\/uploads\/2025\/03\/Propo-4.png?fit=1000%2C462&ssl=1","width":1000,"height":462,"caption":"Poterie de Crestet"},"image":{"@id":"https:\/\/poterie-de-crestet.com\/de\/#\/schema\/logo\/image\/"}}]}},"jetpack_sharing_enabled":true,"_links":{"self":[{"href":"https:\/\/poterie-de-crestet.com\/de\/wp-json\/wp\/v2\/product\/20029","targetHints":{"allow":["GET"]}}],"collection":[{"href":"https:\/\/poterie-de-crestet.com\/de\/wp-json\/wp\/v2\/product"}],"about":[{"href":"https:\/\/poterie-de-crestet.com\/de\/wp-json\/wp\/v2\/types\/product"}],"replies":[{"embeddable":true,"href":"https:\/\/poterie-de-crestet.com\/de\/wp-json\/wp\/v2\/comments?post=20029"}],"version-history":[{"count":0,"href":"https:\/\/poterie-de-crestet.com\/de\/wp-json\/wp\/v2\/product\/20029\/revisions"}],"wp:featuredmedia":[{"embeddable":true,"href":"https:\/\/poterie-de-crestet.com\/de\/wp-json\/wp\/v2\/media\/6838"}],"wp:attachment":[{"href":"https:\/\/poterie-de-crestet.com\/de\/wp-json\/wp\/v2\/media?parent=20029"}],"wp:term":[{"taxonomy":"product_brand","embeddable":true,"href":"https:\/\/poterie-de-crestet.com\/de\/wp-json\/wp\/v2\/product_brand?post=20029"},{"taxonomy":"product_cat","embeddable":true,"href":"https:\/\/poterie-de-crestet.com\/de\/wp-json\/wp\/v2\/product_cat?post=20029"},{"taxonomy":"product_tag","embeddable":true,"href":"https:\/\/poterie-de-crestet.com\/de\/wp-json\/wp\/v2\/product_tag?post=20029"}],"curies":[{"name":"wp","href":"https:\/\/api.w.org\/{rel}","templated":true}]}}