{"id":19694,"date":"2025-04-08T10:26:05","date_gmt":"2025-04-08T08:26:05","guid":{"rendered":"https:\/\/poterie-de-crestet.com\/ceramiques\/olivengericht-roter-platz\/"},"modified":"2025-04-08T10:26:05","modified_gmt":"2025-04-08T08:26:05","slug":"olivengericht-roter-platz","status":"publish","type":"product","link":"https:\/\/poterie-de-crestet.com\/de\/keramik\/olivengericht-roter-platz\/","title":{"rendered":"Olivengericht  <h5>Roter Platz<\/h5>"},"content":{"rendered":"<p>Bei diesem Carr\u00e9 Rouge-Olivengericht hat jeder Bissen seinen Platz.<br data-start=\"2240\" data-end=\"2243\">Das Hauptfach f\u00fcr Oliven oder Kirschtomaten, der feste Becher f\u00fcr Kernen oder eine So\u00dfe und ein kleines Glas in der Mitte, um die Spie\u00dfe ordentlich zu halten.<br data-start=\"2417\" data-end=\"2420\">Ideal f\u00fcr einen Aperitif auf der Terrasse oder zu einer K\u00e4setafel.<br data-start=\"2499\" data-end=\"2502\">Die Keramik <strong data-start=\"2530\" data-end=\"2538\">ist ofen-,<\/strong> <strong data-start=\"2540\" data-end=\"2555\">mikrowellen<\/strong><strong data-start=\"2557\" data-end=\"2575\">&#8211; und sp\u00fclmaschinenfest<\/strong> und entspricht <strong data-start=\"2593\" data-end=\"2616\">den Lebensmittelnormen<\/strong>.<br data-start=\"2617\" data-end=\"2620\">Und falls Sie jemals Zweifel haben, antwortet Ihnen der Kundenservice aus dem Laden, nicht von einem Roboter.<br data-start=\"2727\" data-end=\"2730\"><strong data-start=\"2730\" data-end=\"2847\">Kombiniert mit einer <a class=\"\" href=\"https:\/\/poterie-de-crestet.com\/de\/keramik\/salt-hand-roter-platz\/\" rel=\"noopener\" data-start=\"2749\" data-end=\"2776\">roten Quadratsalz-Hand<\/a> oder mit einer <a class=\"\" href=\"https:\/\/poterie-de-crestet.com\/de\/keramik\/oelflasche-50-cl-olivgraue-pistazie\/\" rel=\"noopener\" data-start=\"2802\" data-end=\"2844\">Flasche Pistaziengraues Oliven\u00f6l<\/a>.<\/strong><\/p>\n","protected":false},"excerpt":{"rendered":"<p>Aperitif-Gericht mit fester Platte und Spie\u00df, praktisch zum sch\u00f6nen Servieren.<br data-start=\"645\" data-end=\"648\"><strong data-start=\"648\" data-end=\"709\"><em data-start=\"650\" data-end=\"707\">Abmessungen: 18,5 \u00d7 4 cm (flach) \/ 9,2 \u00d7 4 cm (Schale)<\/em><\/strong><\/p>\n","protected":false},"featured_media":7290,"comment_status":"open","ping_status":"closed","template":"","meta":[],"product_brand":[],"product_cat":[279],"product_tag":[200],"class_list":{"0":"post-19694","1":"product","2":"type-product","3":"status-publish","4":"has-post-thumbnail","6":"product_cat-vorspeisengerichte","7":"product_tag-roter-platz","9":"first","10":"instock","11":"taxable","12":"shipping-taxable","13":"purchasable","14":"product-type-simple"},"yoast_head":"<!-- This site is optimized with the Yoast SEO plugin v27.5 - https:\/\/yoast.com\/product\/yoast-seo-wordpress\/ -->\n<title>Olivengericht Roter Platz - Poterie de Crestet<\/title>\n<meta name=\"description\" content=\"Modern und warm, dieses rote, quadratische Olivengericht sorgt f\u00fcr Schwung auf den Tisch. Ideal f\u00fcr Aperitifs und kleine Beilagen.\" \/>\n<meta name=\"robots\" content=\"index, follow, max-snippet:-1, max-image-preview:large, max-video-preview:-1\" \/>\n<link rel=\"canonical\" href=\"https:\/\/poterie-de-crestet.com\/de\/keramik\/olivengericht-roter-platz\/\" \/>\n<meta property=\"og:locale\" content=\"de_DE\" \/>\n<meta property=\"og:type\" content=\"article\" \/>\n<meta property=\"og:title\" content=\"Olivengericht Roter Platz - Poterie de Crestet\" \/>\n<meta property=\"og:description\" content=\"Modern und warm, dieses rote, quadratische Olivengericht sorgt f\u00fcr Schwung auf den Tisch. Ideal f\u00fcr Aperitifs und kleine Beilagen.\" \/>\n<meta property=\"og:url\" content=\"https:\/\/poterie-de-crestet.com\/de\/keramik\/olivengericht-roter-platz\/\" \/>\n<meta property=\"og:site_name\" content=\"Poterie de Crestet\" \/>\n<meta property=\"og:image\" content=\"https:\/\/i0.wp.com\/poterie-de-crestet.com\/wp-content\/uploads\/2025\/04\/plat-a-olive-carre-rouge.jpg?fit=458%2C458&ssl=1\" \/>\n\t<meta property=\"og:image:width\" content=\"458\" \/>\n\t<meta property=\"og:image:height\" content=\"458\" \/>\n\t<meta property=\"og:image:type\" content=\"image\/jpeg\" \/>\n<meta name=\"twitter:card\" content=\"summary_large_image\" \/>\n<script type=\"application\/ld+json\" class=\"yoast-schema-graph\">{\"@context\":\"https:\\\/\\\/schema.org\",\"@graph\":[{\"@type\":\"WebPage\",\"@id\":\"https:\\\/\\\/poterie-de-crestet.com\\\/de\\\/keramik\\\/olivengericht-roter-platz\\\/\",\"url\":\"https:\\\/\\\/poterie-de-crestet.com\\\/de\\\/keramik\\\/olivengericht-roter-platz\\\/\",\"name\":\"Olivengericht Roter Platz - Poterie de Crestet\",\"isPartOf\":{\"@id\":\"https:\\\/\\\/poterie-de-crestet.com\\\/de\\\/#website\"},\"primaryImageOfPage\":{\"@id\":\"https:\\\/\\\/poterie-de-crestet.com\\\/de\\\/keramik\\\/olivengericht-roter-platz\\\/#primaryimage\"},\"image\":{\"@id\":\"https:\\\/\\\/poterie-de-crestet.com\\\/de\\\/keramik\\\/olivengericht-roter-platz\\\/#primaryimage\"},\"thumbnailUrl\":\"https:\\\/\\\/i0.wp.com\\\/poterie-de-crestet.com\\\/wp-content\\\/uploads\\\/2025\\\/04\\\/plat-a-olive-carre-rouge.jpg?fit=458%2C458&ssl=1\",\"datePublished\":\"2025-04-08T08:26:05+00:00\",\"description\":\"Modern und warm, dieses rote, quadratische Olivengericht sorgt f\u00fcr Schwung auf den Tisch. Ideal f\u00fcr Aperitifs und kleine Beilagen.\",\"breadcrumb\":{\"@id\":\"https:\\\/\\\/poterie-de-crestet.com\\\/de\\\/keramik\\\/olivengericht-roter-platz\\\/#breadcrumb\"},\"inLanguage\":\"de\",\"potentialAction\":[{\"@type\":\"ReadAction\",\"target\":[\"https:\\\/\\\/poterie-de-crestet.com\\\/de\\\/keramik\\\/olivengericht-roter-platz\\\/\"]}]},{\"@type\":\"ImageObject\",\"inLanguage\":\"de\",\"@id\":\"https:\\\/\\\/poterie-de-crestet.com\\\/de\\\/keramik\\\/olivengericht-roter-platz\\\/#primaryimage\",\"url\":\"https:\\\/\\\/i0.wp.com\\\/poterie-de-crestet.com\\\/wp-content\\\/uploads\\\/2025\\\/04\\\/plat-a-olive-carre-rouge.jpg?fit=458%2C458&ssl=1\",\"contentUrl\":\"https:\\\/\\\/i0.wp.com\\\/poterie-de-crestet.com\\\/wp-content\\\/uploads\\\/2025\\\/04\\\/plat-a-olive-carre-rouge.jpg?fit=458%2C458&ssl=1\",\"width\":458,\"height\":458,\"caption\":\"Carr\u00e9-Rouge-Olivengericht\"},{\"@type\":\"BreadcrumbList\",\"@id\":\"https:\\\/\\\/poterie-de-crestet.com\\\/de\\\/keramik\\\/olivengericht-roter-platz\\\/#breadcrumb\",\"itemListElement\":[{\"@type\":\"ListItem\",\"position\":1,\"name\":\"Accueil\",\"item\":\"https:\\\/\\\/poterie-de-crestet.com\\\/de\\\/accueil\\\/\"},{\"@type\":\"ListItem\",\"position\":2,\"name\":\"Boutique\",\"item\":\"https:\\\/\\\/poterie-de-crestet.com\\\/ceramiques\\\/\"},{\"@type\":\"ListItem\",\"position\":3,\"name\":\"Olivengericht Roter Platz\"}]},{\"@type\":\"WebSite\",\"@id\":\"https:\\\/\\\/poterie-de-crestet.com\\\/de\\\/#website\",\"url\":\"https:\\\/\\\/poterie-de-crestet.com\\\/de\\\/\",\"name\":\"Poterie de Crestet\",\"description\":\"Des milliers de poteries inpir\u00e9es de la Provence\",\"publisher\":{\"@id\":\"https:\\\/\\\/poterie-de-crestet.com\\\/de\\\/#organization\"},\"potentialAction\":[{\"@type\":\"SearchAction\",\"target\":{\"@type\":\"EntryPoint\",\"urlTemplate\":\"https:\\\/\\\/poterie-de-crestet.com\\\/de\\\/?s={search_term_string}\"},\"query-input\":{\"@type\":\"PropertyValueSpecification\",\"valueRequired\":true,\"valueName\":\"search_term_string\"}}],\"inLanguage\":\"de\"},{\"@type\":\"Organization\",\"@id\":\"https:\\\/\\\/poterie-de-crestet.com\\\/de\\\/#organization\",\"name\":\"Poterie de Crestet\",\"url\":\"https:\\\/\\\/poterie-de-crestet.com\\\/de\\\/\",\"logo\":{\"@type\":\"ImageObject\",\"inLanguage\":\"de\",\"@id\":\"https:\\\/\\\/poterie-de-crestet.com\\\/de\\\/#\\\/schema\\\/logo\\\/image\\\/\",\"url\":\"https:\\\/\\\/i0.wp.com\\\/poterie-de-crestet.com\\\/wp-content\\\/uploads\\\/2025\\\/03\\\/Propo-4.png?fit=1000%2C462&ssl=1\",\"contentUrl\":\"https:\\\/\\\/i0.wp.com\\\/poterie-de-crestet.com\\\/wp-content\\\/uploads\\\/2025\\\/03\\\/Propo-4.png?fit=1000%2C462&ssl=1\",\"width\":1000,\"height\":462,\"caption\":\"Poterie de Crestet\"},\"image\":{\"@id\":\"https:\\\/\\\/poterie-de-crestet.com\\\/de\\\/#\\\/schema\\\/logo\\\/image\\\/\"}}]}<\/script>\n<!-- \/ Yoast SEO plugin. -->","yoast_head_json":{"title":"Olivengericht Roter Platz - Poterie de Crestet","description":"Modern und warm, dieses rote, quadratische Olivengericht sorgt f\u00fcr Schwung auf den Tisch. Ideal f\u00fcr Aperitifs und kleine Beilagen.","robots":{"index":"index","follow":"follow","max-snippet":"max-snippet:-1","max-image-preview":"max-image-preview:large","max-video-preview":"max-video-preview:-1"},"canonical":"https:\/\/poterie-de-crestet.com\/de\/keramik\/olivengericht-roter-platz\/","og_locale":"de_DE","og_type":"article","og_title":"Olivengericht Roter Platz - Poterie de Crestet","og_description":"Modern und warm, dieses rote, quadratische Olivengericht sorgt f\u00fcr Schwung auf den Tisch. Ideal f\u00fcr Aperitifs und kleine Beilagen.","og_url":"https:\/\/poterie-de-crestet.com\/de\/keramik\/olivengericht-roter-platz\/","og_site_name":"Poterie de Crestet","og_image":[{"width":458,"height":458,"url":"https:\/\/i0.wp.com\/poterie-de-crestet.com\/wp-content\/uploads\/2025\/04\/plat-a-olive-carre-rouge.jpg?fit=458%2C458&ssl=1","type":"image\/jpeg"}],"twitter_card":"summary_large_image","schema":{"@context":"https:\/\/schema.org","@graph":[{"@type":"WebPage","@id":"https:\/\/poterie-de-crestet.com\/de\/keramik\/olivengericht-roter-platz\/","url":"https:\/\/poterie-de-crestet.com\/de\/keramik\/olivengericht-roter-platz\/","name":"Olivengericht Roter Platz - Poterie de Crestet","isPartOf":{"@id":"https:\/\/poterie-de-crestet.com\/de\/#website"},"primaryImageOfPage":{"@id":"https:\/\/poterie-de-crestet.com\/de\/keramik\/olivengericht-roter-platz\/#primaryimage"},"image":{"@id":"https:\/\/poterie-de-crestet.com\/de\/keramik\/olivengericht-roter-platz\/#primaryimage"},"thumbnailUrl":"https:\/\/i0.wp.com\/poterie-de-crestet.com\/wp-content\/uploads\/2025\/04\/plat-a-olive-carre-rouge.jpg?fit=458%2C458&ssl=1","datePublished":"2025-04-08T08:26:05+00:00","description":"Modern und warm, dieses rote, quadratische Olivengericht sorgt f\u00fcr Schwung auf den Tisch. Ideal f\u00fcr Aperitifs und kleine Beilagen.","breadcrumb":{"@id":"https:\/\/poterie-de-crestet.com\/de\/keramik\/olivengericht-roter-platz\/#breadcrumb"},"inLanguage":"de","potentialAction":[{"@type":"ReadAction","target":["https:\/\/poterie-de-crestet.com\/de\/keramik\/olivengericht-roter-platz\/"]}]},{"@type":"ImageObject","inLanguage":"de","@id":"https:\/\/poterie-de-crestet.com\/de\/keramik\/olivengericht-roter-platz\/#primaryimage","url":"https:\/\/i0.wp.com\/poterie-de-crestet.com\/wp-content\/uploads\/2025\/04\/plat-a-olive-carre-rouge.jpg?fit=458%2C458&ssl=1","contentUrl":"https:\/\/i0.wp.com\/poterie-de-crestet.com\/wp-content\/uploads\/2025\/04\/plat-a-olive-carre-rouge.jpg?fit=458%2C458&ssl=1","width":458,"height":458,"caption":"Carr\u00e9-Rouge-Olivengericht"},{"@type":"BreadcrumbList","@id":"https:\/\/poterie-de-crestet.com\/de\/keramik\/olivengericht-roter-platz\/#breadcrumb","itemListElement":[{"@type":"ListItem","position":1,"name":"Accueil","item":"https:\/\/poterie-de-crestet.com\/de\/accueil\/"},{"@type":"ListItem","position":2,"name":"Boutique","item":"https:\/\/poterie-de-crestet.com\/ceramiques\/"},{"@type":"ListItem","position":3,"name":"Olivengericht Roter Platz"}]},{"@type":"WebSite","@id":"https:\/\/poterie-de-crestet.com\/de\/#website","url":"https:\/\/poterie-de-crestet.com\/de\/","name":"Poterie de Crestet","description":"Des milliers de poteries inpir\u00e9es de la Provence","publisher":{"@id":"https:\/\/poterie-de-crestet.com\/de\/#organization"},"potentialAction":[{"@type":"SearchAction","target":{"@type":"EntryPoint","urlTemplate":"https:\/\/poterie-de-crestet.com\/de\/?s={search_term_string}"},"query-input":{"@type":"PropertyValueSpecification","valueRequired":true,"valueName":"search_term_string"}}],"inLanguage":"de"},{"@type":"Organization","@id":"https:\/\/poterie-de-crestet.com\/de\/#organization","name":"Poterie de Crestet","url":"https:\/\/poterie-de-crestet.com\/de\/","logo":{"@type":"ImageObject","inLanguage":"de","@id":"https:\/\/poterie-de-crestet.com\/de\/#\/schema\/logo\/image\/","url":"https:\/\/i0.wp.com\/poterie-de-crestet.com\/wp-content\/uploads\/2025\/03\/Propo-4.png?fit=1000%2C462&ssl=1","contentUrl":"https:\/\/i0.wp.com\/poterie-de-crestet.com\/wp-content\/uploads\/2025\/03\/Propo-4.png?fit=1000%2C462&ssl=1","width":1000,"height":462,"caption":"Poterie de Crestet"},"image":{"@id":"https:\/\/poterie-de-crestet.com\/de\/#\/schema\/logo\/image\/"}}]}},"jetpack_sharing_enabled":true,"_links":{"self":[{"href":"https:\/\/poterie-de-crestet.com\/de\/wp-json\/wp\/v2\/product\/19694","targetHints":{"allow":["GET"]}}],"collection":[{"href":"https:\/\/poterie-de-crestet.com\/de\/wp-json\/wp\/v2\/product"}],"about":[{"href":"https:\/\/poterie-de-crestet.com\/de\/wp-json\/wp\/v2\/types\/product"}],"replies":[{"embeddable":true,"href":"https:\/\/poterie-de-crestet.com\/de\/wp-json\/wp\/v2\/comments?post=19694"}],"version-history":[{"count":0,"href":"https:\/\/poterie-de-crestet.com\/de\/wp-json\/wp\/v2\/product\/19694\/revisions"}],"wp:featuredmedia":[{"embeddable":true,"href":"https:\/\/poterie-de-crestet.com\/de\/wp-json\/wp\/v2\/media\/7290"}],"wp:attachment":[{"href":"https:\/\/poterie-de-crestet.com\/de\/wp-json\/wp\/v2\/media?parent=19694"}],"wp:term":[{"taxonomy":"product_brand","embeddable":true,"href":"https:\/\/poterie-de-crestet.com\/de\/wp-json\/wp\/v2\/product_brand?post=19694"},{"taxonomy":"product_cat","embeddable":true,"href":"https:\/\/poterie-de-crestet.com\/de\/wp-json\/wp\/v2\/product_cat?post=19694"},{"taxonomy":"product_tag","embeddable":true,"href":"https:\/\/poterie-de-crestet.com\/de\/wp-json\/wp\/v2\/product_tag?post=19694"}],"curies":[{"name":"wp","href":"https:\/\/api.w.org\/{rel}","templated":true}]}}