{"id":19659,"date":"2025-04-11T12:14:14","date_gmt":"2025-04-11T10:14:14","guid":{"rendered":"https:\/\/poterie-de-crestet.com\/ceramiques\/spike-topf-provence-2\/"},"modified":"2025-04-11T12:14:14","modified_gmt":"2025-04-11T10:14:14","slug":"spike-topf-provence-2","status":"publish","type":"product","link":"https:\/\/poterie-de-crestet.com\/de\/keramik\/spike-topf-provence-2\/","title":{"rendered":"Spike-Topf  <h5>Provence 2<\/h5>"},"content":{"rendered":"<p data-start=\"2747\" data-end=\"3027\">Das Dekor von Provence 2 mit seinen warmen roten und gelben Farben macht diesen Spitzentopf zu einem Sonnenstrahl f\u00fcr sich. Dieser kleine Beh\u00e4lter erm\u00f6glicht es Ihnen, Ihre Zahnstocher elegant aufzubewahren und den Tisch mit einer typischen provenzalischen Note zu dekorieren. <\/p>\n<p data-start=\"3029\" data-end=\"3344\">Aber beschr\u00e4nke dich nicht auf diese Nutzung! Es l\u00e4sst sich leicht in ein So\u00dfen- oder Senfglas verwandeln und kann auch an deine kreativen Bed\u00fcrfnisse angepasst werden: Wasser f\u00fcr Pinsel aussp\u00fclen, Mini-Gew\u00fcrzglas oder sogar Verstecken f\u00fcr gezuckerte Mandeln oder Bonbons. Manche verwandeln sie je nach Inspiration des jeweiligen Moments sogar in eine Miniaturvase.  <\/p>\n<p data-start=\"3346\" data-end=\"3624\">Die handgefertigte Keramikkonstruktion ist sp\u00fclmaschinenfest. Jedes St\u00fcck ist handbemalt, was es zu einem kleinen Accessoire macht, das ebenso n\u00fctzlich wie dekorativ ist. Kombinieren Sie sie mit der <a class=\"\" href=\"https:\/\/poterie-de-crestet.com\/de\/keramik\/butterschale-provence-2\/\" rel=\"noopener\" data-start=\"3532\" data-end=\"3556\">Butterschale Provence 2<\/a> oder der <a class=\"\" href=\"https:\/\/poterie-de-crestet.com\/de\/keramik\/kaffeetasse-nyons-red\/\" rel=\"noopener\" data-start=\"3563\" data-end=\"3596\">roten Tasse ohne Griff<\/a> f\u00fcr eine harmonische Portionierung.  <\/p>\n","protected":false},"excerpt":{"rendered":"<p>Ein kleines, farbenfrohes Glas f\u00fcr deine Zahnstocher, So\u00dfen oder Dekorationsideen. Ideal f\u00fcr ein bisschen Sonnenschein am Tisch. <br data-start=\"2705\" data-end=\"2708\"><strong data-start=\"2708\" data-end=\"2745\"><em data-start=\"2710\" data-end=\"2743\">Abmessungen: 5,3 \u00d7 5,3 \u00d7 6,2 cm<\/em><\/strong><\/p>\n","protected":false},"featured_media":8346,"comment_status":"open","ping_status":"closed","template":"","meta":[],"product_brand":[],"product_cat":[363],"product_tag":[249],"class_list":{"0":"post-19659","1":"product","2":"type-product","3":"status-publish","4":"has-post-thumbnail","6":"product_cat-spike-topf","7":"product_tag-provence-2","9":"first","10":"instock","11":"taxable","12":"shipping-taxable","13":"purchasable","14":"product-type-simple"},"yoast_head":"<!-- This site is optimized with the Yoast SEO plugin v27.5 - https:\/\/yoast.com\/product\/yoast-seo-wordpress\/ -->\n<title>Spike-Topf Provence 2 - Poterie de Crestet<\/title>\n<meta name=\"description\" content=\"Provence 2 Spike-Topf, alles in W\u00e4rme und Farbe. F\u00fcr Ihre Aperitifs, So\u00dfen oder clevere kleine Aufbewahrung in handbemalter Keramik.\" \/>\n<meta name=\"robots\" content=\"index, follow, max-snippet:-1, max-image-preview:large, max-video-preview:-1\" \/>\n<link rel=\"canonical\" href=\"https:\/\/poterie-de-crestet.com\/de\/keramik\/spike-topf-provence-2\/\" \/>\n<meta property=\"og:locale\" content=\"de_DE\" \/>\n<meta property=\"og:type\" content=\"article\" \/>\n<meta property=\"og:title\" content=\"Spike-Topf Provence 2 - Poterie de Crestet\" \/>\n<meta property=\"og:description\" content=\"Provence 2 Spike-Topf, alles in W\u00e4rme und Farbe. F\u00fcr Ihre Aperitifs, So\u00dfen oder clevere kleine Aufbewahrung in handbemalter Keramik.\" \/>\n<meta property=\"og:url\" content=\"https:\/\/poterie-de-crestet.com\/de\/keramik\/spike-topf-provence-2\/\" \/>\n<meta property=\"og:site_name\" content=\"Poterie de Crestet\" \/>\n<meta property=\"og:image\" content=\"https:\/\/i0.wp.com\/poterie-de-crestet.com\/wp-content\/uploads\/2025\/04\/Poterie-du-Crestet1313-e1748847735613.jpg?fit=800%2C532&ssl=1\" \/>\n\t<meta property=\"og:image:width\" content=\"800\" \/>\n\t<meta property=\"og:image:height\" content=\"532\" \/>\n\t<meta property=\"og:image:type\" content=\"image\/jpeg\" \/>\n<meta name=\"twitter:card\" content=\"summary_large_image\" \/>\n<meta name=\"twitter:label1\" content=\"Gesch\u00e4tzte Lesezeit\" \/>\n\t<meta name=\"twitter:data1\" content=\"1\u00a0Minute\" \/>\n<script type=\"application\/ld+json\" class=\"yoast-schema-graph\">{\"@context\":\"https:\\\/\\\/schema.org\",\"@graph\":[{\"@type\":\"WebPage\",\"@id\":\"https:\\\/\\\/poterie-de-crestet.com\\\/de\\\/keramik\\\/spike-topf-provence-2\\\/\",\"url\":\"https:\\\/\\\/poterie-de-crestet.com\\\/de\\\/keramik\\\/spike-topf-provence-2\\\/\",\"name\":\"Spike-Topf Provence 2 - Poterie de Crestet\",\"isPartOf\":{\"@id\":\"https:\\\/\\\/poterie-de-crestet.com\\\/de\\\/#website\"},\"primaryImageOfPage\":{\"@id\":\"https:\\\/\\\/poterie-de-crestet.com\\\/de\\\/keramik\\\/spike-topf-provence-2\\\/#primaryimage\"},\"image\":{\"@id\":\"https:\\\/\\\/poterie-de-crestet.com\\\/de\\\/keramik\\\/spike-topf-provence-2\\\/#primaryimage\"},\"thumbnailUrl\":\"https:\\\/\\\/i0.wp.com\\\/poterie-de-crestet.com\\\/wp-content\\\/uploads\\\/2025\\\/04\\\/Poterie-du-Crestet1313-e1748847735613.jpg?fit=800%2C532&ssl=1\",\"datePublished\":\"2025-04-11T10:14:14+00:00\",\"description\":\"Provence 2 Spike-Topf, alles in W\u00e4rme und Farbe. F\u00fcr Ihre Aperitifs, So\u00dfen oder clevere kleine Aufbewahrung in handbemalter Keramik.\",\"breadcrumb\":{\"@id\":\"https:\\\/\\\/poterie-de-crestet.com\\\/de\\\/keramik\\\/spike-topf-provence-2\\\/#breadcrumb\"},\"inLanguage\":\"de\",\"potentialAction\":[{\"@type\":\"ReadAction\",\"target\":[\"https:\\\/\\\/poterie-de-crestet.com\\\/de\\\/keramik\\\/spike-topf-provence-2\\\/\"]}]},{\"@type\":\"ImageObject\",\"inLanguage\":\"de\",\"@id\":\"https:\\\/\\\/poterie-de-crestet.com\\\/de\\\/keramik\\\/spike-topf-provence-2\\\/#primaryimage\",\"url\":\"https:\\\/\\\/i0.wp.com\\\/poterie-de-crestet.com\\\/wp-content\\\/uploads\\\/2025\\\/04\\\/Poterie-du-Crestet1313-e1748847735613.jpg?fit=800%2C532&ssl=1\",\"contentUrl\":\"https:\\\/\\\/i0.wp.com\\\/poterie-de-crestet.com\\\/wp-content\\\/uploads\\\/2025\\\/04\\\/Poterie-du-Crestet1313-e1748847735613.jpg?fit=800%2C532&ssl=1\",\"width\":800,\"height\":532,\"caption\":\"Provence 2 Spike Pot\"},{\"@type\":\"BreadcrumbList\",\"@id\":\"https:\\\/\\\/poterie-de-crestet.com\\\/de\\\/keramik\\\/spike-topf-provence-2\\\/#breadcrumb\",\"itemListElement\":[{\"@type\":\"ListItem\",\"position\":1,\"name\":\"Accueil\",\"item\":\"https:\\\/\\\/poterie-de-crestet.com\\\/de\\\/accueil\\\/\"},{\"@type\":\"ListItem\",\"position\":2,\"name\":\"Boutique\",\"item\":\"https:\\\/\\\/poterie-de-crestet.com\\\/ceramiques\\\/\"},{\"@type\":\"ListItem\",\"position\":3,\"name\":\"Spike-Topf Provence 2\"}]},{\"@type\":\"WebSite\",\"@id\":\"https:\\\/\\\/poterie-de-crestet.com\\\/de\\\/#website\",\"url\":\"https:\\\/\\\/poterie-de-crestet.com\\\/de\\\/\",\"name\":\"Poterie de Crestet\",\"description\":\"Des milliers de poteries inpir\u00e9es de la Provence\",\"publisher\":{\"@id\":\"https:\\\/\\\/poterie-de-crestet.com\\\/de\\\/#organization\"},\"potentialAction\":[{\"@type\":\"SearchAction\",\"target\":{\"@type\":\"EntryPoint\",\"urlTemplate\":\"https:\\\/\\\/poterie-de-crestet.com\\\/de\\\/?s={search_term_string}\"},\"query-input\":{\"@type\":\"PropertyValueSpecification\",\"valueRequired\":true,\"valueName\":\"search_term_string\"}}],\"inLanguage\":\"de\"},{\"@type\":\"Organization\",\"@id\":\"https:\\\/\\\/poterie-de-crestet.com\\\/de\\\/#organization\",\"name\":\"Poterie de Crestet\",\"url\":\"https:\\\/\\\/poterie-de-crestet.com\\\/de\\\/\",\"logo\":{\"@type\":\"ImageObject\",\"inLanguage\":\"de\",\"@id\":\"https:\\\/\\\/poterie-de-crestet.com\\\/de\\\/#\\\/schema\\\/logo\\\/image\\\/\",\"url\":\"https:\\\/\\\/i0.wp.com\\\/poterie-de-crestet.com\\\/wp-content\\\/uploads\\\/2025\\\/03\\\/Propo-4.png?fit=1000%2C462&ssl=1\",\"contentUrl\":\"https:\\\/\\\/i0.wp.com\\\/poterie-de-crestet.com\\\/wp-content\\\/uploads\\\/2025\\\/03\\\/Propo-4.png?fit=1000%2C462&ssl=1\",\"width\":1000,\"height\":462,\"caption\":\"Poterie de Crestet\"},\"image\":{\"@id\":\"https:\\\/\\\/poterie-de-crestet.com\\\/de\\\/#\\\/schema\\\/logo\\\/image\\\/\"}}]}<\/script>\n<!-- \/ Yoast SEO plugin. -->","yoast_head_json":{"title":"Spike-Topf Provence 2 - Poterie de Crestet","description":"Provence 2 Spike-Topf, alles in W\u00e4rme und Farbe. F\u00fcr Ihre Aperitifs, So\u00dfen oder clevere kleine Aufbewahrung in handbemalter Keramik.","robots":{"index":"index","follow":"follow","max-snippet":"max-snippet:-1","max-image-preview":"max-image-preview:large","max-video-preview":"max-video-preview:-1"},"canonical":"https:\/\/poterie-de-crestet.com\/de\/keramik\/spike-topf-provence-2\/","og_locale":"de_DE","og_type":"article","og_title":"Spike-Topf Provence 2 - Poterie de Crestet","og_description":"Provence 2 Spike-Topf, alles in W\u00e4rme und Farbe. F\u00fcr Ihre Aperitifs, So\u00dfen oder clevere kleine Aufbewahrung in handbemalter Keramik.","og_url":"https:\/\/poterie-de-crestet.com\/de\/keramik\/spike-topf-provence-2\/","og_site_name":"Poterie de Crestet","og_image":[{"width":800,"height":532,"url":"https:\/\/i0.wp.com\/poterie-de-crestet.com\/wp-content\/uploads\/2025\/04\/Poterie-du-Crestet1313-e1748847735613.jpg?fit=800%2C532&ssl=1","type":"image\/jpeg"}],"twitter_card":"summary_large_image","twitter_misc":{"Gesch\u00e4tzte Lesezeit":"1\u00a0Minute"},"schema":{"@context":"https:\/\/schema.org","@graph":[{"@type":"WebPage","@id":"https:\/\/poterie-de-crestet.com\/de\/keramik\/spike-topf-provence-2\/","url":"https:\/\/poterie-de-crestet.com\/de\/keramik\/spike-topf-provence-2\/","name":"Spike-Topf Provence 2 - Poterie de Crestet","isPartOf":{"@id":"https:\/\/poterie-de-crestet.com\/de\/#website"},"primaryImageOfPage":{"@id":"https:\/\/poterie-de-crestet.com\/de\/keramik\/spike-topf-provence-2\/#primaryimage"},"image":{"@id":"https:\/\/poterie-de-crestet.com\/de\/keramik\/spike-topf-provence-2\/#primaryimage"},"thumbnailUrl":"https:\/\/i0.wp.com\/poterie-de-crestet.com\/wp-content\/uploads\/2025\/04\/Poterie-du-Crestet1313-e1748847735613.jpg?fit=800%2C532&ssl=1","datePublished":"2025-04-11T10:14:14+00:00","description":"Provence 2 Spike-Topf, alles in W\u00e4rme und Farbe. F\u00fcr Ihre Aperitifs, So\u00dfen oder clevere kleine Aufbewahrung in handbemalter Keramik.","breadcrumb":{"@id":"https:\/\/poterie-de-crestet.com\/de\/keramik\/spike-topf-provence-2\/#breadcrumb"},"inLanguage":"de","potentialAction":[{"@type":"ReadAction","target":["https:\/\/poterie-de-crestet.com\/de\/keramik\/spike-topf-provence-2\/"]}]},{"@type":"ImageObject","inLanguage":"de","@id":"https:\/\/poterie-de-crestet.com\/de\/keramik\/spike-topf-provence-2\/#primaryimage","url":"https:\/\/i0.wp.com\/poterie-de-crestet.com\/wp-content\/uploads\/2025\/04\/Poterie-du-Crestet1313-e1748847735613.jpg?fit=800%2C532&ssl=1","contentUrl":"https:\/\/i0.wp.com\/poterie-de-crestet.com\/wp-content\/uploads\/2025\/04\/Poterie-du-Crestet1313-e1748847735613.jpg?fit=800%2C532&ssl=1","width":800,"height":532,"caption":"Provence 2 Spike Pot"},{"@type":"BreadcrumbList","@id":"https:\/\/poterie-de-crestet.com\/de\/keramik\/spike-topf-provence-2\/#breadcrumb","itemListElement":[{"@type":"ListItem","position":1,"name":"Accueil","item":"https:\/\/poterie-de-crestet.com\/de\/accueil\/"},{"@type":"ListItem","position":2,"name":"Boutique","item":"https:\/\/poterie-de-crestet.com\/ceramiques\/"},{"@type":"ListItem","position":3,"name":"Spike-Topf Provence 2"}]},{"@type":"WebSite","@id":"https:\/\/poterie-de-crestet.com\/de\/#website","url":"https:\/\/poterie-de-crestet.com\/de\/","name":"Poterie de Crestet","description":"Des milliers de poteries inpir\u00e9es de la Provence","publisher":{"@id":"https:\/\/poterie-de-crestet.com\/de\/#organization"},"potentialAction":[{"@type":"SearchAction","target":{"@type":"EntryPoint","urlTemplate":"https:\/\/poterie-de-crestet.com\/de\/?s={search_term_string}"},"query-input":{"@type":"PropertyValueSpecification","valueRequired":true,"valueName":"search_term_string"}}],"inLanguage":"de"},{"@type":"Organization","@id":"https:\/\/poterie-de-crestet.com\/de\/#organization","name":"Poterie de Crestet","url":"https:\/\/poterie-de-crestet.com\/de\/","logo":{"@type":"ImageObject","inLanguage":"de","@id":"https:\/\/poterie-de-crestet.com\/de\/#\/schema\/logo\/image\/","url":"https:\/\/i0.wp.com\/poterie-de-crestet.com\/wp-content\/uploads\/2025\/03\/Propo-4.png?fit=1000%2C462&ssl=1","contentUrl":"https:\/\/i0.wp.com\/poterie-de-crestet.com\/wp-content\/uploads\/2025\/03\/Propo-4.png?fit=1000%2C462&ssl=1","width":1000,"height":462,"caption":"Poterie de Crestet"},"image":{"@id":"https:\/\/poterie-de-crestet.com\/de\/#\/schema\/logo\/image\/"}}]}},"jetpack_sharing_enabled":true,"_links":{"self":[{"href":"https:\/\/poterie-de-crestet.com\/de\/wp-json\/wp\/v2\/product\/19659","targetHints":{"allow":["GET"]}}],"collection":[{"href":"https:\/\/poterie-de-crestet.com\/de\/wp-json\/wp\/v2\/product"}],"about":[{"href":"https:\/\/poterie-de-crestet.com\/de\/wp-json\/wp\/v2\/types\/product"}],"replies":[{"embeddable":true,"href":"https:\/\/poterie-de-crestet.com\/de\/wp-json\/wp\/v2\/comments?post=19659"}],"version-history":[{"count":0,"href":"https:\/\/poterie-de-crestet.com\/de\/wp-json\/wp\/v2\/product\/19659\/revisions"}],"wp:featuredmedia":[{"embeddable":true,"href":"https:\/\/poterie-de-crestet.com\/de\/wp-json\/wp\/v2\/media\/8346"}],"wp:attachment":[{"href":"https:\/\/poterie-de-crestet.com\/de\/wp-json\/wp\/v2\/media?parent=19659"}],"wp:term":[{"taxonomy":"product_brand","embeddable":true,"href":"https:\/\/poterie-de-crestet.com\/de\/wp-json\/wp\/v2\/product_brand?post=19659"},{"taxonomy":"product_cat","embeddable":true,"href":"https:\/\/poterie-de-crestet.com\/de\/wp-json\/wp\/v2\/product_cat?post=19659"},{"taxonomy":"product_tag","embeddable":true,"href":"https:\/\/poterie-de-crestet.com\/de\/wp-json\/wp\/v2\/product_tag?post=19659"}],"curies":[{"name":"wp","href":"https:\/\/api.w.org\/{rel}","templated":true}]}}