{"id":19649,"date":"2025-04-11T12:14:14","date_gmt":"2025-04-11T10:14:14","guid":{"rendered":"https:\/\/poterie-de-crestet.com\/ceramiques\/spike-topf-olivgrauer-tuerkis\/"},"modified":"2025-04-11T12:14:14","modified_gmt":"2025-04-11T10:14:14","slug":"spike-topf-olivgrauer-tuerkis","status":"publish","type":"product","link":"https:\/\/poterie-de-crestet.com\/de\/keramik\/spike-topf-olivgrauer-tuerkis\/","title":{"rendered":"Spike-Topf  <h5>Olivgrauer T\u00fcrkis<\/h5>"},"content":{"rendered":"<p data-start=\"4599\" data-end=\"4933\">Mit seiner &#8222;olivgrauen t\u00fcrkisfarbenen&#8220; Dekoration ist dieser Spitzentopf sofort ein Blickfang. Er schmeckt deinen Tisch auf, ohne es zu \u00fcbertreiben, und findet schnell seinen Platz neben Oliven oder Wurstst\u00fccken. Schieben Sie Zahnstocher hinein, damit sich alle bedienen k\u00f6nnen, oder eine kleine hausgemachte So\u00dfe als Begleitung.  <\/p>\n<p data-start=\"4935\" data-end=\"5183\">Er kann auch leicht in ein kreatives Medium verwandelt werden: ein Wasserkanne zum Malen, eine Minivase oder ein Beh\u00e4lter f\u00fcr kleine Vorr\u00e4te. Es ist ein einfaches, funktionales und freudiges Objekt, das sowohl Kochliebhaber als auch Dekorationsliebhaber anspricht. <\/p>\n<p data-start=\"5185\" data-end=\"5320\">Kombinieren Sie es mit der <a class=\"\" href=\"https:\/\/poterie-de-crestet.com\/de\/keramik\/salatschuessel-olivgrauer-tuerkis\/\" rel=\"noopener\" data-start=\"5204\" data-end=\"5231\">Salatsch\u00fcssel derselben Dekoration<\/a> zu einem passenden Tisch oder wagen Sie es, mit einem <a class=\"\" href=\"https:\/\/poterie-de-crestet.com\/de\/keramik\/egg-holder-6-tropisch\/\" rel=\"noopener\" data-start=\"5289\" data-end=\"5319\">Eierhalter von 6 Tropical<\/a> original zu sein.<\/p>\n","protected":false},"excerpt":{"rendered":"<p>T\u00fcrkisfarbener Glitzer f\u00fcr diesen kleinen Spitzentopf. Perfekt f\u00fcr Aperitif, So\u00dfen oder Bastelarbeiten. <\/p>\n<p><strong data-start=\"4560\" data-end=\"4597\"><em data-start=\"4562\" data-end=\"4595\">Abmessungen: 5,3 \u00d7 5,3 \u00d7 6,2 cm<\/em><\/strong><\/p>\n","protected":false},"featured_media":8352,"comment_status":"open","ping_status":"closed","template":"","meta":[],"product_brand":[],"product_cat":[363],"product_tag":[192],"class_list":{"0":"post-19649","1":"product","2":"type-product","3":"status-publish","4":"has-post-thumbnail","6":"product_cat-spike-topf","7":"product_tag-olivgrauer-turkis","9":"first","10":"instock","11":"taxable","12":"shipping-taxable","13":"purchasable","14":"product-type-simple"},"yoast_head":"<!-- This site is optimized with the Yoast SEO plugin v27.5 - https:\/\/yoast.com\/product\/yoast-seo-wordpress\/ -->\n<title>Spike-Topf Olivgrauer T\u00fcrkis - Poterie de Crestet<\/title>\n<meta name=\"description\" content=\"Spike-Topf mit t\u00fcrkisgrauem Dekor, ideal f\u00fcr Spaten oder So\u00dfen. Kompakt und elegant passt er sowohl auf den Tisch als auch in eine Werkstatt.\" \/>\n<meta name=\"robots\" content=\"index, follow, max-snippet:-1, max-image-preview:large, max-video-preview:-1\" \/>\n<link rel=\"canonical\" href=\"https:\/\/poterie-de-crestet.com\/de\/keramik\/spike-topf-olivgrauer-tuerkis\/\" \/>\n<meta property=\"og:locale\" content=\"de_DE\" \/>\n<meta property=\"og:type\" content=\"article\" \/>\n<meta property=\"og:title\" content=\"Spike-Topf Olivgrauer T\u00fcrkis - Poterie de Crestet\" \/>\n<meta property=\"og:description\" content=\"Spike-Topf mit t\u00fcrkisgrauem Dekor, ideal f\u00fcr Spaten oder So\u00dfen. Kompakt und elegant passt er sowohl auf den Tisch als auch in eine Werkstatt.\" \/>\n<meta property=\"og:url\" content=\"https:\/\/poterie-de-crestet.com\/de\/keramik\/spike-topf-olivgrauer-tuerkis\/\" \/>\n<meta property=\"og:site_name\" content=\"Poterie de Crestet\" \/>\n<meta property=\"og:image\" content=\"https:\/\/i0.wp.com\/poterie-de-crestet.com\/wp-content\/uploads\/2025\/04\/Poterie-du-Crestet1316-e1748847669673.jpg?fit=800%2C532&ssl=1\" \/>\n\t<meta property=\"og:image:width\" content=\"800\" \/>\n\t<meta property=\"og:image:height\" content=\"532\" \/>\n\t<meta property=\"og:image:type\" content=\"image\/jpeg\" \/>\n<meta name=\"twitter:card\" content=\"summary_large_image\" \/>\n<meta name=\"twitter:label1\" content=\"Gesch\u00e4tzte Lesezeit\" \/>\n\t<meta name=\"twitter:data1\" content=\"1\u00a0Minute\" \/>\n<script type=\"application\/ld+json\" class=\"yoast-schema-graph\">{\"@context\":\"https:\\\/\\\/schema.org\",\"@graph\":[{\"@type\":\"WebPage\",\"@id\":\"https:\\\/\\\/poterie-de-crestet.com\\\/de\\\/keramik\\\/spike-topf-olivgrauer-tuerkis\\\/\",\"url\":\"https:\\\/\\\/poterie-de-crestet.com\\\/de\\\/keramik\\\/spike-topf-olivgrauer-tuerkis\\\/\",\"name\":\"Spike-Topf Olivgrauer T\u00fcrkis - Poterie de Crestet\",\"isPartOf\":{\"@id\":\"https:\\\/\\\/poterie-de-crestet.com\\\/de\\\/#website\"},\"primaryImageOfPage\":{\"@id\":\"https:\\\/\\\/poterie-de-crestet.com\\\/de\\\/keramik\\\/spike-topf-olivgrauer-tuerkis\\\/#primaryimage\"},\"image\":{\"@id\":\"https:\\\/\\\/poterie-de-crestet.com\\\/de\\\/keramik\\\/spike-topf-olivgrauer-tuerkis\\\/#primaryimage\"},\"thumbnailUrl\":\"https:\\\/\\\/i0.wp.com\\\/poterie-de-crestet.com\\\/wp-content\\\/uploads\\\/2025\\\/04\\\/Poterie-du-Crestet1316-e1748847669673.jpg?fit=800%2C532&ssl=1\",\"datePublished\":\"2025-04-11T10:14:14+00:00\",\"description\":\"Spike-Topf mit t\u00fcrkisgrauem Dekor, ideal f\u00fcr Spaten oder So\u00dfen. Kompakt und elegant passt er sowohl auf den Tisch als auch in eine Werkstatt.\",\"breadcrumb\":{\"@id\":\"https:\\\/\\\/poterie-de-crestet.com\\\/de\\\/keramik\\\/spike-topf-olivgrauer-tuerkis\\\/#breadcrumb\"},\"inLanguage\":\"de\",\"potentialAction\":[{\"@type\":\"ReadAction\",\"target\":[\"https:\\\/\\\/poterie-de-crestet.com\\\/de\\\/keramik\\\/spike-topf-olivgrauer-tuerkis\\\/\"]}]},{\"@type\":\"ImageObject\",\"inLanguage\":\"de\",\"@id\":\"https:\\\/\\\/poterie-de-crestet.com\\\/de\\\/keramik\\\/spike-topf-olivgrauer-tuerkis\\\/#primaryimage\",\"url\":\"https:\\\/\\\/i0.wp.com\\\/poterie-de-crestet.com\\\/wp-content\\\/uploads\\\/2025\\\/04\\\/Poterie-du-Crestet1316-e1748847669673.jpg?fit=800%2C532&ssl=1\",\"contentUrl\":\"https:\\\/\\\/i0.wp.com\\\/poterie-de-crestet.com\\\/wp-content\\\/uploads\\\/2025\\\/04\\\/Poterie-du-Crestet1316-e1748847669673.jpg?fit=800%2C532&ssl=1\",\"width\":800,\"height\":532,\"caption\":\"Spitzentopf Olivgrau-T\u00fcrkis\"},{\"@type\":\"BreadcrumbList\",\"@id\":\"https:\\\/\\\/poterie-de-crestet.com\\\/de\\\/keramik\\\/spike-topf-olivgrauer-tuerkis\\\/#breadcrumb\",\"itemListElement\":[{\"@type\":\"ListItem\",\"position\":1,\"name\":\"Accueil\",\"item\":\"https:\\\/\\\/poterie-de-crestet.com\\\/de\\\/accueil\\\/\"},{\"@type\":\"ListItem\",\"position\":2,\"name\":\"Boutique\",\"item\":\"https:\\\/\\\/poterie-de-crestet.com\\\/ceramiques\\\/\"},{\"@type\":\"ListItem\",\"position\":3,\"name\":\"Spike-Topf Olivgrauer T\u00fcrkis\"}]},{\"@type\":\"WebSite\",\"@id\":\"https:\\\/\\\/poterie-de-crestet.com\\\/de\\\/#website\",\"url\":\"https:\\\/\\\/poterie-de-crestet.com\\\/de\\\/\",\"name\":\"Poterie de Crestet\",\"description\":\"Des milliers de poteries inpir\u00e9es de la Provence\",\"publisher\":{\"@id\":\"https:\\\/\\\/poterie-de-crestet.com\\\/de\\\/#organization\"},\"potentialAction\":[{\"@type\":\"SearchAction\",\"target\":{\"@type\":\"EntryPoint\",\"urlTemplate\":\"https:\\\/\\\/poterie-de-crestet.com\\\/de\\\/?s={search_term_string}\"},\"query-input\":{\"@type\":\"PropertyValueSpecification\",\"valueRequired\":true,\"valueName\":\"search_term_string\"}}],\"inLanguage\":\"de\"},{\"@type\":\"Organization\",\"@id\":\"https:\\\/\\\/poterie-de-crestet.com\\\/de\\\/#organization\",\"name\":\"Poterie de Crestet\",\"url\":\"https:\\\/\\\/poterie-de-crestet.com\\\/de\\\/\",\"logo\":{\"@type\":\"ImageObject\",\"inLanguage\":\"de\",\"@id\":\"https:\\\/\\\/poterie-de-crestet.com\\\/de\\\/#\\\/schema\\\/logo\\\/image\\\/\",\"url\":\"https:\\\/\\\/i0.wp.com\\\/poterie-de-crestet.com\\\/wp-content\\\/uploads\\\/2025\\\/03\\\/Propo-4.png?fit=1000%2C462&ssl=1\",\"contentUrl\":\"https:\\\/\\\/i0.wp.com\\\/poterie-de-crestet.com\\\/wp-content\\\/uploads\\\/2025\\\/03\\\/Propo-4.png?fit=1000%2C462&ssl=1\",\"width\":1000,\"height\":462,\"caption\":\"Poterie de Crestet\"},\"image\":{\"@id\":\"https:\\\/\\\/poterie-de-crestet.com\\\/de\\\/#\\\/schema\\\/logo\\\/image\\\/\"}}]}<\/script>\n<!-- \/ Yoast SEO plugin. -->","yoast_head_json":{"title":"Spike-Topf Olivgrauer T\u00fcrkis - Poterie de Crestet","description":"Spike-Topf mit t\u00fcrkisgrauem Dekor, ideal f\u00fcr Spaten oder So\u00dfen. Kompakt und elegant passt er sowohl auf den Tisch als auch in eine Werkstatt.","robots":{"index":"index","follow":"follow","max-snippet":"max-snippet:-1","max-image-preview":"max-image-preview:large","max-video-preview":"max-video-preview:-1"},"canonical":"https:\/\/poterie-de-crestet.com\/de\/keramik\/spike-topf-olivgrauer-tuerkis\/","og_locale":"de_DE","og_type":"article","og_title":"Spike-Topf Olivgrauer T\u00fcrkis - Poterie de Crestet","og_description":"Spike-Topf mit t\u00fcrkisgrauem Dekor, ideal f\u00fcr Spaten oder So\u00dfen. Kompakt und elegant passt er sowohl auf den Tisch als auch in eine Werkstatt.","og_url":"https:\/\/poterie-de-crestet.com\/de\/keramik\/spike-topf-olivgrauer-tuerkis\/","og_site_name":"Poterie de Crestet","og_image":[{"width":800,"height":532,"url":"https:\/\/i0.wp.com\/poterie-de-crestet.com\/wp-content\/uploads\/2025\/04\/Poterie-du-Crestet1316-e1748847669673.jpg?fit=800%2C532&ssl=1","type":"image\/jpeg"}],"twitter_card":"summary_large_image","twitter_misc":{"Gesch\u00e4tzte Lesezeit":"1\u00a0Minute"},"schema":{"@context":"https:\/\/schema.org","@graph":[{"@type":"WebPage","@id":"https:\/\/poterie-de-crestet.com\/de\/keramik\/spike-topf-olivgrauer-tuerkis\/","url":"https:\/\/poterie-de-crestet.com\/de\/keramik\/spike-topf-olivgrauer-tuerkis\/","name":"Spike-Topf Olivgrauer T\u00fcrkis - Poterie de Crestet","isPartOf":{"@id":"https:\/\/poterie-de-crestet.com\/de\/#website"},"primaryImageOfPage":{"@id":"https:\/\/poterie-de-crestet.com\/de\/keramik\/spike-topf-olivgrauer-tuerkis\/#primaryimage"},"image":{"@id":"https:\/\/poterie-de-crestet.com\/de\/keramik\/spike-topf-olivgrauer-tuerkis\/#primaryimage"},"thumbnailUrl":"https:\/\/i0.wp.com\/poterie-de-crestet.com\/wp-content\/uploads\/2025\/04\/Poterie-du-Crestet1316-e1748847669673.jpg?fit=800%2C532&ssl=1","datePublished":"2025-04-11T10:14:14+00:00","description":"Spike-Topf mit t\u00fcrkisgrauem Dekor, ideal f\u00fcr Spaten oder So\u00dfen. Kompakt und elegant passt er sowohl auf den Tisch als auch in eine Werkstatt.","breadcrumb":{"@id":"https:\/\/poterie-de-crestet.com\/de\/keramik\/spike-topf-olivgrauer-tuerkis\/#breadcrumb"},"inLanguage":"de","potentialAction":[{"@type":"ReadAction","target":["https:\/\/poterie-de-crestet.com\/de\/keramik\/spike-topf-olivgrauer-tuerkis\/"]}]},{"@type":"ImageObject","inLanguage":"de","@id":"https:\/\/poterie-de-crestet.com\/de\/keramik\/spike-topf-olivgrauer-tuerkis\/#primaryimage","url":"https:\/\/i0.wp.com\/poterie-de-crestet.com\/wp-content\/uploads\/2025\/04\/Poterie-du-Crestet1316-e1748847669673.jpg?fit=800%2C532&ssl=1","contentUrl":"https:\/\/i0.wp.com\/poterie-de-crestet.com\/wp-content\/uploads\/2025\/04\/Poterie-du-Crestet1316-e1748847669673.jpg?fit=800%2C532&ssl=1","width":800,"height":532,"caption":"Spitzentopf Olivgrau-T\u00fcrkis"},{"@type":"BreadcrumbList","@id":"https:\/\/poterie-de-crestet.com\/de\/keramik\/spike-topf-olivgrauer-tuerkis\/#breadcrumb","itemListElement":[{"@type":"ListItem","position":1,"name":"Accueil","item":"https:\/\/poterie-de-crestet.com\/de\/accueil\/"},{"@type":"ListItem","position":2,"name":"Boutique","item":"https:\/\/poterie-de-crestet.com\/ceramiques\/"},{"@type":"ListItem","position":3,"name":"Spike-Topf Olivgrauer T\u00fcrkis"}]},{"@type":"WebSite","@id":"https:\/\/poterie-de-crestet.com\/de\/#website","url":"https:\/\/poterie-de-crestet.com\/de\/","name":"Poterie de Crestet","description":"Des milliers de poteries inpir\u00e9es de la Provence","publisher":{"@id":"https:\/\/poterie-de-crestet.com\/de\/#organization"},"potentialAction":[{"@type":"SearchAction","target":{"@type":"EntryPoint","urlTemplate":"https:\/\/poterie-de-crestet.com\/de\/?s={search_term_string}"},"query-input":{"@type":"PropertyValueSpecification","valueRequired":true,"valueName":"search_term_string"}}],"inLanguage":"de"},{"@type":"Organization","@id":"https:\/\/poterie-de-crestet.com\/de\/#organization","name":"Poterie de Crestet","url":"https:\/\/poterie-de-crestet.com\/de\/","logo":{"@type":"ImageObject","inLanguage":"de","@id":"https:\/\/poterie-de-crestet.com\/de\/#\/schema\/logo\/image\/","url":"https:\/\/i0.wp.com\/poterie-de-crestet.com\/wp-content\/uploads\/2025\/03\/Propo-4.png?fit=1000%2C462&ssl=1","contentUrl":"https:\/\/i0.wp.com\/poterie-de-crestet.com\/wp-content\/uploads\/2025\/03\/Propo-4.png?fit=1000%2C462&ssl=1","width":1000,"height":462,"caption":"Poterie de Crestet"},"image":{"@id":"https:\/\/poterie-de-crestet.com\/de\/#\/schema\/logo\/image\/"}}]}},"jetpack_sharing_enabled":true,"_links":{"self":[{"href":"https:\/\/poterie-de-crestet.com\/de\/wp-json\/wp\/v2\/product\/19649","targetHints":{"allow":["GET"]}}],"collection":[{"href":"https:\/\/poterie-de-crestet.com\/de\/wp-json\/wp\/v2\/product"}],"about":[{"href":"https:\/\/poterie-de-crestet.com\/de\/wp-json\/wp\/v2\/types\/product"}],"replies":[{"embeddable":true,"href":"https:\/\/poterie-de-crestet.com\/de\/wp-json\/wp\/v2\/comments?post=19649"}],"version-history":[{"count":0,"href":"https:\/\/poterie-de-crestet.com\/de\/wp-json\/wp\/v2\/product\/19649\/revisions"}],"wp:featuredmedia":[{"embeddable":true,"href":"https:\/\/poterie-de-crestet.com\/de\/wp-json\/wp\/v2\/media\/8352"}],"wp:attachment":[{"href":"https:\/\/poterie-de-crestet.com\/de\/wp-json\/wp\/v2\/media?parent=19649"}],"wp:term":[{"taxonomy":"product_brand","embeddable":true,"href":"https:\/\/poterie-de-crestet.com\/de\/wp-json\/wp\/v2\/product_brand?post=19649"},{"taxonomy":"product_cat","embeddable":true,"href":"https:\/\/poterie-de-crestet.com\/de\/wp-json\/wp\/v2\/product_cat?post=19649"},{"taxonomy":"product_tag","embeddable":true,"href":"https:\/\/poterie-de-crestet.com\/de\/wp-json\/wp\/v2\/product_tag?post=19649"}],"curies":[{"name":"wp","href":"https:\/\/api.w.org\/{rel}","templated":true}]}}