{"id":19632,"date":"2025-04-11T12:14:14","date_gmt":"2025-04-11T10:14:14","guid":{"rendered":"https:\/\/poterie-de-crestet.com\/ceramiques\/spike-topf-fliedergraue-olive\/"},"modified":"2025-04-11T12:14:14","modified_gmt":"2025-04-11T10:14:14","slug":"spike-topf-fliedergraue-olive","status":"publish","type":"product","link":"https:\/\/poterie-de-crestet.com\/de\/keramik\/spike-topf-fliedergraue-olive\/","title":{"rendered":"Spike-Topf  <h5>Fliedergraue Olive<\/h5>"},"content":{"rendered":"<p data-start=\"2564\" data-end=\"2898\">Dieser Mini-Keramiktopf kann viel mehr, als nur deine Zahnstocher zu halten. Sein &#8222;Olivlilac-Grey&#8220;-Dekor, sowohl weich als auch elegant, macht es perfekt, um einen Tisch mit Eleganz zu decken. Seine einfache Form passt sich an viele allt\u00e4gliche Gebrauchszwecke: Aperitifs, Gew\u00fcrze, So\u00dfen oder sogar zum Malen und Heimwerken.  <\/p>\n<p data-start=\"2900\" data-end=\"3129\">F\u00fcr den t\u00e4glichen Gebrauch konzipiert, ist er sp\u00fclmaschinenfest und perfekt an die Lebensmittelstandards angepasst. Sie k\u00f6nnen es auch als Gew\u00fcrzglas verwenden oder um ein oder zwei Zucker neben eine Kaffeetasse zu legen. <\/p>\n<p data-start=\"3131\" data-end=\"3353\">Als Duo funktioniert es wunderbar mit unserem <a class=\"\" href=\"https:\/\/poterie-de-crestet.com\/de\/keramik\/kaffeetasse-fliedergraue-olive\/\" rel=\"noopener\" data-start=\"3176\" data-end=\"3210\">grifflosen Becher derselben Dekoration<\/a>. F\u00fcr einen Farbtupfer testen Sie den Kontrast mit einem <a class=\"\" href=\"https:\/\/poterie-de-crestet.com\/de\/keramik\/marmeladentrichter-gruene-blaetter\/\" rel=\"noopener\" data-start=\"3265\" data-end=\"3307\">Green Leaves Marmeladentrichter<\/a> \u2013 Sie werden sehen, es ist gro\u00dfartig, aber es funktioniert. <\/p>\n","protected":false},"excerpt":{"rendered":"<p>Kleines Glas mit Stacheln in Fliedert\u00f6nen. Ein Muss f\u00fcr einen Aperitif oder kreative Hobbys. <\/p>\n<p><strong data-start=\"2525\" data-end=\"2562\"><em data-start=\"2527\" data-end=\"2560\">Abmessungen: 5,3 \u00d7 5,3 \u00d7 6,2 cm<\/em><\/strong><\/p>\n","protected":false},"featured_media":8354,"comment_status":"open","ping_status":"closed","template":"","meta":[],"product_brand":[],"product_cat":[363],"product_tag":[218],"class_list":{"0":"post-19632","1":"product","2":"type-product","3":"status-publish","4":"has-post-thumbnail","6":"product_cat-spike-topf","7":"product_tag-fliedergraue-olive","9":"first","10":"instock","11":"taxable","12":"shipping-taxable","13":"purchasable","14":"product-type-simple"},"yoast_head":"<!-- This site is optimized with the Yoast SEO plugin v27.5 - https:\/\/yoast.com\/product\/yoast-seo-wordpress\/ -->\n<title>Spike-Topf Fliedergraue Olive - Poterie de Crestet<\/title>\n<meta name=\"description\" content=\"Ein praktischer, handdekorierter Topf in fliedergrauen T\u00f6nen. F\u00fcr Zahnstocher, So\u00dfen oder B\u00fcrsten verbindet es diskreten Charme und Funktionalit\u00e4t.\" \/>\n<meta name=\"robots\" content=\"index, follow, max-snippet:-1, max-image-preview:large, max-video-preview:-1\" \/>\n<link rel=\"canonical\" href=\"https:\/\/poterie-de-crestet.com\/de\/keramik\/spike-topf-fliedergraue-olive\/\" \/>\n<meta property=\"og:locale\" content=\"de_DE\" \/>\n<meta property=\"og:type\" content=\"article\" \/>\n<meta property=\"og:title\" content=\"Spike-Topf Fliedergraue Olive - Poterie de Crestet\" \/>\n<meta property=\"og:description\" content=\"Ein praktischer, handdekorierter Topf in fliedergrauen T\u00f6nen. F\u00fcr Zahnstocher, So\u00dfen oder B\u00fcrsten verbindet es diskreten Charme und Funktionalit\u00e4t.\" \/>\n<meta property=\"og:url\" content=\"https:\/\/poterie-de-crestet.com\/de\/keramik\/spike-topf-fliedergraue-olive\/\" \/>\n<meta property=\"og:site_name\" content=\"Poterie de Crestet\" \/>\n<meta property=\"og:image\" content=\"https:\/\/i0.wp.com\/poterie-de-crestet.com\/wp-content\/uploads\/2025\/04\/Poterie-du-Crestet1317-e1748847646564.jpg?fit=800%2C532&ssl=1\" \/>\n\t<meta property=\"og:image:width\" content=\"800\" \/>\n\t<meta property=\"og:image:height\" content=\"532\" \/>\n\t<meta property=\"og:image:type\" content=\"image\/jpeg\" \/>\n<meta name=\"twitter:card\" content=\"summary_large_image\" \/>\n<meta name=\"twitter:label1\" content=\"Gesch\u00e4tzte Lesezeit\" \/>\n\t<meta name=\"twitter:data1\" content=\"1\u00a0Minute\" \/>\n<script type=\"application\/ld+json\" class=\"yoast-schema-graph\">{\"@context\":\"https:\\\/\\\/schema.org\",\"@graph\":[{\"@type\":\"WebPage\",\"@id\":\"https:\\\/\\\/poterie-de-crestet.com\\\/de\\\/keramik\\\/spike-topf-fliedergraue-olive\\\/\",\"url\":\"https:\\\/\\\/poterie-de-crestet.com\\\/de\\\/keramik\\\/spike-topf-fliedergraue-olive\\\/\",\"name\":\"Spike-Topf Fliedergraue Olive - Poterie de Crestet\",\"isPartOf\":{\"@id\":\"https:\\\/\\\/poterie-de-crestet.com\\\/de\\\/#website\"},\"primaryImageOfPage\":{\"@id\":\"https:\\\/\\\/poterie-de-crestet.com\\\/de\\\/keramik\\\/spike-topf-fliedergraue-olive\\\/#primaryimage\"},\"image\":{\"@id\":\"https:\\\/\\\/poterie-de-crestet.com\\\/de\\\/keramik\\\/spike-topf-fliedergraue-olive\\\/#primaryimage\"},\"thumbnailUrl\":\"https:\\\/\\\/i0.wp.com\\\/poterie-de-crestet.com\\\/wp-content\\\/uploads\\\/2025\\\/04\\\/Poterie-du-Crestet1317-e1748847646564.jpg?fit=800%2C532&ssl=1\",\"datePublished\":\"2025-04-11T10:14:14+00:00\",\"description\":\"Ein praktischer, handdekorierter Topf in fliedergrauen T\u00f6nen. F\u00fcr Zahnstocher, So\u00dfen oder B\u00fcrsten verbindet es diskreten Charme und Funktionalit\u00e4t.\",\"breadcrumb\":{\"@id\":\"https:\\\/\\\/poterie-de-crestet.com\\\/de\\\/keramik\\\/spike-topf-fliedergraue-olive\\\/#breadcrumb\"},\"inLanguage\":\"de\",\"potentialAction\":[{\"@type\":\"ReadAction\",\"target\":[\"https:\\\/\\\/poterie-de-crestet.com\\\/de\\\/keramik\\\/spike-topf-fliedergraue-olive\\\/\"]}]},{\"@type\":\"ImageObject\",\"inLanguage\":\"de\",\"@id\":\"https:\\\/\\\/poterie-de-crestet.com\\\/de\\\/keramik\\\/spike-topf-fliedergraue-olive\\\/#primaryimage\",\"url\":\"https:\\\/\\\/i0.wp.com\\\/poterie-de-crestet.com\\\/wp-content\\\/uploads\\\/2025\\\/04\\\/Poterie-du-Crestet1317-e1748847646564.jpg?fit=800%2C532&ssl=1\",\"contentUrl\":\"https:\\\/\\\/i0.wp.com\\\/poterie-de-crestet.com\\\/wp-content\\\/uploads\\\/2025\\\/04\\\/Poterie-du-Crestet1317-e1748847646564.jpg?fit=800%2C532&ssl=1\",\"width\":800,\"height\":532,\"caption\":\"Spitzentopf Olivgrau-Flieder\"},{\"@type\":\"BreadcrumbList\",\"@id\":\"https:\\\/\\\/poterie-de-crestet.com\\\/de\\\/keramik\\\/spike-topf-fliedergraue-olive\\\/#breadcrumb\",\"itemListElement\":[{\"@type\":\"ListItem\",\"position\":1,\"name\":\"Accueil\",\"item\":\"https:\\\/\\\/poterie-de-crestet.com\\\/de\\\/accueil\\\/\"},{\"@type\":\"ListItem\",\"position\":2,\"name\":\"Boutique\",\"item\":\"https:\\\/\\\/poterie-de-crestet.com\\\/ceramiques\\\/\"},{\"@type\":\"ListItem\",\"position\":3,\"name\":\"Spike-Topf Fliedergraue Olive\"}]},{\"@type\":\"WebSite\",\"@id\":\"https:\\\/\\\/poterie-de-crestet.com\\\/de\\\/#website\",\"url\":\"https:\\\/\\\/poterie-de-crestet.com\\\/de\\\/\",\"name\":\"Poterie de Crestet\",\"description\":\"Des milliers de poteries inpir\u00e9es de la Provence\",\"publisher\":{\"@id\":\"https:\\\/\\\/poterie-de-crestet.com\\\/de\\\/#organization\"},\"potentialAction\":[{\"@type\":\"SearchAction\",\"target\":{\"@type\":\"EntryPoint\",\"urlTemplate\":\"https:\\\/\\\/poterie-de-crestet.com\\\/de\\\/?s={search_term_string}\"},\"query-input\":{\"@type\":\"PropertyValueSpecification\",\"valueRequired\":true,\"valueName\":\"search_term_string\"}}],\"inLanguage\":\"de\"},{\"@type\":\"Organization\",\"@id\":\"https:\\\/\\\/poterie-de-crestet.com\\\/de\\\/#organization\",\"name\":\"Poterie de Crestet\",\"url\":\"https:\\\/\\\/poterie-de-crestet.com\\\/de\\\/\",\"logo\":{\"@type\":\"ImageObject\",\"inLanguage\":\"de\",\"@id\":\"https:\\\/\\\/poterie-de-crestet.com\\\/de\\\/#\\\/schema\\\/logo\\\/image\\\/\",\"url\":\"https:\\\/\\\/i0.wp.com\\\/poterie-de-crestet.com\\\/wp-content\\\/uploads\\\/2025\\\/03\\\/Propo-4.png?fit=1000%2C462&ssl=1\",\"contentUrl\":\"https:\\\/\\\/i0.wp.com\\\/poterie-de-crestet.com\\\/wp-content\\\/uploads\\\/2025\\\/03\\\/Propo-4.png?fit=1000%2C462&ssl=1\",\"width\":1000,\"height\":462,\"caption\":\"Poterie de Crestet\"},\"image\":{\"@id\":\"https:\\\/\\\/poterie-de-crestet.com\\\/de\\\/#\\\/schema\\\/logo\\\/image\\\/\"}}]}<\/script>\n<!-- \/ Yoast SEO plugin. -->","yoast_head_json":{"title":"Spike-Topf Fliedergraue Olive - Poterie de Crestet","description":"Ein praktischer, handdekorierter Topf in fliedergrauen T\u00f6nen. F\u00fcr Zahnstocher, So\u00dfen oder B\u00fcrsten verbindet es diskreten Charme und Funktionalit\u00e4t.","robots":{"index":"index","follow":"follow","max-snippet":"max-snippet:-1","max-image-preview":"max-image-preview:large","max-video-preview":"max-video-preview:-1"},"canonical":"https:\/\/poterie-de-crestet.com\/de\/keramik\/spike-topf-fliedergraue-olive\/","og_locale":"de_DE","og_type":"article","og_title":"Spike-Topf Fliedergraue Olive - Poterie de Crestet","og_description":"Ein praktischer, handdekorierter Topf in fliedergrauen T\u00f6nen. F\u00fcr Zahnstocher, So\u00dfen oder B\u00fcrsten verbindet es diskreten Charme und Funktionalit\u00e4t.","og_url":"https:\/\/poterie-de-crestet.com\/de\/keramik\/spike-topf-fliedergraue-olive\/","og_site_name":"Poterie de Crestet","og_image":[{"width":800,"height":532,"url":"https:\/\/i0.wp.com\/poterie-de-crestet.com\/wp-content\/uploads\/2025\/04\/Poterie-du-Crestet1317-e1748847646564.jpg?fit=800%2C532&ssl=1","type":"image\/jpeg"}],"twitter_card":"summary_large_image","twitter_misc":{"Gesch\u00e4tzte Lesezeit":"1\u00a0Minute"},"schema":{"@context":"https:\/\/schema.org","@graph":[{"@type":"WebPage","@id":"https:\/\/poterie-de-crestet.com\/de\/keramik\/spike-topf-fliedergraue-olive\/","url":"https:\/\/poterie-de-crestet.com\/de\/keramik\/spike-topf-fliedergraue-olive\/","name":"Spike-Topf Fliedergraue Olive - Poterie de Crestet","isPartOf":{"@id":"https:\/\/poterie-de-crestet.com\/de\/#website"},"primaryImageOfPage":{"@id":"https:\/\/poterie-de-crestet.com\/de\/keramik\/spike-topf-fliedergraue-olive\/#primaryimage"},"image":{"@id":"https:\/\/poterie-de-crestet.com\/de\/keramik\/spike-topf-fliedergraue-olive\/#primaryimage"},"thumbnailUrl":"https:\/\/i0.wp.com\/poterie-de-crestet.com\/wp-content\/uploads\/2025\/04\/Poterie-du-Crestet1317-e1748847646564.jpg?fit=800%2C532&ssl=1","datePublished":"2025-04-11T10:14:14+00:00","description":"Ein praktischer, handdekorierter Topf in fliedergrauen T\u00f6nen. F\u00fcr Zahnstocher, So\u00dfen oder B\u00fcrsten verbindet es diskreten Charme und Funktionalit\u00e4t.","breadcrumb":{"@id":"https:\/\/poterie-de-crestet.com\/de\/keramik\/spike-topf-fliedergraue-olive\/#breadcrumb"},"inLanguage":"de","potentialAction":[{"@type":"ReadAction","target":["https:\/\/poterie-de-crestet.com\/de\/keramik\/spike-topf-fliedergraue-olive\/"]}]},{"@type":"ImageObject","inLanguage":"de","@id":"https:\/\/poterie-de-crestet.com\/de\/keramik\/spike-topf-fliedergraue-olive\/#primaryimage","url":"https:\/\/i0.wp.com\/poterie-de-crestet.com\/wp-content\/uploads\/2025\/04\/Poterie-du-Crestet1317-e1748847646564.jpg?fit=800%2C532&ssl=1","contentUrl":"https:\/\/i0.wp.com\/poterie-de-crestet.com\/wp-content\/uploads\/2025\/04\/Poterie-du-Crestet1317-e1748847646564.jpg?fit=800%2C532&ssl=1","width":800,"height":532,"caption":"Spitzentopf Olivgrau-Flieder"},{"@type":"BreadcrumbList","@id":"https:\/\/poterie-de-crestet.com\/de\/keramik\/spike-topf-fliedergraue-olive\/#breadcrumb","itemListElement":[{"@type":"ListItem","position":1,"name":"Accueil","item":"https:\/\/poterie-de-crestet.com\/de\/accueil\/"},{"@type":"ListItem","position":2,"name":"Boutique","item":"https:\/\/poterie-de-crestet.com\/ceramiques\/"},{"@type":"ListItem","position":3,"name":"Spike-Topf Fliedergraue Olive"}]},{"@type":"WebSite","@id":"https:\/\/poterie-de-crestet.com\/de\/#website","url":"https:\/\/poterie-de-crestet.com\/de\/","name":"Poterie de Crestet","description":"Des milliers de poteries inpir\u00e9es de la Provence","publisher":{"@id":"https:\/\/poterie-de-crestet.com\/de\/#organization"},"potentialAction":[{"@type":"SearchAction","target":{"@type":"EntryPoint","urlTemplate":"https:\/\/poterie-de-crestet.com\/de\/?s={search_term_string}"},"query-input":{"@type":"PropertyValueSpecification","valueRequired":true,"valueName":"search_term_string"}}],"inLanguage":"de"},{"@type":"Organization","@id":"https:\/\/poterie-de-crestet.com\/de\/#organization","name":"Poterie de Crestet","url":"https:\/\/poterie-de-crestet.com\/de\/","logo":{"@type":"ImageObject","inLanguage":"de","@id":"https:\/\/poterie-de-crestet.com\/de\/#\/schema\/logo\/image\/","url":"https:\/\/i0.wp.com\/poterie-de-crestet.com\/wp-content\/uploads\/2025\/03\/Propo-4.png?fit=1000%2C462&ssl=1","contentUrl":"https:\/\/i0.wp.com\/poterie-de-crestet.com\/wp-content\/uploads\/2025\/03\/Propo-4.png?fit=1000%2C462&ssl=1","width":1000,"height":462,"caption":"Poterie de Crestet"},"image":{"@id":"https:\/\/poterie-de-crestet.com\/de\/#\/schema\/logo\/image\/"}}]}},"jetpack_sharing_enabled":true,"_links":{"self":[{"href":"https:\/\/poterie-de-crestet.com\/de\/wp-json\/wp\/v2\/product\/19632","targetHints":{"allow":["GET"]}}],"collection":[{"href":"https:\/\/poterie-de-crestet.com\/de\/wp-json\/wp\/v2\/product"}],"about":[{"href":"https:\/\/poterie-de-crestet.com\/de\/wp-json\/wp\/v2\/types\/product"}],"replies":[{"embeddable":true,"href":"https:\/\/poterie-de-crestet.com\/de\/wp-json\/wp\/v2\/comments?post=19632"}],"version-history":[{"count":0,"href":"https:\/\/poterie-de-crestet.com\/de\/wp-json\/wp\/v2\/product\/19632\/revisions"}],"wp:featuredmedia":[{"embeddable":true,"href":"https:\/\/poterie-de-crestet.com\/de\/wp-json\/wp\/v2\/media\/8354"}],"wp:attachment":[{"href":"https:\/\/poterie-de-crestet.com\/de\/wp-json\/wp\/v2\/media?parent=19632"}],"wp:term":[{"taxonomy":"product_brand","embeddable":true,"href":"https:\/\/poterie-de-crestet.com\/de\/wp-json\/wp\/v2\/product_brand?post=19632"},{"taxonomy":"product_cat","embeddable":true,"href":"https:\/\/poterie-de-crestet.com\/de\/wp-json\/wp\/v2\/product_cat?post=19632"},{"taxonomy":"product_tag","embeddable":true,"href":"https:\/\/poterie-de-crestet.com\/de\/wp-json\/wp\/v2\/product_tag?post=19632"}],"curies":[{"name":"wp","href":"https:\/\/api.w.org\/{rel}","templated":true}]}}