{"id":18760,"date":"2025-04-09T17:41:48","date_gmt":"2025-04-09T15:41:48","guid":{"rendered":"https:\/\/poterie-de-crestet.com\/ceramiques\/marmeladentrichter-fliedergraue-olive\/"},"modified":"2025-04-09T17:41:48","modified_gmt":"2025-04-09T15:41:48","slug":"marmeladentrichter-fliedergraue-olive","status":"publish","type":"product","link":"https:\/\/poterie-de-crestet.com\/de\/keramik\/marmeladentrichter-fliedergraue-olive\/","title":{"rendered":"Marmeladentrichter  <h5>Fliedergraue Olive  <\/h5>"},"content":{"rendered":"<p data-start=\"4311\" data-end=\"4749\">N\u00fcchtern und elegant modernisiert das <strong data-start=\"4375\" data-end=\"4395\">fliedergraue Oliv-Dekor<\/strong> ein unverzichtbares Accessoire: den Keramik-Marmeladentrichter. Seine idealen Ma\u00dfe (\u00d8 16,2 cm \u2013 H 9,2 cm \u2013 D\u00fcse 4 cm) machen es zum perfekten Werkzeug, um Marmeladen, So\u00dfen, Kompote oder Chutneys ohne Spritzen oder Verschwendung zu dekantieren. Sein breiter Mund sorgt f\u00fcr eine schnelle Bef\u00fcllung, w\u00e4hrend die Spitze perfekt \u00fcber die Gl\u00e4ser passt.  <\/p>\n<p data-start=\"4751\" data-end=\"5107\"><strong data-start=\"4754\" data-end=\"4767\">Keramik<\/strong> zeichnet sich durch ihre Widerstandsf\u00e4higkeit und Benutzerfreundlichkeit aus. Im Gegensatz zu Kunststoff verformt er sich nicht, und Edelstahl speichert die W\u00e4rme nicht unangenehm. Es kratzt nicht, beh\u00e4lt keinen Geruch und ver\u00e4ndert nie den Geschmack der Zubereitungen. <strong data-start=\"5033\" data-end=\"5066\">Sp\u00fclmaschinen- und Mikrowellenfest,<\/strong> es vereint Praktikabilit\u00e4t und Langlebigkeit.   <\/p>\n<p data-start=\"5109\" data-end=\"5379\">Das <strong data-start=\"5118\" data-end=\"5138\">fliedergraue Oliv-Dekor<\/strong> passt perfekt in eine n\u00fcchterne und zeitgen\u00f6ssische K\u00fcche. Zum Abschluss kombinieren Sie es mit einer <a href=\"https:\/\/poterie-de-crestet.com\/de\/keramik\/loeffelauflage-fliedergraue-olive\/\"><strong data-start=\"5236\" data-end=\"5272\">lila-grauen Olivenl\u00f6ffelaufstelle<\/strong><\/a> , die die Arbeitsplatte ordentlich h\u00e4lt, oder einem <a href=\"https:\/\/poterie-de-crestet.com\/de\/keramik\/abtropfen-fliedergraue-olive\/\"><strong data-start=\"5317\" data-end=\"5339\">Obstabtropf,<\/strong><\/a> um Ihre kandierten Pflanzen vorzubereiten. <\/p>\n<p data-start=\"5381\" data-end=\"5635\">W\u00e4hrend langer Sessions selbstgemachter Marmeladen vermeidet dieser Trichter die Erm\u00fcdung durch vorsichtige Handhabung. Jedes Glas f\u00fcllt sich sauber, ohne Tropfen oder Abfall. Ein kleiner Gegenstand, sicherlich, aber einer, der alles in der Fl\u00fcssigkeit der Vorbereitungen ver\u00e4ndert.  <\/p>\n","protected":false},"excerpt":{"rendered":"<p>Fliedergrauer Olivenmarmeladentrichter: praktisch und schick f\u00fcr So\u00dfen und Marmeladen. Langlebige Keramik, leicht zu reinigen. Sp\u00fclmaschinen- und Mikrowellenfest.  <br data-start=\"5830\" data-end=\"5833\"><em data-start=\"5833\" data-end=\"5886\"><strong data-start=\"5834\" data-end=\"5885\">Abmessungen: \u00d8 16,2 cm \u2013 H 9,2 cm \u2013 D\u00fcse 4 cm<\/strong><\/em><\/p>\n","protected":false},"featured_media":6828,"comment_status":"closed","ping_status":"closed","template":"","meta":[],"product_brand":[],"product_cat":[322],"product_tag":[218],"class_list":{"0":"post-18760","1":"product","2":"type-product","3":"status-publish","4":"has-post-thumbnail","6":"product_cat-marmeladentrichter","7":"product_tag-fliedergraue-olive","9":"first","10":"instock","11":"taxable","12":"shipping-taxable","13":"purchasable","14":"product-type-simple"},"yoast_head":"<!-- This site is optimized with the Yoast SEO plugin v27.5 - https:\/\/yoast.com\/product\/yoast-seo-wordpress\/ -->\n<title>Marmeladentrichter Fliedergraue Olive  - Poterie de Crestet<\/title>\n<meta name=\"description\" content=\"Fliedergrauer Olivenmarmeladentrichter: elegante und praktische Keramik f\u00fcr Marmeladen, So\u00dfen und Kompotte. Haltbar, sp\u00fclmaschinen- und mikrowellenfest.\" \/>\n<meta name=\"robots\" content=\"index, follow, max-snippet:-1, max-image-preview:large, max-video-preview:-1\" \/>\n<link rel=\"canonical\" href=\"https:\/\/poterie-de-crestet.com\/de\/keramik\/marmeladentrichter-fliedergraue-olive\/\" \/>\n<meta property=\"og:locale\" content=\"de_DE\" \/>\n<meta property=\"og:type\" content=\"article\" \/>\n<meta property=\"og:title\" content=\"Marmeladentrichter Fliedergraue Olive  - Poterie de Crestet\" \/>\n<meta property=\"og:description\" content=\"Fliedergrauer Olivenmarmeladentrichter: elegante und praktische Keramik f\u00fcr Marmeladen, So\u00dfen und Kompotte. Haltbar, sp\u00fclmaschinen- und mikrowellenfest.\" \/>\n<meta property=\"og:url\" content=\"https:\/\/poterie-de-crestet.com\/de\/keramik\/marmeladentrichter-fliedergraue-olive\/\" \/>\n<meta property=\"og:site_name\" content=\"Poterie de Crestet\" \/>\n<meta property=\"og:image\" content=\"https:\/\/i0.wp.com\/poterie-de-crestet.com\/wp-content\/uploads\/2025\/04\/entonnoir-confiture-olivegrislilas.jpg?fit=458%2C458&ssl=1\" \/>\n\t<meta property=\"og:image:width\" content=\"458\" \/>\n\t<meta property=\"og:image:height\" content=\"458\" \/>\n\t<meta property=\"og:image:type\" content=\"image\/jpeg\" \/>\n<meta name=\"twitter:card\" content=\"summary_large_image\" \/>\n<meta name=\"twitter:label1\" content=\"Gesch\u00e4tzte Lesezeit\" \/>\n\t<meta name=\"twitter:data1\" content=\"1\u00a0Minute\" \/>\n<script type=\"application\/ld+json\" class=\"yoast-schema-graph\">{\"@context\":\"https:\\\/\\\/schema.org\",\"@graph\":[{\"@type\":\"WebPage\",\"@id\":\"https:\\\/\\\/poterie-de-crestet.com\\\/de\\\/keramik\\\/marmeladentrichter-fliedergraue-olive\\\/\",\"url\":\"https:\\\/\\\/poterie-de-crestet.com\\\/de\\\/keramik\\\/marmeladentrichter-fliedergraue-olive\\\/\",\"name\":\"Marmeladentrichter Fliedergraue Olive - Poterie de Crestet\",\"isPartOf\":{\"@id\":\"https:\\\/\\\/poterie-de-crestet.com\\\/de\\\/#website\"},\"primaryImageOfPage\":{\"@id\":\"https:\\\/\\\/poterie-de-crestet.com\\\/de\\\/keramik\\\/marmeladentrichter-fliedergraue-olive\\\/#primaryimage\"},\"image\":{\"@id\":\"https:\\\/\\\/poterie-de-crestet.com\\\/de\\\/keramik\\\/marmeladentrichter-fliedergraue-olive\\\/#primaryimage\"},\"thumbnailUrl\":\"https:\\\/\\\/i0.wp.com\\\/poterie-de-crestet.com\\\/wp-content\\\/uploads\\\/2025\\\/04\\\/entonnoir-confiture-olivegrislilas.jpg?fit=458%2C458&ssl=1\",\"datePublished\":\"2025-04-09T15:41:48+00:00\",\"description\":\"Fliedergrauer Olivenmarmeladentrichter: elegante und praktische Keramik f\u00fcr Marmeladen, So\u00dfen und Kompotte. Haltbar, sp\u00fclmaschinen- und mikrowellenfest.\",\"breadcrumb\":{\"@id\":\"https:\\\/\\\/poterie-de-crestet.com\\\/de\\\/keramik\\\/marmeladentrichter-fliedergraue-olive\\\/#breadcrumb\"},\"inLanguage\":\"de\",\"potentialAction\":[{\"@type\":\"ReadAction\",\"target\":[\"https:\\\/\\\/poterie-de-crestet.com\\\/de\\\/keramik\\\/marmeladentrichter-fliedergraue-olive\\\/\"]}]},{\"@type\":\"ImageObject\",\"inLanguage\":\"de\",\"@id\":\"https:\\\/\\\/poterie-de-crestet.com\\\/de\\\/keramik\\\/marmeladentrichter-fliedergraue-olive\\\/#primaryimage\",\"url\":\"https:\\\/\\\/i0.wp.com\\\/poterie-de-crestet.com\\\/wp-content\\\/uploads\\\/2025\\\/04\\\/entonnoir-confiture-olivegrislilas.jpg?fit=458%2C458&ssl=1\",\"contentUrl\":\"https:\\\/\\\/i0.wp.com\\\/poterie-de-crestet.com\\\/wp-content\\\/uploads\\\/2025\\\/04\\\/entonnoir-confiture-olivegrislilas.jpg?fit=458%2C458&ssl=1\",\"width\":458,\"height\":458,\"caption\":\"Fliedergrauer Olivenmarmeladentrichter\"},{\"@type\":\"BreadcrumbList\",\"@id\":\"https:\\\/\\\/poterie-de-crestet.com\\\/de\\\/keramik\\\/marmeladentrichter-fliedergraue-olive\\\/#breadcrumb\",\"itemListElement\":[{\"@type\":\"ListItem\",\"position\":1,\"name\":\"Accueil\",\"item\":\"https:\\\/\\\/poterie-de-crestet.com\\\/de\\\/accueil\\\/\"},{\"@type\":\"ListItem\",\"position\":2,\"name\":\"Boutique\",\"item\":\"https:\\\/\\\/poterie-de-crestet.com\\\/ceramiques\\\/\"},{\"@type\":\"ListItem\",\"position\":3,\"name\":\"Marmeladentrichter Fliedergraue Olive\"}]},{\"@type\":\"WebSite\",\"@id\":\"https:\\\/\\\/poterie-de-crestet.com\\\/de\\\/#website\",\"url\":\"https:\\\/\\\/poterie-de-crestet.com\\\/de\\\/\",\"name\":\"Poterie de Crestet\",\"description\":\"Des milliers de poteries inpir\u00e9es de la Provence\",\"publisher\":{\"@id\":\"https:\\\/\\\/poterie-de-crestet.com\\\/de\\\/#organization\"},\"potentialAction\":[{\"@type\":\"SearchAction\",\"target\":{\"@type\":\"EntryPoint\",\"urlTemplate\":\"https:\\\/\\\/poterie-de-crestet.com\\\/de\\\/?s={search_term_string}\"},\"query-input\":{\"@type\":\"PropertyValueSpecification\",\"valueRequired\":true,\"valueName\":\"search_term_string\"}}],\"inLanguage\":\"de\"},{\"@type\":\"Organization\",\"@id\":\"https:\\\/\\\/poterie-de-crestet.com\\\/de\\\/#organization\",\"name\":\"Poterie de Crestet\",\"url\":\"https:\\\/\\\/poterie-de-crestet.com\\\/de\\\/\",\"logo\":{\"@type\":\"ImageObject\",\"inLanguage\":\"de\",\"@id\":\"https:\\\/\\\/poterie-de-crestet.com\\\/de\\\/#\\\/schema\\\/logo\\\/image\\\/\",\"url\":\"https:\\\/\\\/i0.wp.com\\\/poterie-de-crestet.com\\\/wp-content\\\/uploads\\\/2025\\\/03\\\/Propo-4.png?fit=1000%2C462&ssl=1\",\"contentUrl\":\"https:\\\/\\\/i0.wp.com\\\/poterie-de-crestet.com\\\/wp-content\\\/uploads\\\/2025\\\/03\\\/Propo-4.png?fit=1000%2C462&ssl=1\",\"width\":1000,\"height\":462,\"caption\":\"Poterie de Crestet\"},\"image\":{\"@id\":\"https:\\\/\\\/poterie-de-crestet.com\\\/de\\\/#\\\/schema\\\/logo\\\/image\\\/\"}}]}<\/script>\n<!-- \/ Yoast SEO plugin. -->","yoast_head_json":{"title":"Marmeladentrichter Fliedergraue Olive  - Poterie de Crestet","description":"Fliedergrauer Olivenmarmeladentrichter: elegante und praktische Keramik f\u00fcr Marmeladen, So\u00dfen und Kompotte. Haltbar, sp\u00fclmaschinen- und mikrowellenfest.","robots":{"index":"index","follow":"follow","max-snippet":"max-snippet:-1","max-image-preview":"max-image-preview:large","max-video-preview":"max-video-preview:-1"},"canonical":"https:\/\/poterie-de-crestet.com\/de\/keramik\/marmeladentrichter-fliedergraue-olive\/","og_locale":"de_DE","og_type":"article","og_title":"Marmeladentrichter Fliedergraue Olive  - Poterie de Crestet","og_description":"Fliedergrauer Olivenmarmeladentrichter: elegante und praktische Keramik f\u00fcr Marmeladen, So\u00dfen und Kompotte. Haltbar, sp\u00fclmaschinen- und mikrowellenfest.","og_url":"https:\/\/poterie-de-crestet.com\/de\/keramik\/marmeladentrichter-fliedergraue-olive\/","og_site_name":"Poterie de Crestet","og_image":[{"width":458,"height":458,"url":"https:\/\/i0.wp.com\/poterie-de-crestet.com\/wp-content\/uploads\/2025\/04\/entonnoir-confiture-olivegrislilas.jpg?fit=458%2C458&ssl=1","type":"image\/jpeg"}],"twitter_card":"summary_large_image","twitter_misc":{"Gesch\u00e4tzte Lesezeit":"1\u00a0Minute"},"schema":{"@context":"https:\/\/schema.org","@graph":[{"@type":"WebPage","@id":"https:\/\/poterie-de-crestet.com\/de\/keramik\/marmeladentrichter-fliedergraue-olive\/","url":"https:\/\/poterie-de-crestet.com\/de\/keramik\/marmeladentrichter-fliedergraue-olive\/","name":"Marmeladentrichter Fliedergraue Olive - Poterie de Crestet","isPartOf":{"@id":"https:\/\/poterie-de-crestet.com\/de\/#website"},"primaryImageOfPage":{"@id":"https:\/\/poterie-de-crestet.com\/de\/keramik\/marmeladentrichter-fliedergraue-olive\/#primaryimage"},"image":{"@id":"https:\/\/poterie-de-crestet.com\/de\/keramik\/marmeladentrichter-fliedergraue-olive\/#primaryimage"},"thumbnailUrl":"https:\/\/i0.wp.com\/poterie-de-crestet.com\/wp-content\/uploads\/2025\/04\/entonnoir-confiture-olivegrislilas.jpg?fit=458%2C458&ssl=1","datePublished":"2025-04-09T15:41:48+00:00","description":"Fliedergrauer Olivenmarmeladentrichter: elegante und praktische Keramik f\u00fcr Marmeladen, So\u00dfen und Kompotte. Haltbar, sp\u00fclmaschinen- und mikrowellenfest.","breadcrumb":{"@id":"https:\/\/poterie-de-crestet.com\/de\/keramik\/marmeladentrichter-fliedergraue-olive\/#breadcrumb"},"inLanguage":"de","potentialAction":[{"@type":"ReadAction","target":["https:\/\/poterie-de-crestet.com\/de\/keramik\/marmeladentrichter-fliedergraue-olive\/"]}]},{"@type":"ImageObject","inLanguage":"de","@id":"https:\/\/poterie-de-crestet.com\/de\/keramik\/marmeladentrichter-fliedergraue-olive\/#primaryimage","url":"https:\/\/i0.wp.com\/poterie-de-crestet.com\/wp-content\/uploads\/2025\/04\/entonnoir-confiture-olivegrislilas.jpg?fit=458%2C458&ssl=1","contentUrl":"https:\/\/i0.wp.com\/poterie-de-crestet.com\/wp-content\/uploads\/2025\/04\/entonnoir-confiture-olivegrislilas.jpg?fit=458%2C458&ssl=1","width":458,"height":458,"caption":"Fliedergrauer Olivenmarmeladentrichter"},{"@type":"BreadcrumbList","@id":"https:\/\/poterie-de-crestet.com\/de\/keramik\/marmeladentrichter-fliedergraue-olive\/#breadcrumb","itemListElement":[{"@type":"ListItem","position":1,"name":"Accueil","item":"https:\/\/poterie-de-crestet.com\/de\/accueil\/"},{"@type":"ListItem","position":2,"name":"Boutique","item":"https:\/\/poterie-de-crestet.com\/ceramiques\/"},{"@type":"ListItem","position":3,"name":"Marmeladentrichter Fliedergraue Olive"}]},{"@type":"WebSite","@id":"https:\/\/poterie-de-crestet.com\/de\/#website","url":"https:\/\/poterie-de-crestet.com\/de\/","name":"Poterie de Crestet","description":"Des milliers de poteries inpir\u00e9es de la Provence","publisher":{"@id":"https:\/\/poterie-de-crestet.com\/de\/#organization"},"potentialAction":[{"@type":"SearchAction","target":{"@type":"EntryPoint","urlTemplate":"https:\/\/poterie-de-crestet.com\/de\/?s={search_term_string}"},"query-input":{"@type":"PropertyValueSpecification","valueRequired":true,"valueName":"search_term_string"}}],"inLanguage":"de"},{"@type":"Organization","@id":"https:\/\/poterie-de-crestet.com\/de\/#organization","name":"Poterie de Crestet","url":"https:\/\/poterie-de-crestet.com\/de\/","logo":{"@type":"ImageObject","inLanguage":"de","@id":"https:\/\/poterie-de-crestet.com\/de\/#\/schema\/logo\/image\/","url":"https:\/\/i0.wp.com\/poterie-de-crestet.com\/wp-content\/uploads\/2025\/03\/Propo-4.png?fit=1000%2C462&ssl=1","contentUrl":"https:\/\/i0.wp.com\/poterie-de-crestet.com\/wp-content\/uploads\/2025\/03\/Propo-4.png?fit=1000%2C462&ssl=1","width":1000,"height":462,"caption":"Poterie de Crestet"},"image":{"@id":"https:\/\/poterie-de-crestet.com\/de\/#\/schema\/logo\/image\/"}}]}},"jetpack_sharing_enabled":true,"_links":{"self":[{"href":"https:\/\/poterie-de-crestet.com\/de\/wp-json\/wp\/v2\/product\/18760","targetHints":{"allow":["GET"]}}],"collection":[{"href":"https:\/\/poterie-de-crestet.com\/de\/wp-json\/wp\/v2\/product"}],"about":[{"href":"https:\/\/poterie-de-crestet.com\/de\/wp-json\/wp\/v2\/types\/product"}],"replies":[{"embeddable":true,"href":"https:\/\/poterie-de-crestet.com\/de\/wp-json\/wp\/v2\/comments?post=18760"}],"version-history":[{"count":0,"href":"https:\/\/poterie-de-crestet.com\/de\/wp-json\/wp\/v2\/product\/18760\/revisions"}],"wp:featuredmedia":[{"embeddable":true,"href":"https:\/\/poterie-de-crestet.com\/de\/wp-json\/wp\/v2\/media\/6828"}],"wp:attachment":[{"href":"https:\/\/poterie-de-crestet.com\/de\/wp-json\/wp\/v2\/media?parent=18760"}],"wp:term":[{"taxonomy":"product_brand","embeddable":true,"href":"https:\/\/poterie-de-crestet.com\/de\/wp-json\/wp\/v2\/product_brand?post=18760"},{"taxonomy":"product_cat","embeddable":true,"href":"https:\/\/poterie-de-crestet.com\/de\/wp-json\/wp\/v2\/product_cat?post=18760"},{"taxonomy":"product_tag","embeddable":true,"href":"https:\/\/poterie-de-crestet.com\/de\/wp-json\/wp\/v2\/product_tag?post=18760"}],"curies":[{"name":"wp","href":"https:\/\/api.w.org\/{rel}","templated":true}]}}