{"id":18437,"date":"2025-04-09T09:54:43","date_gmt":"2025-04-09T07:54:43","guid":{"rendered":"https:\/\/poterie-de-crestet.com\/ceramiques\/butterschale-gruener-olivenbaum\/"},"modified":"2025-04-09T09:54:43","modified_gmt":"2025-04-09T07:54:43","slug":"butterschale-gruener-olivenbaum","status":"publish","type":"product","link":"https:\/\/poterie-de-crestet.com\/de\/keramik\/butterschale-gruener-olivenbaum\/","title":{"rendered":"Butterschale  <h5>Gr\u00fcner Olivenbaum<\/h5>"},"content":{"rendered":"<p>Diese mit gr\u00fcnen Oliven handdekorierte Butterschale ruft den S\u00fcden Frankreichs und die Frische seiner Obstg\u00e4rten hervor. Sein klassisches und nat\u00fcrliches Design erm\u00f6glicht es, die Butter bei Zimmertemperatur zu halten und sie perfekt in die Tischdekoration zu integrieren.<br data-start=\"7323\" data-end=\"7326\">Er ist sp\u00fclmaschinen-, mikrowellen- und sogar ofenfest geeignet, was ein echter Pluspunkt f\u00fcr den t\u00e4glichen Gebrauch ist.<br data-start=\"7428\" data-end=\"7431\">Es eignet sich auch perfekt zur Aufbewahrung kleiner Portionen Frischk\u00e4se, selbstgemachter Marmeladen oder sogar Gew\u00fcrze.<br data-start=\"7546\" data-end=\"7549\">Ein Modell, das sowohl h\u00fcbsch als auch praktisch ist und sich zu Hause unverzichtbar macht. <\/p>\n","protected":false},"excerpt":{"rendered":"<p>Dieses Buttergericht verbindet Praktikabilit\u00e4t mit gutem Humor zum Servieren von Butter.<br data-start=\"2484\" data-end=\"2487\"><strong data-start=\"2487\" data-end=\"2524\"><em data-start=\"2489\" data-end=\"2522\">Ma\u00dfe: 20,5 \u00d7 13 \u00d7 8,5 cm<\/em><\/strong><\/p>\n","protected":false},"featured_media":6008,"comment_status":"open","ping_status":"closed","template":"","meta":[],"product_brand":[],"product_cat":[216],"product_tag":[189],"class_list":{"0":"post-18437","1":"product","2":"type-product","3":"status-publish","4":"has-post-thumbnail","6":"product_cat-butterdose","7":"product_tag-gruner-olivenbaum","9":"first","10":"instock","11":"taxable","12":"shipping-taxable","13":"purchasable","14":"product-type-simple"},"yoast_head":"<!-- This site is optimized with the Yoast SEO plugin v27.5 - https:\/\/yoast.com\/product\/yoast-seo-wordpress\/ -->\n<title>Butterschale Gr\u00fcner Olivenbaum - Poterie de Crestet<\/title>\n<meta name=\"description\" content=\"Gr\u00fcne Oliven-Keramikbutterschale. Handgemalte Pflanzendekoration, perfekt f\u00fcr eine sonnige und gro\u00dfz\u00fcgige K\u00fcche.\" \/>\n<meta name=\"robots\" content=\"index, follow, max-snippet:-1, max-image-preview:large, max-video-preview:-1\" \/>\n<link rel=\"canonical\" href=\"https:\/\/poterie-de-crestet.com\/de\/keramik\/butterschale-gruener-olivenbaum\/\" \/>\n<meta property=\"og:locale\" content=\"de_DE\" \/>\n<meta property=\"og:type\" content=\"article\" \/>\n<meta property=\"og:title\" content=\"Butterschale Gr\u00fcner Olivenbaum - Poterie de Crestet\" \/>\n<meta property=\"og:description\" content=\"Gr\u00fcne Oliven-Keramikbutterschale. Handgemalte Pflanzendekoration, perfekt f\u00fcr eine sonnige und gro\u00dfz\u00fcgige K\u00fcche.\" \/>\n<meta property=\"og:url\" content=\"https:\/\/poterie-de-crestet.com\/de\/keramik\/butterschale-gruener-olivenbaum\/\" \/>\n<meta property=\"og:site_name\" content=\"Poterie de Crestet\" \/>\n<meta property=\"og:image\" content=\"https:\/\/i0.wp.com\/poterie-de-crestet.com\/wp-content\/uploads\/2025\/04\/beurrier-olivier-vert.jpg?fit=458%2C458&ssl=1\" \/>\n\t<meta property=\"og:image:width\" content=\"458\" \/>\n\t<meta property=\"og:image:height\" content=\"458\" \/>\n\t<meta property=\"og:image:type\" content=\"image\/jpeg\" \/>\n<meta name=\"twitter:card\" content=\"summary_large_image\" \/>\n<script type=\"application\/ld+json\" class=\"yoast-schema-graph\">{\"@context\":\"https:\\\/\\\/schema.org\",\"@graph\":[{\"@type\":\"WebPage\",\"@id\":\"https:\\\/\\\/poterie-de-crestet.com\\\/de\\\/keramik\\\/butterschale-gruener-olivenbaum\\\/\",\"url\":\"https:\\\/\\\/poterie-de-crestet.com\\\/de\\\/keramik\\\/butterschale-gruener-olivenbaum\\\/\",\"name\":\"Butterschale Gr\u00fcner Olivenbaum - Poterie de Crestet\",\"isPartOf\":{\"@id\":\"https:\\\/\\\/poterie-de-crestet.com\\\/de\\\/#website\"},\"primaryImageOfPage\":{\"@id\":\"https:\\\/\\\/poterie-de-crestet.com\\\/de\\\/keramik\\\/butterschale-gruener-olivenbaum\\\/#primaryimage\"},\"image\":{\"@id\":\"https:\\\/\\\/poterie-de-crestet.com\\\/de\\\/keramik\\\/butterschale-gruener-olivenbaum\\\/#primaryimage\"},\"thumbnailUrl\":\"https:\\\/\\\/i0.wp.com\\\/poterie-de-crestet.com\\\/wp-content\\\/uploads\\\/2025\\\/04\\\/beurrier-olivier-vert.jpg?fit=458%2C458&ssl=1\",\"datePublished\":\"2025-04-09T07:54:43+00:00\",\"description\":\"Gr\u00fcne Oliven-Keramikbutterschale. Handgemalte Pflanzendekoration, perfekt f\u00fcr eine sonnige und gro\u00dfz\u00fcgige K\u00fcche.\",\"breadcrumb\":{\"@id\":\"https:\\\/\\\/poterie-de-crestet.com\\\/de\\\/keramik\\\/butterschale-gruener-olivenbaum\\\/#breadcrumb\"},\"inLanguage\":\"de\",\"potentialAction\":[{\"@type\":\"ReadAction\",\"target\":[\"https:\\\/\\\/poterie-de-crestet.com\\\/de\\\/keramik\\\/butterschale-gruener-olivenbaum\\\/\"]}]},{\"@type\":\"ImageObject\",\"inLanguage\":\"de\",\"@id\":\"https:\\\/\\\/poterie-de-crestet.com\\\/de\\\/keramik\\\/butterschale-gruener-olivenbaum\\\/#primaryimage\",\"url\":\"https:\\\/\\\/i0.wp.com\\\/poterie-de-crestet.com\\\/wp-content\\\/uploads\\\/2025\\\/04\\\/beurrier-olivier-vert.jpg?fit=458%2C458&ssl=1\",\"contentUrl\":\"https:\\\/\\\/i0.wp.com\\\/poterie-de-crestet.com\\\/wp-content\\\/uploads\\\/2025\\\/04\\\/beurrier-olivier-vert.jpg?fit=458%2C458&ssl=1\",\"width\":458,\"height\":458,\"caption\":\"Olivengr\u00fcne Butterschale\"},{\"@type\":\"BreadcrumbList\",\"@id\":\"https:\\\/\\\/poterie-de-crestet.com\\\/de\\\/keramik\\\/butterschale-gruener-olivenbaum\\\/#breadcrumb\",\"itemListElement\":[{\"@type\":\"ListItem\",\"position\":1,\"name\":\"Accueil\",\"item\":\"https:\\\/\\\/poterie-de-crestet.com\\\/de\\\/accueil\\\/\"},{\"@type\":\"ListItem\",\"position\":2,\"name\":\"Boutique\",\"item\":\"https:\\\/\\\/poterie-de-crestet.com\\\/ceramiques\\\/\"},{\"@type\":\"ListItem\",\"position\":3,\"name\":\"Butterschale Gr\u00fcner Olivenbaum\"}]},{\"@type\":\"WebSite\",\"@id\":\"https:\\\/\\\/poterie-de-crestet.com\\\/de\\\/#website\",\"url\":\"https:\\\/\\\/poterie-de-crestet.com\\\/de\\\/\",\"name\":\"Poterie de Crestet\",\"description\":\"Des milliers de poteries inpir\u00e9es de la Provence\",\"publisher\":{\"@id\":\"https:\\\/\\\/poterie-de-crestet.com\\\/de\\\/#organization\"},\"potentialAction\":[{\"@type\":\"SearchAction\",\"target\":{\"@type\":\"EntryPoint\",\"urlTemplate\":\"https:\\\/\\\/poterie-de-crestet.com\\\/de\\\/?s={search_term_string}\"},\"query-input\":{\"@type\":\"PropertyValueSpecification\",\"valueRequired\":true,\"valueName\":\"search_term_string\"}}],\"inLanguage\":\"de\"},{\"@type\":\"Organization\",\"@id\":\"https:\\\/\\\/poterie-de-crestet.com\\\/de\\\/#organization\",\"name\":\"Poterie de Crestet\",\"url\":\"https:\\\/\\\/poterie-de-crestet.com\\\/de\\\/\",\"logo\":{\"@type\":\"ImageObject\",\"inLanguage\":\"de\",\"@id\":\"https:\\\/\\\/poterie-de-crestet.com\\\/de\\\/#\\\/schema\\\/logo\\\/image\\\/\",\"url\":\"https:\\\/\\\/i0.wp.com\\\/poterie-de-crestet.com\\\/wp-content\\\/uploads\\\/2025\\\/03\\\/Propo-4.png?fit=1000%2C462&ssl=1\",\"contentUrl\":\"https:\\\/\\\/i0.wp.com\\\/poterie-de-crestet.com\\\/wp-content\\\/uploads\\\/2025\\\/03\\\/Propo-4.png?fit=1000%2C462&ssl=1\",\"width\":1000,\"height\":462,\"caption\":\"Poterie de Crestet\"},\"image\":{\"@id\":\"https:\\\/\\\/poterie-de-crestet.com\\\/de\\\/#\\\/schema\\\/logo\\\/image\\\/\"}}]}<\/script>\n<!-- \/ Yoast SEO plugin. -->","yoast_head_json":{"title":"Butterschale Gr\u00fcner Olivenbaum - Poterie de Crestet","description":"Gr\u00fcne Oliven-Keramikbutterschale. Handgemalte Pflanzendekoration, perfekt f\u00fcr eine sonnige und gro\u00dfz\u00fcgige K\u00fcche.","robots":{"index":"index","follow":"follow","max-snippet":"max-snippet:-1","max-image-preview":"max-image-preview:large","max-video-preview":"max-video-preview:-1"},"canonical":"https:\/\/poterie-de-crestet.com\/de\/keramik\/butterschale-gruener-olivenbaum\/","og_locale":"de_DE","og_type":"article","og_title":"Butterschale Gr\u00fcner Olivenbaum - Poterie de Crestet","og_description":"Gr\u00fcne Oliven-Keramikbutterschale. Handgemalte Pflanzendekoration, perfekt f\u00fcr eine sonnige und gro\u00dfz\u00fcgige K\u00fcche.","og_url":"https:\/\/poterie-de-crestet.com\/de\/keramik\/butterschale-gruener-olivenbaum\/","og_site_name":"Poterie de Crestet","og_image":[{"width":458,"height":458,"url":"https:\/\/i0.wp.com\/poterie-de-crestet.com\/wp-content\/uploads\/2025\/04\/beurrier-olivier-vert.jpg?fit=458%2C458&ssl=1","type":"image\/jpeg"}],"twitter_card":"summary_large_image","schema":{"@context":"https:\/\/schema.org","@graph":[{"@type":"WebPage","@id":"https:\/\/poterie-de-crestet.com\/de\/keramik\/butterschale-gruener-olivenbaum\/","url":"https:\/\/poterie-de-crestet.com\/de\/keramik\/butterschale-gruener-olivenbaum\/","name":"Butterschale Gr\u00fcner Olivenbaum - Poterie de Crestet","isPartOf":{"@id":"https:\/\/poterie-de-crestet.com\/de\/#website"},"primaryImageOfPage":{"@id":"https:\/\/poterie-de-crestet.com\/de\/keramik\/butterschale-gruener-olivenbaum\/#primaryimage"},"image":{"@id":"https:\/\/poterie-de-crestet.com\/de\/keramik\/butterschale-gruener-olivenbaum\/#primaryimage"},"thumbnailUrl":"https:\/\/i0.wp.com\/poterie-de-crestet.com\/wp-content\/uploads\/2025\/04\/beurrier-olivier-vert.jpg?fit=458%2C458&ssl=1","datePublished":"2025-04-09T07:54:43+00:00","description":"Gr\u00fcne Oliven-Keramikbutterschale. Handgemalte Pflanzendekoration, perfekt f\u00fcr eine sonnige und gro\u00dfz\u00fcgige K\u00fcche.","breadcrumb":{"@id":"https:\/\/poterie-de-crestet.com\/de\/keramik\/butterschale-gruener-olivenbaum\/#breadcrumb"},"inLanguage":"de","potentialAction":[{"@type":"ReadAction","target":["https:\/\/poterie-de-crestet.com\/de\/keramik\/butterschale-gruener-olivenbaum\/"]}]},{"@type":"ImageObject","inLanguage":"de","@id":"https:\/\/poterie-de-crestet.com\/de\/keramik\/butterschale-gruener-olivenbaum\/#primaryimage","url":"https:\/\/i0.wp.com\/poterie-de-crestet.com\/wp-content\/uploads\/2025\/04\/beurrier-olivier-vert.jpg?fit=458%2C458&ssl=1","contentUrl":"https:\/\/i0.wp.com\/poterie-de-crestet.com\/wp-content\/uploads\/2025\/04\/beurrier-olivier-vert.jpg?fit=458%2C458&ssl=1","width":458,"height":458,"caption":"Olivengr\u00fcne Butterschale"},{"@type":"BreadcrumbList","@id":"https:\/\/poterie-de-crestet.com\/de\/keramik\/butterschale-gruener-olivenbaum\/#breadcrumb","itemListElement":[{"@type":"ListItem","position":1,"name":"Accueil","item":"https:\/\/poterie-de-crestet.com\/de\/accueil\/"},{"@type":"ListItem","position":2,"name":"Boutique","item":"https:\/\/poterie-de-crestet.com\/ceramiques\/"},{"@type":"ListItem","position":3,"name":"Butterschale Gr\u00fcner Olivenbaum"}]},{"@type":"WebSite","@id":"https:\/\/poterie-de-crestet.com\/de\/#website","url":"https:\/\/poterie-de-crestet.com\/de\/","name":"Poterie de Crestet","description":"Des milliers de poteries inpir\u00e9es de la Provence","publisher":{"@id":"https:\/\/poterie-de-crestet.com\/de\/#organization"},"potentialAction":[{"@type":"SearchAction","target":{"@type":"EntryPoint","urlTemplate":"https:\/\/poterie-de-crestet.com\/de\/?s={search_term_string}"},"query-input":{"@type":"PropertyValueSpecification","valueRequired":true,"valueName":"search_term_string"}}],"inLanguage":"de"},{"@type":"Organization","@id":"https:\/\/poterie-de-crestet.com\/de\/#organization","name":"Poterie de Crestet","url":"https:\/\/poterie-de-crestet.com\/de\/","logo":{"@type":"ImageObject","inLanguage":"de","@id":"https:\/\/poterie-de-crestet.com\/de\/#\/schema\/logo\/image\/","url":"https:\/\/i0.wp.com\/poterie-de-crestet.com\/wp-content\/uploads\/2025\/03\/Propo-4.png?fit=1000%2C462&ssl=1","contentUrl":"https:\/\/i0.wp.com\/poterie-de-crestet.com\/wp-content\/uploads\/2025\/03\/Propo-4.png?fit=1000%2C462&ssl=1","width":1000,"height":462,"caption":"Poterie de Crestet"},"image":{"@id":"https:\/\/poterie-de-crestet.com\/de\/#\/schema\/logo\/image\/"}}]}},"jetpack_sharing_enabled":true,"_links":{"self":[{"href":"https:\/\/poterie-de-crestet.com\/de\/wp-json\/wp\/v2\/product\/18437","targetHints":{"allow":["GET"]}}],"collection":[{"href":"https:\/\/poterie-de-crestet.com\/de\/wp-json\/wp\/v2\/product"}],"about":[{"href":"https:\/\/poterie-de-crestet.com\/de\/wp-json\/wp\/v2\/types\/product"}],"replies":[{"embeddable":true,"href":"https:\/\/poterie-de-crestet.com\/de\/wp-json\/wp\/v2\/comments?post=18437"}],"version-history":[{"count":0,"href":"https:\/\/poterie-de-crestet.com\/de\/wp-json\/wp\/v2\/product\/18437\/revisions"}],"wp:featuredmedia":[{"embeddable":true,"href":"https:\/\/poterie-de-crestet.com\/de\/wp-json\/wp\/v2\/media\/6008"}],"wp:attachment":[{"href":"https:\/\/poterie-de-crestet.com\/de\/wp-json\/wp\/v2\/media?parent=18437"}],"wp:term":[{"taxonomy":"product_brand","embeddable":true,"href":"https:\/\/poterie-de-crestet.com\/de\/wp-json\/wp\/v2\/product_brand?post=18437"},{"taxonomy":"product_cat","embeddable":true,"href":"https:\/\/poterie-de-crestet.com\/de\/wp-json\/wp\/v2\/product_cat?post=18437"},{"taxonomy":"product_tag","embeddable":true,"href":"https:\/\/poterie-de-crestet.com\/de\/wp-json\/wp\/v2\/product_tag?post=18437"}],"curies":[{"name":"wp","href":"https:\/\/api.w.org\/{rel}","templated":true}]}}