{"id":17797,"date":"2025-04-09T17:41:50","date_gmt":"2025-04-09T15:41:50","guid":{"rendered":"https:\/\/poterie-de-crestet.com\/ceramiques\/marmeladentrichter-schwarzer-boden\/"},"modified":"2025-04-09T17:41:50","modified_gmt":"2025-04-09T15:41:50","slug":"marmeladentrichter-schwarzer-boden","status":"publish","type":"product","link":"https:\/\/poterie-de-crestet.com\/de\/keramik\/marmeladentrichter-schwarzer-boden\/","title":{"rendered":"Marmeladentrichter  <h5>Schwarzer Boden<\/h5>"},"content":{"rendered":"<p data-start=\"2204\" data-end=\"2569\">Elegant und modern ist der <strong data-start=\"2285\" data-end=\"2297\">Sol Noir<\/strong> Marmeladentrichter so gestaltet, dass die Zubereitung von selbstgemachten Marmeladen, So\u00dfen oder Kompotten vereinfacht wird. Aus <strong data-start=\"2384\" data-end=\"2397\">Keramik<\/strong> gefertigt, misst er \u00d8 16,2 cm \u2013 H 9,2 cm \u2013 D\u00fcse 4 cm. Ihr breiter Hals verhindert \u00dcberlaufen, die Spitze passt sich an Standardt\u00f6pfe an und ihre H\u00f6he sorgt f\u00fcr ideale Stabilit\u00e4t.  <\/p>\n<p data-start=\"2571\" data-end=\"2933\">Keramik ist eine bessere Wahl als Kunststoff oder Edelstahl: Sie ist hitzebest\u00e4ndig, verformt sich nicht, bleibt angenehm zu handhaben und ver\u00e4ndert den Geschmack nicht. Im Gegensatz zu Edelstahl, der den Brand lange h\u00e4lt, h\u00e4lt er eine sanfte Temperatur. Und vor allem ist er <strong data-start=\"2845\" data-end=\"2889\">sp\u00fclmaschinen- und mikrowellenfest,<\/strong> was ihn einfach und langlebig macht.  <\/p>\n<p data-start=\"2935\" data-end=\"3145\">Die <strong data-start=\"2944\" data-end=\"2956\">Black Floor-Dekoration<\/strong> hebt Ihr Besteck hervor und verleiht der K\u00fcche eine schicke Note. F\u00fcr die perfekte Organisation kombinieren Sie es mit einem <a href=\"https:\/\/poterie-de-crestet.com\/de\/keramik\/loeffelauflage-schwarzer-boden\/\"><strong data-start=\"3075\" data-end=\"3103\">schwarzen Sol-L\u00f6ffelauflage<\/strong> <\/a>oder einem passenden <a href=\"https:\/\/poterie-de-crestet.com\/de\/keramik\/abtropfen-schwarzer-boden\/\"><strong data-start=\"3112\" data-end=\"3134\">Obstabtropf.<\/strong><\/a> <\/p>\n<p data-start=\"3147\" data-end=\"3376\">Mitten in der Marmeladensaison oder f\u00fcr eine einfache hausgemachte So\u00dfe verhindert dieser Trichter Abf\u00e4lle, h\u00e4lt die K\u00fcche sauber und macht die Arbeit deutlich angenehmer. Ein Accessoire, das sowohl praktisch als auch \u00e4sthetisch ist und lange aufbewahrt werden kann. <\/p>\n","protected":false},"excerpt":{"rendered":"<p>Sol Noir Marmeladentrichter: praktisch und schick f\u00fcr So\u00dfen und Marmeladen. Aus langlebiger Keramik gefertigt. Sp\u00fclmaschinen- und Mikrowellenfest.  <br data-start=\"3544\" data-end=\"3547\"><em data-start=\"3547\" data-end=\"3600\"><strong data-start=\"3548\" data-end=\"3599\">Abmessungen: \u00d8 16,2 cm \u2013 H 9,2 cm \u2013 D\u00fcse 4 cm<\/strong><\/em><\/p>\n","protected":false},"featured_media":6846,"comment_status":"closed","ping_status":"closed","template":"","meta":[],"product_brand":[],"product_cat":[322],"product_tag":[229],"class_list":{"0":"post-17797","1":"product","2":"type-product","3":"status-publish","4":"has-post-thumbnail","6":"product_cat-marmeladentrichter","7":"product_tag-schwarzer-boden","9":"first","10":"instock","11":"taxable","12":"shipping-taxable","13":"purchasable","14":"product-type-simple"},"yoast_head":"<!-- This site is optimized with the Yoast SEO plugin v27.5 - https:\/\/yoast.com\/product\/yoast-seo-wordpress\/ -->\n<title>Marmeladentrichter Schwarzer Boden - Poterie de Crestet<\/title>\n<meta name=\"description\" content=\"Sol Noir Marmeladentrichter: elegante und praktische Keramik f\u00fcr Marmeladen, So\u00dfen und Kompotte. Haltbar, leicht zu reinigen, sp\u00fclmaschinenfest.\" \/>\n<meta name=\"robots\" content=\"index, follow, max-snippet:-1, max-image-preview:large, max-video-preview:-1\" \/>\n<link rel=\"canonical\" href=\"https:\/\/poterie-de-crestet.com\/de\/keramik\/marmeladentrichter-schwarzer-boden\/\" \/>\n<meta property=\"og:locale\" content=\"de_DE\" \/>\n<meta property=\"og:type\" content=\"article\" \/>\n<meta property=\"og:title\" content=\"Marmeladentrichter Schwarzer Boden - Poterie de Crestet\" \/>\n<meta property=\"og:description\" content=\"Sol Noir Marmeladentrichter: elegante und praktische Keramik f\u00fcr Marmeladen, So\u00dfen und Kompotte. Haltbar, leicht zu reinigen, sp\u00fclmaschinenfest.\" \/>\n<meta property=\"og:url\" content=\"https:\/\/poterie-de-crestet.com\/de\/keramik\/marmeladentrichter-schwarzer-boden\/\" \/>\n<meta property=\"og:site_name\" content=\"Poterie de Crestet\" \/>\n<meta property=\"og:image\" content=\"https:\/\/i0.wp.com\/poterie-de-crestet.com\/wp-content\/uploads\/2025\/04\/entonnoir-confiture-solnoir.jpg?fit=458%2C458&ssl=1\" \/>\n\t<meta property=\"og:image:width\" content=\"458\" \/>\n\t<meta property=\"og:image:height\" content=\"458\" \/>\n\t<meta property=\"og:image:type\" content=\"image\/jpeg\" \/>\n<meta name=\"twitter:card\" content=\"summary_large_image\" \/>\n<meta name=\"twitter:label1\" content=\"Gesch\u00e4tzte Lesezeit\" \/>\n\t<meta name=\"twitter:data1\" content=\"1\u00a0Minute\" \/>\n<script type=\"application\/ld+json\" class=\"yoast-schema-graph\">{\"@context\":\"https:\\\/\\\/schema.org\",\"@graph\":[{\"@type\":\"WebPage\",\"@id\":\"https:\\\/\\\/poterie-de-crestet.com\\\/de\\\/keramik\\\/marmeladentrichter-schwarzer-boden\\\/\",\"url\":\"https:\\\/\\\/poterie-de-crestet.com\\\/de\\\/keramik\\\/marmeladentrichter-schwarzer-boden\\\/\",\"name\":\"Marmeladentrichter Schwarzer Boden - Poterie de Crestet\",\"isPartOf\":{\"@id\":\"https:\\\/\\\/poterie-de-crestet.com\\\/de\\\/#website\"},\"primaryImageOfPage\":{\"@id\":\"https:\\\/\\\/poterie-de-crestet.com\\\/de\\\/keramik\\\/marmeladentrichter-schwarzer-boden\\\/#primaryimage\"},\"image\":{\"@id\":\"https:\\\/\\\/poterie-de-crestet.com\\\/de\\\/keramik\\\/marmeladentrichter-schwarzer-boden\\\/#primaryimage\"},\"thumbnailUrl\":\"https:\\\/\\\/i0.wp.com\\\/poterie-de-crestet.com\\\/wp-content\\\/uploads\\\/2025\\\/04\\\/entonnoir-confiture-solnoir.jpg?fit=458%2C458&ssl=1\",\"datePublished\":\"2025-04-09T15:41:50+00:00\",\"description\":\"Sol Noir Marmeladentrichter: elegante und praktische Keramik f\u00fcr Marmeladen, So\u00dfen und Kompotte. Haltbar, leicht zu reinigen, sp\u00fclmaschinenfest.\",\"breadcrumb\":{\"@id\":\"https:\\\/\\\/poterie-de-crestet.com\\\/de\\\/keramik\\\/marmeladentrichter-schwarzer-boden\\\/#breadcrumb\"},\"inLanguage\":\"de\",\"potentialAction\":[{\"@type\":\"ReadAction\",\"target\":[\"https:\\\/\\\/poterie-de-crestet.com\\\/de\\\/keramik\\\/marmeladentrichter-schwarzer-boden\\\/\"]}]},{\"@type\":\"ImageObject\",\"inLanguage\":\"de\",\"@id\":\"https:\\\/\\\/poterie-de-crestet.com\\\/de\\\/keramik\\\/marmeladentrichter-schwarzer-boden\\\/#primaryimage\",\"url\":\"https:\\\/\\\/i0.wp.com\\\/poterie-de-crestet.com\\\/wp-content\\\/uploads\\\/2025\\\/04\\\/entonnoir-confiture-solnoir.jpg?fit=458%2C458&ssl=1\",\"contentUrl\":\"https:\\\/\\\/i0.wp.com\\\/poterie-de-crestet.com\\\/wp-content\\\/uploads\\\/2025\\\/04\\\/entonnoir-confiture-solnoir.jpg?fit=458%2C458&ssl=1\",\"width\":458,\"height\":458,\"caption\":\"Schwarzerde-Marmeladen-Trichter\"},{\"@type\":\"BreadcrumbList\",\"@id\":\"https:\\\/\\\/poterie-de-crestet.com\\\/de\\\/keramik\\\/marmeladentrichter-schwarzer-boden\\\/#breadcrumb\",\"itemListElement\":[{\"@type\":\"ListItem\",\"position\":1,\"name\":\"Accueil\",\"item\":\"https:\\\/\\\/poterie-de-crestet.com\\\/de\\\/accueil\\\/\"},{\"@type\":\"ListItem\",\"position\":2,\"name\":\"Boutique\",\"item\":\"https:\\\/\\\/poterie-de-crestet.com\\\/ceramiques\\\/\"},{\"@type\":\"ListItem\",\"position\":3,\"name\":\"Marmeladentrichter Schwarzer Boden\"}]},{\"@type\":\"WebSite\",\"@id\":\"https:\\\/\\\/poterie-de-crestet.com\\\/de\\\/#website\",\"url\":\"https:\\\/\\\/poterie-de-crestet.com\\\/de\\\/\",\"name\":\"Poterie de Crestet\",\"description\":\"Des milliers de poteries inpir\u00e9es de la Provence\",\"publisher\":{\"@id\":\"https:\\\/\\\/poterie-de-crestet.com\\\/de\\\/#organization\"},\"potentialAction\":[{\"@type\":\"SearchAction\",\"target\":{\"@type\":\"EntryPoint\",\"urlTemplate\":\"https:\\\/\\\/poterie-de-crestet.com\\\/de\\\/?s={search_term_string}\"},\"query-input\":{\"@type\":\"PropertyValueSpecification\",\"valueRequired\":true,\"valueName\":\"search_term_string\"}}],\"inLanguage\":\"de\"},{\"@type\":\"Organization\",\"@id\":\"https:\\\/\\\/poterie-de-crestet.com\\\/de\\\/#organization\",\"name\":\"Poterie de Crestet\",\"url\":\"https:\\\/\\\/poterie-de-crestet.com\\\/de\\\/\",\"logo\":{\"@type\":\"ImageObject\",\"inLanguage\":\"de\",\"@id\":\"https:\\\/\\\/poterie-de-crestet.com\\\/de\\\/#\\\/schema\\\/logo\\\/image\\\/\",\"url\":\"https:\\\/\\\/i0.wp.com\\\/poterie-de-crestet.com\\\/wp-content\\\/uploads\\\/2025\\\/03\\\/Propo-4.png?fit=1000%2C462&ssl=1\",\"contentUrl\":\"https:\\\/\\\/i0.wp.com\\\/poterie-de-crestet.com\\\/wp-content\\\/uploads\\\/2025\\\/03\\\/Propo-4.png?fit=1000%2C462&ssl=1\",\"width\":1000,\"height\":462,\"caption\":\"Poterie de Crestet\"},\"image\":{\"@id\":\"https:\\\/\\\/poterie-de-crestet.com\\\/de\\\/#\\\/schema\\\/logo\\\/image\\\/\"}}]}<\/script>\n<!-- \/ Yoast SEO plugin. -->","yoast_head_json":{"title":"Marmeladentrichter Schwarzer Boden - Poterie de Crestet","description":"Sol Noir Marmeladentrichter: elegante und praktische Keramik f\u00fcr Marmeladen, So\u00dfen und Kompotte. Haltbar, leicht zu reinigen, sp\u00fclmaschinenfest.","robots":{"index":"index","follow":"follow","max-snippet":"max-snippet:-1","max-image-preview":"max-image-preview:large","max-video-preview":"max-video-preview:-1"},"canonical":"https:\/\/poterie-de-crestet.com\/de\/keramik\/marmeladentrichter-schwarzer-boden\/","og_locale":"de_DE","og_type":"article","og_title":"Marmeladentrichter Schwarzer Boden - Poterie de Crestet","og_description":"Sol Noir Marmeladentrichter: elegante und praktische Keramik f\u00fcr Marmeladen, So\u00dfen und Kompotte. Haltbar, leicht zu reinigen, sp\u00fclmaschinenfest.","og_url":"https:\/\/poterie-de-crestet.com\/de\/keramik\/marmeladentrichter-schwarzer-boden\/","og_site_name":"Poterie de Crestet","og_image":[{"width":458,"height":458,"url":"https:\/\/i0.wp.com\/poterie-de-crestet.com\/wp-content\/uploads\/2025\/04\/entonnoir-confiture-solnoir.jpg?fit=458%2C458&ssl=1","type":"image\/jpeg"}],"twitter_card":"summary_large_image","twitter_misc":{"Gesch\u00e4tzte Lesezeit":"1\u00a0Minute"},"schema":{"@context":"https:\/\/schema.org","@graph":[{"@type":"WebPage","@id":"https:\/\/poterie-de-crestet.com\/de\/keramik\/marmeladentrichter-schwarzer-boden\/","url":"https:\/\/poterie-de-crestet.com\/de\/keramik\/marmeladentrichter-schwarzer-boden\/","name":"Marmeladentrichter Schwarzer Boden - Poterie de Crestet","isPartOf":{"@id":"https:\/\/poterie-de-crestet.com\/de\/#website"},"primaryImageOfPage":{"@id":"https:\/\/poterie-de-crestet.com\/de\/keramik\/marmeladentrichter-schwarzer-boden\/#primaryimage"},"image":{"@id":"https:\/\/poterie-de-crestet.com\/de\/keramik\/marmeladentrichter-schwarzer-boden\/#primaryimage"},"thumbnailUrl":"https:\/\/i0.wp.com\/poterie-de-crestet.com\/wp-content\/uploads\/2025\/04\/entonnoir-confiture-solnoir.jpg?fit=458%2C458&ssl=1","datePublished":"2025-04-09T15:41:50+00:00","description":"Sol Noir Marmeladentrichter: elegante und praktische Keramik f\u00fcr Marmeladen, So\u00dfen und Kompotte. Haltbar, leicht zu reinigen, sp\u00fclmaschinenfest.","breadcrumb":{"@id":"https:\/\/poterie-de-crestet.com\/de\/keramik\/marmeladentrichter-schwarzer-boden\/#breadcrumb"},"inLanguage":"de","potentialAction":[{"@type":"ReadAction","target":["https:\/\/poterie-de-crestet.com\/de\/keramik\/marmeladentrichter-schwarzer-boden\/"]}]},{"@type":"ImageObject","inLanguage":"de","@id":"https:\/\/poterie-de-crestet.com\/de\/keramik\/marmeladentrichter-schwarzer-boden\/#primaryimage","url":"https:\/\/i0.wp.com\/poterie-de-crestet.com\/wp-content\/uploads\/2025\/04\/entonnoir-confiture-solnoir.jpg?fit=458%2C458&ssl=1","contentUrl":"https:\/\/i0.wp.com\/poterie-de-crestet.com\/wp-content\/uploads\/2025\/04\/entonnoir-confiture-solnoir.jpg?fit=458%2C458&ssl=1","width":458,"height":458,"caption":"Schwarzerde-Marmeladen-Trichter"},{"@type":"BreadcrumbList","@id":"https:\/\/poterie-de-crestet.com\/de\/keramik\/marmeladentrichter-schwarzer-boden\/#breadcrumb","itemListElement":[{"@type":"ListItem","position":1,"name":"Accueil","item":"https:\/\/poterie-de-crestet.com\/de\/accueil\/"},{"@type":"ListItem","position":2,"name":"Boutique","item":"https:\/\/poterie-de-crestet.com\/ceramiques\/"},{"@type":"ListItem","position":3,"name":"Marmeladentrichter Schwarzer Boden"}]},{"@type":"WebSite","@id":"https:\/\/poterie-de-crestet.com\/de\/#website","url":"https:\/\/poterie-de-crestet.com\/de\/","name":"Poterie de Crestet","description":"Des milliers de poteries inpir\u00e9es de la Provence","publisher":{"@id":"https:\/\/poterie-de-crestet.com\/de\/#organization"},"potentialAction":[{"@type":"SearchAction","target":{"@type":"EntryPoint","urlTemplate":"https:\/\/poterie-de-crestet.com\/de\/?s={search_term_string}"},"query-input":{"@type":"PropertyValueSpecification","valueRequired":true,"valueName":"search_term_string"}}],"inLanguage":"de"},{"@type":"Organization","@id":"https:\/\/poterie-de-crestet.com\/de\/#organization","name":"Poterie de Crestet","url":"https:\/\/poterie-de-crestet.com\/de\/","logo":{"@type":"ImageObject","inLanguage":"de","@id":"https:\/\/poterie-de-crestet.com\/de\/#\/schema\/logo\/image\/","url":"https:\/\/i0.wp.com\/poterie-de-crestet.com\/wp-content\/uploads\/2025\/03\/Propo-4.png?fit=1000%2C462&ssl=1","contentUrl":"https:\/\/i0.wp.com\/poterie-de-crestet.com\/wp-content\/uploads\/2025\/03\/Propo-4.png?fit=1000%2C462&ssl=1","width":1000,"height":462,"caption":"Poterie de Crestet"},"image":{"@id":"https:\/\/poterie-de-crestet.com\/de\/#\/schema\/logo\/image\/"}}]}},"jetpack_sharing_enabled":true,"_links":{"self":[{"href":"https:\/\/poterie-de-crestet.com\/de\/wp-json\/wp\/v2\/product\/17797","targetHints":{"allow":["GET"]}}],"collection":[{"href":"https:\/\/poterie-de-crestet.com\/de\/wp-json\/wp\/v2\/product"}],"about":[{"href":"https:\/\/poterie-de-crestet.com\/de\/wp-json\/wp\/v2\/types\/product"}],"replies":[{"embeddable":true,"href":"https:\/\/poterie-de-crestet.com\/de\/wp-json\/wp\/v2\/comments?post=17797"}],"version-history":[{"count":0,"href":"https:\/\/poterie-de-crestet.com\/de\/wp-json\/wp\/v2\/product\/17797\/revisions"}],"wp:featuredmedia":[{"embeddable":true,"href":"https:\/\/poterie-de-crestet.com\/de\/wp-json\/wp\/v2\/media\/6846"}],"wp:attachment":[{"href":"https:\/\/poterie-de-crestet.com\/de\/wp-json\/wp\/v2\/media?parent=17797"}],"wp:term":[{"taxonomy":"product_brand","embeddable":true,"href":"https:\/\/poterie-de-crestet.com\/de\/wp-json\/wp\/v2\/product_brand?post=17797"},{"taxonomy":"product_cat","embeddable":true,"href":"https:\/\/poterie-de-crestet.com\/de\/wp-json\/wp\/v2\/product_cat?post=17797"},{"taxonomy":"product_tag","embeddable":true,"href":"https:\/\/poterie-de-crestet.com\/de\/wp-json\/wp\/v2\/product_tag?post=17797"}],"curies":[{"name":"wp","href":"https:\/\/api.w.org\/{rel}","templated":true}]}}