{"id":16941,"date":"2025-04-08T10:25:12","date_gmt":"2025-04-08T08:25:12","guid":{"rendered":"https:\/\/poterie-de-crestet.com\/ceramiques\/wasseraschenbecher-olivgrauer-tuerkis\/"},"modified":"2025-04-08T10:25:12","modified_gmt":"2025-04-08T08:25:12","slug":"wasseraschenbecher-olivgrauer-tuerkis","status":"publish","type":"product","link":"https:\/\/poterie-de-crestet.com\/de\/keramik\/wasseraschenbecher-olivgrauer-tuerkis\/","title":{"rendered":"Wasseraschenbecher  <h5>Olivgrauer T\u00fcrkis<\/h5>"},"content":{"rendered":"<p>Frisch und funktional ist diese t\u00fcrkisfarbene Version des Wasseraschenbechers f\u00fcr ruhige und durchdachte Umgebungen konzipiert. Ein bisschen Wasser oder Sand, ein stabiler Deckel, und der Tabakgeruch bleibt dort, wo er hingeh\u00f6rt.<br data-start=\"2325\" data-end=\"2328\">Stabil, \u00e4sthetisch ansprechend und leicht zu pflegen. <br data-start=\"2371\" data-end=\"2374\"><strong data-start=\"2374\" data-end=\"2404\">Abmessungen: 14,6 \u00d7 7,2 cm<\/strong><br data-start=\"2404\" data-end=\"2407\"><em data-start=\"2407\" data-end=\"2476\">Auch als kleines Modell erh\u00e4ltlich, praktisch f\u00fcr enge R\u00e4ume.<\/em><\/p>\n","protected":false},"excerpt":{"rendered":"<p>N\u00fcchtern und n\u00fctzlicher Aschenbecher mit Deckel. F\u00fclle den Boden, um anhaltende Ger\u00fcche zu vermeiden. <br data-start=\"2537\" data-end=\"2540\"><strong data-start=\"2540\" data-end=\"2572\"><em data-start=\"2542\" data-end=\"2570\">Abmessungen: 14,6 \u00d7 7,2 cm<\/em><\/strong><\/p>\n","protected":false},"featured_media":6568,"comment_status":"open","ping_status":"closed","template":"","meta":[],"product_brand":[],"product_cat":[184],"product_tag":[192],"class_list":{"0":"post-16941","1":"product","2":"type-product","3":"status-publish","4":"has-post-thumbnail","6":"product_cat-aschenbecher","7":"product_tag-olivgrauer-turkis","9":"first","10":"instock","11":"taxable","12":"shipping-taxable","13":"purchasable","14":"product-type-simple"},"yoast_head":"<!-- This site is optimized with the Yoast SEO plugin v27.5 - https:\/\/yoast.com\/product\/yoast-seo-wordpress\/ -->\n<title>Wasseraschenbecher Olivgrauer T\u00fcrkis - Poterie de Crestet<\/title>\n<meta name=\"description\" content=\"Olivgrauer t\u00fcrkisfarbener Aschenbecher gro\u00dfer Modell. Gro\u00df, praktisch und farbenfroh. Rauchfrei und f\u00fcgt sich in eine freundliche Atmosph\u00e4re ein.\" \/>\n<meta name=\"robots\" content=\"index, follow, max-snippet:-1, max-image-preview:large, max-video-preview:-1\" \/>\n<link rel=\"canonical\" href=\"https:\/\/poterie-de-crestet.com\/de\/keramik\/wasseraschenbecher-olivgrauer-tuerkis\/\" \/>\n<meta property=\"og:locale\" content=\"de_DE\" \/>\n<meta property=\"og:type\" content=\"article\" \/>\n<meta property=\"og:title\" content=\"Wasseraschenbecher Olivgrauer T\u00fcrkis - Poterie de Crestet\" \/>\n<meta property=\"og:description\" content=\"Olivgrauer t\u00fcrkisfarbener Aschenbecher gro\u00dfer Modell. Gro\u00df, praktisch und farbenfroh. Rauchfrei und f\u00fcgt sich in eine freundliche Atmosph\u00e4re ein.\" \/>\n<meta property=\"og:url\" content=\"https:\/\/poterie-de-crestet.com\/de\/keramik\/wasseraschenbecher-olivgrauer-tuerkis\/\" \/>\n<meta property=\"og:site_name\" content=\"Poterie de Crestet\" \/>\n<meta property=\"og:image\" content=\"https:\/\/i0.wp.com\/poterie-de-crestet.com\/wp-content\/uploads\/2025\/04\/cendrier-a-eau-olive-gris-turquoise.jpg?fit=458%2C458&ssl=1\" \/>\n\t<meta property=\"og:image:width\" content=\"458\" \/>\n\t<meta property=\"og:image:height\" content=\"458\" \/>\n\t<meta property=\"og:image:type\" content=\"image\/jpeg\" \/>\n<meta name=\"twitter:card\" content=\"summary_large_image\" \/>\n<script type=\"application\/ld+json\" class=\"yoast-schema-graph\">{\"@context\":\"https:\\\/\\\/schema.org\",\"@graph\":[{\"@type\":\"WebPage\",\"@id\":\"https:\\\/\\\/poterie-de-crestet.com\\\/de\\\/keramik\\\/wasseraschenbecher-olivgrauer-tuerkis\\\/\",\"url\":\"https:\\\/\\\/poterie-de-crestet.com\\\/de\\\/keramik\\\/wasseraschenbecher-olivgrauer-tuerkis\\\/\",\"name\":\"Wasseraschenbecher Olivgrauer T\u00fcrkis - Poterie de Crestet\",\"isPartOf\":{\"@id\":\"https:\\\/\\\/poterie-de-crestet.com\\\/de\\\/#website\"},\"primaryImageOfPage\":{\"@id\":\"https:\\\/\\\/poterie-de-crestet.com\\\/de\\\/keramik\\\/wasseraschenbecher-olivgrauer-tuerkis\\\/#primaryimage\"},\"image\":{\"@id\":\"https:\\\/\\\/poterie-de-crestet.com\\\/de\\\/keramik\\\/wasseraschenbecher-olivgrauer-tuerkis\\\/#primaryimage\"},\"thumbnailUrl\":\"https:\\\/\\\/i0.wp.com\\\/poterie-de-crestet.com\\\/wp-content\\\/uploads\\\/2025\\\/04\\\/cendrier-a-eau-olive-gris-turquoise.jpg?fit=458%2C458&ssl=1\",\"datePublished\":\"2025-04-08T08:25:12+00:00\",\"description\":\"Olivgrauer t\u00fcrkisfarbener Aschenbecher gro\u00dfer Modell. Gro\u00df, praktisch und farbenfroh. Rauchfrei und f\u00fcgt sich in eine freundliche Atmosph\u00e4re ein.\",\"breadcrumb\":{\"@id\":\"https:\\\/\\\/poterie-de-crestet.com\\\/de\\\/keramik\\\/wasseraschenbecher-olivgrauer-tuerkis\\\/#breadcrumb\"},\"inLanguage\":\"de\",\"potentialAction\":[{\"@type\":\"ReadAction\",\"target\":[\"https:\\\/\\\/poterie-de-crestet.com\\\/de\\\/keramik\\\/wasseraschenbecher-olivgrauer-tuerkis\\\/\"]}]},{\"@type\":\"ImageObject\",\"inLanguage\":\"de\",\"@id\":\"https:\\\/\\\/poterie-de-crestet.com\\\/de\\\/keramik\\\/wasseraschenbecher-olivgrauer-tuerkis\\\/#primaryimage\",\"url\":\"https:\\\/\\\/i0.wp.com\\\/poterie-de-crestet.com\\\/wp-content\\\/uploads\\\/2025\\\/04\\\/cendrier-a-eau-olive-gris-turquoise.jpg?fit=458%2C458&ssl=1\",\"contentUrl\":\"https:\\\/\\\/i0.wp.com\\\/poterie-de-crestet.com\\\/wp-content\\\/uploads\\\/2025\\\/04\\\/cendrier-a-eau-olive-gris-turquoise.jpg?fit=458%2C458&ssl=1\",\"width\":458,\"height\":458,\"caption\":\"Wasser-Aschenbecher Olivgrau T\u00fcrkis\"},{\"@type\":\"BreadcrumbList\",\"@id\":\"https:\\\/\\\/poterie-de-crestet.com\\\/de\\\/keramik\\\/wasseraschenbecher-olivgrauer-tuerkis\\\/#breadcrumb\",\"itemListElement\":[{\"@type\":\"ListItem\",\"position\":1,\"name\":\"Accueil\",\"item\":\"https:\\\/\\\/poterie-de-crestet.com\\\/de\\\/accueil\\\/\"},{\"@type\":\"ListItem\",\"position\":2,\"name\":\"Boutique\",\"item\":\"https:\\\/\\\/poterie-de-crestet.com\\\/ceramiques\\\/\"},{\"@type\":\"ListItem\",\"position\":3,\"name\":\"Wasseraschenbecher Olivgrauer T\u00fcrkis\"}]},{\"@type\":\"WebSite\",\"@id\":\"https:\\\/\\\/poterie-de-crestet.com\\\/de\\\/#website\",\"url\":\"https:\\\/\\\/poterie-de-crestet.com\\\/de\\\/\",\"name\":\"Poterie de Crestet\",\"description\":\"Des milliers de poteries inpir\u00e9es de la Provence\",\"publisher\":{\"@id\":\"https:\\\/\\\/poterie-de-crestet.com\\\/de\\\/#organization\"},\"potentialAction\":[{\"@type\":\"SearchAction\",\"target\":{\"@type\":\"EntryPoint\",\"urlTemplate\":\"https:\\\/\\\/poterie-de-crestet.com\\\/de\\\/?s={search_term_string}\"},\"query-input\":{\"@type\":\"PropertyValueSpecification\",\"valueRequired\":true,\"valueName\":\"search_term_string\"}}],\"inLanguage\":\"de\"},{\"@type\":\"Organization\",\"@id\":\"https:\\\/\\\/poterie-de-crestet.com\\\/de\\\/#organization\",\"name\":\"Poterie de Crestet\",\"url\":\"https:\\\/\\\/poterie-de-crestet.com\\\/de\\\/\",\"logo\":{\"@type\":\"ImageObject\",\"inLanguage\":\"de\",\"@id\":\"https:\\\/\\\/poterie-de-crestet.com\\\/de\\\/#\\\/schema\\\/logo\\\/image\\\/\",\"url\":\"https:\\\/\\\/i0.wp.com\\\/poterie-de-crestet.com\\\/wp-content\\\/uploads\\\/2025\\\/03\\\/Propo-4.png?fit=1000%2C462&ssl=1\",\"contentUrl\":\"https:\\\/\\\/i0.wp.com\\\/poterie-de-crestet.com\\\/wp-content\\\/uploads\\\/2025\\\/03\\\/Propo-4.png?fit=1000%2C462&ssl=1\",\"width\":1000,\"height\":462,\"caption\":\"Poterie de Crestet\"},\"image\":{\"@id\":\"https:\\\/\\\/poterie-de-crestet.com\\\/de\\\/#\\\/schema\\\/logo\\\/image\\\/\"}}]}<\/script>\n<!-- \/ Yoast SEO plugin. -->","yoast_head_json":{"title":"Wasseraschenbecher Olivgrauer T\u00fcrkis - Poterie de Crestet","description":"Olivgrauer t\u00fcrkisfarbener Aschenbecher gro\u00dfer Modell. Gro\u00df, praktisch und farbenfroh. Rauchfrei und f\u00fcgt sich in eine freundliche Atmosph\u00e4re ein.","robots":{"index":"index","follow":"follow","max-snippet":"max-snippet:-1","max-image-preview":"max-image-preview:large","max-video-preview":"max-video-preview:-1"},"canonical":"https:\/\/poterie-de-crestet.com\/de\/keramik\/wasseraschenbecher-olivgrauer-tuerkis\/","og_locale":"de_DE","og_type":"article","og_title":"Wasseraschenbecher Olivgrauer T\u00fcrkis - Poterie de Crestet","og_description":"Olivgrauer t\u00fcrkisfarbener Aschenbecher gro\u00dfer Modell. Gro\u00df, praktisch und farbenfroh. Rauchfrei und f\u00fcgt sich in eine freundliche Atmosph\u00e4re ein.","og_url":"https:\/\/poterie-de-crestet.com\/de\/keramik\/wasseraschenbecher-olivgrauer-tuerkis\/","og_site_name":"Poterie de Crestet","og_image":[{"width":458,"height":458,"url":"https:\/\/i0.wp.com\/poterie-de-crestet.com\/wp-content\/uploads\/2025\/04\/cendrier-a-eau-olive-gris-turquoise.jpg?fit=458%2C458&ssl=1","type":"image\/jpeg"}],"twitter_card":"summary_large_image","schema":{"@context":"https:\/\/schema.org","@graph":[{"@type":"WebPage","@id":"https:\/\/poterie-de-crestet.com\/de\/keramik\/wasseraschenbecher-olivgrauer-tuerkis\/","url":"https:\/\/poterie-de-crestet.com\/de\/keramik\/wasseraschenbecher-olivgrauer-tuerkis\/","name":"Wasseraschenbecher Olivgrauer T\u00fcrkis - Poterie de Crestet","isPartOf":{"@id":"https:\/\/poterie-de-crestet.com\/de\/#website"},"primaryImageOfPage":{"@id":"https:\/\/poterie-de-crestet.com\/de\/keramik\/wasseraschenbecher-olivgrauer-tuerkis\/#primaryimage"},"image":{"@id":"https:\/\/poterie-de-crestet.com\/de\/keramik\/wasseraschenbecher-olivgrauer-tuerkis\/#primaryimage"},"thumbnailUrl":"https:\/\/i0.wp.com\/poterie-de-crestet.com\/wp-content\/uploads\/2025\/04\/cendrier-a-eau-olive-gris-turquoise.jpg?fit=458%2C458&ssl=1","datePublished":"2025-04-08T08:25:12+00:00","description":"Olivgrauer t\u00fcrkisfarbener Aschenbecher gro\u00dfer Modell. Gro\u00df, praktisch und farbenfroh. Rauchfrei und f\u00fcgt sich in eine freundliche Atmosph\u00e4re ein.","breadcrumb":{"@id":"https:\/\/poterie-de-crestet.com\/de\/keramik\/wasseraschenbecher-olivgrauer-tuerkis\/#breadcrumb"},"inLanguage":"de","potentialAction":[{"@type":"ReadAction","target":["https:\/\/poterie-de-crestet.com\/de\/keramik\/wasseraschenbecher-olivgrauer-tuerkis\/"]}]},{"@type":"ImageObject","inLanguage":"de","@id":"https:\/\/poterie-de-crestet.com\/de\/keramik\/wasseraschenbecher-olivgrauer-tuerkis\/#primaryimage","url":"https:\/\/i0.wp.com\/poterie-de-crestet.com\/wp-content\/uploads\/2025\/04\/cendrier-a-eau-olive-gris-turquoise.jpg?fit=458%2C458&ssl=1","contentUrl":"https:\/\/i0.wp.com\/poterie-de-crestet.com\/wp-content\/uploads\/2025\/04\/cendrier-a-eau-olive-gris-turquoise.jpg?fit=458%2C458&ssl=1","width":458,"height":458,"caption":"Wasser-Aschenbecher Olivgrau T\u00fcrkis"},{"@type":"BreadcrumbList","@id":"https:\/\/poterie-de-crestet.com\/de\/keramik\/wasseraschenbecher-olivgrauer-tuerkis\/#breadcrumb","itemListElement":[{"@type":"ListItem","position":1,"name":"Accueil","item":"https:\/\/poterie-de-crestet.com\/de\/accueil\/"},{"@type":"ListItem","position":2,"name":"Boutique","item":"https:\/\/poterie-de-crestet.com\/ceramiques\/"},{"@type":"ListItem","position":3,"name":"Wasseraschenbecher Olivgrauer T\u00fcrkis"}]},{"@type":"WebSite","@id":"https:\/\/poterie-de-crestet.com\/de\/#website","url":"https:\/\/poterie-de-crestet.com\/de\/","name":"Poterie de Crestet","description":"Des milliers de poteries inpir\u00e9es de la Provence","publisher":{"@id":"https:\/\/poterie-de-crestet.com\/de\/#organization"},"potentialAction":[{"@type":"SearchAction","target":{"@type":"EntryPoint","urlTemplate":"https:\/\/poterie-de-crestet.com\/de\/?s={search_term_string}"},"query-input":{"@type":"PropertyValueSpecification","valueRequired":true,"valueName":"search_term_string"}}],"inLanguage":"de"},{"@type":"Organization","@id":"https:\/\/poterie-de-crestet.com\/de\/#organization","name":"Poterie de Crestet","url":"https:\/\/poterie-de-crestet.com\/de\/","logo":{"@type":"ImageObject","inLanguage":"de","@id":"https:\/\/poterie-de-crestet.com\/de\/#\/schema\/logo\/image\/","url":"https:\/\/i0.wp.com\/poterie-de-crestet.com\/wp-content\/uploads\/2025\/03\/Propo-4.png?fit=1000%2C462&ssl=1","contentUrl":"https:\/\/i0.wp.com\/poterie-de-crestet.com\/wp-content\/uploads\/2025\/03\/Propo-4.png?fit=1000%2C462&ssl=1","width":1000,"height":462,"caption":"Poterie de Crestet"},"image":{"@id":"https:\/\/poterie-de-crestet.com\/de\/#\/schema\/logo\/image\/"}}]}},"jetpack_sharing_enabled":true,"_links":{"self":[{"href":"https:\/\/poterie-de-crestet.com\/de\/wp-json\/wp\/v2\/product\/16941","targetHints":{"allow":["GET"]}}],"collection":[{"href":"https:\/\/poterie-de-crestet.com\/de\/wp-json\/wp\/v2\/product"}],"about":[{"href":"https:\/\/poterie-de-crestet.com\/de\/wp-json\/wp\/v2\/types\/product"}],"replies":[{"embeddable":true,"href":"https:\/\/poterie-de-crestet.com\/de\/wp-json\/wp\/v2\/comments?post=16941"}],"version-history":[{"count":0,"href":"https:\/\/poterie-de-crestet.com\/de\/wp-json\/wp\/v2\/product\/16941\/revisions"}],"wp:featuredmedia":[{"embeddable":true,"href":"https:\/\/poterie-de-crestet.com\/de\/wp-json\/wp\/v2\/media\/6568"}],"wp:attachment":[{"href":"https:\/\/poterie-de-crestet.com\/de\/wp-json\/wp\/v2\/media?parent=16941"}],"wp:term":[{"taxonomy":"product_brand","embeddable":true,"href":"https:\/\/poterie-de-crestet.com\/de\/wp-json\/wp\/v2\/product_brand?post=16941"},{"taxonomy":"product_cat","embeddable":true,"href":"https:\/\/poterie-de-crestet.com\/de\/wp-json\/wp\/v2\/product_cat?post=16941"},{"taxonomy":"product_tag","embeddable":true,"href":"https:\/\/poterie-de-crestet.com\/de\/wp-json\/wp\/v2\/product_tag?post=16941"}],"curies":[{"name":"wp","href":"https:\/\/api.w.org\/{rel}","templated":true}]}}