{"id":16877,"date":"2025-04-08T10:25:15","date_gmt":"2025-04-08T08:25:15","guid":{"rendered":"https:\/\/poterie-de-crestet.com\/ceramiques\/kleines-modell-von-aschenbecher-roter-platz\/"},"modified":"2025-04-08T10:25:15","modified_gmt":"2025-04-08T08:25:15","slug":"kleines-modell-von-aschenbecher-roter-platz","status":"publish","type":"product","link":"https:\/\/poterie-de-crestet.com\/de\/keramik\/kleines-modell-von-aschenbecher-roter-platz\/","title":{"rendered":"Kleines Modell von Aschenbecher  <h5>Roter Platz<\/h5>"},"content":{"rendered":"<p>Dieser kleine rote Square-Wasseraschenbecher ist f\u00fcr diskrete Raucher konzipiert: kompakt, stabil und einfach zu bedienen. Es begrenzt Ger\u00fcche durch einen Boden, der mit Wasser oder Sand gef\u00fcllt werden muss, und der Deckel verhindert, dass Asche bei kleinstem Zug davonfliegt.<br data-start=\"2392\" data-end=\"2395\">Handbemalt bewahrt es den ganzen Charme der Keramik, mit echter Aufmerksamkeit f\u00fcr die Praktikabilit\u00e4t. Sie kann im Handschnellen, von Hand oder in der Sp\u00fclmaschine gereinigt werden.  <br data-start=\"2552\" data-end=\"2555\"><strong data-start=\"2555\" data-end=\"2583\">Ma\u00dfe: 11 \u00d7 5,5 cm<\/strong><br data-start=\"2583\" data-end=\"2586\"><em data-start=\"2586\" data-end=\"2698\">Ein gr\u00f6\u00dferes Modell ist ebenfalls erh\u00e4ltlich, f\u00fcr Gartentische oder h\u00e4ufigere Raucherbereiche.<\/em><\/p>\n","protected":false},"excerpt":{"rendered":"<p>Kleiner Wasseraschenbecher, der gef\u00fcllt und geschlossen werden sollte. Ideal drinnen. Gro\u00dfes Modell verf\u00fcgbar.  <br data-start=\"853\" data-end=\"856\"><strong data-start=\"856\" data-end=\"886\"><em data-start=\"858\" data-end=\"884\">Ma\u00dfe: 11 \u00d7 5,5 cm<\/em><\/strong><\/p>\n","protected":false},"featured_media":6608,"comment_status":"open","ping_status":"closed","template":"","meta":[],"product_brand":[],"product_cat":[184],"product_tag":[200],"class_list":{"0":"post-16877","1":"product","2":"type-product","3":"status-publish","4":"has-post-thumbnail","6":"product_cat-aschenbecher","7":"product_tag-roter-platz","9":"first","10":"instock","11":"taxable","12":"shipping-taxable","13":"purchasable","14":"product-type-simple"},"yoast_head":"<!-- This site is optimized with the Yoast SEO plugin v27.5 - https:\/\/yoast.com\/product\/yoast-seo-wordpress\/ -->\n<title>Kleines Modell von Aschenbecher Roter Platz - Poterie de Crestet<\/title>\n<meta name=\"description\" content=\"Kleiner roter quadratischer Wasseraschenbecher, handbemalt. Er schaltet sauber ab, h\u00e4lt Ger\u00fcche zur\u00fcck und bleibt unbemerkt. H\u00fcbsch und funktional.\" \/>\n<meta name=\"robots\" content=\"index, follow, max-snippet:-1, max-image-preview:large, max-video-preview:-1\" \/>\n<link rel=\"canonical\" href=\"https:\/\/poterie-de-crestet.com\/de\/keramik\/kleines-modell-von-aschenbecher-roter-platz\/\" \/>\n<meta property=\"og:locale\" content=\"de_DE\" \/>\n<meta property=\"og:type\" content=\"article\" \/>\n<meta property=\"og:title\" content=\"Kleines Modell von Aschenbecher Roter Platz - Poterie de Crestet\" \/>\n<meta property=\"og:description\" content=\"Kleiner roter quadratischer Wasseraschenbecher, handbemalt. Er schaltet sauber ab, h\u00e4lt Ger\u00fcche zur\u00fcck und bleibt unbemerkt. H\u00fcbsch und funktional.\" \/>\n<meta property=\"og:url\" content=\"https:\/\/poterie-de-crestet.com\/de\/keramik\/kleines-modell-von-aschenbecher-roter-platz\/\" \/>\n<meta property=\"og:site_name\" content=\"Poterie de Crestet\" \/>\n<meta property=\"og:image\" content=\"https:\/\/i0.wp.com\/poterie-de-crestet.com\/wp-content\/uploads\/2025\/04\/cendrier-pm-carre-rouge-1.jpg?fit=458%2C458&ssl=1\" \/>\n\t<meta property=\"og:image:width\" content=\"458\" \/>\n\t<meta property=\"og:image:height\" content=\"458\" \/>\n\t<meta property=\"og:image:type\" content=\"image\/jpeg\" \/>\n<meta name=\"twitter:card\" content=\"summary_large_image\" \/>\n<script type=\"application\/ld+json\" class=\"yoast-schema-graph\">{\"@context\":\"https:\\\/\\\/schema.org\",\"@graph\":[{\"@type\":\"WebPage\",\"@id\":\"https:\\\/\\\/poterie-de-crestet.com\\\/de\\\/keramik\\\/kleines-modell-von-aschenbecher-roter-platz\\\/\",\"url\":\"https:\\\/\\\/poterie-de-crestet.com\\\/de\\\/keramik\\\/kleines-modell-von-aschenbecher-roter-platz\\\/\",\"name\":\"Kleines Modell von Aschenbecher Roter Platz - Poterie de Crestet\",\"isPartOf\":{\"@id\":\"https:\\\/\\\/poterie-de-crestet.com\\\/de\\\/#website\"},\"primaryImageOfPage\":{\"@id\":\"https:\\\/\\\/poterie-de-crestet.com\\\/de\\\/keramik\\\/kleines-modell-von-aschenbecher-roter-platz\\\/#primaryimage\"},\"image\":{\"@id\":\"https:\\\/\\\/poterie-de-crestet.com\\\/de\\\/keramik\\\/kleines-modell-von-aschenbecher-roter-platz\\\/#primaryimage\"},\"thumbnailUrl\":\"https:\\\/\\\/i0.wp.com\\\/poterie-de-crestet.com\\\/wp-content\\\/uploads\\\/2025\\\/04\\\/cendrier-pm-carre-rouge-1.jpg?fit=458%2C458&ssl=1\",\"datePublished\":\"2025-04-08T08:25:15+00:00\",\"description\":\"Kleiner roter quadratischer Wasseraschenbecher, handbemalt. Er schaltet sauber ab, h\u00e4lt Ger\u00fcche zur\u00fcck und bleibt unbemerkt. H\u00fcbsch und funktional.\",\"breadcrumb\":{\"@id\":\"https:\\\/\\\/poterie-de-crestet.com\\\/de\\\/keramik\\\/kleines-modell-von-aschenbecher-roter-platz\\\/#breadcrumb\"},\"inLanguage\":\"de\",\"potentialAction\":[{\"@type\":\"ReadAction\",\"target\":[\"https:\\\/\\\/poterie-de-crestet.com\\\/de\\\/keramik\\\/kleines-modell-von-aschenbecher-roter-platz\\\/\"]}]},{\"@type\":\"ImageObject\",\"inLanguage\":\"de\",\"@id\":\"https:\\\/\\\/poterie-de-crestet.com\\\/de\\\/keramik\\\/kleines-modell-von-aschenbecher-roter-platz\\\/#primaryimage\",\"url\":\"https:\\\/\\\/i0.wp.com\\\/poterie-de-crestet.com\\\/wp-content\\\/uploads\\\/2025\\\/04\\\/cendrier-pm-carre-rouge-1.jpg?fit=458%2C458&ssl=1\",\"contentUrl\":\"https:\\\/\\\/i0.wp.com\\\/poterie-de-crestet.com\\\/wp-content\\\/uploads\\\/2025\\\/04\\\/cendrier-pm-carre-rouge-1.jpg?fit=458%2C458&ssl=1\",\"width\":458,\"height\":458,\"caption\":\"Roter Quadrat-Wasseraschenbecher\"},{\"@type\":\"BreadcrumbList\",\"@id\":\"https:\\\/\\\/poterie-de-crestet.com\\\/de\\\/keramik\\\/kleines-modell-von-aschenbecher-roter-platz\\\/#breadcrumb\",\"itemListElement\":[{\"@type\":\"ListItem\",\"position\":1,\"name\":\"Accueil\",\"item\":\"https:\\\/\\\/poterie-de-crestet.com\\\/de\\\/accueil\\\/\"},{\"@type\":\"ListItem\",\"position\":2,\"name\":\"Boutique\",\"item\":\"https:\\\/\\\/poterie-de-crestet.com\\\/ceramiques\\\/\"},{\"@type\":\"ListItem\",\"position\":3,\"name\":\"Kleines Modell von Aschenbecher Roter Platz\"}]},{\"@type\":\"WebSite\",\"@id\":\"https:\\\/\\\/poterie-de-crestet.com\\\/de\\\/#website\",\"url\":\"https:\\\/\\\/poterie-de-crestet.com\\\/de\\\/\",\"name\":\"Poterie de Crestet\",\"description\":\"Des milliers de poteries inpir\u00e9es de la Provence\",\"publisher\":{\"@id\":\"https:\\\/\\\/poterie-de-crestet.com\\\/de\\\/#organization\"},\"potentialAction\":[{\"@type\":\"SearchAction\",\"target\":{\"@type\":\"EntryPoint\",\"urlTemplate\":\"https:\\\/\\\/poterie-de-crestet.com\\\/de\\\/?s={search_term_string}\"},\"query-input\":{\"@type\":\"PropertyValueSpecification\",\"valueRequired\":true,\"valueName\":\"search_term_string\"}}],\"inLanguage\":\"de\"},{\"@type\":\"Organization\",\"@id\":\"https:\\\/\\\/poterie-de-crestet.com\\\/de\\\/#organization\",\"name\":\"Poterie de Crestet\",\"url\":\"https:\\\/\\\/poterie-de-crestet.com\\\/de\\\/\",\"logo\":{\"@type\":\"ImageObject\",\"inLanguage\":\"de\",\"@id\":\"https:\\\/\\\/poterie-de-crestet.com\\\/de\\\/#\\\/schema\\\/logo\\\/image\\\/\",\"url\":\"https:\\\/\\\/i0.wp.com\\\/poterie-de-crestet.com\\\/wp-content\\\/uploads\\\/2025\\\/03\\\/Propo-4.png?fit=1000%2C462&ssl=1\",\"contentUrl\":\"https:\\\/\\\/i0.wp.com\\\/poterie-de-crestet.com\\\/wp-content\\\/uploads\\\/2025\\\/03\\\/Propo-4.png?fit=1000%2C462&ssl=1\",\"width\":1000,\"height\":462,\"caption\":\"Poterie de Crestet\"},\"image\":{\"@id\":\"https:\\\/\\\/poterie-de-crestet.com\\\/de\\\/#\\\/schema\\\/logo\\\/image\\\/\"}}]}<\/script>\n<!-- \/ Yoast SEO plugin. -->","yoast_head_json":{"title":"Kleines Modell von Aschenbecher Roter Platz - Poterie de Crestet","description":"Kleiner roter quadratischer Wasseraschenbecher, handbemalt. Er schaltet sauber ab, h\u00e4lt Ger\u00fcche zur\u00fcck und bleibt unbemerkt. H\u00fcbsch und funktional.","robots":{"index":"index","follow":"follow","max-snippet":"max-snippet:-1","max-image-preview":"max-image-preview:large","max-video-preview":"max-video-preview:-1"},"canonical":"https:\/\/poterie-de-crestet.com\/de\/keramik\/kleines-modell-von-aschenbecher-roter-platz\/","og_locale":"de_DE","og_type":"article","og_title":"Kleines Modell von Aschenbecher Roter Platz - Poterie de Crestet","og_description":"Kleiner roter quadratischer Wasseraschenbecher, handbemalt. Er schaltet sauber ab, h\u00e4lt Ger\u00fcche zur\u00fcck und bleibt unbemerkt. H\u00fcbsch und funktional.","og_url":"https:\/\/poterie-de-crestet.com\/de\/keramik\/kleines-modell-von-aschenbecher-roter-platz\/","og_site_name":"Poterie de Crestet","og_image":[{"width":458,"height":458,"url":"https:\/\/i0.wp.com\/poterie-de-crestet.com\/wp-content\/uploads\/2025\/04\/cendrier-pm-carre-rouge-1.jpg?fit=458%2C458&ssl=1","type":"image\/jpeg"}],"twitter_card":"summary_large_image","schema":{"@context":"https:\/\/schema.org","@graph":[{"@type":"WebPage","@id":"https:\/\/poterie-de-crestet.com\/de\/keramik\/kleines-modell-von-aschenbecher-roter-platz\/","url":"https:\/\/poterie-de-crestet.com\/de\/keramik\/kleines-modell-von-aschenbecher-roter-platz\/","name":"Kleines Modell von Aschenbecher Roter Platz - Poterie de Crestet","isPartOf":{"@id":"https:\/\/poterie-de-crestet.com\/de\/#website"},"primaryImageOfPage":{"@id":"https:\/\/poterie-de-crestet.com\/de\/keramik\/kleines-modell-von-aschenbecher-roter-platz\/#primaryimage"},"image":{"@id":"https:\/\/poterie-de-crestet.com\/de\/keramik\/kleines-modell-von-aschenbecher-roter-platz\/#primaryimage"},"thumbnailUrl":"https:\/\/i0.wp.com\/poterie-de-crestet.com\/wp-content\/uploads\/2025\/04\/cendrier-pm-carre-rouge-1.jpg?fit=458%2C458&ssl=1","datePublished":"2025-04-08T08:25:15+00:00","description":"Kleiner roter quadratischer Wasseraschenbecher, handbemalt. Er schaltet sauber ab, h\u00e4lt Ger\u00fcche zur\u00fcck und bleibt unbemerkt. H\u00fcbsch und funktional.","breadcrumb":{"@id":"https:\/\/poterie-de-crestet.com\/de\/keramik\/kleines-modell-von-aschenbecher-roter-platz\/#breadcrumb"},"inLanguage":"de","potentialAction":[{"@type":"ReadAction","target":["https:\/\/poterie-de-crestet.com\/de\/keramik\/kleines-modell-von-aschenbecher-roter-platz\/"]}]},{"@type":"ImageObject","inLanguage":"de","@id":"https:\/\/poterie-de-crestet.com\/de\/keramik\/kleines-modell-von-aschenbecher-roter-platz\/#primaryimage","url":"https:\/\/i0.wp.com\/poterie-de-crestet.com\/wp-content\/uploads\/2025\/04\/cendrier-pm-carre-rouge-1.jpg?fit=458%2C458&ssl=1","contentUrl":"https:\/\/i0.wp.com\/poterie-de-crestet.com\/wp-content\/uploads\/2025\/04\/cendrier-pm-carre-rouge-1.jpg?fit=458%2C458&ssl=1","width":458,"height":458,"caption":"Roter Quadrat-Wasseraschenbecher"},{"@type":"BreadcrumbList","@id":"https:\/\/poterie-de-crestet.com\/de\/keramik\/kleines-modell-von-aschenbecher-roter-platz\/#breadcrumb","itemListElement":[{"@type":"ListItem","position":1,"name":"Accueil","item":"https:\/\/poterie-de-crestet.com\/de\/accueil\/"},{"@type":"ListItem","position":2,"name":"Boutique","item":"https:\/\/poterie-de-crestet.com\/ceramiques\/"},{"@type":"ListItem","position":3,"name":"Kleines Modell von Aschenbecher Roter Platz"}]},{"@type":"WebSite","@id":"https:\/\/poterie-de-crestet.com\/de\/#website","url":"https:\/\/poterie-de-crestet.com\/de\/","name":"Poterie de Crestet","description":"Des milliers de poteries inpir\u00e9es de la Provence","publisher":{"@id":"https:\/\/poterie-de-crestet.com\/de\/#organization"},"potentialAction":[{"@type":"SearchAction","target":{"@type":"EntryPoint","urlTemplate":"https:\/\/poterie-de-crestet.com\/de\/?s={search_term_string}"},"query-input":{"@type":"PropertyValueSpecification","valueRequired":true,"valueName":"search_term_string"}}],"inLanguage":"de"},{"@type":"Organization","@id":"https:\/\/poterie-de-crestet.com\/de\/#organization","name":"Poterie de Crestet","url":"https:\/\/poterie-de-crestet.com\/de\/","logo":{"@type":"ImageObject","inLanguage":"de","@id":"https:\/\/poterie-de-crestet.com\/de\/#\/schema\/logo\/image\/","url":"https:\/\/i0.wp.com\/poterie-de-crestet.com\/wp-content\/uploads\/2025\/03\/Propo-4.png?fit=1000%2C462&ssl=1","contentUrl":"https:\/\/i0.wp.com\/poterie-de-crestet.com\/wp-content\/uploads\/2025\/03\/Propo-4.png?fit=1000%2C462&ssl=1","width":1000,"height":462,"caption":"Poterie de Crestet"},"image":{"@id":"https:\/\/poterie-de-crestet.com\/de\/#\/schema\/logo\/image\/"}}]}},"jetpack_sharing_enabled":true,"_links":{"self":[{"href":"https:\/\/poterie-de-crestet.com\/de\/wp-json\/wp\/v2\/product\/16877","targetHints":{"allow":["GET"]}}],"collection":[{"href":"https:\/\/poterie-de-crestet.com\/de\/wp-json\/wp\/v2\/product"}],"about":[{"href":"https:\/\/poterie-de-crestet.com\/de\/wp-json\/wp\/v2\/types\/product"}],"replies":[{"embeddable":true,"href":"https:\/\/poterie-de-crestet.com\/de\/wp-json\/wp\/v2\/comments?post=16877"}],"version-history":[{"count":0,"href":"https:\/\/poterie-de-crestet.com\/de\/wp-json\/wp\/v2\/product\/16877\/revisions"}],"wp:featuredmedia":[{"embeddable":true,"href":"https:\/\/poterie-de-crestet.com\/de\/wp-json\/wp\/v2\/media\/6608"}],"wp:attachment":[{"href":"https:\/\/poterie-de-crestet.com\/de\/wp-json\/wp\/v2\/media?parent=16877"}],"wp:term":[{"taxonomy":"product_brand","embeddable":true,"href":"https:\/\/poterie-de-crestet.com\/de\/wp-json\/wp\/v2\/product_brand?post=16877"},{"taxonomy":"product_cat","embeddable":true,"href":"https:\/\/poterie-de-crestet.com\/de\/wp-json\/wp\/v2\/product_cat?post=16877"},{"taxonomy":"product_tag","embeddable":true,"href":"https:\/\/poterie-de-crestet.com\/de\/wp-json\/wp\/v2\/product_tag?post=16877"}],"curies":[{"name":"wp","href":"https:\/\/api.w.org\/{rel}","templated":true}]}}