{"id":16634,"date":"2025-04-08T10:26:07","date_gmt":"2025-04-08T08:26:07","guid":{"rendered":"https:\/\/poterie-de-crestet.com\/ceramiques\/olivengericht-provence-2\/"},"modified":"2025-04-08T10:26:07","modified_gmt":"2025-04-08T08:26:07","slug":"olivengericht-provence-2","status":"publish","type":"product","link":"https:\/\/poterie-de-crestet.com\/de\/keramik\/olivengericht-provence-2\/","title":{"rendered":"Olivengericht  <h5>Provence 2<\/h5>"},"content":{"rendered":"<p>S\u00fcdliche Atmosph\u00e4re garantiert mit diesem Olivengericht aus Provence 2!<br data-start=\"1619\" data-end=\"1622\">Rot und Gelb ruft sie sofort M\u00e4rkte, lebhafte Gespr\u00e4che und Sommeraperitiffs hervor.<br data-start=\"1724\" data-end=\"1727\">Oliven im Hauptgang, Tapenade im Gericht, Pickel in der Mitte: Alles ist bereit zum Servieren.<br data-start=\"1832\" data-end=\"1835\">Die Keramik ist <strong data-start=\"1857\" data-end=\"1865\">ofen-,<\/strong> <strong data-start=\"1870\" data-end=\"1885\">mikrowellen<\/strong><strong data-start=\"1890\" data-end=\"1908\">&#8211; und sp\u00fclmaschinenfest<\/strong> und entspricht <strong data-start=\"1926\" data-end=\"1949\">den Lebensmittelnormen<\/strong>.<br data-start=\"1950\" data-end=\"1953\">Schneller Versand aus dem Laden mit wirklich personalisiertem Tracking.<br data-start=\"2023\" data-end=\"2026\"><strong data-start=\"2026\" data-end=\"2138\">Zum Kombinieren mit einem <a class=\"\" href=\"https:\/\/poterie-de-crestet.com\/de\/keramik\/dessertteller-provence-2\/\" rel=\"noopener\" data-start=\"2045\" data-end=\"2079\">Provence-2-Dessertteller<\/a> oder zum Ausgleich mit einer <a class=\"\" href=\"https:\/\/poterie-de-crestet.com\/de\/keramik\/bowl-fliedergraue-olive-2\/\" rel=\"noopener\" data-start=\"2106\" data-end=\"2135\">fliedergrauen Olivenschale<\/a>.<\/strong><\/p>\n","protected":false},"excerpt":{"rendered":"<p>Ein farbenfrohes Olivengericht mit allem, was man f\u00fcr einen m\u00fchelosen Aperitif braucht.<br data-start=\"2995\" data-end=\"2998\"><strong data-start=\"2998\" data-end=\"3059\"><em data-start=\"3000\" data-end=\"3057\">Abmessungen: 18,5 \u00d7 4 cm (flach) \/ 9,2 \u00d7 4 cm (Schale)<\/em><\/strong><\/p>\n","protected":false},"featured_media":7308,"comment_status":"open","ping_status":"closed","template":"","meta":[],"product_brand":[],"product_cat":[279],"product_tag":[249],"class_list":{"0":"post-16634","1":"product","2":"type-product","3":"status-publish","4":"has-post-thumbnail","6":"product_cat-vorspeisengerichte","7":"product_tag-provence-2","9":"first","10":"instock","11":"taxable","12":"shipping-taxable","13":"purchasable","14":"product-type-simple"},"yoast_head":"<!-- This site is optimized with the Yoast SEO plugin v27.5 - https:\/\/yoast.com\/product\/yoast-seo-wordpress\/ -->\n<title>Olivengericht Provence 2 - Poterie de Crestet<\/title>\n<meta name=\"description\" content=\"Rot und gelb \u2013 dieses Olivengericht aus Provence 2 versch\u00f6nert Ihre Aperitifs. Ideal zum Servieren von Oliven und anderen s\u00fcdlichen Spezialit\u00e4ten\" \/>\n<meta name=\"robots\" content=\"index, follow, max-snippet:-1, max-image-preview:large, max-video-preview:-1\" \/>\n<link rel=\"canonical\" href=\"https:\/\/poterie-de-crestet.com\/de\/keramik\/olivengericht-provence-2\/\" \/>\n<meta property=\"og:locale\" content=\"de_DE\" \/>\n<meta property=\"og:type\" content=\"article\" \/>\n<meta property=\"og:title\" content=\"Olivengericht Provence 2 - Poterie de Crestet\" \/>\n<meta property=\"og:description\" content=\"Rot und gelb \u2013 dieses Olivengericht aus Provence 2 versch\u00f6nert Ihre Aperitifs. Ideal zum Servieren von Oliven und anderen s\u00fcdlichen Spezialit\u00e4ten\" \/>\n<meta property=\"og:url\" content=\"https:\/\/poterie-de-crestet.com\/de\/keramik\/olivengericht-provence-2\/\" \/>\n<meta property=\"og:site_name\" content=\"Poterie de Crestet\" \/>\n<meta property=\"og:image\" content=\"https:\/\/i0.wp.com\/poterie-de-crestet.com\/wp-content\/uploads\/2025\/04\/plat-a-olive-provence-2.jpg?fit=458%2C458&ssl=1\" \/>\n\t<meta property=\"og:image:width\" content=\"458\" \/>\n\t<meta property=\"og:image:height\" content=\"458\" \/>\n\t<meta property=\"og:image:type\" content=\"image\/jpeg\" \/>\n<meta name=\"twitter:card\" content=\"summary_large_image\" \/>\n<script type=\"application\/ld+json\" class=\"yoast-schema-graph\">{\"@context\":\"https:\\\/\\\/schema.org\",\"@graph\":[{\"@type\":\"WebPage\",\"@id\":\"https:\\\/\\\/poterie-de-crestet.com\\\/de\\\/keramik\\\/olivengericht-provence-2\\\/\",\"url\":\"https:\\\/\\\/poterie-de-crestet.com\\\/de\\\/keramik\\\/olivengericht-provence-2\\\/\",\"name\":\"Olivengericht Provence 2 - Poterie de Crestet\",\"isPartOf\":{\"@id\":\"https:\\\/\\\/poterie-de-crestet.com\\\/de\\\/#website\"},\"primaryImageOfPage\":{\"@id\":\"https:\\\/\\\/poterie-de-crestet.com\\\/de\\\/keramik\\\/olivengericht-provence-2\\\/#primaryimage\"},\"image\":{\"@id\":\"https:\\\/\\\/poterie-de-crestet.com\\\/de\\\/keramik\\\/olivengericht-provence-2\\\/#primaryimage\"},\"thumbnailUrl\":\"https:\\\/\\\/i0.wp.com\\\/poterie-de-crestet.com\\\/wp-content\\\/uploads\\\/2025\\\/04\\\/plat-a-olive-provence-2.jpg?fit=458%2C458&ssl=1\",\"datePublished\":\"2025-04-08T08:26:07+00:00\",\"description\":\"Rot und gelb \u2013 dieses Olivengericht aus Provence 2 versch\u00f6nert Ihre Aperitifs. Ideal zum Servieren von Oliven und anderen s\u00fcdlichen Spezialit\u00e4ten\",\"breadcrumb\":{\"@id\":\"https:\\\/\\\/poterie-de-crestet.com\\\/de\\\/keramik\\\/olivengericht-provence-2\\\/#breadcrumb\"},\"inLanguage\":\"de\",\"potentialAction\":[{\"@type\":\"ReadAction\",\"target\":[\"https:\\\/\\\/poterie-de-crestet.com\\\/de\\\/keramik\\\/olivengericht-provence-2\\\/\"]}]},{\"@type\":\"ImageObject\",\"inLanguage\":\"de\",\"@id\":\"https:\\\/\\\/poterie-de-crestet.com\\\/de\\\/keramik\\\/olivengericht-provence-2\\\/#primaryimage\",\"url\":\"https:\\\/\\\/i0.wp.com\\\/poterie-de-crestet.com\\\/wp-content\\\/uploads\\\/2025\\\/04\\\/plat-a-olive-provence-2.jpg?fit=458%2C458&ssl=1\",\"contentUrl\":\"https:\\\/\\\/i0.wp.com\\\/poterie-de-crestet.com\\\/wp-content\\\/uploads\\\/2025\\\/04\\\/plat-a-olive-provence-2.jpg?fit=458%2C458&ssl=1\",\"width\":458,\"height\":458,\"caption\":\"Olivengericht Provence 2\"},{\"@type\":\"BreadcrumbList\",\"@id\":\"https:\\\/\\\/poterie-de-crestet.com\\\/de\\\/keramik\\\/olivengericht-provence-2\\\/#breadcrumb\",\"itemListElement\":[{\"@type\":\"ListItem\",\"position\":1,\"name\":\"Accueil\",\"item\":\"https:\\\/\\\/poterie-de-crestet.com\\\/de\\\/accueil\\\/\"},{\"@type\":\"ListItem\",\"position\":2,\"name\":\"Boutique\",\"item\":\"https:\\\/\\\/poterie-de-crestet.com\\\/ceramiques\\\/\"},{\"@type\":\"ListItem\",\"position\":3,\"name\":\"Olivengericht Provence 2\"}]},{\"@type\":\"WebSite\",\"@id\":\"https:\\\/\\\/poterie-de-crestet.com\\\/de\\\/#website\",\"url\":\"https:\\\/\\\/poterie-de-crestet.com\\\/de\\\/\",\"name\":\"Poterie de Crestet\",\"description\":\"Des milliers de poteries inpir\u00e9es de la Provence\",\"publisher\":{\"@id\":\"https:\\\/\\\/poterie-de-crestet.com\\\/de\\\/#organization\"},\"potentialAction\":[{\"@type\":\"SearchAction\",\"target\":{\"@type\":\"EntryPoint\",\"urlTemplate\":\"https:\\\/\\\/poterie-de-crestet.com\\\/de\\\/?s={search_term_string}\"},\"query-input\":{\"@type\":\"PropertyValueSpecification\",\"valueRequired\":true,\"valueName\":\"search_term_string\"}}],\"inLanguage\":\"de\"},{\"@type\":\"Organization\",\"@id\":\"https:\\\/\\\/poterie-de-crestet.com\\\/de\\\/#organization\",\"name\":\"Poterie de Crestet\",\"url\":\"https:\\\/\\\/poterie-de-crestet.com\\\/de\\\/\",\"logo\":{\"@type\":\"ImageObject\",\"inLanguage\":\"de\",\"@id\":\"https:\\\/\\\/poterie-de-crestet.com\\\/de\\\/#\\\/schema\\\/logo\\\/image\\\/\",\"url\":\"https:\\\/\\\/i0.wp.com\\\/poterie-de-crestet.com\\\/wp-content\\\/uploads\\\/2025\\\/03\\\/Propo-4.png?fit=1000%2C462&ssl=1\",\"contentUrl\":\"https:\\\/\\\/i0.wp.com\\\/poterie-de-crestet.com\\\/wp-content\\\/uploads\\\/2025\\\/03\\\/Propo-4.png?fit=1000%2C462&ssl=1\",\"width\":1000,\"height\":462,\"caption\":\"Poterie de Crestet\"},\"image\":{\"@id\":\"https:\\\/\\\/poterie-de-crestet.com\\\/de\\\/#\\\/schema\\\/logo\\\/image\\\/\"}}]}<\/script>\n<!-- \/ Yoast SEO plugin. -->","yoast_head_json":{"title":"Olivengericht Provence 2 - Poterie de Crestet","description":"Rot und gelb \u2013 dieses Olivengericht aus Provence 2 versch\u00f6nert Ihre Aperitifs. Ideal zum Servieren von Oliven und anderen s\u00fcdlichen Spezialit\u00e4ten","robots":{"index":"index","follow":"follow","max-snippet":"max-snippet:-1","max-image-preview":"max-image-preview:large","max-video-preview":"max-video-preview:-1"},"canonical":"https:\/\/poterie-de-crestet.com\/de\/keramik\/olivengericht-provence-2\/","og_locale":"de_DE","og_type":"article","og_title":"Olivengericht Provence 2 - Poterie de Crestet","og_description":"Rot und gelb \u2013 dieses Olivengericht aus Provence 2 versch\u00f6nert Ihre Aperitifs. Ideal zum Servieren von Oliven und anderen s\u00fcdlichen Spezialit\u00e4ten","og_url":"https:\/\/poterie-de-crestet.com\/de\/keramik\/olivengericht-provence-2\/","og_site_name":"Poterie de Crestet","og_image":[{"width":458,"height":458,"url":"https:\/\/i0.wp.com\/poterie-de-crestet.com\/wp-content\/uploads\/2025\/04\/plat-a-olive-provence-2.jpg?fit=458%2C458&ssl=1","type":"image\/jpeg"}],"twitter_card":"summary_large_image","schema":{"@context":"https:\/\/schema.org","@graph":[{"@type":"WebPage","@id":"https:\/\/poterie-de-crestet.com\/de\/keramik\/olivengericht-provence-2\/","url":"https:\/\/poterie-de-crestet.com\/de\/keramik\/olivengericht-provence-2\/","name":"Olivengericht Provence 2 - Poterie de Crestet","isPartOf":{"@id":"https:\/\/poterie-de-crestet.com\/de\/#website"},"primaryImageOfPage":{"@id":"https:\/\/poterie-de-crestet.com\/de\/keramik\/olivengericht-provence-2\/#primaryimage"},"image":{"@id":"https:\/\/poterie-de-crestet.com\/de\/keramik\/olivengericht-provence-2\/#primaryimage"},"thumbnailUrl":"https:\/\/i0.wp.com\/poterie-de-crestet.com\/wp-content\/uploads\/2025\/04\/plat-a-olive-provence-2.jpg?fit=458%2C458&ssl=1","datePublished":"2025-04-08T08:26:07+00:00","description":"Rot und gelb \u2013 dieses Olivengericht aus Provence 2 versch\u00f6nert Ihre Aperitifs. Ideal zum Servieren von Oliven und anderen s\u00fcdlichen Spezialit\u00e4ten","breadcrumb":{"@id":"https:\/\/poterie-de-crestet.com\/de\/keramik\/olivengericht-provence-2\/#breadcrumb"},"inLanguage":"de","potentialAction":[{"@type":"ReadAction","target":["https:\/\/poterie-de-crestet.com\/de\/keramik\/olivengericht-provence-2\/"]}]},{"@type":"ImageObject","inLanguage":"de","@id":"https:\/\/poterie-de-crestet.com\/de\/keramik\/olivengericht-provence-2\/#primaryimage","url":"https:\/\/i0.wp.com\/poterie-de-crestet.com\/wp-content\/uploads\/2025\/04\/plat-a-olive-provence-2.jpg?fit=458%2C458&ssl=1","contentUrl":"https:\/\/i0.wp.com\/poterie-de-crestet.com\/wp-content\/uploads\/2025\/04\/plat-a-olive-provence-2.jpg?fit=458%2C458&ssl=1","width":458,"height":458,"caption":"Olivengericht Provence 2"},{"@type":"BreadcrumbList","@id":"https:\/\/poterie-de-crestet.com\/de\/keramik\/olivengericht-provence-2\/#breadcrumb","itemListElement":[{"@type":"ListItem","position":1,"name":"Accueil","item":"https:\/\/poterie-de-crestet.com\/de\/accueil\/"},{"@type":"ListItem","position":2,"name":"Boutique","item":"https:\/\/poterie-de-crestet.com\/ceramiques\/"},{"@type":"ListItem","position":3,"name":"Olivengericht Provence 2"}]},{"@type":"WebSite","@id":"https:\/\/poterie-de-crestet.com\/de\/#website","url":"https:\/\/poterie-de-crestet.com\/de\/","name":"Poterie de Crestet","description":"Des milliers de poteries inpir\u00e9es de la Provence","publisher":{"@id":"https:\/\/poterie-de-crestet.com\/de\/#organization"},"potentialAction":[{"@type":"SearchAction","target":{"@type":"EntryPoint","urlTemplate":"https:\/\/poterie-de-crestet.com\/de\/?s={search_term_string}"},"query-input":{"@type":"PropertyValueSpecification","valueRequired":true,"valueName":"search_term_string"}}],"inLanguage":"de"},{"@type":"Organization","@id":"https:\/\/poterie-de-crestet.com\/de\/#organization","name":"Poterie de Crestet","url":"https:\/\/poterie-de-crestet.com\/de\/","logo":{"@type":"ImageObject","inLanguage":"de","@id":"https:\/\/poterie-de-crestet.com\/de\/#\/schema\/logo\/image\/","url":"https:\/\/i0.wp.com\/poterie-de-crestet.com\/wp-content\/uploads\/2025\/03\/Propo-4.png?fit=1000%2C462&ssl=1","contentUrl":"https:\/\/i0.wp.com\/poterie-de-crestet.com\/wp-content\/uploads\/2025\/03\/Propo-4.png?fit=1000%2C462&ssl=1","width":1000,"height":462,"caption":"Poterie de Crestet"},"image":{"@id":"https:\/\/poterie-de-crestet.com\/de\/#\/schema\/logo\/image\/"}}]}},"jetpack_sharing_enabled":true,"_links":{"self":[{"href":"https:\/\/poterie-de-crestet.com\/de\/wp-json\/wp\/v2\/product\/16634","targetHints":{"allow":["GET"]}}],"collection":[{"href":"https:\/\/poterie-de-crestet.com\/de\/wp-json\/wp\/v2\/product"}],"about":[{"href":"https:\/\/poterie-de-crestet.com\/de\/wp-json\/wp\/v2\/types\/product"}],"replies":[{"embeddable":true,"href":"https:\/\/poterie-de-crestet.com\/de\/wp-json\/wp\/v2\/comments?post=16634"}],"version-history":[{"count":0,"href":"https:\/\/poterie-de-crestet.com\/de\/wp-json\/wp\/v2\/product\/16634\/revisions"}],"wp:featuredmedia":[{"embeddable":true,"href":"https:\/\/poterie-de-crestet.com\/de\/wp-json\/wp\/v2\/media\/7308"}],"wp:attachment":[{"href":"https:\/\/poterie-de-crestet.com\/de\/wp-json\/wp\/v2\/media?parent=16634"}],"wp:term":[{"taxonomy":"product_brand","embeddable":true,"href":"https:\/\/poterie-de-crestet.com\/de\/wp-json\/wp\/v2\/product_brand?post=16634"},{"taxonomy":"product_cat","embeddable":true,"href":"https:\/\/poterie-de-crestet.com\/de\/wp-json\/wp\/v2\/product_cat?post=16634"},{"taxonomy":"product_tag","embeddable":true,"href":"https:\/\/poterie-de-crestet.com\/de\/wp-json\/wp\/v2\/product_tag?post=16634"}],"curies":[{"name":"wp","href":"https:\/\/api.w.org\/{rel}","templated":true}]}}