{"id":16537,"date":"2025-04-08T10:26:08","date_gmt":"2025-04-08T08:26:08","guid":{"rendered":"https:\/\/poterie-de-crestet.com\/ceramiques\/olivengericht-schwarzer-boden\/"},"modified":"2025-04-08T10:26:08","modified_gmt":"2025-04-08T08:26:08","slug":"olivengericht-schwarzer-boden","status":"publish","type":"product","link":"https:\/\/poterie-de-crestet.com\/de\/keramik\/olivengericht-schwarzer-boden\/","title":{"rendered":"Olivengericht  <h5>Schwarzer Boden<\/h5>"},"content":{"rendered":"<p>Dieses schwarze Sol-Olivengericht ist ebenso stilvoll wie funktional.<br data-start=\"3948\" data-end=\"3951\">Drei F\u00e4cher sind f\u00fcr eine knusprige Pr\u00e4sentation verbunden, egal ob Sie Oliven, Bissen oder hausgemachte So\u00dfe servieren.<br data-start=\"4078\" data-end=\"4081\">Praktisch und stabil, passt er sich ebenso gut an einen Tisch mit Freunden an wie an einen schnellen Aperitif f\u00fcr zwei.<br data-start=\"4171\" data-end=\"4174\">Kompatibel mit <strong data-start=\"4185\" data-end=\"4193\">Ofen<\/strong>, <strong data-start=\"4195\" data-end=\"4210\">Mikrowelle<\/strong>, <strong data-start=\"4212\" data-end=\"4230\">Geschirrsp\u00fcler<\/strong> und f\u00fcr <strong data-start=\"4248\" data-end=\"4269\">Lebensmittel<\/strong> konzipiert.<br data-start=\"4270\" data-end=\"4273\">Schnell verschickt, mit ernsthafter Verfolgung&#8230; aber niemals unpers\u00f6nlich.<br data-start=\"4340\" data-end=\"4343\"><strong data-start=\"4343\" data-end=\"4440\">Kombinieren Sie es mit einer <a class=\"\" href=\"https:\/\/poterie-de-crestet.com\/de\/keramik\/oelflasche-50-cl-schwarzer-boden\/\" rel=\"noopener\" data-start=\"4363\" data-end=\"4394\">Sol-Noir-\u00d6lflasche<\/a> oder weichen Sie sie mit einer <a class=\"\" href=\"https:\/\/poterie-de-crestet.com\/de\/keramik\/bowl-zitrone-2\/\" rel=\"noopener\" data-start=\"4418\" data-end=\"4437\">Zitronensch\u00fcssel<\/a>.<\/strong><\/p>\n","protected":false},"excerpt":{"rendered":"<p>Verfeinert und wirkungsvoll: Dieses Gericht kombiniert Oliven, Beilagen und Spie\u00dfe.<br data-start=\"3607\" data-end=\"3610\"><strong data-start=\"3610\" data-end=\"3671\"><em data-start=\"3612\" data-end=\"3669\">Abmessungen: 18,5 \u00d7 4 cm (flach) \/ 9,2 \u00d7 4 cm (Schale)<\/em><\/strong><\/p>\n","protected":false},"featured_media":7314,"comment_status":"open","ping_status":"closed","template":"","meta":[],"product_brand":[],"product_cat":[279],"product_tag":[229],"class_list":{"0":"post-16537","1":"product","2":"type-product","3":"status-publish","4":"has-post-thumbnail","6":"product_cat-vorspeisengerichte","7":"product_tag-schwarzer-boden","9":"first","10":"instock","11":"taxable","12":"shipping-taxable","13":"purchasable","14":"product-type-simple"},"yoast_head":"<!-- This site is optimized with the Yoast SEO plugin v27.5 - https:\/\/yoast.com\/product\/yoast-seo-wordpress\/ -->\n<title>Olivengericht Schwarzer Boden - Poterie de Crestet<\/title>\n<meta name=\"description\" content=\"Dieses schwarze Sol-Olivengericht vereint Modernit\u00e4t und Funktionalit\u00e4t. Ideal f\u00fcr elegante Aperitifs und moderne Tische.\" \/>\n<meta name=\"robots\" content=\"index, follow, max-snippet:-1, max-image-preview:large, max-video-preview:-1\" \/>\n<link rel=\"canonical\" href=\"https:\/\/poterie-de-crestet.com\/de\/keramik\/olivengericht-schwarzer-boden\/\" \/>\n<meta property=\"og:locale\" content=\"de_DE\" \/>\n<meta property=\"og:type\" content=\"article\" \/>\n<meta property=\"og:title\" content=\"Olivengericht Schwarzer Boden - Poterie de Crestet\" \/>\n<meta property=\"og:description\" content=\"Dieses schwarze Sol-Olivengericht vereint Modernit\u00e4t und Funktionalit\u00e4t. Ideal f\u00fcr elegante Aperitifs und moderne Tische.\" \/>\n<meta property=\"og:url\" content=\"https:\/\/poterie-de-crestet.com\/de\/keramik\/olivengericht-schwarzer-boden\/\" \/>\n<meta property=\"og:site_name\" content=\"Poterie de Crestet\" \/>\n<meta property=\"og:image\" content=\"https:\/\/i0.wp.com\/poterie-de-crestet.com\/wp-content\/uploads\/2025\/04\/plat-a-olive-sol-noir.jpg?fit=458%2C458&ssl=1\" \/>\n\t<meta property=\"og:image:width\" content=\"458\" \/>\n\t<meta property=\"og:image:height\" content=\"458\" \/>\n\t<meta property=\"og:image:type\" content=\"image\/jpeg\" \/>\n<meta name=\"twitter:card\" content=\"summary_large_image\" \/>\n<script type=\"application\/ld+json\" class=\"yoast-schema-graph\">{\"@context\":\"https:\\\/\\\/schema.org\",\"@graph\":[{\"@type\":\"WebPage\",\"@id\":\"https:\\\/\\\/poterie-de-crestet.com\\\/de\\\/keramik\\\/olivengericht-schwarzer-boden\\\/\",\"url\":\"https:\\\/\\\/poterie-de-crestet.com\\\/de\\\/keramik\\\/olivengericht-schwarzer-boden\\\/\",\"name\":\"Olivengericht Schwarzer Boden - Poterie de Crestet\",\"isPartOf\":{\"@id\":\"https:\\\/\\\/poterie-de-crestet.com\\\/de\\\/#website\"},\"primaryImageOfPage\":{\"@id\":\"https:\\\/\\\/poterie-de-crestet.com\\\/de\\\/keramik\\\/olivengericht-schwarzer-boden\\\/#primaryimage\"},\"image\":{\"@id\":\"https:\\\/\\\/poterie-de-crestet.com\\\/de\\\/keramik\\\/olivengericht-schwarzer-boden\\\/#primaryimage\"},\"thumbnailUrl\":\"https:\\\/\\\/i0.wp.com\\\/poterie-de-crestet.com\\\/wp-content\\\/uploads\\\/2025\\\/04\\\/plat-a-olive-sol-noir.jpg?fit=458%2C458&ssl=1\",\"datePublished\":\"2025-04-08T08:26:08+00:00\",\"description\":\"Dieses schwarze Sol-Olivengericht vereint Modernit\u00e4t und Funktionalit\u00e4t. Ideal f\u00fcr elegante Aperitifs und moderne Tische.\",\"breadcrumb\":{\"@id\":\"https:\\\/\\\/poterie-de-crestet.com\\\/de\\\/keramik\\\/olivengericht-schwarzer-boden\\\/#breadcrumb\"},\"inLanguage\":\"de\",\"potentialAction\":[{\"@type\":\"ReadAction\",\"target\":[\"https:\\\/\\\/poterie-de-crestet.com\\\/de\\\/keramik\\\/olivengericht-schwarzer-boden\\\/\"]}]},{\"@type\":\"ImageObject\",\"inLanguage\":\"de\",\"@id\":\"https:\\\/\\\/poterie-de-crestet.com\\\/de\\\/keramik\\\/olivengericht-schwarzer-boden\\\/#primaryimage\",\"url\":\"https:\\\/\\\/i0.wp.com\\\/poterie-de-crestet.com\\\/wp-content\\\/uploads\\\/2025\\\/04\\\/plat-a-olive-sol-noir.jpg?fit=458%2C458&ssl=1\",\"contentUrl\":\"https:\\\/\\\/i0.wp.com\\\/poterie-de-crestet.com\\\/wp-content\\\/uploads\\\/2025\\\/04\\\/plat-a-olive-sol-noir.jpg?fit=458%2C458&ssl=1\",\"width\":458,\"height\":458,\"caption\":\"Olivenschale schwarzer Sol\"},{\"@type\":\"BreadcrumbList\",\"@id\":\"https:\\\/\\\/poterie-de-crestet.com\\\/de\\\/keramik\\\/olivengericht-schwarzer-boden\\\/#breadcrumb\",\"itemListElement\":[{\"@type\":\"ListItem\",\"position\":1,\"name\":\"Accueil\",\"item\":\"https:\\\/\\\/poterie-de-crestet.com\\\/de\\\/accueil\\\/\"},{\"@type\":\"ListItem\",\"position\":2,\"name\":\"Boutique\",\"item\":\"https:\\\/\\\/poterie-de-crestet.com\\\/ceramiques\\\/\"},{\"@type\":\"ListItem\",\"position\":3,\"name\":\"Olivengericht Schwarzer Boden\"}]},{\"@type\":\"WebSite\",\"@id\":\"https:\\\/\\\/poterie-de-crestet.com\\\/de\\\/#website\",\"url\":\"https:\\\/\\\/poterie-de-crestet.com\\\/de\\\/\",\"name\":\"Poterie de Crestet\",\"description\":\"Des milliers de poteries inpir\u00e9es de la Provence\",\"publisher\":{\"@id\":\"https:\\\/\\\/poterie-de-crestet.com\\\/de\\\/#organization\"},\"potentialAction\":[{\"@type\":\"SearchAction\",\"target\":{\"@type\":\"EntryPoint\",\"urlTemplate\":\"https:\\\/\\\/poterie-de-crestet.com\\\/de\\\/?s={search_term_string}\"},\"query-input\":{\"@type\":\"PropertyValueSpecification\",\"valueRequired\":true,\"valueName\":\"search_term_string\"}}],\"inLanguage\":\"de\"},{\"@type\":\"Organization\",\"@id\":\"https:\\\/\\\/poterie-de-crestet.com\\\/de\\\/#organization\",\"name\":\"Poterie de Crestet\",\"url\":\"https:\\\/\\\/poterie-de-crestet.com\\\/de\\\/\",\"logo\":{\"@type\":\"ImageObject\",\"inLanguage\":\"de\",\"@id\":\"https:\\\/\\\/poterie-de-crestet.com\\\/de\\\/#\\\/schema\\\/logo\\\/image\\\/\",\"url\":\"https:\\\/\\\/i0.wp.com\\\/poterie-de-crestet.com\\\/wp-content\\\/uploads\\\/2025\\\/03\\\/Propo-4.png?fit=1000%2C462&ssl=1\",\"contentUrl\":\"https:\\\/\\\/i0.wp.com\\\/poterie-de-crestet.com\\\/wp-content\\\/uploads\\\/2025\\\/03\\\/Propo-4.png?fit=1000%2C462&ssl=1\",\"width\":1000,\"height\":462,\"caption\":\"Poterie de Crestet\"},\"image\":{\"@id\":\"https:\\\/\\\/poterie-de-crestet.com\\\/de\\\/#\\\/schema\\\/logo\\\/image\\\/\"}}]}<\/script>\n<!-- \/ Yoast SEO plugin. -->","yoast_head_json":{"title":"Olivengericht Schwarzer Boden - Poterie de Crestet","description":"Dieses schwarze Sol-Olivengericht vereint Modernit\u00e4t und Funktionalit\u00e4t. Ideal f\u00fcr elegante Aperitifs und moderne Tische.","robots":{"index":"index","follow":"follow","max-snippet":"max-snippet:-1","max-image-preview":"max-image-preview:large","max-video-preview":"max-video-preview:-1"},"canonical":"https:\/\/poterie-de-crestet.com\/de\/keramik\/olivengericht-schwarzer-boden\/","og_locale":"de_DE","og_type":"article","og_title":"Olivengericht Schwarzer Boden - Poterie de Crestet","og_description":"Dieses schwarze Sol-Olivengericht vereint Modernit\u00e4t und Funktionalit\u00e4t. Ideal f\u00fcr elegante Aperitifs und moderne Tische.","og_url":"https:\/\/poterie-de-crestet.com\/de\/keramik\/olivengericht-schwarzer-boden\/","og_site_name":"Poterie de Crestet","og_image":[{"width":458,"height":458,"url":"https:\/\/i0.wp.com\/poterie-de-crestet.com\/wp-content\/uploads\/2025\/04\/plat-a-olive-sol-noir.jpg?fit=458%2C458&ssl=1","type":"image\/jpeg"}],"twitter_card":"summary_large_image","schema":{"@context":"https:\/\/schema.org","@graph":[{"@type":"WebPage","@id":"https:\/\/poterie-de-crestet.com\/de\/keramik\/olivengericht-schwarzer-boden\/","url":"https:\/\/poterie-de-crestet.com\/de\/keramik\/olivengericht-schwarzer-boden\/","name":"Olivengericht Schwarzer Boden - Poterie de Crestet","isPartOf":{"@id":"https:\/\/poterie-de-crestet.com\/de\/#website"},"primaryImageOfPage":{"@id":"https:\/\/poterie-de-crestet.com\/de\/keramik\/olivengericht-schwarzer-boden\/#primaryimage"},"image":{"@id":"https:\/\/poterie-de-crestet.com\/de\/keramik\/olivengericht-schwarzer-boden\/#primaryimage"},"thumbnailUrl":"https:\/\/i0.wp.com\/poterie-de-crestet.com\/wp-content\/uploads\/2025\/04\/plat-a-olive-sol-noir.jpg?fit=458%2C458&ssl=1","datePublished":"2025-04-08T08:26:08+00:00","description":"Dieses schwarze Sol-Olivengericht vereint Modernit\u00e4t und Funktionalit\u00e4t. Ideal f\u00fcr elegante Aperitifs und moderne Tische.","breadcrumb":{"@id":"https:\/\/poterie-de-crestet.com\/de\/keramik\/olivengericht-schwarzer-boden\/#breadcrumb"},"inLanguage":"de","potentialAction":[{"@type":"ReadAction","target":["https:\/\/poterie-de-crestet.com\/de\/keramik\/olivengericht-schwarzer-boden\/"]}]},{"@type":"ImageObject","inLanguage":"de","@id":"https:\/\/poterie-de-crestet.com\/de\/keramik\/olivengericht-schwarzer-boden\/#primaryimage","url":"https:\/\/i0.wp.com\/poterie-de-crestet.com\/wp-content\/uploads\/2025\/04\/plat-a-olive-sol-noir.jpg?fit=458%2C458&ssl=1","contentUrl":"https:\/\/i0.wp.com\/poterie-de-crestet.com\/wp-content\/uploads\/2025\/04\/plat-a-olive-sol-noir.jpg?fit=458%2C458&ssl=1","width":458,"height":458,"caption":"Olivenschale schwarzer Sol"},{"@type":"BreadcrumbList","@id":"https:\/\/poterie-de-crestet.com\/de\/keramik\/olivengericht-schwarzer-boden\/#breadcrumb","itemListElement":[{"@type":"ListItem","position":1,"name":"Accueil","item":"https:\/\/poterie-de-crestet.com\/de\/accueil\/"},{"@type":"ListItem","position":2,"name":"Boutique","item":"https:\/\/poterie-de-crestet.com\/ceramiques\/"},{"@type":"ListItem","position":3,"name":"Olivengericht Schwarzer Boden"}]},{"@type":"WebSite","@id":"https:\/\/poterie-de-crestet.com\/de\/#website","url":"https:\/\/poterie-de-crestet.com\/de\/","name":"Poterie de Crestet","description":"Des milliers de poteries inpir\u00e9es de la Provence","publisher":{"@id":"https:\/\/poterie-de-crestet.com\/de\/#organization"},"potentialAction":[{"@type":"SearchAction","target":{"@type":"EntryPoint","urlTemplate":"https:\/\/poterie-de-crestet.com\/de\/?s={search_term_string}"},"query-input":{"@type":"PropertyValueSpecification","valueRequired":true,"valueName":"search_term_string"}}],"inLanguage":"de"},{"@type":"Organization","@id":"https:\/\/poterie-de-crestet.com\/de\/#organization","name":"Poterie de Crestet","url":"https:\/\/poterie-de-crestet.com\/de\/","logo":{"@type":"ImageObject","inLanguage":"de","@id":"https:\/\/poterie-de-crestet.com\/de\/#\/schema\/logo\/image\/","url":"https:\/\/i0.wp.com\/poterie-de-crestet.com\/wp-content\/uploads\/2025\/03\/Propo-4.png?fit=1000%2C462&ssl=1","contentUrl":"https:\/\/i0.wp.com\/poterie-de-crestet.com\/wp-content\/uploads\/2025\/03\/Propo-4.png?fit=1000%2C462&ssl=1","width":1000,"height":462,"caption":"Poterie de Crestet"},"image":{"@id":"https:\/\/poterie-de-crestet.com\/de\/#\/schema\/logo\/image\/"}}]}},"jetpack_sharing_enabled":true,"_links":{"self":[{"href":"https:\/\/poterie-de-crestet.com\/de\/wp-json\/wp\/v2\/product\/16537","targetHints":{"allow":["GET"]}}],"collection":[{"href":"https:\/\/poterie-de-crestet.com\/de\/wp-json\/wp\/v2\/product"}],"about":[{"href":"https:\/\/poterie-de-crestet.com\/de\/wp-json\/wp\/v2\/types\/product"}],"replies":[{"embeddable":true,"href":"https:\/\/poterie-de-crestet.com\/de\/wp-json\/wp\/v2\/comments?post=16537"}],"version-history":[{"count":0,"href":"https:\/\/poterie-de-crestet.com\/de\/wp-json\/wp\/v2\/product\/16537\/revisions"}],"wp:featuredmedia":[{"embeddable":true,"href":"https:\/\/poterie-de-crestet.com\/de\/wp-json\/wp\/v2\/media\/7314"}],"wp:attachment":[{"href":"https:\/\/poterie-de-crestet.com\/de\/wp-json\/wp\/v2\/media?parent=16537"}],"wp:term":[{"taxonomy":"product_brand","embeddable":true,"href":"https:\/\/poterie-de-crestet.com\/de\/wp-json\/wp\/v2\/product_brand?post=16537"},{"taxonomy":"product_cat","embeddable":true,"href":"https:\/\/poterie-de-crestet.com\/de\/wp-json\/wp\/v2\/product_cat?post=16537"},{"taxonomy":"product_tag","embeddable":true,"href":"https:\/\/poterie-de-crestet.com\/de\/wp-json\/wp\/v2\/product_tag?post=16537"}],"curies":[{"name":"wp","href":"https:\/\/api.w.org\/{rel}","templated":true}]}}